{"id":2,"date":"2017-10-23T10:49:31","date_gmt":"2017-10-23T08:49:31","guid":{"rendered":"https:\/\/www.viving.fr\/quimper\/\/?page_id=2"},"modified":"2026-02-13T10:28:30","modified_gmt":"2026-02-13T09:28:30","slug":"accueil","status":"publish","type":"page","link":"https:\/\/www.viving.fr\/quimper\/","title":{"rendered":"Le salon"},"content":{"rendered":"<section class=\"wpb-content-wrapper\">[vc_row full_width=\u00a0\u00bbstretch_row_content_no_spaces\u00a0\u00bb el_class=\u00a0\u00bbdesktop_padding_extra_large\u00a0\u00bb css=\u00a0\u00bb.vc_custom_1671623450698{background-color: #001a3e !important;}\u00a0\u00bb][vc_column][vc_row_inner equal_height=\u00a0\u00bbyes\u00a0\u00bb el_class=\u00a0\u00bbarx_lame1_home\u00a0\u00bb][vc_column_inner width=\u00a0\u00bb2\/3&Prime;][vc_empty_space height=\u00a0\u00bb18px\u00a0\u00bb][vc_column_text el_class=\u00a0\u00bbarx_home_page_villes\u00a0\u00bb]\n<h1><strong>QUIMPER<br \/>\n10 <img decoding=\"async\" loading=\"lazy\" class=\"alignnone size-full wp-image-9977\" src=\"https:\/\/www.viving.fr\/rennes\/wp-content\/uploads\/sites\/10\/2022\/12\/separateurdate.png\" alt=\"\" width=\"15\" height=\"17\" \/> 12 <\/strong>OCTOBRE 2026<br \/>\nPARC EXPO DE QUIMPER CORNOUAILLE<\/h1>\n[\/vc_column_text][vc_empty_space height=\u00a0\u00bb18px\u00a0\u00bb][vc_column_text el_class=\u00a0\u00bbarx_home_page_villes\u00a0\u00bb]Le salon Viving Habitat et Immobilier rassemble de nombreux<br \/>\nprofessionnels en un seul et m\u00eame lieu pour r\u00e9pondre \u00e0 toutes vos attentes.[\/vc_column_text][vc_empty_space height=\u00a0\u00bb26px\u00a0\u00bb][vc_btn title=\u00a0\u00bbJ\u2019ai un projet\u00a0\u00bb align=\u00a0\u00bbleft\u00a0\u00bb button_block=\u00a0\u00bbtrue\u00a0\u00bb link=\u00a0\u00bburl:https%3A%2F%2Fwww.viving.fr%2Fdeposer-un-projet%2F\u00a0\u00bb el_class=\u00a0\u00bbarx_bouton arx_boutonville\u00a0\u00bb][vc_empty_space height=\u00a0\u00bb250px\u00a0\u00bb el_class=\u00a0\u00bbhide_on_mobile\u00a0\u00bb][\/vc_column_inner][vc_column_inner el_class=\u00a0\u00bbhide_on_mobile slickvillesimg\u00a0\u00bb width=\u00a0\u00bb1\/3&Prime;][vc_single_image image=\u00a0\u00bb7136&Prime; img_size=\u00a0\u00bbfull\u00a0\u00bb alignment=\u00a0\u00bbright\u00a0\u00bb el_class=\u00a0\u00bbarx_galery_img\u00a0\u00bb][\/vc_column_inner][\/vc_row_inner][vc_empty_space height=\u00a0\u00bb100px\u00a0\u00bb el_class=\u00a0\u00bbhide_on_mobile\u00a0\u00bb]<div id=\"section-6851\" class=\"el-1135946428698debd6d9f68 ss-element gusta-section-vc-element arx_container_info_pratique hide_on_mobile\"><div class=\"section-container\">[vc_row][vc_column][vc_column_text el_class=\"titreinfo\"]<strong>Infos pratiques<\/strong>[\/vc_column_text][vc_empty_space height=\"18px\"][vc_row_inner el_class=\"displayflexinfo\" css=\".vc_custom_1689683297554{padding-left: 0px !important;}\"][vc_column_inner width=\"1\/3\"][vc_column_text el_class=\"descriptioninfo\"]<strong>5\u20ac<\/strong> sur place \u00a0<img class=\"alignnone size-full wp-image-9957\" src=\"https:\/\/www.viving.fr\/rennes\/wp-content\/uploads\/sites\/10\/2022\/12\/Ellipse-8.png\" alt=\"\" width=\"3\" height=\"3\" \/> \u00a0 <strong>Entr\u00e9e gratuite<\/strong> lors de la premi\u00e8re heure d\u2019ouverture <strong>tous les jours<\/strong> \u00a0<img class=\"alignnone size-full wp-image-9957\" src=\"https:\/\/www.viving.fr\/rennes\/wp-content\/uploads\/sites\/10\/2022\/12\/Ellipse-8.png\" alt=\"\" width=\"3\" height=\"3\" \/>\u00a0 Entr\u00e9e gratuite pour <strong>\u2013 18 ans<\/strong>[\/vc_column_text][vc_empty_space height=\"18px\" el_class=\"on_mobile_only\"][\/vc_column_inner][vc_column_inner width=\"1\/3\"][vc_column_text el_class=\"sectiondate\"]\r\n<p style=\"text-align: center\">Samedi : <strong>10h \u00e0 19h<\/strong>\r\nDimanche : <strong>10h \u00e0 19h\r\n<\/strong>Lundi<strong> : 10h \u00e0 17h\r\n<\/strong><\/p>\r\n[\/vc_column_text][\/vc_column_inner][vc_column_inner width=\"1\/3\"][vc_column_text el_class=\"descriptioninfo\"]<span style=\"font-size: 14px\"><strong>Acc\u00e8s voiture : <\/strong>RN 165 - sortie 55 (Gourvili) ou (sortie 54 (Al Loc'h)\u00a0 <img class=\"alignnone size-full wp-image-9957\" src=\"https:\/\/www.viving.fr\/rennes\/wp-content\/uploads\/sites\/10\/2022\/12\/Ellipse-8.png\" alt=\"\" width=\"3\" height=\"3\" \/> \u00a0 <strong>Acc\u00e8s transport en commun :\u00a0<\/strong> Lignes B, 1, 10, 12, 13, 15, 16, 17 - Arr\u00eat \"Croix des gardiens\"<\/span>[\/vc_column_text][\/vc_column_inner][\/vc_row_inner][vc_empty_space height=\"29px\" el_class=\"on_mobile_only\"][\/vc_column][\/vc_row]<\/div><\/div>[\/vc_column][\/vc_row][vc_row el_class=\u00a0\u00bbon_mobile_only arxcontainerinfopratiquemobile\u00a0\u00bb css=\u00a0\u00bb.vc_custom_1672832309973{background-color: #001a3e !important;}\u00a0\u00bb][vc_column]<div id=\"section-6851\" class=\"el-657087881698debd6d9f72 ss-element gusta-section-vc-element arx_container_info_pratique on_mobile_only\"><div class=\"section-container\">[vc_row][vc_column][vc_column_text el_class=\"titreinfo\"]<strong>Infos pratiques<\/strong>[\/vc_column_text][vc_empty_space height=\"18px\"][vc_row_inner el_class=\"displayflexinfo\" css=\".vc_custom_1689683297554{padding-left: 0px !important;}\"][vc_column_inner width=\"1\/3\"][vc_column_text el_class=\"descriptioninfo\"]<strong>5\u20ac<\/strong> sur place \u00a0<img class=\"alignnone size-full wp-image-9957\" src=\"https:\/\/www.viving.fr\/rennes\/wp-content\/uploads\/sites\/10\/2022\/12\/Ellipse-8.png\" alt=\"\" width=\"3\" height=\"3\" \/> \u00a0 <strong>Entr\u00e9e gratuite<\/strong> lors de la premi\u00e8re heure d\u2019ouverture <strong>tous les jours<\/strong> \u00a0<img class=\"alignnone size-full wp-image-9957\" src=\"https:\/\/www.viving.fr\/rennes\/wp-content\/uploads\/sites\/10\/2022\/12\/Ellipse-8.png\" alt=\"\" width=\"3\" height=\"3\" \/>\u00a0 Entr\u00e9e gratuite pour <strong>\u2013 18 ans<\/strong>[\/vc_column_text][vc_empty_space height=\"18px\" el_class=\"on_mobile_only\"][\/vc_column_inner][vc_column_inner width=\"1\/3\"][vc_column_text el_class=\"sectiondate\"]\r\n<p style=\"text-align: center\">Samedi : <strong>10h \u00e0 19h<\/strong>\r\nDimanche : <strong>10h \u00e0 19h\r\n<\/strong>Lundi<strong> : 10h \u00e0 17h\r\n<\/strong><\/p>\r\n[\/vc_column_text][\/vc_column_inner][vc_column_inner width=\"1\/3\"][vc_column_text el_class=\"descriptioninfo\"]<span style=\"font-size: 14px\"><strong>Acc\u00e8s voiture : <\/strong>RN 165 - sortie 55 (Gourvili) ou (sortie 54 (Al Loc'h)\u00a0 <img class=\"alignnone size-full wp-image-9957\" src=\"https:\/\/www.viving.fr\/rennes\/wp-content\/uploads\/sites\/10\/2022\/12\/Ellipse-8.png\" alt=\"\" width=\"3\" height=\"3\" \/> \u00a0 <strong>Acc\u00e8s transport en commun :\u00a0<\/strong> Lignes B, 1, 10, 12, 13, 15, 16, 17 - Arr\u00eat \"Croix des gardiens\"<\/span>[\/vc_column_text][\/vc_column_inner][\/vc_row_inner][vc_empty_space height=\"29px\" el_class=\"on_mobile_only\"][\/vc_column][\/vc_row]<\/div><\/div>[\/vc_column][\/vc_row][vc_row el_class=\u00a0\u00bbdesktop_padding_extra_large\u00a0\u00bb css=\u00a0\u00bb.vc_custom_1718615055213{margin-top: 90px !important;}\u00a0\u00bb][vc_column el_class=\u00a0\u00bbarx_lame_bouton_ville_home\u00a0\u00bb][vc_column_text el_class=\u00a0\u00bbh2petit_homepage_ville\u00a0\u00bb]\n<h2>Vous souhaitez d\u00e9couvrir ce salon ?<\/h2>\n[\/vc_column_text][vc_empty_space height=\u00a0\u00bb39px\u00a0\u00bb][vc_row_inner][vc_column_inner width=\u00a0\u00bb1\/4&Prime;][\/vc_column_inner][vc_column_inner width=\u00a0\u00bb1\/2&Prime;][vc_btn title=\u00a0\u00bbJe t\u00e9l\u00e9charge mes entr\u00e9es\u00a0\u00bb align=\u00a0\u00bbleft\u00a0\u00bb button_block=\u00a0\u00bbtrue\u00a0\u00bb el_class=\u00a0\u00bbarx_bouton\u00a0\u00bb link=\u00a0\u00bburl:https%3A%2F%2Fticketevent.fr%2Fvgq25%2Fglevents-2%2Fadtavr%2F\u00a0\u00bb][\/vc_column_inner][vc_column_inner width=\u00a0\u00bb1\/4&Prime;][\/vc_column_inner][\/vc_row_inner][\/vc_column][\/vc_row][vc_row disable_element=\u00a0\u00bbyes\u00a0\u00bb el_class=\u00a0\u00bbdesktop_padding_extra_large\u00a0\u00bb][vc_column][vc_row_inner][vc_column_inner][vc_empty_space height=\u00a0\u00bb151px\u00a0\u00bb][vc_column_text el_class=\u00a0\u00bbarx_titre_h2 titre_trait_v3&Prime;]\n<h2>liste exposant<\/h2>\n[\/vc_column_text][vc_empty_space height=\u00a0\u00bb90px\u00a0\u00bb el_class=\u00a0\u00bbhide_on_mobile\u00a0\u00bb][vc_empty_space height=\u00a0\u00bb30px\u00a0\u00bb el_class=\u00a0\u00bbon_mobile_only\u00a0\u00bb][\/vc_column_inner][\/vc_row_inner][vc_row_inner css=\u00a0\u00bb.vc_custom_1681893766346{padding-right: 100px !important;padding-left: 100px !important;}\u00a0\u00bb el_class=\u00a0\u00bbmobilefilterexposant\u00a0\u00bb][vc_column_inner][vc_column_text]<div class=\"arx_exposant_recherche_container\"><div class=\"arx_exposant_recherche_input\"><input type=\"text\" placeholder=\"Recherche\" id=\"arx_recherche_exposant\"><\/div>\r\n\t<div class=\"exposant_result\" data-id=\"9013\" data-name=\"AASGARD QUIMPER\" style=\"display:none;\">AASGARD QUIMPER<\/div><div class=\"exposant_result\" data-id=\"10202\" data-name=\"AASGARD QUIMPER\" style=\"display:none;\">AASGARD QUIMPER<\/div><div class=\"exposant_result\" data-id=\"10248\" data-name=\"Abris DESIGN ALLIANCE PISCINES et SPAS\" style=\"display:none;\">Abris DESIGN ALLIANCE PISCINES et SPAS<\/div><div class=\"exposant_result\" data-id=\"10249\" data-name=\"Abris DESIGN ALLIANCE PISCINES et SPAS\" style=\"display:none;\">Abris DESIGN ALLIANCE PISCINES et SPAS<\/div><div class=\"exposant_result\" data-id=\"10250\" data-name=\"ADEKWATTS\" style=\"display:none;\">ADEKWATTS<\/div><div class=\"exposant_result\" data-id=\"9062\" data-name=\"ADP FINANCEMENTS\" style=\"display:none;\">ADP FINANCEMENTS<\/div><div class=\"exposant_result\" data-id=\"10257\" data-name=\"AEGIS DECORATION\" style=\"display:none;\">AEGIS DECORATION<\/div><div class=\"exposant_result\" data-id=\"9037\" data-name=\"AGENCE M AU CARRE\" style=\"display:none;\">AGENCE M AU CARRE<\/div><div class=\"exposant_result\" data-id=\"10187\" data-name=\"AGENCE M AU CARRE\" style=\"display:none;\">AGENCE M AU CARRE<\/div><div class=\"exposant_result\" data-id=\"9035\" data-name=\"AGRISUN\" style=\"display:none;\">AGRISUN<\/div><div class=\"exposant_result\" data-id=\"9099\" data-name=\"AKABOIS\" style=\"display:none;\">AKABOIS<\/div><div class=\"exposant_result\" data-id=\"10228\" data-name=\"AKABOIS\" style=\"display:none;\">AKABOIS<\/div><div class=\"exposant_result\" data-id=\"9072\" data-name=\"ALLIANCES PISCINES SPAS ET PAYSAGES\" style=\"display:none;\">ALLIANCES PISCINES SPAS ET PAYSAGES<\/div><div class=\"exposant_result\" data-id=\"9073\" data-name=\"ALLIANCES PISCINES SPAS ET PAYSAGES\" style=\"display:none;\">ALLIANCES PISCINES SPAS ET PAYSAGES<\/div><div class=\"exposant_result\" data-id=\"9070\" data-name=\"ALTERNATIVE NRJ\" style=\"display:none;\">ALTERNATIVE NRJ<\/div><div class=\"exposant_result\" data-id=\"10242\" data-name=\"AMY SAV\" style=\"display:none;\">AMY SAV<\/div><div class=\"exposant_result\" data-id=\"9010\" data-name=\"AMY SAV\" style=\"display:none;\">AMY SAV<\/div><div class=\"exposant_result\" data-id=\"10241\" data-name=\"AQUACLIM SERVICE\" style=\"display:none;\">AQUACLIM SERVICE<\/div><div class=\"exposant_result\" data-id=\"9027\" data-name=\"AQUACLIM SERVICE\" style=\"display:none;\">AQUACLIM SERVICE<\/div><div class=\"exposant_result\" data-id=\"9003\" data-name=\"AQUASELF\" style=\"display:none;\">AQUASELF<\/div><div class=\"exposant_result\" data-id=\"10235\" data-name=\"AQUASELF\" style=\"display:none;\">AQUASELF<\/div><div class=\"exposant_result\" data-id=\"9092\" data-name=\"AQUILAE\" style=\"display:none;\">AQUILAE<\/div><div class=\"exposant_result\" data-id=\"9002\" data-name=\"AQUILUS CONCARNEAU\" style=\"display:none;\">AQUILUS CONCARNEAU<\/div><div class=\"exposant_result\" data-id=\"9008\" data-name=\"AR BRADENN\" style=\"display:none;\">AR BRADENN<\/div><div class=\"exposant_result\" data-id=\"9067\" data-name=\"ARCHI ET BOIS\" style=\"display:none;\">ARCHI ET BOIS<\/div><div class=\"exposant_result\" data-id=\"10205\" data-name=\"ARCHI ET BOIS\" style=\"display:none;\">ARCHI ET BOIS<\/div><div class=\"exposant_result\" data-id=\"8988\" data-name=\"ARMORY - MENUISERIES BRETONNES\" style=\"display:none;\">ARMORY - MENUISERIES BRETONNES<\/div><div class=\"exposant_result\" data-id=\"10252\" data-name=\"ARMORY MENUISERIES BRETONNES\" style=\"display:none;\">ARMORY MENUISERIES BRETONNES<\/div><div class=\"exposant_result\" data-id=\"8979\" data-name=\"ARREE PUCES ET BROCANTE\" style=\"display:none;\">ARREE PUCES ET BROCANTE<\/div><div class=\"exposant_result\" data-id=\"9080\" data-name=\"ATELIER ERNESTINE\" style=\"display:none;\">ATELIER ERNESTINE<\/div><div class=\"exposant_result\" data-id=\"9101\" data-name=\"ATELIER LABEL LN\" style=\"display:none;\">ATELIER LABEL LN<\/div><div class=\"exposant_result\" data-id=\"10269\" data-name=\"ATELIER TER\" style=\"display:none;\">ATELIER TER<\/div><div class=\"exposant_result\" data-id=\"9061\" data-name=\"ATHERMA\" style=\"display:none;\">ATHERMA<\/div><div class=\"exposant_result\" data-id=\"10237\" data-name=\"ATHERMA\" style=\"display:none;\">ATHERMA<\/div><div class=\"exposant_result\" data-id=\"10251\" data-name=\"ATLAS LODGE\" style=\"display:none;\">ATLAS LODGE<\/div><div class=\"exposant_result\" data-id=\"10183\" data-name=\"AU FEU D'ARGENT\" style=\"display:none;\">AU FEU D'ARGENT<\/div><div class=\"exposant_result\" data-id=\"9043\" data-name=\"AXEL FERMETURES\" style=\"display:none;\">AXEL FERMETURES<\/div><div class=\"exposant_result\" data-id=\"10172\" data-name=\"AXEL FERMETURES\" style=\"display:none;\">AXEL FERMETURES<\/div><div class=\"exposant_result\" data-id=\"9033\" data-name=\"BBS\" style=\"display:none;\">BBS<\/div><div class=\"exposant_result\" data-id=\"10175\" data-name=\"BBS\" style=\"display:none;\">BBS<\/div><div class=\"exposant_result\" data-id=\"9054\" data-name=\"BETWOOD\" style=\"display:none;\">BETWOOD<\/div><div class=\"exposant_result\" data-id=\"10206\" data-name=\"BETWOOD\" style=\"display:none;\">BETWOOD<\/div><div class=\"exposant_result\" data-id=\"9044\" data-name=\"BND.CUCINE\" style=\"display:none;\">BND.CUCINE<\/div><div class=\"exposant_result\" data-id=\"10197\" data-name=\"BND.CUCINE\" style=\"display:none;\">BND.CUCINE<\/div><div class=\"exposant_result\" data-id=\"9039\" data-name=\"BOLLORE ENERGY\" style=\"display:none;\">BOLLORE ENERGY<\/div><div class=\"exposant_result\" data-id=\"9083\" data-name=\"BOTANIC\" style=\"display:none;\">BOTANIC<\/div><div class=\"exposant_result\" data-id=\"9084\" data-name=\"BOTANIC\" style=\"display:none;\">BOTANIC<\/div><div class=\"exposant_result\" data-id=\"10268\" data-name=\"BREIZH NATURE HABITAT\" style=\"display:none;\">BREIZH NATURE HABITAT<\/div><div class=\"exposant_result\" data-id=\"8987\" data-name=\"BRETAGNE OUEST ACCESSION\" style=\"display:none;\">BRETAGNE OUEST ACCESSION<\/div><div class=\"exposant_result\" data-id=\"10188\" data-name=\"BRETAGNE OUEST ACCESSION\" style=\"display:none;\">BRETAGNE OUEST ACCESSION<\/div><div class=\"exposant_result\" data-id=\"10253\" data-name=\"BRISACH\" style=\"display:none;\">BRISACH<\/div><div class=\"exposant_result\" data-id=\"10239\" data-name=\"BZH QUALITE\" style=\"display:none;\">BZH QUALITE<\/div><div class=\"exposant_result\" data-id=\"9034\" data-name=\"CARRE STORES\" style=\"display:none;\">CARRE STORES<\/div><div class=\"exposant_result\" data-id=\"10195\" data-name=\"CARRE STORES\" style=\"display:none;\">CARRE STORES<\/div><div class=\"exposant_result\" data-id=\"9074\" data-name=\"CDS ENERGY\" style=\"display:none;\">CDS ENERGY<\/div><div class=\"exposant_result\" data-id=\"9019\" data-name=\"CENTRAL ASPI\" style=\"display:none;\">CENTRAL ASPI<\/div><div class=\"exposant_result\" data-id=\"10234\" data-name=\"CENTRAL ASPI\" style=\"display:none;\">CENTRAL ASPI<\/div><div class=\"exposant_result\" data-id=\"9104\" data-name=\"CHAMBRE INTERDEPARTEMENTALE DES NOTAIRES DE LA COUR D'APPEL DE RENNES\" style=\"display:none;\">CHAMBRE INTERDEPARTEMENTALE DES NOTAIRES DE LA COUR D'APPEL DE RENNES<\/div><div class=\"exposant_result\" data-id=\"9105\" data-name=\"CHIRA LUCIEN\" style=\"display:none;\">CHIRA LUCIEN<\/div><div class=\"exposant_result\" data-id=\"9102\" data-name=\"CHRISTIAN MAZEAS\" style=\"display:none;\">CHRISTIAN MAZEAS<\/div><div class=\"exposant_result\" data-id=\"9051\" data-name=\"CLEAN PARQUET\" style=\"display:none;\">CLEAN PARQUET<\/div><div class=\"exposant_result\" data-id=\"10165\" data-name=\"CLEAN PARQUET\" style=\"display:none;\">CLEAN PARQUET<\/div><div class=\"exposant_result\" data-id=\"10258\" data-name=\"COMBLES D'EN FRANCE BRETAGNE\" style=\"display:none;\">COMBLES D'EN FRANCE BRETAGNE<\/div><div class=\"exposant_result\" data-id=\"8974\" data-name=\"CONSTRUCTIONS DU BELON\" style=\"display:none;\">CONSTRUCTIONS DU BELON<\/div><div class=\"exposant_result\" data-id=\"10161\" data-name=\"CONSTRUCTIONS DU BELON\" style=\"display:none;\">CONSTRUCTIONS DU BELON<\/div><div class=\"exposant_result\" data-id=\"9064\" data-name=\"CONSTRUCTIONS TY GWENN\" style=\"display:none;\">CONSTRUCTIONS TY GWENN<\/div><div class=\"exposant_result\" data-id=\"10178\" data-name=\"CONSTRUCTIONS TY GWENN\" style=\"display:none;\">CONSTRUCTIONS TY GWENN<\/div><div class=\"exposant_result\" data-id=\"10278\" data-name=\"COULEUR PAYSAGE\" style=\"display:none;\">COULEUR PAYSAGE<\/div><div class=\"exposant_result\" data-id=\"9021\" data-name=\"COULEUR PAYSAGE\" style=\"display:none;\">COULEUR PAYSAGE<\/div><div class=\"exposant_result\" data-id=\"10266\" data-name=\"COURANTS D'OUEST\" style=\"display:none;\">COURANTS D'OUEST<\/div><div class=\"exposant_result\" data-id=\"9007\" data-name=\"COURANTS D'OUEST\" style=\"display:none;\">COURANTS D'OUEST<\/div><div class=\"exposant_result\" data-id=\"9066\" data-name=\"COUVRASSISTANCE\" style=\"display:none;\">COUVRASSISTANCE<\/div><div class=\"exposant_result\" data-id=\"9017\" data-name=\"CPO\" style=\"display:none;\">CPO<\/div><div class=\"exposant_result\" data-id=\"10167\" data-name=\"CPO\" style=\"display:none;\">CPO<\/div><div class=\"exposant_result\" data-id=\"8995\" data-name=\"CTC VERANDAS ET EXTENSIONS\" style=\"display:none;\">CTC VERANDAS ET EXTENSIONS<\/div><div class=\"exposant_result\" data-id=\"10272\" data-name=\"CUISINE PLUS\" style=\"display:none;\">CUISINE PLUS<\/div><div class=\"exposant_result\" data-id=\"8986\" data-name=\"CUISINES KERGOURLAY\" style=\"display:none;\">CUISINES KERGOURLAY<\/div><div class=\"exposant_result\" data-id=\"10203\" data-name=\"CUISINES KERGOURLAY\" style=\"display:none;\">CUISINES KERGOURLAY<\/div><div class=\"exposant_result\" data-id=\"8983\" data-name=\"CUZON DECORATION\" style=\"display:none;\">CUZON DECORATION<\/div><div class=\"exposant_result\" data-id=\"10204\" data-name=\"CUZON DECORATION\" style=\"display:none;\">CUZON DECORATION<\/div><div class=\"exposant_result\" data-id=\"9089\" data-name=\"DECO SILENCE\" style=\"display:none;\">DECO SILENCE<\/div><div class=\"exposant_result\" data-id=\"9020\" data-name=\"DOUCHEA\" style=\"display:none;\">DOUCHEA<\/div><div class=\"exposant_result\" data-id=\"10223\" data-name=\"DOUCHEA\" style=\"display:none;\">DOUCHEA<\/div><div class=\"exposant_result\" data-id=\"8990\" data-name=\"DP PISCINES\" style=\"display:none;\">DP PISCINES<\/div><div class=\"exposant_result\" data-id=\"8994\" data-name=\"DP PISCINES\" style=\"display:none;\">DP PISCINES<\/div><div class=\"exposant_result\" data-id=\"9005\" data-name=\"DR.DRONE\" style=\"display:none;\">DR.DRONE<\/div><div class=\"exposant_result\" data-id=\"10220\" data-name=\"DR.DRONE\" style=\"display:none;\">DR.DRONE<\/div><div class=\"exposant_result\" data-id=\"9050\" data-name=\"DURAND CREATION\" style=\"display:none;\">DURAND CREATION<\/div><div class=\"exposant_result\" data-id=\"8971\" data-name=\"ECO TRAIT'TOIT\" style=\"display:none;\">ECO TRAIT'TOIT<\/div><div class=\"exposant_result\" data-id=\"10181\" data-name=\"ECO TRAIT'TOIT\" style=\"display:none;\">ECO TRAIT'TOIT<\/div><div class=\"exposant_result\" data-id=\"9053\" data-name=\"ECO'OUATE\" style=\"display:none;\">ECO'OUATE<\/div><div class=\"exposant_result\" data-id=\"10173\" data-name=\"ECO'OUATE\" style=\"display:none;\">ECO'OUATE<\/div><div class=\"exposant_result\" data-id=\"9078\" data-name=\"EDF ENR Solaire\" style=\"display:none;\">EDF ENR Solaire<\/div><div class=\"exposant_result\" data-id=\"10170\" data-name=\"EDF SOLUTIONS SOLAIRES\" style=\"display:none;\">EDF SOLUTIONS SOLAIRES<\/div><div class=\"exposant_result\" data-id=\"9029\" data-name=\"ELVA HABITAT\" style=\"display:none;\">ELVA HABITAT<\/div><div class=\"exposant_result\" data-id=\"10219\" data-name=\"ELVA HABITAT\" style=\"display:none;\">ELVA HABITAT<\/div><div class=\"exposant_result\" data-id=\"10240\" data-name=\"ENGIE HOME SERVICES\" style=\"display:none;\">ENGIE HOME SERVICES<\/div><div class=\"exposant_result\" data-id=\"8976\" data-name=\"ENGIE HOME SERVICES\" style=\"display:none;\">ENGIE HOME SERVICES<\/div><div class=\"exposant_result\" data-id=\"9100\" data-name=\"Entreprise PLOUZENNEC\" style=\"display:none;\">Entreprise PLOUZENNEC<\/div><div class=\"exposant_result\" data-id=\"9086\" data-name=\"EVENO ISOLATION\" style=\"display:none;\">EVENO ISOLATION<\/div><div class=\"exposant_result\" data-id=\"10282\" data-name=\"FALHER MENUISERIE AGENCEMENT\" style=\"display:none;\">FALHER MENUISERIE AGENCEMENT<\/div><div class=\"exposant_result\" data-id=\"10174\" data-name=\"FENETRES DE TOIT 29\" style=\"display:none;\">FENETRES DE TOIT 29<\/div><div class=\"exposant_result\" data-id=\"10262\" data-name=\"FGS 29 BTP\" style=\"display:none;\">FGS 29 BTP<\/div><div class=\"exposant_result\" data-id=\"9024\" data-name=\"FINESTRA\" style=\"display:none;\">FINESTRA<\/div><div class=\"exposant_result\" data-id=\"10184\" data-name=\"FINESTRA\" style=\"display:none;\">FINESTRA<\/div><div class=\"exposant_result\" data-id=\"10245\" data-name=\"FINIST'IMMO\" style=\"display:none;\">FINIST'IMMO<\/div><div class=\"exposant_result\" data-id=\"9087\" data-name=\"FINIST'IMMO\" style=\"display:none;\">FINIST'IMMO<\/div><div class=\"exposant_result\" data-id=\"10212\" data-name=\"FINISTERE HABITAT\" style=\"display:none;\">FINISTERE HABITAT<\/div><div class=\"exposant_result\" data-id=\"9006\" data-name=\"FLONAT\" style=\"display:none;\">FLONAT<\/div><div class=\"exposant_result\" data-id=\"10225\" data-name=\"FLONAT\" style=\"display:none;\">FLONAT<\/div><div class=\"exposant_result\" data-id=\"9091\" data-name=\"FRANCE HYGIENE VENTILATION\" style=\"display:none;\">FRANCE HYGIENE VENTILATION<\/div><div class=\"exposant_result\" data-id=\"8969\" data-name=\"GL EVENTS EXHIBITIONS BREST\" style=\"display:none;\">GL EVENTS EXHIBITIONS BREST<\/div><div class=\"exposant_result\" data-id=\"10162\" data-name=\"GL EVENTS EXHIBITIONS OPERATIONS\" style=\"display:none;\">GL EVENTS EXHIBITIONS OPERATIONS<\/div><div class=\"exposant_result\" data-id=\"10274\" data-name=\"GNPS\" style=\"display:none;\">GNPS<\/div><div class=\"exposant_result\" data-id=\"9046\" data-name=\"GOYAT\" style=\"display:none;\">GOYAT<\/div><div class=\"exposant_result\" data-id=\"10222\" data-name=\"GOYAT\" style=\"display:none;\">GOYAT<\/div><div class=\"exposant_result\" data-id=\"9030\" data-name=\"GRDF GAZ ET HABITAT\" style=\"display:none;\">GRDF GAZ ET HABITAT<\/div><div class=\"exposant_result\" data-id=\"9059\" data-name=\"GROUPE FRANCOIS LEON\" style=\"display:none;\">GROUPE FRANCOIS LEON<\/div><div class=\"exposant_result\" data-id=\"10201\" data-name=\"GROUPE FRANCOIS LEON\" style=\"display:none;\">GROUPE FRANCOIS LEON<\/div><div class=\"exposant_result\" data-id=\"8981\" data-name=\"GUILLERM HABITAT\" style=\"display:none;\">GUILLERM HABITAT<\/div><div class=\"exposant_result\" data-id=\"10230\" data-name=\"GUILLERM HABITAT\" style=\"display:none;\">GUILLERM HABITAT<\/div><div class=\"exposant_result\" data-id=\"9082\" data-name=\"GWENOLA LE BRETON DESIGNER\" style=\"display:none;\">GWENOLA LE BRETON DESIGNER<\/div><div class=\"exposant_result\" data-id=\"9097\" data-name=\"HANSEN COJEAN\" style=\"display:none;\">HANSEN COJEAN<\/div><div class=\"exposant_result\" data-id=\"9015\" data-name=\"HEMISPHERE SUD CONCARNEAU\" style=\"display:none;\">HEMISPHERE SUD CONCARNEAU<\/div><div class=\"exposant_result\" data-id=\"9012\" data-name=\"ID MENUISERIES\" style=\"display:none;\">ID MENUISERIES<\/div><div class=\"exposant_result\" data-id=\"10186\" data-name=\"ID MENUISERIES\" style=\"display:none;\">ID MENUISERIES<\/div><div class=\"exposant_result\" data-id=\"9088\" data-name=\"ILLICO TRAVAUX\" style=\"display:none;\">ILLICO TRAVAUX<\/div><div class=\"exposant_result\" data-id=\"10198\" data-name=\"ILLICO TRAVAUX\" style=\"display:none;\">ILLICO TRAVAUX<\/div><div class=\"exposant_result\" data-id=\"10244\" data-name=\"IMAGINE MANON CURUNET\" style=\"display:none;\">IMAGINE MANON CURUNET<\/div><div class=\"exposant_result\" data-id=\"9071\" data-name=\"IMAGINE MANON CURUNET\" style=\"display:none;\">IMAGINE MANON CURUNET<\/div><div class=\"exposant_result\" data-id=\"9048\" data-name=\"ISOCHEMINEE\" style=\"display:none;\">ISOCHEMINEE<\/div><div class=\"exposant_result\" data-id=\"9049\" data-name=\"ISOCHEMINEE\" style=\"display:none;\">ISOCHEMINEE<\/div><div class=\"exposant_result\" data-id=\"10176\" data-name=\"ISOCHEMINEE\" style=\"display:none;\">ISOCHEMINEE<\/div><div class=\"exposant_result\" data-id=\"10229\" data-name=\"ISOCHEMINEE\" style=\"display:none;\">ISOCHEMINEE<\/div><div class=\"exposant_result\" data-id=\"10215\" data-name=\"IXINA\" style=\"display:none;\">IXINA<\/div><div class=\"exposant_result\" data-id=\"8980\" data-name=\"IZI CONFORT\" style=\"display:none;\">IZI CONFORT<\/div><div class=\"exposant_result\" data-id=\"10267\" data-name=\"IZI CONFORT\" style=\"display:none;\">IZI CONFORT<\/div><div class=\"exposant_result\" data-id=\"9036\" data-name=\"JARDI EXPERT\" style=\"display:none;\">JARDI EXPERT<\/div><div class=\"exposant_result\" data-id=\"9095\" data-name=\"KANGOUROU KIDS\" style=\"display:none;\">KANGOUROU KIDS<\/div><div class=\"exposant_result\" data-id=\"10260\" data-name=\"KERNE PAYSAGE\" style=\"display:none;\">KERNE PAYSAGE<\/div><div class=\"exposant_result\" data-id=\"8993\" data-name=\"KERNE PAYSAGE\" style=\"display:none;\">KERNE PAYSAGE<\/div><div class=\"exposant_result\" data-id=\"10273\" data-name=\"KOKOUHOME\" style=\"display:none;\">KOKOUHOME<\/div><div class=\"exposant_result\" data-id=\"9009\" data-name=\"KOOV\" style=\"display:none;\">KOOV<\/div><div class=\"exposant_result\" data-id=\"9069\" data-name=\"LA GRANGE\" style=\"display:none;\">LA GRANGE<\/div><div class=\"exposant_result\" data-id=\"10189\" data-name=\"LA GRANGE\" style=\"display:none;\">LA GRANGE<\/div><div class=\"exposant_result\" data-id=\"10243\" data-name=\"LA MAISON CONTEMPORAINE\" style=\"display:none;\">LA MAISON CONTEMPORAINE<\/div><div class=\"exposant_result\" data-id=\"9032\" data-name=\"LA MAISON CONTEMPORAINE\" style=\"display:none;\">LA MAISON CONTEMPORAINE<\/div><div class=\"exposant_result\" data-id=\"9085\" data-name=\"LA MECA DU JARDIN\" style=\"display:none;\">LA MECA DU JARDIN<\/div><div class=\"exposant_result\" data-id=\"10210\" data-name=\"LE LOGIS BRETON\" style=\"display:none;\">LE LOGIS BRETON<\/div><div class=\"exposant_result\" data-id=\"8978\" data-name=\"LE PERON CREATIONS\" style=\"display:none;\">LE PERON CREATIONS<\/div><div class=\"exposant_result\" data-id=\"10163\" data-name=\"LE PERON CREATIONS\" style=\"display:none;\">LE PERON CREATIONS<\/div><div class=\"exposant_result\" data-id=\"9000\" data-name=\"LE TELEGRAMME\" style=\"display:none;\">LE TELEGRAMME<\/div><div class=\"exposant_result\" data-id=\"9096\" data-name=\"LECOQ-GADBY TRAITEUR\" style=\"display:none;\">LECOQ-GADBY TRAITEUR<\/div><div class=\"exposant_result\" data-id=\"10276\" data-name=\"LECUYER DIDIER\" style=\"display:none;\">LECUYER DIDIER<\/div><div class=\"exposant_result\" data-id=\"10279\" data-name=\"LES ARTISANS BRETON\" style=\"display:none;\">LES ARTISANS BRETON<\/div><div class=\"exposant_result\" data-id=\"10168\" data-name=\"LES MAISONS SOCOREN\" style=\"display:none;\">LES MAISONS SOCOREN<\/div><div class=\"exposant_result\" data-id=\"8975\" data-name=\"LES MAISONS TY NEVEZ\" style=\"display:none;\">LES MAISONS TY NEVEZ<\/div><div class=\"exposant_result\" data-id=\"10169\" data-name=\"LES MAISONS TY NEVEZ\" style=\"display:none;\">LES MAISONS TY NEVEZ<\/div><div class=\"exposant_result\" data-id=\"9001\" data-name=\"LES RAMONEURS BRETONS\" style=\"display:none;\">LES RAMONEURS BRETONS<\/div><div class=\"exposant_result\" data-id=\"10179\" data-name=\"LES RAMONEURS BRETONS\" style=\"display:none;\">LES RAMONEURS BRETONS<\/div><div class=\"exposant_result\" data-id=\"9068\" data-name=\"LG COUVERTURE ISOLATION\" style=\"display:none;\">LG COUVERTURE ISOLATION<\/div><div class=\"exposant_result\" data-id=\"10226\" data-name=\"LG COUVERTURE ISOLATION\" style=\"display:none;\">LG COUVERTURE ISOLATION<\/div><div class=\"exposant_result\" data-id=\"10254\" data-name=\"LP PAYSAGES\" style=\"display:none;\">LP PAYSAGES<\/div><div class=\"exposant_result\" data-id=\"8996\" data-name=\"LV RENOVATION\" style=\"display:none;\">LV RENOVATION<\/div><div class=\"exposant_result\" data-id=\"10277\" data-name=\"MAISON COULEUR\" style=\"display:none;\">MAISON COULEUR<\/div><div class=\"exposant_result\" data-id=\"10259\" data-name=\"MAISONS ARTECO\" style=\"display:none;\">MAISONS ARTECO<\/div><div class=\"exposant_result\" data-id=\"8997\" data-name=\"MAISONS BOIS GLV\" style=\"display:none;\">MAISONS BOIS GLV<\/div><div class=\"exposant_result\" data-id=\"10199\" data-name=\"MAISONS BOIS GLV\" style=\"display:none;\">MAISONS BOIS GLV<\/div><div class=\"exposant_result\" data-id=\"8977\" data-name=\"MAISONS DE L'AVENIR\" style=\"display:none;\">MAISONS DE L'AVENIR<\/div><div class=\"exposant_result\" data-id=\"10194\" data-name=\"MAISONS DE L'AVENIR\" style=\"display:none;\">MAISONS DE L'AVENIR<\/div><div class=\"exposant_result\" data-id=\"9045\" data-name=\"MAISONS LE MASSON\" style=\"display:none;\">MAISONS LE MASSON<\/div><div class=\"exposant_result\" data-id=\"10209\" data-name=\"MAISONS LE MASSON\" style=\"display:none;\">MAISONS LE MASSON<\/div><div class=\"exposant_result\" data-id=\"9018\" data-name=\"MAISONS VILLADEALE\" style=\"display:none;\">MAISONS VILLADEALE<\/div><div class=\"exposant_result\" data-id=\"10166\" data-name=\"MAISONS VILLADEALE\" style=\"display:none;\">MAISONS VILLADEALE<\/div><div class=\"exposant_result\" data-id=\"9058\" data-name=\"MAY TOP BRETAGNE\" style=\"display:none;\">MAY TOP BRETAGNE<\/div><div class=\"exposant_result\" data-id=\"9057\" data-name=\"MENUIPRIX\" style=\"display:none;\">MENUIPRIX<\/div><div class=\"exposant_result\" data-id=\"10218\" data-name=\"MENUIPRIX\" style=\"display:none;\">MENUIPRIX<\/div><div class=\"exposant_result\" data-id=\"10233\" data-name=\"MEUBLES PELLAY TEMPUR\" style=\"display:none;\">MEUBLES PELLAY TEMPUR<\/div><div class=\"exposant_result\" data-id=\"9065\" data-name=\"MIROITERIE DE CORNOUAILLE\" style=\"display:none;\">MIROITERIE DE CORNOUAILLE<\/div><div class=\"exposant_result\" data-id=\"9040\" data-name=\"MISTER TOITURE\" style=\"display:none;\">MISTER TOITURE<\/div><div class=\"exposant_result\" data-id=\"10196\" data-name=\"MISTER TOITURE\" style=\"display:none;\">MISTER TOITURE<\/div><div class=\"exposant_result\" data-id=\"10246\" data-name=\"MON PEINTRE EXPERT\" style=\"display:none;\">MON PEINTRE EXPERT<\/div><div class=\"exposant_result\" data-id=\"9098\" data-name=\"MON PEINTRE EXPERT\" style=\"display:none;\">MON PEINTRE EXPERT<\/div><div class=\"exposant_result\" data-id=\"9056\" data-name=\"MORBIHANNAISE DES FERMETURES\" style=\"display:none;\">MORBIHANNAISE DES FERMETURES<\/div><div class=\"exposant_result\" data-id=\"10247\" data-name=\"Mr GRILLOT\" style=\"display:none;\">Mr GRILLOT<\/div><div class=\"exposant_result\" data-id=\"9031\" data-name=\"MURPROTEC\" style=\"display:none;\">MURPROTEC<\/div><div class=\"exposant_result\" data-id=\"10221\" data-name=\"MURPROTEC\" style=\"display:none;\">MURPROTEC<\/div><div class=\"exposant_result\" data-id=\"8989\" data-name=\"NATIBOX\" style=\"display:none;\">NATIBOX<\/div><div class=\"exposant_result\" data-id=\"8972\" data-name=\"NATURE ENERGIES\" style=\"display:none;\">NATURE ENERGIES<\/div><div class=\"exposant_result\" data-id=\"9077\" data-name=\"NEXITY\" style=\"display:none;\">NEXITY<\/div><div class=\"exposant_result\" data-id=\"10213\" data-name=\"NEXITY\" style=\"display:none;\">NEXITY<\/div><div class=\"exposant_result\" data-id=\"9079\" data-name=\"NOLWENN SUILS PORTE\" style=\"display:none;\">NOLWENN SUILS PORTE<\/div><div class=\"exposant_result\" data-id=\"8999\" data-name=\"NOTAIRES\" style=\"display:none;\">NOTAIRES<\/div><div class=\"exposant_result\" data-id=\"9004\" data-name=\"NUANCES UNIKALO\" style=\"display:none;\">NUANCES UNIKALO<\/div><div class=\"exposant_result\" data-id=\"9090\" data-name=\"O FUT CHIC\" style=\"display:none;\">O FUT CHIC<\/div><div class=\"exposant_result\" data-id=\"8970\" data-name=\"OUEST ECO LOGIS\" style=\"display:none;\">OUEST ECO LOGIS<\/div><div class=\"exposant_result\" data-id=\"10224\" data-name=\"OUEST ECO LOGIS\" style=\"display:none;\">OUEST ECO LOGIS<\/div><div class=\"exposant_result\" data-id=\"9022\" data-name=\"OUEST ENERGIE\" style=\"display:none;\">OUEST ENERGIE<\/div><div class=\"exposant_result\" data-id=\"10171\" data-name=\"OUEST ENERGIE\" style=\"display:none;\">OUEST ENERGIE<\/div><div class=\"exposant_result\" data-id=\"10263\" data-name=\"OUEST'ECO RENOV\" style=\"display:none;\">OUEST'ECO RENOV<\/div><div class=\"exposant_result\" data-id=\"9093\" data-name=\"PATRICIA PUSTOCH\" style=\"display:none;\">PATRICIA PUSTOCH<\/div><div class=\"exposant_result\" data-id=\"10214\" data-name=\"PATRICIA PUSTOCH\" style=\"display:none;\">PATRICIA PUSTOCH<\/div><div class=\"exposant_result\" data-id=\"10283\" data-name=\"PISCINE DE LA BAIE\" style=\"display:none;\">PISCINE DE LA BAIE<\/div><div class=\"exposant_result\" data-id=\"8991\" data-name=\"PISCINES DUGAIN\" style=\"display:none;\">PISCINES DUGAIN<\/div><div class=\"exposant_result\" data-id=\"10193\" data-name=\"PISCINES DUGAIN\" style=\"display:none;\">PISCINES DUGAIN<\/div><div class=\"exposant_result\" data-id=\"9042\" data-name=\"POLIMMO\" style=\"display:none;\">POLIMMO<\/div><div class=\"exposant_result\" data-id=\"10238\" data-name=\"POLIMMO\" style=\"display:none;\">POLIMMO<\/div><div class=\"exposant_result\" data-id=\"9041\" data-name=\"POLIMMO LA MAISON\" style=\"display:none;\">POLIMMO LA MAISON<\/div><div class=\"exposant_result\" data-id=\"8982\" data-name=\"PORTAILS OCEAN\" style=\"display:none;\">PORTAILS OCEAN<\/div><div class=\"exposant_result\" data-id=\"10211\" data-name=\"PORTAILS OCEAN\" style=\"display:none;\">PORTAILS OCEAN<\/div><div class=\"exposant_result\" data-id=\"10281\" data-name=\"PRESQU ILE ISOLATION\" style=\"display:none;\">PRESQU ILE ISOLATION<\/div><div class=\"exposant_result\" data-id=\"10261\" data-name=\"PRESQU'ILE PISCINES\" style=\"display:none;\">PRESQU'ILE PISCINES<\/div><div class=\"exposant_result\" data-id=\"9011\" data-name=\"PRIGENT ABIVEN EURL\" style=\"display:none;\">PRIGENT ABIVEN EURL<\/div><div class=\"exposant_result\" data-id=\"9094\" data-name=\"QBO - ADIL - URBANIS - SOLIHA\" style=\"display:none;\">QBO - ADIL - URBANIS - SOLIHA<\/div><div class=\"exposant_result\" data-id=\"10192\" data-name=\"QBO - ADIL - URBANIS - SOLIHA\" style=\"display:none;\">QBO - ADIL - URBANIS - SOLIHA<\/div><div class=\"exposant_result\" data-id=\"8998\" data-name=\"QUALICONFORT\" style=\"display:none;\">QUALICONFORT<\/div><div class=\"exposant_result\" data-id=\"10191\" data-name=\"QUALICONFORT\" style=\"display:none;\">QUALICONFORT<\/div><div class=\"exposant_result\" data-id=\"9055\" data-name=\"QUALIRENO\" style=\"display:none;\">QUALIRENO<\/div><div class=\"exposant_result\" data-id=\"10217\" data-name=\"QUALIRENO\" style=\"display:none;\">QUALIRENO<\/div><div class=\"exposant_result\" data-id=\"9014\" data-name=\"QUIMPER CHEMINEES\" style=\"display:none;\">QUIMPER CHEMINEES<\/div><div class=\"exposant_result\" data-id=\"10227\" data-name=\"QUIMPER CHEMINEES\" style=\"display:none;\">QUIMPER CHEMINEES<\/div><div class=\"exposant_result\" data-id=\"9081\" data-name=\"REHAB\" style=\"display:none;\">REHAB<\/div><div class=\"exposant_result\" data-id=\"10256\" data-name=\"RENOVATION MAN\" style=\"display:none;\">RENOVATION MAN<\/div><div class=\"exposant_result\" data-id=\"9075\" data-name=\"R\u00e9seau TYNEO - Espace Conseil France R\u00e9nov'\" style=\"display:none;\">R\u00e9seau TYNEO - Espace Conseil France R\u00e9nov'<\/div><div class=\"exposant_result\" data-id=\"10207\" data-name=\"R\u00e9seau TYNEO - Espace Conseil France R\u00e9nov'\" style=\"display:none;\">R\u00e9seau TYNEO - Espace Conseil France R\u00e9nov'<\/div><div class=\"exposant_result\" data-id=\"10280\" data-name=\"RESIWALL\" style=\"display:none;\">RESIWALL<\/div><div class=\"exposant_result\" data-id=\"9025\" data-name=\"RICORDEL PROTECT\" style=\"display:none;\">RICORDEL PROTECT<\/div><div class=\"exposant_result\" data-id=\"9028\" data-name=\"RTM MENUISERIES LES MENUISIERS BRETONS\" style=\"display:none;\">RTM MENUISERIES LES MENUISIERS BRETONS<\/div><div class=\"exposant_result\" data-id=\"10160\" data-name=\"RTM MENUISERIES LES MENUISIERS BRETONS\" style=\"display:none;\">RTM MENUISERIES LES MENUISIERS BRETONS<\/div><div class=\"exposant_result\" data-id=\"10255\" data-name=\"SERENO\" style=\"display:none;\">SERENO<\/div><div class=\"exposant_result\" data-id=\"8992\" data-name=\"SIMPLE ET COSY\" style=\"display:none;\">SIMPLE ET COSY<\/div><div class=\"exposant_result\" data-id=\"9076\" data-name=\"SOLAR EXPANSION\" style=\"display:none;\">SOLAR EXPANSION<\/div><div class=\"exposant_result\" data-id=\"10208\" data-name=\"SOLAR EXPANSION\" style=\"display:none;\">SOLAR EXPANSION<\/div><div class=\"exposant_result\" data-id=\"9016\" data-name=\"STARTIJENN\" style=\"display:none;\">STARTIJENN<\/div><div class=\"exposant_result\" data-id=\"10185\" data-name=\"STARTIJENN\" style=\"display:none;\">STARTIJENN<\/div><div class=\"exposant_result\" data-id=\"9026\" data-name=\"STON'ART\" style=\"display:none;\">STON'ART<\/div><div class=\"exposant_result\" data-id=\"10216\" data-name=\"STON'ART\" style=\"display:none;\">STON'ART<\/div><div class=\"exposant_result\" data-id=\"10271\" data-name=\"STUDIO BALAFENN\" style=\"display:none;\">STUDIO BALAFENN<\/div><div class=\"exposant_result\" data-id=\"10182\" data-name=\"STYLE D'EAU PISCINES &amp; SPAS\" style=\"display:none;\">STYLE D'EAU PISCINES &amp; SPAS<\/div><div class=\"exposant_result\" data-id=\"9038\" data-name=\"TECHNITOIT\" style=\"display:none;\">TECHNITOIT<\/div><div class=\"exposant_result\" data-id=\"10180\" data-name=\"TECHNITOIT\" style=\"display:none;\">TECHNITOIT<\/div><div class=\"exposant_result\" data-id=\"10190\" data-name=\"TECKTO\" style=\"display:none;\">TECKTO<\/div><div class=\"exposant_result\" data-id=\"9063\" data-name=\"TEKNA DECOR \/ FACADIA\" style=\"display:none;\">TEKNA DECOR \/ FACADIA<\/div><div class=\"exposant_result\" data-id=\"10236\" data-name=\"TEKNA DECOR \/ FACADIA\" style=\"display:none;\">TEKNA DECOR \/ FACADIA<\/div><div class=\"exposant_result\" data-id=\"8973\" data-name=\"TENDANCES MAGAZINE\" style=\"display:none;\">TENDANCES MAGAZINE<\/div><div class=\"exposant_result\" data-id=\"10264\" data-name=\"TOYOTA QUIMPER\" style=\"display:none;\">TOYOTA QUIMPER<\/div><div class=\"exposant_result\" data-id=\"10265\" data-name=\"TOYOTA QUIMPER\" style=\"display:none;\">TOYOTA QUIMPER<\/div><div class=\"exposant_result\" data-id=\"10275\" data-name=\"TRAITEUR POULAIN\" style=\"display:none;\">TRAITEUR POULAIN<\/div><div class=\"exposant_result\" data-id=\"9023\" data-name=\"TRYBA QUIMPER\" style=\"display:none;\">TRYBA QUIMPER<\/div><div class=\"exposant_result\" data-id=\"10231\" data-name=\"TRYBA QUIMPER\" style=\"display:none;\">TRYBA QUIMPER<\/div><div class=\"exposant_result\" data-id=\"9060\" data-name=\"VERANDA ET ABRI DE PISCINE RIDEAU\" style=\"display:none;\">VERANDA ET ABRI DE PISCINE RIDEAU<\/div><div class=\"exposant_result\" data-id=\"10200\" data-name=\"VERANDA ET ABRI DE PISCINE RIDEAU\" style=\"display:none;\">VERANDA ET ABRI DE PISCINE RIDEAU<\/div><div class=\"exposant_result\" data-id=\"9047\" data-name=\"VERANDA LAMOUR\" style=\"display:none;\">VERANDA LAMOUR<\/div><div class=\"exposant_result\" data-id=\"10177\" data-name=\"VERANDA LAMOUR\" style=\"display:none;\">VERANDA LAMOUR<\/div><div class=\"exposant_result\" data-id=\"8984\" data-name=\"VERANDA PERGOLA CONCEPT ALU\" style=\"display:none;\">VERANDA PERGOLA CONCEPT ALU<\/div><div class=\"exposant_result\" data-id=\"10164\" data-name=\"VERANDA PERGOLA CONCEPT ALU\" style=\"display:none;\">VERANDA PERGOLA CONCEPT ALU<\/div><div class=\"exposant_result\" data-id=\"8985\" data-name=\"VERANDALINE\" style=\"display:none;\">VERANDALINE<\/div><div class=\"exposant_result\" data-id=\"10232\" data-name=\"VERANDALINE\" style=\"display:none;\">VERANDALINE<\/div><div class=\"exposant_result\" data-id=\"9103\" data-name=\"VERRE CHEZ SOI\" style=\"display:none;\">VERRE CHEZ SOI<\/div><div class=\"exposant_result\" data-id=\"10270\" data-name=\"VILLA BEAUSOLEIL BREST\" style=\"display:none;\">VILLA BEAUSOLEIL BREST<\/div><div class=\"exposant_result\" data-id=\"9106\" data-name=\"VOLKSWAGEN\" style=\"display:none;\">VOLKSWAGEN<\/div><div class=\"exposant_result\" data-id=\"9052\" data-name=\"VOLKSWAGEN Quimper\" style=\"display:none;\">VOLKSWAGEN Quimper<\/div><div class=\"arx_recherche_exposant_result\"><\/div><\/div>[\/vc_column_text][vc_empty_space height=\u00a0\u00bb30px\u00a0\u00bb el_class=\u00a0\u00bbon_mobile_only\u00a0\u00bb][vc_empty_space height=\u00a0\u00bb59px\u00a0\u00bb el_class=\u00a0\u00bbhide_on_mobile\u00a0\u00bb][vc_column_text el_class=\u00a0\u00bbarxfilterexposantmobile\u00a0\u00bb]<div class=\"arx_exposant_filtre_container\">\r\n\t<!--<div class=\"titre\" style=\"font-weight:900; padding-bottom:15px;\">FILTRER PAR CAT\u00c9GORIE<\/div>--><label class=\"arx_filtre_nomenclature_button\" style=\"border: 1px solid  !important; color: ;\"data-term-id=\"61\" data-univers=\"\">J'\u00e9quipe mon logement<\/label><label class=\"arx_filtre_nomenclature_button\" style=\"border: 1px solid  !important; color: ;\"data-term-id=\"62\" data-univers=\"\">Je r\u00e9nove ma maison, J'am\u00e9liore mon habitat<\/label><label class=\"arx_filtre_nomenclature_button\" style=\"border: 1px solid  !important; color: ;\"data-term-id=\"63\" data-univers=\"\">J'am\u00e9nage mon jardin, ma terrasse, mon balcon<\/label><label class=\"arx_filtre_nomenclature_button\" style=\"border: 1px solid  !important; color: ;\"data-term-id=\"64\" data-univers=\"\">Je construis ma maison<\/label><label class=\"arx_filtre_nomenclature_button\" style=\"border: 1px solid  !important; color: ;\"data-term-id=\"65\" data-univers=\"\">Je cr\u00e9e ou je r\u00e9nove ma cuisine, ma salle de bain<\/label><label class=\"arx_filtre_nomenclature_button\" style=\"border: 1px solid  !important; color: ;\"data-term-id=\"66\" data-univers=\"\">J'am\u00e9nage, j'agence et je d\u00e9core ma maison<\/label><label class=\"arx_filtre_nomenclature_button\" style=\"border: 1px solid  !important; color: ;\"data-term-id=\"67\" data-univers=\"\">Je pr\u00e9pare mon projet immobilier<\/label><label class=\"arx_filtre_nomenclature_button\" style=\"border: 1px solid  !important; color: ;\"data-term-id=\"69\" data-univers=\"\">J'optimise les performances, Je s\u00e9curise mon logement<\/label><label class=\"arx_filtre_nomenclature_button\" style=\"border: 1px solid  !important; color: ;\"data-term-id=\"70\" data-univers=\"\">Je construis, je r\u00e9nove ma maison<\/label><\/div><style>.active[data-term-id=\"61\"]{\r\n\t\t\tbackground-color: !important;\r\n\t\t\tcolor:white !important\r\n\t\t}<\/style><style>.active[data-term-id=\"62\"]{\r\n\t\t\tbackground-color: !important;\r\n\t\t\tcolor:white !important\r\n\t\t}<\/style><style>.active[data-term-id=\"63\"]{\r\n\t\t\tbackground-color: !important;\r\n\t\t\tcolor:white !important\r\n\t\t}<\/style><style>.active[data-term-id=\"64\"]{\r\n\t\t\tbackground-color: !important;\r\n\t\t\tcolor:white !important\r\n\t\t}<\/style><style>.active[data-term-id=\"65\"]{\r\n\t\t\tbackground-color: !important;\r\n\t\t\tcolor:white !important\r\n\t\t}<\/style><style>.active[data-term-id=\"66\"]{\r\n\t\t\tbackground-color: !important;\r\n\t\t\tcolor:white !important\r\n\t\t}<\/style><style>.active[data-term-id=\"67\"]{\r\n\t\t\tbackground-color: !important;\r\n\t\t\tcolor:white !important\r\n\t\t}<\/style><style>.active[data-term-id=\"69\"]{\r\n\t\t\tbackground-color: !important;\r\n\t\t\tcolor:white !important\r\n\t\t}<\/style><style>.active[data-term-id=\"70\"]{\r\n\t\t\tbackground-color: !important;\r\n\t\t\tcolor:white !important\r\n\t\t}<\/style>[\/vc_column_text][\/vc_column_inner][\/vc_row_inner][vc_empty_space height=\u00a0\u00bb70px\u00a0\u00bb el_class=\u00a0\u00bbhide_on_mobile\u00a0\u00bb][vc_empty_space height=\u00a0\u00bb40px\u00a0\u00bb el_class=\u00a0\u00bbon_mobile_only\u00a0\u00bb][vc_column_text el_class=\u00a0\u00bbarx_exposant_mobile_full\u00a0\u00bb]<div class=\"exposants_container \" id=\"liste_exposants\"><div id=\"exposant_ajax_content\"><div class=\"exposant_item premiumcontainer\" style=\"position:relative\" data-id=\"9039\" data-name=\"BOLLORE ENERGY\" data-premium-url=\"https:\/\/www.viving.fr\/quimper\/blog\/nos-exposants\/bollore-energy\/\">\r\n\t\t\t\t<img class=\"arx_premium_etoile\" width=\"28\" src=\"\/rennes\/wp-content\/uploads\/sites\/10\/2022\/12\/etoile-150x150.png\">\r\n\t\t\t\t<div class=\"exposant_item_inner\">\r\n\t\t\t<img class=\"photo\" src=\"https:\/\/exposant.gl-events.com\/uploads\/company_booths\/logos\/550e0f6781e9d47cdc19c2e92fad9130.gif\">\r\n\t\t\t<div class=\"flexexposantdisplay\"><strong class=\"arx_titlte_exposant\"><a href=\"https:\/\/www.viving.fr\/quimper\/blog\/nos-exposants\/bollore-energy\/\">BOLLORE ENERGY<\/a><\/strong><div class=\"arx_stand_exposant\"><p>B32<\/p><\/div>\t<\/div>\r\n\t\t\t\t<div style=\"margin-top:22px\"><p class=\"arx_expo_extrait\"><\/p><\/div>\r\n\t\t\t\t<\/div><\/div><div class=\"exposant_item premiumcontainer\" style=\"position:relative\" data-id=\"8974\" data-name=\"CONSTRUCTIONS DU BELON\" data-premium-url=\"https:\/\/www.viving.fr\/quimper\/blog\/nos-exposants\/construction-du-belon\/\">\r\n\t\t\t\t<img class=\"arx_premium_etoile\" width=\"28\" src=\"\/rennes\/wp-content\/uploads\/sites\/10\/2022\/12\/etoile-150x150.png\">\r\n\t\t\t\t<div class=\"exposant_item_inner\">\r\n\t\t\t<img class=\"photo\" src=\"\/rennes\/wp-content\/uploads\/sites\/10\/2022\/09\/LogotypeViving-Positif-RVB.png\">\r\n\t\t\t<div class=\"flexexposantdisplay\"><strong class=\"arx_titlte_exposant\"><a href=\"https:\/\/www.viving.fr\/quimper\/blog\/nos-exposants\/construction-du-belon\/\">CONSTRUCTIONS DU BELON<\/a><\/strong><div class=\"arx_stand_exposant\"><p>E19<\/p><\/div>\t<\/div>\r\n\t\t\t\t<div style=\"margin-top:22px\"><p class=\"arx_expo_extrait\"><\/p><\/div>\r\n\t\t\t\t<\/div><\/div><div class=\"exposant_item premiumcontainer\" style=\"position:relative\" data-id=\"9089\" data-name=\"DECO SILENCE\" data-premium-url=\"https:\/\/www.viving.fr\/quimper\/blog\/nos-exposants\/deco-silence\/\">\r\n\t\t\t\t<img class=\"arx_premium_etoile\" width=\"28\" src=\"\/rennes\/wp-content\/uploads\/sites\/10\/2022\/12\/etoile-150x150.png\">\r\n\t\t\t\t<div class=\"exposant_item_inner\">\r\n\t\t\t<img class=\"photo\" src=\"\/rennes\/wp-content\/uploads\/sites\/10\/2022\/09\/LogotypeViving-Positif-RVB.png\">\r\n\t\t\t<div class=\"flexexposantdisplay\"><strong class=\"arx_titlte_exposant\"><a href=\"https:\/\/www.viving.fr\/quimper\/blog\/nos-exposants\/deco-silence\/\">DECO SILENCE<\/a><\/strong><div class=\"arx_stand_exposant\"><p>D34<\/p><\/div>\t<\/div>\r\n\t\t\t\t<div style=\"margin-top:22px\"><p class=\"arx_expo_extrait\"><\/p><\/div>\r\n\t\t\t\t<\/div><\/div><div class=\"exposant_item \" style=\"position:relative\" data-id=\"9013\" data-name=\"AASGARD QUIMPER\" data-premium-url=\"\">\r\n\t\t\t\t\r\n\t\t\t\t<div class=\"exposant_item_inner\">\r\n\t\t\t<img class=\"photo\" src=\"\/rennes\/wp-content\/uploads\/sites\/10\/2022\/09\/LogotypeViving-Positif-RVB.png\">\r\n\t\t\t<div class=\"flexexposantdisplay\"><strong class=\"arx_titlte_exposant\">AASGARD QUIMPER<\/strong><div class=\"arx_stand_exposant\"><p>G03<\/p><\/div>\t<\/div>\r\n\t\t\t\t<div style=\"margin-top:22px\"><p class=\"arx_expo_extrait\"><\/p><\/div>\r\n\t\t\t\t<\/div><\/div><div class=\"exposant_item \" style=\"position:relative\" data-id=\"10202\" data-name=\"AASGARD QUIMPER\" data-premium-url=\"\">\r\n\t\t\t\t\r\n\t\t\t\t<div class=\"exposant_item_inner\">\r\n\t\t\t<img class=\"photo\" src=\"\/rennes\/wp-content\/uploads\/sites\/10\/2022\/09\/LogotypeViving-Positif-RVB.png\">\r\n\t\t\t<div class=\"flexexposantdisplay\"><strong class=\"arx_titlte_exposant\">AASGARD QUIMPER<\/strong><div class=\"arx_stand_exposant\"><p>G03<\/p><\/div>\t<\/div>\r\n\t\t\t\t<div style=\"margin-top:22px\"><p class=\"arx_expo_extrait\"><\/p><\/div>\r\n\t\t\t\t<\/div><\/div><div class=\"exposant_item \" style=\"position:relative\" data-id=\"10248\" data-name=\"Abris DESIGN ALLIANCE PISCINES et SPAS\" data-premium-url=\"\">\r\n\t\t\t\t\r\n\t\t\t\t<div class=\"exposant_item_inner\">\r\n\t\t\t<img class=\"photo\" src=\"\/rennes\/wp-content\/uploads\/sites\/10\/2022\/09\/LogotypeViving-Positif-RVB.png\">\r\n\t\t\t<div class=\"flexexposantdisplay\"><strong class=\"arx_titlte_exposant\">Abris DESIGN ALLIANCE PISCINES et SPAS<\/strong><div class=\"arx_stand_exposant\"><p>E11<\/p><\/div>\t<\/div>\r\n\t\t\t\t<div style=\"margin-top:22px\"><p class=\"arx_expo_extrait\"><\/p><\/div>\r\n\t\t\t\t<\/div><\/div><div class=\"exposant_item \" style=\"position:relative\" data-id=\"10249\" data-name=\"Abris DESIGN ALLIANCE PISCINES et SPAS\" data-premium-url=\"\">\r\n\t\t\t\t\r\n\t\t\t\t<div class=\"exposant_item_inner\">\r\n\t\t\t<img class=\"photo\" src=\"\/rennes\/wp-content\/uploads\/sites\/10\/2022\/09\/LogotypeViving-Positif-RVB.png\">\r\n\t\t\t<div class=\"flexexposantdisplay\"><strong class=\"arx_titlte_exposant\">Abris DESIGN ALLIANCE PISCINES et SPAS<\/strong><div class=\"arx_stand_exposant\"><p>D11<\/p><\/div>\t<\/div>\r\n\t\t\t\t<div style=\"margin-top:22px\"><p class=\"arx_expo_extrait\"><\/p><\/div>\r\n\t\t\t\t<\/div><\/div><div class=\"exposant_item \" style=\"position:relative\" data-id=\"10250\" data-name=\"ADEKWATTS\" data-premium-url=\"\">\r\n\t\t\t\t\r\n\t\t\t\t<div class=\"exposant_item_inner\">\r\n\t\t\t<img class=\"photo\" src=\"\/rennes\/wp-content\/uploads\/sites\/10\/2022\/09\/LogotypeViving-Positif-RVB.png\">\r\n\t\t\t<div class=\"flexexposantdisplay\"><strong class=\"arx_titlte_exposant\">ADEKWATTS<\/strong><div class=\"arx_stand_exposant\"><p>B02<\/p><\/div>\t<\/div>\r\n\t\t\t\t<div style=\"margin-top:22px\"><p class=\"arx_expo_extrait\"><\/p><\/div>\r\n\t\t\t\t<\/div><\/div><div class=\"arx_pagination\"><ul><\/ul><\/div><div class=\"paginationflecheexpo\"><span class=\"arx_page_link\" data-num=\"2\"><a href=\"javascript:void(0)\" data-url=\"\/quimper\/wp-json\/wp\/v2\/pages\/2?numpage=2\"><img src=\"\/wp-content\/uploads\/2023\/01\/arrow-right-1.png\"><\/a><\/span><\/div><div id=\" \"class=\"exposant_item_popin\" data-id=\"9013\">\r\n\t\t\t\t\t<div class=\"exposant_item_popin_content box_shadow\">\r\n\r\n\t\t\t\t\t<div class=\"close\" data-id=\"9013\"><\/div>\r\n\t\t\t\t\t<div class=\"exposant_item_popin_scrolled_content\">\t\t\t\t\t\r\n\t\t\t\t<div class=\"flexpopupligne1\">\r\n\t\t\t\t\t<div class=\"popin_exposant_logo\"><img class=\"photo\" src=\"\/arx-custom-img\/exposant-amenago-default.jpg\"><\/div>\r\n\t\t\t\t\t<div class=\"\"><p class=\"arx_titlte_exposantpopup\">AASGARD QUIMPER<\/p><p class=\"arx_popup_site\"><a href=\"http:\/\/www.aasgard.fr\/magasins\/aasgard-quimper\" target=\"_blank\">www.aasgard.fr\/magasins\/aasgard-quimper<\/a><\/p><p class=\"arx_stand_exposant_popup\">G03<\/p><\/div><div class=\"nomenclature\" style=\"font-family: AzoSansbold !important;  line-height: 38px !important;     color: #002350 !important;\"><span>#j'optimise les performances, je s\u00e9curise mon logement<\/span><\/div>\r\n\t\t\t<\/div>\r\n\t\t\t\t<div class=\"popin_exposant_adresse\" style=\"margin-top:25px\"><p class=\"arx_adresse_popup\"><img src=\"\/wp-content\/uploads\/2023\/01\/Vector-2.png\" style=\"margin-right:3px\"><strong>12 AVENUE DE GOURVILLY\n12 AV DE GOURVILY, 29000 - QUIMPER<\/strong><\/p><\/div>\r\n\t\t\t\t\r\n\t\t\t\t<div class=\"popin_exposant_content\"><p class=\"arx_expo_extrait\"><strong>Distribution et pose de po\u00eales \u00e0 bois et de po\u00eales \u00e0 granul\u00e9s<\/strong><\/p><\/div>\r\n\t\t\t<div class=\"popin_exposant_resaux\">\r\n\t\t\t\t<div class=\"reseaux\" style=\"    display: flex;   justify-content: flex-end;\"><\/div>\r\n\t\t\t\t\r\n\t\t\t<\/div>\r\n\t\t\t\r\n\t\t\t<\/div><\/div><\/div><div id=\" \"class=\"exposant_item_popin\" data-id=\"10202\">\r\n\t\t\t\t\t<div class=\"exposant_item_popin_content box_shadow\">\r\n\r\n\t\t\t\t\t<div class=\"close\" data-id=\"10202\"><\/div>\r\n\t\t\t\t\t<div class=\"exposant_item_popin_scrolled_content\">\t\t\t\t\t\r\n\t\t\t\t<div class=\"flexpopupligne1\">\r\n\t\t\t\t\t<div class=\"popin_exposant_logo\"><img class=\"photo\" src=\"\/arx-custom-img\/exposant-amenago-default.jpg\"><\/div>\r\n\t\t\t\t\t<div class=\"\"><p class=\"arx_titlte_exposantpopup\">AASGARD QUIMPER<\/p><p class=\"arx_popup_site\"><a href=\"http:\/\/www.aasgard.fr\/magasins\/aasgard-quimper\" target=\"_blank\">www.aasgard.fr\/magasins\/aasgard-quimper<\/a><\/p><p class=\"arx_stand_exposant_popup\">G03<\/p><\/div><div class=\"nomenclature\" style=\"font-family: AzoSansbold !important;  line-height: 38px !important;     color: #002350 !important;\"><span>#j'optimise les performances, je s\u00e9curise mon logement<\/span><\/div>\r\n\t\t\t<\/div>\r\n\t\t\t\t<div class=\"popin_exposant_adresse\" style=\"margin-top:25px\"><p class=\"arx_adresse_popup\"><img src=\"\/wp-content\/uploads\/2023\/01\/Vector-2.png\" style=\"margin-right:3px\"><strong>12 AVENUE DE GOURVILLY\n12 AV DE GOURVILY, 29000 - QUIMPER<\/strong><\/p><\/div>\r\n\t\t\t\t\r\n\t\t\t\t<div class=\"popin_exposant_content\"><p class=\"arx_expo_extrait\"><strong>Distribution et pose de po\u00eales \u00e0 bois et de po\u00eales \u00e0 granul\u00e9s<\/strong><\/p><\/div>\r\n\t\t\t<div class=\"popin_exposant_resaux\">\r\n\t\t\t\t<div class=\"reseaux\" style=\"    display: flex;   justify-content: flex-end;\"><\/div>\r\n\t\t\t\t\r\n\t\t\t<\/div>\r\n\t\t\t\r\n\t\t\t<\/div><\/div><\/div><div id=\" \"class=\"exposant_item_popin\" data-id=\"10248\">\r\n\t\t\t\t\t<div class=\"exposant_item_popin_content box_shadow\">\r\n\r\n\t\t\t\t\t<div class=\"close\" data-id=\"10248\"><\/div>\r\n\t\t\t\t\t<div class=\"exposant_item_popin_scrolled_content\">\t\t\t\t\t\r\n\t\t\t\t<div class=\"flexpopupligne1\">\r\n\t\t\t\t\t<div class=\"popin_exposant_logo\"><img class=\"photo\" src=\"\/arx-custom-img\/exposant-amenago-default.jpg\"><\/div>\r\n\t\t\t\t\t<div class=\"\"><p class=\"arx_titlte_exposantpopup\">Abris DESIGN ALLIANCE PISCINES et SPAS<\/p><p class=\"arx_popup_site\"><a href=\"http:\/\/www.alliancepiscines.com\/magasin-piscine\/elorn-piscines\" target=\"_blank\">www.alliancepiscines.com\/magasin-piscine\/elorn-piscines<\/a><\/p><p class=\"arx_stand_exposant_popup\">E11<\/p><\/div><div class=\"nomenclature\" style=\"font-family: AzoSansbold !important;  line-height: 38px !important;     color: #002350 !important;\"><span>#j'am\u00e9nage mon jardin, ma terrasse, mon balcon<\/span><\/div>\r\n\t\t\t<\/div>\r\n\t\t\t\t<div class=\"popin_exposant_adresse\" style=\"margin-top:25px\"><p class=\"arx_adresse_popup\"><img src=\"\/wp-content\/uploads\/2023\/01\/Vector-2.png\" style=\"margin-right:3px\"><strong>18 route de Plouvorn, 29600 - SAINT-MARTIN-DES-CHAMPS<\/strong><\/p><\/div>\r\n\t\t\t\t\r\n\t\t\t\t<div class=\"popin_exposant_content\"><p class=\"arx_expo_extrait\"><strong>Abris DESIGN ALLIANCE PISCINES et SPAS<\/strong><\/p><\/div>\r\n\t\t\t<div class=\"popin_exposant_resaux\">\r\n\t\t\t\t<div class=\"reseaux\" style=\"    display: flex;   justify-content: flex-end;\"><\/div>\r\n\t\t\t\t\r\n\t\t\t<\/div>\r\n\t\t\t\r\n\t\t\t<\/div><\/div><\/div><div id=\" \"class=\"exposant_item_popin\" data-id=\"10249\">\r\n\t\t\t\t\t<div class=\"exposant_item_popin_content box_shadow\">\r\n\r\n\t\t\t\t\t<div class=\"close\" data-id=\"10249\"><\/div>\r\n\t\t\t\t\t<div class=\"exposant_item_popin_scrolled_content\">\t\t\t\t\t\r\n\t\t\t\t<div class=\"flexpopupligne1\">\r\n\t\t\t\t\t<div class=\"popin_exposant_logo\"><img class=\"photo\" src=\"\/arx-custom-img\/exposant-amenago-default.jpg\"><\/div>\r\n\t\t\t\t\t<div class=\"\"><p class=\"arx_titlte_exposantpopup\">Abris DESIGN ALLIANCE PISCINES et SPAS<\/p><p class=\"arx_popup_site\"><a href=\"http:\/\/www.alliancepiscines.com\/magasin-piscine\/elorn-piscines\" target=\"_blank\">www.alliancepiscines.com\/magasin-piscine\/elorn-piscines<\/a><\/p><p class=\"arx_stand_exposant_popup\">D11<\/p><\/div><div class=\"nomenclature\" style=\"font-family: AzoSansbold !important;  line-height: 38px !important;     color: #002350 !important;\"><span>#j'am\u00e9nage mon jardin, ma terrasse, mon balcon<\/span><\/div>\r\n\t\t\t<\/div>\r\n\t\t\t\t<div class=\"popin_exposant_adresse\" style=\"margin-top:25px\"><p class=\"arx_adresse_popup\"><img src=\"\/wp-content\/uploads\/2023\/01\/Vector-2.png\" style=\"margin-right:3px\"><strong>18 route de Plouvorn, 29600 - SAINT-MARTIN-DES-CHAMPS<\/strong><\/p><\/div>\r\n\t\t\t\t\r\n\t\t\t\t<div class=\"popin_exposant_content\"><p class=\"arx_expo_extrait\"><strong>Abris DESIGN ALLIANCE PISCINES et SPAS<\/strong><\/p><\/div>\r\n\t\t\t<div class=\"popin_exposant_resaux\">\r\n\t\t\t\t<div class=\"reseaux\" style=\"    display: flex;   justify-content: flex-end;\"><\/div>\r\n\t\t\t\t\r\n\t\t\t<\/div>\r\n\t\t\t\r\n\t\t\t<\/div><\/div><\/div><div id=\" \"class=\"exposant_item_popin\" data-id=\"10250\">\r\n\t\t\t\t\t<div class=\"exposant_item_popin_content box_shadow\">\r\n\r\n\t\t\t\t\t<div class=\"close\" data-id=\"10250\"><\/div>\r\n\t\t\t\t\t<div class=\"exposant_item_popin_scrolled_content\">\t\t\t\t\t\r\n\t\t\t\t<div class=\"flexpopupligne1\">\r\n\t\t\t\t\t<div class=\"popin_exposant_logo\"><img class=\"photo\" src=\"\/arx-custom-img\/exposant-amenago-default.jpg\"><\/div>\r\n\t\t\t\t\t<div class=\"\"><p class=\"arx_titlte_exposantpopup\">ADEKWATTS<\/p><p class=\"arx_popup_site\"><a href=\"http:\/\/www.adekwatts.fr\/secteurs\/bretagne\/\" target=\"_blank\">www.adekwatts.fr\/secteurs\/bretagne\/<\/a><\/p><p class=\"arx_stand_exposant_popup\">B02<\/p><\/div><div class=\"nomenclature\" style=\"font-family: AzoSansbold !important;  line-height: 38px !important;     color: #002350 !important;\"><span>#j'optimise les performances, je s\u00e9curise mon logement<\/span><\/div>\r\n\t\t\t<\/div>\r\n\t\t\t\t<div class=\"popin_exposant_adresse\" style=\"margin-top:25px\"><p class=\"arx_adresse_popup\"><img src=\"\/wp-content\/uploads\/2023\/01\/Vector-2.png\" style=\"margin-right:3px\"><strong>2 HENT DALL KORRIGANED, 29910 - TREGUNC<\/strong><\/p><\/div>\r\n\t\t\t\t\r\n\t\t\t\t<div class=\"popin_exposant_content\"><p class=\"arx_expo_extrait\"><strong>Solutions solaires photovolta\u00efques<\/strong><\/p><\/div>\r\n\t\t\t<div class=\"popin_exposant_resaux\">\r\n\t\t\t\t<div class=\"reseaux\" style=\"    display: flex;   justify-content: flex-end;\"><\/div>\r\n\t\t\t\t\r\n\t\t\t<\/div>\r\n\t\t\t\r\n\t\t\t<\/div><\/div><\/div><div id=\" \"class=\"exposant_item_popin\" data-id=\"9062\">\r\n\t\t\t\t\t<div class=\"exposant_item_popin_content box_shadow\">\r\n\r\n\t\t\t\t\t<div class=\"close\" data-id=\"9062\"><\/div>\r\n\t\t\t\t\t<div class=\"exposant_item_popin_scrolled_content\">\t\t\t\t\t\r\n\t\t\t\t<div class=\"flexpopupligne1\">\r\n\t\t\t\t\t<div class=\"popin_exposant_logo\"><img class=\"photo\" src=\"https:\/\/exposant.gl-events.com\/uploads\/company_booths\/logos\/78be6bd31b31239173951c8192f6a0bb.png\"><\/div>\r\n\t\t\t\t\t<div class=\"\"><p class=\"arx_titlte_exposantpopup\">ADP FINANCEMENTS<\/p><p class=\"arx_popup_site\"><a href=\"http:\/\/www.accord-de-pret.fr\/\" target=\"_blank\">www.accord-de-pret.fr\/<\/a><\/p><p class=\"arx_stand_exposant_popup\">B24<\/p><\/div><div class=\"nomenclature\" style=\"font-family: AzoSansbold !important;  line-height: 38px !important;     color: #002350 !important;\"><span>#je pr\u00e9pare mon projet immobilier<\/span><\/div>\r\n\t\t\t<\/div>\r\n\t\t\t\t<div class=\"popin_exposant_adresse\" style=\"margin-top:25px\"><p class=\"arx_adresse_popup\"><img src=\"\/wp-content\/uploads\/2023\/01\/Vector-2.png\" style=\"margin-right:3px\"><strong>26 rue Pic de la Mirandole, 29000 - QUIMPER<\/strong><\/p><\/div>\r\n\t\t\t\t\r\n\t\t\t\t<div class=\"popin_exposant_content\"><p class=\"arx_expo_extrait\"><strong>Financements immobiliers\r\n\r\nAssurance de pr\u00eats \r\n\r\nRegroupement de cr\u00e9dits\r\n\r\nFinancement atypiques\/cr\u00e9dits de tr\u00e9sorerie\r\n\r\nFinancements professionnels\r\n<\/strong><\/p><\/div>\r\n\t\t\t<div class=\"popin_exposant_resaux\">\r\n\t\t\t\t<div class=\"reseaux\" style=\"    display: flex;   justify-content: flex-end;\"><a href=\"https:\/\/www.facebook.com\/adpfinancements\" target=\"_blank\"><img src=\"\/arx-custom-img\/exposant-fb.svg\"><\/a><a href=\"https:\/\/www.instagram.com\/adpfinancements\/\" target=\"_blank\"><img src=\"\/arx-custom-img\/exposant-insta.svg\"><\/a><\/div>\r\n\t\t\t\t\r\n\t\t\t<\/div>\r\n\t\t\t\r\n\t\t\t\r\n\t\t\t\t<div class=\"popin_exposant_produits\">\r\n\t\t\t\t\t<div class=\"titre_produits\" style=\"padding-bottom:40px !important\">PRODUITS<\/div>\r\n\t\t\t\t\r\n\t\t\t\t\t\r\n\t\t\t\t\t<div class=\"produit_item\">\r\n\t\t\t\t\t<div class=\"col1\">\r\n\t\t\t\t\t\t<div class=\"produit_img\"><a href=\"https:\/\/exposant.gl-events.com\/uploads\/products\/268f27c352471e5336a2fe840f5f5f0a.png\" class=\"et_pb_lightbox_image\"><img src=\"https:\/\/exposant.gl-events.com\/uploads\/products\/268f27c352471e5336a2fe840f5f5f0a.png\"><\/a><\/div>\r\n\t\t\t\t\t<\/div>\r\n\t\t\t\t\t<div class=\"col2\">\r\n\t\t\t\t\t\t<div class=\"produit_titre\"><strong>Financements immo\/pro\/perso<\/strong><\/div>\r\n\t\t\t\t\t\t<div class=\"produit_description\"><strong>Financements immobiliers<br><br><br><br>Assurance de pr\u00eats <br><br><br><br>Regroupement de cr\u00e9dits<br><br><br><br>Financement atypiques\/cr\u00e9dits de tr\u00e9sorerie<br><br><br><br>Financements professionnels<\/strong><\/div>\r\n\t\t\t\t\t\t<div class=\"produit_liens\"><div><a class=\"arxproduitlien\" href=\"https:\/\/www.accord-de-pret.fr\" target=\"_blank\">https:\/\/www.accord-de-pret.fr<\/a><\/div><\/div>\r\n\t\t\t\t\t<\/div>\r\n\t\t\t\t\t<\/div>\t\r\n\t\t\t\t<\/div><\/div><\/div><\/div><div id=\" \"class=\"exposant_item_popin\" data-id=\"10257\">\r\n\t\t\t\t\t<div class=\"exposant_item_popin_content box_shadow\">\r\n\r\n\t\t\t\t\t<div class=\"close\" data-id=\"10257\"><\/div>\r\n\t\t\t\t\t<div class=\"exposant_item_popin_scrolled_content\">\t\t\t\t\t\r\n\t\t\t\t<div class=\"flexpopupligne1\">\r\n\t\t\t\t\t<div class=\"popin_exposant_logo\"><img class=\"photo\" src=\"https:\/\/exposant.gl-events.com\/uploads\/company_booths\/logos\/11cb873f44f8c5c904753227b138d505.png\"><\/div>\r\n\t\t\t\t\t<div class=\"\"><p class=\"arx_titlte_exposantpopup\">AEGIS DECORATION<\/p><p class=\"arx_popup_site\"><a href=\"http:\/\/aegis-decoration.com\/\" target=\"_blank\">aegis-decoration.com\/<\/a><\/p><p class=\"arx_stand_exposant_popup\">C25<\/p><\/div><div class=\"nomenclature\" style=\"font-family: AzoSansbold !important;  line-height: 38px !important;     color: #002350 !important;\"><span>#j'am\u00e9nage, j'agence et je d\u00e9core ma maison<\/span><\/div>\r\n\t\t\t<\/div>\r\n\t\t\t\t<div class=\"popin_exposant_adresse\" style=\"margin-top:25px\"><p class=\"arx_adresse_popup\"><img src=\"\/wp-content\/uploads\/2023\/01\/Vector-2.png\" style=\"margin-right:3px\"><strong>203 bis Chemin de K\u00e9r\u00e9quellou, 29000 - QUIMPER<\/strong><\/p><\/div>\r\n\t\t\t\t\r\n\t\t\t\t<div class=\"popin_exposant_content\"><p class=\"arx_expo_extrait\"><strong>Implant\u00e9e \u00e0 Quimper depuis 2017, AEGIS DECORATION est une entreprise \u00e0 dimension humaine, sp\u00e9cialis\u00e9e dans :\r\n\r\n\u2713 Les travaux de peinture int\u00e9rieure\r\n\u2713 Le ravalement de fa\u00e7ades\r\n\u2713 La pose de rev\u00eatements muraux (papier peint, toile de verre, patent, enduits\u2026)\r\n\u2713 La pose de sols souples (PVC\/Vinyle, linol\u00e9um, moquette)\r\n\u2713 La pose de parquet, contrecoll\u00e9, stratifi\u00e9\r\n\u2713 Les finitions d\u00e9coratives (staff, moulures, corniches\u2026)\r\n\u2713 Le conseil en couleurs et rev\u00eatements (\u00e0 domicile ou au showroom)\r\n\r\nNous accompagnons particuliers, professionnels et collectivit\u00e9s dans leurs projets de r\u00e9novation, d\u2019embellissement et de construction.<\/strong><\/p><\/div>\r\n\t\t\t<div class=\"popin_exposant_resaux\">\r\n\t\t\t\t<div class=\"reseaux\" style=\"    display: flex;   justify-content: flex-end;\"><a href=\"https:\/\/www.facebook.com\/p\/Aegis-Decoration-Quimper-61574777771162\/\" target=\"_blank\"><img src=\"\/arx-custom-img\/exposant-fb.svg\"><\/a><a href=\"https:\/\/www.instagram.com\/aegisdecorationquimper\/\" target=\"_blank\"><img src=\"\/arx-custom-img\/exposant-insta.svg\"><\/a><\/div>\r\n\t\t\t\t\r\n\t\t\t<\/div>\r\n\t\t\t\r\n\t\t\t\r\n\t\t\t\t<div class=\"popin_exposant_produits\">\r\n\t\t\t\t\t<div class=\"titre_produits\" style=\"padding-bottom:40px !important\">PRODUITS<\/div>\r\n\t\t\t\t\r\n\t\t\t\t\t\r\n\t\t\t\t\t<div class=\"produit_item\">\r\n\t\t\t\t\t<div class=\"col1\">\r\n\t\t\t\t\t\t<div class=\"produit_img\"><a href=\"https:\/\/exposant.gl-events.com\/uploads\/products\/5903f06b25915fede162bbd9e35b63fd.jpg\" class=\"et_pb_lightbox_image\"><img src=\"https:\/\/exposant.gl-events.com\/uploads\/products\/5903f06b25915fede162bbd9e35b63fd.jpg\"><\/a><\/div>\r\n\t\t\t\t\t<\/div>\r\n\t\t\t\t\t<div class=\"col2\">\r\n\t\t\t\t\t\t<div class=\"produit_titre\"><strong>Peintures int\u00e9rieures<\/strong><\/div>\r\n\t\t\t\t\t\t<div class=\"produit_description\"><strong>Peintures int\u00e9rieures<br><br>Nous r\u00e9alisons tous vos travaux de peinture int\u00e9rieure, du neuf \u00e0 la r\u00e9novation : murs, plafonds, boiseries, menuiseries, avec des finitions soign\u00e9es et durables.<br><br>En amont, nous vous offrons un accompagnement personnalis\u00e9 dans le choix et l\u2019harmonisation de vos couleurs et finitions afin de cr\u00e9er une ambiance unique, qui vous ressemble !<\/strong><\/div>\r\n\t\t\t\t\t\t<div class=\"produit_liens\"><div><a class=\"arxproduitlien\" href=\"https:\/\/aegis-decoration.com\/prestations\/travaux-peinture-interieure\/\" target=\"_blank\">https:\/\/aegis-decoration.com\/prestations\/travaux-peinture-interieure\/<\/a><\/div><\/div>\r\n\t\t\t\t\t<\/div>\r\n\t\t\t\t\t<\/div>\r\n\t\t\t\t\t\r\n\t\t\t\t\t<div class=\"produit_item\">\r\n\t\t\t\t\t<div class=\"col1\">\r\n\t\t\t\t\t\t<div class=\"produit_img\"><a href=\"https:\/\/exposant.gl-events.com\/uploads\/products\/2984bbcadc12e1f4fa7ae12fee4108aa.jpg\" class=\"et_pb_lightbox_image\"><img src=\"https:\/\/exposant.gl-events.com\/uploads\/products\/2984bbcadc12e1f4fa7ae12fee4108aa.jpg\"><\/a><\/div>\r\n\t\t\t\t\t<\/div>\r\n\t\t\t\t\t<div class=\"col2\">\r\n\t\t\t\t\t\t<div class=\"produit_titre\"><strong>Ravalement de fa\u00e7ades<\/strong><\/div>\r\n\t\t\t\t\t\t<div class=\"produit_description\"><strong>Ravalement de fa\u00e7ades<br><br>Nous assurons le nettoyage, la r\u00e9paration et la finition de vos fa\u00e7ades, pour redonner \u00e0 votre b\u00e2timent tout son \u00e9clat et garantir sa protection contre les intemp\u00e9ries. Nos interventions respectent les exigences techniques, les normes en vigueur et l\u2019identit\u00e9 architecturale du b\u00e2ti.<\/strong><\/div>\r\n\t\t\t\t\t\t<div class=\"produit_liens\"><div><a class=\"arxproduitlien\" href=\"https:\/\/aegis-decoration.com\/prestations\/ravalement-de-facades\/\" target=\"_blank\">https:\/\/aegis-decoration.com\/prestations\/ravalement-de-facades\/<\/a><\/div><\/div>\r\n\t\t\t\t\t<\/div>\r\n\t\t\t\t\t<\/div>\r\n\t\t\t\t\t\r\n\t\t\t\t\t<div class=\"produit_item\">\r\n\t\t\t\t\t<div class=\"col1\">\r\n\t\t\t\t\t\t<div class=\"produit_img\"><a href=\"https:\/\/exposant.gl-events.com\/uploads\/products\/6ca8d15e3e4052eb6eae9605a4ca01d4.jpg\" class=\"et_pb_lightbox_image\"><img src=\"https:\/\/exposant.gl-events.com\/uploads\/products\/6ca8d15e3e4052eb6eae9605a4ca01d4.jpg\"><\/a><\/div>\r\n\t\t\t\t\t<\/div>\r\n\t\t\t\t\t<div class=\"col2\">\r\n\t\t\t\t\t\t<div class=\"produit_titre\"><strong>POSE DE REV\u00caTEMENTS MURAUX<\/strong><\/div>\r\n\t\t\t\t\t\t<div class=\"produit_description\"><strong>POSE DE REV\u00caTEMENTS MURAUX<br><br>Nous posons tous types de rev\u00eatements d\u00e9coratifs : papier peint, panoramique, toile de verre, patent, enduits sp\u00e9ciaux\u2026<br><br>Nous vous aidons \u00e0 choisir les solutions les mieux adapt\u00e9es \u00e0 chaque espace, en tenant compte des contraintes d\u2019usage, d\u2019entretien et de style.<\/strong><\/div>\r\n\t\t\t\t\t\t<div class=\"produit_liens\"><div><a class=\"arxproduitlien\" href=\"https:\/\/aegis-decoration.com\/prestations\/pose-de-revetements-muraux\/\" target=\"_blank\">https:\/\/aegis-decoration.com\/prestations\/pose-de-revetements-muraux\/<\/a><\/div><\/div>\r\n\t\t\t\t\t<\/div>\r\n\t\t\t\t\t<\/div>\r\n\t\t\t\t\t\r\n\t\t\t\t\t<div class=\"produit_item\">\r\n\t\t\t\t\t<div class=\"col1\">\r\n\t\t\t\t\t\t<div class=\"produit_img\"><a href=\"https:\/\/exposant.gl-events.com\/uploads\/products\/09023bc11f72686781d943624225799b.jpg\" class=\"et_pb_lightbox_image\"><img src=\"https:\/\/exposant.gl-events.com\/uploads\/products\/09023bc11f72686781d943624225799b.jpg\"><\/a><\/div>\r\n\t\t\t\t\t<\/div>\r\n\t\t\t\t\t<div class=\"col2\">\r\n\t\t\t\t\t\t<div class=\"produit_titre\"><strong>Rev\u00eatements de sols<\/strong><\/div>\r\n\t\t\t\t\t\t<div class=\"produit_description\"><strong>Rev\u00eatements de sols<br><br>Nous r\u00e9alisons la pose d\u2019une grande vari\u00e9t\u00e9 de rev\u00eatements de sol. Des sols souples : PVC\/Vinyle, linol\u00e9um, moquette\u2026 un choix incontournable pour des sols confortables, faciles d\u2019entretien et esth\u00e9tiques, adapt\u00e9s \u00e0 chaque usage (habitat, bureaux, \u00e9tablissements recevant du public\u2026). Du parquet massif : solution de choix pour un rendu authentique, noble et robuste. Du contrecoll\u00e9 : bon compromis entre authenticit\u00e9 et co\u00fbt. Du stratifi\u00e9 : solution plus abordable qui imite l\u2019aspect du bois.<br><br>Peut importe votre choix, nous assurons leur pose dans les r\u00e8gles de l\u2019art pour vous garantir un r\u00e9sultat esth\u00e9tique et durable !<\/strong><\/div>\r\n\t\t\t\t\t\t<div class=\"produit_liens\"><div><a class=\"arxproduitlien\" href=\"https:\/\/aegis-decoration.com\/prestations\/revetements-de-sol\/\" target=\"_blank\">https:\/\/aegis-decoration.com\/prestations\/revetements-de-sol\/<\/a><\/div><\/div>\r\n\t\t\t\t\t<\/div>\r\n\t\t\t\t\t<\/div>\r\n\t\t\t\t\t\r\n\t\t\t\t\t<div class=\"produit_item\">\r\n\t\t\t\t\t<div class=\"col1\">\r\n\t\t\t\t\t\t<div class=\"produit_img\"><a href=\"https:\/\/exposant.gl-events.com\/uploads\/products\/428cbe80d6da27ffc62190979115205d.jpg\" class=\"et_pb_lightbox_image\"><img src=\"https:\/\/exposant.gl-events.com\/uploads\/products\/428cbe80d6da27ffc62190979115205d.jpg\"><\/a><\/div>\r\n\t\t\t\t\t<\/div>\r\n\t\t\t\t\t<div class=\"col2\">\r\n\t\t\t\t\t\t<div class=\"produit_titre\"><strong>Finitions D\u00e9coratives<\/strong><\/div>\r\n\t\t\t\t\t\t<div class=\"produit_description\"><strong>Finitions D\u00e9coratives<br><br>Pour sublimer vos murs et plafonds avec \u00e9l\u00e9gance, nous assurons la pose de finitions d\u00e9coratives : staff, moulures, corniches, rosaces\u2026<br><br>Ces \u00e9l\u00e9ments d\u00e9coratifs sont id\u00e9aux pour apporter du cachet et valoriser un int\u00e9rieur classique ou contemporain.<\/strong><\/div>\r\n\t\t\t\t\t\t<div class=\"produit_liens\"><div><a class=\"arxproduitlien\" href=\"https:\/\/aegis-decoration.com\/prestations\/finitions-decoratives\/\" target=\"_blank\">https:\/\/aegis-decoration.com\/prestations\/finitions-decoratives\/<\/a><\/div><\/div>\r\n\t\t\t\t\t<\/div>\r\n\t\t\t\t\t<\/div>\r\n\t\t\t\t\t\r\n\t\t\t\t\t<div class=\"produit_item\">\r\n\t\t\t\t\t<div class=\"col1\">\r\n\t\t\t\t\t\t<div class=\"produit_img\"><a href=\"https:\/\/exposant.gl-events.com\/uploads\/products\/703e7974bcf0c0500adda52787cd0eb8.jpg\" class=\"et_pb_lightbox_image\"><img src=\"https:\/\/exposant.gl-events.com\/uploads\/products\/703e7974bcf0c0500adda52787cd0eb8.jpg\"><\/a><\/div>\r\n\t\t\t\t\t<\/div>\r\n\t\t\t\t\t<div class=\"col2\">\r\n\t\t\t\t\t\t<div class=\"produit_titre\"><strong>Conseils personnalis\u00e9s<\/strong><\/div>\r\n\t\t\t\t\t\t<div class=\"produit_description\"><strong>Conseils personnalis\u00e9s<br><br>Parce que chaque projet est unique, nous vous proposons un accompagnement personnalis\u00e9 \u00e0 domicile ou au showroom, pour vous guider dans vos choix de couleurs, de rev\u00eatements et de finitions d\u00e9coratives. Nous vous aidons \u00e0 cr\u00e9er des ambiances harmonieuses et \u00e0 votre image, pour vous assurer un r\u00e9sultat \u00e0 la hauteur de vos esp\u00e9rances.<\/strong><\/div>\r\n\t\t\t\t\t\t<div class=\"produit_liens\"><div><a class=\"arxproduitlien\" href=\"https:\/\/aegis-decoration.com\/prestations\/conseils-personnalises\/\" target=\"_blank\">https:\/\/aegis-decoration.com\/prestations\/conseils-personnalises\/<\/a><\/div><\/div>\r\n\t\t\t\t\t<\/div>\r\n\t\t\t\t\t<\/div>\t\r\n\t\t\t\t<\/div><\/div><\/div><\/div><div id=\" \"class=\"exposant_item_popin\" data-id=\"9037\">\r\n\t\t\t\t\t<div class=\"exposant_item_popin_content box_shadow\">\r\n\r\n\t\t\t\t\t<div class=\"close\" data-id=\"9037\"><\/div>\r\n\t\t\t\t\t<div class=\"exposant_item_popin_scrolled_content\">\t\t\t\t\t\r\n\t\t\t\t<div class=\"flexpopupligne1\">\r\n\t\t\t\t\t<div class=\"popin_exposant_logo\"><img class=\"photo\" src=\"https:\/\/exposant.gl-events.com\/uploads\/company_booths\/logos\/d6a63fea64d21b819ec3d2331980fbd5.jpg\"><\/div>\r\n\t\t\t\t\t<div class=\"\"><p class=\"arx_titlte_exposantpopup\">AGENCE M AU CARRE<\/p><p class=\"arx_popup_site\"><a href=\"http:\/\/www.agence-m-aucarre.com\" target=\"_blank\">www.agence-m-aucarre.com<\/a><\/p><p class=\"arx_stand_exposant_popup\">E01BIS<\/p><\/div><div class=\"nomenclature\" style=\"font-family: AzoSansbold !important;  line-height: 38px !important;     color: #002350 !important;\"><span>#j'am\u00e9nage, j'agence et je d\u00e9core ma maison<\/span><\/div>\r\n\t\t\t<\/div>\r\n\t\t\t\t<div class=\"popin_exposant_adresse\" style=\"margin-top:25px\"><p class=\"arx_adresse_popup\"><img src=\"\/wp-content\/uploads\/2023\/01\/Vector-2.png\" style=\"margin-right:3px\"><strong>30, Chemin des Justices, 29000 - QUIMPER<\/strong><\/p><\/div>\r\n\t\t\t\t\r\n\t\t\t\t<div class=\"popin_exposant_content\"><p class=\"arx_expo_extrait\"><strong>Architecture et design d'int\u00e9rieur\r\n\r\nProjet d'Agencement int\u00e9rieur\r\nDesign Mobilier &amp; Design Couleur\r\nR\u00e9novation &amp; Extension\r\nD\u00e9p\u00f4t des dossiers aupr\u00e8s des services urbanismes (Demande Pr\u00e9alable, Permis de Construire, Permis de D\u00e9molir)\r\nParticuliers &amp; Professionnels<\/strong><\/p><\/div>\r\n\t\t\t<div class=\"popin_exposant_resaux\">\r\n\t\t\t\t<div class=\"reseaux\" style=\"    display: flex;   justify-content: flex-end;\"><a href=\"https:\/\/www.facebook.com\/profile.php?id=100089043623417&locale=fr_FR\" target=\"_blank\"><img src=\"\/arx-custom-img\/exposant-fb.svg\"><\/a><a href=\"https:\/\/www.instagram.com\/agence.m.au.carre\/\" target=\"_blank\"><img src=\"\/arx-custom-img\/exposant-insta.svg\"><\/a><\/div>\r\n\t\t\t\t\r\n\t\t\t<\/div>\r\n\t\t\t\r\n\t\t\t<\/div><\/div><\/div><div id=\" \"class=\"exposant_item_popin\" data-id=\"10187\">\r\n\t\t\t\t\t<div class=\"exposant_item_popin_content box_shadow\">\r\n\r\n\t\t\t\t\t<div class=\"close\" data-id=\"10187\"><\/div>\r\n\t\t\t\t\t<div class=\"exposant_item_popin_scrolled_content\">\t\t\t\t\t\r\n\t\t\t\t<div class=\"flexpopupligne1\">\r\n\t\t\t\t\t<div class=\"popin_exposant_logo\"><img class=\"photo\" src=\"https:\/\/exposant.gl-events.com\/uploads\/company_booths\/logos\/1663a5e9ac60e991440e71773a82cbe4.jpg\"><\/div>\r\n\t\t\t\t\t<div class=\"\"><p class=\"arx_titlte_exposantpopup\">AGENCE M AU CARRE<\/p><p class=\"arx_popup_site\"><a href=\"http:\/\/www.agence-m-aucarre.com\" target=\"_blank\">www.agence-m-aucarre.com<\/a><\/p><p class=\"arx_stand_exposant_popup\">G01B<\/p><\/div><div class=\"nomenclature\" style=\"font-family: AzoSansbold !important;  line-height: 38px !important;     color: #002350 !important;\"><span>#j'am\u00e9nage, j'agence et je d\u00e9core ma maison<\/span><\/div>\r\n\t\t\t<\/div>\r\n\t\t\t\t<div class=\"popin_exposant_adresse\" style=\"margin-top:25px\"><p class=\"arx_adresse_popup\"><img src=\"\/wp-content\/uploads\/2023\/01\/Vector-2.png\" style=\"margin-right:3px\"><strong>30, Chemin des Justices, 29000 - QUIMPER<\/strong><\/p><\/div>\r\n\t\t\t\t\r\n\t\t\t\t<div class=\"popin_exposant_content\"><p class=\"arx_expo_extrait\"><strong>Architecture et design d'int\u00e9rieur\r\n\r\nInstall\u00e9e \u00e0 Quimper, l\u2019Agence M au carr\u00e9 vous accompagne dans tous vos projets d\u2018agencement int\u00e9rieur, de r\u00e9novation et d\u2019extension. Qu\u2019ils soient d\u2019ordre personnel ou professionnel. \r\n\r\nJe vous propose une \u00e9tude compl\u00e8te et personnalis\u00e9e, pens\u00e9e en fonction de vos envies, de vos besoins et de l\u2019histoire du lieu, afin de cr\u00e9er un espace qui vous ressemble vraiment.\r\n\r\nDe la premi\u00e8re esquisse au d\u00e9p\u00f4t du dossier aupr\u00e8s du service urbanisme, en passant par le choix des couleurs, des mat\u00e9riaux ou encore la conception de mobilier sur mesure, je suis \u00e0 vos c\u00f4t\u00e9s tout au long du projet.\r\n\r\nParce que vos projets s\u2019inspirent de votre parcours et de votre mani\u00e8re de vivre, ils sont toujours uniques.<\/strong><\/p><\/div>\r\n\t\t\t<div class=\"popin_exposant_resaux\">\r\n\t\t\t\t<div class=\"reseaux\" style=\"    display: flex;   justify-content: flex-end;\"><\/div>\r\n\t\t\t\t\r\n\t\t\t<\/div>\r\n\t\t\t\r\n\t\t\t\r\n\t\t\t\t<div class=\"popin_exposant_documents\">\r\n\t\t\t\t\t<div class=\"titre_produits\">DOCUMENTS<\/div>\r\n\t\t\t\t<div class=\"flexdocument\">\r\n\t\t\t\t\t<div class=\"document_item\">\r\n\t\t\t\t\t<div><img src=\"\/wp-content\/uploads\/2023\/01\/note-2.svg\"><\/div>\r\n\t\t\t\t\t<div><a href=\"https:\/\/exposant.gl-events.com\/uploads\/documents\/89e3ff2812327fec07fd1df3162aa68a.jpg\" target=\"_blank\">R\u00e9novation - Agencement<\/a><\/div>\t\t\t\t\t\r\n\t\t\t\t\t<\/div>\r\n\t\t\t\t\t<div class=\"document_item\">\r\n\t\t\t\t\t<div><img src=\"\/wp-content\/uploads\/2023\/01\/note-2.svg\"><\/div>\r\n\t\t\t\t\t<div><a href=\"https:\/\/exposant.gl-events.com\/uploads\/documents\/7a16b4bee8ee45e6cdf7f75495c8d91c.jpg\" target=\"_blank\">R\u00e9novation Extension<\/a><\/div>\t\t\t\t\t\r\n\t\t\t\t\t<\/div>\r\n\t\t\t\t\t<div class=\"document_item\">\r\n\t\t\t\t\t<div><img src=\"\/wp-content\/uploads\/2023\/01\/note-2.svg\"><\/div>\r\n\t\t\t\t\t<div><a href=\"https:\/\/exposant.gl-events.com\/uploads\/documents\/32ca97204cc74c7b6630aac9d8f1d63f.jpg\" target=\"_blank\">R\u00e9novation - Agencement<\/a><\/div>\t\t\t\t\t\r\n\t\t\t\t\t<\/div>\r\n\t\t\t\t\t<div class=\"document_item\">\r\n\t\t\t\t\t<div><img src=\"\/wp-content\/uploads\/2023\/01\/note-2.svg\"><\/div>\r\n\t\t\t\t\t<div><a href=\"https:\/\/exposant.gl-events.com\/uploads\/documents\/674bf61a1486205a34e055c2e34255eb.jpg\" target=\"_blank\">R\u00e9novation - Agencement<\/a><\/div>\t\t\t\t\t\r\n\t\t\t\t\t<\/div>\r\n\t\t\t\t\t<div class=\"document_item\">\r\n\t\t\t\t\t<div><img src=\"\/wp-content\/uploads\/2023\/01\/note-2.svg\"><\/div>\r\n\t\t\t\t\t<div><a href=\"https:\/\/exposant.gl-events.com\/uploads\/documents\/0f30a2af970e2859a6e2b7e226a14693.jpg\" target=\"_blank\">Mobilier<\/a><\/div>\t\t\t\t\t\r\n\t\t\t\t\t<\/div>\r\n\t\t\t\t\t<div class=\"document_item\">\r\n\t\t\t\t\t<div><img src=\"\/wp-content\/uploads\/2023\/01\/note-2.svg\"><\/div>\r\n\t\t\t\t\t<div><a href=\"https:\/\/exposant.gl-events.com\/uploads\/documents\/186094314d9a8397136d444c49a7558e.jpg\" target=\"_blank\">R\u00e9novation Extension<\/a><\/div>\t\t\t\t\t\r\n\t\t\t\t\t<\/div>\r\n\t\t\t\t\t<div class=\"document_item\">\r\n\t\t\t\t\t<div><img src=\"\/wp-content\/uploads\/2023\/01\/note-2.svg\"><\/div>\r\n\t\t\t\t\t<div><a href=\"https:\/\/exposant.gl-events.com\/uploads\/documents\/9822c4e397b38151e0de83bf1c8e8a64.jpg\" target=\"_blank\">R\u00e9novation Extension<\/a><\/div>\t\t\t\t\t\r\n\t\t\t\t\t<\/div>\t\r\n\t\t\t\t<\/div><\/div><\/div><\/div><\/div><div id=\" \"class=\"exposant_item_popin\" data-id=\"9035\">\r\n\t\t\t\t\t<div class=\"exposant_item_popin_content box_shadow\">\r\n\r\n\t\t\t\t\t<div class=\"close\" data-id=\"9035\"><\/div>\r\n\t\t\t\t\t<div class=\"exposant_item_popin_scrolled_content\">\t\t\t\t\t\r\n\t\t\t\t<div class=\"flexpopupligne1\">\r\n\t\t\t\t\t<div class=\"popin_exposant_logo\"><img class=\"photo\" src=\"\/arx-custom-img\/exposant-amenago-default.jpg\"><\/div>\r\n\t\t\t\t\t<div class=\"\"><p class=\"arx_titlte_exposantpopup\">AGRISUN<\/p><p class=\"arx_popup_site\"><a href=\"http:\/\/agrisun.fr\/\" target=\"_blank\">agrisun.fr\/<\/a><\/p><p class=\"arx_stand_exposant_popup\">A26<\/p><\/div><div class=\"nomenclature\" style=\"font-family: AzoSansbold !important;  line-height: 38px !important;     color: #002350 !important;\"><span>#j'am\u00e9nage mon jardin, ma terrasse, mon balcon<\/span><\/div>\r\n\t\t\t<\/div>\r\n\t\t\t\t<div class=\"popin_exposant_adresse\" style=\"margin-top:25px\"><p class=\"arx_adresse_popup\"><img src=\"\/wp-content\/uploads\/2023\/01\/Vector-2.png\" style=\"margin-right:3px\"><strong>1 RUE DES SOEURS, 67400 - ILLKIRCH GRAFFENSTADEN<\/strong><\/p><\/div>\r\n\t\t\t\t\r\n\t\t\t\t<div class=\"popin_exposant_content\"><p class=\"arx_expo_extrait\"><strong> <\/strong><\/p><\/div>\r\n\t\t\t<div class=\"popin_exposant_resaux\">\r\n\t\t\t\t<div class=\"reseaux\" style=\"    display: flex;   justify-content: flex-end;\"><\/div>\r\n\t\t\t\t\r\n\t\t\t<\/div>\r\n\t\t\t\r\n\t\t\t<\/div><\/div><\/div><div id=\" \"class=\"exposant_item_popin\" data-id=\"9099\">\r\n\t\t\t\t\t<div class=\"exposant_item_popin_content box_shadow\">\r\n\r\n\t\t\t\t\t<div class=\"close\" data-id=\"9099\"><\/div>\r\n\t\t\t\t\t<div class=\"exposant_item_popin_scrolled_content\">\t\t\t\t\t\r\n\t\t\t\t<div class=\"flexpopupligne1\">\r\n\t\t\t\t\t<div class=\"popin_exposant_logo\"><img class=\"photo\" src=\"\/arx-custom-img\/exposant-amenago-default.jpg\"><\/div>\r\n\t\t\t\t\t<div class=\"\"><p class=\"arx_titlte_exposantpopup\">AKABOIS<\/p><p class=\"arx_popup_site\"><a href=\"http:\/\/www.maisons-akabois.com\/maison-sur-plan-type-ekobois.php\" target=\"_blank\">www.maisons-akabois.com\/maison-sur-plan-type-ekobois.php<\/a><\/p><p class=\"arx_stand_exposant_popup\">E10<\/p><\/div><div class=\"nomenclature\" style=\"font-family: AzoSansbold !important;  line-height: 38px !important;     color: #002350 !important;\"><span>#je construis, je r\u00e9nove ma maison<\/span><\/div>\r\n\t\t\t<\/div>\r\n\t\t\t\t<div class=\"popin_exposant_adresse\" style=\"margin-top:25px\"><p class=\"arx_adresse_popup\"><img src=\"\/wp-content\/uploads\/2023\/01\/Vector-2.png\" style=\"margin-right:3px\"><strong>ZI DU VERN\r\n30 ZONE DE LESTREVIGNON\n., 29401 - LANDIVISIAU CEDEX<\/strong><\/p><\/div>\r\n\t\t\t\t\r\n\t\t\t\t<div class=\"popin_exposant_content\"><p class=\"arx_expo_extrait\"><strong>Constructeur de maisons bois<\/strong><\/p><\/div>\r\n\t\t\t<div class=\"popin_exposant_resaux\">\r\n\t\t\t\t<div class=\"reseaux\" style=\"    display: flex;   justify-content: flex-end;\"><\/div>\r\n\t\t\t\t\r\n\t\t\t<\/div>\r\n\t\t\t\r\n\t\t\t<\/div><\/div><\/div><div id=\" \"class=\"exposant_item_popin\" data-id=\"10228\">\r\n\t\t\t\t\t<div class=\"exposant_item_popin_content box_shadow\">\r\n\r\n\t\t\t\t\t<div class=\"close\" data-id=\"10228\"><\/div>\r\n\t\t\t\t\t<div class=\"exposant_item_popin_scrolled_content\">\t\t\t\t\t\r\n\t\t\t\t<div class=\"flexpopupligne1\">\r\n\t\t\t\t\t<div class=\"popin_exposant_logo\"><img class=\"photo\" src=\"\/arx-custom-img\/exposant-amenago-default.jpg\"><\/div>\r\n\t\t\t\t\t<div class=\"\"><p class=\"arx_titlte_exposantpopup\">AKABOIS<\/p><p class=\"arx_popup_site\"><a href=\"http:\/\/www.maisons-akabois.com\/maison-sur-plan-type-ekobois.php\" target=\"_blank\">www.maisons-akabois.com\/maison-sur-plan-type-ekobois.php<\/a><\/p><p class=\"arx_stand_exposant_popup\">E06<\/p><\/div><div class=\"nomenclature\" style=\"font-family: AzoSansbold !important;  line-height: 38px !important;     color: #002350 !important;\"><span>#je construis, je r\u00e9nove ma maison<\/span><\/div>\r\n\t\t\t<\/div>\r\n\t\t\t\t<div class=\"popin_exposant_adresse\" style=\"margin-top:25px\"><p class=\"arx_adresse_popup\"><img src=\"\/wp-content\/uploads\/2023\/01\/Vector-2.png\" style=\"margin-right:3px\"><strong>ZI DU VERN\r\n30 ZONE DE LESTREVIGNON\n., 29401 - LANDIVISIAU CEDEX<\/strong><\/p><\/div>\r\n\t\t\t\t\r\n\t\t\t\t<div class=\"popin_exposant_content\"><p class=\"arx_expo_extrait\"><strong>Constructeur de maisons bois<\/strong><\/p><\/div>\r\n\t\t\t<div class=\"popin_exposant_resaux\">\r\n\t\t\t\t<div class=\"reseaux\" style=\"    display: flex;   justify-content: flex-end;\"><\/div>\r\n\t\t\t\t\r\n\t\t\t<\/div>\r\n\t\t\t\r\n\t\t\t<\/div><\/div><\/div><div id=\" \"class=\"exposant_item_popin\" data-id=\"9072\">\r\n\t\t\t\t\t<div class=\"exposant_item_popin_content box_shadow\">\r\n\r\n\t\t\t\t\t<div class=\"close\" data-id=\"9072\"><\/div>\r\n\t\t\t\t\t<div class=\"exposant_item_popin_scrolled_content\">\t\t\t\t\t\r\n\t\t\t\t<div class=\"flexpopupligne1\">\r\n\t\t\t\t\t<div class=\"popin_exposant_logo\"><img class=\"photo\" src=\"\/arx-custom-img\/exposant-amenago-default.jpg\"><\/div>\r\n\t\t\t\t\t<div class=\"\"><p class=\"arx_titlte_exposantpopup\">ALLIANCES PISCINES SPAS ET PAYSAGES<\/p><p class=\"arx_popup_site\"><a href=\"http:\/\/www.alliancepiscines.com\/magasin-piscine\/elorn-piscines\" target=\"_blank\">www.alliancepiscines.com\/magasin-piscine\/elorn-piscines<\/a><\/p><p class=\"arx_stand_exposant_popup\">D11<\/p><\/div><div class=\"nomenclature\" style=\"font-family: AzoSansbold !important;  line-height: 38px !important;     color: #002350 !important;\"><span>#j'am\u00e9nage mon jardin, ma terrasse, mon balcon<\/span><\/div>\r\n\t\t\t<\/div>\r\n\t\t\t\t<div class=\"popin_exposant_adresse\" style=\"margin-top:25px\"><p class=\"arx_adresse_popup\"><img src=\"\/wp-content\/uploads\/2023\/01\/Vector-2.png\" style=\"margin-right:3px\"><strong>98 BOULEVARD DE L'EUROPE, 29200 - BREST<\/strong><\/p><\/div>\r\n\t\t\t\t\r\n\t\t\t\t<div class=\"popin_exposant_content\"><p class=\"arx_expo_extrait\"><strong>Piscines, spas et paysage<\/strong><\/p><\/div>\r\n\t\t\t<div class=\"popin_exposant_resaux\">\r\n\t\t\t\t<div class=\"reseaux\" style=\"    display: flex;   justify-content: flex-end;\"><\/div>\r\n\t\t\t\t\r\n\t\t\t<\/div>\r\n\t\t\t\r\n\t\t\t<\/div><\/div><\/div><div id=\" \"class=\"exposant_item_popin\" data-id=\"9073\">\r\n\t\t\t\t\t<div class=\"exposant_item_popin_content box_shadow\">\r\n\r\n\t\t\t\t\t<div class=\"close\" data-id=\"9073\"><\/div>\r\n\t\t\t\t\t<div class=\"exposant_item_popin_scrolled_content\">\t\t\t\t\t\r\n\t\t\t\t<div class=\"flexpopupligne1\">\r\n\t\t\t\t\t<div class=\"popin_exposant_logo\"><img class=\"photo\" src=\"\/arx-custom-img\/exposant-amenago-default.jpg\"><\/div>\r\n\t\t\t\t\t<div class=\"\"><p class=\"arx_titlte_exposantpopup\">ALLIANCES PISCINES SPAS ET PAYSAGES<\/p><p class=\"arx_popup_site\"><a href=\"http:\/\/www.alliancepiscines.com\/magasin-piscine\/elorn-piscines\" target=\"_blank\">www.alliancepiscines.com\/magasin-piscine\/elorn-piscines<\/a><\/p><p class=\"arx_stand_exposant_popup\">E23<\/p><\/div><div class=\"nomenclature\" style=\"font-family: AzoSansbold !important;  line-height: 38px !important;     color: #002350 !important;\"><span>#j'am\u00e9nage mon jardin, ma terrasse, mon balcon<\/span><\/div>\r\n\t\t\t<\/div>\r\n\t\t\t\t<div class=\"popin_exposant_adresse\" style=\"margin-top:25px\"><p class=\"arx_adresse_popup\"><img src=\"\/wp-content\/uploads\/2023\/01\/Vector-2.png\" style=\"margin-right:3px\"><strong>98 BOULEVARD DE L'EUROPE, 29200 - BREST<\/strong><\/p><\/div>\r\n\t\t\t\t\r\n\t\t\t\t<div class=\"popin_exposant_content\"><p class=\"arx_expo_extrait\"><strong>Pisicnes, spas et paysage<\/strong><\/p><\/div>\r\n\t\t\t<div class=\"popin_exposant_resaux\">\r\n\t\t\t\t<div class=\"reseaux\" style=\"    display: flex;   justify-content: flex-end;\"><\/div>\r\n\t\t\t\t\r\n\t\t\t<\/div>\r\n\t\t\t\r\n\t\t\t<\/div><\/div><\/div><div id=\" \"class=\"exposant_item_popin\" data-id=\"9070\">\r\n\t\t\t\t\t<div class=\"exposant_item_popin_content box_shadow\">\r\n\r\n\t\t\t\t\t<div class=\"close\" data-id=\"9070\"><\/div>\r\n\t\t\t\t\t<div class=\"exposant_item_popin_scrolled_content\">\t\t\t\t\t\r\n\t\t\t\t<div class=\"flexpopupligne1\">\r\n\t\t\t\t\t<div class=\"popin_exposant_logo\"><img class=\"photo\" src=\"\/arx-custom-img\/exposant-amenago-default.jpg\"><\/div>\r\n\t\t\t\t\t<div class=\"\"><p class=\"arx_titlte_exposantpopup\">ALTERNATIVE NRJ<\/p><p class=\"arx_popup_site\"><a href=\"http:\/\/www.alternative-nrj.fr\/\" target=\"_blank\">www.alternative-nrj.fr\/<\/a><\/p><p class=\"arx_stand_exposant_popup\">D41<\/p><\/div><div class=\"nomenclature\" style=\"font-family: AzoSansbold !important;  line-height: 38px !important;     color: #002350 !important;\"><span>#j'optimise les performances, je s\u00e9curise mon logement<\/span><\/div>\r\n\t\t\t<\/div>\r\n\t\t\t\t<div class=\"popin_exposant_adresse\" style=\"margin-top:25px\"><p class=\"arx_adresse_popup\"><img src=\"\/wp-content\/uploads\/2023\/01\/Vector-2.png\" style=\"margin-right:3px\"><strong>8 ZI DES PAYS BAS N\u00b02, 29510 - BRIEC<\/strong><\/p><\/div>\r\n\t\t\t\t\r\n\t\t\t\t<div class=\"popin_exposant_content\"><p class=\"arx_expo_extrait\"><strong>Votre expert confort et performance \u00e9nerg\u00e9tique : photovolta\u00efque, pompe \u00e0 chaleur, po\u00eales, inserts et isolation<\/strong><\/p><\/div>\r\n\t\t\t<div class=\"popin_exposant_resaux\">\r\n\t\t\t\t<div class=\"reseaux\" style=\"    display: flex;   justify-content: flex-end;\"><\/div>\r\n\t\t\t\t\r\n\t\t\t<\/div>\r\n\t\t\t\r\n\t\t\t<\/div><\/div><\/div><div id=\" \"class=\"exposant_item_popin\" data-id=\"10242\">\r\n\t\t\t\t\t<div class=\"exposant_item_popin_content box_shadow\">\r\n\r\n\t\t\t\t\t<div class=\"close\" data-id=\"10242\"><\/div>\r\n\t\t\t\t\t<div class=\"exposant_item_popin_scrolled_content\">\t\t\t\t\t\r\n\t\t\t\t<div class=\"flexpopupligne1\">\r\n\t\t\t\t\t<div class=\"popin_exposant_logo\"><img class=\"photo\" src=\"\/arx-custom-img\/exposant-amenago-default.jpg\"><\/div>\r\n\t\t\t\t\t<div class=\"\"><p class=\"arx_titlte_exposantpopup\">AMY SAV<\/p><p class=\"arx_popup_site\"><a href=\"http:\/\/www.amy-sav.com\" target=\"_blank\">www.amy-sav.com<\/a><\/p><p class=\"arx_stand_exposant_popup\">B05<\/p><\/div><div class=\"nomenclature\" style=\"font-family: AzoSansbold !important;  line-height: 38px !important;     color: #002350 !important;\"><span>#j'optimise les performances, je s\u00e9curise mon logement<\/span><\/div>\r\n\t\t\t<\/div>\r\n\t\t\t\t<div class=\"popin_exposant_adresse\" style=\"margin-top:25px\"><p class=\"arx_adresse_popup\"><img src=\"\/wp-content\/uploads\/2023\/01\/Vector-2.png\" style=\"margin-right:3px\"><strong>55 RUE JOSEPH LE BRIX, 29260 - PLOUDANIEL<\/strong><\/p><\/div>\r\n\t\t\t\t\r\n\t\t\t\t<div class=\"popin_exposant_content\"><p class=\"arx_expo_extrait\"><strong>D\u00e9pannage fermetures et modernisation volets roulants.<\/strong><\/p><\/div>\r\n\t\t\t<div class=\"popin_exposant_resaux\">\r\n\t\t\t\t<div class=\"reseaux\" style=\"    display: flex;   justify-content: flex-end;\"><\/div>\r\n\t\t\t\t\r\n\t\t\t<\/div>\r\n\t\t\t\r\n\t\t\t<\/div><\/div><\/div><div id=\" \"class=\"exposant_item_popin\" data-id=\"9010\">\r\n\t\t\t\t\t<div class=\"exposant_item_popin_content box_shadow\">\r\n\r\n\t\t\t\t\t<div class=\"close\" data-id=\"9010\"><\/div>\r\n\t\t\t\t\t<div class=\"exposant_item_popin_scrolled_content\">\t\t\t\t\t\r\n\t\t\t\t<div class=\"flexpopupligne1\">\r\n\t\t\t\t\t<div class=\"popin_exposant_logo\"><img class=\"photo\" src=\"\/arx-custom-img\/exposant-amenago-default.jpg\"><\/div>\r\n\t\t\t\t\t<div class=\"\"><p class=\"arx_titlte_exposantpopup\">AMY SAV<\/p><p class=\"arx_popup_site\"><a href=\"http:\/\/www.amy-sav.com\" target=\"_blank\">www.amy-sav.com<\/a><\/p><p class=\"arx_stand_exposant_popup\">B05<\/p><\/div><div class=\"nomenclature\" style=\"font-family: AzoSansbold !important;  line-height: 38px !important;     color: #002350 !important;\"><span>#j'optimise les performances, je s\u00e9curise mon logement<\/span><\/div>\r\n\t\t\t<\/div>\r\n\t\t\t\t<div class=\"popin_exposant_adresse\" style=\"margin-top:25px\"><p class=\"arx_adresse_popup\"><img src=\"\/wp-content\/uploads\/2023\/01\/Vector-2.png\" style=\"margin-right:3px\"><strong>55 RUE JOSEPH LE BRIX, 29260 - PLOUDANIEL<\/strong><\/p><\/div>\r\n\t\t\t\t\r\n\t\t\t\t<div class=\"popin_exposant_content\"><p class=\"arx_expo_extrait\"><strong>D\u00e9pannage fermetures et modernisation volets roulants.<\/strong><\/p><\/div>\r\n\t\t\t<div class=\"popin_exposant_resaux\">\r\n\t\t\t\t<div class=\"reseaux\" style=\"    display: flex;   justify-content: flex-end;\"><\/div>\r\n\t\t\t\t\r\n\t\t\t<\/div>\r\n\t\t\t\r\n\t\t\t<\/div><\/div><\/div><div id=\" \"class=\"exposant_item_popin\" data-id=\"10241\">\r\n\t\t\t\t\t<div class=\"exposant_item_popin_content box_shadow\">\r\n\r\n\t\t\t\t\t<div class=\"close\" data-id=\"10241\"><\/div>\r\n\t\t\t\t\t<div class=\"exposant_item_popin_scrolled_content\">\t\t\t\t\t\r\n\t\t\t\t<div class=\"flexpopupligne1\">\r\n\t\t\t\t\t<div class=\"popin_exposant_logo\"><img class=\"photo\" src=\"\/arx-custom-img\/exposant-amenago-default.jpg\"><\/div>\r\n\t\t\t\t\t<div class=\"\"><p class=\"arx_titlte_exposantpopup\">AQUACLIM SERVICE<\/p><p class=\"arx_popup_site\"><a href=\"http:\/\/aquaclimservice.fr\/\" target=\"_blank\">aquaclimservice.fr\/<\/a><\/p><p class=\"arx_stand_exposant_popup\">D33<\/p><\/div><div class=\"nomenclature\" style=\"font-family: AzoSansbold !important;  line-height: 38px !important;     color: #002350 !important;\"><span>#j'optimise les performances, je s\u00e9curise mon logement<\/span><\/div>\r\n\t\t\t<\/div>\r\n\t\t\t\t<div class=\"popin_exposant_adresse\" style=\"margin-top:25px\"><p class=\"arx_adresse_popup\"><img src=\"\/wp-content\/uploads\/2023\/01\/Vector-2.png\" style=\"margin-right:3px\"><strong>ZAC DE KERYADO\n8 RUE ROBERT CAIGNAN, 56100 - LORIENT<\/strong><\/p><\/div>\r\n\t\t\t\t\r\n\t\t\t\t<div class=\"popin_exposant_content\"><p class=\"arx_expo_extrait\"><strong>Pompe \u00e0 chaleur, chaudi\u00e8re, climatisation, photovolta\u00efque<\/strong><\/p><\/div>\r\n\t\t\t<div class=\"popin_exposant_resaux\">\r\n\t\t\t\t<div class=\"reseaux\" style=\"    display: flex;   justify-content: flex-end;\"><\/div>\r\n\t\t\t\t\r\n\t\t\t<\/div>\r\n\t\t\t\r\n\t\t\t<\/div><\/div><\/div><div id=\" \"class=\"exposant_item_popin\" data-id=\"9027\">\r\n\t\t\t\t\t<div class=\"exposant_item_popin_content box_shadow\">\r\n\r\n\t\t\t\t\t<div class=\"close\" data-id=\"9027\"><\/div>\r\n\t\t\t\t\t<div class=\"exposant_item_popin_scrolled_content\">\t\t\t\t\t\r\n\t\t\t\t<div class=\"flexpopupligne1\">\r\n\t\t\t\t\t<div class=\"popin_exposant_logo\"><img class=\"photo\" src=\"\/arx-custom-img\/exposant-amenago-default.jpg\"><\/div>\r\n\t\t\t\t\t<div class=\"\"><p class=\"arx_titlte_exposantpopup\">AQUACLIM SERVICE<\/p><p class=\"arx_popup_site\"><a href=\"http:\/\/aquaclimservice.fr\/\" target=\"_blank\">aquaclimservice.fr\/<\/a><\/p><p class=\"arx_stand_exposant_popup\">D33<\/p><\/div><div class=\"nomenclature\" style=\"font-family: AzoSansbold !important;  line-height: 38px !important;     color: #002350 !important;\"><span>#j'optimise les performances, je s\u00e9curise mon logement<\/span><\/div>\r\n\t\t\t<\/div>\r\n\t\t\t\t<div class=\"popin_exposant_adresse\" style=\"margin-top:25px\"><p class=\"arx_adresse_popup\"><img src=\"\/wp-content\/uploads\/2023\/01\/Vector-2.png\" style=\"margin-right:3px\"><strong>ZAC DE KERYADO\n8 RUE ROBERT CAIGNAN, 56100 - LORIENT<\/strong><\/p><\/div>\r\n\t\t\t\t\r\n\t\t\t\t<div class=\"popin_exposant_content\"><p class=\"arx_expo_extrait\"><strong>Pompe \u00e0 chaleur, chaudi\u00e8re, climatisation, photovolta\u00efque<\/strong><\/p><\/div>\r\n\t\t\t<div class=\"popin_exposant_resaux\">\r\n\t\t\t\t<div class=\"reseaux\" style=\"    display: flex;   justify-content: flex-end;\"><\/div>\r\n\t\t\t\t\r\n\t\t\t<\/div>\r\n\t\t\t\r\n\t\t\t<\/div><\/div><\/div><div id=\" \"class=\"exposant_item_popin\" data-id=\"9003\">\r\n\t\t\t\t\t<div class=\"exposant_item_popin_content box_shadow\">\r\n\r\n\t\t\t\t\t<div class=\"close\" data-id=\"9003\"><\/div>\r\n\t\t\t\t\t<div class=\"exposant_item_popin_scrolled_content\">\t\t\t\t\t\r\n\t\t\t\t<div class=\"flexpopupligne1\">\r\n\t\t\t\t\t<div class=\"popin_exposant_logo\"><img class=\"photo\" src=\"\/arx-custom-img\/exposant-amenago-default.jpg\"><\/div>\r\n\t\t\t\t\t<div class=\"\"><p class=\"arx_titlte_exposantpopup\">AQUASELF<\/p><p class=\"arx_popup_site\"><a href=\"http:\/\/www.aquaself.fr\/\" target=\"_blank\">www.aquaself.fr\/<\/a><\/p><p class=\"arx_stand_exposant_popup\">A19<\/p><\/div><div class=\"nomenclature\" style=\"font-family: AzoSansbold !important;  line-height: 38px !important;     color: #002350 !important;\"><span>#j'optimise les performances, je s\u00e9curise mon logement<\/span><\/div>\r\n\t\t\t<\/div>\r\n\t\t\t\t<div class=\"popin_exposant_adresse\" style=\"margin-top:25px\"><p class=\"arx_adresse_popup\"><img src=\"\/wp-content\/uploads\/2023\/01\/Vector-2.png\" style=\"margin-right:3px\"><strong>360 RUE ALBERT SCHUMAN\n360 RUE ROBERT SCHUMAN, 29490 - GUIPAVAS<\/strong><\/p><\/div>\r\n\t\t\t\t\r\n\t\t\t\t<div class=\"popin_exposant_content\"><p class=\"arx_expo_extrait\"><strong>Traitement de l'eau, purificateur d'eau<\/strong><\/p><\/div>\r\n\t\t\t<div class=\"popin_exposant_resaux\">\r\n\t\t\t\t<div class=\"reseaux\" style=\"    display: flex;   justify-content: flex-end;\"><\/div>\r\n\t\t\t\t\r\n\t\t\t<\/div>\r\n\t\t\t\r\n\t\t\t<\/div><\/div><\/div><div id=\" \"class=\"exposant_item_popin\" data-id=\"10235\">\r\n\t\t\t\t\t<div class=\"exposant_item_popin_content box_shadow\">\r\n\r\n\t\t\t\t\t<div class=\"close\" data-id=\"10235\"><\/div>\r\n\t\t\t\t\t<div class=\"exposant_item_popin_scrolled_content\">\t\t\t\t\t\r\n\t\t\t\t<div class=\"flexpopupligne1\">\r\n\t\t\t\t\t<div class=\"popin_exposant_logo\"><img class=\"photo\" src=\"\/arx-custom-img\/exposant-amenago-default.jpg\"><\/div>\r\n\t\t\t\t\t<div class=\"\"><p class=\"arx_titlte_exposantpopup\">AQUASELF<\/p><p class=\"arx_popup_site\"><a href=\"http:\/\/www.aquaself.fr\/\" target=\"_blank\">www.aquaself.fr\/<\/a><\/p><p class=\"arx_stand_exposant_popup\">A19<\/p><\/div><div class=\"nomenclature\" style=\"font-family: AzoSansbold !important;  line-height: 38px !important;     color: #002350 !important;\"><span>#j'optimise les performances, je s\u00e9curise mon logement<\/span><\/div>\r\n\t\t\t<\/div>\r\n\t\t\t\t<div class=\"popin_exposant_adresse\" style=\"margin-top:25px\"><p class=\"arx_adresse_popup\"><img src=\"\/wp-content\/uploads\/2023\/01\/Vector-2.png\" style=\"margin-right:3px\"><strong>360 RUE ALBERT SCHUMAN\n360 RUE ROBERT SCHUMAN, 29490 - GUIPAVAS<\/strong><\/p><\/div>\r\n\t\t\t\t\r\n\t\t\t\t<div class=\"popin_exposant_content\"><p class=\"arx_expo_extrait\"><strong>Traitement de l'eau, purificateur d'eau<\/strong><\/p><\/div>\r\n\t\t\t<div class=\"popin_exposant_resaux\">\r\n\t\t\t\t<div class=\"reseaux\" style=\"    display: flex;   justify-content: flex-end;\"><\/div>\r\n\t\t\t\t\r\n\t\t\t<\/div>\r\n\t\t\t\r\n\t\t\t<\/div><\/div><\/div><div id=\" \"class=\"exposant_item_popin\" data-id=\"9092\">\r\n\t\t\t\t\t<div class=\"exposant_item_popin_content box_shadow\">\r\n\r\n\t\t\t\t\t<div class=\"close\" data-id=\"9092\"><\/div>\r\n\t\t\t\t\t<div class=\"exposant_item_popin_scrolled_content\">\t\t\t\t\t\r\n\t\t\t\t<div class=\"flexpopupligne1\">\r\n\t\t\t\t\t<div class=\"popin_exposant_logo\"><img class=\"photo\" src=\"\/arx-custom-img\/exposant-amenago-default.jpg\"><\/div>\r\n\t\t\t\t\t<div class=\"\"><p class=\"arx_titlte_exposantpopup\">AQUILAE<\/p><p class=\"arx_popup_site\"><a href=\"http:\/\/www.tourisme-fouesnant.fr\/commerce-service\/aquilae\/\" target=\"_blank\">www.tourisme-fouesnant.fr\/commerce-service\/aquilae\/<\/a><\/p><p class=\"arx_stand_exposant_popup\">F05<\/p><\/div><div class=\"nomenclature\" style=\"font-family: AzoSansbold !important;  line-height: 38px !important;     color: #002350 !important;\"><span>#j'am\u00e9nage, j'agence et je d\u00e9core ma maison<\/span><\/div>\r\n\t\t\t<\/div>\r\n\t\t\t\t<div class=\"popin_exposant_adresse\" style=\"margin-top:25px\"><p class=\"arx_adresse_popup\"><img src=\"\/wp-content\/uploads\/2023\/01\/Vector-2.png\" style=\"margin-right:3px\"><strong>3 B Espace Ker Vihan, 29170 - FOUESNANT<\/strong><\/p><\/div>\r\n\t\t\t\t\r\n\t\t\t\t<div class=\"popin_exposant_content\"><p class=\"arx_expo_extrait\"><strong>Linge de maison,  produits de d\u00e9coration et cosm\u00e9tiques, bougies naturelles, eau de parfum...<\/strong><\/p><\/div>\r\n\t\t\t<div class=\"popin_exposant_resaux\">\r\n\t\t\t\t<div class=\"reseaux\" style=\"    display: flex;   justify-content: flex-end;\"><\/div>\r\n\t\t\t\t\r\n\t\t\t<\/div>\r\n\t\t\t\r\n\t\t\t<\/div><\/div><\/div><div id=\" \"class=\"exposant_item_popin\" data-id=\"9002\">\r\n\t\t\t\t\t<div class=\"exposant_item_popin_content box_shadow\">\r\n\r\n\t\t\t\t\t<div class=\"close\" data-id=\"9002\"><\/div>\r\n\t\t\t\t\t<div class=\"exposant_item_popin_scrolled_content\">\t\t\t\t\t\r\n\t\t\t\t<div class=\"flexpopupligne1\">\r\n\t\t\t\t\t<div class=\"popin_exposant_logo\"><img class=\"photo\" src=\"https:\/\/exposant.gl-events.com\/uploads\/company_booths\/logos\/24c4a06eb988d502965517fd5c15f0eb.jpg\"><\/div>\r\n\t\t\t\t\t<div class=\"\"><p class=\"arx_titlte_exposantpopup\">AQUILUS CONCARNEAU<\/p><p class=\"arx_popup_site\"><a href=\"http:\/\/magasin.aquilus-piscines.com\/150-aquilus-piscines-et-spas-concarneau?utm_source=gmb\" target=\"_blank\">magasin.aquilus-piscines.com\/150-aquilus-piscines-et-spas-concarneau?utm_source=gmb<\/a><\/p><p class=\"arx_stand_exposant_popup\">D37<\/p><\/div><div class=\"nomenclature\" style=\"font-family: AzoSansbold !important;  line-height: 38px !important;     color: #002350 !important;\"><span>#j'am\u00e9nage mon jardin, ma terrasse, mon balcon<\/span><\/div>\r\n\t\t\t<\/div>\r\n\t\t\t\t<div class=\"popin_exposant_adresse\" style=\"margin-top:25px\"><p class=\"arx_adresse_popup\"><img src=\"\/wp-content\/uploads\/2023\/01\/Vector-2.png\" style=\"margin-right:3px\"><strong>3 RUE HENRI FABRE, 29900 - Concameau<\/strong><\/p><\/div>\r\n\t\t\t\t\r\n\t\t\t\t<div class=\"popin_exposant_content\"><p class=\"arx_expo_extrait\"><strong>Nous vous accompagnons dans tous vos projets bien \u00eatre\r\nConstruction ou r\u00e9novation de votre piscine\r\nCr\u00e9ation d'un espace d\u00e9tente avec un spa, sauna et\/ou hammam.\r\n<\/strong><\/p><\/div>\r\n\t\t\t<div class=\"popin_exposant_resaux\">\r\n\t\t\t\t<div class=\"reseaux\" style=\"    display: flex;   justify-content: flex-end;\"><\/div>\r\n\t\t\t\t\r\n\t\t\t<\/div>\r\n\t\t\t\r\n\t\t\t<\/div><\/div><\/div><div id=\" \"class=\"exposant_item_popin\" data-id=\"9008\">\r\n\t\t\t\t\t<div class=\"exposant_item_popin_content box_shadow\">\r\n\r\n\t\t\t\t\t<div class=\"close\" data-id=\"9008\"><\/div>\r\n\t\t\t\t\t<div class=\"exposant_item_popin_scrolled_content\">\t\t\t\t\t\r\n\t\t\t\t<div class=\"flexpopupligne1\">\r\n\t\t\t\t\t<div class=\"popin_exposant_logo\"><img class=\"photo\" src=\"\/arx-custom-img\/exposant-amenago-default.jpg\"><\/div>\r\n\t\t\t\t\t<div class=\"\"><p class=\"arx_titlte_exposantpopup\">AR BRADENN<\/p><p class=\"arx_popup_site\"><a href=\"http:\/\/www.ar-bradenn.bzh\/\" target=\"_blank\">www.ar-bradenn.bzh\/<\/a><\/p><p class=\"arx_stand_exposant_popup\">D31<\/p><\/div><div class=\"nomenclature\" style=\"font-family: AzoSansbold !important;  line-height: 38px !important;     color: #002350 !important;\"><span>#j'am\u00e9nage mon jardin, ma terrasse, mon balcon<\/span><\/div>\r\n\t\t\t<\/div>\r\n\t\t\t\t<div class=\"popin_exposant_adresse\" style=\"margin-top:25px\"><p class=\"arx_adresse_popup\"><img src=\"\/wp-content\/uploads\/2023\/01\/Vector-2.png\" style=\"margin-right:3px\"><strong>46 RUE DU BOURG, 29830 - SAINT-PABU<\/strong><\/p><\/div>\r\n\t\t\t\t\r\n\t\t\t\t<div class=\"popin_exposant_content\"><p class=\"arx_expo_extrait\"><strong>Piscines naturelles, gestion des eaux pluviales, assainissement non-collectif <\/strong><\/p><\/div>\r\n\t\t\t<div class=\"popin_exposant_resaux\">\r\n\t\t\t\t<div class=\"reseaux\" style=\"    display: flex;   justify-content: flex-end;\"><\/div>\r\n\t\t\t\t\r\n\t\t\t<\/div>\r\n\t\t\t\r\n\t\t\t<\/div><\/div><\/div><div id=\" \"class=\"exposant_item_popin\" data-id=\"9067\">\r\n\t\t\t\t\t<div class=\"exposant_item_popin_content box_shadow\">\r\n\r\n\t\t\t\t\t<div class=\"close\" data-id=\"9067\"><\/div>\r\n\t\t\t\t\t<div class=\"exposant_item_popin_scrolled_content\">\t\t\t\t\t\r\n\t\t\t\t<div class=\"flexpopupligne1\">\r\n\t\t\t\t\t<div class=\"popin_exposant_logo\"><img class=\"photo\" src=\"\/arx-custom-img\/exposant-amenago-default.jpg\"><\/div>\r\n\t\t\t\t\t<div class=\"\"><p class=\"arx_titlte_exposantpopup\">ARCHI ET BOIS<\/p><p class=\"arx_popup_site\"><a href=\"http:\/\/www.archi-bois-construction.fr\/\" target=\"_blank\">www.archi-bois-construction.fr\/<\/a><\/p><p class=\"arx_stand_exposant_popup\">D01<\/p><\/div><div class=\"nomenclature\" style=\"font-family: AzoSansbold !important;  line-height: 38px !important;     color: #002350 !important;\"><span>#je construis, je r\u00e9nove ma maison<\/span><\/div>\r\n\t\t\t<\/div>\r\n\t\t\t\t<div class=\"popin_exposant_adresse\" style=\"margin-top:25px\"><p class=\"arx_adresse_popup\"><img src=\"\/wp-content\/uploads\/2023\/01\/Vector-2.png\" style=\"margin-right:3px\"><strong>LIEU-DIT SAOUDUA\nLIEU DIT SAOUDUA, 29170 - POULDREUZIC<\/strong><\/p><\/div>\r\n\t\t\t\t\r\n\t\t\t\t<div class=\"popin_exposant_content\"><p class=\"arx_expo_extrait\"><strong>Construction de maison et extension \u00e0 ossature bois, labellisation passive<\/strong><\/p><\/div>\r\n\t\t\t<div class=\"popin_exposant_resaux\">\r\n\t\t\t\t<div class=\"reseaux\" style=\"    display: flex;   justify-content: flex-end;\"><\/div>\r\n\t\t\t\t\r\n\t\t\t<\/div>\r\n\t\t\t\r\n\t\t\t<\/div><\/div><\/div><div id=\" \"class=\"exposant_item_popin\" data-id=\"10205\">\r\n\t\t\t\t\t<div class=\"exposant_item_popin_content box_shadow\">\r\n\r\n\t\t\t\t\t<div class=\"close\" data-id=\"10205\"><\/div>\r\n\t\t\t\t\t<div class=\"exposant_item_popin_scrolled_content\">\t\t\t\t\t\r\n\t\t\t\t<div class=\"flexpopupligne1\">\r\n\t\t\t\t\t<div class=\"popin_exposant_logo\"><img class=\"photo\" src=\"\/arx-custom-img\/exposant-amenago-default.jpg\"><\/div>\r\n\t\t\t\t\t<div class=\"\"><p class=\"arx_titlte_exposantpopup\">ARCHI ET BOIS<\/p><p class=\"arx_popup_site\"><a href=\"http:\/\/www.archi-bois-construction.fr\/\" target=\"_blank\">www.archi-bois-construction.fr\/<\/a><\/p><p class=\"arx_stand_exposant_popup\">D01<\/p><\/div><div class=\"nomenclature\" style=\"font-family: AzoSansbold !important;  line-height: 38px !important;     color: #002350 !important;\"><span>#je construis, je r\u00e9nove ma maison<\/span><\/div>\r\n\t\t\t<\/div>\r\n\t\t\t\t<div class=\"popin_exposant_adresse\" style=\"margin-top:25px\"><p class=\"arx_adresse_popup\"><img src=\"\/wp-content\/uploads\/2023\/01\/Vector-2.png\" style=\"margin-right:3px\"><strong>LIEU-DIT SAOUDUA\nLIEU DIT SAOUDUA, 29170 - POULDREUZIC<\/strong><\/p><\/div>\r\n\t\t\t\t\r\n\t\t\t\t<div class=\"popin_exposant_content\"><p class=\"arx_expo_extrait\"><strong>Construction de maison et extension \u00e0 ossature bois, labellisation passive<\/strong><\/p><\/div>\r\n\t\t\t<div class=\"popin_exposant_resaux\">\r\n\t\t\t\t<div class=\"reseaux\" style=\"    display: flex;   justify-content: flex-end;\"><\/div>\r\n\t\t\t\t\r\n\t\t\t<\/div>\r\n\t\t\t\r\n\t\t\t<\/div><\/div><\/div><div id=\" \"class=\"exposant_item_popin\" data-id=\"8988\">\r\n\t\t\t\t\t<div class=\"exposant_item_popin_content box_shadow\">\r\n\r\n\t\t\t\t\t<div class=\"close\" data-id=\"8988\"><\/div>\r\n\t\t\t\t\t<div class=\"exposant_item_popin_scrolled_content\">\t\t\t\t\t\r\n\t\t\t\t<div class=\"flexpopupligne1\">\r\n\t\t\t\t\t<div class=\"popin_exposant_logo\"><img class=\"photo\" src=\"\/arx-custom-img\/exposant-amenago-default.jpg\"><\/div>\r\n\t\t\t\t\t<div class=\"\"><p class=\"arx_titlte_exposantpopup\">ARMORY - MENUISERIES BRETONNES<\/p><p class=\"arx_popup_site\"><a href=\"http:\/\/www.2pl.bzh\/\" target=\"_blank\">www.2pl.bzh\/<\/a><\/p><p class=\"arx_stand_exposant_popup\">F26<\/p><\/div><div class=\"nomenclature\" style=\"font-family: AzoSansbold !important;  line-height: 38px !important;     color: #002350 !important;\"><span>#j'optimise les performances, je s\u00e9curise mon logement<\/span><\/div>\r\n\t\t\t<\/div>\r\n\t\t\t\t<div class=\"popin_exposant_adresse\" style=\"margin-top:25px\"><p class=\"arx_adresse_popup\"><img src=\"\/wp-content\/uploads\/2023\/01\/Vector-2.png\" style=\"margin-right:3px\"><strong>73 RUE DE BRETAGNE, 35133 - BEAUCE<\/strong><\/p><\/div>\r\n\t\t\t\t\r\n\t\t\t\t<div class=\"popin_exposant_content\"><p class=\"arx_expo_extrait\"><strong>Cr\u00e9ateur d\u2019Espaces et d\u2019Ouvertures : menuisier fabricant poseur depuis pr\u00e8s de 30 ans, ARMORY est sp\u00e9cialiste du sur-mesure et de la r\u00e9novation <\/strong><\/p><\/div>\r\n\t\t\t<div class=\"popin_exposant_resaux\">\r\n\t\t\t\t<div class=\"reseaux\" style=\"    display: flex;   justify-content: flex-end;\"><\/div>\r\n\t\t\t\t\r\n\t\t\t<\/div>\r\n\t\t\t\r\n\t\t\t<\/div><\/div><\/div><div id=\" \"class=\"exposant_item_popin\" data-id=\"10252\">\r\n\t\t\t\t\t<div class=\"exposant_item_popin_content box_shadow\">\r\n\r\n\t\t\t\t\t<div class=\"close\" data-id=\"10252\"><\/div>\r\n\t\t\t\t\t<div class=\"exposant_item_popin_scrolled_content\">\t\t\t\t\t\r\n\t\t\t\t<div class=\"flexpopupligne1\">\r\n\t\t\t\t\t<div class=\"popin_exposant_logo\"><img class=\"photo\" src=\"\/arx-custom-img\/exposant-amenago-default.jpg\"><\/div>\r\n\t\t\t\t\t<div class=\"\"><p class=\"arx_titlte_exposantpopup\">ARMORY MENUISERIES BRETONNES<\/p><p class=\"arx_popup_site\"><a href=\"http:\/\/armory.bzh\/\" target=\"_blank\">armory.bzh\/<\/a><\/p><p class=\"arx_stand_exposant_popup\">F12<\/p><\/div><div class=\"nomenclature\" style=\"font-family: AzoSansbold !important;  line-height: 38px !important;     color: #002350 !important;\"><span>#j'optimise les performances, je s\u00e9curise mon logement<\/span><\/div>\r\n\t\t\t<\/div>\r\n\t\t\t\t<div class=\"popin_exposant_adresse\" style=\"margin-top:25px\"><p class=\"arx_adresse_popup\"><img src=\"\/wp-content\/uploads\/2023\/01\/Vector-2.png\" style=\"margin-right:3px\"><strong>7 Rue de la Seine\nParc d'activit\u00e9s de Chateau Gaillard, 35470 - BAIN-DE-BRETAGNE<\/strong><\/p><\/div>\r\n\t\t\t\t\r\n\t\t\t\t<div class=\"popin_exposant_content\"><p class=\"arx_expo_extrait\"><strong>Fabricant et poseur de menuiseries PVC et Aluminium<\/strong><\/p><\/div>\r\n\t\t\t<div class=\"popin_exposant_resaux\">\r\n\t\t\t\t<div class=\"reseaux\" style=\"    display: flex;   justify-content: flex-end;\"><\/div>\r\n\t\t\t\t\r\n\t\t\t<\/div>\r\n\t\t\t\r\n\t\t\t<\/div><\/div><\/div><div id=\" \"class=\"exposant_item_popin\" data-id=\"8979\">\r\n\t\t\t\t\t<div class=\"exposant_item_popin_content box_shadow\">\r\n\r\n\t\t\t\t\t<div class=\"close\" data-id=\"8979\"><\/div>\r\n\t\t\t\t\t<div class=\"exposant_item_popin_scrolled_content\">\t\t\t\t\t\r\n\t\t\t\t<div class=\"flexpopupligne1\">\r\n\t\t\t\t\t<div class=\"popin_exposant_logo\"><img class=\"photo\" src=\"\/arx-custom-img\/exposant-amenago-default.jpg\"><\/div>\r\n\t\t\t\t\t<div class=\"\"><p class=\"arx_titlte_exposantpopup\">ARREE PUCES ET BROCANTE<\/p><p class=\"arx_popup_site\"><a href=\"http:\/\/arree-puces-et-brocante.fr\/\" target=\"_blank\">arree-puces-et-brocante.fr\/<\/a><\/p><p class=\"arx_stand_exposant_popup\">C46<\/p><\/div><div class=\"nomenclature\" style=\"font-family: AzoSansbold !important;  line-height: 38px !important;     color: #002350 !important;\"><span>#j'am\u00e9nage, j'agence et je d\u00e9core ma maison<\/span><\/div>\r\n\t\t\t<\/div>\r\n\t\t\t\t<div class=\"popin_exposant_adresse\" style=\"margin-top:25px\"><p class=\"arx_adresse_popup\"><img src=\"\/wp-content\/uploads\/2023\/01\/Vector-2.png\" style=\"margin-right:3px\"><strong>22 RUE DE LA GARE, 29190 - PLEYBEN<\/strong><\/p><\/div>\r\n\t\t\t\t\r\n\t\t\t\t<div class=\"popin_exposant_content\"><p class=\"arx_expo_extrait\"><strong>Brocante<\/strong><\/p><\/div>\r\n\t\t\t<div class=\"popin_exposant_resaux\">\r\n\t\t\t\t<div class=\"reseaux\" style=\"    display: flex;   justify-content: flex-end;\"><\/div>\r\n\t\t\t\t\r\n\t\t\t<\/div>\r\n\t\t\t\r\n\t\t\t<\/div><\/div><\/div><div id=\" \"class=\"exposant_item_popin\" data-id=\"9080\">\r\n\t\t\t\t\t<div class=\"exposant_item_popin_content box_shadow\">\r\n\r\n\t\t\t\t\t<div class=\"close\" data-id=\"9080\"><\/div>\r\n\t\t\t\t\t<div class=\"exposant_item_popin_scrolled_content\">\t\t\t\t\t\r\n\t\t\t\t<div class=\"flexpopupligne1\">\r\n\t\t\t\t\t<div class=\"popin_exposant_logo\"><img class=\"photo\" src=\"https:\/\/exposant.gl-events.com\/uploads\/company_booths\/logos\/0df770847e68cec4965383e8cc019867.jpg\"><\/div>\r\n\t\t\t\t\t<div class=\"\"><p class=\"arx_titlte_exposantpopup\">ATELIER ERNESTINE<\/p><p class=\"arx_popup_site\"><a href=\"http:\/\/atelier-ernestine.fr\/\" target=\"_blank\">atelier-ernestine.fr\/<\/a><\/p><p class=\"arx_stand_exposant_popup\">E02TER<\/p><\/div><div class=\"nomenclature\" style=\"font-family: AzoSansbold !important;  line-height: 38px !important;     color: #002350 !important;\"><span>#j'am\u00e9nage, j'agence et je d\u00e9core ma maison<\/span><\/div>\r\n\t\t\t<\/div>\r\n\t\t\t\t<div class=\"popin_exposant_adresse\" style=\"margin-top:25px\"><p class=\"arx_adresse_popup\"><img src=\"\/wp-content\/uploads\/2023\/01\/Vector-2.png\" style=\"margin-right:3px\"><strong>3 Rue VictorSCHOELCHER, 29900 - CONCARNEAU<\/strong><\/p><\/div>\r\n\t\t\t\t\r\n\t\t\t\t<div class=\"popin_exposant_content\"><p class=\"arx_expo_extrait\"><strong>R\u00e9novation de meubles anciens. Cr\u00e9ation d'\u00e9l\u00e9ments de d\u00e9coration artisanales et durables.<\/strong><\/p><\/div>\r\n\t\t\t<div class=\"popin_exposant_resaux\">\r\n\t\t\t\t<div class=\"reseaux\" style=\"    display: flex;   justify-content: flex-end;\"><a href=\"https:\/\/www.facebook.com\/Atelier.Ernestine\" target=\"_blank\"><img src=\"\/arx-custom-img\/exposant-fb.svg\"><\/a><a href=\"https:\/\/www.instagram.com\/atelier.ernestine\/\" target=\"_blank\"><img src=\"\/arx-custom-img\/exposant-insta.svg\"><\/a><a href=\"https:\/\/www.pinterest.fr\/SarahBRGT\/\" target=\"_blank\"><img src=\"\/arx-custom-img\/exposant-pinterest.svg\"><\/a><\/div>\r\n\t\t\t\t\r\n\t\t\t<\/div>\r\n\t\t\t\r\n\t\t\t<\/div><\/div><\/div><div id=\" \"class=\"exposant_item_popin\" data-id=\"9101\">\r\n\t\t\t\t\t<div class=\"exposant_item_popin_content box_shadow\">\r\n\r\n\t\t\t\t\t<div class=\"close\" data-id=\"9101\"><\/div>\r\n\t\t\t\t\t<div class=\"exposant_item_popin_scrolled_content\">\t\t\t\t\t\r\n\t\t\t\t<div class=\"flexpopupligne1\">\r\n\t\t\t\t\t<div class=\"popin_exposant_logo\"><img class=\"photo\" src=\"\/arx-custom-img\/exposant-amenago-default.jpg\"><\/div>\r\n\t\t\t\t\t<div class=\"\"><p class=\"arx_titlte_exposantpopup\">ATELIER LABEL LN<\/p><p class=\"arx_popup_site\"><a href=\"http:\/\/atelierlabelln.wixsite.com\/my-site\" target=\"_blank\">atelierlabelln.wixsite.com\/my-site<\/a><\/p><p class=\"arx_stand_exposant_popup\">E05<\/p><\/div><div class=\"nomenclature\" style=\"font-family: AzoSansbold !important;  line-height: 38px !important;     color: #002350 !important;\"><span>#j'am\u00e9nage, j'agence et je d\u00e9core ma maison<\/span><\/div>\r\n\t\t\t<\/div>\r\n\t\t\t\t<div class=\"popin_exposant_adresse\" style=\"margin-top:25px\"><p class=\"arx_adresse_popup\"><img src=\"\/wp-content\/uploads\/2023\/01\/Vector-2.png\" style=\"margin-right:3px\"><strong>LESPIGUET, 29560 - TELGRUC SUR MER<\/strong><\/p><\/div>\r\n\t\t\t\t\r\n\t\t\t\t<div class=\"popin_exposant_content\"><p class=\"arx_expo_extrait\"><strong>Mosa\u00efste<\/strong><\/p><\/div>\r\n\t\t\t<div class=\"popin_exposant_resaux\">\r\n\t\t\t\t<div class=\"reseaux\" style=\"    display: flex;   justify-content: flex-end;\"><\/div>\r\n\t\t\t\t\r\n\t\t\t<\/div>\r\n\t\t\t\r\n\t\t\t\r\n\t\t\t\t<div class=\"popin_exposant_produits\">\r\n\t\t\t\t\t<div class=\"titre_produits\" style=\"padding-bottom:40px !important\">PRODUITS<\/div>\r\n\t\t\t\t\r\n\t\t\t\t\t\r\n\t\t\t\t\t<div class=\"produit_item\">\r\n\t\t\t\t\t<div class=\"col1\">\r\n\t\t\t\t\t\t<div class=\"produit_img\"><a href=\"https:\/\/exposant.gl-events.com\/uploads\/products\/628f7491fe2cfb7f7e1cf69ac42f63d9.jpg\" class=\"et_pb_lightbox_image\"><img src=\"https:\/\/exposant.gl-events.com\/uploads\/products\/628f7491fe2cfb7f7e1cf69ac42f63d9.jpg\"><\/a><\/div>\r\n\t\t\t\t\t<\/div>\r\n\t\t\t\t\t<div class=\"col2\">\r\n\t\t\t\t\t\t<div class=\"produit_titre\"><strong>Mosaique<\/strong><\/div>\r\n\t\t\t\t\t\t<div class=\"produit_description\"><strong>Mosa\u00efques misent en \u0153uvre sur diff\u00e9rents supports pour un usage quotidien ou une belle d\u00e9coration.<\/strong><\/div>\r\n\t\t\t\t\t\t<div class=\"produit_liens\"><div><a class=\"arxproduitlien\" href=\"https:\/\/atelierlabelln.wixsite.com\/my-site\" target=\"_blank\">https:\/\/atelierlabelln.wixsite.com\/my-site<\/a><\/div><\/div>\r\n\t\t\t\t\t<\/div>\r\n\t\t\t\t\t<\/div>\t\r\n\t\t\t\t<\/div><\/div><\/div><\/div><div id=\" \"class=\"exposant_item_popin\" data-id=\"10269\">\r\n\t\t\t\t\t<div class=\"exposant_item_popin_content box_shadow\">\r\n\r\n\t\t\t\t\t<div class=\"close\" data-id=\"10269\"><\/div>\r\n\t\t\t\t\t<div class=\"exposant_item_popin_scrolled_content\">\t\t\t\t\t\r\n\t\t\t\t<div class=\"flexpopupligne1\">\r\n\t\t\t\t\t<div class=\"popin_exposant_logo\"><img class=\"photo\" src=\"https:\/\/exposant.gl-events.com\/uploads\/company_booths\/logos\/d3188d26bc8bad5f0d0fac6b67af8e75.jpg\"><\/div>\r\n\t\t\t\t\t<div class=\"\"><p class=\"arx_titlte_exposantpopup\">ATELIER TER<\/p><p class=\"arx_popup_site\"><a href=\"http:\/\/www.instagram.com\/atelierter29\/?hl=fr\" target=\"_blank\">www.instagram.com\/atelierter29\/?hl=fr<\/a><\/p><p class=\"arx_stand_exposant_popup\">F07<\/p><\/div><div class=\"nomenclature\" style=\"font-family: AzoSansbold !important;  line-height: 38px !important;     color: #002350 !important;\"><span>#j'am\u00e9nage, j'agence et je d\u00e9core ma maison<\/span><\/div>\r\n\t\t\t<\/div>\r\n\t\t\t\t<div class=\"popin_exposant_adresse\" style=\"margin-top:25px\"><p class=\"arx_adresse_popup\"><img src=\"\/wp-content\/uploads\/2023\/01\/Vector-2.png\" style=\"margin-right:3px\"><strong>27 RUE LOUIS PASTEUR, 29770 - AUDIERNE<\/strong><\/p><\/div>\r\n\t\t\t\t\r\n\t\t\t\t<div class=\"popin_exposant_content\"><p class=\"arx_expo_extrait\"><strong>AtelierTER, regroupe les productions de trois c\u00e9ramistes. Vous y trouverez des  pi\u00e8ces en gr\u00e8s tourn\u00e9es, model\u00e9es, \u00e0 la plaque ou aux colombins. Ces pi\u00e8ces privil\u00e9gient des formes tr\u00e8s simples et \u00e9pur\u00e9es afin de mettre en valeur la fonctionnalit\u00e9 de l'objet r\u00e9alis\u00e9es dans un soucis de sobri\u00e9t\u00e9 et de classicisme intemporel.\r\nDes pi\u00e8ces utilitaires en porcelaine d\u00e9cor\u00e9es ou teint\u00e9es dans la masse. Elles sont toutes \u00e9maill\u00e9es \u00e0 l\u2019int\u00e9rieur et laiss\u00e9es brutes (biscuit) \u00e0 l\u2019ext\u00e9rieur. Le graphisme, pop et tr\u00e8s \u00e9l\u00e9mentaire, sert la modernit\u00e9 des formes.\r\nDes luminaires en porcelaine r\u00e9alis\u00e9s  au prix d\u2019une patience infinie, perc\u00e9s de mille points des globes oblongs en porcelaine, laiss\u00e9s \u00e0 l\u2019\u00e9tat du biscuit blanc ou noir. Ces suspensions peuvent s\u2019associer en larges compositions totalement modulables et se pr\u00eatent \u00e0 tous les espaces (de la pi\u00e8ce de la maison au hall d\u2019h\u00f4tel, en passant par les vitrines de magasins).\r\nDes panneaux lumineux muraux, des brise-vues, claustras et moucharabiehs en porcelaine.\r\n<\/strong><\/p><\/div>\r\n\t\t\t<div class=\"popin_exposant_resaux\">\r\n\t\t\t\t<div class=\"reseaux\" style=\"    display: flex;   justify-content: flex-end;\"><\/div>\r\n\t\t\t\t\r\n\t\t\t<\/div>\r\n\t\t\t\r\n\t\t\t\r\n\t\t\t\t<div class=\"popin_exposant_produits\">\r\n\t\t\t\t\t<div class=\"titre_produits\" style=\"padding-bottom:40px !important\">PRODUITS<\/div>\r\n\t\t\t\t\r\n\t\t\t\t\t\r\n\t\t\t\t\t<div class=\"produit_item\">\r\n\t\t\t\t\t<div class=\"col1\">\r\n\t\t\t\t\t\t<div class=\"produit_img\"><a href=\"https:\/\/exposant.gl-events.com\/uploads\/products\/bc1f56192dacdae1be7fd63127acb38f.jpg\" class=\"et_pb_lightbox_image\"><img src=\"https:\/\/exposant.gl-events.com\/uploads\/products\/bc1f56192dacdae1be7fd63127acb38f.jpg\"><\/a><\/div>\r\n\t\t\t\t\t<\/div>\r\n\t\t\t\t\t<div class=\"col2\">\r\n\t\t\t\t\t\t<div class=\"produit_titre\"><strong>suspension en porcelaine<\/strong><\/div>\r\n\t\t\t\t\t\t<div class=\"produit_description\"><strong>Suspensions en porcelaine perfor\u00e9e blanche en deux tailles hauteur de 26 cm pour un diam\u00e8tre de 13 cm ou de 21 cm de haut pour 10 cm de diam\u00e8tre. Dans les petites tailles elles existent en porcelaine noire teint\u00e9e dans la masse en ext\u00e9rieur et int\u00e9rieur blanc<\/strong><\/div>\r\n\t\t\t\t\t\t<div class=\"produit_liens\"><\/div>\r\n\t\t\t\t\t<\/div>\r\n\t\t\t\t\t<\/div>\r\n\t\t\t\t\t\r\n\t\t\t\t\t<div class=\"produit_item\">\r\n\t\t\t\t\t<div class=\"col1\">\r\n\t\t\t\t\t\t<div class=\"produit_img\"><a href=\"https:\/\/exposant.gl-events.com\/uploads\/products\/6bf31b7a1a9e64bb2be6a3de64ea6c48.jpg\" class=\"et_pb_lightbox_image\"><img src=\"https:\/\/exposant.gl-events.com\/uploads\/products\/6bf31b7a1a9e64bb2be6a3de64ea6c48.jpg\"><\/a><\/div>\r\n\t\t\t\t\t<\/div>\r\n\t\t\t\t\t<div class=\"col2\">\r\n\t\t\t\t\t\t<div class=\"produit_titre\"><strong>vaisselle en porcelaien color\u00e9e<\/strong><\/div>\r\n\t\t\t\t\t\t<div class=\"produit_description\"><strong>Bouteilles, gobelets, assiettes, bols et pichets en porcelaine teint\u00e9e dans la masse<\/strong><\/div>\r\n\t\t\t\t\t\t<div class=\"produit_liens\"><\/div>\r\n\t\t\t\t\t<\/div>\r\n\t\t\t\t\t<\/div>\t\r\n\t\t\t\t<\/div><\/div><\/div><\/div><div id=\" \"class=\"exposant_item_popin\" data-id=\"9061\">\r\n\t\t\t\t\t<div class=\"exposant_item_popin_content box_shadow\">\r\n\r\n\t\t\t\t\t<div class=\"close\" data-id=\"9061\"><\/div>\r\n\t\t\t\t\t<div class=\"exposant_item_popin_scrolled_content\">\t\t\t\t\t\r\n\t\t\t\t<div class=\"flexpopupligne1\">\r\n\t\t\t\t\t<div class=\"popin_exposant_logo\"><img class=\"photo\" src=\"\/arx-custom-img\/exposant-amenago-default.jpg\"><\/div>\r\n\t\t\t\t\t<div class=\"\"><p class=\"arx_titlte_exposantpopup\">ATHERMA<\/p><p class=\"arx_popup_site\"><a href=\"http:\/\/www.atherma-radiateur.fr\" target=\"_blank\">www.atherma-radiateur.fr<\/a><\/p><p class=\"arx_stand_exposant_popup\">D12<\/p><\/div><div class=\"nomenclature\" style=\"font-family: AzoSansbold !important;  line-height: 38px !important;     color: #002350 !important;\"><span>#j'optimise les performances, je s\u00e9curise mon logement<\/span><\/div>\r\n\t\t\t<\/div>\r\n\t\t\t\t<div class=\"popin_exposant_adresse\" style=\"margin-top:25px\"><p class=\"arx_adresse_popup\"><img src=\"\/wp-content\/uploads\/2023\/01\/Vector-2.png\" style=\"margin-right:3px\"><strong>RUE DES TANNEURS\nZA DU LANDY\n., 56450 - THEIX<\/strong><\/p><\/div>\r\n\t\t\t\t\r\n\t\t\t\t<div class=\"popin_exposant_content\"><p class=\"arx_expo_extrait\"><strong>Radiateur \u00e9lectrique \u00e0 inertie par pierre naturelle<\/strong><\/p><\/div>\r\n\t\t\t<div class=\"popin_exposant_resaux\">\r\n\t\t\t\t<div class=\"reseaux\" style=\"    display: flex;   justify-content: flex-end;\"><\/div>\r\n\t\t\t\t\r\n\t\t\t<\/div>\r\n\t\t\t\r\n\t\t\t<\/div><\/div><\/div><div id=\" \"class=\"exposant_item_popin\" data-id=\"10237\">\r\n\t\t\t\t\t<div class=\"exposant_item_popin_content box_shadow\">\r\n\r\n\t\t\t\t\t<div class=\"close\" data-id=\"10237\"><\/div>\r\n\t\t\t\t\t<div class=\"exposant_item_popin_scrolled_content\">\t\t\t\t\t\r\n\t\t\t\t<div class=\"flexpopupligne1\">\r\n\t\t\t\t\t<div class=\"popin_exposant_logo\"><img class=\"photo\" src=\"\/arx-custom-img\/exposant-amenago-default.jpg\"><\/div>\r\n\t\t\t\t\t<div class=\"\"><p class=\"arx_titlte_exposantpopup\">ATHERMA<\/p><p class=\"arx_popup_site\"><a href=\"http:\/\/www.atherma-radiateur.fr\" target=\"_blank\">www.atherma-radiateur.fr<\/a><\/p><p class=\"arx_stand_exposant_popup\">D12<\/p><\/div><div class=\"nomenclature\" style=\"font-family: AzoSansbold !important;  line-height: 38px !important;     color: #002350 !important;\"><span>#j'optimise les performances, je s\u00e9curise mon logement<\/span><\/div>\r\n\t\t\t<\/div>\r\n\t\t\t\t<div class=\"popin_exposant_adresse\" style=\"margin-top:25px\"><p class=\"arx_adresse_popup\"><img src=\"\/wp-content\/uploads\/2023\/01\/Vector-2.png\" style=\"margin-right:3px\"><strong>RUE DES TANNEURS\nZA DU LANDY\n., 56450 - THEIX<\/strong><\/p><\/div>\r\n\t\t\t\t\r\n\t\t\t\t<div class=\"popin_exposant_content\"><p class=\"arx_expo_extrait\"><strong>Radiateur \u00e9lectrique \u00e0 inertie par pierre naturelle<\/strong><\/p><\/div>\r\n\t\t\t<div class=\"popin_exposant_resaux\">\r\n\t\t\t\t<div class=\"reseaux\" style=\"    display: flex;   justify-content: flex-end;\"><\/div>\r\n\t\t\t\t\r\n\t\t\t<\/div>\r\n\t\t\t\r\n\t\t\t<\/div><\/div><\/div><div id=\" \"class=\"exposant_item_popin\" data-id=\"10251\">\r\n\t\t\t\t\t<div class=\"exposant_item_popin_content box_shadow\">\r\n\r\n\t\t\t\t\t<div class=\"close\" data-id=\"10251\"><\/div>\r\n\t\t\t\t\t<div class=\"exposant_item_popin_scrolled_content\">\t\t\t\t\t\r\n\t\t\t\t<div class=\"flexpopupligne1\">\r\n\t\t\t\t\t<div class=\"popin_exposant_logo\"><img class=\"photo\" src=\"\/arx-custom-img\/exposant-amenago-default.jpg\"><\/div>\r\n\t\t\t\t\t<div class=\"\"><p class=\"arx_titlte_exposantpopup\">ATLAS LODGE<\/p><p class=\"arx_popup_site\"><a href=\"http:\/\/atlaslodges.com\/\" target=\"_blank\">atlaslodges.com\/<\/a><\/p><p class=\"arx_stand_exposant_popup\">EXT05<\/p><\/div><div class=\"nomenclature\" style=\"font-family: AzoSansbold !important;  line-height: 38px !important;     color: #002350 !important;\"><span>#je construis, je r\u00e9nove ma maison<\/span><\/div>\r\n\t\t\t<\/div>\r\n\t\t\t\t<div class=\"popin_exposant_adresse\" style=\"margin-top:25px\"><p class=\"arx_adresse_popup\"><img src=\"\/wp-content\/uploads\/2023\/01\/Vector-2.png\" style=\"margin-right:3px\"><strong>3 IMP DU MENEZ 29370, 29370 - ELLIANT<\/strong><\/p><\/div>\r\n\t\t\t\t\r\n\t\t\t\t<div class=\"popin_exposant_content\"><p class=\"arx_expo_extrait\"><strong>Tous types de lodges et studios de jardin<\/strong><\/p><\/div>\r\n\t\t\t<div class=\"popin_exposant_resaux\">\r\n\t\t\t\t<div class=\"reseaux\" style=\"    display: flex;   justify-content: flex-end;\"><\/div>\r\n\t\t\t\t\r\n\t\t\t<\/div>\r\n\t\t\t\r\n\t\t\t<\/div><\/div><\/div><div id=\" \"class=\"exposant_item_popin\" data-id=\"10183\">\r\n\t\t\t\t\t<div class=\"exposant_item_popin_content box_shadow\">\r\n\r\n\t\t\t\t\t<div class=\"close\" data-id=\"10183\"><\/div>\r\n\t\t\t\t\t<div class=\"exposant_item_popin_scrolled_content\">\t\t\t\t\t\r\n\t\t\t\t<div class=\"flexpopupligne1\">\r\n\t\t\t\t\t<div class=\"popin_exposant_logo\"><img class=\"photo\" src=\"\/arx-custom-img\/exposant-amenago-default.jpg\"><\/div>\r\n\t\t\t\t\t<div class=\"\"><p class=\"arx_titlte_exposantpopup\">AU FEU D'ARGENT<\/p><p class=\"arx_popup_site\"><a href=\"http:\/\/www.au-feu-d-argent.fr\/\" target=\"_blank\">www.au-feu-d-argent.fr\/<\/a><\/p><p class=\"arx_stand_exposant_popup\">C03<\/p><\/div><div class=\"nomenclature\" style=\"font-family: AzoSansbold !important;  line-height: 38px !important;     color: #002350 !important;\"><span>#j'optimise les performances, je s\u00e9curise mon logement<\/span><\/div>\r\n\t\t\t<\/div>\r\n\t\t\t\t<div class=\"popin_exposant_adresse\" style=\"margin-top:25px\"><p class=\"arx_adresse_popup\"><img src=\"\/wp-content\/uploads\/2023\/01\/Vector-2.png\" style=\"margin-right:3px\"><strong>3 KROAZ HENT KERLEVOT, 29170 - PLEUVEN<\/strong><\/p><\/div>\r\n\t\t\t\t\r\n\t\t\t\t<div class=\"popin_exposant_content\"><p class=\"arx_expo_extrait\"><strong>Fourniture et pose de chemin\u00e9es \u00e0 foyer ou ferm\u00e9, inserts, po\u00eales \u00e0 bois, ramonage.<\/strong><\/p><\/div>\r\n\t\t\t<div class=\"popin_exposant_resaux\">\r\n\t\t\t\t<div class=\"reseaux\" style=\"    display: flex;   justify-content: flex-end;\"><\/div>\r\n\t\t\t\t\r\n\t\t\t<\/div>\r\n\t\t\t\r\n\t\t\t<\/div><\/div><\/div><div id=\" \"class=\"exposant_item_popin\" data-id=\"9043\">\r\n\t\t\t\t\t<div class=\"exposant_item_popin_content box_shadow\">\r\n\r\n\t\t\t\t\t<div class=\"close\" data-id=\"9043\"><\/div>\r\n\t\t\t\t\t<div class=\"exposant_item_popin_scrolled_content\">\t\t\t\t\t\r\n\t\t\t\t<div class=\"flexpopupligne1\">\r\n\t\t\t\t\t<div class=\"popin_exposant_logo\"><img class=\"photo\" src=\"\/arx-custom-img\/exposant-amenago-default.jpg\"><\/div>\r\n\t\t\t\t\t<div class=\"\"><p class=\"arx_titlte_exposantpopup\">AXEL FERMETURES<\/p><p class=\"arx_popup_site\"><a href=\"http:\/\/www.axelfermetures.com\/\" target=\"_blank\">www.axelfermetures.com\/<\/a><\/p><p class=\"arx_stand_exposant_popup\">A02<\/p><\/div><div class=\"nomenclature\" style=\"font-family: AzoSansbold !important;  line-height: 38px !important;     color: #002350 !important;\"><span>#j'optimise les performances, je s\u00e9curise mon logement<\/span><\/div>\r\n\t\t\t<\/div>\r\n\t\t\t\t<div class=\"popin_exposant_adresse\" style=\"margin-top:25px\"><p class=\"arx_adresse_popup\"><img src=\"\/wp-content\/uploads\/2023\/01\/Vector-2.png\" style=\"margin-right:3px\"><strong>ZI DE MESCODEN\r\n10 RUE ROLAND GARROS\n., 29260 - PLOUDANIEL<\/strong><\/p><\/div>\r\n\t\t\t\t\r\n\t\t\t\t<div class=\"popin_exposant_content\"><p class=\"arx_expo_extrait\"><strong>Fen\u00eatres, portes, portes de garage, portails, cl\u00f4tures, stores<\/strong><\/p><\/div>\r\n\t\t\t<div class=\"popin_exposant_resaux\">\r\n\t\t\t\t<div class=\"reseaux\" style=\"    display: flex;   justify-content: flex-end;\"><\/div>\r\n\t\t\t\t\r\n\t\t\t<\/div>\r\n\t\t\t\r\n\t\t\t<\/div><\/div><\/div><div id=\" \"class=\"exposant_item_popin\" data-id=\"10172\">\r\n\t\t\t\t\t<div class=\"exposant_item_popin_content box_shadow\">\r\n\r\n\t\t\t\t\t<div class=\"close\" data-id=\"10172\"><\/div>\r\n\t\t\t\t\t<div class=\"exposant_item_popin_scrolled_content\">\t\t\t\t\t\r\n\t\t\t\t<div class=\"flexpopupligne1\">\r\n\t\t\t\t\t<div class=\"popin_exposant_logo\"><img class=\"photo\" src=\"\/arx-custom-img\/exposant-amenago-default.jpg\"><\/div>\r\n\t\t\t\t\t<div class=\"\"><p class=\"arx_titlte_exposantpopup\">AXEL FERMETURES<\/p><p class=\"arx_popup_site\"><a href=\"http:\/\/www.axelfermetures.com\/\" target=\"_blank\">www.axelfermetures.com\/<\/a><\/p><p class=\"arx_stand_exposant_popup\">D23<\/p><\/div><div class=\"nomenclature\" style=\"font-family: AzoSansbold !important;  line-height: 38px !important;     color: #002350 !important;\"><span>#j'optimise les performances, je s\u00e9curise mon logement<\/span><\/div>\r\n\t\t\t<\/div>\r\n\t\t\t\t<div class=\"popin_exposant_adresse\" style=\"margin-top:25px\"><p class=\"arx_adresse_popup\"><img src=\"\/wp-content\/uploads\/2023\/01\/Vector-2.png\" style=\"margin-right:3px\"><strong>ZI DE MESCODEN\r\n10 RUE ROLAND GARROS\n., 29260 - PLOUDANIEL<\/strong><\/p><\/div>\r\n\t\t\t\t\r\n\t\t\t\t<div class=\"popin_exposant_content\"><p class=\"arx_expo_extrait\"><strong>Fen\u00eatres, portes, portes de garage, portails, cl\u00f4tures, stores<\/strong><\/p><\/div>\r\n\t\t\t<div class=\"popin_exposant_resaux\">\r\n\t\t\t\t<div class=\"reseaux\" style=\"    display: flex;   justify-content: flex-end;\"><\/div>\r\n\t\t\t\t\r\n\t\t\t<\/div>\r\n\t\t\t\r\n\t\t\t<\/div><\/div><\/div><div id=\" \"class=\"exposant_item_popin\" data-id=\"9033\">\r\n\t\t\t\t\t<div class=\"exposant_item_popin_content box_shadow\">\r\n\r\n\t\t\t\t\t<div class=\"close\" data-id=\"9033\"><\/div>\r\n\t\t\t\t\t<div class=\"exposant_item_popin_scrolled_content\">\t\t\t\t\t\r\n\t\t\t\t<div class=\"flexpopupligne1\">\r\n\t\t\t\t\t<div class=\"popin_exposant_logo\"><img class=\"photo\" src=\"\/arx-custom-img\/exposant-amenago-default.jpg\"><\/div>\r\n\t\t\t\t\t<div class=\"\"><p class=\"arx_titlte_exposantpopup\">BBS<\/p><p class=\"arx_popup_site\"><a href=\"http:\/\/www.bbs-solaire.com\/\" target=\"_blank\">www.bbs-solaire.com\/<\/a><\/p><p class=\"arx_stand_exposant_popup\">A27<\/p><\/div><div class=\"nomenclature\" style=\"font-family: AzoSansbold !important;  line-height: 38px !important;     color: #002350 !important;\"><span>#j'optimise les performances, je s\u00e9curise mon logement<\/span><\/div>\r\n\t\t\t<\/div>\r\n\t\t\t\t<div class=\"popin_exposant_adresse\" style=\"margin-top:25px\"><p class=\"arx_adresse_popup\"><img src=\"\/wp-content\/uploads\/2023\/01\/Vector-2.png\" style=\"margin-right:3px\"><strong>LIEU DIT KERLAGADEC\nLIEU DIT KERLAGADEC, 29140 - ST YVI<\/strong><\/p><\/div>\r\n\t\t\t\t\r\n\t\t\t\t<div class=\"popin_exposant_content\"><p class=\"arx_expo_extrait\"><strong>Panneaux solaires<\/strong><\/p><\/div>\r\n\t\t\t<div class=\"popin_exposant_resaux\">\r\n\t\t\t\t<div class=\"reseaux\" style=\"    display: flex;   justify-content: flex-end;\"><\/div>\r\n\t\t\t\t\r\n\t\t\t<\/div>\r\n\t\t\t\r\n\t\t\t<\/div><\/div><\/div><div id=\" \"class=\"exposant_item_popin\" data-id=\"10175\">\r\n\t\t\t\t\t<div class=\"exposant_item_popin_content box_shadow\">\r\n\r\n\t\t\t\t\t<div class=\"close\" data-id=\"10175\"><\/div>\r\n\t\t\t\t\t<div class=\"exposant_item_popin_scrolled_content\">\t\t\t\t\t\r\n\t\t\t\t<div class=\"flexpopupligne1\">\r\n\t\t\t\t\t<div class=\"popin_exposant_logo\"><img class=\"photo\" src=\"\/arx-custom-img\/exposant-amenago-default.jpg\"><\/div>\r\n\t\t\t\t\t<div class=\"\"><p class=\"arx_titlte_exposantpopup\">BBS<\/p><p class=\"arx_popup_site\"><a href=\"http:\/\/www.bbs-solaire.com\/\" target=\"_blank\">www.bbs-solaire.com\/<\/a><\/p><p class=\"arx_stand_exposant_popup\">A27<\/p><\/div><div class=\"nomenclature\" style=\"font-family: AzoSansbold !important;  line-height: 38px !important;     color: #002350 !important;\"><span>#j'optimise les performances, je s\u00e9curise mon logement<\/span><\/div>\r\n\t\t\t<\/div>\r\n\t\t\t\t<div class=\"popin_exposant_adresse\" style=\"margin-top:25px\"><p class=\"arx_adresse_popup\"><img src=\"\/wp-content\/uploads\/2023\/01\/Vector-2.png\" style=\"margin-right:3px\"><strong>LIEU DIT KERLAGADEC\nLIEU DIT KERLAGADEC, 29140 - ST YVI<\/strong><\/p><\/div>\r\n\t\t\t\t\r\n\t\t\t\t<div class=\"popin_exposant_content\"><p class=\"arx_expo_extrait\"><strong>Panneaux solaires<\/strong><\/p><\/div>\r\n\t\t\t<div class=\"popin_exposant_resaux\">\r\n\t\t\t\t<div class=\"reseaux\" style=\"    display: flex;   justify-content: flex-end;\"><\/div>\r\n\t\t\t\t\r\n\t\t\t<\/div>\r\n\t\t\t\r\n\t\t\t<\/div><\/div><\/div><div id=\" \"class=\"exposant_item_popin\" data-id=\"9054\">\r\n\t\t\t\t\t<div class=\"exposant_item_popin_content box_shadow\">\r\n\r\n\t\t\t\t\t<div class=\"close\" data-id=\"9054\"><\/div>\r\n\t\t\t\t\t<div class=\"exposant_item_popin_scrolled_content\">\t\t\t\t\t\r\n\t\t\t\t<div class=\"flexpopupligne1\">\r\n\t\t\t\t\t<div class=\"popin_exposant_logo\"><img class=\"photo\" src=\"\/arx-custom-img\/exposant-amenago-default.jpg\"><\/div>\r\n\t\t\t\t\t<div class=\"\"><p class=\"arx_titlte_exposantpopup\">BETWOOD<\/p><p class=\"arx_popup_site\"><a href=\"http:\/\/www.betwood.fr\/\" target=\"_blank\">www.betwood.fr\/<\/a><\/p><p class=\"arx_stand_exposant_popup\">D14<\/p><\/div><div class=\"nomenclature\" style=\"font-family: AzoSansbold !important;  line-height: 38px !important;     color: #002350 !important;\"><span>#je construis, je r\u00e9nove ma maison<\/span><\/div>\r\n\t\t\t<\/div>\r\n\t\t\t\t<div class=\"popin_exposant_adresse\" style=\"margin-top:25px\"><p class=\"arx_adresse_popup\"><img src=\"\/wp-content\/uploads\/2023\/01\/Vector-2.png\" style=\"margin-right:3px\"><strong>246 route de B\u00e9nodet, 29000 - BREST<\/strong><\/p><\/div>\r\n\t\t\t\t\r\n\t\t\t\t<div class=\"popin_exposant_content\"><p class=\"arx_expo_extrait\"><strong>Constructeur de maisons personnalis\u00e9es, modernes et Design <\/strong><\/p><\/div>\r\n\t\t\t<div class=\"popin_exposant_resaux\">\r\n\t\t\t\t<div class=\"reseaux\" style=\"    display: flex;   justify-content: flex-end;\"><\/div>\r\n\t\t\t\t\r\n\t\t\t<\/div>\r\n\t\t\t\r\n\t\t\t<\/div><\/div><\/div><div id=\" \"class=\"exposant_item_popin\" data-id=\"10206\">\r\n\t\t\t\t\t<div class=\"exposant_item_popin_content box_shadow\">\r\n\r\n\t\t\t\t\t<div class=\"close\" data-id=\"10206\"><\/div>\r\n\t\t\t\t\t<div class=\"exposant_item_popin_scrolled_content\">\t\t\t\t\t\r\n\t\t\t\t<div class=\"flexpopupligne1\">\r\n\t\t\t\t\t<div class=\"popin_exposant_logo\"><img class=\"photo\" src=\"\/arx-custom-img\/exposant-amenago-default.jpg\"><\/div>\r\n\t\t\t\t\t<div class=\"\"><p class=\"arx_titlte_exposantpopup\">BETWOOD<\/p><p class=\"arx_popup_site\"><a href=\"http:\/\/www.betwood.fr\/\" target=\"_blank\">www.betwood.fr\/<\/a><\/p><p class=\"arx_stand_exposant_popup\">A32<\/p><\/div><div class=\"nomenclature\" style=\"font-family: AzoSansbold !important;  line-height: 38px !important;     color: #002350 !important;\"><span>#je construis, je r\u00e9nove ma maison<\/span><\/div>\r\n\t\t\t<\/div>\r\n\t\t\t\t<div class=\"popin_exposant_adresse\" style=\"margin-top:25px\"><p class=\"arx_adresse_popup\"><img src=\"\/wp-content\/uploads\/2023\/01\/Vector-2.png\" style=\"margin-right:3px\"><strong>246 route de B\u00e9nodet, 29000 - BREST<\/strong><\/p><\/div>\r\n\t\t\t\t\r\n\t\t\t\t<div class=\"popin_exposant_content\"><p class=\"arx_expo_extrait\"><strong>Constructeur de maisons personnalis\u00e9es, modernes et Design <\/strong><\/p><\/div>\r\n\t\t\t<div class=\"popin_exposant_resaux\">\r\n\t\t\t\t<div class=\"reseaux\" style=\"    display: flex;   justify-content: flex-end;\"><\/div>\r\n\t\t\t\t\r\n\t\t\t<\/div>\r\n\t\t\t\r\n\t\t\t<\/div><\/div><\/div><div id=\" \"class=\"exposant_item_popin\" data-id=\"9044\">\r\n\t\t\t\t\t<div class=\"exposant_item_popin_content box_shadow\">\r\n\r\n\t\t\t\t\t<div class=\"close\" data-id=\"9044\"><\/div>\r\n\t\t\t\t\t<div class=\"exposant_item_popin_scrolled_content\">\t\t\t\t\t\r\n\t\t\t\t<div class=\"flexpopupligne1\">\r\n\t\t\t\t\t<div class=\"popin_exposant_logo\"><img class=\"photo\" src=\"\/arx-custom-img\/exposant-amenago-default.jpg\"><\/div>\r\n\t\t\t\t\t<div class=\"\"><p class=\"arx_titlte_exposantpopup\">BND.CUCINE<\/p><p class=\"arx_popup_site\"><a href=\"http:\/\/www.bndcucine.fr\/\" target=\"_blank\">www.bndcucine.fr\/<\/a><\/p><p class=\"arx_stand_exposant_popup\">F08<\/p><\/div><div class=\"nomenclature\" style=\"font-family: AzoSansbold !important;  line-height: 38px !important;     color: #002350 !important;\"><span>#je cr\u00e9e ou je r\u00e9nove ma cuisine, ma salle de bain<\/span><\/div>\r\n\t\t\t<\/div>\r\n\t\t\t\t<div class=\"popin_exposant_adresse\" style=\"margin-top:25px\"><p class=\"arx_adresse_popup\"><img src=\"\/wp-content\/uploads\/2023\/01\/Vector-2.png\" style=\"margin-right:3px\"><strong>35 rue du Lycee, 29120 - PONT L ABBE<\/strong><\/p><\/div>\r\n\t\t\t\t\r\n\t\t\t\t<div class=\"popin_exposant_content\"><p class=\"arx_expo_extrait\"><strong> <\/strong><\/p><\/div>\r\n\t\t\t<div class=\"popin_exposant_resaux\">\r\n\t\t\t\t<div class=\"reseaux\" style=\"    display: flex;   justify-content: flex-end;\"><\/div>\r\n\t\t\t\t\r\n\t\t\t<\/div>\r\n\t\t\t\r\n\t\t\t<\/div><\/div><\/div><div id=\" \"class=\"exposant_item_popin\" data-id=\"10197\">\r\n\t\t\t\t\t<div class=\"exposant_item_popin_content box_shadow\">\r\n\r\n\t\t\t\t\t<div class=\"close\" data-id=\"10197\"><\/div>\r\n\t\t\t\t\t<div class=\"exposant_item_popin_scrolled_content\">\t\t\t\t\t\r\n\t\t\t\t<div class=\"flexpopupligne1\">\r\n\t\t\t\t\t<div class=\"popin_exposant_logo\"><img class=\"photo\" src=\"https:\/\/exposant.gl-events.com\/uploads\/company_booths\/logos\/1be9ed91bf2ff59543e30ed2bbf898d0.jpg\"><\/div>\r\n\t\t\t\t\t<div class=\"\"><p class=\"arx_titlte_exposantpopup\">BND.CUCINE<\/p><p class=\"arx_popup_site\"><a href=\"http:\/\/www.bndcucine.fr\/\" target=\"_blank\">www.bndcucine.fr\/<\/a><\/p><p class=\"arx_stand_exposant_popup\">F06<\/p><\/div><div class=\"nomenclature\" style=\"font-family: AzoSansbold !important;  line-height: 38px !important;     color: #002350 !important;\"><span>#je cr\u00e9e ou je r\u00e9nove ma cuisine, ma salle de bain<\/span><\/div>\r\n\t\t\t<\/div>\r\n\t\t\t\t<div class=\"popin_exposant_adresse\" style=\"margin-top:25px\"><p class=\"arx_adresse_popup\"><img src=\"\/wp-content\/uploads\/2023\/01\/Vector-2.png\" style=\"margin-right:3px\"><strong>35 rue du Lycee, 29120 - PONT L ABBE<\/strong><\/p><\/div>\r\n\t\t\t\t\r\n\t\t\t\t<div class=\"popin_exposant_content\"><p class=\"arx_expo_extrait\"><strong>Cuisines, am\u00e9nagement int\u00e9rieur, salle de bains bas\u00e9 \u00e0 pont l'abb\u00e9<\/strong><\/p><\/div>\r\n\t\t\t<div class=\"popin_exposant_resaux\">\r\n\t\t\t\t<div class=\"reseaux\" style=\"    display: flex;   justify-content: flex-end;\"><\/div>\r\n\t\t\t\t\r\n\t\t\t<\/div>\r\n\t\t\t\r\n\t\t\t<\/div><\/div><\/div><div id=\" \"class=\"exposant_item_popin\" data-id=\"9039\">\r\n\t\t\t\t\t<div class=\"exposant_item_popin_content box_shadow\">\r\n\r\n\t\t\t\t\t<div class=\"close\" data-id=\"9039\"><\/div>\r\n\t\t\t\t\t<div class=\"exposant_item_popin_scrolled_content\">\t\t\t\t\t\r\n\t\t\t\t<div class=\"flexpopupligne1\">\r\n\t\t\t\t\t<div class=\"popin_exposant_logo\"><img class=\"photo\" src=\"https:\/\/exposant.gl-events.com\/uploads\/company_booths\/logos\/550e0f6781e9d47cdc19c2e92fad9130.gif\"><\/div>\r\n\t\t\t\t\t<div class=\"\"><p class=\"arx_titlte_exposantpopup\">BOLLORE ENERGY<\/p><p class=\"arx_popup_site\"><a href=\"http:\/\/www.bollore-energy.com\/\" target=\"_blank\">www.bollore-energy.com\/<\/a><\/p><p class=\"arx_stand_exposant_popup\">B32<\/p><\/div><div class=\"nomenclature\" style=\"font-family: AzoSansbold !important;  line-height: 38px !important;     color: #002350 !important;\"><span>#j'optimise les performances, je s\u00e9curise mon logement<\/span><\/div>\r\n\t\t\t<\/div>\r\n\t\t\t\t<div class=\"popin_exposant_adresse\" style=\"margin-top:25px\"><p class=\"arx_adresse_popup\"><img src=\"\/wp-content\/uploads\/2023\/01\/Vector-2.png\" style=\"margin-right:3px\"><strong>30 rue Jules Verne, 56400 - AURAY<\/strong><\/p><\/div>\r\n\t\t\t\t\r\n\t\t\t\t<div class=\"popin_exposant_content\"><p class=\"arx_expo_extrait\"><strong>Bollor\u00e9 Energy est un acteur majeur de la logistique et de la distribution p\u00e9troli\u00e8re en France, en Suisse et en Allemagne.\r\nBollor\u00e9 Energy allie l\u2019exp\u00e9rience du m\u00e9tier et la r\u00e9activit\u00e9 d\u2019une entreprise dynamique gr\u00e2ce \u00e0 son r\u00e9seau d'agences de proximit\u00e9 nous permettant de vous d\u00e9livrer rapidement des produits adapt\u00e9s \u00e0 votre activit\u00e9 et \u00e0 des prix comp\u00e9titifs.\r\nGr\u00e2ce \u00e0 notre r\u00e9seau d'agences locales, les chauffeurs-livreurs de Bollor\u00e9 Energy vous livrent toute l'ann\u00e9e des produits de qualit\u00e9 pour garantir un chauffage optimal de votre maison.\r\nVous souhaitez remplacer votre ancienne chaudi\u00e8re par une chaudi\u00e8re \u00e0 plus haut rendement ?\r\nVous souhaitez moderniser votre installation en rempla\u00e7ant votre br\u00fbleur, en installant des syst\u00e8mes de r\u00e9gulation efficaces ?\r\nNos 100 techniciens sont \u00e0 votre service et se d\u00e9placent rapidement chez vous en cas de probl\u00e8me. Bollor\u00e9 Energy prend \u00e0 c\u0153ur de former les r\u00e9guli\u00e8rement aux nouvelles technologies afin de vous assurer le meilleur service.<\/strong><\/p><\/div>\r\n\t\t\t<div class=\"popin_exposant_resaux\">\r\n\t\t\t\t<div class=\"reseaux\" style=\"    display: flex;   justify-content: flex-end;\"><\/div>\r\n\t\t\t\t\r\n\t\t\t<\/div>\r\n\t\t\t\r\n\t\t\t\r\n\t\t\t\t<div class=\"popin_exposant_produits\">\r\n\t\t\t\t\t<div class=\"titre_produits\" style=\"padding-bottom:40px !important\">PRODUITS<\/div>\r\n\t\t\t\t\r\n\t\t\t\t\t\r\n\t\t\t\t\t<div class=\"produit_item\">\r\n\t\t\t\t\t<div class=\"col1\">\r\n\t\t\t\t\t\t<div class=\"produit_img\"><a href=\"https:\/\/exposant.gl-events.com\/uploads\/products\/00df7cb7b2cb57a19d76386cd7565e1a.png\" class=\"et_pb_lightbox_image\"><img src=\"https:\/\/exposant.gl-events.com\/uploads\/products\/00df7cb7b2cb57a19d76386cd7565e1a.png\"><\/a><\/div>\r\n\t\t\t\t\t<\/div>\r\n\t\t\t\t\t<div class=\"col2\">\r\n\t\t\t\t\t\t<div class=\"produit_titre\"><strong>PERGE PAC HYBRIDE BIOFIOUL<\/strong><\/div>\r\n\t\t\t\t\t\t<div class=\"produit_description\"><strong>POMPE A CHALEUR AIR\/EAU HYBRIDE BIO-FIOUL<\/strong><\/div>\r\n\t\t\t\t\t\t<div class=\"produit_liens\"><\/div>\r\n\t\t\t\t\t<\/div>\r\n\t\t\t\t\t<\/div>\r\n\t\t\t\t\t\r\n\t\t\t\t\t<div class=\"produit_item\">\r\n\t\t\t\t\t<div class=\"col1\">\r\n\t\t\t\t\t\t<div class=\"produit_img\"><a href=\"https:\/\/exposant.gl-events.com\/uploads\/products\/d24f9f1b28ea5f9be5407725f51923e4.jpg\" class=\"et_pb_lightbox_image\"><img src=\"https:\/\/exposant.gl-events.com\/uploads\/products\/d24f9f1b28ea5f9be5407725f51923e4.jpg\"><\/a><\/div>\r\n\t\t\t\t\t<\/div>\r\n\t\t\t\t\t<div class=\"col2\">\r\n\t\t\t\t\t\t<div class=\"produit_titre\"><strong>BRULEUR BIO FIOUL<\/strong><\/div>\r\n\t\t\t\t\t\t<div class=\"produit_description\"><strong>BRULEUR BIO-FIOUL READY<\/strong><\/div>\r\n\t\t\t\t\t\t<div class=\"produit_liens\"><\/div>\r\n\t\t\t\t\t<\/div>\r\n\t\t\t\t\t<\/div>\t\r\n\t\t\t\t<\/div><\/div><\/div><\/div><div id=\" \"class=\"exposant_item_popin\" data-id=\"9083\">\r\n\t\t\t\t\t<div class=\"exposant_item_popin_content box_shadow\">\r\n\r\n\t\t\t\t\t<div class=\"close\" data-id=\"9083\"><\/div>\r\n\t\t\t\t\t<div class=\"exposant_item_popin_scrolled_content\">\t\t\t\t\t\r\n\t\t\t\t<div class=\"flexpopupligne1\">\r\n\t\t\t\t\t<div class=\"popin_exposant_logo\"><img class=\"photo\" src=\"\/arx-custom-img\/exposant-amenago-default.jpg\"><\/div>\r\n\t\t\t\t\t<div class=\"\"><p class=\"arx_titlte_exposantpopup\">BOTANIC<\/p><p class=\"arx_popup_site\"><a href=\"http:\/\/www.botanic.com\/nos-magasins\/botanic-quimper\/qmp.html?_r=true&_referrer=google.com\/\" target=\"_blank\">www.botanic.com\/nos-magasins\/botanic-quimper\/qmp.html?_r=true&_referrer=google.com\/<\/a><\/p><p class=\"arx_stand_exposant_popup\">D23<\/p><\/div><div class=\"nomenclature\" style=\"font-family: AzoSansbold !important;  line-height: 38px !important;     color: #002350 !important;\"><span>#j'am\u00e9nage mon jardin, ma terrasse, mon balcon<\/span><\/div>\r\n\t\t\t<\/div>\r\n\t\t\t\t<div class=\"popin_exposant_adresse\" style=\"margin-top:25px\"><p class=\"arx_adresse_popup\"><img src=\"\/wp-content\/uploads\/2023\/01\/Vector-2.png\" style=\"margin-right:3px\"><strong>4 rue jean louis Pendy, 29000 - QUIMPER<\/strong><\/p><\/div>\r\n\t\t\t\t\r\n\t\t\t\t<div class=\"popin_exposant_content\"><p class=\"arx_expo_extrait\"><strong> <\/strong><\/p><\/div>\r\n\t\t\t<div class=\"popin_exposant_resaux\">\r\n\t\t\t\t<div class=\"reseaux\" style=\"    display: flex;   justify-content: flex-end;\"><\/div>\r\n\t\t\t\t\r\n\t\t\t<\/div>\r\n\t\t\t\r\n\t\t\t<\/div><\/div><\/div><div id=\" \"class=\"exposant_item_popin\" data-id=\"9084\">\r\n\t\t\t\t\t<div class=\"exposant_item_popin_content box_shadow\">\r\n\r\n\t\t\t\t\t<div class=\"close\" data-id=\"9084\"><\/div>\r\n\t\t\t\t\t<div class=\"exposant_item_popin_scrolled_content\">\t\t\t\t\t\r\n\t\t\t\t<div class=\"flexpopupligne1\">\r\n\t\t\t\t\t<div class=\"popin_exposant_logo\"><img class=\"photo\" src=\"\/arx-custom-img\/exposant-amenago-default.jpg\"><\/div>\r\n\t\t\t\t\t<div class=\"\"><p class=\"arx_titlte_exposantpopup\">BOTANIC<\/p><p class=\"arx_popup_site\"><a href=\"http:\/\/www.botanic.com\/nos-magasins\/botanic-quimper\/qmp.html?_r=true&_referrer=google.com\/\" target=\"_blank\">www.botanic.com\/nos-magasins\/botanic-quimper\/qmp.html?_r=true&_referrer=google.com\/<\/a><\/p><p class=\"arx_stand_exposant_popup\">D27<\/p><\/div><div class=\"nomenclature\" style=\"font-family: AzoSansbold !important;  line-height: 38px !important;     color: #002350 !important;\"><span>#j'am\u00e9nage mon jardin, ma terrasse, mon balcon<\/span><\/div>\r\n\t\t\t<\/div>\r\n\t\t\t\t<div class=\"popin_exposant_adresse\" style=\"margin-top:25px\"><p class=\"arx_adresse_popup\"><img src=\"\/wp-content\/uploads\/2023\/01\/Vector-2.png\" style=\"margin-right:3px\"><strong>4 rue jean louis Pendy, 29000 - QUIMPER<\/strong><\/p><\/div>\r\n\t\t\t\t\r\n\t\t\t\t<div class=\"popin_exposant_content\"><p class=\"arx_expo_extrait\"><strong> <\/strong><\/p><\/div>\r\n\t\t\t<div class=\"popin_exposant_resaux\">\r\n\t\t\t\t<div class=\"reseaux\" style=\"    display: flex;   justify-content: flex-end;\"><\/div>\r\n\t\t\t\t\r\n\t\t\t<\/div>\r\n\t\t\t\r\n\t\t\t<\/div><\/div><\/div><div id=\" \"class=\"exposant_item_popin\" data-id=\"10268\">\r\n\t\t\t\t\t<div class=\"exposant_item_popin_content box_shadow\">\r\n\r\n\t\t\t\t\t<div class=\"close\" data-id=\"10268\"><\/div>\r\n\t\t\t\t\t<div class=\"exposant_item_popin_scrolled_content\">\t\t\t\t\t\r\n\t\t\t\t<div class=\"flexpopupligne1\">\r\n\t\t\t\t\t<div class=\"popin_exposant_logo\"><img class=\"photo\" src=\"\/arx-custom-img\/exposant-amenago-default.jpg\"><\/div>\r\n\t\t\t\t\t<div class=\"\"><p class=\"arx_titlte_exposantpopup\">BREIZH NATURE HABITAT<\/p><p class=\"arx_popup_site\"><a href=\"http:\/\/www.breizh-nature-habitat.fr\/\" target=\"_blank\">www.breizh-nature-habitat.fr\/<\/a><\/p><p class=\"arx_stand_exposant_popup\">A16<\/p><\/div><div class=\"nomenclature\" style=\"font-family: AzoSansbold !important;  line-height: 38px !important;     color: #002350 !important;\"><span>#j'optimise les performances, je s\u00e9curise mon logement<\/span><\/div>\r\n\t\t\t<\/div>\r\n\t\t\t\t<div class=\"popin_exposant_adresse\" style=\"margin-top:25px\"><p class=\"arx_adresse_popup\"><img src=\"\/wp-content\/uploads\/2023\/01\/Vector-2.png\" style=\"margin-right:3px\"><strong>1 rue de Canap\u00e9, 29720 - PLONEOUR LANVERN<\/strong><\/p><\/div>\r\n\t\t\t\t\r\n\t\t\t\t<div class=\"popin_exposant_content\"><p class=\"arx_expo_extrait\"><strong>Couvreur<\/strong><\/p><\/div>\r\n\t\t\t<div class=\"popin_exposant_resaux\">\r\n\t\t\t\t<div class=\"reseaux\" style=\"    display: flex;   justify-content: flex-end;\"><\/div>\r\n\t\t\t\t\r\n\t\t\t<\/div>\r\n\t\t\t\r\n\t\t\t<\/div><\/div><\/div><div id=\" \"class=\"exposant_item_popin\" data-id=\"8987\">\r\n\t\t\t\t\t<div class=\"exposant_item_popin_content box_shadow\">\r\n\r\n\t\t\t\t\t<div class=\"close\" data-id=\"8987\"><\/div>\r\n\t\t\t\t\t<div class=\"exposant_item_popin_scrolled_content\">\t\t\t\t\t\r\n\t\t\t\t<div class=\"flexpopupligne1\">\r\n\t\t\t\t\t<div class=\"popin_exposant_logo\"><img class=\"photo\" src=\"https:\/\/exposant.gl-events.com\/uploads\/company_booths\/logos\/6b488a033086456ce40ea3b0c0134a9d.jpg\"><\/div>\r\n\t\t\t\t\t<div class=\"\"><p class=\"arx_titlte_exposantpopup\">BRETAGNE OUEST ACCESSION<\/p><p class=\"arx_popup_site\"><a href=\"http:\/\/www.boaccession.fr\/\" target=\"_blank\">www.boaccession.fr\/<\/a><\/p><p class=\"arx_stand_exposant_popup\">C26<\/p><\/div><div class=\"nomenclature\" style=\"font-family: AzoSansbold !important;  line-height: 38px !important;     color: #002350 !important;\"><span>#je pr\u00e9pare mon projet immobilier<\/span><\/div>\r\n\t\t\t<\/div>\r\n\t\t\t\t<div class=\"popin_exposant_adresse\" style=\"margin-top:25px\"><p class=\"arx_adresse_popup\"><img src=\"\/wp-content\/uploads\/2023\/01\/Vector-2.png\" style=\"margin-right:3px\"><strong>85 RUE DE KERGESTIN\n85 RUE DE KERGESTIN, 29000 - QUIMPER<\/strong><\/p><\/div>\r\n\t\t\t\t\r\n\t\t\t\t<div class=\"popin_exposant_content\"><p class=\"arx_expo_extrait\"><strong>Lotisseur, promoteur, accession sociale \u00e0 la propri\u00e9t\u00e9<\/strong><\/p><\/div>\r\n\t\t\t<div class=\"popin_exposant_resaux\">\r\n\t\t\t\t<div class=\"reseaux\" style=\"    display: flex;   justify-content: flex-end;\"><\/div>\r\n\t\t\t\t\r\n\t\t\t<\/div>\r\n\t\t\t\r\n\t\t\t<\/div><\/div><\/div><div id=\" \"class=\"exposant_item_popin\" data-id=\"10188\">\r\n\t\t\t\t\t<div class=\"exposant_item_popin_content box_shadow\">\r\n\r\n\t\t\t\t\t<div class=\"close\" data-id=\"10188\"><\/div>\r\n\t\t\t\t\t<div class=\"exposant_item_popin_scrolled_content\">\t\t\t\t\t\r\n\t\t\t\t<div class=\"flexpopupligne1\">\r\n\t\t\t\t\t<div class=\"popin_exposant_logo\"><img class=\"photo\" src=\"https:\/\/exposant.gl-events.com\/uploads\/company_booths\/logos\/7d54433db604105be75b61e9c79b52c4.jpg\"><\/div>\r\n\t\t\t\t\t<div class=\"\"><p class=\"arx_titlte_exposantpopup\">BRETAGNE OUEST ACCESSION<\/p><p class=\"arx_popup_site\"><a href=\"http:\/\/www.boaccession.fr\/\" target=\"_blank\">www.boaccession.fr\/<\/a><\/p><p class=\"arx_stand_exposant_popup\">C26<\/p><\/div><div class=\"nomenclature\" style=\"font-family: AzoSansbold !important;  line-height: 38px !important;     color: #002350 !important;\"><span>#je pr\u00e9pare mon projet immobilier<\/span><\/div>\r\n\t\t\t<\/div>\r\n\t\t\t\t<div class=\"popin_exposant_adresse\" style=\"margin-top:25px\"><p class=\"arx_adresse_popup\"><img src=\"\/wp-content\/uploads\/2023\/01\/Vector-2.png\" style=\"margin-right:3px\"><strong>85 RUE DE KERGESTIN\n85 RUE DE KERGESTIN, 29000 - QUIMPER<\/strong><\/p><\/div>\r\n\t\t\t\t\r\n\t\t\t\t<div class=\"popin_exposant_content\"><p class=\"arx_expo_extrait\"><strong>Lotisseur, promoteur, accession sociale \u00e0 la propri\u00e9t\u00e9<\/strong><\/p><\/div>\r\n\t\t\t<div class=\"popin_exposant_resaux\">\r\n\t\t\t\t<div class=\"reseaux\" style=\"    display: flex;   justify-content: flex-end;\"><a href=\"https:\/\/www.facebook.com\/profile.php?id=61567560059626\" target=\"_blank\"><img src=\"\/arx-custom-img\/exposant-fb.svg\"><\/a><a href=\"https:\/\/www.instagram.com\/bretagneouestaccession\" target=\"_blank\"><img src=\"\/arx-custom-img\/exposant-insta.svg\"><\/a><\/div>\r\n\t\t\t\t\r\n\t\t\t<\/div>\r\n\t\t\t\r\n\t\t\t\r\n\t\t\t\t<div class=\"popin_exposant_produits\">\r\n\t\t\t\t\t<div class=\"titre_produits\" style=\"padding-bottom:40px !important\">PRODUITS<\/div>\r\n\t\t\t\t\r\n\t\t\t\t\t\r\n\t\t\t\t\t<div class=\"produit_item\">\r\n\t\t\t\t\t<div class=\"col1\">\r\n\t\t\t\t\t\t<div class=\"produit_img\"><a href=\"https:\/\/exposant.gl-events.com\/uploads\/products\/b97494fb71253b435a88a5516ac4fa54.jpg\" class=\"et_pb_lightbox_image\"><img src=\"https:\/\/exposant.gl-events.com\/uploads\/products\/b97494fb71253b435a88a5516ac4fa54.jpg\"><\/a><\/div>\r\n\t\t\t\t\t<\/div>\r\n\t\t\t\t\t<div class=\"col2\">\r\n\t\t\t\t\t\t<div class=\"produit_titre\"><strong>Terrains \u00e0 b\u00e2tir<\/strong><\/div>\r\n\t\t\t\t\t\t<div class=\"produit_description\"><strong>Acteur engag\u00e9 dans l\u2019accession sociale \u00e0 la propri\u00e9t\u00e9, Bretagne Ouest Accession commercialise des terrains viabilis\u00e9s, libres de constructeur et accessibles dans des communes attractives du Finist\u00e8re.<\/strong><\/div>\r\n\t\t\t\t\t\t<div class=\"produit_liens\"><div><a class=\"arxproduitlien\" href=\"https:\/\/www.boaccession.fr\/typologie\/terrains-a-batir\/\" target=\"_blank\">https:\/\/www.boaccession.fr\/typologie\/terrains-a-batir\/<\/a><\/div><\/div>\r\n\t\t\t\t\t<\/div>\r\n\t\t\t\t\t<\/div>\r\n\t\t\t\t\t\r\n\t\t\t\t\t<div class=\"produit_item\">\r\n\t\t\t\t\t<div class=\"col1\">\r\n\t\t\t\t\t\t<div class=\"produit_img\"><a href=\"https:\/\/exposant.gl-events.com\/uploads\/products\/ba6342f732345cc190e93b2e6650d324.jpg\" class=\"et_pb_lightbox_image\"><img src=\"https:\/\/exposant.gl-events.com\/uploads\/products\/ba6342f732345cc190e93b2e6650d324.jpg\"><\/a><\/div>\r\n\t\t\t\t\t<\/div>\r\n\t\t\t\t\t<div class=\"col2\">\r\n\t\t\t\t\t\t<div class=\"produit_titre\"><strong>Immobilier neuf<\/strong><\/div>\r\n\t\t\t\t\t\t<div class=\"produit_description\"><strong>Nous vous proposons des biens immobiliers neufs en location-accession dans des communes attractives du Finist\u00e8re. Gr\u00e2ce \u00e0 ce dispositif simple et sans risque, vous devenez propri\u00e9taire d\u2019une maison ou d\u2019un appartement en toute s\u00e9curit\u00e9.<\/strong><\/div>\r\n\t\t\t\t\t\t<div class=\"produit_liens\"><div><a class=\"arxproduitlien\" href=\"https:\/\/www.boaccession.fr\/typologie\/immobilier-neuf\/\" target=\"_blank\">https:\/\/www.boaccession.fr\/typologie\/immobilier-neuf\/<\/a><\/div><\/div>\r\n\t\t\t\t\t<\/div>\r\n\t\t\t\t\t<\/div>\t\r\n\t\t\t\t<\/div><\/div><\/div><\/div><div id=\" \"class=\"exposant_item_popin\" data-id=\"10253\">\r\n\t\t\t\t\t<div class=\"exposant_item_popin_content box_shadow\">\r\n\r\n\t\t\t\t\t<div class=\"close\" data-id=\"10253\"><\/div>\r\n\t\t\t\t\t<div class=\"exposant_item_popin_scrolled_content\">\t\t\t\t\t\r\n\t\t\t\t<div class=\"flexpopupligne1\">\r\n\t\t\t\t\t<div class=\"popin_exposant_logo\"><img class=\"photo\" src=\"\/arx-custom-img\/exposant-amenago-default.jpg\"><\/div>\r\n\t\t\t\t\t<div class=\"\"><p class=\"arx_titlte_exposantpopup\">BRISACH<\/p><p class=\"arx_popup_site\"><a href=\"http:\/\/www.brisach.com\/store\/brisach-quimper\/\" target=\"_blank\">www.brisach.com\/store\/brisach-quimper\/<\/a><\/p><p class=\"arx_stand_exposant_popup\">E14<\/p><\/div><div class=\"nomenclature\" style=\"font-family: AzoSansbold !important;  line-height: 38px !important;     color: #002350 !important;\"><span>#j'optimise les performances, je s\u00e9curise mon logement<\/span><\/div>\r\n\t\t\t<\/div>\r\n\t\t\t\t<div class=\"popin_exposant_adresse\" style=\"margin-top:25px\"><p class=\"arx_adresse_popup\"><img src=\"\/wp-content\/uploads\/2023\/01\/Vector-2.png\" style=\"margin-right:3px\"><strong>2 rue Andre AMPERE, 56890 - PLESCOP<\/strong><\/p><\/div>\r\n\t\t\t\t\r\n\t\t\t\t<div class=\"popin_exposant_content\"><p class=\"arx_expo_extrait\"><strong>Po\u00eales, chemin\u00e9es, inserts<\/strong><\/p><\/div>\r\n\t\t\t<div class=\"popin_exposant_resaux\">\r\n\t\t\t\t<div class=\"reseaux\" style=\"    display: flex;   justify-content: flex-end;\"><\/div>\r\n\t\t\t\t\r\n\t\t\t<\/div>\r\n\t\t\t\r\n\t\t\t<\/div><\/div><\/div><div id=\" \"class=\"exposant_item_popin\" data-id=\"10239\">\r\n\t\t\t\t\t<div class=\"exposant_item_popin_content box_shadow\">\r\n\r\n\t\t\t\t\t<div class=\"close\" data-id=\"10239\"><\/div>\r\n\t\t\t\t\t<div class=\"exposant_item_popin_scrolled_content\">\t\t\t\t\t\r\n\t\t\t\t<div class=\"flexpopupligne1\">\r\n\t\t\t\t\t<div class=\"popin_exposant_logo\"><img class=\"photo\" src=\"\/arx-custom-img\/exposant-amenago-default.jpg\"><\/div>\r\n\t\t\t\t\t<div class=\"\"><p class=\"arx_titlte_exposantpopup\">BZH QUALITE<\/p><p class=\"arx_popup_site\"><\/p><p class=\"arx_stand_exposant_popup\">C10<\/p><\/div><div class=\"nomenclature\" style=\"font-family: AzoSansbold !important;  line-height: 38px !important;     color: #002350 !important;\"><span>#j'optimise les performances, je s\u00e9curise mon logement<\/span><\/div>\r\n\t\t\t<\/div>\r\n\t\t\t\t<div class=\"popin_exposant_adresse\" style=\"margin-top:25px\"><p class=\"arx_adresse_popup\"><img src=\"\/wp-content\/uploads\/2023\/01\/Vector-2.png\" style=\"margin-right:3px\"><strong>9 HENT KOZ, 29000 - QUIMPER<\/strong><\/p><\/div>\r\n\t\t\t\t\r\n\t\t\t\t<div class=\"popin_exposant_content\"><p class=\"arx_expo_extrait\"><strong> <\/strong><\/p><\/div>\r\n\t\t\t<div class=\"popin_exposant_resaux\">\r\n\t\t\t\t<div class=\"reseaux\" style=\"    display: flex;   justify-content: flex-end;\"><\/div>\r\n\t\t\t\t\r\n\t\t\t<\/div>\r\n\t\t\t\r\n\t\t\t<\/div><\/div><\/div><div id=\" \"class=\"exposant_item_popin\" data-id=\"9034\">\r\n\t\t\t\t\t<div class=\"exposant_item_popin_content box_shadow\">\r\n\r\n\t\t\t\t\t<div class=\"close\" data-id=\"9034\"><\/div>\r\n\t\t\t\t\t<div class=\"exposant_item_popin_scrolled_content\">\t\t\t\t\t\r\n\t\t\t\t<div class=\"flexpopupligne1\">\r\n\t\t\t\t\t<div class=\"popin_exposant_logo\"><img class=\"photo\" src=\"\/arx-custom-img\/exposant-amenago-default.jpg\"><\/div>\r\n\t\t\t\t\t<div class=\"\"><p class=\"arx_titlte_exposantpopup\">CARRE STORES<\/p><p class=\"arx_popup_site\"><a href=\"http:\/\/www.carre-stores.fr\/\" target=\"_blank\">www.carre-stores.fr\/<\/a><\/p><p class=\"arx_stand_exposant_popup\">B16<\/p><\/div><div class=\"nomenclature\" style=\"font-family: AzoSansbold !important;  line-height: 38px !important;     color: #002350 !important;\"><span>#j'am\u00e9nage mon jardin, ma terrasse, mon balcon<\/span><\/div>\r\n\t\t\t<\/div>\r\n\t\t\t\t<div class=\"popin_exposant_adresse\" style=\"margin-top:25px\"><p class=\"arx_adresse_popup\"><img src=\"\/wp-content\/uploads\/2023\/01\/Vector-2.png\" style=\"margin-right:3px\"><strong>Route de Ken\u00e9ah, les deux moulins, 56880 - PLOEREN<\/strong><\/p><\/div>\r\n\t\t\t\t\r\n\t\t\t\t<div class=\"popin_exposant_content\"><p class=\"arx_expo_extrait\"><strong>Stores anti-chaleur, stores int\u00e9rieurs et ext\u00e9rieurs, pergolas<\/strong><\/p><\/div>\r\n\t\t\t<div class=\"popin_exposant_resaux\">\r\n\t\t\t\t<div class=\"reseaux\" style=\"    display: flex;   justify-content: flex-end;\"><\/div>\r\n\t\t\t\t\r\n\t\t\t<\/div>\r\n\t\t\t\r\n\t\t\t<\/div><\/div><\/div><div id=\" \"class=\"exposant_item_popin\" data-id=\"10195\">\r\n\t\t\t\t\t<div class=\"exposant_item_popin_content box_shadow\">\r\n\r\n\t\t\t\t\t<div class=\"close\" data-id=\"10195\"><\/div>\r\n\t\t\t\t\t<div class=\"exposant_item_popin_scrolled_content\">\t\t\t\t\t\r\n\t\t\t\t<div class=\"flexpopupligne1\">\r\n\t\t\t\t\t<div class=\"popin_exposant_logo\"><img class=\"photo\" src=\"\/arx-custom-img\/exposant-amenago-default.jpg\"><\/div>\r\n\t\t\t\t\t<div class=\"\"><p class=\"arx_titlte_exposantpopup\">CARRE STORES<\/p><p class=\"arx_popup_site\"><a href=\"http:\/\/www.carre-stores.fr\/\" target=\"_blank\">www.carre-stores.fr\/<\/a><\/p><p class=\"arx_stand_exposant_popup\">B14<\/p><\/div><div class=\"nomenclature\" style=\"font-family: AzoSansbold !important;  line-height: 38px !important;     color: #002350 !important;\"><span>#j'am\u00e9nage mon jardin, ma terrasse, mon balcon<\/span><\/div>\r\n\t\t\t<\/div>\r\n\t\t\t\t<div class=\"popin_exposant_adresse\" style=\"margin-top:25px\"><p class=\"arx_adresse_popup\"><img src=\"\/wp-content\/uploads\/2023\/01\/Vector-2.png\" style=\"margin-right:3px\"><strong>Route de Ken\u00e9ah, les deux moulins, 56880 - PLOEREN<\/strong><\/p><\/div>\r\n\t\t\t\t\r\n\t\t\t\t<div class=\"popin_exposant_content\"><p class=\"arx_expo_extrait\"><strong>Stores anti-chaleur, stores int\u00e9rieurs et ext\u00e9rieurs, pergolas<\/strong><\/p><\/div>\r\n\t\t\t<div class=\"popin_exposant_resaux\">\r\n\t\t\t\t<div class=\"reseaux\" style=\"    display: flex;   justify-content: flex-end;\"><\/div>\r\n\t\t\t\t\r\n\t\t\t<\/div>\r\n\t\t\t\r\n\t\t\t<\/div><\/div><\/div><div id=\" \"class=\"exposant_item_popin\" data-id=\"9074\">\r\n\t\t\t\t\t<div class=\"exposant_item_popin_content box_shadow\">\r\n\r\n\t\t\t\t\t<div class=\"close\" data-id=\"9074\"><\/div>\r\n\t\t\t\t\t<div class=\"exposant_item_popin_scrolled_content\">\t\t\t\t\t\r\n\t\t\t\t<div class=\"flexpopupligne1\">\r\n\t\t\t\t\t<div class=\"popin_exposant_logo\"><img class=\"photo\" src=\"\/arx-custom-img\/exposant-amenago-default.jpg\"><\/div>\r\n\t\t\t\t\t<div class=\"\"><p class=\"arx_titlte_exposantpopup\">CDS ENERGY<\/p><p class=\"arx_popup_site\"><a href=\"http:\/\/cds-energy.fr\/\" target=\"_blank\">cds-energy.fr\/<\/a><\/p><p class=\"arx_stand_exposant_popup\">D05<\/p><\/div><div class=\"nomenclature\" style=\"font-family: AzoSansbold !important;  line-height: 38px !important;     color: #002350 !important;\"><span>#j'optimise les performances, je s\u00e9curise mon logement<\/span><\/div>\r\n\t\t\t<\/div>\r\n\t\t\t\t<div class=\"popin_exposant_adresse\" style=\"margin-top:25px\"><p class=\"arx_adresse_popup\"><img src=\"\/wp-content\/uploads\/2023\/01\/Vector-2.png\" style=\"margin-right:3px\"><strong>ZA DE PEN MANE\nZONE ARTISANALE DE PEN MANE\n., 56520 - GUIDEL<\/strong><\/p><\/div>\r\n\t\t\t\t\r\n\t\t\t\t<div class=\"popin_exposant_content\"><p class=\"arx_expo_extrait\"><strong>Pompe \u00e0 chaleur<\/strong><\/p><\/div>\r\n\t\t\t<div class=\"popin_exposant_resaux\">\r\n\t\t\t\t<div class=\"reseaux\" style=\"    display: flex;   justify-content: flex-end;\"><\/div>\r\n\t\t\t\t\r\n\t\t\t<\/div>\r\n\t\t\t\r\n\t\t\t<\/div><\/div><\/div><div id=\" \"class=\"exposant_item_popin\" data-id=\"9019\">\r\n\t\t\t\t\t<div class=\"exposant_item_popin_content box_shadow\">\r\n\r\n\t\t\t\t\t<div class=\"close\" data-id=\"9019\"><\/div>\r\n\t\t\t\t\t<div class=\"exposant_item_popin_scrolled_content\">\t\t\t\t\t\r\n\t\t\t\t<div class=\"flexpopupligne1\">\r\n\t\t\t\t\t<div class=\"popin_exposant_logo\"><img class=\"photo\" src=\"\/arx-custom-img\/exposant-amenago-default.jpg\"><\/div>\r\n\t\t\t\t\t<div class=\"\"><p class=\"arx_titlte_exposantpopup\">CENTRAL ASPI<\/p><p class=\"arx_popup_site\"><a href=\"http:\/\/www.central-aspi.fr\/\" target=\"_blank\">www.central-aspi.fr\/<\/a><\/p><p class=\"arx_stand_exposant_popup\">C34<\/p><\/div><div class=\"nomenclature\" style=\"font-family: AzoSansbold !important;  line-height: 38px !important;     color: #002350 !important;\"><span>#j'optimise les performances, je s\u00e9curise mon logement<\/span><\/div>\r\n\t\t\t<\/div>\r\n\t\t\t\t<div class=\"popin_exposant_adresse\" style=\"margin-top:25px\"><p class=\"arx_adresse_popup\"><img src=\"\/wp-content\/uploads\/2023\/01\/Vector-2.png\" style=\"margin-right:3px\"><strong>ZAC DU MOURILLON\n33 RUE LAVOISIER\n., 56530 - QUEVEN<\/strong><\/p><\/div>\r\n\t\t\t\t\r\n\t\t\t\t<div class=\"popin_exposant_content\"><p class=\"arx_expo_extrait\"><strong>Distributeur et installateur d'aspiration centralis\u00e9e Cyclovac<\/strong><\/p><\/div>\r\n\t\t\t<div class=\"popin_exposant_resaux\">\r\n\t\t\t\t<div class=\"reseaux\" style=\"    display: flex;   justify-content: flex-end;\"><\/div>\r\n\t\t\t\t\r\n\t\t\t<\/div>\r\n\t\t\t\r\n\t\t\t<\/div><\/div><\/div><div id=\" \"class=\"exposant_item_popin\" data-id=\"10234\">\r\n\t\t\t\t\t<div class=\"exposant_item_popin_content box_shadow\">\r\n\r\n\t\t\t\t\t<div class=\"close\" data-id=\"10234\"><\/div>\r\n\t\t\t\t\t<div class=\"exposant_item_popin_scrolled_content\">\t\t\t\t\t\r\n\t\t\t\t<div class=\"flexpopupligne1\">\r\n\t\t\t\t\t<div class=\"popin_exposant_logo\"><img class=\"photo\" src=\"\/arx-custom-img\/exposant-amenago-default.jpg\"><\/div>\r\n\t\t\t\t\t<div class=\"\"><p class=\"arx_titlte_exposantpopup\">CENTRAL ASPI<\/p><p class=\"arx_popup_site\"><a href=\"http:\/\/www.central-aspi.fr\/\" target=\"_blank\">www.central-aspi.fr\/<\/a><\/p><p class=\"arx_stand_exposant_popup\">C34<\/p><\/div><div class=\"nomenclature\" style=\"font-family: AzoSansbold !important;  line-height: 38px !important;     color: #002350 !important;\"><span>#j'optimise les performances, je s\u00e9curise mon logement<\/span><\/div>\r\n\t\t\t<\/div>\r\n\t\t\t\t<div class=\"popin_exposant_adresse\" style=\"margin-top:25px\"><p class=\"arx_adresse_popup\"><img src=\"\/wp-content\/uploads\/2023\/01\/Vector-2.png\" style=\"margin-right:3px\"><strong>ZAC DU MOURILLON\n33 RUE LAVOISIER\n., 56530 - QUEVEN<\/strong><\/p><\/div>\r\n\t\t\t\t\r\n\t\t\t\t<div class=\"popin_exposant_content\"><p class=\"arx_expo_extrait\"><strong>Distributeur et installateur d'aspiration centralis\u00e9e Cyclovac<\/strong><\/p><\/div>\r\n\t\t\t<div class=\"popin_exposant_resaux\">\r\n\t\t\t\t<div class=\"reseaux\" style=\"    display: flex;   justify-content: flex-end;\"><\/div>\r\n\t\t\t\t\r\n\t\t\t<\/div>\r\n\t\t\t\r\n\t\t\t<\/div><\/div><\/div><div id=\" \"class=\"exposant_item_popin\" data-id=\"9104\">\r\n\t\t\t\t\t<div class=\"exposant_item_popin_content box_shadow\">\r\n\r\n\t\t\t\t\t<div class=\"close\" data-id=\"9104\"><\/div>\r\n\t\t\t\t\t<div class=\"exposant_item_popin_scrolled_content\">\t\t\t\t\t\r\n\t\t\t\t<div class=\"flexpopupligne1\">\r\n\t\t\t\t\t<div class=\"popin_exposant_logo\"><img class=\"photo\" src=\"\/arx-custom-img\/exposant-amenago-default.jpg\"><\/div>\r\n\t\t\t\t\t<div class=\"\"><p class=\"arx_titlte_exposantpopup\">CHAMBRE INTERDEPARTEMENTALE DES NOTAIRES DE LA COUR D'APPEL DE RENNES<\/p><p class=\"arx_popup_site\"><a href=\"http:\/\/www.notaireetbreton.bzh\/\" target=\"_blank\">www.notaireetbreton.bzh\/<\/a><\/p><p class=\"arx_stand_exposant_popup\"><\/p><\/div><div class=\"nomenclature\" style=\"font-family: AzoSansbold !important;  line-height: 38px !important;     color: #002350 !important;\"><\/div>\r\n\t\t\t<\/div>\r\n\t\t\t\t<div class=\"popin_exposant_adresse\" style=\"margin-top:25px\"><p class=\"arx_adresse_popup\"><img src=\"\/wp-content\/uploads\/2023\/01\/Vector-2.png\" style=\"margin-right:3px\"><strong>2 MAIL ANNE CATHERINE, 35043 - RENNES<\/strong><\/p><\/div>\r\n\t\t\t\t\r\n\t\t\t\t<div class=\"popin_exposant_content\"><p class=\"arx_expo_extrait\"><strong> <\/strong><\/p><\/div>\r\n\t\t\t<div class=\"popin_exposant_resaux\">\r\n\t\t\t\t<div class=\"reseaux\" style=\"    display: flex;   justify-content: flex-end;\"><\/div>\r\n\t\t\t\t\r\n\t\t\t<\/div>\r\n\t\t\t\r\n\t\t\t<\/div><\/div><\/div><div id=\" \"class=\"exposant_item_popin\" data-id=\"9105\">\r\n\t\t\t\t\t<div class=\"exposant_item_popin_content box_shadow\">\r\n\r\n\t\t\t\t\t<div class=\"close\" data-id=\"9105\"><\/div>\r\n\t\t\t\t\t<div class=\"exposant_item_popin_scrolled_content\">\t\t\t\t\t\r\n\t\t\t\t<div class=\"flexpopupligne1\">\r\n\t\t\t\t\t<div class=\"popin_exposant_logo\"><img class=\"photo\" src=\"\/arx-custom-img\/exposant-amenago-default.jpg\"><\/div>\r\n\t\t\t\t\t<div class=\"\"><p class=\"arx_titlte_exposantpopup\">CHIRA LUCIEN<\/p><p class=\"arx_popup_site\"><\/p><p class=\"arx_stand_exposant_popup\">A39<\/p><\/div><div class=\"nomenclature\" style=\"font-family: AzoSansbold !important;  line-height: 38px !important;     color: #002350 !important;\"><span>#je cr\u00e9e ou je r\u00e9nove ma cuisine, ma salle de bain<\/span><\/div>\r\n\t\t\t<\/div>\r\n\t\t\t\t<div class=\"popin_exposant_adresse\" style=\"margin-top:25px\"><p class=\"arx_adresse_popup\"><img src=\"\/wp-content\/uploads\/2023\/01\/Vector-2.png\" style=\"margin-right:3px\"><strong>CCAS\n8 RUE VERDELET, 29000 - QUIMPER<\/strong><\/p><\/div>\r\n\t\t\t\t\r\n\t\t\t\t<div class=\"popin_exposant_content\"><p class=\"arx_expo_extrait\"><strong>Batterie de cuisine<\/strong><\/p><\/div>\r\n\t\t\t<div class=\"popin_exposant_resaux\">\r\n\t\t\t\t<div class=\"reseaux\" style=\"    display: flex;   justify-content: flex-end;\"><\/div>\r\n\t\t\t\t\r\n\t\t\t<\/div>\r\n\t\t\t\r\n\t\t\t<\/div><\/div><\/div><div id=\" \"class=\"exposant_item_popin\" data-id=\"9102\">\r\n\t\t\t\t\t<div class=\"exposant_item_popin_content box_shadow\">\r\n\r\n\t\t\t\t\t<div class=\"close\" data-id=\"9102\"><\/div>\r\n\t\t\t\t\t<div class=\"exposant_item_popin_scrolled_content\">\t\t\t\t\t\r\n\t\t\t\t<div class=\"flexpopupligne1\">\r\n\t\t\t\t\t<div class=\"popin_exposant_logo\"><img class=\"photo\" src=\"\/arx-custom-img\/exposant-amenago-default.jpg\"><\/div>\r\n\t\t\t\t\t<div class=\"\"><p class=\"arx_titlte_exposantpopup\">CHRISTIAN MAZEAS<\/p><p class=\"arx_popup_site\"><a href=\"http:\/\/www.christianmazeas-artiste.fr\/\" target=\"_blank\">www.christianmazeas-artiste.fr\/<\/a><\/p><p class=\"arx_stand_exposant_popup\">H13<\/p><\/div><div class=\"nomenclature\" style=\"font-family: AzoSansbold !important;  line-height: 38px !important;     color: #002350 !important;\"><span>#j'am\u00e9nage, j'agence et je d\u00e9core ma maison<\/span><\/div>\r\n\t\t\t<\/div>\r\n\t\t\t\t<div class=\"popin_exposant_adresse\" style=\"margin-top:25px\"><p class=\"arx_adresse_popup\"><img src=\"\/wp-content\/uploads\/2023\/01\/Vector-2.png\" style=\"margin-right:3px\"><strong>104 RUE HERVE DE GUEBRIANT, 29800 - LANDERNEAU<\/strong><\/p><\/div>\r\n\t\t\t\t\r\n\t\t\t\t<div class=\"popin_exposant_content\"><p class=\"arx_expo_extrait\"><strong>Artiste Peintre<\/strong><\/p><\/div>\r\n\t\t\t<div class=\"popin_exposant_resaux\">\r\n\t\t\t\t<div class=\"reseaux\" style=\"    display: flex;   justify-content: flex-end;\"><\/div>\r\n\t\t\t\t\r\n\t\t\t<\/div>\r\n\t\t\t\r\n\t\t\t<\/div><\/div><\/div><div id=\" \"class=\"exposant_item_popin\" data-id=\"9051\">\r\n\t\t\t\t\t<div class=\"exposant_item_popin_content box_shadow\">\r\n\r\n\t\t\t\t\t<div class=\"close\" data-id=\"9051\"><\/div>\r\n\t\t\t\t\t<div class=\"exposant_item_popin_scrolled_content\">\t\t\t\t\t\r\n\t\t\t\t<div class=\"flexpopupligne1\">\r\n\t\t\t\t\t<div class=\"popin_exposant_logo\"><img class=\"photo\" src=\"\/arx-custom-img\/exposant-amenago-default.jpg\"><\/div>\r\n\t\t\t\t\t<div class=\"\"><p class=\"arx_titlte_exposantpopup\">CLEAN PARQUET<\/p><p class=\"arx_popup_site\"><a href=\"http:\/\/www.clean-parquet.com\/\" target=\"_blank\">www.clean-parquet.com\/<\/a><\/p><p class=\"arx_stand_exposant_popup\">E15<\/p><\/div><div class=\"nomenclature\" style=\"font-family: AzoSansbold !important;  line-height: 38px !important;     color: #002350 !important;\"><span>#j'am\u00e9nage, j'agence et je d\u00e9core ma maison<\/span><\/div>\r\n\t\t\t<\/div>\r\n\t\t\t\t<div class=\"popin_exposant_adresse\" style=\"margin-top:25px\"><p class=\"arx_adresse_popup\"><img src=\"\/wp-content\/uploads\/2023\/01\/Vector-2.png\" style=\"margin-right:3px\"><strong>KERLESTREC\nLIEU DIT KERLESTREC\n., 29510 - LANDREVARZEC<\/strong><\/p><\/div>\r\n\t\t\t\t\r\n\t\t\t\t<div class=\"popin_exposant_content\"><p class=\"arx_expo_extrait\"><strong>Sp\u00e9cialiste local de la r\u00e9novation de parquets et escaliers depuis 1963. Pon\u00e7age, vitrification, teinte sur mesure, impression num\u00e9rique. <\/strong><\/p><\/div>\r\n\t\t\t<div class=\"popin_exposant_resaux\">\r\n\t\t\t\t<div class=\"reseaux\" style=\"    display: flex;   justify-content: flex-end;\"><\/div>\r\n\t\t\t\t\r\n\t\t\t<\/div>\r\n\t\t\t\r\n\t\t\t<\/div><\/div><\/div><div id=\" \"class=\"exposant_item_popin\" data-id=\"10165\">\r\n\t\t\t\t\t<div class=\"exposant_item_popin_content box_shadow\">\r\n\r\n\t\t\t\t\t<div class=\"close\" data-id=\"10165\"><\/div>\r\n\t\t\t\t\t<div class=\"exposant_item_popin_scrolled_content\">\t\t\t\t\t\r\n\t\t\t\t<div class=\"flexpopupligne1\">\r\n\t\t\t\t\t<div class=\"popin_exposant_logo\"><img class=\"photo\" src=\"\/arx-custom-img\/exposant-amenago-default.jpg\"><\/div>\r\n\t\t\t\t\t<div class=\"\"><p class=\"arx_titlte_exposantpopup\">CLEAN PARQUET<\/p><p class=\"arx_popup_site\"><a href=\"http:\/\/www.clean-parquet.com\/\" target=\"_blank\">www.clean-parquet.com\/<\/a><\/p><p class=\"arx_stand_exposant_popup\">E03<\/p><\/div><div class=\"nomenclature\" style=\"font-family: AzoSansbold !important;  line-height: 38px !important;     color: #002350 !important;\"><span>#j'am\u00e9nage, j'agence et je d\u00e9core ma maison<\/span><\/div>\r\n\t\t\t<\/div>\r\n\t\t\t\t<div class=\"popin_exposant_adresse\" style=\"margin-top:25px\"><p class=\"arx_adresse_popup\"><img src=\"\/wp-content\/uploads\/2023\/01\/Vector-2.png\" style=\"margin-right:3px\"><strong>KERLESTREC\nLIEU DIT KERLESTREC\n., 29510 - LANDREVARZEC<\/strong><\/p><\/div>\r\n\t\t\t\t\r\n\t\t\t\t<div class=\"popin_exposant_content\"><p class=\"arx_expo_extrait\"><strong>Sp\u00e9cialiste local de la r\u00e9novation de parquets et escaliers depuis 1963. Pon\u00e7age, vitrification, teinte sur mesure, impression num\u00e9rique. <\/strong><\/p><\/div>\r\n\t\t\t<div class=\"popin_exposant_resaux\">\r\n\t\t\t\t<div class=\"reseaux\" style=\"    display: flex;   justify-content: flex-end;\"><\/div>\r\n\t\t\t\t\r\n\t\t\t<\/div>\r\n\t\t\t\r\n\t\t\t<\/div><\/div><\/div><div id=\" \"class=\"exposant_item_popin\" data-id=\"10258\">\r\n\t\t\t\t\t<div class=\"exposant_item_popin_content box_shadow\">\r\n\r\n\t\t\t\t\t<div class=\"close\" data-id=\"10258\"><\/div>\r\n\t\t\t\t\t<div class=\"exposant_item_popin_scrolled_content\">\t\t\t\t\t\r\n\t\t\t\t<div class=\"flexpopupligne1\">\r\n\t\t\t\t\t<div class=\"popin_exposant_logo\"><img class=\"photo\" src=\"https:\/\/exposant.gl-events.com\/uploads\/company_booths\/logos\/25eb7103c662fc11b58dd945d8985063.png\"><\/div>\r\n\t\t\t\t\t<div class=\"\"><p class=\"arx_titlte_exposantpopup\">COMBLES D'EN FRANCE BRETAGNE<\/p><p class=\"arx_popup_site\"><a href=\"http:\/\/combles-bretagne.com\/\" target=\"_blank\">combles-bretagne.com\/<\/a><\/p><p class=\"arx_stand_exposant_popup\">E02<\/p><\/div><div class=\"nomenclature\" style=\"font-family: AzoSansbold !important;  line-height: 38px !important;     color: #002350 !important;\"><span>#je construis, je r\u00e9nove ma maison<\/span><\/div>\r\n\t\t\t<\/div>\r\n\t\t\t\t<div class=\"popin_exposant_adresse\" style=\"margin-top:25px\"><p class=\"arx_adresse_popup\"><img src=\"\/wp-content\/uploads\/2023\/01\/Vector-2.png\" style=\"margin-right:3px\"><strong>3 impasse de Trevegat, 56400 - PLOEMEL<\/strong><\/p><\/div>\r\n\t\t\t\t\r\n\t\t\t\t<div class=\"popin_exposant_content\"><p class=\"arx_expo_extrait\"><strong>Sp\u00e9cialistes des combles<\/strong><\/p><\/div>\r\n\t\t\t<div class=\"popin_exposant_resaux\">\r\n\t\t\t\t<div class=\"reseaux\" style=\"    display: flex;   justify-content: flex-end;\"><\/div>\r\n\t\t\t\t\r\n\t\t\t<\/div>\r\n\t\t\t\r\n\t\t\t<\/div><\/div><\/div><div id=\" \"class=\"exposant_item_popin\" data-id=\"8974\">\r\n\t\t\t\t\t<div class=\"exposant_item_popin_content box_shadow\">\r\n\r\n\t\t\t\t\t<div class=\"close\" data-id=\"8974\"><\/div>\r\n\t\t\t\t\t<div class=\"exposant_item_popin_scrolled_content\">\t\t\t\t\t\r\n\t\t\t\t<div class=\"flexpopupligne1\">\r\n\t\t\t\t\t<div class=\"popin_exposant_logo\"><img class=\"photo\" src=\"\/arx-custom-img\/exposant-amenago-default.jpg\"><\/div>\r\n\t\t\t\t\t<div class=\"\"><p class=\"arx_titlte_exposantpopup\">CONSTRUCTIONS DU BELON<\/p><p class=\"arx_popup_site\"><a href=\"http:\/\/www.constructions-du-belon.com\/nos-agences\/quimper\/\" target=\"_blank\">www.constructions-du-belon.com\/nos-agences\/quimper\/<\/a><\/p><p class=\"arx_stand_exposant_popup\">E19<\/p><\/div><div class=\"nomenclature\" style=\"font-family: AzoSansbold !important;  line-height: 38px !important;     color: #002350 !important;\"><span>#je construis, je r\u00e9nove ma maison<\/span><\/div>\r\n\t\t\t<\/div>\r\n\t\t\t\t<div class=\"popin_exposant_adresse\" style=\"margin-top:25px\"><p class=\"arx_adresse_popup\"><img src=\"\/wp-content\/uploads\/2023\/01\/Vector-2.png\" style=\"margin-right:3px\"><strong>14 RUE MARIE LE FRANC14 RUE MARIE LE FRANC, 56600 - LANESTER<\/strong><\/p><\/div>\r\n\t\t\t\t\r\n\t\t\t\t<div class=\"popin_exposant_content\"><p class=\"arx_expo_extrait\"><strong>Constructeur de maisons individuelles<\/strong><\/p><\/div>\r\n\t\t\t<div class=\"popin_exposant_resaux\">\r\n\t\t\t\t<div class=\"reseaux\" style=\"    display: flex;   justify-content: flex-end;\"><\/div>\r\n\t\t\t\t\r\n\t\t\t<\/div>\r\n\t\t\t\r\n\t\t\t<\/div><\/div><\/div><div id=\" \"class=\"exposant_item_popin\" data-id=\"10161\">\r\n\t\t\t\t\t<div class=\"exposant_item_popin_content box_shadow\">\r\n\r\n\t\t\t\t\t<div class=\"close\" data-id=\"10161\"><\/div>\r\n\t\t\t\t\t<div class=\"exposant_item_popin_scrolled_content\">\t\t\t\t\t\r\n\t\t\t\t<div class=\"flexpopupligne1\">\r\n\t\t\t\t\t<div class=\"popin_exposant_logo\"><img class=\"photo\" src=\"\/arx-custom-img\/exposant-amenago-default.jpg\"><\/div>\r\n\t\t\t\t\t<div class=\"\"><p class=\"arx_titlte_exposantpopup\">CONSTRUCTIONS DU BELON<\/p><p class=\"arx_popup_site\"><a href=\"http:\/\/www.constructions-du-belon.com\/nos-agences\/quimper\/\" target=\"_blank\">www.constructions-du-belon.com\/nos-agences\/quimper\/<\/a><\/p><p class=\"arx_stand_exposant_popup\">E07<\/p><\/div><div class=\"nomenclature\" style=\"font-family: AzoSansbold !important;  line-height: 38px !important;     color: #002350 !important;\"><span>#je construis, je r\u00e9nove ma maison<\/span><\/div>\r\n\t\t\t<\/div>\r\n\t\t\t\t<div class=\"popin_exposant_adresse\" style=\"margin-top:25px\"><p class=\"arx_adresse_popup\"><img src=\"\/wp-content\/uploads\/2023\/01\/Vector-2.png\" style=\"margin-right:3px\"><strong>14 RUE MARIE LE FRANC\n14 RUE MARIE LE FRANC, 56600 - LANESTER<\/strong><\/p><\/div>\r\n\t\t\t\t\r\n\t\t\t\t<div class=\"popin_exposant_content\"><p class=\"arx_expo_extrait\"><strong>Constructeur de maisons individuelles<\/strong><\/p><\/div>\r\n\t\t\t<div class=\"popin_exposant_resaux\">\r\n\t\t\t\t<div class=\"reseaux\" style=\"    display: flex;   justify-content: flex-end;\"><\/div>\r\n\t\t\t\t\r\n\t\t\t<\/div>\r\n\t\t\t\r\n\t\t\t<\/div><\/div><\/div><div id=\" \"class=\"exposant_item_popin\" data-id=\"9064\">\r\n\t\t\t\t\t<div class=\"exposant_item_popin_content box_shadow\">\r\n\r\n\t\t\t\t\t<div class=\"close\" data-id=\"9064\"><\/div>\r\n\t\t\t\t\t<div class=\"exposant_item_popin_scrolled_content\">\t\t\t\t\t\r\n\t\t\t\t<div class=\"flexpopupligne1\">\r\n\t\t\t\t\t<div class=\"popin_exposant_logo\"><img class=\"photo\" src=\"\/arx-custom-img\/exposant-amenago-default.jpg\"><\/div>\r\n\t\t\t\t\t<div class=\"\"><p class=\"arx_titlte_exposantpopup\">CONSTRUCTIONS TY GWENN<\/p><p class=\"arx_popup_site\"><a href=\"http:\/\/www.constructionstygwenn.com\/\" target=\"_blank\">www.constructionstygwenn.com\/<\/a><\/p><p class=\"arx_stand_exposant_popup\">D28<\/p><\/div><div class=\"nomenclature\" style=\"font-family: AzoSansbold !important;  line-height: 38px !important;     color: #002350 !important;\"><span>#je construis, je r\u00e9nove ma maison<\/span><\/div>\r\n\t\t\t<\/div>\r\n\t\t\t\t<div class=\"popin_exposant_adresse\" style=\"margin-top:25px\"><p class=\"arx_adresse_popup\"><img src=\"\/wp-content\/uploads\/2023\/01\/Vector-2.png\" style=\"margin-right:3px\"><strong>166 RTE DE BELGIQUE\n166 RUE DE BELGIQUE\n., 56100 - LORIENT<\/strong><\/p><\/div>\r\n\t\t\t\t\r\n\t\t\t\t<div class=\"popin_exposant_content\"><p class=\"arx_expo_extrait\"><strong>Constructeur de maisons<\/strong><\/p><\/div>\r\n\t\t\t<div class=\"popin_exposant_resaux\">\r\n\t\t\t\t<div class=\"reseaux\" style=\"    display: flex;   justify-content: flex-end;\"><\/div>\r\n\t\t\t\t\r\n\t\t\t<\/div>\r\n\t\t\t\r\n\t\t\t<\/div><\/div><\/div><div id=\" \"class=\"exposant_item_popin\" data-id=\"10178\">\r\n\t\t\t\t\t<div class=\"exposant_item_popin_content box_shadow\">\r\n\r\n\t\t\t\t\t<div class=\"close\" data-id=\"10178\"><\/div>\r\n\t\t\t\t\t<div class=\"exposant_item_popin_scrolled_content\">\t\t\t\t\t\r\n\t\t\t\t<div class=\"flexpopupligne1\">\r\n\t\t\t\t\t<div class=\"popin_exposant_logo\"><img class=\"photo\" src=\"https:\/\/exposant.gl-events.com\/uploads\/company_booths\/logos\/18a874c4e158aa53123de6f251a0a665.jpg\"><\/div>\r\n\t\t\t\t\t<div class=\"\"><p class=\"arx_titlte_exposantpopup\">CONSTRUCTIONS TY GWENN<\/p><p class=\"arx_popup_site\"><a href=\"http:\/\/www.constructionstygwenn.com\/\" target=\"_blank\">www.constructionstygwenn.com\/<\/a><\/p><p class=\"arx_stand_exposant_popup\">D28<\/p><\/div><div class=\"nomenclature\" style=\"font-family: AzoSansbold !important;  line-height: 38px !important;     color: #002350 !important;\"><span>#je construis, je r\u00e9nove ma maison<\/span><\/div>\r\n\t\t\t<\/div>\r\n\t\t\t\t<div class=\"popin_exposant_adresse\" style=\"margin-top:25px\"><p class=\"arx_adresse_popup\"><img src=\"\/wp-content\/uploads\/2023\/01\/Vector-2.png\" style=\"margin-right:3px\"><strong>166 RTE DE BELGIQUE\n166 RUE DE BELGIQUE\n., 56100 - LORIENT<\/strong><\/p><\/div>\r\n\t\t\t\t\r\n\t\t\t\t<div class=\"popin_exposant_content\"><p class=\"arx_expo_extrait\"><strong>Constructeur de maisons individuelles, b\u00e2timents tertiaires, plans personnalis\u00e9s.<\/strong><\/p><\/div>\r\n\t\t\t<div class=\"popin_exposant_resaux\">\r\n\t\t\t\t<div class=\"reseaux\" style=\"    display: flex;   justify-content: flex-end;\"><a href=\"https:\/\/www.facebook.com\/tygwennconstructions\/\" target=\"_blank\"><img src=\"\/arx-custom-img\/exposant-fb.svg\"><\/a><a href=\"https:\/\/www.instagram.com\/constructionstygwenn\/\" target=\"_blank\"><img src=\"\/arx-custom-img\/exposant-insta.svg\"><\/a><a href=\"https:\/\/fr.pinterest.com\/83beefe200bf93d89db627be59a209\/\" target=\"_blank\"><img src=\"\/arx-custom-img\/exposant-pinterest.svg\"><\/a><\/div>\r\n\t\t\t\t\r\n\t\t\t<\/div>\r\n\t\t\t\r\n\t\t\t\r\n\t\t\t\t<div class=\"popin_exposant_documents\">\r\n\t\t\t\t\t<div class=\"titre_produits\">DOCUMENTS<\/div>\r\n\t\t\t\t<div class=\"flexdocument\">\r\n\t\t\t\t\t<div class=\"document_item\">\r\n\t\t\t\t\t<div><img src=\"\/wp-content\/uploads\/2023\/01\/note-2.svg\"><\/div>\r\n\t\t\t\t\t<div><a href=\"https:\/\/exposant.gl-events.com\/uploads\/documents\/09085266845f85145a500801f688d977.jpg\" target=\"_blank\">TY GWENN Constructions<\/a><\/div>\t\t\t\t\t\r\n\t\t\t\t\t<\/div>\r\n\t\t\t\t\t<div class=\"document_item\">\r\n\t\t\t\t\t<div><img src=\"\/wp-content\/uploads\/2023\/01\/note-2.svg\"><\/div>\r\n\t\t\t\t\t<div><a href=\"https:\/\/exposant.gl-events.com\/uploads\/documents\/0a11c59370577d39eab23a0849997179.jpg\" target=\"_blank\">Maisons individuelles<\/a><\/div>\t\t\t\t\t\r\n\t\t\t\t\t<\/div>\t\r\n\t\t\t\t<\/div><\/div><\/div><\/div><\/div><div id=\" \"class=\"exposant_item_popin\" data-id=\"10278\">\r\n\t\t\t\t\t<div class=\"exposant_item_popin_content box_shadow\">\r\n\r\n\t\t\t\t\t<div class=\"close\" data-id=\"10278\"><\/div>\r\n\t\t\t\t\t<div class=\"exposant_item_popin_scrolled_content\">\t\t\t\t\t\r\n\t\t\t\t<div class=\"flexpopupligne1\">\r\n\t\t\t\t\t<div class=\"popin_exposant_logo\"><img class=\"photo\" src=\"\/arx-custom-img\/exposant-amenago-default.jpg\"><\/div>\r\n\t\t\t\t\t<div class=\"\"><p class=\"arx_titlte_exposantpopup\">COULEUR PAYSAGE<\/p><p class=\"arx_popup_site\"><a href=\"http:\/\/www.couleur-paysage.fr\/\" target=\"_blank\">www.couleur-paysage.fr\/<\/a><\/p><p class=\"arx_stand_exposant_popup\">C19<\/p><\/div><div class=\"nomenclature\" style=\"font-family: AzoSansbold !important;  line-height: 38px !important;     color: #002350 !important;\"><span>#j'am\u00e9nage mon jardin, ma terrasse, mon balcon<\/span><\/div>\r\n\t\t\t<\/div>\r\n\t\t\t\t<div class=\"popin_exposant_adresse\" style=\"margin-top:25px\"><p class=\"arx_adresse_popup\"><img src=\"\/wp-content\/uploads\/2023\/01\/Vector-2.png\" style=\"margin-right:3px\"><strong>71 Hent Penhoad Braz, 29700 - PLOMELIN<\/strong><\/p><\/div>\r\n\t\t\t\t\r\n\t\t\t\t<div class=\"popin_exposant_content\"><p class=\"arx_expo_extrait\"><strong> <\/strong><\/p><\/div>\r\n\t\t\t<div class=\"popin_exposant_resaux\">\r\n\t\t\t\t<div class=\"reseaux\" style=\"    display: flex;   justify-content: flex-end;\"><\/div>\r\n\t\t\t\t\r\n\t\t\t<\/div>\r\n\t\t\t\r\n\t\t\t<\/div><\/div><\/div><div id=\" \"class=\"exposant_item_popin\" data-id=\"9021\">\r\n\t\t\t\t\t<div class=\"exposant_item_popin_content box_shadow\">\r\n\r\n\t\t\t\t\t<div class=\"close\" data-id=\"9021\"><\/div>\r\n\t\t\t\t\t<div class=\"exposant_item_popin_scrolled_content\">\t\t\t\t\t\r\n\t\t\t\t<div class=\"flexpopupligne1\">\r\n\t\t\t\t\t<div class=\"popin_exposant_logo\"><img class=\"photo\" src=\"\/arx-custom-img\/exposant-amenago-default.jpg\"><\/div>\r\n\t\t\t\t\t<div class=\"\"><p class=\"arx_titlte_exposantpopup\">COULEUR PAYSAGE<\/p><p class=\"arx_popup_site\"><a href=\"http:\/\/www.couleur-paysage.fr\/\" target=\"_blank\">www.couleur-paysage.fr\/<\/a><\/p><p class=\"arx_stand_exposant_popup\">C03<\/p><\/div><div class=\"nomenclature\" style=\"font-family: AzoSansbold !important;  line-height: 38px !important;     color: #002350 !important;\"><span>#j'am\u00e9nage mon jardin, ma terrasse, mon balcon<\/span><\/div>\r\n\t\t\t<\/div>\r\n\t\t\t\t<div class=\"popin_exposant_adresse\" style=\"margin-top:25px\"><p class=\"arx_adresse_popup\"><img src=\"\/wp-content\/uploads\/2023\/01\/Vector-2.png\" style=\"margin-right:3px\"><strong>420 route de Guengat, 29000 - QUIMPER<\/strong><\/p><\/div>\r\n\t\t\t\t\r\n\t\t\t\t<div class=\"popin_exposant_content\"><p class=\"arx_expo_extrait\"><strong>Am\u00e9nagements ext\u00e9rieurs : terrasses, cours et all\u00e9es, constructions bois, cuisine ext\u00e9rieure, \u00e9clairage. \nConception paysag\u00e8re, plantations. Robots tondeuse et entretien de jardins.\n<\/strong><\/p><\/div>\r\n\t\t\t<div class=\"popin_exposant_resaux\">\r\n\t\t\t\t<div class=\"reseaux\" style=\"    display: flex;   justify-content: flex-end;\"><\/div>\r\n\t\t\t\t\r\n\t\t\t<\/div>\r\n\t\t\t\r\n\t\t\t<\/div><\/div><\/div><div id=\" \"class=\"exposant_item_popin\" data-id=\"10266\">\r\n\t\t\t\t\t<div class=\"exposant_item_popin_content box_shadow\">\r\n\r\n\t\t\t\t\t<div class=\"close\" data-id=\"10266\"><\/div>\r\n\t\t\t\t\t<div class=\"exposant_item_popin_scrolled_content\">\t\t\t\t\t\r\n\t\t\t\t<div class=\"flexpopupligne1\">\r\n\t\t\t\t\t<div class=\"popin_exposant_logo\"><img class=\"photo\" src=\"\/arx-custom-img\/exposant-amenago-default.jpg\"><\/div>\r\n\t\t\t\t\t<div class=\"\"><p class=\"arx_titlte_exposantpopup\">COURANTS D'OUEST<\/p><p class=\"arx_popup_site\"><a href=\"http:\/\/www.courantsdouest.com\/\" target=\"_blank\">www.courantsdouest.com\/<\/a><\/p><p class=\"arx_stand_exposant_popup\">E16<\/p><\/div><div class=\"nomenclature\" style=\"font-family: AzoSansbold !important;  line-height: 38px !important;     color: #002350 !important;\"><span>#j'optimise les performances, je s\u00e9curise mon logement<\/span><\/div>\r\n\t\t\t<\/div>\r\n\t\t\t\t<div class=\"popin_exposant_adresse\" style=\"margin-top:25px\"><p class=\"arx_adresse_popup\"><img src=\"\/wp-content\/uploads\/2023\/01\/Vector-2.png\" style=\"margin-right:3px\"><strong>42 Avenue de Keradennec, 29000 - QUIMPER<\/strong><\/p><\/div>\r\n\t\t\t\t\r\n\t\t\t\t<div class=\"popin_exposant_content\"><p class=\"arx_expo_extrait\"><strong>Energies renouvelables, pompe \u00e0 chaleur et photovolta\u00efque<\/strong><\/p><\/div>\r\n\t\t\t<div class=\"popin_exposant_resaux\">\r\n\t\t\t\t<div class=\"reseaux\" style=\"    display: flex;   justify-content: flex-end;\"><\/div>\r\n\t\t\t\t\r\n\t\t\t<\/div>\r\n\t\t\t\r\n\t\t\t<\/div><\/div><\/div><div id=\" \"class=\"exposant_item_popin\" data-id=\"9007\">\r\n\t\t\t\t\t<div class=\"exposant_item_popin_content box_shadow\">\r\n\r\n\t\t\t\t\t<div class=\"close\" data-id=\"9007\"><\/div>\r\n\t\t\t\t\t<div class=\"exposant_item_popin_scrolled_content\">\t\t\t\t\t\r\n\t\t\t\t<div class=\"flexpopupligne1\">\r\n\t\t\t\t\t<div class=\"popin_exposant_logo\"><img class=\"photo\" src=\"\/arx-custom-img\/exposant-amenago-default.jpg\"><\/div>\r\n\t\t\t\t\t<div class=\"\"><p class=\"arx_titlte_exposantpopup\">COURANTS D'OUEST<\/p><p class=\"arx_popup_site\"><a href=\"http:\/\/www.courantsdouest.com\/\" target=\"_blank\">www.courantsdouest.com\/<\/a><\/p><p class=\"arx_stand_exposant_popup\">E16<\/p><\/div><div class=\"nomenclature\" style=\"font-family: AzoSansbold !important;  line-height: 38px !important;     color: #002350 !important;\"><span>#j'optimise les performances, je s\u00e9curise mon logement<\/span><\/div>\r\n\t\t\t<\/div>\r\n\t\t\t\t<div class=\"popin_exposant_adresse\" style=\"margin-top:25px\"><p class=\"arx_adresse_popup\"><img src=\"\/wp-content\/uploads\/2023\/01\/Vector-2.png\" style=\"margin-right:3px\"><strong>29 AVENUE DE LA GARE\n29 AV DE LA GARE\n., 29000 - QUIMPER<\/strong><\/p><\/div>\r\n\t\t\t\t\r\n\t\t\t\t<div class=\"popin_exposant_content\"><p class=\"arx_expo_extrait\"><strong>Installation \u00e9nergies renouvelables, pompe \u00e0 chaleur, et photovolta\u00efque<\/strong><\/p><\/div>\r\n\t\t\t<div class=\"popin_exposant_resaux\">\r\n\t\t\t\t<div class=\"reseaux\" style=\"    display: flex;   justify-content: flex-end;\"><\/div>\r\n\t\t\t\t\r\n\t\t\t<\/div>\r\n\t\t\t\r\n\t\t\t<\/div><\/div><\/div><div id=\" \"class=\"exposant_item_popin\" data-id=\"9066\">\r\n\t\t\t\t\t<div class=\"exposant_item_popin_content box_shadow\">\r\n\r\n\t\t\t\t\t<div class=\"close\" data-id=\"9066\"><\/div>\r\n\t\t\t\t\t<div class=\"exposant_item_popin_scrolled_content\">\t\t\t\t\t\r\n\t\t\t\t<div class=\"flexpopupligne1\">\r\n\t\t\t\t\t<div class=\"popin_exposant_logo\"><img class=\"photo\" src=\"https:\/\/exposant.gl-events.com\/uploads\/company_booths\/logos\/c257a71c09dd6299e81d816f4096a229.jpg\"><\/div>\r\n\t\t\t\t\t<div class=\"\"><p class=\"arx_titlte_exposantpopup\">COUVRASSISTANCE<\/p><p class=\"arx_popup_site\"><a href=\"http:\/\/couvretanche.fr\/\" target=\"_blank\">couvretanche.fr\/<\/a><\/p><p class=\"arx_stand_exposant_popup\">E22<\/p><\/div><div class=\"nomenclature\" style=\"font-family: AzoSansbold !important;  line-height: 38px !important;     color: #002350 !important;\"><span>#j'optimise les performances, je s\u00e9curise mon logement<\/span><\/div>\r\n\t\t\t<\/div>\r\n\t\t\t\t<div class=\"popin_exposant_adresse\" style=\"margin-top:25px\"><p class=\"arx_adresse_popup\"><img src=\"\/wp-content\/uploads\/2023\/01\/Vector-2.png\" style=\"margin-right:3px\"><strong>7 Rue Dr Picquenard, 29000 - QUIMPER<\/strong><\/p><\/div>\r\n\t\t\t\t\r\n\t\t\t\t<div class=\"popin_exposant_content\"><p class=\"arx_expo_extrait\"><strong>COUVRASSISTANCE Quimper propose ses services aux particuliers.  Couverture, zinguerie, bac acier, d\u00e9moussage toiture, nettoyage, entretien et r\u00e9paration, remplacement de velux, \u00e9tanch\u00e9it\u00e9 bitume et EDPM, intervention d'urgence.<\/strong><\/p><\/div>\r\n\t\t\t<div class=\"popin_exposant_resaux\">\r\n\t\t\t\t<div class=\"reseaux\" style=\"    display: flex;   justify-content: flex-end;\"><\/div>\r\n\t\t\t\t\r\n\t\t\t<\/div>\r\n\t\t\t\r\n\t\t\t<\/div><\/div><\/div><div id=\" \"class=\"exposant_item_popin\" data-id=\"9017\">\r\n\t\t\t\t\t<div class=\"exposant_item_popin_content box_shadow\">\r\n\r\n\t\t\t\t\t<div class=\"close\" data-id=\"9017\"><\/div>\r\n\t\t\t\t\t<div class=\"exposant_item_popin_scrolled_content\">\t\t\t\t\t\r\n\t\t\t\t<div class=\"flexpopupligne1\">\r\n\t\t\t\t\t<div class=\"popin_exposant_logo\"><img class=\"photo\" src=\"https:\/\/exposant.gl-events.com\/uploads\/company_booths\/logos\/bc5fcbd6598296cc54418558604ea3f1.jpg\"><\/div>\r\n\t\t\t\t\t<div class=\"\"><p class=\"arx_titlte_exposantpopup\">CPO<\/p><p class=\"arx_popup_site\"><a href=\"http:\/\/www.proxi-totalenergies.fr\" target=\"_blank\">www.proxi-totalenergies.fr<\/a><\/p><p class=\"arx_stand_exposant_popup\">E11<\/p><\/div><div class=\"nomenclature\" style=\"font-family: AzoSansbold !important;  line-height: 38px !important;     color: #002350 !important;\"><span>#j'optimise les performances, je s\u00e9curise mon logement<\/span><\/div>\r\n\t\t\t<\/div>\r\n\t\t\t\t<div class=\"popin_exposant_adresse\" style=\"margin-top:25px\"><p class=\"arx_adresse_popup\"><img src=\"\/wp-content\/uploads\/2023\/01\/Vector-2.png\" style=\"margin-right:3px\"><strong>TotalEnergies Proxi Nord Ouest (CPO)\n11 route de Pompierre, 48612 - NANTES  cedex 4<\/strong><\/p><\/div>\r\n\t\t\t\t\r\n\t\t\t\t<div class=\"popin_exposant_content\"><p class=\"arx_expo_extrait\"><strong>Installation et maintenance des Pompes \u00e0 chaleur, Chaudi\u00e8res bois\/gaz\/fioul\/\u00e9lectriques, \r\nFourniture multi-\u00e9nergies : granul\u00e9s de bois (sac, vrac, palettes), b\u00fbches (sac, palette), fioul\r\nMulti-services associ\u00e9s (mensualisation, espace client en ligne, prime r\u00e9novation \u00e9nerg\u00e9tique\u2026)\r\n\r\n<\/strong><\/p><\/div>\r\n\t\t\t<div class=\"popin_exposant_resaux\">\r\n\t\t\t\t<div class=\"reseaux\" style=\"    display: flex;   justify-content: flex-end;\"><\/div>\r\n\t\t\t\t\r\n\t\t\t<\/div>\r\n\t\t\t\r\n\t\t\t\r\n\t\t\t\t<div class=\"popin_exposant_documents\">\r\n\t\t\t\t\t<div class=\"titre_produits\">DOCUMENTS<\/div>\r\n\t\t\t\t<div class=\"flexdocument\">\r\n\t\t\t\t\t<div class=\"document_item\">\r\n\t\t\t\t\t<div><img src=\"\/wp-content\/uploads\/2023\/01\/note-2.svg\"><\/div>\r\n\t\t\t\t\t<div><a href=\"https:\/\/exposant.gl-events.com\/uploads\/documents\/644e673b79c6f9dc5a8e7517abac3d40.pdf\" target=\"_blank\">Plaquette installation et entretien de PAC et chaudi\u00e8res<\/a><\/div>\t\t\t\t\t\r\n\t\t\t\t\t<\/div>\t\r\n\t\t\t\t<\/div><\/div>\r\n\t\t\t\t<div class=\"popin_exposant_produits\">\r\n\t\t\t\t\t<div class=\"titre_produits\" style=\"padding-bottom:40px !important\">PRODUITS<\/div>\r\n\t\t\t\t\r\n\t\t\t\t\t\r\n\t\t\t\t\t<div class=\"produit_item\">\r\n\t\t\t\t\t<div class=\"col1\">\r\n\t\t\t\t\t\t<div class=\"produit_img\"><a href=\"https:\/\/exposant.gl-events.com\/uploads\/products\/c75fe2df21b0e37126dafe389afe47f4.jpg\" class=\"et_pb_lightbox_image\"><img src=\"https:\/\/exposant.gl-events.com\/uploads\/products\/c75fe2df21b0e37126dafe389afe47f4.jpg\"><\/a><\/div>\r\n\t\t\t\t\t<\/div>\r\n\t\t\t\t\t<div class=\"col2\">\r\n\t\t\t\t\t\t<div class=\"produit_titre\"><strong>Pompe \u00e0 chaleur<\/strong><\/div>\r\n\t\t\t\t\t\t<div class=\"produit_description\"><strong>TotalEnergies Proxi Nord Ouest installe et entretien votre pompe \u00e0 chaleur !<br><br>Partenaire des plus grandes marques : Saunier Duval, Atlantic, Viessmann<\/strong><\/div>\r\n\t\t\t\t\t\t<div class=\"produit_liens\"><\/div>\r\n\t\t\t\t\t<\/div>\r\n\t\t\t\t\t<\/div>\r\n\t\t\t\t\t\r\n\t\t\t\t\t<div class=\"produit_item\">\r\n\t\t\t\t\t<div class=\"col1\">\r\n\t\t\t\t\t\t<div class=\"produit_img\"><a href=\"https:\/\/exposant.gl-events.com\/uploads\/products\/f3363c2cd63dd854231d057d6cdba635.jpg\" class=\"et_pb_lightbox_image\"><img src=\"https:\/\/exposant.gl-events.com\/uploads\/products\/f3363c2cd63dd854231d057d6cdba635.jpg\"><\/a><\/div>\r\n\t\t\t\t\t<\/div>\r\n\t\t\t\t\t<div class=\"col2\">\r\n\t\t\t\t\t\t<div class=\"produit_titre\"><strong>Chaudi\u00e8re \u00e0 granul\u00e9s de bois<\/strong><\/div>\r\n\t\t\t\t\t\t<div class=\"produit_description\"><strong>TotalEnergies Proxi Nord Ouest installe et entretien votre chaudi\u00e8re \u00e0 granul\u00e9s de bois.<br><br>Partenaire de la maque OKOFEN et MORVAN.<\/strong><\/div>\r\n\t\t\t\t\t\t<div class=\"produit_liens\"><\/div>\r\n\t\t\t\t\t<\/div>\r\n\t\t\t\t\t<\/div>\t\r\n\t\t\t\t<\/div><\/div><\/div><\/div><div id=\" \"class=\"exposant_item_popin\" data-id=\"10167\">\r\n\t\t\t\t\t<div class=\"exposant_item_popin_content box_shadow\">\r\n\r\n\t\t\t\t\t<div class=\"close\" data-id=\"10167\"><\/div>\r\n\t\t\t\t\t<div class=\"exposant_item_popin_scrolled_content\">\t\t\t\t\t\r\n\t\t\t\t<div class=\"flexpopupligne1\">\r\n\t\t\t\t\t<div class=\"popin_exposant_logo\"><img class=\"photo\" src=\"\/arx-custom-img\/exposant-amenago-default.jpg\"><\/div>\r\n\t\t\t\t\t<div class=\"\"><p class=\"arx_titlte_exposantpopup\">CPO<\/p><p class=\"arx_popup_site\"><a href=\"http:\/\/www.proxi-totalenergies.fr\" target=\"_blank\">www.proxi-totalenergies.fr<\/a><\/p><p class=\"arx_stand_exposant_popup\">A12<\/p><\/div><div class=\"nomenclature\" style=\"font-family: AzoSansbold !important;  line-height: 38px !important;     color: #002350 !important;\"><span>#j'optimise les performances, je s\u00e9curise mon logement<\/span><\/div>\r\n\t\t\t<\/div>\r\n\t\t\t\t<div class=\"popin_exposant_adresse\" style=\"margin-top:25px\"><p class=\"arx_adresse_popup\"><img src=\"\/wp-content\/uploads\/2023\/01\/Vector-2.png\" style=\"margin-right:3px\"><strong>TotalEnergies Proxi Nord Ouest (CPO)\n11 route de Pompierre, 48612 - NANTES  cedex 4<\/strong><\/p><\/div>\r\n\t\t\t\t\r\n\t\t\t\t<div class=\"popin_exposant_content\"><p class=\"arx_expo_extrait\"><strong>Installation et maintenance des Pompes \u00e0 chaleur, Chaudi\u00e8res bois\/gaz\/fioul\/\u00e9lectriques, \nFourniture multi-\u00e9nergies : granul\u00e9s de bois (sac, vrac, palettes), b\u00fbches (sac, palette), fioul\nMulti-services associ\u00e9s (mensualisation, espace client en ligne, prime r\u00e9novation \u00e9nerg\u00e9tique\u2026)\n\n<\/strong><\/p><\/div>\r\n\t\t\t<div class=\"popin_exposant_resaux\">\r\n\t\t\t\t<div class=\"reseaux\" style=\"    display: flex;   justify-content: flex-end;\"><\/div>\r\n\t\t\t\t\r\n\t\t\t<\/div>\r\n\t\t\t\r\n\t\t\t<\/div><\/div><\/div><div id=\" \"class=\"exposant_item_popin\" data-id=\"8995\">\r\n\t\t\t\t\t<div class=\"exposant_item_popin_content box_shadow\">\r\n\r\n\t\t\t\t\t<div class=\"close\" data-id=\"8995\"><\/div>\r\n\t\t\t\t\t<div class=\"exposant_item_popin_scrolled_content\">\t\t\t\t\t\r\n\t\t\t\t<div class=\"flexpopupligne1\">\r\n\t\t\t\t\t<div class=\"popin_exposant_logo\"><img class=\"photo\" src=\"\/arx-custom-img\/exposant-amenago-default.jpg\"><\/div>\r\n\t\t\t\t\t<div class=\"\"><p class=\"arx_titlte_exposantpopup\">CTC VERANDAS ET EXTENSIONS<\/p><p class=\"arx_popup_site\"><a href=\"http:\/\/www.ctc-verandas.fr\/\" target=\"_blank\">www.ctc-verandas.fr\/<\/a><\/p><p class=\"arx_stand_exposant_popup\">B20<\/p><\/div><div class=\"nomenclature\" style=\"font-family: AzoSansbold !important;  line-height: 38px !important;     color: #002350 !important;\"><span>#j'am\u00e9nage mon jardin, ma terrasse, mon balcon<\/span><\/div>\r\n\t\t\t<\/div>\r\n\t\t\t\t<div class=\"popin_exposant_adresse\" style=\"margin-top:25px\"><p class=\"arx_adresse_popup\"><img src=\"\/wp-content\/uploads\/2023\/01\/Vector-2.png\" style=\"margin-right:3px\"><strong>ZA COAT CONQ\r\nLIEU DIT COAT CONQ\r\nBP 303\r\n., 29900 - CONCARNEAU<\/strong><\/p><\/div>\r\n\t\t\t\t\r\n\t\t\t\t<div class=\"popin_exposant_content\"><p class=\"arx_expo_extrait\"><strong>Fabricant et installateur de projets personnalis\u00e9s de v\u00e9randas et d'extensions<\/strong><\/p><\/div>\r\n\t\t\t<div class=\"popin_exposant_resaux\">\r\n\t\t\t\t<div class=\"reseaux\" style=\"    display: flex;   justify-content: flex-end;\"><\/div>\r\n\t\t\t\t\r\n\t\t\t<\/div>\r\n\t\t\t\r\n\t\t\t<\/div><\/div><\/div><div id=\" \"class=\"exposant_item_popin\" data-id=\"10272\">\r\n\t\t\t\t\t<div class=\"exposant_item_popin_content box_shadow\">\r\n\r\n\t\t\t\t\t<div class=\"close\" data-id=\"10272\"><\/div>\r\n\t\t\t\t\t<div class=\"exposant_item_popin_scrolled_content\">\t\t\t\t\t\r\n\t\t\t\t<div class=\"flexpopupligne1\">\r\n\t\t\t\t\t<div class=\"popin_exposant_logo\"><img class=\"photo\" src=\"\/arx-custom-img\/exposant-amenago-default.jpg\"><\/div>\r\n\t\t\t\t\t<div class=\"\"><p class=\"arx_titlte_exposantpopup\">CUISINE PLUS<\/p><p class=\"arx_popup_site\"><\/p><p class=\"arx_stand_exposant_popup\">D05<\/p><\/div><div class=\"nomenclature\" style=\"font-family: AzoSansbold !important;  line-height: 38px !important;     color: #002350 !important;\"><span>#je cr\u00e9e ou je r\u00e9nove ma cuisine, ma salle de bain<\/span><\/div>\r\n\t\t\t<\/div>\r\n\t\t\t\t<div class=\"popin_exposant_adresse\" style=\"margin-top:25px\"><p class=\"arx_adresse_popup\"><img src=\"\/wp-content\/uploads\/2023\/01\/Vector-2.png\" style=\"margin-right:3px\"><strong>ZAC DE GOURVILY\n3 ALL DES QUATRE LEJEUNE, 29000 - QUIMPER<\/strong><\/p><\/div>\r\n\t\t\t\t\r\n\t\t\t\t<div class=\"popin_exposant_content\"><p class=\"arx_expo_extrait\"><strong> <\/strong><\/p><\/div>\r\n\t\t\t<div class=\"popin_exposant_resaux\">\r\n\t\t\t\t<div class=\"reseaux\" style=\"    display: flex;   justify-content: flex-end;\"><\/div>\r\n\t\t\t\t\r\n\t\t\t<\/div>\r\n\t\t\t\r\n\t\t\t<\/div><\/div><\/div><div id=\" \"class=\"exposant_item_popin\" data-id=\"8986\">\r\n\t\t\t\t\t<div class=\"exposant_item_popin_content box_shadow\">\r\n\r\n\t\t\t\t\t<div class=\"close\" data-id=\"8986\"><\/div>\r\n\t\t\t\t\t<div class=\"exposant_item_popin_scrolled_content\">\t\t\t\t\t\r\n\t\t\t\t<div class=\"flexpopupligne1\">\r\n\t\t\t\t\t<div class=\"popin_exposant_logo\"><img class=\"photo\" src=\"\/arx-custom-img\/exposant-amenago-default.jpg\"><\/div>\r\n\t\t\t\t\t<div class=\"\"><p class=\"arx_titlte_exposantpopup\">CUISINES KERGOURLAY<\/p><p class=\"arx_popup_site\"><a href=\"http:\/\/www.cuisines-kergourlay.fr\/\" target=\"_blank\">www.cuisines-kergourlay.fr\/<\/a><\/p><p class=\"arx_stand_exposant_popup\">A03<\/p><\/div><div class=\"nomenclature\" style=\"font-family: AzoSansbold !important;  line-height: 38px !important;     color: #002350 !important;\"><span>#je cr\u00e9e ou je r\u00e9nove ma cuisine, ma salle de bain<\/span><\/div>\r\n\t\t\t<\/div>\r\n\t\t\t\t<div class=\"popin_exposant_adresse\" style=\"margin-top:25px\"><p class=\"arx_adresse_popup\"><img src=\"\/wp-content\/uploads\/2023\/01\/Vector-2.png\" style=\"margin-right:3px\"><strong>RUE DE LA LIB\u00c9RATION\nBP 49, 29140 - ROSPORDEN<\/strong><\/p><\/div>\r\n\t\t\t\t\r\n\t\t\t\t<div class=\"popin_exposant_content\"><p class=\"arx_expo_extrait\"><strong>Agencement de cuisines, mobilier de bain et dressing (Armony, Nolte, Domelia)<\/strong><\/p><\/div>\r\n\t\t\t<div class=\"popin_exposant_resaux\">\r\n\t\t\t\t<div class=\"reseaux\" style=\"    display: flex;   justify-content: flex-end;\"><\/div>\r\n\t\t\t\t\r\n\t\t\t<\/div>\r\n\t\t\t\r\n\t\t\t<\/div><\/div><\/div><div id=\" \"class=\"exposant_item_popin\" data-id=\"10203\">\r\n\t\t\t\t\t<div class=\"exposant_item_popin_content box_shadow\">\r\n\r\n\t\t\t\t\t<div class=\"close\" data-id=\"10203\"><\/div>\r\n\t\t\t\t\t<div class=\"exposant_item_popin_scrolled_content\">\t\t\t\t\t\r\n\t\t\t\t<div class=\"flexpopupligne1\">\r\n\t\t\t\t\t<div class=\"popin_exposant_logo\"><img class=\"photo\" src=\"\/arx-custom-img\/exposant-amenago-default.jpg\"><\/div>\r\n\t\t\t\t\t<div class=\"\"><p class=\"arx_titlte_exposantpopup\">CUISINES KERGOURLAY<\/p><p class=\"arx_popup_site\"><a href=\"http:\/\/www.cuisines-kergourlay.fr\/\" target=\"_blank\">www.cuisines-kergourlay.fr\/<\/a><\/p><p class=\"arx_stand_exposant_popup\">A03<\/p><\/div><div class=\"nomenclature\" style=\"font-family: AzoSansbold !important;  line-height: 38px !important;     color: #002350 !important;\"><span>#je cr\u00e9e ou je r\u00e9nove ma cuisine, ma salle de bain<\/span><\/div>\r\n\t\t\t<\/div>\r\n\t\t\t\t<div class=\"popin_exposant_adresse\" style=\"margin-top:25px\"><p class=\"arx_adresse_popup\"><img src=\"\/wp-content\/uploads\/2023\/01\/Vector-2.png\" style=\"margin-right:3px\"><strong>RUE DE LA LIB\u00c9RATION\nBP 49, 29140 - ROSPORDEN<\/strong><\/p><\/div>\r\n\t\t\t\t\r\n\t\t\t\t<div class=\"popin_exposant_content\"><p class=\"arx_expo_extrait\"><strong>Agencement de cuisines, mobilier de bain et dressing (Armony, Nolte, Domelia)<\/strong><\/p><\/div>\r\n\t\t\t<div class=\"popin_exposant_resaux\">\r\n\t\t\t\t<div class=\"reseaux\" style=\"    display: flex;   justify-content: flex-end;\"><\/div>\r\n\t\t\t\t\r\n\t\t\t<\/div>\r\n\t\t\t\r\n\t\t\t<\/div><\/div><\/div><div id=\" \"class=\"exposant_item_popin\" data-id=\"8983\">\r\n\t\t\t\t\t<div class=\"exposant_item_popin_content box_shadow\">\r\n\r\n\t\t\t\t\t<div class=\"close\" data-id=\"8983\"><\/div>\r\n\t\t\t\t\t<div class=\"exposant_item_popin_scrolled_content\">\t\t\t\t\t\r\n\t\t\t\t<div class=\"flexpopupligne1\">\r\n\t\t\t\t\t<div class=\"popin_exposant_logo\"><img class=\"photo\" src=\"https:\/\/exposant.gl-events.com\/uploads\/company_booths\/logos\/0c5df3556f5aa68a888d112c8aec1bef.jpg\"><\/div>\r\n\t\t\t\t\t<div class=\"\"><p class=\"arx_titlte_exposantpopup\">CUZON DECORATION<\/p><p class=\"arx_popup_site\"><a href=\"http:\/\/www.cuzon-decoration.com\/\" target=\"_blank\">www.cuzon-decoration.com\/<\/a><\/p><p class=\"arx_stand_exposant_popup\">C16<\/p><\/div><div class=\"nomenclature\" style=\"font-family: AzoSansbold !important;  line-height: 38px !important;     color: #002350 !important;\"><span>#j'am\u00e9nage, j'agence et je d\u00e9core ma maison<\/span><\/div>\r\n\t\t\t<\/div>\r\n\t\t\t\t<div class=\"popin_exposant_adresse\" style=\"margin-top:25px\"><p class=\"arx_adresse_popup\"><img src=\"\/wp-content\/uploads\/2023\/01\/Vector-2.png\" style=\"margin-right:3px\"><strong>20 HENT PENHOAT BRAZ\nLD ZA DE PEN HOAT BRAZ, 29700 - PLOMELIN<\/strong><\/p><\/div>\r\n\t\t\t\t\r\n\t\t\t\t<div class=\"popin_exposant_content\"><p class=\"arx_expo_extrait\"><strong>Enduits \u00e0 la chaux, enduits v\u00e9g\u00e9tals, peinture et d\u00e9coration\r\n\r\nhttp:\/\/www.cuzon-decoration.com\/<\/strong><\/p><\/div>\r\n\t\t\t<div class=\"popin_exposant_resaux\">\r\n\t\t\t\t<div class=\"reseaux\" style=\"    display: flex;   justify-content: flex-end;\"><a href=\"https:\/\/www.instagram.com\/cuzon_decoration\/\" target=\"_blank\"><img src=\"\/arx-custom-img\/exposant-insta.svg\"><\/a><\/div>\r\n\t\t\t\t\r\n\t\t\t<\/div>\r\n\t\t\t\r\n\t\t\t<\/div><\/div><\/div><div id=\" \"class=\"exposant_item_popin\" data-id=\"10204\">\r\n\t\t\t\t\t<div class=\"exposant_item_popin_content box_shadow\">\r\n\r\n\t\t\t\t\t<div class=\"close\" data-id=\"10204\"><\/div>\r\n\t\t\t\t\t<div class=\"exposant_item_popin_scrolled_content\">\t\t\t\t\t\r\n\t\t\t\t<div class=\"flexpopupligne1\">\r\n\t\t\t\t\t<div class=\"popin_exposant_logo\"><img class=\"photo\" src=\"https:\/\/exposant.gl-events.com\/uploads\/company_booths\/logos\/91e018b48b35ba3a96890d7615c06333.jpg\"><\/div>\r\n\t\t\t\t\t<div class=\"\"><p class=\"arx_titlte_exposantpopup\">CUZON DECORATION<\/p><p class=\"arx_popup_site\"><a href=\"http:\/\/www.cuzon-decoration.com\/\" target=\"_blank\">www.cuzon-decoration.com\/<\/a><\/p><p class=\"arx_stand_exposant_popup\">C16<\/p><\/div><div class=\"nomenclature\" style=\"font-family: AzoSansbold !important;  line-height: 38px !important;     color: #002350 !important;\"><span>#j'am\u00e9nage, j'agence et je d\u00e9core ma maison<\/span><\/div>\r\n\t\t\t<\/div>\r\n\t\t\t\t<div class=\"popin_exposant_adresse\" style=\"margin-top:25px\"><p class=\"arx_adresse_popup\"><img src=\"\/wp-content\/uploads\/2023\/01\/Vector-2.png\" style=\"margin-right:3px\"><strong>20 HENT PENHOAT BRAZ\nLD ZA DE PEN HOAT BRAZ, 29700 - PLOMELIN<\/strong><\/p><\/div>\r\n\t\t\t\t\r\n\t\t\t\t<div class=\"popin_exposant_content\"><p class=\"arx_expo_extrait\"><strong>Enduits \u00e0 la chaux, enduits v\u00e9g\u00e9tals, peinture et d\u00e9coration<\/strong><\/p><\/div>\r\n\t\t\t<div class=\"popin_exposant_resaux\">\r\n\t\t\t\t<div class=\"reseaux\" style=\"    display: flex;   justify-content: flex-end;\"><a href=\"https:\/\/www.facebook.com\/p\/Cuzon-D%C3%A9coration-100057667080612\/?locale=fr_FR\" target=\"_blank\"><img src=\"\/arx-custom-img\/exposant-fb.svg\"><\/a><a href=\"https:\/\/www.instagram.com\/cuzon_decoration\/\" target=\"_blank\"><img src=\"\/arx-custom-img\/exposant-insta.svg\"><\/a><\/div>\r\n\t\t\t\t\r\n\t\t\t<\/div>\r\n\t\t\t\r\n\t\t\t<\/div><\/div><\/div><div id=\" \"class=\"exposant_item_popin\" data-id=\"9089\">\r\n\t\t\t\t\t<div class=\"exposant_item_popin_content box_shadow\">\r\n\r\n\t\t\t\t\t<div class=\"close\" data-id=\"9089\"><\/div>\r\n\t\t\t\t\t<div class=\"exposant_item_popin_scrolled_content\">\t\t\t\t\t\r\n\t\t\t\t<div class=\"flexpopupligne1\">\r\n\t\t\t\t\t<div class=\"popin_exposant_logo\"><img class=\"photo\" src=\"\/arx-custom-img\/exposant-amenago-default.jpg\"><\/div>\r\n\t\t\t\t\t<div class=\"\"><p class=\"arx_titlte_exposantpopup\">DECO SILENCE<\/p><p class=\"arx_popup_site\"><a href=\"http:\/\/deco-silence.com\/\" target=\"_blank\">deco-silence.com\/<\/a><\/p><p class=\"arx_stand_exposant_popup\">D34<\/p><\/div><div class=\"nomenclature\" style=\"font-family: AzoSansbold !important;  line-height: 38px !important;     color: #002350 !important;\"><span>#j'am\u00e9nage, j'agence et je d\u00e9core ma maison<\/span><\/div>\r\n\t\t\t<\/div>\r\n\t\t\t\t<div class=\"popin_exposant_adresse\" style=\"margin-top:25px\"><p class=\"arx_adresse_popup\"><img src=\"\/wp-content\/uploads\/2023\/01\/Vector-2.png\" style=\"margin-right:3px\"><strong>11 rue Aristide Briand, 29000 - QUIMPER<\/strong><\/p><\/div>\r\n\t\t\t\t\r\n\t\t\t\t<div class=\"popin_exposant_content\"><p class=\"arx_expo_extrait\"><strong>Fabrication de cuisines sur mesure, de meubles, objets de d\u00e9coration style industriel...<\/strong><\/p><\/div>\r\n\t\t\t<div class=\"popin_exposant_resaux\">\r\n\t\t\t\t<div class=\"reseaux\" style=\"    display: flex;   justify-content: flex-end;\"><\/div>\r\n\t\t\t\t\r\n\t\t\t<\/div>\r\n\t\t\t\r\n\t\t\t<\/div><\/div><\/div><div id=\" \"class=\"exposant_item_popin\" data-id=\"9020\">\r\n\t\t\t\t\t<div class=\"exposant_item_popin_content box_shadow\">\r\n\r\n\t\t\t\t\t<div class=\"close\" data-id=\"9020\"><\/div>\r\n\t\t\t\t\t<div class=\"exposant_item_popin_scrolled_content\">\t\t\t\t\t\r\n\t\t\t\t<div class=\"flexpopupligne1\">\r\n\t\t\t\t\t<div class=\"popin_exposant_logo\"><img class=\"photo\" src=\"\/arx-custom-img\/exposant-amenago-default.jpg\"><\/div>\r\n\t\t\t\t\t<div class=\"\"><p class=\"arx_titlte_exposantpopup\">DOUCHEA<\/p><p class=\"arx_popup_site\"><a href=\"http:\/\/douchea.fr\/\" target=\"_blank\">douchea.fr\/<\/a><\/p><p class=\"arx_stand_exposant_popup\">C01<\/p><\/div><div class=\"nomenclature\" style=\"font-family: AzoSansbold !important;  line-height: 38px !important;     color: #002350 !important;\"><span>#je cr\u00e9e ou je r\u00e9nove ma cuisine, ma salle de bain<\/span><\/div>\r\n\t\t\t<\/div>\r\n\t\t\t\t<div class=\"popin_exposant_adresse\" style=\"margin-top:25px\"><p class=\"arx_adresse_popup\"><img src=\"\/wp-content\/uploads\/2023\/01\/Vector-2.png\" style=\"margin-right:3px\"><strong>2 route des Ballandais, 37510 - SAVONNIERES<\/strong><\/p><\/div>\r\n\t\t\t\t\r\n\t\t\t\t<div class=\"popin_exposant_content\"><p class=\"arx_expo_extrait\"><strong>Fabricant de douches sur mesure en remplacement des anciennes baignoires ou douches<\/strong><\/p><\/div>\r\n\t\t\t<div class=\"popin_exposant_resaux\">\r\n\t\t\t\t<div class=\"reseaux\" style=\"    display: flex;   justify-content: flex-end;\"><\/div>\r\n\t\t\t\t\r\n\t\t\t<\/div>\r\n\t\t\t\r\n\t\t\t<\/div><\/div><\/div><div id=\" \"class=\"exposant_item_popin\" data-id=\"10223\">\r\n\t\t\t\t\t<div class=\"exposant_item_popin_content box_shadow\">\r\n\r\n\t\t\t\t\t<div class=\"close\" data-id=\"10223\"><\/div>\r\n\t\t\t\t\t<div class=\"exposant_item_popin_scrolled_content\">\t\t\t\t\t\r\n\t\t\t\t<div class=\"flexpopupligne1\">\r\n\t\t\t\t\t<div class=\"popin_exposant_logo\"><img class=\"photo\" src=\"\/arx-custom-img\/exposant-amenago-default.jpg\"><\/div>\r\n\t\t\t\t\t<div class=\"\"><p class=\"arx_titlte_exposantpopup\">DOUCHEA<\/p><p class=\"arx_popup_site\"><a href=\"http:\/\/douchea.fr\/\" target=\"_blank\">douchea.fr\/<\/a><\/p><p class=\"arx_stand_exposant_popup\">C01<\/p><\/div><div class=\"nomenclature\" style=\"font-family: AzoSansbold !important;  line-height: 38px !important;     color: #002350 !important;\"><span>#je cr\u00e9e ou je r\u00e9nove ma cuisine, ma salle de bain<\/span><\/div>\r\n\t\t\t<\/div>\r\n\t\t\t\t<div class=\"popin_exposant_adresse\" style=\"margin-top:25px\"><p class=\"arx_adresse_popup\"><img src=\"\/wp-content\/uploads\/2023\/01\/Vector-2.png\" style=\"margin-right:3px\"><strong>2 route des Ballandais, 37510 - SAVONNIERES<\/strong><\/p><\/div>\r\n\t\t\t\t\r\n\t\t\t\t<div class=\"popin_exposant_content\"><p class=\"arx_expo_extrait\"><strong>Fabricant de douches sur mesure en remplacement des anciennes baignoires ou douches<\/strong><\/p><\/div>\r\n\t\t\t<div class=\"popin_exposant_resaux\">\r\n\t\t\t\t<div class=\"reseaux\" style=\"    display: flex;   justify-content: flex-end;\"><\/div>\r\n\t\t\t\t\r\n\t\t\t<\/div>\r\n\t\t\t\r\n\t\t\t<\/div><\/div><\/div><div id=\" \"class=\"exposant_item_popin\" data-id=\"8990\">\r\n\t\t\t\t\t<div class=\"exposant_item_popin_content box_shadow\">\r\n\r\n\t\t\t\t\t<div class=\"close\" data-id=\"8990\"><\/div>\r\n\t\t\t\t\t<div class=\"exposant_item_popin_scrolled_content\">\t\t\t\t\t\r\n\t\t\t\t<div class=\"flexpopupligne1\">\r\n\t\t\t\t\t<div class=\"popin_exposant_logo\"><img class=\"photo\" src=\"\/arx-custom-img\/exposant-amenago-default.jpg\"><\/div>\r\n\t\t\t\t\t<div class=\"\"><p class=\"arx_titlte_exposantpopup\">DP PISCINES<\/p><p class=\"arx_popup_site\"><a href=\"http:\/\/www.dp-piscines.fr\/\" target=\"_blank\">www.dp-piscines.fr\/<\/a><\/p><p class=\"arx_stand_exposant_popup\">EXT01<\/p><\/div><div class=\"nomenclature\" style=\"font-family: AzoSansbold !important;  line-height: 38px !important;     color: #002350 !important;\"><\/div>\r\n\t\t\t<\/div>\r\n\t\t\t\t<div class=\"popin_exposant_adresse\" style=\"margin-top:25px\"><p class=\"arx_adresse_popup\"><img src=\"\/wp-content\/uploads\/2023\/01\/Vector-2.png\" style=\"margin-right:3px\"><strong>LD KERHASCOET, 29700 - PLUGUFFAN<\/strong><\/p><\/div>\r\n\t\t\t\t\r\n\t\t\t\t<div class=\"popin_exposant_content\"><p class=\"arx_expo_extrait\"><strong> <\/strong><\/p><\/div>\r\n\t\t\t<div class=\"popin_exposant_resaux\">\r\n\t\t\t\t<div class=\"reseaux\" style=\"    display: flex;   justify-content: flex-end;\"><\/div>\r\n\t\t\t\t\r\n\t\t\t<\/div>\r\n\t\t\t\r\n\t\t\t<\/div><\/div><\/div><div id=\" \"class=\"exposant_item_popin\" data-id=\"8994\">\r\n\t\t\t\t\t<div class=\"exposant_item_popin_content box_shadow\">\r\n\r\n\t\t\t\t\t<div class=\"close\" data-id=\"8994\"><\/div>\r\n\t\t\t\t\t<div class=\"exposant_item_popin_scrolled_content\">\t\t\t\t\t\r\n\t\t\t\t<div class=\"flexpopupligne1\">\r\n\t\t\t\t\t<div class=\"popin_exposant_logo\"><img class=\"photo\" src=\"https:\/\/exposant.gl-events.com\/uploads\/company_booths\/logos\/3635117db4e86b0819ecc44f49c20a12.png\"><\/div>\r\n\t\t\t\t\t<div class=\"\"><p class=\"arx_titlte_exposantpopup\">DP PISCINES<\/p><p class=\"arx_popup_site\"><a href=\"http:\/\/www.dp-piscines.fr\/\" target=\"_blank\">www.dp-piscines.fr\/<\/a><\/p><p class=\"arx_stand_exposant_popup\">A20<\/p><\/div><div class=\"nomenclature\" style=\"font-family: AzoSansbold !important;  line-height: 38px !important;     color: #002350 !important;\"><span>#j'am\u00e9nage mon jardin, ma terrasse, mon balcon<\/span><\/div>\r\n\t\t\t<\/div>\r\n\t\t\t\t<div class=\"popin_exposant_adresse\" style=\"margin-top:25px\"><p class=\"arx_adresse_popup\"><img src=\"\/wp-content\/uploads\/2023\/01\/Vector-2.png\" style=\"margin-right:3px\"><strong>KERHASCO\u00cbT\nLD KERHASCOET\n., 29700 - PLUGUFFAN<\/strong><\/p><\/div>\r\n\t\t\t\t\r\n\t\t\t\t<div class=\"popin_exposant_content\"><p class=\"arx_expo_extrait\"><strong>Piscine, Spa, Sauna, Hammam, Bain Nordique, le Bassin Fran\u00e7ais<\/strong><\/p><\/div>\r\n\t\t\t<div class=\"popin_exposant_resaux\">\r\n\t\t\t\t<div class=\"reseaux\" style=\"    display: flex;   justify-content: flex-end;\"><\/div>\r\n\t\t\t\t\r\n\t\t\t<\/div>\r\n\t\t\t\r\n\t\t\t\r\n\t\t\t\t<div class=\"popin_exposant_produits\">\r\n\t\t\t\t\t<div class=\"titre_produits\" style=\"padding-bottom:40px !important\">PRODUITS<\/div>\r\n\t\t\t\t\r\n\t\t\t\t\t\r\n\t\t\t\t\t<div class=\"produit_item\">\r\n\t\t\t\t\t<div class=\"col1\">\r\n\t\t\t\t\t\t<div class=\"produit_img\"><a href=\"https:\/\/exposant.gl-events.com\/uploads\/products\/6e6509d8df4db1d5f5c4f112f38ff014.png\" class=\"et_pb_lightbox_image\"><img src=\"https:\/\/exposant.gl-events.com\/uploads\/products\/6e6509d8df4db1d5f5c4f112f38ff014.png\"><\/a><\/div>\r\n\t\t\t\t\t<\/div>\r\n\t\t\t\t\t<div class=\"col2\">\r\n\t\t\t\t\t\t<div class=\"produit_titre\"><strong>PISCINE - SPA - SAUNA - HAMMAM<\/strong><\/div>\r\n\t\t\t\t\t\t<div class=\"produit_description\"><strong><\/strong><\/div>\r\n\t\t\t\t\t\t<div class=\"produit_liens\"><\/div>\r\n\t\t\t\t\t<\/div>\r\n\t\t\t\t\t<\/div>\t\r\n\t\t\t\t<\/div><\/div><\/div><\/div><div id=\" \"class=\"exposant_item_popin\" data-id=\"9005\">\r\n\t\t\t\t\t<div class=\"exposant_item_popin_content box_shadow\">\r\n\r\n\t\t\t\t\t<div class=\"close\" data-id=\"9005\"><\/div>\r\n\t\t\t\t\t<div class=\"exposant_item_popin_scrolled_content\">\t\t\t\t\t\r\n\t\t\t\t<div class=\"flexpopupligne1\">\r\n\t\t\t\t\t<div class=\"popin_exposant_logo\"><img class=\"photo\" src=\"\/arx-custom-img\/exposant-amenago-default.jpg\"><\/div>\r\n\t\t\t\t\t<div class=\"\"><p class=\"arx_titlte_exposantpopup\">DR.DRONE<\/p><p class=\"arx_popup_site\"><a href=\"http:\/\/drdrone.fr\/\" target=\"_blank\">drdrone.fr\/<\/a><\/p><p class=\"arx_stand_exposant_popup\">A23<\/p><\/div><div class=\"nomenclature\" style=\"font-family: AzoSansbold !important;  line-height: 38px !important;     color: #002350 !important;\"><span>#j'optimise les performances, je s\u00e9curise mon logement<\/span><\/div>\r\n\t\t\t<\/div>\r\n\t\t\t\t<div class=\"popin_exposant_adresse\" style=\"margin-top:25px\"><p class=\"arx_adresse_popup\"><img src=\"\/wp-content\/uploads\/2023\/01\/Vector-2.png\" style=\"margin-right:3px\"><strong>18 D LE BOURG, 29170 - PLEUVEN<\/strong><\/p><\/div>\r\n\t\t\t\t\r\n\t\t\t\t<div class=\"popin_exposant_content\"><p class=\"arx_expo_extrait\"><strong>D\u00e9moussage de toitures, nettoyage de fa\u00e7ades particuliers et professionnels, blanchiment des serres, traitement de nids de frelons, prise de vue a\u00e9rienne<\/strong><\/p><\/div>\r\n\t\t\t<div class=\"popin_exposant_resaux\">\r\n\t\t\t\t<div class=\"reseaux\" style=\"    display: flex;   justify-content: flex-end;\"><\/div>\r\n\t\t\t\t\r\n\t\t\t<\/div>\r\n\t\t\t\r\n\t\t\t<\/div><\/div><\/div><div id=\" \"class=\"exposant_item_popin\" data-id=\"10220\">\r\n\t\t\t\t\t<div class=\"exposant_item_popin_content box_shadow\">\r\n\r\n\t\t\t\t\t<div class=\"close\" data-id=\"10220\"><\/div>\r\n\t\t\t\t\t<div class=\"exposant_item_popin_scrolled_content\">\t\t\t\t\t\r\n\t\t\t\t<div class=\"flexpopupligne1\">\r\n\t\t\t\t\t<div class=\"popin_exposant_logo\"><img class=\"photo\" src=\"\/arx-custom-img\/exposant-amenago-default.jpg\"><\/div>\r\n\t\t\t\t\t<div class=\"\"><p class=\"arx_titlte_exposantpopup\">DR.DRONE<\/p><p class=\"arx_popup_site\"><a href=\"http:\/\/drdrone.fr\/\" target=\"_blank\">drdrone.fr\/<\/a><\/p><p class=\"arx_stand_exposant_popup\">A23<\/p><\/div><div class=\"nomenclature\" style=\"font-family: AzoSansbold !important;  line-height: 38px !important;     color: #002350 !important;\"><span>#j'optimise les performances, je s\u00e9curise mon logement<\/span><\/div>\r\n\t\t\t<\/div>\r\n\t\t\t\t<div class=\"popin_exposant_adresse\" style=\"margin-top:25px\"><p class=\"arx_adresse_popup\"><img src=\"\/wp-content\/uploads\/2023\/01\/Vector-2.png\" style=\"margin-right:3px\"><strong>18 D LE BOURG, 29170 - PLEUVEN<\/strong><\/p><\/div>\r\n\t\t\t\t\r\n\t\t\t\t<div class=\"popin_exposant_content\"><p class=\"arx_expo_extrait\"><strong>D\u00e9moussage de toitures, nettoyage de fa\u00e7ades particuliers et professionnels, blanchiment des serres, traitement de nids de frelons, prise de vue a\u00e9rienne<\/strong><\/p><\/div>\r\n\t\t\t<div class=\"popin_exposant_resaux\">\r\n\t\t\t\t<div class=\"reseaux\" style=\"    display: flex;   justify-content: flex-end;\"><\/div>\r\n\t\t\t\t\r\n\t\t\t<\/div>\r\n\t\t\t\r\n\t\t\t<\/div><\/div><\/div><div id=\" \"class=\"exposant_item_popin\" data-id=\"9050\">\r\n\t\t\t\t\t<div class=\"exposant_item_popin_content box_shadow\">\r\n\r\n\t\t\t\t\t<div class=\"close\" data-id=\"9050\"><\/div>\r\n\t\t\t\t\t<div class=\"exposant_item_popin_scrolled_content\">\t\t\t\t\t\r\n\t\t\t\t<div class=\"flexpopupligne1\">\r\n\t\t\t\t\t<div class=\"popin_exposant_logo\"><img class=\"photo\" src=\"https:\/\/exposant.gl-events.com\/uploads\/company_booths\/logos\/f75661e5394b3b24a17c3c2d0c852c97.jpg\"><\/div>\r\n\t\t\t\t\t<div class=\"\"><p class=\"arx_titlte_exposantpopup\">DURAND CREATION<\/p><p class=\"arx_popup_site\"><a href=\"http:\/\/www.durand-creation.com\/\" target=\"_blank\">www.durand-creation.com\/<\/a><\/p><p class=\"arx_stand_exposant_popup\">D02<\/p><\/div><div class=\"nomenclature\" style=\"font-family: AzoSansbold !important;  line-height: 38px !important;     color: #002350 !important;\"><span>#je cr\u00e9e ou je r\u00e9nove ma cuisine, ma salle de bain<\/span><\/div>\r\n\t\t\t<\/div>\r\n\t\t\t\t<div class=\"popin_exposant_adresse\" style=\"margin-top:25px\"><p class=\"arx_adresse_popup\"><img src=\"\/wp-content\/uploads\/2023\/01\/Vector-2.png\" style=\"margin-right:3px\"><strong>9 RUE HYACINTHE LE BLEIS\n9 RUE HYACINTHE LE BLEIS, 29120 - PONT LABB\u00c9<\/strong><\/p><\/div>\r\n\t\t\t\t\r\n\t\t\t\t<div class=\"popin_exposant_content\"><p class=\"arx_expo_extrait\"><strong>Cuisines, agencements, dressings<\/strong><\/p><\/div>\r\n\t\t\t<div class=\"popin_exposant_resaux\">\r\n\t\t\t\t<div class=\"reseaux\" style=\"    display: flex;   justify-content: flex-end;\"><a href=\"https:\/\/www.facebook.com\/DurandCreation?locale=fr_FR\" target=\"_blank\"><img src=\"\/arx-custom-img\/exposant-fb.svg\"><\/a><a href=\"https:\/\/www.instagram.com\/durandcreationpontlabbe\/\" target=\"_blank\"><img src=\"\/arx-custom-img\/exposant-insta.svg\"><\/a><\/div>\r\n\t\t\t\t\r\n\t\t\t<\/div>\r\n\t\t\t\r\n\t\t\t\r\n\t\t\t\t<div class=\"popin_exposant_produits\">\r\n\t\t\t\t\t<div class=\"titre_produits\" style=\"padding-bottom:40px !important\">PRODUITS<\/div>\r\n\t\t\t\t\r\n\t\t\t\t\t\r\n\t\t\t\t\t<div class=\"produit_item\">\r\n\t\t\t\t\t<div class=\"col1\">\r\n\t\t\t\t\t\t<div class=\"produit_img\"><a href=\"https:\/\/exposant.gl-events.com\/uploads\/products\/b6bf63f3064a5f0ba2c3a10261241f3a.jpg\" class=\"et_pb_lightbox_image\"><img src=\"https:\/\/exposant.gl-events.com\/uploads\/products\/b6bf63f3064a5f0ba2c3a10261241f3a.jpg\"><\/a><\/div>\r\n\t\t\t\t\t<\/div>\r\n\t\t\t\t\t<div class=\"col2\">\r\n\t\t\t\t\t\t<div class=\"produit_titre\"><strong>Cuisine Zerox Italian Walnut \/ Fenix Beige Arizona<\/strong><\/div>\r\n\t\t\t\t\t\t<div class=\"produit_description\"><strong>La cuisine moderne se distingue par un design tr\u00e8s tendance et une grande fonctionnalit\u00e9. En imitation noyer noble Italian Walnut, notre programme Zerox attire d\u2019embl\u00e9e le regard. Dans le m\u00eame temps, la surface Fenix super mate reprend la tendance aux tons clairs des fa\u00e7ades et plans de travail et s\u2019av\u00e8re tr\u00e8s r\u00e9sistante au quotidien.<br><br>Si vous souhaitez un espace de rangement cr\u00e9atif, la Wall Solution convainc par son \u00e9clairage LED \u00e9clatant. Vous voyez ainsi tout d\u2019un seul coup d\u2019\u0153il gr\u00e2ce \u00e0 une lumi\u00e8re g\u00e9n\u00e9reuse, y compris dans la cr\u00e9dence.<\/strong><\/div>\r\n\t\t\t\t\t\t<div class=\"produit_liens\"><div><a class=\"arxproduitlien\" href=\"https:\/\/durand-creation.com\/\" target=\"_blank\">https:\/\/durand-creation.com\/<\/a><\/div><\/div>\r\n\t\t\t\t\t<\/div>\r\n\t\t\t\t\t<\/div>\r\n\t\t\t\t\t\r\n\t\t\t\t\t<div class=\"produit_item\">\r\n\t\t\t\t\t<div class=\"col1\">\r\n\t\t\t\t\t\t<div class=\"produit_img\"><a href=\"https:\/\/exposant.gl-events.com\/uploads\/products\/2da615126792ece8c59f46b0637f0ee3.png\" class=\"et_pb_lightbox_image\"><img src=\"https:\/\/exposant.gl-events.com\/uploads\/products\/2da615126792ece8c59f46b0637f0ee3.png\"><\/a><\/div>\r\n\t\t\t\t\t<\/div>\r\n\t\t\t\t\t<div class=\"col2\">\r\n\t\t\t\t\t\t<div class=\"produit_titre\"><strong>Cuisine Remo<\/strong><\/div>\r\n\t\t\t\t\t\t<div class=\"produit_description\"><strong>Avec un vernis ultrabrillant et une transition fluide vers les chants \u2013 c\u2019est ainsi que se pr\u00e9sente le grand classique des cuisines Rempp \u00ab Remo ultrabrillant \u00bb. Du blanc \u00e9l\u00e9gant aux nuances de gris attractives, \u00ab Remo \u00bb offre une multitude de teintes possibles. Ainsi, votre cuisine peut \u00eatre con\u00e7ue et fabriqu\u00e9e enti\u00e8rement selon vos go\u00fbts et styles personnels. Outre un grand choix de coloris standard, Rempp K\u00fcchen propose des peintures sp\u00e9ciales, afin que vous puissiez r\u00e9aliser votre cuisine de r\u00eave.<\/strong><\/div>\r\n\t\t\t\t\t\t<div class=\"produit_liens\"><div><a class=\"arxproduitlien\" href=\"https:\/\/durand-creation.com\/\" target=\"_blank\">https:\/\/durand-creation.com\/<\/a><\/div><\/div>\r\n\t\t\t\t\t<\/div>\r\n\t\t\t\t\t<\/div>\r\n\t\t\t\t\t\r\n\t\t\t\t\t<div class=\"produit_item\">\r\n\t\t\t\t\t<div class=\"col1\">\r\n\t\t\t\t\t\t<div class=\"produit_img\"><a href=\"https:\/\/exposant.gl-events.com\/uploads\/products\/b3e4bc0a3abdd3faad4c41522c3aa476.png\" class=\"et_pb_lightbox_image\"><img src=\"https:\/\/exposant.gl-events.com\/uploads\/products\/b3e4bc0a3abdd3faad4c41522c3aa476.png\"><\/a><\/div>\r\n\t\t\t\t\t<\/div>\r\n\t\t\t\t\t<div class=\"col2\">\r\n\t\t\t\t\t\t<div class=\"produit_titre\"><strong>Cuisine Tinos<\/strong><\/div>\r\n\t\t\t\t\t\t<div class=\"produit_description\"><strong>Cela fait longtemps que la cuisine n\u2019est plus qu\u2019une simple cuisine. Elle \u00e9volue de plus en plus vers un espace de cuisine et \u00e0 vivre. C\u2019est exactement l\u2019objectif d\u2019une cuisine Rempp. De ce fait, le concept, l\u2019aspect et la fonctionnalit\u00e9 d\u2019une cuisine doivent s\u2019accorder parfaitement. Les coloris, formes, mati\u00e8res et \u00e9l\u00e9ments techniques modernes y jouent un r\u00f4le important. La mati\u00e8re composite \u00ab Fenix \u00bb du mod\u00e8le \u00ab Tinos \u00bb correspond exactement \u00e0 cette tendance. Des teintes sombres modernes, faciles \u00e0 nettoyer, et une surface qui r\u00e9siste aux rayures.<\/strong><\/div>\r\n\t\t\t\t\t\t<div class=\"produit_liens\"><div><a class=\"arxproduitlien\" href=\"https:\/\/durand-creation.com\/\" target=\"_blank\">https:\/\/durand-creation.com\/<\/a><\/div><\/div>\r\n\t\t\t\t\t<\/div>\r\n\t\t\t\t\t<\/div>\r\n\t\t\t\t\t\r\n\t\t\t\t\t<div class=\"produit_item\">\r\n\t\t\t\t\t<div class=\"col1\">\r\n\t\t\t\t\t\t<div class=\"produit_img\"><a href=\"https:\/\/exposant.gl-events.com\/uploads\/products\/a99f95b8fe333121b599c93f849b6141.png\" class=\"et_pb_lightbox_image\"><img src=\"https:\/\/exposant.gl-events.com\/uploads\/products\/a99f95b8fe333121b599c93f849b6141.png\"><\/a><\/div>\r\n\t\t\t\t\t<\/div>\r\n\t\t\t\t\t<div class=\"col2\">\r\n\t\t\t\t\t\t<div class=\"produit_titre\"><strong>Cuisine Zerox Midnight Blue<\/strong><\/div>\r\n\t\t\t\t\t\t<div class=\"produit_description\"><strong>Osez la couleur : Midnight Blue conf\u00e8re \u00e0 votre cuisine un look sans \u00e9gal, \u00e0 la fois \u00e9l\u00e9gant et accueillant. Notre nouveau coloris de fa\u00e7ade vient habiller une surface mate robuste d\u2019un bleu fonc\u00e9. Sous la forme d\u2019une cuisine int\u00e9gr\u00e9e, la planification se transforme en v\u00e9ritable accroche-regard gr\u00e2ce \u00e0 sa couleur hors du commun, mais aussi gr\u00e2ce \u00e0 un habillage de cr\u00e9dence dans le m\u00eame d\u00e9cor, mis en sc\u00e8ne avec talent par l\u2019\u00e9clairage LED Manila.<\/strong><\/div>\r\n\t\t\t\t\t\t<div class=\"produit_liens\"><\/div>\r\n\t\t\t\t\t<\/div>\r\n\t\t\t\t\t<\/div>\t\r\n\t\t\t\t<\/div><\/div><\/div><\/div><div id=\" \"class=\"exposant_item_popin\" data-id=\"8971\">\r\n\t\t\t\t\t<div class=\"exposant_item_popin_content box_shadow\">\r\n\r\n\t\t\t\t\t<div class=\"close\" data-id=\"8971\"><\/div>\r\n\t\t\t\t\t<div class=\"exposant_item_popin_scrolled_content\">\t\t\t\t\t\r\n\t\t\t\t<div class=\"flexpopupligne1\">\r\n\t\t\t\t\t<div class=\"popin_exposant_logo\"><img class=\"photo\" src=\"\/arx-custom-img\/exposant-amenago-default.jpg\"><\/div>\r\n\t\t\t\t\t<div class=\"\"><p class=\"arx_titlte_exposantpopup\">ECO TRAIT'TOIT<\/p><p class=\"arx_popup_site\"><a href=\"http:\/\/www.ecotraittoit.com\/\" target=\"_blank\">www.ecotraittoit.com\/<\/a><\/p><p class=\"arx_stand_exposant_popup\">G05<\/p><\/div><div class=\"nomenclature\" style=\"font-family: AzoSansbold !important;  line-height: 38px !important;     color: #002350 !important;\"><span>#j'optimise les performances, je s\u00e9curise mon logement<\/span><\/div>\r\n\t\t\t<\/div>\r\n\t\t\t\t<div class=\"popin_exposant_adresse\" style=\"margin-top:25px\"><p class=\"arx_adresse_popup\"><img src=\"\/wp-content\/uploads\/2023\/01\/Vector-2.png\" style=\"margin-right:3px\"><strong>3 ROND POINT DE TY COLO\n3 TY COLO\n., 29290 - MILIZAC GUIPRONVEL<\/strong><\/p><\/div>\r\n\t\t\t\t\r\n\t\t\t\t<div class=\"popin_exposant_content\"><p class=\"arx_expo_extrait\"><strong>R\u00e9novation de toitures, fa\u00e7ades, ass\u00e8chement des murs<\/strong><\/p><\/div>\r\n\t\t\t<div class=\"popin_exposant_resaux\">\r\n\t\t\t\t<div class=\"reseaux\" style=\"    display: flex;   justify-content: flex-end;\"><\/div>\r\n\t\t\t\t\r\n\t\t\t<\/div>\r\n\t\t\t\r\n\t\t\t<\/div><\/div><\/div><div id=\" \"class=\"exposant_item_popin\" data-id=\"10181\">\r\n\t\t\t\t\t<div class=\"exposant_item_popin_content box_shadow\">\r\n\r\n\t\t\t\t\t<div class=\"close\" data-id=\"10181\"><\/div>\r\n\t\t\t\t\t<div class=\"exposant_item_popin_scrolled_content\">\t\t\t\t\t\r\n\t\t\t\t<div class=\"flexpopupligne1\">\r\n\t\t\t\t\t<div class=\"popin_exposant_logo\"><img class=\"photo\" src=\"\/arx-custom-img\/exposant-amenago-default.jpg\"><\/div>\r\n\t\t\t\t\t<div class=\"\"><p class=\"arx_titlte_exposantpopup\">ECO TRAIT'TOIT<\/p><p class=\"arx_popup_site\"><a href=\"http:\/\/www.ecotraittoit.com\/\" target=\"_blank\">www.ecotraittoit.com\/<\/a><\/p><p class=\"arx_stand_exposant_popup\">G07<\/p><\/div><div class=\"nomenclature\" style=\"font-family: AzoSansbold !important;  line-height: 38px !important;     color: #002350 !important;\"><span>#j'optimise les performances, je s\u00e9curise mon logement<\/span><\/div>\r\n\t\t\t<\/div>\r\n\t\t\t\t<div class=\"popin_exposant_adresse\" style=\"margin-top:25px\"><p class=\"arx_adresse_popup\"><img src=\"\/wp-content\/uploads\/2023\/01\/Vector-2.png\" style=\"margin-right:3px\"><strong>3 ROND POINT DE TY COLO\n3 TY COLO\n., 29290 - MILIZAC GUIPRONVEL<\/strong><\/p><\/div>\r\n\t\t\t\t\r\n\t\t\t\t<div class=\"popin_exposant_content\"><p class=\"arx_expo_extrait\"><strong>R\u00e9novation de toitures, fa\u00e7ades, ass\u00e8chement des murs<\/strong><\/p><\/div>\r\n\t\t\t<div class=\"popin_exposant_resaux\">\r\n\t\t\t\t<div class=\"reseaux\" style=\"    display: flex;   justify-content: flex-end;\"><\/div>\r\n\t\t\t\t\r\n\t\t\t<\/div>\r\n\t\t\t\r\n\t\t\t<\/div><\/div><\/div><div id=\" \"class=\"exposant_item_popin\" data-id=\"9053\">\r\n\t\t\t\t\t<div class=\"exposant_item_popin_content box_shadow\">\r\n\r\n\t\t\t\t\t<div class=\"close\" data-id=\"9053\"><\/div>\r\n\t\t\t\t\t<div class=\"exposant_item_popin_scrolled_content\">\t\t\t\t\t\r\n\t\t\t\t<div class=\"flexpopupligne1\">\r\n\t\t\t\t\t<div class=\"popin_exposant_logo\"><img class=\"photo\" src=\"\/arx-custom-img\/exposant-amenago-default.jpg\"><\/div>\r\n\t\t\t\t\t<div class=\"\"><p class=\"arx_titlte_exposantpopup\">ECO'OUATE<\/p><p class=\"arx_popup_site\"><a href=\"http:\/\/www.eco-ouate.fr\/\" target=\"_blank\">www.eco-ouate.fr\/<\/a><\/p><p class=\"arx_stand_exposant_popup\">A01<\/p><\/div><div class=\"nomenclature\" style=\"font-family: AzoSansbold !important;  line-height: 38px !important;     color: #002350 !important;\"><span>#j'optimise les performances, je s\u00e9curise mon logement<\/span><\/div>\r\n\t\t\t<\/div>\r\n\t\t\t\t<div class=\"popin_exposant_adresse\" style=\"margin-top:25px\"><p class=\"arx_adresse_popup\"><img src=\"\/wp-content\/uploads\/2023\/01\/Vector-2.png\" style=\"margin-right:3px\"><strong>14 BIS RUE HENRI BECQUEREL\n14T RUE HENRI BECQUEREL, 29850 - GOUESNOU<\/strong><\/p><\/div>\r\n\t\t\t\t\r\n\t\t\t\t<div class=\"popin_exposant_content\"><p class=\"arx_expo_extrait\"><strong>Isolation \u00e9cologique ouate de cellulose et fibre de bois. Isolation des combles, murs ext\u00e9rieurs, plancher bas. Ventilation et pompes \u00e0 chaleur<\/strong><\/p><\/div>\r\n\t\t\t<div class=\"popin_exposant_resaux\">\r\n\t\t\t\t<div class=\"reseaux\" style=\"    display: flex;   justify-content: flex-end;\"><\/div>\r\n\t\t\t\t\r\n\t\t\t<\/div>\r\n\t\t\t\r\n\t\t\t<\/div><\/div><\/div><div id=\" \"class=\"exposant_item_popin\" data-id=\"10173\">\r\n\t\t\t\t\t<div class=\"exposant_item_popin_content box_shadow\">\r\n\r\n\t\t\t\t\t<div class=\"close\" data-id=\"10173\"><\/div>\r\n\t\t\t\t\t<div class=\"exposant_item_popin_scrolled_content\">\t\t\t\t\t\r\n\t\t\t\t<div class=\"flexpopupligne1\">\r\n\t\t\t\t\t<div class=\"popin_exposant_logo\"><img class=\"photo\" src=\"\/arx-custom-img\/exposant-amenago-default.jpg\"><\/div>\r\n\t\t\t\t\t<div class=\"\"><p class=\"arx_titlte_exposantpopup\">ECO'OUATE<\/p><p class=\"arx_popup_site\"><a href=\"http:\/\/www.eco-ouate.fr\/\" target=\"_blank\">www.eco-ouate.fr\/<\/a><\/p><p class=\"arx_stand_exposant_popup\">A01<\/p><\/div><div class=\"nomenclature\" style=\"font-family: AzoSansbold !important;  line-height: 38px !important;     color: #002350 !important;\"><span>#j'optimise les performances, je s\u00e9curise mon logement<\/span><\/div>\r\n\t\t\t<\/div>\r\n\t\t\t\t<div class=\"popin_exposant_adresse\" style=\"margin-top:25px\"><p class=\"arx_adresse_popup\"><img src=\"\/wp-content\/uploads\/2023\/01\/Vector-2.png\" style=\"margin-right:3px\"><strong>14 BIS RUE HENRI BECQUEREL\n14T RUE HENRI BECQUEREL, 29850 - GOUESNOU<\/strong><\/p><\/div>\r\n\t\t\t\t\r\n\t\t\t\t<div class=\"popin_exposant_content\"><p class=\"arx_expo_extrait\"><strong>Isolation \u00e9cologique ouate de cellulose et fibre de bois. Isolation des combles, murs ext\u00e9rieurs, plancher bas. Ventilation et pompes \u00e0 chaleur<\/strong><\/p><\/div>\r\n\t\t\t<div class=\"popin_exposant_resaux\">\r\n\t\t\t\t<div class=\"reseaux\" style=\"    display: flex;   justify-content: flex-end;\"><\/div>\r\n\t\t\t\t\r\n\t\t\t<\/div>\r\n\t\t\t\r\n\t\t\t<\/div><\/div><\/div><div id=\" \"class=\"exposant_item_popin\" data-id=\"9078\">\r\n\t\t\t\t\t<div class=\"exposant_item_popin_content box_shadow\">\r\n\r\n\t\t\t\t\t<div class=\"close\" data-id=\"9078\"><\/div>\r\n\t\t\t\t\t<div class=\"exposant_item_popin_scrolled_content\">\t\t\t\t\t\r\n\t\t\t\t<div class=\"flexpopupligne1\">\r\n\t\t\t\t\t<div class=\"popin_exposant_logo\"><img class=\"photo\" src=\"\/arx-custom-img\/exposant-amenago-default.jpg\"><\/div>\r\n\t\t\t\t\t<div class=\"\"><p class=\"arx_titlte_exposantpopup\">EDF ENR Solaire<\/p><p class=\"arx_popup_site\"><a href=\"http:\/\/www.edfenr.com\/\" target=\"_blank\">www.edfenr.com\/<\/a><\/p><p class=\"arx_stand_exposant_popup\">C11<\/p><\/div><div class=\"nomenclature\" style=\"font-family: AzoSansbold !important;  line-height: 38px !important;     color: #002350 !important;\"><span>#j'optimise les performances, je s\u00e9curise mon logement<\/span><\/div>\r\n\t\t\t<\/div>\r\n\t\t\t\t<div class=\"popin_exposant_adresse\" style=\"margin-top:25px\"><p class=\"arx_adresse_popup\"><img src=\"\/wp-content\/uploads\/2023\/01\/Vector-2.png\" style=\"margin-right:3px\"><strong>6 BIS RUE RENE FONCK, 44860 - ST AIGNAN GRANDLIEU<\/strong><\/p><\/div>\r\n\t\t\t\t\r\n\t\t\t\t<div class=\"popin_exposant_content\"><p class=\"arx_expo_extrait\"><strong>EDF ENR Solaire<\/strong><\/p><\/div>\r\n\t\t\t<div class=\"popin_exposant_resaux\">\r\n\t\t\t\t<div class=\"reseaux\" style=\"    display: flex;   justify-content: flex-end;\"><\/div>\r\n\t\t\t\t\r\n\t\t\t<\/div>\r\n\t\t\t\r\n\t\t\t<\/div><\/div><\/div><div id=\" \"class=\"exposant_item_popin\" data-id=\"10170\">\r\n\t\t\t\t\t<div class=\"exposant_item_popin_content box_shadow\">\r\n\r\n\t\t\t\t\t<div class=\"close\" data-id=\"10170\"><\/div>\r\n\t\t\t\t\t<div class=\"exposant_item_popin_scrolled_content\">\t\t\t\t\t\r\n\t\t\t\t<div class=\"flexpopupligne1\">\r\n\t\t\t\t\t<div class=\"popin_exposant_logo\"><img class=\"photo\" src=\"\/arx-custom-img\/exposant-amenago-default.jpg\"><\/div>\r\n\t\t\t\t\t<div class=\"\"><p class=\"arx_titlte_exposantpopup\">EDF SOLUTIONS SOLAIRES<\/p><p class=\"arx_popup_site\"><a href=\"http:\/\/www.edf-solutions-solaires.com\" target=\"_blank\">www.edf-solutions-solaires.com<\/a><\/p><p class=\"arx_stand_exposant_popup\">G17<\/p><\/div><div class=\"nomenclature\" style=\"font-family: AzoSansbold !important;  line-height: 38px !important;     color: #002350 !important;\"><span>#j'optimise les performances, je s\u00e9curise mon logement<\/span><\/div>\r\n\t\t\t<\/div>\r\n\t\t\t\t<div class=\"popin_exposant_adresse\" style=\"margin-top:25px\"><p class=\"arx_adresse_popup\"><img src=\"\/wp-content\/uploads\/2023\/01\/Vector-2.png\" style=\"margin-right:3px\"><strong>150 ALLEE DES NOISETIERS, 69760 - LIMONEST<\/strong><\/p><\/div>\r\n\t\t\t\t\r\n\t\t\t\t<div class=\"popin_exposant_content\"><p class=\"arx_expo_extrait\"><strong> <\/strong><\/p><\/div>\r\n\t\t\t<div class=\"popin_exposant_resaux\">\r\n\t\t\t\t<div class=\"reseaux\" style=\"    display: flex;   justify-content: flex-end;\"><\/div>\r\n\t\t\t\t\r\n\t\t\t<\/div>\r\n\t\t\t\r\n\t\t\t<\/div><\/div><\/div><div id=\" \"class=\"exposant_item_popin\" data-id=\"9029\">\r\n\t\t\t\t\t<div class=\"exposant_item_popin_content box_shadow\">\r\n\r\n\t\t\t\t\t<div class=\"close\" data-id=\"9029\"><\/div>\r\n\t\t\t\t\t<div class=\"exposant_item_popin_scrolled_content\">\t\t\t\t\t\r\n\t\t\t\t<div class=\"flexpopupligne1\">\r\n\t\t\t\t\t<div class=\"popin_exposant_logo\"><img class=\"photo\" src=\"https:\/\/exposant.gl-events.com\/uploads\/company_booths\/logos\/b6cfc64e4f759a30ae6b084860a93cab.png\"><\/div>\r\n\t\t\t\t\t<div class=\"\"><p class=\"arx_titlte_exposantpopup\">ELVA HABITAT<\/p><p class=\"arx_popup_site\"><a href=\"http:\/\/www.elva-habitat.\" target=\"_blank\">www.elva-habitat.<\/a><\/p><p class=\"arx_stand_exposant_popup\">F03<\/p><\/div><div class=\"nomenclature\" style=\"font-family: AzoSansbold !important;  line-height: 38px !important;     color: #002350 !important;\"><span>#j'optimise les performances, je s\u00e9curise mon logement<\/span><\/div>\r\n\t\t\t<\/div>\r\n\t\t\t\t<div class=\"popin_exposant_adresse\" style=\"margin-top:25px\"><p class=\"arx_adresse_popup\"><img src=\"\/wp-content\/uploads\/2023\/01\/Vector-2.png\" style=\"margin-right:3px\"><strong>85 impasse Augustin Plessis\n85 impasse Augustin Plessis, 85610 - CUGAND<\/strong><\/p><\/div>\r\n\t\t\t\t\r\n\t\t\t\t<div class=\"popin_exposant_content\"><p class=\"arx_expo_extrait\"><strong>Menuiseries, v\u00e9randas, extensions<\/strong><\/p><\/div>\r\n\t\t\t<div class=\"popin_exposant_resaux\">\r\n\t\t\t\t<div class=\"reseaux\" style=\"    display: flex;   justify-content: flex-end;\"><\/div>\r\n\t\t\t\t\r\n\t\t\t<\/div>\r\n\t\t\t\r\n\t\t\t<\/div><\/div><\/div><div id=\" \"class=\"exposant_item_popin\" data-id=\"10219\">\r\n\t\t\t\t\t<div class=\"exposant_item_popin_content box_shadow\">\r\n\r\n\t\t\t\t\t<div class=\"close\" data-id=\"10219\"><\/div>\r\n\t\t\t\t\t<div class=\"exposant_item_popin_scrolled_content\">\t\t\t\t\t\r\n\t\t\t\t<div class=\"flexpopupligne1\">\r\n\t\t\t\t\t<div class=\"popin_exposant_logo\"><img class=\"photo\" src=\"\/arx-custom-img\/exposant-amenago-default.jpg\"><\/div>\r\n\t\t\t\t\t<div class=\"\"><p class=\"arx_titlte_exposantpopup\">ELVA HABITAT<\/p><p class=\"arx_popup_site\"><a href=\"http:\/\/www.elva-habitat.\" target=\"_blank\">www.elva-habitat.<\/a><\/p><p class=\"arx_stand_exposant_popup\">B07<\/p><\/div><div class=\"nomenclature\" style=\"font-family: AzoSansbold !important;  line-height: 38px !important;     color: #002350 !important;\"><span>#j'optimise les performances, je s\u00e9curise mon logement<\/span><\/div>\r\n\t\t\t<\/div>\r\n\t\t\t\t<div class=\"popin_exposant_adresse\" style=\"margin-top:25px\"><p class=\"arx_adresse_popup\"><img src=\"\/wp-content\/uploads\/2023\/01\/Vector-2.png\" style=\"margin-right:3px\"><strong>85 impasse Augustin Plessis\n85 impasse Augustin Plessis, 85610 - CUGAND<\/strong><\/p><\/div>\r\n\t\t\t\t\r\n\t\t\t\t<div class=\"popin_exposant_content\"><p class=\"arx_expo_extrait\"><strong>Menuiseries, v\u00e9randas, extensions<\/strong><\/p><\/div>\r\n\t\t\t<div class=\"popin_exposant_resaux\">\r\n\t\t\t\t<div class=\"reseaux\" style=\"    display: flex;   justify-content: flex-end;\"><\/div>\r\n\t\t\t\t\r\n\t\t\t<\/div>\r\n\t\t\t\r\n\t\t\t<\/div><\/div><\/div><div id=\" \"class=\"exposant_item_popin\" data-id=\"10240\">\r\n\t\t\t\t\t<div class=\"exposant_item_popin_content box_shadow\">\r\n\r\n\t\t\t\t\t<div class=\"close\" data-id=\"10240\"><\/div>\r\n\t\t\t\t\t<div class=\"exposant_item_popin_scrolled_content\">\t\t\t\t\t\r\n\t\t\t\t<div class=\"flexpopupligne1\">\r\n\t\t\t\t\t<div class=\"popin_exposant_logo\"><img class=\"photo\" src=\"\/arx-custom-img\/exposant-amenago-default.jpg\"><\/div>\r\n\t\t\t\t\t<div class=\"\"><p class=\"arx_titlte_exposantpopup\">ENGIE HOME SERVICES<\/p><p class=\"arx_popup_site\"><a href=\"http:\/\/particuliers.engie.fr\/\" target=\"_blank\">particuliers.engie.fr\/<\/a><\/p><p class=\"arx_stand_exposant_popup\">B13<\/p><\/div><div class=\"nomenclature\" style=\"font-family: AzoSansbold !important;  line-height: 38px !important;     color: #002350 !important;\"><span>#j'optimise les performances, je s\u00e9curise mon logement<\/span><\/div>\r\n\t\t\t<\/div>\r\n\t\t\t\t<div class=\"popin_exposant_adresse\" style=\"margin-top:25px\"><p class=\"arx_adresse_popup\"><img src=\"\/wp-content\/uploads\/2023\/01\/Vector-2.png\" style=\"margin-right:3px\"><strong>RDC\n30 RUE DE L ERBONIERE, 35510 - CESSON-SEVIGNE<\/strong><\/p><\/div>\r\n\t\t\t\t\r\n\t\t\t\t<div class=\"popin_exposant_content\"><p class=\"arx_expo_extrait\"><strong>R\u00e9novation \u00e9nerg\u00e9tique, chaudi\u00e8re, pompe \u00e0 chaleur, climatisation, maintenance, entretien et installation<\/strong><\/p><\/div>\r\n\t\t\t<div class=\"popin_exposant_resaux\">\r\n\t\t\t\t<div class=\"reseaux\" style=\"    display: flex;   justify-content: flex-end;\"><\/div>\r\n\t\t\t\t\r\n\t\t\t<\/div>\r\n\t\t\t\r\n\t\t\t<\/div><\/div><\/div><div id=\" \"class=\"exposant_item_popin\" data-id=\"8976\">\r\n\t\t\t\t\t<div class=\"exposant_item_popin_content box_shadow\">\r\n\r\n\t\t\t\t\t<div class=\"close\" data-id=\"8976\"><\/div>\r\n\t\t\t\t\t<div class=\"exposant_item_popin_scrolled_content\">\t\t\t\t\t\r\n\t\t\t\t<div class=\"flexpopupligne1\">\r\n\t\t\t\t\t<div class=\"popin_exposant_logo\"><img class=\"photo\" src=\"\/arx-custom-img\/exposant-amenago-default.jpg\"><\/div>\r\n\t\t\t\t\t<div class=\"\"><p class=\"arx_titlte_exposantpopup\">ENGIE HOME SERVICES<\/p><p class=\"arx_popup_site\"><a href=\"http:\/\/particuliers.engie.fr\/\" target=\"_blank\">particuliers.engie.fr\/<\/a><\/p><p class=\"arx_stand_exposant_popup\">B13<\/p><\/div><div class=\"nomenclature\" style=\"font-family: AzoSansbold !important;  line-height: 38px !important;     color: #002350 !important;\"><span>#j'optimise les performances, je s\u00e9curise mon logement<\/span><\/div>\r\n\t\t\t<\/div>\r\n\t\t\t\t<div class=\"popin_exposant_adresse\" style=\"margin-top:25px\"><p class=\"arx_adresse_popup\"><img src=\"\/wp-content\/uploads\/2023\/01\/Vector-2.png\" style=\"margin-right:3px\"><strong>RDC\n30 RUE DE L ERBONIERE, 35510 - CESSON-SEVIGNE<\/strong><\/p><\/div>\r\n\t\t\t\t\r\n\t\t\t\t<div class=\"popin_exposant_content\"><p class=\"arx_expo_extrait\"><strong>R\u00e9novation \u00e9nerg\u00e9tique, chaudi\u00e8re, pompe \u00e0 chaleur, climatisation, maintenance, entretien et installation<\/strong><\/p><\/div>\r\n\t\t\t<div class=\"popin_exposant_resaux\">\r\n\t\t\t\t<div class=\"reseaux\" style=\"    display: flex;   justify-content: flex-end;\"><\/div>\r\n\t\t\t\t\r\n\t\t\t<\/div>\r\n\t\t\t\r\n\t\t\t<\/div><\/div><\/div><div id=\" \"class=\"exposant_item_popin\" data-id=\"9100\">\r\n\t\t\t\t\t<div class=\"exposant_item_popin_content box_shadow\">\r\n\r\n\t\t\t\t\t<div class=\"close\" data-id=\"9100\"><\/div>\r\n\t\t\t\t\t<div class=\"exposant_item_popin_scrolled_content\">\t\t\t\t\t\r\n\t\t\t\t<div class=\"flexpopupligne1\">\r\n\t\t\t\t\t<div class=\"popin_exposant_logo\"><img class=\"photo\" src=\"\/arx-custom-img\/exposant-amenago-default.jpg\"><\/div>\r\n\t\t\t\t\t<div class=\"\"><p class=\"arx_titlte_exposantpopup\">Entreprise PLOUZENNEC<\/p><p class=\"arx_popup_site\"><a href=\"http:\/\/www.facebook.com\/p\/entreprise-le-gros-plouzennec-100035392376656\/\" target=\"_blank\">www.facebook.com\/p\/entreprise-le-gros-plouzennec-100035392376656\/<\/a><\/p><p class=\"arx_stand_exposant_popup\">G10<\/p><\/div><div class=\"nomenclature\" style=\"font-family: AzoSansbold !important;  line-height: 38px !important;     color: #002350 !important;\"><span>#j'optimise les performances, je s\u00e9curise mon logement<\/span><\/div>\r\n\t\t\t<\/div>\r\n\t\t\t\t<div class=\"popin_exposant_adresse\" style=\"margin-top:25px\"><p class=\"arx_adresse_popup\"><img src=\"\/wp-content\/uploads\/2023\/01\/Vector-2.png\" style=\"margin-right:3px\"><strong>ZA de Pen Cleuziou, 29720 - PLOVAN<\/strong><\/p><\/div>\r\n\t\t\t\t\r\n\t\t\t\t<div class=\"popin_exposant_content\"><p class=\"arx_expo_extrait\"><strong>Tous types de chauffage\r\nPlomberie\r\nElectricit\u00e9<\/strong><\/p><\/div>\r\n\t\t\t<div class=\"popin_exposant_resaux\">\r\n\t\t\t\t<div class=\"reseaux\" style=\"    display: flex;   justify-content: flex-end;\"><\/div>\r\n\t\t\t\t\r\n\t\t\t<\/div>\r\n\t\t\t\r\n\t\t\t<\/div><\/div><\/div><div id=\" \"class=\"exposant_item_popin\" data-id=\"9086\">\r\n\t\t\t\t\t<div class=\"exposant_item_popin_content box_shadow\">\r\n\r\n\t\t\t\t\t<div class=\"close\" data-id=\"9086\"><\/div>\r\n\t\t\t\t\t<div class=\"exposant_item_popin_scrolled_content\">\t\t\t\t\t\r\n\t\t\t\t<div class=\"flexpopupligne1\">\r\n\t\t\t\t\t<div class=\"popin_exposant_logo\"><img class=\"photo\" src=\"\/arx-custom-img\/exposant-amenago-default.jpg\"><\/div>\r\n\t\t\t\t\t<div class=\"\"><p class=\"arx_titlte_exposantpopup\">EVENO ISOLATION<\/p><p class=\"arx_popup_site\"><a href=\"http:\/\/www.eveno-isolation.com\/\" target=\"_blank\">www.eveno-isolation.com\/<\/a><\/p><p class=\"arx_stand_exposant_popup\">F04<\/p><\/div><div class=\"nomenclature\" style=\"font-family: AzoSansbold !important;  line-height: 38px !important;     color: #002350 !important;\"><span>#j'optimise les performances, je s\u00e9curise mon logement<\/span><\/div>\r\n\t\t\t<\/div>\r\n\t\t\t\t<div class=\"popin_exposant_adresse\" style=\"margin-top:25px\"><p class=\"arx_adresse_popup\"><img src=\"\/wp-content\/uploads\/2023\/01\/Vector-2.png\" style=\"margin-right:3px\"><strong>232 rte Kerviec CS 90003\r\nZA de Kergouaran-Caudan\n., 56607 - LANESTER<\/strong><\/p><\/div>\r\n\t\t\t\t\r\n\t\t\t\t<div class=\"popin_exposant_content\"><p class=\"arx_expo_extrait\"><strong>Isolation thermique par l'ext\u00e9rieur, renouvellement d'air et soufflage<\/strong><\/p><\/div>\r\n\t\t\t<div class=\"popin_exposant_resaux\">\r\n\t\t\t\t<div class=\"reseaux\" style=\"    display: flex;   justify-content: flex-end;\"><\/div>\r\n\t\t\t\t\r\n\t\t\t<\/div>\r\n\t\t\t\r\n\t\t\t<\/div><\/div><\/div><div id=\" \"class=\"exposant_item_popin\" data-id=\"10282\">\r\n\t\t\t\t\t<div class=\"exposant_item_popin_content box_shadow\">\r\n\r\n\t\t\t\t\t<div class=\"close\" data-id=\"10282\"><\/div>\r\n\t\t\t\t\t<div class=\"exposant_item_popin_scrolled_content\">\t\t\t\t\t\r\n\t\t\t\t<div class=\"flexpopupligne1\">\r\n\t\t\t\t\t<div class=\"popin_exposant_logo\"><img class=\"photo\" src=\"\/arx-custom-img\/exposant-amenago-default.jpg\"><\/div>\r\n\t\t\t\t\t<div class=\"\"><p class=\"arx_titlte_exposantpopup\">FALHER MENUISERIE AGENCEMENT<\/p><p class=\"arx_popup_site\"><a href=\"http:\/\/www.menuiserie-falher.fr\/\" target=\"_blank\">www.menuiserie-falher.fr\/<\/a><\/p><p class=\"arx_stand_exposant_popup\">B30<\/p><\/div><div class=\"nomenclature\" style=\"font-family: AzoSansbold !important;  line-height: 38px !important;     color: #002350 !important;\"><span>#j'optimise les performances, je s\u00e9curise mon logement<\/span><\/div>\r\n\t\t\t<\/div>\r\n\t\t\t\t<div class=\"popin_exposant_adresse\" style=\"margin-top:25px\"><p class=\"arx_adresse_popup\"><img src=\"\/wp-content\/uploads\/2023\/01\/Vector-2.png\" style=\"margin-right:3px\"><strong>KER HELENE, 22110 - ROSTRENEN<\/strong><\/p><\/div>\r\n\t\t\t\t\r\n\t\t\t\t<div class=\"popin_exposant_content\"><p class=\"arx_expo_extrait\"><strong> <\/strong><\/p><\/div>\r\n\t\t\t<div class=\"popin_exposant_resaux\">\r\n\t\t\t\t<div class=\"reseaux\" style=\"    display: flex;   justify-content: flex-end;\"><\/div>\r\n\t\t\t\t\r\n\t\t\t<\/div>\r\n\t\t\t\r\n\t\t\t<\/div><\/div><\/div><div id=\" \"class=\"exposant_item_popin\" data-id=\"10174\">\r\n\t\t\t\t\t<div class=\"exposant_item_popin_content box_shadow\">\r\n\r\n\t\t\t\t\t<div class=\"close\" data-id=\"10174\"><\/div>\r\n\t\t\t\t\t<div class=\"exposant_item_popin_scrolled_content\">\t\t\t\t\t\r\n\t\t\t\t<div class=\"flexpopupligne1\">\r\n\t\t\t\t\t<div class=\"popin_exposant_logo\"><img class=\"photo\" src=\"\/arx-custom-img\/exposant-amenago-default.jpg\"><\/div>\r\n\t\t\t\t\t<div class=\"\"><p class=\"arx_titlte_exposantpopup\">FENETRES DE TOIT 29<\/p><p class=\"arx_popup_site\"><a href=\"http:\/\/fenetresdetoit29.fr\/\" target=\"_blank\">fenetresdetoit29.fr\/<\/a><\/p><p class=\"arx_stand_exposant_popup\">C38<\/p><\/div><div class=\"nomenclature\" style=\"font-family: AzoSansbold !important;  line-height: 38px !important;     color: #002350 !important;\"><span>#j'optimise les performances, je s\u00e9curise mon logement<\/span><\/div>\r\n\t\t\t<\/div>\r\n\t\t\t\t<div class=\"popin_exposant_adresse\" style=\"margin-top:25px\"><p class=\"arx_adresse_popup\"><img src=\"\/wp-content\/uploads\/2023\/01\/Vector-2.png\" style=\"margin-right:3px\"><strong>KERANDEREAT, 29180 - GUENGAT<\/strong><\/p><\/div>\r\n\t\t\t\t\r\n\t\t\t\t<div class=\"popin_exposant_content\"><p class=\"arx_expo_extrait\"><strong> <\/strong><\/p><\/div>\r\n\t\t\t<div class=\"popin_exposant_resaux\">\r\n\t\t\t\t<div class=\"reseaux\" style=\"    display: flex;   justify-content: flex-end;\"><\/div>\r\n\t\t\t\t\r\n\t\t\t<\/div>\r\n\t\t\t\r\n\t\t\t<\/div><\/div><\/div><div id=\" \"class=\"exposant_item_popin\" data-id=\"10262\">\r\n\t\t\t\t\t<div class=\"exposant_item_popin_content box_shadow\">\r\n\r\n\t\t\t\t\t<div class=\"close\" data-id=\"10262\"><\/div>\r\n\t\t\t\t\t<div class=\"exposant_item_popin_scrolled_content\">\t\t\t\t\t\r\n\t\t\t\t<div class=\"flexpopupligne1\">\r\n\t\t\t\t\t<div class=\"popin_exposant_logo\"><img class=\"photo\" src=\"\/arx-custom-img\/exposant-amenago-default.jpg\"><\/div>\r\n\t\t\t\t\t<div class=\"\"><p class=\"arx_titlte_exposantpopup\">FGS 29 BTP<\/p><p class=\"arx_popup_site\"><a href=\"http:\/\/fgs29-btp.fr\/\" target=\"_blank\">fgs29-btp.fr\/<\/a><\/p><p class=\"arx_stand_exposant_popup\">A13<\/p><\/div><div class=\"nomenclature\" style=\"font-family: AzoSansbold !important;  line-height: 38px !important;     color: #002350 !important;\"><span>#j'am\u00e9nage mon jardin, ma terrasse, mon balcon<\/span><\/div>\r\n\t\t\t<\/div>\r\n\t\t\t\t<div class=\"popin_exposant_adresse\" style=\"margin-top:25px\"><p class=\"arx_adresse_popup\"><img src=\"\/wp-content\/uploads\/2023\/01\/Vector-2.png\" style=\"margin-right:3px\"><strong>124 Route de Quimper, 29100 - LE JUCH<\/strong><\/p><\/div>\r\n\t\t\t\t\r\n\t\t\t\t<div class=\"popin_exposant_content\"><p class=\"arx_expo_extrait\"><strong> <\/strong><\/p><\/div>\r\n\t\t\t<div class=\"popin_exposant_resaux\">\r\n\t\t\t\t<div class=\"reseaux\" style=\"    display: flex;   justify-content: flex-end;\"><\/div>\r\n\t\t\t\t\r\n\t\t\t<\/div>\r\n\t\t\t\r\n\t\t\t<\/div><\/div><\/div><div id=\" \"class=\"exposant_item_popin\" data-id=\"9024\">\r\n\t\t\t\t\t<div class=\"exposant_item_popin_content box_shadow\">\r\n\r\n\t\t\t\t\t<div class=\"close\" data-id=\"9024\"><\/div>\r\n\t\t\t\t\t<div class=\"exposant_item_popin_scrolled_content\">\t\t\t\t\t\r\n\t\t\t\t<div class=\"flexpopupligne1\">\r\n\t\t\t\t\t<div class=\"popin_exposant_logo\"><img class=\"photo\" src=\"\/arx-custom-img\/exposant-amenago-default.jpg\"><\/div>\r\n\t\t\t\t\t<div class=\"\"><p class=\"arx_titlte_exposantpopup\">FINESTRA<\/p><p class=\"arx_popup_site\"><a href=\"http:\/\/www.finestra.fr\/\" target=\"_blank\">www.finestra.fr\/<\/a><\/p><p class=\"arx_stand_exposant_popup\">C10<\/p><\/div><div class=\"nomenclature\" style=\"font-family: AzoSansbold !important;  line-height: 38px !important;     color: #002350 !important;\"><span>#j'optimise les performances, je s\u00e9curise mon logement<\/span><\/div>\r\n\t\t\t<\/div>\r\n\t\t\t\t<div class=\"popin_exposant_adresse\" style=\"margin-top:25px\"><p class=\"arx_adresse_popup\"><img src=\"\/wp-content\/uploads\/2023\/01\/Vector-2.png\" style=\"margin-right:3px\"><strong>22 B avenue TI DOUAR, 29000 - QUIMPER<\/strong><\/p><\/div>\r\n\t\t\t\t\r\n\t\t\t\t<div class=\"popin_exposant_content\"><p class=\"arx_expo_extrait\"><strong>Menuiseries int\u00e9rieures et ext\u00e9rieures, portails et cl\u00f4tures, pergolas bio climatiques<\/strong><\/p><\/div>\r\n\t\t\t<div class=\"popin_exposant_resaux\">\r\n\t\t\t\t<div class=\"reseaux\" style=\"    display: flex;   justify-content: flex-end;\"><\/div>\r\n\t\t\t\t\r\n\t\t\t<\/div>\r\n\t\t\t\r\n\t\t\t<\/div><\/div><\/div><div id=\" \"class=\"exposant_item_popin\" data-id=\"10184\">\r\n\t\t\t\t\t<div class=\"exposant_item_popin_content box_shadow\">\r\n\r\n\t\t\t\t\t<div class=\"close\" data-id=\"10184\"><\/div>\r\n\t\t\t\t\t<div class=\"exposant_item_popin_scrolled_content\">\t\t\t\t\t\r\n\t\t\t\t<div class=\"flexpopupligne1\">\r\n\t\t\t\t\t<div class=\"popin_exposant_logo\"><img class=\"photo\" src=\"\/arx-custom-img\/exposant-amenago-default.jpg\"><\/div>\r\n\t\t\t\t\t<div class=\"\"><p class=\"arx_titlte_exposantpopup\">FINESTRA<\/p><p class=\"arx_popup_site\"><a href=\"http:\/\/www.finestra.fr\/\" target=\"_blank\">www.finestra.fr\/<\/a><\/p><p class=\"arx_stand_exposant_popup\">B03<\/p><\/div><div class=\"nomenclature\" style=\"font-family: AzoSansbold !important;  line-height: 38px !important;     color: #002350 !important;\"><span>#j'optimise les performances, je s\u00e9curise mon logement<\/span><\/div>\r\n\t\t\t<\/div>\r\n\t\t\t\t<div class=\"popin_exposant_adresse\" style=\"margin-top:25px\"><p class=\"arx_adresse_popup\"><img src=\"\/wp-content\/uploads\/2023\/01\/Vector-2.png\" style=\"margin-right:3px\"><strong>22 B avenue TI DOUAR, 29000 - QUIMPER<\/strong><\/p><\/div>\r\n\t\t\t\t\r\n\t\t\t\t<div class=\"popin_exposant_content\"><p class=\"arx_expo_extrait\"><strong>Menuiseries int\u00e9rieures et ext\u00e9rieures, portails et cl\u00f4tures, pergolas bio climatiques<\/strong><\/p><\/div>\r\n\t\t\t<div class=\"popin_exposant_resaux\">\r\n\t\t\t\t<div class=\"reseaux\" style=\"    display: flex;   justify-content: flex-end;\"><\/div>\r\n\t\t\t\t\r\n\t\t\t<\/div>\r\n\t\t\t\r\n\t\t\t<\/div><\/div><\/div><div id=\" \"class=\"exposant_item_popin\" data-id=\"10245\">\r\n\t\t\t\t\t<div class=\"exposant_item_popin_content box_shadow\">\r\n\r\n\t\t\t\t\t<div class=\"close\" data-id=\"10245\"><\/div>\r\n\t\t\t\t\t<div class=\"exposant_item_popin_scrolled_content\">\t\t\t\t\t\r\n\t\t\t\t<div class=\"flexpopupligne1\">\r\n\t\t\t\t\t<div class=\"popin_exposant_logo\"><img class=\"photo\" src=\"\/arx-custom-img\/exposant-amenago-default.jpg\"><\/div>\r\n\t\t\t\t\t<div class=\"\"><p class=\"arx_titlte_exposantpopup\">FINIST'IMMO<\/p><p class=\"arx_popup_site\"><a href=\"http:\/\/finistimmo.com\/\" target=\"_blank\">finistimmo.com\/<\/a><\/p><p class=\"arx_stand_exposant_popup\">A17<\/p><\/div><div class=\"nomenclature\" style=\"font-family: AzoSansbold !important;  line-height: 38px !important;     color: #002350 !important;\"><span>#je pr\u00e9pare mon projet immobilier<\/span><\/div>\r\n\t\t\t<\/div>\r\n\t\t\t\t<div class=\"popin_exposant_adresse\" style=\"margin-top:25px\"><p class=\"arx_adresse_popup\"><img src=\"\/wp-content\/uploads\/2023\/01\/Vector-2.png\" style=\"margin-right:3px\"><strong>26 B Chemin de l'\u00e9glantine, 29000 - QUIMPER<\/strong><\/p><\/div>\r\n\t\t\t\t\r\n\t\t\t\t<div class=\"popin_exposant_content\"><p class=\"arx_expo_extrait\"><strong>Promotion immobili\u00e8re<\/strong><\/p><\/div>\r\n\t\t\t<div class=\"popin_exposant_resaux\">\r\n\t\t\t\t<div class=\"reseaux\" style=\"    display: flex;   justify-content: flex-end;\"><\/div>\r\n\t\t\t\t\r\n\t\t\t<\/div>\r\n\t\t\t\r\n\t\t\t<\/div><\/div><\/div><div id=\" \"class=\"exposant_item_popin\" data-id=\"9087\">\r\n\t\t\t\t\t<div class=\"exposant_item_popin_content box_shadow\">\r\n\r\n\t\t\t\t\t<div class=\"close\" data-id=\"9087\"><\/div>\r\n\t\t\t\t\t<div class=\"exposant_item_popin_scrolled_content\">\t\t\t\t\t\r\n\t\t\t\t<div class=\"flexpopupligne1\">\r\n\t\t\t\t\t<div class=\"popin_exposant_logo\"><img class=\"photo\" src=\"\/arx-custom-img\/exposant-amenago-default.jpg\"><\/div>\r\n\t\t\t\t\t<div class=\"\"><p class=\"arx_titlte_exposantpopup\">FINIST'IMMO<\/p><p class=\"arx_popup_site\"><a href=\"http:\/\/finistimmo.com\/\" target=\"_blank\">finistimmo.com\/<\/a><\/p><p class=\"arx_stand_exposant_popup\">A17<\/p><\/div><div class=\"nomenclature\" style=\"font-family: AzoSansbold !important;  line-height: 38px !important;     color: #002350 !important;\"><span>#je pr\u00e9pare mon projet immobilier<\/span><\/div>\r\n\t\t\t<\/div>\r\n\t\t\t\t<div class=\"popin_exposant_adresse\" style=\"margin-top:25px\"><p class=\"arx_adresse_popup\"><img src=\"\/wp-content\/uploads\/2023\/01\/Vector-2.png\" style=\"margin-right:3px\"><strong>26 B Chemin de l'\u00e9glantine, 29000 - QUIMPER<\/strong><\/p><\/div>\r\n\t\t\t\t\r\n\t\t\t\t<div class=\"popin_exposant_content\"><p class=\"arx_expo_extrait\"><strong>Promotion immobili\u00e8re<\/strong><\/p><\/div>\r\n\t\t\t<div class=\"popin_exposant_resaux\">\r\n\t\t\t\t<div class=\"reseaux\" style=\"    display: flex;   justify-content: flex-end;\"><\/div>\r\n\t\t\t\t\r\n\t\t\t<\/div>\r\n\t\t\t\r\n\t\t\t<\/div><\/div><\/div><div id=\" \"class=\"exposant_item_popin\" data-id=\"10212\">\r\n\t\t\t\t\t<div class=\"exposant_item_popin_content box_shadow\">\r\n\r\n\t\t\t\t\t<div class=\"close\" data-id=\"10212\"><\/div>\r\n\t\t\t\t\t<div class=\"exposant_item_popin_scrolled_content\">\t\t\t\t\t\r\n\t\t\t\t<div class=\"flexpopupligne1\">\r\n\t\t\t\t\t<div class=\"popin_exposant_logo\"><img class=\"photo\" src=\"https:\/\/exposant.gl-events.com\/uploads\/company_booths\/logos\/96dd69406671e4424179ad4d4b2c6d52.png\"><\/div>\r\n\t\t\t\t\t<div class=\"\"><p class=\"arx_titlte_exposantpopup\">FINISTERE HABITAT<\/p><p class=\"arx_popup_site\"><\/p><p class=\"arx_stand_exposant_popup\">B04<\/p><\/div><div class=\"nomenclature\" style=\"font-family: AzoSansbold !important;  line-height: 38px !important;     color: #002350 !important;\"><span>#je pr\u00e9pare mon projet immobilier<\/span><\/div>\r\n\t\t\t<\/div>\r\n\t\t\t\t<div class=\"popin_exposant_adresse\" style=\"margin-top:25px\"><p class=\"arx_adresse_popup\"><img src=\"\/wp-content\/uploads\/2023\/01\/Vector-2.png\" style=\"margin-right:3px\"><strong>6 BOULEVARD DU FINISTERE\nCITE ADMINISTRATIVE TY NAY\n., 29000 - QUIMPER<\/strong><\/p><\/div>\r\n\t\t\t\t\r\n\t\t\t\t<div class=\"popin_exposant_content\"><p class=\"arx_expo_extrait\"><strong> <\/strong><\/p><\/div>\r\n\t\t\t<div class=\"popin_exposant_resaux\">\r\n\t\t\t\t<div class=\"reseaux\" style=\"    display: flex;   justify-content: flex-end;\"><\/div>\r\n\t\t\t\t\r\n\t\t\t<\/div>\r\n\t\t\t\r\n\t\t\t\r\n\t\t\t\t<div class=\"popin_exposant_documents\">\r\n\t\t\t\t\t<div class=\"titre_produits\">DOCUMENTS<\/div>\r\n\t\t\t\t<div class=\"flexdocument\">\r\n\t\t\t\t\t<div class=\"document_item\">\r\n\t\t\t\t\t<div><img src=\"\/wp-content\/uploads\/2023\/01\/note-2.svg\"><\/div>\r\n\t\t\t\t\t<div><a href=\"https:\/\/exposant.gl-events.com\/uploads\/documents\/b8272a371febf6908010936b2ee68f74.png\" target=\"_blank\">logo de Finist\u00e8re Habitat<\/a><\/div>\t\t\t\t\t\r\n\t\t\t\t\t<\/div>\t\r\n\t\t\t\t<\/div><\/div><\/div><\/div><\/div><div id=\" \"class=\"exposant_item_popin\" data-id=\"9006\">\r\n\t\t\t\t\t<div class=\"exposant_item_popin_content box_shadow\">\r\n\r\n\t\t\t\t\t<div class=\"close\" data-id=\"9006\"><\/div>\r\n\t\t\t\t\t<div class=\"exposant_item_popin_scrolled_content\">\t\t\t\t\t\r\n\t\t\t\t<div class=\"flexpopupligne1\">\r\n\t\t\t\t\t<div class=\"popin_exposant_logo\"><img class=\"photo\" src=\"\/arx-custom-img\/exposant-amenago-default.jpg\"><\/div>\r\n\t\t\t\t\t<div class=\"\"><p class=\"arx_titlte_exposantpopup\">FLONAT<\/p><p class=\"arx_popup_site\"><a href=\"http:\/\/fr-fr.facebook.com\/flonat.chocolatier\/\" target=\"_blank\">fr-fr.facebook.com\/flonat.chocolatier\/<\/a><\/p><p class=\"arx_stand_exposant_popup\">EXT03<\/p><\/div><div class=\"nomenclature\" style=\"font-family: AzoSansbold !important;  line-height: 38px !important;     color: #002350 !important;\"><span>#j'optimise les performances, je s\u00e9curise mon logement<\/span><\/div>\r\n\t\t\t<\/div>\r\n\t\t\t\t<div class=\"popin_exposant_adresse\" style=\"margin-top:25px\"><p class=\"arx_adresse_popup\"><img src=\"\/wp-content\/uploads\/2023\/01\/Vector-2.png\" style=\"margin-right:3px\"><strong>3 RUE DE L'AUBRAIS\n3 RUE DE L'AUBRAIS, 44118 - LA CHEVROLIERE<\/strong><\/p><\/div>\r\n\t\t\t\t\r\n\t\t\t\t<div class=\"popin_exposant_content\"><p class=\"arx_expo_extrait\"><strong>Perches t\u00e9lescopiques, pulv\u00e9risateur anti-mousse, s\u00e9cateur \u00e0 cr\u00e9maill\u00e8re<\/strong><\/p><\/div>\r\n\t\t\t<div class=\"popin_exposant_resaux\">\r\n\t\t\t\t<div class=\"reseaux\" style=\"    display: flex;   justify-content: flex-end;\"><\/div>\r\n\t\t\t\t\r\n\t\t\t<\/div>\r\n\t\t\t\r\n\t\t\t<\/div><\/div><\/div><div id=\" \"class=\"exposant_item_popin\" data-id=\"10225\">\r\n\t\t\t\t\t<div class=\"exposant_item_popin_content box_shadow\">\r\n\r\n\t\t\t\t\t<div class=\"close\" data-id=\"10225\"><\/div>\r\n\t\t\t\t\t<div class=\"exposant_item_popin_scrolled_content\">\t\t\t\t\t\r\n\t\t\t\t<div class=\"flexpopupligne1\">\r\n\t\t\t\t\t<div class=\"popin_exposant_logo\"><img class=\"photo\" src=\"\/arx-custom-img\/exposant-amenago-default.jpg\"><\/div>\r\n\t\t\t\t\t<div class=\"\"><p class=\"arx_titlte_exposantpopup\">FLONAT<\/p><p class=\"arx_popup_site\"><a href=\"http:\/\/fr-fr.facebook.com\/flonat.chocolatier\/\" target=\"_blank\">fr-fr.facebook.com\/flonat.chocolatier\/<\/a><\/p><p class=\"arx_stand_exposant_popup\">EXT04<\/p><\/div><div class=\"nomenclature\" style=\"font-family: AzoSansbold !important;  line-height: 38px !important;     color: #002350 !important;\"><span>#j'optimise les performances, je s\u00e9curise mon logement<\/span><\/div>\r\n\t\t\t<\/div>\r\n\t\t\t\t<div class=\"popin_exposant_adresse\" style=\"margin-top:25px\"><p class=\"arx_adresse_popup\"><img src=\"\/wp-content\/uploads\/2023\/01\/Vector-2.png\" style=\"margin-right:3px\"><strong>3 RUE DE L'AUBRAIS\n3 RUE DE L'AUBRAIS, 44118 - LA CHEVROLIERE<\/strong><\/p><\/div>\r\n\t\t\t\t\r\n\t\t\t\t<div class=\"popin_exposant_content\"><p class=\"arx_expo_extrait\"><strong>Perches t\u00e9lescopiques, pulv\u00e9risateur anti-mousse, s\u00e9cateur \u00e0 cr\u00e9maill\u00e8re<\/strong><\/p><\/div>\r\n\t\t\t<div class=\"popin_exposant_resaux\">\r\n\t\t\t\t<div class=\"reseaux\" style=\"    display: flex;   justify-content: flex-end;\"><\/div>\r\n\t\t\t\t\r\n\t\t\t<\/div>\r\n\t\t\t\r\n\t\t\t<\/div><\/div><\/div><div id=\" \"class=\"exposant_item_popin\" data-id=\"9091\">\r\n\t\t\t\t\t<div class=\"exposant_item_popin_content box_shadow\">\r\n\r\n\t\t\t\t\t<div class=\"close\" data-id=\"9091\"><\/div>\r\n\t\t\t\t\t<div class=\"exposant_item_popin_scrolled_content\">\t\t\t\t\t\r\n\t\t\t\t<div class=\"flexpopupligne1\">\r\n\t\t\t\t\t<div class=\"popin_exposant_logo\"><img class=\"photo\" src=\"https:\/\/exposant.gl-events.com\/uploads\/company_booths\/logos\/80303f8b3ca47b261c6d8e81536ef0e8.jpg\"><\/div>\r\n\t\t\t\t\t<div class=\"\"><p class=\"arx_titlte_exposantpopup\">FRANCE HYGIENE VENTILATION<\/p><p class=\"arx_popup_site\"><a href=\"http:\/\/francehygieneventilation.fr\/agences\/quimper-29\/\" target=\"_blank\">francehygieneventilation.fr\/agences\/quimper-29\/<\/a><\/p><p class=\"arx_stand_exposant_popup\">E14<\/p><\/div><div class=\"nomenclature\" style=\"font-family: AzoSansbold !important;  line-height: 38px !important;     color: #002350 !important;\"><span>#j'optimise les performances, je s\u00e9curise mon logement<\/span><\/div>\r\n\t\t\t<\/div>\r\n\t\t\t\t<div class=\"popin_exposant_adresse\" style=\"margin-top:25px\"><p class=\"arx_adresse_popup\"><img src=\"\/wp-content\/uploads\/2023\/01\/Vector-2.png\" style=\"margin-right:3px\"><strong>36 rue Louis Blanc, 29000 - QUIMPER<\/strong><\/p><\/div>\r\n\t\t\t\t\r\n\t\t\t\t<div class=\"popin_exposant_content\"><p class=\"arx_expo_extrait\"><strong>France Hygi\u00e8ne Ventilation QUIMPER et le sp\u00e9cialiste de la ventilation pour les PROS et aussi les PARTICULIERS,\r\n\r\nEntretien et maintenance de ; \r\n\r\n- VMC simple et double flux, \r\n- Centrale Traitement Air (CTA)\r\n- Hotte de cuisine professionnelle\r\n- Evaporateur\r\n\r\n<\/strong><\/p><\/div>\r\n\t\t\t<div class=\"popin_exposant_resaux\">\r\n\t\t\t\t<div class=\"reseaux\" style=\"    display: flex;   justify-content: flex-end;\"><a href=\"https:\/\/www.facebook.com\/?locale=fr_FR\" target=\"_blank\"><img src=\"\/arx-custom-img\/exposant-fb.svg\"><\/a><\/div>\r\n\t\t\t\t\r\n\t\t\t<\/div>\r\n\t\t\t\r\n\t\t\t<\/div><\/div><\/div><div id=\" \"class=\"exposant_item_popin\" data-id=\"8969\">\r\n\t\t\t\t\t<div class=\"exposant_item_popin_content box_shadow\">\r\n\r\n\t\t\t\t\t<div class=\"close\" data-id=\"8969\"><\/div>\r\n\t\t\t\t\t<div class=\"exposant_item_popin_scrolled_content\">\t\t\t\t\t\r\n\t\t\t\t<div class=\"flexpopupligne1\">\r\n\t\t\t\t\t<div class=\"popin_exposant_logo\"><img class=\"photo\" src=\"\/arx-custom-img\/exposant-amenago-default.jpg\"><\/div>\r\n\t\t\t\t\t<div class=\"\"><p class=\"arx_titlte_exposantpopup\">GL EVENTS EXHIBITIONS BREST<\/p><p class=\"arx_popup_site\"><\/p><p class=\"arx_stand_exposant_popup\"><\/p><\/div><div class=\"nomenclature\" style=\"font-family: AzoSansbold !important;  line-height: 38px !important;     color: #002350 !important;\"><\/div>\r\n\t\t\t<\/div>\r\n\t\t\t\t<div class=\"popin_exposant_adresse\" style=\"margin-top:25px\"><p class=\"arx_adresse_popup\"><img src=\"\/wp-content\/uploads\/2023\/01\/Vector-2.png\" style=\"margin-right:3px\"><strong>3 rue EDOUARD BELIN\nCS 30072, 29200 - BREST CEDEX 2<\/strong><\/p><\/div>\r\n\t\t\t\t\r\n\t\t\t\t<div class=\"popin_exposant_content\"><p class=\"arx_expo_extrait\"><strong> <\/strong><\/p><\/div>\r\n\t\t\t<div class=\"popin_exposant_resaux\">\r\n\t\t\t\t<div class=\"reseaux\" style=\"    display: flex;   justify-content: flex-end;\"><\/div>\r\n\t\t\t\t\r\n\t\t\t<\/div>\r\n\t\t\t\r\n\t\t\t<\/div><\/div><\/div><div id=\" \"class=\"exposant_item_popin\" data-id=\"10162\">\r\n\t\t\t\t\t<div class=\"exposant_item_popin_content box_shadow\">\r\n\r\n\t\t\t\t\t<div class=\"close\" data-id=\"10162\"><\/div>\r\n\t\t\t\t\t<div class=\"exposant_item_popin_scrolled_content\">\t\t\t\t\t\r\n\t\t\t\t<div class=\"flexpopupligne1\">\r\n\t\t\t\t\t<div class=\"popin_exposant_logo\"><img class=\"photo\" src=\"\/arx-custom-img\/exposant-amenago-default.jpg\"><\/div>\r\n\t\t\t\t\t<div class=\"\"><p class=\"arx_titlte_exposantpopup\">GL EVENTS EXHIBITIONS OPERATIONS<\/p><p class=\"arx_popup_site\"><\/p><p class=\"arx_stand_exposant_popup\"><\/p><\/div><div class=\"nomenclature\" style=\"font-family: AzoSansbold !important;  line-height: 38px !important;     color: #002350 !important;\"><span>#je construis, je r\u00e9nove ma maison<\/span><\/div>\r\n\t\t\t<\/div>\r\n\t\t\t\t<div class=\"popin_exposant_adresse\" style=\"margin-top:25px\"><p class=\"arx_adresse_popup\"><img src=\"\/wp-content\/uploads\/2023\/01\/Vector-2.png\" style=\"margin-right:3px\"><strong>3 RUE EDOUARD BELIN, 29200 - BREST<\/strong><\/p><\/div>\r\n\t\t\t\t\r\n\t\t\t\t<div class=\"popin_exposant_content\"><p class=\"arx_expo_extrait\"><strong> <\/strong><\/p><\/div>\r\n\t\t\t<div class=\"popin_exposant_resaux\">\r\n\t\t\t\t<div class=\"reseaux\" style=\"    display: flex;   justify-content: flex-end;\"><\/div>\r\n\t\t\t\t\r\n\t\t\t<\/div>\r\n\t\t\t\r\n\t\t\t<\/div><\/div><\/div><div id=\" \"class=\"exposant_item_popin\" data-id=\"10274\">\r\n\t\t\t\t\t<div class=\"exposant_item_popin_content box_shadow\">\r\n\r\n\t\t\t\t\t<div class=\"close\" data-id=\"10274\"><\/div>\r\n\t\t\t\t\t<div class=\"exposant_item_popin_scrolled_content\">\t\t\t\t\t\r\n\t\t\t\t<div class=\"flexpopupligne1\">\r\n\t\t\t\t\t<div class=\"popin_exposant_logo\"><img class=\"photo\" src=\"\/arx-custom-img\/exposant-amenago-default.jpg\"><\/div>\r\n\t\t\t\t\t<div class=\"\"><p class=\"arx_titlte_exposantpopup\">GNPS<\/p><p class=\"arx_popup_site\"><a href=\"http:\/\/www.leservicesdelhabitat.fr\/\" target=\"_blank\">www.leservicesdelhabitat.fr\/<\/a><\/p><p class=\"arx_stand_exposant_popup\">A26<\/p><\/div><div class=\"nomenclature\" style=\"font-family: AzoSansbold !important;  line-height: 38px !important;     color: #002350 !important;\"><span>#j'am\u00e9nage, j'agence et je d\u00e9core ma maison<\/span><\/div>\r\n\t\t\t<\/div>\r\n\t\t\t\t<div class=\"popin_exposant_adresse\" style=\"margin-top:25px\"><p class=\"arx_adresse_popup\"><img src=\"\/wp-content\/uploads\/2023\/01\/Vector-2.png\" style=\"margin-right:3px\"><strong>5 rue Jean Baptiste GODIN, 29170 - SAINT \u00c9VARZEC<\/strong><\/p><\/div>\r\n\t\t\t\t\r\n\t\t\t\t<div class=\"popin_exposant_content\"><p class=\"arx_expo_extrait\"><strong> <\/strong><\/p><\/div>\r\n\t\t\t<div class=\"popin_exposant_resaux\">\r\n\t\t\t\t<div class=\"reseaux\" style=\"    display: flex;   justify-content: flex-end;\"><\/div>\r\n\t\t\t\t\r\n\t\t\t<\/div>\r\n\t\t\t\r\n\t\t\t<\/div><\/div><\/div><div id=\" \"class=\"exposant_item_popin\" data-id=\"9046\">\r\n\t\t\t\t\t<div class=\"exposant_item_popin_content box_shadow\">\r\n\r\n\t\t\t\t\t<div class=\"close\" data-id=\"9046\"><\/div>\r\n\t\t\t\t\t<div class=\"exposant_item_popin_scrolled_content\">\t\t\t\t\t\r\n\t\t\t\t<div class=\"flexpopupligne1\">\r\n\t\t\t\t\t<div class=\"popin_exposant_logo\"><img class=\"photo\" src=\"\/arx-custom-img\/exposant-amenago-default.jpg\"><\/div>\r\n\t\t\t\t\t<div class=\"\"><p class=\"arx_titlte_exposantpopup\">GOYAT<\/p><p class=\"arx_popup_site\"><a href=\"http:\/\/goyat.fr\/\" target=\"_blank\">goyat.fr\/<\/a><\/p><p class=\"arx_stand_exposant_popup\">H11<\/p><\/div><div class=\"nomenclature\" style=\"font-family: AzoSansbold !important;  line-height: 38px !important;     color: #002350 !important;\"><span>#j'optimise les performances, je s\u00e9curise mon logement<\/span><\/div>\r\n\t\t\t<\/div>\r\n\t\t\t\t<div class=\"popin_exposant_adresse\" style=\"margin-top:25px\"><p class=\"arx_adresse_popup\"><img src=\"\/wp-content\/uploads\/2023\/01\/Vector-2.png\" style=\"margin-right:3px\"><strong>1 avenue Ti Pont, 29000 - QUIMPER<\/strong><\/p><\/div>\r\n\t\t\t\t\r\n\t\t\t\t<div class=\"popin_exposant_content\"><p class=\"arx_expo_extrait\"><strong> <\/strong><\/p><\/div>\r\n\t\t\t<div class=\"popin_exposant_resaux\">\r\n\t\t\t\t<div class=\"reseaux\" style=\"    display: flex;   justify-content: flex-end;\"><\/div>\r\n\t\t\t\t\r\n\t\t\t<\/div>\r\n\t\t\t\r\n\t\t\t<\/div><\/div><\/div><div id=\" \"class=\"exposant_item_popin\" data-id=\"10222\">\r\n\t\t\t\t\t<div class=\"exposant_item_popin_content box_shadow\">\r\n\r\n\t\t\t\t\t<div class=\"close\" data-id=\"10222\"><\/div>\r\n\t\t\t\t\t<div class=\"exposant_item_popin_scrolled_content\">\t\t\t\t\t\r\n\t\t\t\t<div class=\"flexpopupligne1\">\r\n\t\t\t\t\t<div class=\"popin_exposant_logo\"><img class=\"photo\" src=\"\/arx-custom-img\/exposant-amenago-default.jpg\"><\/div>\r\n\t\t\t\t\t<div class=\"\"><p class=\"arx_titlte_exposantpopup\">GOYAT<\/p><p class=\"arx_popup_site\"><a href=\"http:\/\/goyat.fr\/\" target=\"_blank\">goyat.fr\/<\/a><\/p><p class=\"arx_stand_exposant_popup\">F04<\/p><\/div><div class=\"nomenclature\" style=\"font-family: AzoSansbold !important;  line-height: 38px !important;     color: #002350 !important;\"><span>#j'optimise les performances, je s\u00e9curise mon logement<\/span><\/div>\r\n\t\t\t<\/div>\r\n\t\t\t\t<div class=\"popin_exposant_adresse\" style=\"margin-top:25px\"><p class=\"arx_adresse_popup\"><img src=\"\/wp-content\/uploads\/2023\/01\/Vector-2.png\" style=\"margin-right:3px\"><strong>1 avenue Ti Pont, 29000 - QUIMPER<\/strong><\/p><\/div>\r\n\t\t\t\t\r\n\t\t\t\t<div class=\"popin_exposant_content\"><p class=\"arx_expo_extrait\"><strong>Chauffage, \u00e9lectricit\u00e9, plomberie, salle de bains, cuisines, climatisation, \u00e9nergies renouvelables, contrat d'entretien.<\/strong><\/p><\/div>\r\n\t\t\t<div class=\"popin_exposant_resaux\">\r\n\t\t\t\t<div class=\"reseaux\" style=\"    display: flex;   justify-content: flex-end;\"><\/div>\r\n\t\t\t\t\r\n\t\t\t<\/div>\r\n\t\t\t\r\n\t\t\t<\/div><\/div><\/div><div id=\" \"class=\"exposant_item_popin\" data-id=\"9030\">\r\n\t\t\t\t\t<div class=\"exposant_item_popin_content box_shadow\">\r\n\r\n\t\t\t\t\t<div class=\"close\" data-id=\"9030\"><\/div>\r\n\t\t\t\t\t<div class=\"exposant_item_popin_scrolled_content\">\t\t\t\t\t\r\n\t\t\t\t<div class=\"flexpopupligne1\">\r\n\t\t\t\t\t<div class=\"popin_exposant_logo\"><img class=\"photo\" src=\"\/arx-custom-img\/exposant-amenago-default.jpg\"><\/div>\r\n\t\t\t\t\t<div class=\"\"><p class=\"arx_titlte_exposantpopup\">GRDF GAZ ET HABITAT<\/p><p class=\"arx_popup_site\"><a href=\"http:\/\/www.grdf.fr\/\" target=\"_blank\">www.grdf.fr\/<\/a><\/p><p class=\"arx_stand_exposant_popup\">C30<\/p><\/div><div class=\"nomenclature\" style=\"font-family: AzoSansbold !important;  line-height: 38px !important;     color: #002350 !important;\"><span>#j'optimise les performances, je s\u00e9curise mon logement<\/span><\/div>\r\n\t\t\t<\/div>\r\n\t\t\t\t<div class=\"popin_exposant_adresse\" style=\"margin-top:25px\"><p class=\"arx_adresse_popup\"><img src=\"\/wp-content\/uploads\/2023\/01\/Vector-2.png\" style=\"margin-right:3px\"><strong>7 Mail Pablo Picasso, 44000 - NANTES<\/strong><\/p><\/div>\r\n\t\t\t\t\r\n\t\t\t\t<div class=\"popin_exposant_content\"><p class=\"arx_expo_extrait\"><strong>Distributeur  du gaz naturel et du bio-m\u00e9thane pour un habitat performant et innovant dans la r\u00e9novation et la construction<\/strong><\/p><\/div>\r\n\t\t\t<div class=\"popin_exposant_resaux\">\r\n\t\t\t\t<div class=\"reseaux\" style=\"    display: flex;   justify-content: flex-end;\"><\/div>\r\n\t\t\t\t\r\n\t\t\t<\/div>\r\n\t\t\t\r\n\t\t\t<\/div><\/div><\/div><div id=\" \"class=\"exposant_item_popin\" data-id=\"9059\">\r\n\t\t\t\t\t<div class=\"exposant_item_popin_content box_shadow\">\r\n\r\n\t\t\t\t\t<div class=\"close\" data-id=\"9059\"><\/div>\r\n\t\t\t\t\t<div class=\"exposant_item_popin_scrolled_content\">\t\t\t\t\t\r\n\t\t\t\t<div class=\"flexpopupligne1\">\r\n\t\t\t\t\t<div class=\"popin_exposant_logo\"><img class=\"photo\" src=\"\/arx-custom-img\/exposant-amenago-default.jpg\"><\/div>\r\n\t\t\t\t\t<div class=\"\"><p class=\"arx_titlte_exposantpopup\">GROUPE FRANCOIS LEON<\/p><p class=\"arx_popup_site\"><a href=\"http:\/\/maisons-leon.com\/agence-constructeur-de-maisons-quimper\/\" target=\"_blank\">maisons-leon.com\/agence-constructeur-de-maisons-quimper\/<\/a><\/p><p class=\"arx_stand_exposant_popup\">B38<\/p><\/div><div class=\"nomenclature\" style=\"font-family: AzoSansbold !important;  line-height: 38px !important;     color: #002350 !important;\"><span>#je construis, je r\u00e9nove ma maison<\/span><\/div>\r\n\t\t\t<\/div>\r\n\t\t\t\t<div class=\"popin_exposant_adresse\" style=\"margin-top:25px\"><p class=\"arx_adresse_popup\"><img src=\"\/wp-content\/uploads\/2023\/01\/Vector-2.png\" style=\"margin-right:3px\"><strong>25 RUE CHARLES FOULON\n25 RUE CHARLES FOULON\n., 29200 - BREST<\/strong><\/p><\/div>\r\n\t\t\t\t\r\n\t\t\t\t<div class=\"popin_exposant_content\"><p class=\"arx_expo_extrait\"><strong>Constructeur de maisons individuelles et bois<\/strong><\/p><\/div>\r\n\t\t\t<div class=\"popin_exposant_resaux\">\r\n\t\t\t\t<div class=\"reseaux\" style=\"    display: flex;   justify-content: flex-end;\"><\/div>\r\n\t\t\t\t\r\n\t\t\t<\/div>\r\n\t\t\t\r\n\t\t\t<\/div><\/div><\/div><div id=\" \"class=\"exposant_item_popin\" data-id=\"10201\">\r\n\t\t\t\t\t<div class=\"exposant_item_popin_content box_shadow\">\r\n\r\n\t\t\t\t\t<div class=\"close\" data-id=\"10201\"><\/div>\r\n\t\t\t\t\t<div class=\"exposant_item_popin_scrolled_content\">\t\t\t\t\t\r\n\t\t\t\t<div class=\"flexpopupligne1\">\r\n\t\t\t\t\t<div class=\"popin_exposant_logo\"><img class=\"photo\" src=\"\/arx-custom-img\/exposant-amenago-default.jpg\"><\/div>\r\n\t\t\t\t\t<div class=\"\"><p class=\"arx_titlte_exposantpopup\">GROUPE FRANCOIS LEON<\/p><p class=\"arx_popup_site\"><a href=\"http:\/\/maisons-leon.com\/agence-constructeur-de-maisons-quimper\/\" target=\"_blank\">maisons-leon.com\/agence-constructeur-de-maisons-quimper\/<\/a><\/p><p class=\"arx_stand_exposant_popup\">B38<\/p><\/div><div class=\"nomenclature\" style=\"font-family: AzoSansbold !important;  line-height: 38px !important;     color: #002350 !important;\"><span>#je construis, je r\u00e9nove ma maison<\/span><\/div>\r\n\t\t\t<\/div>\r\n\t\t\t\t<div class=\"popin_exposant_adresse\" style=\"margin-top:25px\"><p class=\"arx_adresse_popup\"><img src=\"\/wp-content\/uploads\/2023\/01\/Vector-2.png\" style=\"margin-right:3px\"><strong>25 RUE CHARLES FOULON\n25 RUE CHARLES FOULON\n., 29200 - BREST<\/strong><\/p><\/div>\r\n\t\t\t\t\r\n\t\t\t\t<div class=\"popin_exposant_content\"><p class=\"arx_expo_extrait\"><strong>Constructeur de maisons individuelles et bois<\/strong><\/p><\/div>\r\n\t\t\t<div class=\"popin_exposant_resaux\">\r\n\t\t\t\t<div class=\"reseaux\" style=\"    display: flex;   justify-content: flex-end;\"><\/div>\r\n\t\t\t\t\r\n\t\t\t<\/div>\r\n\t\t\t\r\n\t\t\t<\/div><\/div><\/div><div id=\" \"class=\"exposant_item_popin\" data-id=\"8981\">\r\n\t\t\t\t\t<div class=\"exposant_item_popin_content box_shadow\">\r\n\r\n\t\t\t\t\t<div class=\"close\" data-id=\"8981\"><\/div>\r\n\t\t\t\t\t<div class=\"exposant_item_popin_scrolled_content\">\t\t\t\t\t\r\n\t\t\t\t<div class=\"flexpopupligne1\">\r\n\t\t\t\t\t<div class=\"popin_exposant_logo\"><img class=\"photo\" src=\"https:\/\/exposant.gl-events.com\/uploads\/company_booths\/logos\/0c18f1471ce74250e5252a70de732a7d.jpg\"><\/div>\r\n\t\t\t\t\t<div class=\"\"><p class=\"arx_titlte_exposantpopup\">GUILLERM HABITAT<\/p><p class=\"arx_popup_site\"><a href=\"http:\/\/guillerm-habitat.fr\/fr-fr\/\" target=\"_blank\">guillerm-habitat.fr\/fr-fr\/<\/a><\/p><p class=\"arx_stand_exposant_popup\">B12<\/p><\/div><div class=\"nomenclature\" style=\"font-family: AzoSansbold !important;  line-height: 38px !important;     color: #002350 !important;\"><span>#je construis, je r\u00e9nove ma maison<\/span><\/div>\r\n\t\t\t<\/div>\r\n\t\t\t\t<div class=\"popin_exposant_adresse\" style=\"margin-top:25px\"><p class=\"arx_adresse_popup\"><img src=\"\/wp-content\/uploads\/2023\/01\/Vector-2.png\" style=\"margin-right:3px\"><strong>RUE DU GUEVEN\nBP 2\nBP 2, 29420 - PLOUVORN<\/strong><\/p><\/div>\r\n\t\t\t\t\r\n\t\t\t\t<div class=\"popin_exposant_content\"><p class=\"arx_expo_extrait\"><strong>Constructeur breton depuis 1910<\/strong><\/p><\/div>\r\n\t\t\t<div class=\"popin_exposant_resaux\">\r\n\t\t\t\t<div class=\"reseaux\" style=\"    display: flex;   justify-content: flex-end;\"><a href=\"https:\/\/www.facebook.com\/guillerm.entreprise\/\" target=\"_blank\"><img src=\"\/arx-custom-img\/exposant-fb.svg\"><\/a><a href=\"https:\/\/www.instagram.com\/guillerm.entreprise\/\" target=\"_blank\"><img src=\"\/arx-custom-img\/exposant-insta.svg\"><\/a><\/div>\r\n\t\t\t\t\r\n\t\t\t<\/div>\r\n\t\t\t\r\n\t\t\t<\/div><\/div><\/div><div id=\" \"class=\"exposant_item_popin\" data-id=\"10230\">\r\n\t\t\t\t\t<div class=\"exposant_item_popin_content box_shadow\">\r\n\r\n\t\t\t\t\t<div class=\"close\" data-id=\"10230\"><\/div>\r\n\t\t\t\t\t<div class=\"exposant_item_popin_scrolled_content\">\t\t\t\t\t\r\n\t\t\t\t<div class=\"flexpopupligne1\">\r\n\t\t\t\t\t<div class=\"popin_exposant_logo\"><img class=\"photo\" src=\"\/arx-custom-img\/exposant-amenago-default.jpg\"><\/div>\r\n\t\t\t\t\t<div class=\"\"><p class=\"arx_titlte_exposantpopup\">GUILLERM HABITAT<\/p><p class=\"arx_popup_site\"><a href=\"http:\/\/guillerm-habitat.fr\/fr-fr\/\" target=\"_blank\">guillerm-habitat.fr\/fr-fr\/<\/a><\/p><p class=\"arx_stand_exposant_popup\">B12<\/p><\/div><div class=\"nomenclature\" style=\"font-family: AzoSansbold !important;  line-height: 38px !important;     color: #002350 !important;\"><span>#je construis, je r\u00e9nove ma maison<\/span><\/div>\r\n\t\t\t<\/div>\r\n\t\t\t\t<div class=\"popin_exposant_adresse\" style=\"margin-top:25px\"><p class=\"arx_adresse_popup\"><img src=\"\/wp-content\/uploads\/2023\/01\/Vector-2.png\" style=\"margin-right:3px\"><strong>RUE DU GUEVEN\nBP 2\nBP 2, 29420 - PLOUVORN<\/strong><\/p><\/div>\r\n\t\t\t\t\r\n\t\t\t\t<div class=\"popin_exposant_content\"><p class=\"arx_expo_extrait\"><strong>Constructeur breton depuis 1910<\/strong><\/p><\/div>\r\n\t\t\t<div class=\"popin_exposant_resaux\">\r\n\t\t\t\t<div class=\"reseaux\" style=\"    display: flex;   justify-content: flex-end;\"><\/div>\r\n\t\t\t\t\r\n\t\t\t<\/div>\r\n\t\t\t\r\n\t\t\t<\/div><\/div><\/div><div id=\" \"class=\"exposant_item_popin\" data-id=\"9082\">\r\n\t\t\t\t\t<div class=\"exposant_item_popin_content box_shadow\">\r\n\r\n\t\t\t\t\t<div class=\"close\" data-id=\"9082\"><\/div>\r\n\t\t\t\t\t<div class=\"exposant_item_popin_scrolled_content\">\t\t\t\t\t\r\n\t\t\t\t<div class=\"flexpopupligne1\">\r\n\t\t\t\t\t<div class=\"popin_exposant_logo\"><img class=\"photo\" src=\"\/arx-custom-img\/exposant-amenago-default.jpg\"><\/div>\r\n\t\t\t\t\t<div class=\"\"><p class=\"arx_titlte_exposantpopup\">GWENOLA LE BRETON DESIGNER<\/p><p class=\"arx_popup_site\"><\/p><p class=\"arx_stand_exposant_popup\">E01TER<\/p><\/div><div class=\"nomenclature\" style=\"font-family: AzoSansbold !important;  line-height: 38px !important;     color: #002350 !important;\"><span>#j'am\u00e9nage, j'agence et je d\u00e9core ma maison<\/span><\/div>\r\n\t\t\t<\/div>\r\n\t\t\t\t<div class=\"popin_exposant_adresse\" style=\"margin-top:25px\"><p class=\"arx_adresse_popup\"><img src=\"\/wp-content\/uploads\/2023\/01\/Vector-2.png\" style=\"margin-right:3px\"><strong>1 Impasse de La Croix Neuve, 56370 - LE TOUR DU PARC<\/strong><\/p><\/div>\r\n\t\t\t\t\r\n\t\t\t\t<div class=\"popin_exposant_content\"><p class=\"arx_expo_extrait\"><strong>Designer<\/strong><\/p><\/div>\r\n\t\t\t<div class=\"popin_exposant_resaux\">\r\n\t\t\t\t<div class=\"reseaux\" style=\"    display: flex;   justify-content: flex-end;\"><\/div>\r\n\t\t\t\t\r\n\t\t\t<\/div>\r\n\t\t\t\r\n\t\t\t<\/div><\/div><\/div><div id=\" \"class=\"exposant_item_popin\" data-id=\"9097\">\r\n\t\t\t\t\t<div class=\"exposant_item_popin_content box_shadow\">\r\n\r\n\t\t\t\t\t<div class=\"close\" data-id=\"9097\"><\/div>\r\n\t\t\t\t\t<div class=\"exposant_item_popin_scrolled_content\">\t\t\t\t\t\r\n\t\t\t\t<div class=\"flexpopupligne1\">\r\n\t\t\t\t\t<div class=\"popin_exposant_logo\"><img class=\"photo\" src=\"\/arx-custom-img\/exposant-amenago-default.jpg\"><\/div>\r\n\t\t\t\t\t<div class=\"\"><p class=\"arx_titlte_exposantpopup\">HANSEN COJEAN<\/p><p class=\"arx_popup_site\"><a href=\"http:\/\/hansencojean.com\/\" target=\"_blank\">hansencojean.com\/<\/a><\/p><p class=\"arx_stand_exposant_popup\">D40<\/p><\/div><div class=\"nomenclature\" style=\"font-family: AzoSansbold !important;  line-height: 38px !important;     color: #002350 !important;\"><span>#je cr\u00e9e ou je r\u00e9nove ma cuisine, ma salle de bain<\/span><\/div>\r\n\t\t\t<\/div>\r\n\t\t\t\t<div class=\"popin_exposant_adresse\" style=\"margin-top:25px\"><p class=\"arx_adresse_popup\"><img src=\"\/wp-content\/uploads\/2023\/01\/Vector-2.png\" style=\"margin-right:3px\"><strong>17 cit\u00e9 de Kerguelen, 29000 - QUIMPER<\/strong><\/p><\/div>\r\n\t\t\t\t\r\n\t\t\t\t<div class=\"popin_exposant_content\"><p class=\"arx_expo_extrait\"><strong>Cr\u00e9ation et r\u00e9novation de salle de bain ( plomberie et carrelage)<\/strong><\/p><\/div>\r\n\t\t\t<div class=\"popin_exposant_resaux\">\r\n\t\t\t\t<div class=\"reseaux\" style=\"    display: flex;   justify-content: flex-end;\"><\/div>\r\n\t\t\t\t\r\n\t\t\t<\/div>\r\n\t\t\t\r\n\t\t\t<\/div><\/div><\/div><div id=\" \"class=\"exposant_item_popin\" data-id=\"9015\">\r\n\t\t\t\t\t<div class=\"exposant_item_popin_content box_shadow\">\r\n\r\n\t\t\t\t\t<div class=\"close\" data-id=\"9015\"><\/div>\r\n\t\t\t\t\t<div class=\"exposant_item_popin_scrolled_content\">\t\t\t\t\t\r\n\t\t\t\t<div class=\"flexpopupligne1\">\r\n\t\t\t\t\t<div class=\"popin_exposant_logo\"><img class=\"photo\" src=\"\/arx-custom-img\/exposant-amenago-default.jpg\"><\/div>\r\n\t\t\t\t\t<div class=\"\"><p class=\"arx_titlte_exposantpopup\">HEMISPHERE SUD CONCARNEAU<\/p><p class=\"arx_popup_site\"><a href=\"http:\/\/www.hemisphere-sud.com\/\" target=\"_blank\">www.hemisphere-sud.com\/<\/a><\/p><p class=\"arx_stand_exposant_popup\">C42<\/p><\/div><div class=\"nomenclature\" style=\"font-family: AzoSansbold !important;  line-height: 38px !important;     color: #002350 !important;\"><span>#j'am\u00e9nage, j'agence et je d\u00e9core ma maison<\/span><\/div>\r\n\t\t\t<\/div>\r\n\t\t\t\t<div class=\"popin_exposant_adresse\" style=\"margin-top:25px\"><p class=\"arx_adresse_popup\"><img src=\"\/wp-content\/uploads\/2023\/01\/Vector-2.png\" style=\"margin-right:3px\"><strong>2 rue Joseph Bigot Zone Ecopark Le Rhun, 29900 - CONCARNEAU<\/strong><\/p><\/div>\r\n\t\t\t\t\r\n\t\t\t\t<div class=\"popin_exposant_content\"><p class=\"arx_expo_extrait\"><strong>Nous proposons des meubles, des canap\u00e9s, des tables, de la d\u00e9coration, des tableaux, des luminaires et du textile de maison<\/strong><\/p><\/div>\r\n\t\t\t<div class=\"popin_exposant_resaux\">\r\n\t\t\t\t<div class=\"reseaux\" style=\"    display: flex;   justify-content: flex-end;\"><\/div>\r\n\t\t\t\t\r\n\t\t\t<\/div>\r\n\t\t\t\r\n\t\t\t<\/div><\/div><\/div><div id=\" \"class=\"exposant_item_popin\" data-id=\"9012\">\r\n\t\t\t\t\t<div class=\"exposant_item_popin_content box_shadow\">\r\n\r\n\t\t\t\t\t<div class=\"close\" data-id=\"9012\"><\/div>\r\n\t\t\t\t\t<div class=\"exposant_item_popin_scrolled_content\">\t\t\t\t\t\r\n\t\t\t\t<div class=\"flexpopupligne1\">\r\n\t\t\t\t\t<div class=\"popin_exposant_logo\"><img class=\"photo\" src=\"\/arx-custom-img\/exposant-amenago-default.jpg\"><\/div>\r\n\t\t\t\t\t<div class=\"\"><p class=\"arx_titlte_exposantpopup\">ID MENUISERIES<\/p><p class=\"arx_popup_site\"><a href=\"http:\/\/www.id-menuiserie.fr\/\" target=\"_blank\">www.id-menuiserie.fr\/<\/a><\/p><p class=\"arx_stand_exposant_popup\">B08<\/p><\/div><div class=\"nomenclature\" style=\"font-family: AzoSansbold !important;  line-height: 38px !important;     color: #002350 !important;\"><span>#j'optimise les performances, je s\u00e9curise mon logement<\/span><\/div>\r\n\t\t\t<\/div>\r\n\t\t\t\t<div class=\"popin_exposant_adresse\" style=\"margin-top:25px\"><p class=\"arx_adresse_popup\"><img src=\"\/wp-content\/uploads\/2023\/01\/Vector-2.png\" style=\"margin-right:3px\"><strong>33b avenue du Rouillen, 29500 - ERGUE GABERIC<\/strong><\/p><\/div>\r\n\t\t\t\t\r\n\t\t\t\t<div class=\"popin_exposant_content\"><p class=\"arx_expo_extrait\"><strong>Vente et pose de menuiseries dans le Finist\u00e8re <\/strong><\/p><\/div>\r\n\t\t\t<div class=\"popin_exposant_resaux\">\r\n\t\t\t\t<div class=\"reseaux\" style=\"    display: flex;   justify-content: flex-end;\"><\/div>\r\n\t\t\t\t\r\n\t\t\t<\/div>\r\n\t\t\t\r\n\t\t\t<\/div><\/div><\/div><div id=\" \"class=\"exposant_item_popin\" data-id=\"10186\">\r\n\t\t\t\t\t<div class=\"exposant_item_popin_content box_shadow\">\r\n\r\n\t\t\t\t\t<div class=\"close\" data-id=\"10186\"><\/div>\r\n\t\t\t\t\t<div class=\"exposant_item_popin_scrolled_content\">\t\t\t\t\t\r\n\t\t\t\t<div class=\"flexpopupligne1\">\r\n\t\t\t\t\t<div class=\"popin_exposant_logo\"><img class=\"photo\" src=\"\/arx-custom-img\/exposant-amenago-default.jpg\"><\/div>\r\n\t\t\t\t\t<div class=\"\"><p class=\"arx_titlte_exposantpopup\">ID MENUISERIES<\/p><p class=\"arx_popup_site\"><a href=\"http:\/\/www.id-menuiserie.fr\/\" target=\"_blank\">www.id-menuiserie.fr\/<\/a><\/p><p class=\"arx_stand_exposant_popup\">B08<\/p><\/div><div class=\"nomenclature\" style=\"font-family: AzoSansbold !important;  line-height: 38px !important;     color: #002350 !important;\"><span>#j'optimise les performances, je s\u00e9curise mon logement<\/span><\/div>\r\n\t\t\t<\/div>\r\n\t\t\t\t<div class=\"popin_exposant_adresse\" style=\"margin-top:25px\"><p class=\"arx_adresse_popup\"><img src=\"\/wp-content\/uploads\/2023\/01\/Vector-2.png\" style=\"margin-right:3px\"><strong>33b avenue du Rouillen, 29500 - ERGUE GABERIC<\/strong><\/p><\/div>\r\n\t\t\t\t\r\n\t\t\t\t<div class=\"popin_exposant_content\"><p class=\"arx_expo_extrait\"><strong>Vente et pose de menuiseries dans le Finist\u00e8re <\/strong><\/p><\/div>\r\n\t\t\t<div class=\"popin_exposant_resaux\">\r\n\t\t\t\t<div class=\"reseaux\" style=\"    display: flex;   justify-content: flex-end;\"><\/div>\r\n\t\t\t\t\r\n\t\t\t<\/div>\r\n\t\t\t\r\n\t\t\t<\/div><\/div><\/div><div id=\" \"class=\"exposant_item_popin\" data-id=\"9088\">\r\n\t\t\t\t\t<div class=\"exposant_item_popin_content box_shadow\">\r\n\r\n\t\t\t\t\t<div class=\"close\" data-id=\"9088\"><\/div>\r\n\t\t\t\t\t<div class=\"exposant_item_popin_scrolled_content\">\t\t\t\t\t\r\n\t\t\t\t<div class=\"flexpopupligne1\">\r\n\t\t\t\t\t<div class=\"popin_exposant_logo\"><img class=\"photo\" src=\"https:\/\/exposant.gl-events.com\/uploads\/company_booths\/logos\/8be23addef82ce35b1806d8f8dabe128.png\"><\/div>\r\n\t\t\t\t\t<div class=\"\"><p class=\"arx_titlte_exposantpopup\">ILLICO TRAVAUX<\/p><p class=\"arx_popup_site\"><a href=\"http:\/\/www.illico-travaux.com\/agence\/illico-travaux-fouesnant-benodet\/\" target=\"_blank\">www.illico-travaux.com\/agence\/illico-travaux-fouesnant-benodet\/<\/a><\/p><p class=\"arx_stand_exposant_popup\">C27<\/p><\/div><div class=\"nomenclature\" style=\"font-family: AzoSansbold !important;  line-height: 38px !important;     color: #002350 !important;\"><span>#je pr\u00e9pare mon projet immobilier<\/span><\/div>\r\n\t\t\t<\/div>\r\n\t\t\t\t<div class=\"popin_exposant_adresse\" style=\"margin-top:25px\"><p class=\"arx_adresse_popup\"><img src=\"\/wp-content\/uploads\/2023\/01\/Vector-2.png\" style=\"margin-right:3px\"><strong>35 Rue de KERGOURGUE, 29170 - FOUESNANT<\/strong><\/p><\/div>\r\n\t\t\t\t\r\n\t\t\t\t<div class=\"popin_exposant_content\"><p class=\"arx_expo_extrait\"><strong>Courtier en travaux\r\nAMO (Assistance Maitrise d'Ouvrage) : suivi de chantier\r\nAudits \u00e9nerg\u00e9tiques\r\nEstimatifs de travaux<\/strong><\/p><\/div>\r\n\t\t\t<div class=\"popin_exposant_resaux\">\r\n\t\t\t\t<div class=\"reseaux\" style=\"    display: flex;   justify-content: flex-end;\"><a href=\"https:\/\/www.facebook.com\/illiCOtravauxFouesnantBenodet\" target=\"_blank\"><img src=\"\/arx-custom-img\/exposant-fb.svg\"><\/a><a href=\"https:\/\/www.instagram.com\/manu_illico\/\" target=\"_blank\"><img src=\"\/arx-custom-img\/exposant-insta.svg\"><\/a><\/div>\r\n\t\t\t\t\r\n\t\t\t<\/div>\r\n\t\t\t\r\n\t\t\t\r\n\t\t\t\t<div class=\"popin_exposant_documents\">\r\n\t\t\t\t\t<div class=\"titre_produits\">DOCUMENTS<\/div>\r\n\t\t\t\t<div class=\"flexdocument\">\r\n\t\t\t\t\t<div class=\"document_item\">\r\n\t\t\t\t\t<div><img src=\"\/wp-content\/uploads\/2023\/01\/note-2.svg\"><\/div>\r\n\t\t\t\t\t<div><a href=\"https:\/\/exposant.gl-events.com\/uploads\/documents\/d4f24d56a92f5ef5b465f1042ef31f77.pdf\" target=\"_blank\">Courtage en travaux et suivi de client<\/a><\/div>\t\t\t\t\t\r\n\t\t\t\t\t<\/div>\t\r\n\t\t\t\t<\/div><\/div><\/div><\/div><\/div><div id=\" \"class=\"exposant_item_popin\" data-id=\"10198\">\r\n\t\t\t\t\t<div class=\"exposant_item_popin_content box_shadow\">\r\n\r\n\t\t\t\t\t<div class=\"close\" data-id=\"10198\"><\/div>\r\n\t\t\t\t\t<div class=\"exposant_item_popin_scrolled_content\">\t\t\t\t\t\r\n\t\t\t\t<div class=\"flexpopupligne1\">\r\n\t\t\t\t\t<div class=\"popin_exposant_logo\"><img class=\"photo\" src=\"\/arx-custom-img\/exposant-amenago-default.jpg\"><\/div>\r\n\t\t\t\t\t<div class=\"\"><p class=\"arx_titlte_exposantpopup\">ILLICO TRAVAUX<\/p><p class=\"arx_popup_site\"><a href=\"http:\/\/www.illico-travaux.com\/agence\/illico-travaux-fouesnant-benodet\/\" target=\"_blank\">www.illico-travaux.com\/agence\/illico-travaux-fouesnant-benodet\/<\/a><\/p><p class=\"arx_stand_exposant_popup\">C27<\/p><\/div><div class=\"nomenclature\" style=\"font-family: AzoSansbold !important;  line-height: 38px !important;     color: #002350 !important;\"><span>#je pr\u00e9pare mon projet immobilier<\/span><\/div>\r\n\t\t\t<\/div>\r\n\t\t\t\t<div class=\"popin_exposant_adresse\" style=\"margin-top:25px\"><p class=\"arx_adresse_popup\"><img src=\"\/wp-content\/uploads\/2023\/01\/Vector-2.png\" style=\"margin-right:3px\"><strong>35 Rue de KERGOURGUE, 29170 - FOUESNANT<\/strong><\/p><\/div>\r\n\t\t\t\t\r\n\t\t\t\t<div class=\"popin_exposant_content\"><p class=\"arx_expo_extrait\"><strong>Courtier en travaux<\/strong><\/p><\/div>\r\n\t\t\t<div class=\"popin_exposant_resaux\">\r\n\t\t\t\t<div class=\"reseaux\" style=\"    display: flex;   justify-content: flex-end;\"><\/div>\r\n\t\t\t\t\r\n\t\t\t<\/div>\r\n\t\t\t\r\n\t\t\t\r\n\t\t\t\t<div class=\"popin_exposant_documents\">\r\n\t\t\t\t\t<div class=\"titre_produits\">DOCUMENTS<\/div>\r\n\t\t\t\t<div class=\"flexdocument\">\r\n\t\t\t\t\t<div class=\"document_item\">\r\n\t\t\t\t\t<div><img src=\"\/wp-content\/uploads\/2023\/01\/note-2.svg\"><\/div>\r\n\t\t\t\t\t<div><a href=\"https:\/\/exposant.gl-events.com\/uploads\/documents\/a7ff8518fb97623235cf57fc42a198d2.pdf\" target=\"_blank\">Plaquette client<\/a><\/div>\t\t\t\t\t\r\n\t\t\t\t\t<\/div>\t\r\n\t\t\t\t<\/div><\/div><\/div><\/div><\/div><div id=\" \"class=\"exposant_item_popin\" data-id=\"10244\">\r\n\t\t\t\t\t<div class=\"exposant_item_popin_content box_shadow\">\r\n\r\n\t\t\t\t\t<div class=\"close\" data-id=\"10244\"><\/div>\r\n\t\t\t\t\t<div class=\"exposant_item_popin_scrolled_content\">\t\t\t\t\t\r\n\t\t\t\t<div class=\"flexpopupligne1\">\r\n\t\t\t\t\t<div class=\"popin_exposant_logo\"><img class=\"photo\" src=\"\/arx-custom-img\/exposant-amenago-default.jpg\"><\/div>\r\n\t\t\t\t\t<div class=\"\"><p class=\"arx_titlte_exposantpopup\">IMAGINE MANON CURUNET<\/p><p class=\"arx_popup_site\"><a href=\"http:\/\/imagine-cuisine-douarnenez.fr\/\" target=\"_blank\">imagine-cuisine-douarnenez.fr\/<\/a><\/p><p class=\"arx_stand_exposant_popup\">F01<\/p><\/div><div class=\"nomenclature\" style=\"font-family: AzoSansbold !important;  line-height: 38px !important;     color: #002350 !important;\"><span>#je cr\u00e9e ou je r\u00e9nove ma cuisine, ma salle de bain<\/span><\/div>\r\n\t\t\t<\/div>\r\n\t\t\t\t<div class=\"popin_exposant_adresse\" style=\"margin-top:25px\"><p class=\"arx_adresse_popup\"><img src=\"\/wp-content\/uploads\/2023\/01\/Vector-2.png\" style=\"margin-right:3px\"><strong>12 rue Edouard BRANLY, 29100 - DOUARNENEZ<\/strong><\/p><\/div>\r\n\t\t\t\t\r\n\t\t\t\t<div class=\"popin_exposant_content\"><p class=\"arx_expo_extrait\"><strong>Am\u00e9nagement, d\u00e9coration et r\u00e9novation de votre habitat, cuisine MOREL, fabrication Bretagne<\/strong><\/p><\/div>\r\n\t\t\t<div class=\"popin_exposant_resaux\">\r\n\t\t\t\t<div class=\"reseaux\" style=\"    display: flex;   justify-content: flex-end;\"><\/div>\r\n\t\t\t\t\r\n\t\t\t<\/div>\r\n\t\t\t\r\n\t\t\t<\/div><\/div><\/div><div id=\" \"class=\"exposant_item_popin\" data-id=\"9071\">\r\n\t\t\t\t\t<div class=\"exposant_item_popin_content box_shadow\">\r\n\r\n\t\t\t\t\t<div class=\"close\" data-id=\"9071\"><\/div>\r\n\t\t\t\t\t<div class=\"exposant_item_popin_scrolled_content\">\t\t\t\t\t\r\n\t\t\t\t<div class=\"flexpopupligne1\">\r\n\t\t\t\t\t<div class=\"popin_exposant_logo\"><img class=\"photo\" src=\"\/arx-custom-img\/exposant-amenago-default.jpg\"><\/div>\r\n\t\t\t\t\t<div class=\"\"><p class=\"arx_titlte_exposantpopup\">IMAGINE MANON CURUNET<\/p><p class=\"arx_popup_site\"><a href=\"http:\/\/imagine-cuisine-douarnenez.fr\/\" target=\"_blank\">imagine-cuisine-douarnenez.fr\/<\/a><\/p><p class=\"arx_stand_exposant_popup\">F01<\/p><\/div><div class=\"nomenclature\" style=\"font-family: AzoSansbold !important;  line-height: 38px !important;     color: #002350 !important;\"><span>#je cr\u00e9e ou je r\u00e9nove ma cuisine, ma salle de bain<\/span><\/div>\r\n\t\t\t<\/div>\r\n\t\t\t\t<div class=\"popin_exposant_adresse\" style=\"margin-top:25px\"><p class=\"arx_adresse_popup\"><img src=\"\/wp-content\/uploads\/2023\/01\/Vector-2.png\" style=\"margin-right:3px\"><strong>12 rue Edouard BRANLY, 29100 - DOUARNENEZ<\/strong><\/p><\/div>\r\n\t\t\t\t\r\n\t\t\t\t<div class=\"popin_exposant_content\"><p class=\"arx_expo_extrait\"><strong>Am\u00e9nagement, d\u00e9coration et r\u00e9novation de votre habitat, cuisine MOREL, fabrication Bretagne<\/strong><\/p><\/div>\r\n\t\t\t<div class=\"popin_exposant_resaux\">\r\n\t\t\t\t<div class=\"reseaux\" style=\"    display: flex;   justify-content: flex-end;\"><\/div>\r\n\t\t\t\t\r\n\t\t\t<\/div>\r\n\t\t\t\r\n\t\t\t<\/div><\/div><\/div><div id=\" \"class=\"exposant_item_popin\" data-id=\"9048\">\r\n\t\t\t\t\t<div class=\"exposant_item_popin_content box_shadow\">\r\n\r\n\t\t\t\t\t<div class=\"close\" data-id=\"9048\"><\/div>\r\n\t\t\t\t\t<div class=\"exposant_item_popin_scrolled_content\">\t\t\t\t\t\r\n\t\t\t\t<div class=\"flexpopupligne1\">\r\n\t\t\t\t\t<div class=\"popin_exposant_logo\"><img class=\"photo\" src=\"\/arx-custom-img\/exposant-amenago-default.jpg\"><\/div>\r\n\t\t\t\t\t<div class=\"\"><p class=\"arx_titlte_exposantpopup\">ISOCHEMINEE<\/p><p class=\"arx_popup_site\"><a href=\"http:\/\/www.isocheminee.fr\/\" target=\"_blank\">www.isocheminee.fr\/<\/a><\/p><p class=\"arx_stand_exposant_popup\">D24<\/p><\/div><div class=\"nomenclature\" style=\"font-family: AzoSansbold !important;  line-height: 38px !important;     color: #002350 !important;\"><span>#j'optimise les performances, je s\u00e9curise mon logement<\/span><\/div>\r\n\t\t\t<\/div>\r\n\t\t\t\t<div class=\"popin_exposant_adresse\" style=\"margin-top:25px\"><p class=\"arx_adresse_popup\"><img src=\"\/wp-content\/uploads\/2023\/01\/Vector-2.png\" style=\"margin-right:3px\"><strong>LE TREYER\n93 RTE DE PLUGUFFAN, 29000 - QUIMPER<\/strong><\/p><\/div>\r\n\t\t\t\t\r\n\t\t\t\t<div class=\"popin_exposant_content\"><p class=\"arx_expo_extrait\"><strong>Vente et pose de po\u00eales \u00e0 bois, po\u00eales \u00e0 granul\u00e9s, foyers inserts, conduits de fum\u00e9e et ramonage<\/strong><\/p><\/div>\r\n\t\t\t<div class=\"popin_exposant_resaux\">\r\n\t\t\t\t<div class=\"reseaux\" style=\"    display: flex;   justify-content: flex-end;\"><\/div>\r\n\t\t\t\t\r\n\t\t\t<\/div>\r\n\t\t\t\r\n\t\t\t<\/div><\/div><\/div><div id=\" \"class=\"exposant_item_popin\" data-id=\"9049\">\r\n\t\t\t\t\t<div class=\"exposant_item_popin_content box_shadow\">\r\n\r\n\t\t\t\t\t<div class=\"close\" data-id=\"9049\"><\/div>\r\n\t\t\t\t\t<div class=\"exposant_item_popin_scrolled_content\">\t\t\t\t\t\r\n\t\t\t\t<div class=\"flexpopupligne1\">\r\n\t\t\t\t\t<div class=\"popin_exposant_logo\"><img class=\"photo\" src=\"\/arx-custom-img\/exposant-amenago-default.jpg\"><\/div>\r\n\t\t\t\t\t<div class=\"\"><p class=\"arx_titlte_exposantpopup\">ISOCHEMINEE<\/p><p class=\"arx_popup_site\"><a href=\"http:\/\/www.isocheminee.fr\/\" target=\"_blank\">www.isocheminee.fr\/<\/a><\/p><p class=\"arx_stand_exposant_popup\">EXT02<\/p><\/div><div class=\"nomenclature\" style=\"font-family: AzoSansbold !important;  line-height: 38px !important;     color: #002350 !important;\"><span>#j'optimise les performances, je s\u00e9curise mon logement<\/span><\/div>\r\n\t\t\t<\/div>\r\n\t\t\t\t<div class=\"popin_exposant_adresse\" style=\"margin-top:25px\"><p class=\"arx_adresse_popup\"><img src=\"\/wp-content\/uploads\/2023\/01\/Vector-2.png\" style=\"margin-right:3px\"><strong>93 ROUTE PLUGUFFAN\n93 RTE DE PLUGUFFAN, 29000 - QUIMPER<\/strong><\/p><\/div>\r\n\t\t\t\t\r\n\t\t\t\t<div class=\"popin_exposant_content\"><p class=\"arx_expo_extrait\"><strong>Vente et pose de po\u00eales \u00e0 bois, po\u00eales \u00e0 granul\u00e9s, foyers inserts, conduits de fum\u00e9e et ramonage. JOTUL, HETA SCAN LINE, PALAZETTI, FONDIS<\/strong><\/p><\/div>\r\n\t\t\t<div class=\"popin_exposant_resaux\">\r\n\t\t\t\t<div class=\"reseaux\" style=\"    display: flex;   justify-content: flex-end;\"><\/div>\r\n\t\t\t\t\r\n\t\t\t<\/div>\r\n\t\t\t\r\n\t\t\t<\/div><\/div><\/div><div id=\" \"class=\"exposant_item_popin\" data-id=\"10176\">\r\n\t\t\t\t\t<div class=\"exposant_item_popin_content box_shadow\">\r\n\r\n\t\t\t\t\t<div class=\"close\" data-id=\"10176\"><\/div>\r\n\t\t\t\t\t<div class=\"exposant_item_popin_scrolled_content\">\t\t\t\t\t\r\n\t\t\t\t<div class=\"flexpopupligne1\">\r\n\t\t\t\t\t<div class=\"popin_exposant_logo\"><img class=\"photo\" src=\"\/arx-custom-img\/exposant-amenago-default.jpg\"><\/div>\r\n\t\t\t\t\t<div class=\"\"><p class=\"arx_titlte_exposantpopup\">ISOCHEMINEE<\/p><p class=\"arx_popup_site\"><a href=\"http:\/\/www.isocheminee.fr\/\" target=\"_blank\">www.isocheminee.fr\/<\/a><\/p><p class=\"arx_stand_exposant_popup\">EXT02<\/p><\/div><div class=\"nomenclature\" style=\"font-family: AzoSansbold !important;  line-height: 38px !important;     color: #002350 !important;\"><span>#j'optimise les performances, je s\u00e9curise mon logement<\/span><\/div>\r\n\t\t\t<\/div>\r\n\t\t\t\t<div class=\"popin_exposant_adresse\" style=\"margin-top:25px\"><p class=\"arx_adresse_popup\"><img src=\"\/wp-content\/uploads\/2023\/01\/Vector-2.png\" style=\"margin-right:3px\"><strong>93 ROUTE PLUGUFFAN\n93 RTE DE PLUGUFFAN, 29000 - QUIMPER<\/strong><\/p><\/div>\r\n\t\t\t\t\r\n\t\t\t\t<div class=\"popin_exposant_content\"><p class=\"arx_expo_extrait\"><strong>Vente et pose de po\u00eales \u00e0 bois, po\u00eales \u00e0 granul\u00e9s, foyers inserts, conduits de fum\u00e9e et ramonage. JOTUL, HETA SCAN LINE, PALAZETTI, FONDIS<\/strong><\/p><\/div>\r\n\t\t\t<div class=\"popin_exposant_resaux\">\r\n\t\t\t\t<div class=\"reseaux\" style=\"    display: flex;   justify-content: flex-end;\"><\/div>\r\n\t\t\t\t\r\n\t\t\t<\/div>\r\n\t\t\t\r\n\t\t\t<\/div><\/div><\/div><div id=\" \"class=\"exposant_item_popin\" data-id=\"10229\">\r\n\t\t\t\t\t<div class=\"exposant_item_popin_content box_shadow\">\r\n\r\n\t\t\t\t\t<div class=\"close\" data-id=\"10229\"><\/div>\r\n\t\t\t\t\t<div class=\"exposant_item_popin_scrolled_content\">\t\t\t\t\t\r\n\t\t\t\t<div class=\"flexpopupligne1\">\r\n\t\t\t\t\t<div class=\"popin_exposant_logo\"><img class=\"photo\" src=\"\/arx-custom-img\/exposant-amenago-default.jpg\"><\/div>\r\n\t\t\t\t\t<div class=\"\"><p class=\"arx_titlte_exposantpopup\">ISOCHEMINEE<\/p><p class=\"arx_popup_site\"><a href=\"http:\/\/www.isocheminee.fr\/\" target=\"_blank\">www.isocheminee.fr\/<\/a><\/p><p class=\"arx_stand_exposant_popup\">D24<\/p><\/div><div class=\"nomenclature\" style=\"font-family: AzoSansbold !important;  line-height: 38px !important;     color: #002350 !important;\"><span>#j'optimise les performances, je s\u00e9curise mon logement<\/span><\/div>\r\n\t\t\t<\/div>\r\n\t\t\t\t<div class=\"popin_exposant_adresse\" style=\"margin-top:25px\"><p class=\"arx_adresse_popup\"><img src=\"\/wp-content\/uploads\/2023\/01\/Vector-2.png\" style=\"margin-right:3px\"><strong>LE TREYER\n93 RTE DE PLUGUFFAN, 29000 - QUIMPER<\/strong><\/p><\/div>\r\n\t\t\t\t\r\n\t\t\t\t<div class=\"popin_exposant_content\"><p class=\"arx_expo_extrait\"><strong>Vente et pose de po\u00eales \u00e0 bois, po\u00eales \u00e0 granul\u00e9s, foyers inserts, conduits de fum\u00e9e et ramonage<\/strong><\/p><\/div>\r\n\t\t\t<div class=\"popin_exposant_resaux\">\r\n\t\t\t\t<div class=\"reseaux\" style=\"    display: flex;   justify-content: flex-end;\"><\/div>\r\n\t\t\t\t\r\n\t\t\t<\/div>\r\n\t\t\t\r\n\t\t\t<\/div><\/div><\/div><div id=\" \"class=\"exposant_item_popin\" data-id=\"10215\">\r\n\t\t\t\t\t<div class=\"exposant_item_popin_content box_shadow\">\r\n\r\n\t\t\t\t\t<div class=\"close\" data-id=\"10215\"><\/div>\r\n\t\t\t\t\t<div class=\"exposant_item_popin_scrolled_content\">\t\t\t\t\t\r\n\t\t\t\t<div class=\"flexpopupligne1\">\r\n\t\t\t\t\t<div class=\"popin_exposant_logo\"><img class=\"photo\" src=\"\/arx-custom-img\/exposant-amenago-default.jpg\"><\/div>\r\n\t\t\t\t\t<div class=\"\"><p class=\"arx_titlte_exposantpopup\">IXINA<\/p><p class=\"arx_popup_site\"><a href=\"http:\/\/www.ixina.fr\/\" target=\"_blank\">www.ixina.fr\/<\/a><\/p><p class=\"arx_stand_exposant_popup\">C42<\/p><\/div><div class=\"nomenclature\" style=\"font-family: AzoSansbold !important;  line-height: 38px !important;     color: #002350 !important;\"><span>#je cr\u00e9e ou je r\u00e9nove ma cuisine, ma salle de bain<\/span><\/div>\r\n\t\t\t<\/div>\r\n\t\t\t\t<div class=\"popin_exposant_adresse\" style=\"margin-top:25px\"><p class=\"arx_adresse_popup\"><img src=\"\/wp-content\/uploads\/2023\/01\/Vector-2.png\" style=\"margin-right:3px\"><strong>3 BIS ALLEE DES QUATRE LEJEUNE\nZAC DE GOURVILY\n., 29000 - QUIMPER<\/strong><\/p><\/div>\r\n\t\t\t\t\r\n\t\t\t\t<div class=\"popin_exposant_content\"><p class=\"arx_expo_extrait\"><strong>Conception de cuisines, salles de bain, dressing, verri\u00e8res<\/strong><\/p><\/div>\r\n\t\t\t<div class=\"popin_exposant_resaux\">\r\n\t\t\t\t<div class=\"reseaux\" style=\"    display: flex;   justify-content: flex-end;\"><\/div>\r\n\t\t\t\t\r\n\t\t\t<\/div>\r\n\t\t\t\r\n\t\t\t<\/div><\/div><\/div><div id=\" \"class=\"exposant_item_popin\" data-id=\"8980\">\r\n\t\t\t\t\t<div class=\"exposant_item_popin_content box_shadow\">\r\n\r\n\t\t\t\t\t<div class=\"close\" data-id=\"8980\"><\/div>\r\n\t\t\t\t\t<div class=\"exposant_item_popin_scrolled_content\">\t\t\t\t\t\r\n\t\t\t\t<div class=\"flexpopupligne1\">\r\n\t\t\t\t\t<div class=\"popin_exposant_logo\"><img class=\"photo\" src=\"\/arx-custom-img\/exposant-amenago-default.jpg\"><\/div>\r\n\t\t\t\t\t<div class=\"\"><p class=\"arx_titlte_exposantpopup\">IZI CONFORT<\/p><p class=\"arx_popup_site\"><a href=\"http:\/\/www.iziconfort.com\/?utm_source=google&utm_medium=gmb&utm_campaign=gmb-quimper\" target=\"_blank\">www.iziconfort.com\/?utm_source=google&utm_medium=gmb&utm_campaign=gmb-quimper<\/a><\/p><p class=\"arx_stand_exposant_popup\">C20<\/p><\/div><div class=\"nomenclature\" style=\"font-family: AzoSansbold !important;  line-height: 38px !important;     color: #002350 !important;\"><span>#j'optimise les performances, je s\u00e9curise mon logement<\/span><\/div>\r\n\t\t\t<\/div>\r\n\t\t\t\t<div class=\"popin_exposant_adresse\" style=\"margin-top:25px\"><p class=\"arx_adresse_popup\"><img src=\"\/wp-content\/uploads\/2023\/01\/Vector-2.png\" style=\"margin-right:3px\"><strong>4 All\u00e9e Marie Curie, 29500 - ERGUE GABERIC<\/strong><\/p><\/div>\r\n\t\t\t\t\r\n\t\t\t\t<div class=\"popin_exposant_content\"><p class=\"arx_expo_extrait\"><strong>Installation, entretien, d\u00e9pannage de pompes \u00e0 chaleur et de chaudi\u00e8res<\/strong><\/p><\/div>\r\n\t\t\t<div class=\"popin_exposant_resaux\">\r\n\t\t\t\t<div class=\"reseaux\" style=\"    display: flex;   justify-content: flex-end;\"><\/div>\r\n\t\t\t\t\r\n\t\t\t<\/div>\r\n\t\t\t\r\n\t\t\t<\/div><\/div><\/div><div id=\" \"class=\"exposant_item_popin\" data-id=\"10267\">\r\n\t\t\t\t\t<div class=\"exposant_item_popin_content box_shadow\">\r\n\r\n\t\t\t\t\t<div class=\"close\" data-id=\"10267\"><\/div>\r\n\t\t\t\t\t<div class=\"exposant_item_popin_scrolled_content\">\t\t\t\t\t\r\n\t\t\t\t<div class=\"flexpopupligne1\">\r\n\t\t\t\t\t<div class=\"popin_exposant_logo\"><img class=\"photo\" src=\"\/arx-custom-img\/exposant-amenago-default.jpg\"><\/div>\r\n\t\t\t\t\t<div class=\"\"><p class=\"arx_titlte_exposantpopup\">IZI CONFORT<\/p><p class=\"arx_popup_site\"><a href=\"http:\/\/www.iziconfort.com\" target=\"_blank\">www.iziconfort.com<\/a><\/p><p class=\"arx_stand_exposant_popup\">C11<\/p><\/div><div class=\"nomenclature\" style=\"font-family: AzoSansbold !important;  line-height: 38px !important;     color: #002350 !important;\"><span>#j'optimise les performances, je s\u00e9curise mon logement<\/span><\/div>\r\n\t\t\t<\/div>\r\n\t\t\t\t<div class=\"popin_exposant_adresse\" style=\"margin-top:25px\"><p class=\"arx_adresse_popup\"><img src=\"\/wp-content\/uploads\/2023\/01\/Vector-2.png\" style=\"margin-right:3px\"><strong>11 RUE DU SAULE TRAPU\nCS 85605, 91882 - MASSY CEDEX<\/strong><\/p><\/div>\r\n\t\t\t\t\r\n\t\t\t\t<div class=\"popin_exposant_content\"><p class=\"arx_expo_extrait\"><strong>Installation, entretien, d\u00e9pannage de pompes \u00e0 chaleur et de chaudi\u00e8res<\/strong><\/p><\/div>\r\n\t\t\t<div class=\"popin_exposant_resaux\">\r\n\t\t\t\t<div class=\"reseaux\" style=\"    display: flex;   justify-content: flex-end;\"><\/div>\r\n\t\t\t\t\r\n\t\t\t<\/div>\r\n\t\t\t\r\n\t\t\t<\/div><\/div><\/div><div id=\" \"class=\"exposant_item_popin\" data-id=\"9036\">\r\n\t\t\t\t\t<div class=\"exposant_item_popin_content box_shadow\">\r\n\r\n\t\t\t\t\t<div class=\"close\" data-id=\"9036\"><\/div>\r\n\t\t\t\t\t<div class=\"exposant_item_popin_scrolled_content\">\t\t\t\t\t\r\n\t\t\t\t<div class=\"flexpopupligne1\">\r\n\t\t\t\t\t<div class=\"popin_exposant_logo\"><img class=\"photo\" src=\"\/arx-custom-img\/exposant-amenago-default.jpg\"><\/div>\r\n\t\t\t\t\t<div class=\"\"><p class=\"arx_titlte_exposantpopup\">JARDI EXPERT<\/p><p class=\"arx_popup_site\"><a href=\"http:\/\/www.motoculture-minipelle.fr\/\" target=\"_blank\">www.motoculture-minipelle.fr\/<\/a><\/p><p class=\"arx_stand_exposant_popup\">F11<\/p><\/div><div class=\"nomenclature\" style=\"font-family: AzoSansbold !important;  line-height: 38px !important;     color: #002350 !important;\"><span>#j'am\u00e9nage mon jardin, ma terrasse, mon balcon<\/span><\/div>\r\n\t\t\t<\/div>\r\n\t\t\t\t<div class=\"popin_exposant_adresse\" style=\"margin-top:25px\"><p class=\"arx_adresse_popup\"><img src=\"\/wp-content\/uploads\/2023\/01\/Vector-2.png\" style=\"margin-right:3px\"><strong>32 rue de la Presqu'\u00eele, 29550 - PLONEVEZ PORZAY<\/strong><\/p><\/div>\r\n\t\t\t\t\r\n\t\t\t\t<div class=\"popin_exposant_content\"><p class=\"arx_expo_extrait\"><strong>Motoculture de plaisance : HUSQVARNA, KRESS, LIGIER<\/strong><\/p><\/div>\r\n\t\t\t<div class=\"popin_exposant_resaux\">\r\n\t\t\t\t<div class=\"reseaux\" style=\"    display: flex;   justify-content: flex-end;\"><\/div>\r\n\t\t\t\t\r\n\t\t\t<\/div>\r\n\t\t\t\r\n\t\t\t<\/div><\/div><\/div><div id=\" \"class=\"exposant_item_popin\" data-id=\"9095\">\r\n\t\t\t\t\t<div class=\"exposant_item_popin_content box_shadow\">\r\n\r\n\t\t\t\t\t<div class=\"close\" data-id=\"9095\"><\/div>\r\n\t\t\t\t\t<div class=\"exposant_item_popin_scrolled_content\">\t\t\t\t\t\r\n\t\t\t\t<div class=\"flexpopupligne1\">\r\n\t\t\t\t\t<div class=\"popin_exposant_logo\"><img class=\"photo\" src=\"\/arx-custom-img\/exposant-amenago-default.jpg\"><\/div>\r\n\t\t\t\t\t<div class=\"\"><p class=\"arx_titlte_exposantpopup\">KANGOUROU KIDS<\/p><p class=\"arx_popup_site\"><a href=\"http:\/\/www.kangouroukids.fr\" target=\"_blank\">www.kangouroukids.fr<\/a><\/p><p class=\"arx_stand_exposant_popup\">G01<\/p><\/div><div class=\"nomenclature\" style=\"font-family: AzoSansbold !important;  line-height: 38px !important;     color: #002350 !important;\"><\/div>\r\n\t\t\t<\/div>\r\n\t\t\t\t<div class=\"popin_exposant_adresse\" style=\"margin-top:25px\"><p class=\"arx_adresse_popup\"><img src=\"\/wp-content\/uploads\/2023\/01\/Vector-2.png\" style=\"margin-right:3px\"><strong>1 PL MARECHAL JUIN, 35000 - RENNES<\/strong><\/p><\/div>\r\n\t\t\t\t\r\n\t\t\t\t<div class=\"popin_exposant_content\"><p class=\"arx_expo_extrait\"><strong> <\/strong><\/p><\/div>\r\n\t\t\t<div class=\"popin_exposant_resaux\">\r\n\t\t\t\t<div class=\"reseaux\" style=\"    display: flex;   justify-content: flex-end;\"><\/div>\r\n\t\t\t\t\r\n\t\t\t<\/div>\r\n\t\t\t\r\n\t\t\t<\/div><\/div><\/div><div id=\" \"class=\"exposant_item_popin\" data-id=\"10260\">\r\n\t\t\t\t\t<div class=\"exposant_item_popin_content box_shadow\">\r\n\r\n\t\t\t\t\t<div class=\"close\" data-id=\"10260\"><\/div>\r\n\t\t\t\t\t<div class=\"exposant_item_popin_scrolled_content\">\t\t\t\t\t\r\n\t\t\t\t<div class=\"flexpopupligne1\">\r\n\t\t\t\t\t<div class=\"popin_exposant_logo\"><img class=\"photo\" src=\"\/arx-custom-img\/exposant-amenago-default.jpg\"><\/div>\r\n\t\t\t\t\t<div class=\"\"><p class=\"arx_titlte_exposantpopup\">KERNE PAYSAGE<\/p><p class=\"arx_popup_site\"><a href=\"http:\/\/kerne-paysage.bzh\/\" target=\"_blank\">kerne-paysage.bzh\/<\/a><\/p><p class=\"arx_stand_exposant_popup\">EXT01<\/p><\/div><div class=\"nomenclature\" style=\"font-family: AzoSansbold !important;  line-height: 38px !important;     color: #002350 !important;\"><span>#j'am\u00e9nage mon jardin, ma terrasse, mon balcon<\/span><\/div>\r\n\t\t\t<\/div>\r\n\t\t\t\t<div class=\"popin_exposant_adresse\" style=\"margin-top:25px\"><p class=\"arx_adresse_popup\"><img src=\"\/wp-content\/uploads\/2023\/01\/Vector-2.png\" style=\"margin-right:3px\"><strong>Route de Pouldreuzic Kergebed, 29700 - PLUGUFFAN<\/strong><\/p><\/div>\r\n\t\t\t\t\r\n\t\t\t\t<div class=\"popin_exposant_content\"><p class=\"arx_expo_extrait\"><strong> <\/strong><\/p><\/div>\r\n\t\t\t<div class=\"popin_exposant_resaux\">\r\n\t\t\t\t<div class=\"reseaux\" style=\"    display: flex;   justify-content: flex-end;\"><\/div>\r\n\t\t\t\t\r\n\t\t\t<\/div>\r\n\t\t\t\r\n\t\t\t<\/div><\/div><\/div><div id=\" \"class=\"exposant_item_popin\" data-id=\"8993\">\r\n\t\t\t\t\t<div class=\"exposant_item_popin_content box_shadow\">\r\n\r\n\t\t\t\t\t<div class=\"close\" data-id=\"8993\"><\/div>\r\n\t\t\t\t\t<div class=\"exposant_item_popin_scrolled_content\">\t\t\t\t\t\r\n\t\t\t\t<div class=\"flexpopupligne1\">\r\n\t\t\t\t\t<div class=\"popin_exposant_logo\"><img class=\"photo\" src=\"\/arx-custom-img\/exposant-amenago-default.jpg\"><\/div>\r\n\t\t\t\t\t<div class=\"\"><p class=\"arx_titlte_exposantpopup\">KERNE PAYSAGE<\/p><p class=\"arx_popup_site\"><a href=\"http:\/\/kerne-paysage.bzh\/\" target=\"_blank\">kerne-paysage.bzh\/<\/a><\/p><p class=\"arx_stand_exposant_popup\">A24<\/p><\/div><div class=\"nomenclature\" style=\"font-family: AzoSansbold !important;  line-height: 38px !important;     color: #002350 !important;\"><span>#j'am\u00e9nage mon jardin, ma terrasse, mon balcon<\/span><\/div>\r\n\t\t\t<\/div>\r\n\t\t\t\t<div class=\"popin_exposant_adresse\" style=\"margin-top:25px\"><p class=\"arx_adresse_popup\"><img src=\"\/wp-content\/uploads\/2023\/01\/Vector-2.png\" style=\"margin-right:3px\"><strong>Route de Pouldreuzic Kergebed, 29700 - PLUGUFFAN<\/strong><\/p><\/div>\r\n\t\t\t\t\r\n\t\t\t\t<div class=\"popin_exposant_content\"><p class=\"arx_expo_extrait\"><strong>Am\u00e9nagement paysager et brasero<\/strong><\/p><\/div>\r\n\t\t\t<div class=\"popin_exposant_resaux\">\r\n\t\t\t\t<div class=\"reseaux\" style=\"    display: flex;   justify-content: flex-end;\"><\/div>\r\n\t\t\t\t\r\n\t\t\t<\/div>\r\n\t\t\t\r\n\t\t\t<\/div><\/div><\/div><div id=\" \"class=\"exposant_item_popin\" data-id=\"10273\">\r\n\t\t\t\t\t<div class=\"exposant_item_popin_content box_shadow\">\r\n\r\n\t\t\t\t\t<div class=\"close\" data-id=\"10273\"><\/div>\r\n\t\t\t\t\t<div class=\"exposant_item_popin_scrolled_content\">\t\t\t\t\t\r\n\t\t\t\t<div class=\"flexpopupligne1\">\r\n\t\t\t\t\t<div class=\"popin_exposant_logo\"><img class=\"photo\" src=\"\/arx-custom-img\/exposant-amenago-default.jpg\"><\/div>\r\n\t\t\t\t\t<div class=\"\"><p class=\"arx_titlte_exposantpopup\">KOKOUHOME<\/p><p class=\"arx_popup_site\"><a href=\"http:\/\/kokouhome.fr\/\" target=\"_blank\">kokouhome.fr\/<\/a><\/p><p class=\"arx_stand_exposant_popup\">C46<\/p><\/div><div class=\"nomenclature\" style=\"font-family: AzoSansbold !important;  line-height: 38px !important;     color: #002350 !important;\"><span>#j'am\u00e9nage, j'agence et je d\u00e9core ma maison<\/span><\/div>\r\n\t\t\t<\/div>\r\n\t\t\t\t<div class=\"popin_exposant_adresse\" style=\"margin-top:25px\"><p class=\"arx_adresse_popup\"><img src=\"\/wp-content\/uploads\/2023\/01\/Vector-2.png\" style=\"margin-right:3px\"><strong>1 All\u00e9e Saint Tugdual, 29510 - LANDUDAL<\/strong><\/p><\/div>\r\n\t\t\t\t\r\n\t\t\t\t<div class=\"popin_exposant_content\"><p class=\"arx_expo_extrait\"><strong> <\/strong><\/p><\/div>\r\n\t\t\t<div class=\"popin_exposant_resaux\">\r\n\t\t\t\t<div class=\"reseaux\" style=\"    display: flex;   justify-content: flex-end;\"><\/div>\r\n\t\t\t\t\r\n\t\t\t<\/div>\r\n\t\t\t\r\n\t\t\t<\/div><\/div><\/div><div id=\" \"class=\"exposant_item_popin\" data-id=\"9009\">\r\n\t\t\t\t\t<div class=\"exposant_item_popin_content box_shadow\">\r\n\r\n\t\t\t\t\t<div class=\"close\" data-id=\"9009\"><\/div>\r\n\t\t\t\t\t<div class=\"exposant_item_popin_scrolled_content\">\t\t\t\t\t\r\n\t\t\t\t<div class=\"flexpopupligne1\">\r\n\t\t\t\t\t<div class=\"popin_exposant_logo\"><img class=\"photo\" src=\"https:\/\/exposant.gl-events.com\/uploads\/company_booths\/logos\/834bfd0011a72e504b9a74d3ee0e2a27.jpg\"><\/div>\r\n\t\t\t\t\t<div class=\"\"><p class=\"arx_titlte_exposantpopup\">KOOV<\/p><p class=\"arx_popup_site\"><a href=\"http:\/\/koov.fr\/\" target=\"_blank\">koov.fr\/<\/a><\/p><p class=\"arx_stand_exposant_popup\">A13<\/p><\/div><div class=\"nomenclature\" style=\"font-family: AzoSansbold !important;  line-height: 38px !important;     color: #002350 !important;\"><span>#j'optimise les performances, je s\u00e9curise mon logement<\/span><\/div>\r\n\t\t\t<\/div>\r\n\t\t\t\t<div class=\"popin_exposant_adresse\" style=\"margin-top:25px\"><p class=\"arx_adresse_popup\"><img src=\"\/wp-content\/uploads\/2023\/01\/Vector-2.png\" style=\"margin-right:3px\"><strong>4 rue Marco Polo, 44340 - BOUGENAIS<\/strong><\/p><\/div>\r\n\t\t\t\t\r\n\t\t\t\t<div class=\"popin_exposant_content\"><p class=\"arx_expo_extrait\"><strong>Portes, fen\u00eatres, isolation, panneaux photovolta\u00efques, ventilation, chauffage.<\/strong><\/p><\/div>\r\n\t\t\t<div class=\"popin_exposant_resaux\">\r\n\t\t\t\t<div class=\"reseaux\" style=\"    display: flex;   justify-content: flex-end;\"><a href=\"https:\/\/www.facebook.com\/Koov.France\/?locale=fr_FR\" target=\"_blank\"><img src=\"\/arx-custom-img\/exposant-fb.svg\"><\/a><a href=\"https:\/\/www.instagram.com\/koov_fr\/\" target=\"_blank\"><img src=\"\/arx-custom-img\/exposant-insta.svg\"><\/a><a href=\"https:\/\/www.pinterest.fr\/koovrenovation\/\" target=\"_blank\"><img src=\"\/arx-custom-img\/exposant-pinterest.svg\"><\/a><\/div>\r\n\t\t\t\t\r\n\t\t\t<\/div>\r\n\t\t\t\r\n\t\t\t<\/div><\/div><\/div><div id=\" \"class=\"exposant_item_popin\" data-id=\"9069\">\r\n\t\t\t\t\t<div class=\"exposant_item_popin_content box_shadow\">\r\n\r\n\t\t\t\t\t<div class=\"close\" data-id=\"9069\"><\/div>\r\n\t\t\t\t\t<div class=\"exposant_item_popin_scrolled_content\">\t\t\t\t\t\r\n\t\t\t\t<div class=\"flexpopupligne1\">\r\n\t\t\t\t\t<div class=\"popin_exposant_logo\"><img class=\"photo\" src=\"https:\/\/exposant.gl-events.com\/uploads\/company_booths\/logos\/e39d3e1bfa9e2428538b15b7800c4f5b.jpg\"><\/div>\r\n\t\t\t\t\t<div class=\"\"><p class=\"arx_titlte_exposantpopup\">LA GRANGE<\/p><p class=\"arx_popup_site\"><a href=\"http:\/\/www.la-grange.fr\/\" target=\"_blank\">www.la-grange.fr\/<\/a><\/p><p class=\"arx_stand_exposant_popup\">G21<\/p><\/div><div class=\"nomenclature\" style=\"font-family: AzoSansbold !important;  line-height: 38px !important;     color: #002350 !important;\"><span>#j'am\u00e9nage, j'agence et je d\u00e9core ma maison<\/span><\/div>\r\n\t\t\t<\/div>\r\n\t\t\t\t<div class=\"popin_exposant_adresse\" style=\"margin-top:25px\"><p class=\"arx_adresse_popup\"><img src=\"\/wp-content\/uploads\/2023\/01\/Vector-2.png\" style=\"margin-right:3px\"><strong>24 RUE PONCELIN\n24 RUE PONCELIN\n., 29217 - LE CONQUET<\/strong><\/p><\/div>\r\n\t\t\t\t\r\n\t\t\t\t<div class=\"popin_exposant_content\"><p class=\"arx_expo_extrait\"><strong>Au Conquet, brocante, magasin d'antiquit\u00e9s, d'ameublement et de d\u00e9coration.\r\nSp\u00e9cialiste du fauteuil \"club\" et de meubles marins contemporains.\r\n\r\nInstall\u00e9e depuis 26 ans, au c\u0153ur du Conquet, petit port de p\u00eache breton, la brocante, La Grange vous invite \u00e0 d\u00e9couvrir dans sa maison charg\u00e9e d\u2019histoire (XVIIIe si\u00e8cle) ses meubles anciens et originaux. Ainsi qu\u2019un ensemble d\u2019objets de d\u00e9coration et d\u2019antiquit\u00e9s que nous avons chin\u00e9s en Bretagne et \u00e0 travers toute l\u2019Europe.\r\n\r\nPour compl\u00e9ter sa gamme antique et r\u00e9pondre \u00e0 vos besoins, La Grange, sp\u00e9cialiste du fauteuil \u00ab club \u00bb, propose \u00e9galement une collection de meubles marine, designs et contemporains ainsi qu\u2019une s\u00e9rie d\u2019articles de d\u00e9coration et de curiosit\u00e9.<\/strong><\/p><\/div>\r\n\t\t\t<div class=\"popin_exposant_resaux\">\r\n\t\t\t\t<div class=\"reseaux\" style=\"    display: flex;   justify-content: flex-end;\"><a href=\"https:\/\/www.facebook.com\/profile.php?id=100064208434311\" target=\"_blank\"><img src=\"\/arx-custom-img\/exposant-fb.svg\"><\/a><a href=\"https:\/\/www.instagram.com\/la_grange_mobilier\/\" target=\"_blank\"><img src=\"\/arx-custom-img\/exposant-insta.svg\"><\/a><\/div>\r\n\t\t\t\t\r\n\t\t\t<\/div>\r\n\t\t\t\r\n\t\t\t\r\n\t\t\t\t<div class=\"popin_exposant_produits\">\r\n\t\t\t\t\t<div class=\"titre_produits\" style=\"padding-bottom:40px !important\">PRODUITS<\/div>\r\n\t\t\t\t\r\n\t\t\t\t\t\r\n\t\t\t\t\t<div class=\"produit_item\">\r\n\t\t\t\t\t<div class=\"col1\">\r\n\t\t\t\t\t\t<div class=\"produit_img\"><a href=\"https:\/\/exposant.gl-events.com\/uploads\/products\/273c808a80618a0132d7ce8828dbb9c4.jpg\" class=\"et_pb_lightbox_image\"><img src=\"https:\/\/exposant.gl-events.com\/uploads\/products\/273c808a80618a0132d7ce8828dbb9c4.jpg\"><\/a><\/div>\r\n\t\t\t\t\t<\/div>\r\n\t\t\t\t\t<div class=\"col2\">\r\n\t\t\t\t\t\t<div class=\"produit_titre\"><strong>Collection de tapis fabriqu\u00e9s en Turquie<\/strong><\/div>\r\n\t\t\t\t\t\t<div class=\"produit_description\"><strong>VENEZ VISITER notre nouvel espace \u00ab Tapis \u00bb en provenance directe de Turquie, situ\u00e9 sur notre stand.<br><br><br><br>Pour l\u2019occasion, vous pourrez profiter de :<br><br>    - 20% sur l\u2019achat d\u2019un tapis<br><br>    - 30% sur l\u2019achat d\u2019un deuxi\u00e8me<\/strong><\/div>\r\n\t\t\t\t\t\t<div class=\"produit_liens\"><div><a class=\"arxproduitlien\" href=\"https:\/\/www.la-grange.fr\/spip.php?page=recherche&recherche=tapis\" target=\"_blank\">https:\/\/www.la-grange.fr\/spip.php?page=recherche&recherche=tapis<\/a><\/div><\/div>\r\n\t\t\t\t\t<\/div>\r\n\t\t\t\t\t<\/div>\r\n\t\t\t\t\t\r\n\t\t\t\t\t<div class=\"produit_item\">\r\n\t\t\t\t\t<div class=\"col1\">\r\n\t\t\t\t\t\t<div class=\"produit_img\"><a href=\"https:\/\/exposant.gl-events.com\/uploads\/products\/e050b3d6c184690d1164d7d317e8d191.jpg\" class=\"et_pb_lightbox_image\"><img src=\"https:\/\/exposant.gl-events.com\/uploads\/products\/e050b3d6c184690d1164d7d317e8d191.jpg\"><\/a><\/div>\r\n\t\t\t\t\t<\/div>\r\n\t\t\t\t\t<div class=\"col2\">\r\n\t\t\t\t\t\t<div class=\"produit_titre\"><strong>Collection de chaises<\/strong><\/div>\r\n\t\t\t\t\t\t<div class=\"produit_description\"><strong>Plusieurs gammes de chaises : \u00ab Ruppert \u00bb,  \u00ab Willy \u00bb, \u00ab Marlow \u00bb, \u00ab Tommy \u00bb, et \u00ab Willy \u00bb.<\/strong><\/div>\r\n\t\t\t\t\t\t<div class=\"produit_liens\"><div><a class=\"arxproduitlien\" href=\"https:\/\/www.la-grange.fr\/spip.php?page=recherche&recherche=chaise\" target=\"_blank\">https:\/\/www.la-grange.fr\/spip.php?page=recherche&recherche=chaise<\/a><\/div><\/div>\r\n\t\t\t\t\t<\/div>\r\n\t\t\t\t\t<\/div>\r\n\t\t\t\t\t\r\n\t\t\t\t\t<div class=\"produit_item\">\r\n\t\t\t\t\t<div class=\"col1\">\r\n\t\t\t\t\t\t<div class=\"produit_img\"><a href=\"https:\/\/exposant.gl-events.com\/uploads\/products\/5bcb30318a1fe64aae598475f3c57813.jpg\" class=\"et_pb_lightbox_image\"><img src=\"https:\/\/exposant.gl-events.com\/uploads\/products\/5bcb30318a1fe64aae598475f3c57813.jpg\"><\/a><\/div>\r\n\t\t\t\t\t<\/div>\r\n\t\t\t\t\t<div class=\"col2\">\r\n\t\t\t\t\t\t<div class=\"produit_titre\"><strong>Collection de miroirs<\/strong><\/div>\r\n\t\t\t\t\t\t<div class=\"produit_description\"><strong>Plusieurs gammes de miroirs : \u00ab sorci\u00e8re \u00bb,  \u00ab \u0153il de b\u0153uf \u00bb, \u00ab soleil \u00bb, \u00ab anciens \u00bb.<\/strong><\/div>\r\n\t\t\t\t\t\t<div class=\"produit_liens\"><div><a class=\"arxproduitlien\" href=\"https:\/\/www.la-grange.fr\/spip.php?page=recherche&recherche=miroir\" target=\"_blank\">https:\/\/www.la-grange.fr\/spip.php?page=recherche&recherche=miroir<\/a><\/div><\/div>\r\n\t\t\t\t\t<\/div>\r\n\t\t\t\t\t<\/div>\r\n\t\t\t\t\t\r\n\t\t\t\t\t<div class=\"produit_item\">\r\n\t\t\t\t\t<div class=\"col1\">\r\n\t\t\t\t\t\t<div class=\"produit_img\"><a href=\"https:\/\/exposant.gl-events.com\/uploads\/products\/db643240311e30c5ac1ac7df74d48288.jpg\" class=\"et_pb_lightbox_image\"><img src=\"https:\/\/exposant.gl-events.com\/uploads\/products\/db643240311e30c5ac1ac7df74d48288.jpg\"><\/a><\/div>\r\n\t\t\t\t\t<\/div>\r\n\t\t\t\t\t<div class=\"col2\">\r\n\t\t\t\t\t\t<div class=\"produit_titre\"><strong>Collection de tables industrielles<\/strong><\/div>\r\n\t\t\t\t\t\t<div class=\"produit_description\"><strong>- Plusieurs formats et dimensions : rectangle, ovale, ronde.<br><br>- Pi\u00e9tements disponibles : Mikado, X et U.<\/strong><\/div>\r\n\t\t\t\t\t\t<div class=\"produit_liens\"><div><a class=\"arxproduitlien\" href=\"https:\/\/www.la-grange.fr\/spip.php?page=recherche&recherche=%22table+industrielle%22\" target=\"_blank\">https:\/\/www.la-grange.fr\/spip.php?page=recherche&recherche=%22table+industrielle%22<\/a><\/div><\/div>\r\n\t\t\t\t\t<\/div>\r\n\t\t\t\t\t<\/div>\r\n\t\t\t\t\t\r\n\t\t\t\t\t<div class=\"produit_item\">\r\n\t\t\t\t\t<div class=\"col1\">\r\n\t\t\t\t\t\t<div class=\"produit_img\"><a href=\"https:\/\/exposant.gl-events.com\/uploads\/products\/099129cebcc884d0e4a6ef1c6220aa3a.jpg\" class=\"et_pb_lightbox_image\"><img src=\"https:\/\/exposant.gl-events.com\/uploads\/products\/099129cebcc884d0e4a6ef1c6220aa3a.jpg\"><\/a><\/div>\r\n\t\t\t\t\t<\/div>\r\n\t\t\t\t\t<div class=\"col2\">\r\n\t\t\t\t\t\t<div class=\"produit_titre\"><strong>Gamme \u00ab Riva \u00bb<\/strong><\/div>\r\n\t\t\t\t\t\t<div class=\"produit_description\"><strong>Gamme luxueuse empreinte de l\u2019univers nautique des yachts ayant comme mobilier : bar, chiffonnier, console, chevet, fauteuil club ...<\/strong><\/div>\r\n\t\t\t\t\t\t<div class=\"produit_liens\"><div><a class=\"arxproduitlien\" href=\"https:\/\/www.la-grange.fr\/spip.php?page=recherche&recherche=Riva\" target=\"_blank\">https:\/\/www.la-grange.fr\/spip.php?page=recherche&recherche=Riva<\/a><\/div><\/div>\r\n\t\t\t\t\t<\/div>\r\n\t\t\t\t\t<\/div>\r\n\t\t\t\t\t\r\n\t\t\t\t\t<div class=\"produit_item\">\r\n\t\t\t\t\t<div class=\"col1\">\r\n\t\t\t\t\t\t<div class=\"produit_img\"><a href=\"https:\/\/exposant.gl-events.com\/uploads\/products\/8d9d0c5af0581708827545f5f164ffed.jpg\" class=\"et_pb_lightbox_image\"><img src=\"https:\/\/exposant.gl-events.com\/uploads\/products\/8d9d0c5af0581708827545f5f164ffed.jpg\"><\/a><\/div>\r\n\t\t\t\t\t<\/div>\r\n\t\t\t\t\t<div class=\"col2\">\r\n\t\t\t\t\t\t<div class=\"produit_titre\"><strong>Gamme \u00ab Commodore \u00bb<\/strong><\/div>\r\n\t\t\t\t\t\t<div class=\"produit_description\"><strong>Magnifique gamme d\u2019esprit marine alliant inox et bois ayant comme mobilier : canap\u00e9 & fauteuil club, console, table basse.<\/strong><\/div>\r\n\t\t\t\t\t\t<div class=\"produit_liens\"><div><a class=\"arxproduitlien\" href=\"https:\/\/www.la-grange.fr\/spip.php?page=recherche&recherche=commodore\" target=\"_blank\">https:\/\/www.la-grange.fr\/spip.php?page=recherche&recherche=commodore<\/a><\/div><\/div>\r\n\t\t\t\t\t<\/div>\r\n\t\t\t\t\t<\/div>\r\n\t\t\t\t\t\r\n\t\t\t\t\t<div class=\"produit_item\">\r\n\t\t\t\t\t<div class=\"col1\">\r\n\t\t\t\t\t\t<div class=\"produit_img\"><a href=\"https:\/\/exposant.gl-events.com\/uploads\/products\/38a30945e6d86a321e4525b05e4855aa.jpg\" class=\"et_pb_lightbox_image\"><img src=\"https:\/\/exposant.gl-events.com\/uploads\/products\/38a30945e6d86a321e4525b05e4855aa.jpg\"><\/a><\/div>\r\n\t\t\t\t\t<\/div>\r\n\t\t\t\t\t<div class=\"col2\">\r\n\t\t\t\t\t\t<div class=\"produit_titre\"><strong>Gamme \u00ab Lincoln Yacht Club \u00bb<\/strong><\/div>\r\n\t\t\t\t\t\t<div class=\"produit_description\"><strong>Fauteuil et canap\u00e9s tr\u00e8s confortables et peu encombrants. Leur finition en bois massif et cuir \u00ab pleine fleur \u00bb rappelle l\u2019\u00e9pop\u00e9e des transatlantiques de luxe.<br><br>Structure et entourage en bois fa\u00e7on parquet de bateau cir\u00e9.<br><br>Fabrication de qualit\u00e9 selon des m\u00e9thodes artisanales anciennes avec tenons et mortaises et coutures sellier faites main.<br><br><br><br>Ces mod\u00e8les par leur raffinement et leur \u00e9l\u00e9gance s\u2019int\u00e8grent parfaitement dans tous les espaces aussi bien classiques que contemporains.<\/strong><\/div>\r\n\t\t\t\t\t\t<div class=\"produit_liens\"><div><a class=\"arxproduitlien\" href=\"https:\/\/www.la-grange.fr\/spip.php?page=recherche&recherche=Lincoln+Yacht+Club\" target=\"_blank\">https:\/\/www.la-grange.fr\/spip.php?page=recherche&recherche=Lincoln+Yacht+Club<\/a><\/div><\/div>\r\n\t\t\t\t\t<\/div>\r\n\t\t\t\t\t<\/div>\r\n\t\t\t\t\t\r\n\t\t\t\t\t<div class=\"produit_item\">\r\n\t\t\t\t\t<div class=\"col1\">\r\n\t\t\t\t\t\t<div class=\"produit_img\"><a href=\"https:\/\/exposant.gl-events.com\/uploads\/products\/b6c66ab5fe7f108b5eaed31fdfc671e7.jpg\" class=\"et_pb_lightbox_image\"><img src=\"https:\/\/exposant.gl-events.com\/uploads\/products\/b6c66ab5fe7f108b5eaed31fdfc671e7.jpg\"><\/a><\/div>\r\n\t\t\t\t\t<\/div>\r\n\t\t\t\t\t<div class=\"col2\">\r\n\t\t\t\t\t\t<div class=\"produit_titre\"><strong>Collection de lampes et luminaires<\/strong><\/div>\r\n\t\t\t\t\t\t<div class=\"produit_description\"><strong>Plusieurs gammes de lampes et luminaires : \u00ab nacre \u00bb,  \u00ab vintage \u00bb, \u00ab Baladi \u00bb, \u00ab \u0153uf\u00a0\u00bb ...<\/strong><\/div>\r\n\t\t\t\t\t\t<div class=\"produit_liens\"><div><a class=\"arxproduitlien\" href=\"https:\/\/www.la-grange.fr\/spip.php?page=recherche&recherche=lampe+luminaire\" target=\"_blank\">https:\/\/www.la-grange.fr\/spip.php?page=recherche&recherche=lampe+luminaire<\/a><\/div><\/div>\r\n\t\t\t\t\t<\/div>\r\n\t\t\t\t\t<\/div>\t\r\n\t\t\t\t<\/div><\/div><\/div><\/div><div id=\" \"class=\"exposant_item_popin\" data-id=\"10189\">\r\n\t\t\t\t\t<div class=\"exposant_item_popin_content box_shadow\">\r\n\r\n\t\t\t\t\t<div class=\"close\" data-id=\"10189\"><\/div>\r\n\t\t\t\t\t<div class=\"exposant_item_popin_scrolled_content\">\t\t\t\t\t\r\n\t\t\t\t<div class=\"flexpopupligne1\">\r\n\t\t\t\t\t<div class=\"popin_exposant_logo\"><img class=\"photo\" src=\"\/arx-custom-img\/exposant-amenago-default.jpg\"><\/div>\r\n\t\t\t\t\t<div class=\"\"><p class=\"arx_titlte_exposantpopup\">LA GRANGE<\/p><p class=\"arx_popup_site\"><a href=\"http:\/\/www.la-grange.fr\/\" target=\"_blank\">www.la-grange.fr\/<\/a><\/p><p class=\"arx_stand_exposant_popup\">H11<\/p><\/div><div class=\"nomenclature\" style=\"font-family: AzoSansbold !important;  line-height: 38px !important;     color: #002350 !important;\"><span>#j'am\u00e9nage, j'agence et je d\u00e9core ma maison<\/span><\/div>\r\n\t\t\t<\/div>\r\n\t\t\t\t<div class=\"popin_exposant_adresse\" style=\"margin-top:25px\"><p class=\"arx_adresse_popup\"><img src=\"\/wp-content\/uploads\/2023\/01\/Vector-2.png\" style=\"margin-right:3px\"><strong>24 RUE PONCELIN\n24 RUE PONCELIN\n., 29217 - LE CONQUET<\/strong><\/p><\/div>\r\n\t\t\t\t\r\n\t\t\t\t<div class=\"popin_exposant_content\"><p class=\"arx_expo_extrait\"><strong>D\u00e9coration, ameublement<\/strong><\/p><\/div>\r\n\t\t\t<div class=\"popin_exposant_resaux\">\r\n\t\t\t\t<div class=\"reseaux\" style=\"    display: flex;   justify-content: flex-end;\"><\/div>\r\n\t\t\t\t\r\n\t\t\t<\/div>\r\n\t\t\t\r\n\t\t\t<\/div><\/div><\/div><div id=\" \"class=\"exposant_item_popin\" data-id=\"10243\">\r\n\t\t\t\t\t<div class=\"exposant_item_popin_content box_shadow\">\r\n\r\n\t\t\t\t\t<div class=\"close\" data-id=\"10243\"><\/div>\r\n\t\t\t\t\t<div class=\"exposant_item_popin_scrolled_content\">\t\t\t\t\t\r\n\t\t\t\t<div class=\"flexpopupligne1\">\r\n\t\t\t\t\t<div class=\"popin_exposant_logo\"><img class=\"photo\" src=\"\/arx-custom-img\/exposant-amenago-default.jpg\"><\/div>\r\n\t\t\t\t\t<div class=\"\"><p class=\"arx_titlte_exposantpopup\">LA MAISON CONTEMPORAINE<\/p><p class=\"arx_popup_site\"><a href=\"http:\/\/www.lesmeublesdegriffes.fr\/\" target=\"_blank\">www.lesmeublesdegriffes.fr\/<\/a><\/p><p class=\"arx_stand_exposant_popup\">F02<\/p><\/div><div class=\"nomenclature\" style=\"font-family: AzoSansbold !important;  line-height: 38px !important;     color: #002350 !important;\"><span>#j'am\u00e9nage, j'agence et je d\u00e9core ma maison<\/span><\/div>\r\n\t\t\t<\/div>\r\n\t\t\t\t<div class=\"popin_exposant_adresse\" style=\"margin-top:25px\"><p class=\"arx_adresse_popup\"><img src=\"\/wp-content\/uploads\/2023\/01\/Vector-2.png\" style=\"margin-right:3px\"><strong>ZC DE LUSCANEN\n2 RUE LOUIS DE CADOUDAL, 56880 - PLOEREN<\/strong><\/p><\/div>\r\n\t\t\t\t\r\n\t\t\t\t<div class=\"popin_exposant_content\"><p class=\"arx_expo_extrait\"><strong>Anciennement Meubles D\u00e9griff\u00e9s, d\u00e9coration ameublement<\/strong><\/p><\/div>\r\n\t\t\t<div class=\"popin_exposant_resaux\">\r\n\t\t\t\t<div class=\"reseaux\" style=\"    display: flex;   justify-content: flex-end;\"><\/div>\r\n\t\t\t\t\r\n\t\t\t<\/div>\r\n\t\t\t\r\n\t\t\t<\/div><\/div><\/div><div id=\" \"class=\"exposant_item_popin\" data-id=\"9032\">\r\n\t\t\t\t\t<div class=\"exposant_item_popin_content box_shadow\">\r\n\r\n\t\t\t\t\t<div class=\"close\" data-id=\"9032\"><\/div>\r\n\t\t\t\t\t<div class=\"exposant_item_popin_scrolled_content\">\t\t\t\t\t\r\n\t\t\t\t<div class=\"flexpopupligne1\">\r\n\t\t\t\t\t<div class=\"popin_exposant_logo\"><img class=\"photo\" src=\"\/arx-custom-img\/exposant-amenago-default.jpg\"><\/div>\r\n\t\t\t\t\t<div class=\"\"><p class=\"arx_titlte_exposantpopup\">LA MAISON CONTEMPORAINE<\/p><p class=\"arx_popup_site\"><a href=\"http:\/\/www.lesmeublesdegriffes.fr\/\" target=\"_blank\">www.lesmeublesdegriffes.fr\/<\/a><\/p><p class=\"arx_stand_exposant_popup\">G02<\/p><\/div><div class=\"nomenclature\" style=\"font-family: AzoSansbold !important;  line-height: 38px !important;     color: #002350 !important;\"><span>#j'am\u00e9nage, j'agence et je d\u00e9core ma maison<\/span><\/div>\r\n\t\t\t<\/div>\r\n\t\t\t\t<div class=\"popin_exposant_adresse\" style=\"margin-top:25px\"><p class=\"arx_adresse_popup\"><img src=\"\/wp-content\/uploads\/2023\/01\/Vector-2.png\" style=\"margin-right:3px\"><strong>ZC DE LUSCANEN\n2 RUE LOUIS DE CADOUDAL, 56880 - PLOEREN<\/strong><\/p><\/div>\r\n\t\t\t\t\r\n\t\t\t\t<div class=\"popin_exposant_content\"><p class=\"arx_expo_extrait\"><strong>D\u00e9coration Ameublement<\/strong><\/p><\/div>\r\n\t\t\t<div class=\"popin_exposant_resaux\">\r\n\t\t\t\t<div class=\"reseaux\" style=\"    display: flex;   justify-content: flex-end;\"><\/div>\r\n\t\t\t\t\r\n\t\t\t<\/div>\r\n\t\t\t\r\n\t\t\t<\/div><\/div><\/div><div id=\" \"class=\"exposant_item_popin\" data-id=\"9085\">\r\n\t\t\t\t\t<div class=\"exposant_item_popin_content box_shadow\">\r\n\r\n\t\t\t\t\t<div class=\"close\" data-id=\"9085\"><\/div>\r\n\t\t\t\t\t<div class=\"exposant_item_popin_scrolled_content\">\t\t\t\t\t\r\n\t\t\t\t<div class=\"flexpopupligne1\">\r\n\t\t\t\t\t<div class=\"popin_exposant_logo\"><img class=\"photo\" src=\"\/arx-custom-img\/exposant-amenago-default.jpg\"><\/div>\r\n\t\t\t\t\t<div class=\"\"><p class=\"arx_titlte_exposantpopup\">LA MECA DU JARDIN<\/p><p class=\"arx_popup_site\"><a href=\"http:\/\/mecadujardin.fr\/\" target=\"_blank\">mecadujardin.fr\/<\/a><\/p><p class=\"arx_stand_exposant_popup\">EXT04<\/p><\/div><div class=\"nomenclature\" style=\"font-family: AzoSansbold !important;  line-height: 38px !important;     color: #002350 !important;\"><span>#j'am\u00e9nage mon jardin, ma terrasse, mon balcon<\/span><\/div>\r\n\t\t\t<\/div>\r\n\t\t\t\t<div class=\"popin_exposant_adresse\" style=\"margin-top:25px\"><p class=\"arx_adresse_popup\"><img src=\"\/wp-content\/uploads\/2023\/01\/Vector-2.png\" style=\"margin-right:3px\"><strong>Zone de PONT PERONIC, 29180 - PLOGONNEC<\/strong><\/p><\/div>\r\n\t\t\t\t\r\n\t\t\t\t<div class=\"popin_exposant_content\"><p class=\"arx_expo_extrait\"><strong>Vente et r\u00e9paration de mat\u00e9riels de jardin : STIHL, STIGA, HUSTLER<\/strong><\/p><\/div>\r\n\t\t\t<div class=\"popin_exposant_resaux\">\r\n\t\t\t\t<div class=\"reseaux\" style=\"    display: flex;   justify-content: flex-end;\"><\/div>\r\n\t\t\t\t\r\n\t\t\t<\/div>\r\n\t\t\t\r\n\t\t\t\r\n\t\t\t\t<div class=\"popin_exposant_documents\">\r\n\t\t\t\t\t<div class=\"titre_produits\">DOCUMENTS<\/div>\r\n\t\t\t\t<div class=\"flexdocument\">\r\n\t\t\t\t\t<div class=\"document_item\">\r\n\t\t\t\t\t<div><img src=\"\/wp-content\/uploads\/2023\/01\/note-2.svg\"><\/div>\r\n\t\t\t\t\t<div><a href=\"https:\/\/exposant.gl-events.com\/uploads\/documents\/d318b82c0bbb926443e2fb9b1c418c47.jpg\" target=\"_blank\">Offre de remboursement STIHL du 01\/09\/2024 au 31\/10\/2024<\/a><\/div>\t\t\t\t\t\r\n\t\t\t\t\t<\/div>\t\r\n\t\t\t\t<\/div><\/div>\r\n\t\t\t\t<div class=\"popin_exposant_produits\">\r\n\t\t\t\t\t<div class=\"titre_produits\" style=\"padding-bottom:40px !important\">PRODUITS<\/div>\r\n\t\t\t\t\r\n\t\t\t\t\t\r\n\t\t\t\t\t<div class=\"produit_item\">\r\n\t\t\t\t\t<div class=\"col1\">\r\n\t\t\t\t\t\t<div class=\"produit_img\"><a href=\"https:\/\/exposant.gl-events.com\/uploads\/products\/c9543e5e933d579d5543cf698904325b.jpg\" class=\"et_pb_lightbox_image\"><img src=\"https:\/\/exposant.gl-events.com\/uploads\/products\/c9543e5e933d579d5543cf698904325b.jpg\"><\/a><\/div>\r\n\t\t\t\t\t<\/div>\r\n\t\t\t\t\t<div class=\"col2\">\r\n\t\t\t\t\t\t<div class=\"produit_titre\"><strong>Robots de tonte nouvelle g\u00e9n\u00e9ration STIHL IMOW<\/strong><\/div>\r\n\t\t\t\t\t\t<div class=\"produit_description\"><strong>Venez d\u00e9couvrir toute une gamme de robots de tonte STIHL adapt\u00e9s aux terrains jusqu'\u00e0 5000m2. <br><br>Profitez de notre offre sp\u00e9cial salon : pour l'achat d'un robot de tonte STIHL avec installation, nous vous offrons l'extension de garantie d'une valeur de 149.00\u20acTTC*(voir conditions au salon)<\/strong><\/div>\r\n\t\t\t\t\t\t<div class=\"produit_liens\"><div><a class=\"arxproduitlien\" href=\"https:\/\/www.stihl.fr\/fr\/rechercher?text=robots%20\" target=\"_blank\">https:\/\/www.stihl.fr\/fr\/rechercher?text=robots%20<\/a><\/div><\/div>\r\n\t\t\t\t\t<\/div>\r\n\t\t\t\t\t<\/div>\r\n\t\t\t\t\t\r\n\t\t\t\t\t<div class=\"produit_item\">\r\n\t\t\t\t\t<div class=\"col1\">\r\n\t\t\t\t\t\t<div class=\"produit_img\"><a href=\"https:\/\/exposant.gl-events.com\/uploads\/products\/df1232999fded68871a302da32f0be33.jpg\" class=\"et_pb_lightbox_image\"><img src=\"https:\/\/exposant.gl-events.com\/uploads\/products\/df1232999fded68871a302da32f0be33.jpg\"><\/a><\/div>\r\n\t\t\t\t\t<\/div>\r\n\t\t\t\t\t<div class=\"col2\">\r\n\t\t\t\t\t\t<div class=\"produit_titre\"><strong>Nouveaux appareils \u00e0 batterie gamme AS<\/strong><\/div>\r\n\t\t\t\t\t\t<div class=\"produit_description\"><strong>Venez d\u00e9couvrir de nouveaux appareils \u00e0 batterie de la gamme AS tel que le s\u00e9cateur ASA20 et la scie \u00e0 batterie GTA40 , destin\u00e9s aux particuliers comme aux professionnels.<\/strong><\/div>\r\n\t\t\t\t\t\t<div class=\"produit_liens\"><div><a class=\"arxproduitlien\" href=\"https:\/\/www.stihl.fr\/fr\/rechercher?text=as\" target=\"_blank\">https:\/\/www.stihl.fr\/fr\/rechercher?text=as<\/a><\/div><\/div>\r\n\t\t\t\t\t<\/div>\r\n\t\t\t\t\t<\/div>\r\n\t\t\t\t\t\r\n\t\t\t\t\t<div class=\"produit_item\">\r\n\t\t\t\t\t<div class=\"col1\">\r\n\t\t\t\t\t\t<div class=\"produit_img\"><a href=\"https:\/\/exposant.gl-events.com\/uploads\/products\/3ad3fb5d49a1eafc1d82099c314dfbb0.png\" class=\"et_pb_lightbox_image\"><img src=\"https:\/\/exposant.gl-events.com\/uploads\/products\/3ad3fb5d49a1eafc1d82099c314dfbb0.png\"><\/a><\/div>\r\n\t\t\t\t\t<\/div>\r\n\t\t\t\t\t<div class=\"col2\">\r\n\t\t\t\t\t\t<div class=\"produit_titre\"><strong>Appareils \u00e0 batteries STIHL gamme AK<\/strong><\/div>\r\n\t\t\t\t\t\t<div class=\"produit_description\"><strong>Venez d\u00e9couvrir toute une gamme de produits STIHL \u00e0 batterie (coupe bordures, tron\u00e7onneuses, taille haies, tondeuses, souffleurs, etc...), destin\u00e9s aux passionn\u00e9s de jardinage. D\u00e9couvrez tout ce qu\u2019il faut savoir sur cette gamme \u00e0 batterie qui allie puissance et endurance. et profitez d'une offre de remboursement pour tout achat jusqu'au 31\/10\/2024 (voir conditions sur stihl-promo.fr)<\/strong><\/div>\r\n\t\t\t\t\t\t<div class=\"produit_liens\"><div><a class=\"arxproduitlien\" href=\"https:\/\/www.stihl.fr\/fr\/rechercher?text=ak&offset=2\" target=\"_blank\">https:\/\/www.stihl.fr\/fr\/rechercher?text=ak&offset=2<\/a><\/div><\/div>\r\n\t\t\t\t\t<\/div>\r\n\t\t\t\t\t<\/div>\r\n\t\t\t\t\t\r\n\t\t\t\t\t<div class=\"produit_item\">\r\n\t\t\t\t\t<div class=\"col1\">\r\n\t\t\t\t\t\t<div class=\"produit_img\"><a href=\"https:\/\/exposant.gl-events.com\/uploads\/products\/eadcc26ed241f8157aa8b4160b8ecacd.png\" class=\"et_pb_lightbox_image\"><img src=\"https:\/\/exposant.gl-events.com\/uploads\/products\/eadcc26ed241f8157aa8b4160b8ecacd.png\"><\/a><\/div>\r\n\t\t\t\t\t<\/div>\r\n\t\t\t\t\t<div class=\"col2\">\r\n\t\t\t\t\t\t<div class=\"produit_titre\"><strong>Appareils \u00e0 batteries STIHL gamme AP - Pour particuliers exigeants et professionnels<\/strong><\/div>\r\n\t\t\t\t\t\t<div class=\"produit_description\"><strong>Venez d\u00e9couvrir toute une gamme de produits STIHL \u00e0 batterie (coupe bordures, tron\u00e7onneuses, taille haies, tondeuses, souffleurs, etc...), destin\u00e9s aux particuliers exigeants et professionnels. Pour un excellent travail au quotidien, le syst\u00e8me AP de STIHL est votre compagnon imbattable - avec des batteries qui offrent puissance et endurance.<\/strong><\/div>\r\n\t\t\t\t\t\t<div class=\"produit_liens\"><div><a class=\"arxproduitlien\" href=\"https:\/\/www.stihl.fr\/fr\/rechercher?text=ap&offset=2\" target=\"_blank\">https:\/\/www.stihl.fr\/fr\/rechercher?text=ap&offset=2<\/a><\/div><\/div>\r\n\t\t\t\t\t<\/div>\r\n\t\t\t\t\t<\/div>\r\n\t\t\t\t\t\r\n\t\t\t\t\t<div class=\"produit_item\">\r\n\t\t\t\t\t<div class=\"col1\">\r\n\t\t\t\t\t\t<div class=\"produit_img\"><a href=\"https:\/\/exposant.gl-events.com\/uploads\/products\/c9484f6b72f41fa5d8946e44e6b5878b.png\" class=\"et_pb_lightbox_image\"><img src=\"https:\/\/exposant.gl-events.com\/uploads\/products\/c9484f6b72f41fa5d8946e44e6b5878b.png\"><\/a><\/div>\r\n\t\t\t\t\t<\/div>\r\n\t\t\t\t\t<div class=\"col2\">\r\n\t\t\t\t\t\t<div class=\"produit_titre\"><strong>Les incontournables tron\u00e7onneuses STIHL<\/strong><\/div>\r\n\t\t\t\t\t\t<div class=\"produit_description\"><strong>Venez d\u00e9couvrir une large gamme de tron\u00e7onneuses \u00e9lectriques, \u00e0 batteries ou thermiques, pour particuliers et professionnels.<\/strong><\/div>\r\n\t\t\t\t\t\t<div class=\"produit_liens\"><div><a class=\"arxproduitlien\" href=\"https:\/\/www.stihl.fr\/fr\/rechercher?text=TRON&facets=product_category:Tron%C3%A7onneuses\" target=\"_blank\">https:\/\/www.stihl.fr\/fr\/rechercher?text=TRON&facets=product_category:Tron%C3%A7onneuses<\/a><\/div><\/div>\r\n\t\t\t\t\t<\/div>\r\n\t\t\t\t\t<\/div>\t\r\n\t\t\t\t<\/div><\/div><\/div><\/div><div id=\" \"class=\"exposant_item_popin\" data-id=\"10210\">\r\n\t\t\t\t\t<div class=\"exposant_item_popin_content box_shadow\">\r\n\r\n\t\t\t\t\t<div class=\"close\" data-id=\"10210\"><\/div>\r\n\t\t\t\t\t<div class=\"exposant_item_popin_scrolled_content\">\t\t\t\t\t\r\n\t\t\t\t<div class=\"flexpopupligne1\">\r\n\t\t\t\t\t<div class=\"popin_exposant_logo\"><img class=\"photo\" src=\"\/arx-custom-img\/exposant-amenago-default.jpg\"><\/div>\r\n\t\t\t\t\t<div class=\"\"><p class=\"arx_titlte_exposantpopup\">LE LOGIS BRETON<\/p><p class=\"arx_popup_site\"><a href=\"http:\/\/www.lelogisbreton.bzh\/\" target=\"_blank\">www.lelogisbreton.bzh\/<\/a><\/p><p class=\"arx_stand_exposant_popup\">B19<\/p><\/div><div class=\"nomenclature\" style=\"font-family: AzoSansbold !important;  line-height: 38px !important;     color: #002350 !important;\"><span>#je pr\u00e9pare mon projet immobilier<\/span><\/div>\r\n\t\t\t<\/div>\r\n\t\t\t\t<div class=\"popin_exposant_adresse\" style=\"margin-top:25px\"><p class=\"arx_adresse_popup\"><img src=\"\/wp-content\/uploads\/2023\/01\/Vector-2.png\" style=\"margin-right:3px\"><strong>58 RUE DE LA TERRE NOIRE\nBP 29, 29000 - QUIMPER<\/strong><\/p><\/div>\r\n\t\t\t\t\r\n\t\t\t\t<div class=\"popin_exposant_content\"><p class=\"arx_expo_extrait\"><strong> <\/strong><\/p><\/div>\r\n\t\t\t<div class=\"popin_exposant_resaux\">\r\n\t\t\t\t<div class=\"reseaux\" style=\"    display: flex;   justify-content: flex-end;\"><\/div>\r\n\t\t\t\t\r\n\t\t\t<\/div>\r\n\t\t\t\r\n\t\t\t<\/div><\/div><\/div><div id=\" \"class=\"exposant_item_popin\" data-id=\"8978\">\r\n\t\t\t\t\t<div class=\"exposant_item_popin_content box_shadow\">\r\n\r\n\t\t\t\t\t<div class=\"close\" data-id=\"8978\"><\/div>\r\n\t\t\t\t\t<div class=\"exposant_item_popin_scrolled_content\">\t\t\t\t\t\r\n\t\t\t\t<div class=\"flexpopupligne1\">\r\n\t\t\t\t\t<div class=\"popin_exposant_logo\"><img class=\"photo\" src=\"\/arx-custom-img\/exposant-amenago-default.jpg\"><\/div>\r\n\t\t\t\t\t<div class=\"\"><p class=\"arx_titlte_exposantpopup\">LE PERON CREATIONS<\/p><p class=\"arx_popup_site\"><a href=\"http:\/\/leperon-creations.bzh\/\" target=\"_blank\">leperon-creations.bzh\/<\/a><\/p><p class=\"arx_stand_exposant_popup\">A12<\/p><\/div><div class=\"nomenclature\" style=\"font-family: AzoSansbold !important;  line-height: 38px !important;     color: #002350 !important;\"><span>#j'am\u00e9nage mon jardin, ma terrasse, mon balcon<\/span><\/div>\r\n\t\t\t<\/div>\r\n\t\t\t\t<div class=\"popin_exposant_adresse\" style=\"margin-top:25px\"><p class=\"arx_adresse_popup\"><img src=\"\/wp-content\/uploads\/2023\/01\/Vector-2.png\" style=\"margin-right:3px\"><strong>ZA CROIX BLANCHE\n., 22200 - SQUIFFIEC<\/strong><\/p><\/div>\r\n\t\t\t\t\r\n\t\t\t\t<div class=\"popin_exposant_content\"><p class=\"arx_expo_extrait\"><strong>Fabrication et pose de garages, carports, abris de jardin<\/strong><\/p><\/div>\r\n\t\t\t<div class=\"popin_exposant_resaux\">\r\n\t\t\t\t<div class=\"reseaux\" style=\"    display: flex;   justify-content: flex-end;\"><\/div>\r\n\t\t\t\t\r\n\t\t\t<\/div>\r\n\t\t\t\r\n\t\t\t<\/div><\/div><\/div><div id=\" \"class=\"exposant_item_popin\" data-id=\"10163\">\r\n\t\t\t\t\t<div class=\"exposant_item_popin_content box_shadow\">\r\n\r\n\t\t\t\t\t<div class=\"close\" data-id=\"10163\"><\/div>\r\n\t\t\t\t\t<div class=\"exposant_item_popin_scrolled_content\">\t\t\t\t\t\r\n\t\t\t\t<div class=\"flexpopupligne1\">\r\n\t\t\t\t\t<div class=\"popin_exposant_logo\"><img class=\"photo\" src=\"\/arx-custom-img\/exposant-amenago-default.jpg\"><\/div>\r\n\t\t\t\t\t<div class=\"\"><p class=\"arx_titlte_exposantpopup\">LE PERON CREATIONS<\/p><p class=\"arx_popup_site\"><a href=\"http:\/\/leperon-creations.bzh\/\" target=\"_blank\">leperon-creations.bzh\/<\/a><\/p><p class=\"arx_stand_exposant_popup\">A10<\/p><\/div><div class=\"nomenclature\" style=\"font-family: AzoSansbold !important;  line-height: 38px !important;     color: #002350 !important;\"><span>#j'am\u00e9nage mon jardin, ma terrasse, mon balcon<\/span><\/div>\r\n\t\t\t<\/div>\r\n\t\t\t\t<div class=\"popin_exposant_adresse\" style=\"margin-top:25px\"><p class=\"arx_adresse_popup\"><img src=\"\/wp-content\/uploads\/2023\/01\/Vector-2.png\" style=\"margin-right:3px\"><strong>ZA CROIX BLANCHE\n., 22200 - SQUIFFIEC<\/strong><\/p><\/div>\r\n\t\t\t\t\r\n\t\t\t\t<div class=\"popin_exposant_content\"><p class=\"arx_expo_extrait\"><strong>Fabrication et pose de garages, carports, abris de jardin<\/strong><\/p><\/div>\r\n\t\t\t<div class=\"popin_exposant_resaux\">\r\n\t\t\t\t<div class=\"reseaux\" style=\"    display: flex;   justify-content: flex-end;\"><\/div>\r\n\t\t\t\t\r\n\t\t\t<\/div>\r\n\t\t\t\r\n\t\t\t<\/div><\/div><\/div><div id=\" \"class=\"exposant_item_popin\" data-id=\"9000\">\r\n\t\t\t\t\t<div class=\"exposant_item_popin_content box_shadow\">\r\n\r\n\t\t\t\t\t<div class=\"close\" data-id=\"9000\"><\/div>\r\n\t\t\t\t\t<div class=\"exposant_item_popin_scrolled_content\">\t\t\t\t\t\r\n\t\t\t\t<div class=\"flexpopupligne1\">\r\n\t\t\t\t\t<div class=\"popin_exposant_logo\"><img class=\"photo\" src=\"https:\/\/exposant.gl-events.com\/uploads\/company_booths\/logos\/d61e4c337fc7ff7ed3b65f0cb9969c2c.jpg\"><\/div>\r\n\t\t\t\t\t<div class=\"\"><p class=\"arx_titlte_exposantpopup\">LE TELEGRAMME<\/p><p class=\"arx_popup_site\"><\/p><p class=\"arx_stand_exposant_popup\">T02<\/p><\/div><div class=\"nomenclature\" style=\"font-family: AzoSansbold !important;  line-height: 38px !important;     color: #002350 !important;\"><\/div>\r\n\t\t\t<\/div>\r\n\t\t\t\t<div class=\"popin_exposant_adresse\" style=\"margin-top:25px\"><p class=\"arx_adresse_popup\"><img src=\"\/wp-content\/uploads\/2023\/01\/Vector-2.png\" style=\"margin-right:3px\"><strong>7 VOIE D ACCES AU PORT\nBP67243, 29600 - MORLAIX<\/strong><\/p><\/div>\r\n\t\t\t\t\r\n\t\t\t\t<div class=\"popin_exposant_content\"><p class=\"arx_expo_extrait\"><strong>Le T\u00e9l\u00e9gramme\r\nLa Bretagne de demain\r\n \r\nCr\u00e9\u00e9 en 1944, Le T\u00e9l\u00e9gramme est aujourd\u2019hui le 2\u00e8me quotidien r\u00e9gional fran\u00e7ais imprim\u00e9.\r\nPr\u00e9sent sur tous les supports print et num\u00e9riques,\r\nLe T\u00e9l\u00e9gramme est un acteur majeur de la Bretagne et contribue \u00e0 son d\u00e9veloppement et \u00e0 son dynamisme.\r\nDu local \u00e0 l\u2019international, Le T\u00e9l\u00e9gramme s\u2019attache depuis 80 ans \u00e0 d\u00e9livrer une information juste, produite en circuit-court mais qui voit loin.\r\nLe T\u00e9l\u00e9gramme privil\u00e9gie les faits aux opinions. Le T\u00e9l\u00e9gramme d\u00e9fend la raison, l\u2019empathie et la nuance et anime le d\u00e9bat d\u2019id\u00e9es dans le respect des personnes.\r\nL\u2019ambition de Le T\u00e9l\u00e9gramme est de connecter les talents et de transmettre l\u2019envie d\u2019agir.\r\nLe T\u00e9l\u00e9gramme \u00e9crit l\u2019avenir d\u2019une Bretagne en mouvement, s\u00fbre d\u2019elle-m\u00eame et capable d\u2019inspirer le monde.\r\nEt c\u2019est parce que Le T\u00e9l\u00e9gramme a les pieds en Bretagne et les yeux sur le monde qu\u2019il \u00e9crit la Bretagne de demain.\r\n<\/strong><\/p><\/div>\r\n\t\t\t<div class=\"popin_exposant_resaux\">\r\n\t\t\t\t<div class=\"reseaux\" style=\"    display: flex;   justify-content: flex-end;\"><a href=\"https:\/\/www.facebook.com\/letelegramme\" target=\"_blank\"><img src=\"\/arx-custom-img\/exposant-fb.svg\"><\/a><a href=\"https:\/\/www.instagram.com\/letelegramme\/\" target=\"_blank\"><img src=\"\/arx-custom-img\/exposant-insta.svg\"><\/a><\/div>\r\n\t\t\t\t\r\n\t\t\t<\/div>\r\n\t\t\t\r\n\t\t\t\r\n\t\t\t\t<div class=\"popin_exposant_documents\">\r\n\t\t\t\t\t<div class=\"titre_produits\">DOCUMENTS<\/div>\r\n\t\t\t\t<div class=\"flexdocument\">\r\n\t\t\t\t\t<div class=\"document_item\">\r\n\t\t\t\t\t<div><img src=\"\/wp-content\/uploads\/2023\/01\/note-2.svg\"><\/div>\r\n\t\t\t\t\t<div><a href=\"https:\/\/exposant.gl-events.com\/uploads\/documents\/5ea049b943847b0b17f562db5eb61de5.pdf\" target=\"_blank\">Campagne com<\/a><\/div>\t\t\t\t\t\r\n\t\t\t\t\t<\/div>\t\r\n\t\t\t\t<\/div><\/div><\/div><\/div><\/div><div id=\" \"class=\"exposant_item_popin\" data-id=\"9096\">\r\n\t\t\t\t\t<div class=\"exposant_item_popin_content box_shadow\">\r\n\r\n\t\t\t\t\t<div class=\"close\" data-id=\"9096\"><\/div>\r\n\t\t\t\t\t<div class=\"exposant_item_popin_scrolled_content\">\t\t\t\t\t\r\n\t\t\t\t<div class=\"flexpopupligne1\">\r\n\t\t\t\t\t<div class=\"popin_exposant_logo\"><img class=\"photo\" src=\"https:\/\/exposant.gl-events.com\/uploads\/company_booths\/logos\/da2eabf44c8830b5ad3b44d040ce8358.jpg\"><\/div>\r\n\t\t\t\t\t<div class=\"\"><p class=\"arx_titlte_exposantpopup\">LECOQ-GADBY TRAITEUR<\/p><p class=\"arx_popup_site\"><a href=\"http:\/\/traiteur.lecoq-gadby.com\/\" target=\"_blank\">traiteur.lecoq-gadby.com\/<\/a><\/p><p class=\"arx_stand_exposant_popup\">BAR01<\/p><\/div><div class=\"nomenclature\" style=\"font-family: AzoSansbold !important;  line-height: 38px !important;     color: #002350 !important;\"><\/div>\r\n\t\t\t<\/div>\r\n\t\t\t\t<div class=\"popin_exposant_adresse\" style=\"margin-top:25px\"><p class=\"arx_adresse_popup\"><img src=\"\/wp-content\/uploads\/2023\/01\/Vector-2.png\" style=\"margin-right:3px\"><strong>156 rue d'ANTRAIN, 35700 - RENNES<\/strong><\/p><\/div>\r\n\t\t\t\t\r\n\t\t\t\t<div class=\"popin_exposant_content\"><p class=\"arx_expo_extrait\"><strong>L'art de recevoir - Traiteur et organisateur d'\u00e9v\u00e9nements d'exception en Bretagne depuis 1902<\/strong><\/p><\/div>\r\n\t\t\t<div class=\"popin_exposant_resaux\">\r\n\t\t\t\t<div class=\"reseaux\" style=\"    display: flex;   justify-content: flex-end;\"><a href=\"https:\/\/www.facebook.com\/traiteurlecoqgadby\" target=\"_blank\"><img src=\"\/arx-custom-img\/exposant-fb.svg\"><\/a><a href=\"https:\/\/www.instagram.com\/lecoqgadby_traiteur\/\" target=\"_blank\"><img src=\"\/arx-custom-img\/exposant-insta.svg\"><\/a><\/div>\r\n\t\t\t\t\r\n\t\t\t<\/div>\r\n\t\t\t\r\n\t\t\t\r\n\t\t\t\t<div class=\"popin_exposant_documents\">\r\n\t\t\t\t\t<div class=\"titre_produits\">DOCUMENTS<\/div>\r\n\t\t\t\t<div class=\"flexdocument\">\r\n\t\t\t\t\t<div class=\"document_item\">\r\n\t\t\t\t\t<div><img src=\"\/wp-content\/uploads\/2023\/01\/note-2.svg\"><\/div>\r\n\t\t\t\t\t<div><a href=\"https:\/\/exposant.gl-events.com\/uploads\/documents\/0ba440d1481a4e442ec047236af411fc.pdf\" target=\"_blank\">Menu Restaurant<\/a><\/div>\t\t\t\t\t\r\n\t\t\t\t\t<\/div>\r\n\t\t\t\t\t<div class=\"document_item\">\r\n\t\t\t\t\t<div><img src=\"\/wp-content\/uploads\/2023\/01\/note-2.svg\"><\/div>\r\n\t\t\t\t\t<div><a href=\"https:\/\/exposant.gl-events.com\/uploads\/documents\/db59762da95901e396bc6e5bb338cb9f.pdf\" target=\"_blank\">Menu Boissons Bar<\/a><\/div>\t\t\t\t\t\r\n\t\t\t\t\t<\/div>\r\n\t\t\t\t\t<div class=\"document_item\">\r\n\t\t\t\t\t<div><img src=\"\/wp-content\/uploads\/2023\/01\/note-2.svg\"><\/div>\r\n\t\t\t\t\t<div><a href=\"https:\/\/exposant.gl-events.com\/uploads\/documents\/5fa71a8164bf8cb465138685feffd80d.pdf\" target=\"_blank\">Menu Snack<\/a><\/div>\t\t\t\t\t\r\n\t\t\t\t\t<\/div>\t\r\n\t\t\t\t<\/div><\/div><\/div><\/div><\/div><div id=\" \"class=\"exposant_item_popin\" data-id=\"10276\">\r\n\t\t\t\t\t<div class=\"exposant_item_popin_content box_shadow\">\r\n\r\n\t\t\t\t\t<div class=\"close\" data-id=\"10276\"><\/div>\r\n\t\t\t\t\t<div class=\"exposant_item_popin_scrolled_content\">\t\t\t\t\t\r\n\t\t\t\t<div class=\"flexpopupligne1\">\r\n\t\t\t\t\t<div class=\"popin_exposant_logo\"><img class=\"photo\" src=\"\/arx-custom-img\/exposant-amenago-default.jpg\"><\/div>\r\n\t\t\t\t\t<div class=\"\"><p class=\"arx_titlte_exposantpopup\">LECUYER DIDIER<\/p><p class=\"arx_popup_site\"><\/p><p class=\"arx_stand_exposant_popup\">G12<\/p><\/div><div class=\"nomenclature\" style=\"font-family: AzoSansbold !important;  line-height: 38px !important;     color: #002350 !important;\"><span>#j'am\u00e9nage, j'agence et je d\u00e9core ma maison<\/span><\/div>\r\n\t\t\t<\/div>\r\n\t\t\t\t<div class=\"popin_exposant_adresse\" style=\"margin-top:25px\"><p class=\"arx_adresse_popup\"><img src=\"\/wp-content\/uploads\/2023\/01\/Vector-2.png\" style=\"margin-right:3px\"><strong>MAISON SOCIALE LA RUCHE\n,2 PLACE DE LA BASTILLE,, 22430 - ERQUY<\/strong><\/p><\/div>\r\n\t\t\t\t\r\n\t\t\t\t<div class=\"popin_exposant_content\"><p class=\"arx_expo_extrait\"><strong> <\/strong><\/p><\/div>\r\n\t\t\t<div class=\"popin_exposant_resaux\">\r\n\t\t\t\t<div class=\"reseaux\" style=\"    display: flex;   justify-content: flex-end;\"><\/div>\r\n\t\t\t\t\r\n\t\t\t<\/div>\r\n\t\t\t\r\n\t\t\t<\/div><\/div><\/div><div id=\" \"class=\"exposant_item_popin\" data-id=\"10279\">\r\n\t\t\t\t\t<div class=\"exposant_item_popin_content box_shadow\">\r\n\r\n\t\t\t\t\t<div class=\"close\" data-id=\"10279\"><\/div>\r\n\t\t\t\t\t<div class=\"exposant_item_popin_scrolled_content\">\t\t\t\t\t\r\n\t\t\t\t<div class=\"flexpopupligne1\">\r\n\t\t\t\t\t<div class=\"popin_exposant_logo\"><img class=\"photo\" src=\"\/arx-custom-img\/exposant-amenago-default.jpg\"><\/div>\r\n\t\t\t\t\t<div class=\"\"><p class=\"arx_titlte_exposantpopup\">LES ARTISANS BRETON<\/p><p class=\"arx_popup_site\"><\/p><p class=\"arx_stand_exposant_popup\">F03<\/p><\/div><div class=\"nomenclature\" style=\"font-family: AzoSansbold !important;  line-height: 38px !important;     color: #002350 !important;\"><span>#j'optimise les performances, je s\u00e9curise mon logement<\/span><\/div>\r\n\t\t\t<\/div>\r\n\t\t\t\t<div class=\"popin_exposant_adresse\" style=\"margin-top:25px\"><p class=\"arx_adresse_popup\"><img src=\"\/wp-content\/uploads\/2023\/01\/Vector-2.png\" style=\"margin-right:3px\"><strong>,  - S\u00e9n\u00e9<\/strong><\/p><\/div>\r\n\t\t\t\t\r\n\t\t\t\t<div class=\"popin_exposant_content\"><p class=\"arx_expo_extrait\"><strong> <\/strong><\/p><\/div>\r\n\t\t\t<div class=\"popin_exposant_resaux\">\r\n\t\t\t\t<div class=\"reseaux\" style=\"    display: flex;   justify-content: flex-end;\"><\/div>\r\n\t\t\t\t\r\n\t\t\t<\/div>\r\n\t\t\t\r\n\t\t\t<\/div><\/div><\/div><div id=\" \"class=\"exposant_item_popin\" data-id=\"10168\">\r\n\t\t\t\t\t<div class=\"exposant_item_popin_content box_shadow\">\r\n\r\n\t\t\t\t\t<div class=\"close\" data-id=\"10168\"><\/div>\r\n\t\t\t\t\t<div class=\"exposant_item_popin_scrolled_content\">\t\t\t\t\t\r\n\t\t\t\t<div class=\"flexpopupligne1\">\r\n\t\t\t\t\t<div class=\"popin_exposant_logo\"><img class=\"photo\" src=\"\/arx-custom-img\/exposant-amenago-default.jpg\"><\/div>\r\n\t\t\t\t\t<div class=\"\"><p class=\"arx_titlte_exposantpopup\">LES MAISONS SOCOREN<\/p><p class=\"arx_popup_site\"><a href=\"http:\/\/www.socoren.com\/\" target=\"_blank\">www.socoren.com\/<\/a><\/p><p class=\"arx_stand_exposant_popup\">B24<\/p><\/div><div class=\"nomenclature\" style=\"font-family: AzoSansbold !important;  line-height: 38px !important;     color: #002350 !important;\"><span>#je construis, je r\u00e9nove ma maison<\/span><\/div>\r\n\t\t\t<\/div>\r\n\t\t\t\t<div class=\"popin_exposant_adresse\" style=\"margin-top:25px\"><p class=\"arx_adresse_popup\"><img src=\"\/wp-content\/uploads\/2023\/01\/Vector-2.png\" style=\"margin-right:3px\"><strong>LES RESIDENCES DU GOLFE\n1B RUE DES GOELANDS, 56000 - VANNES<\/strong><\/p><\/div>\r\n\t\t\t\t\r\n\t\t\t\t<div class=\"popin_exposant_content\"><p class=\"arx_expo_extrait\"><strong> <\/strong><\/p><\/div>\r\n\t\t\t<div class=\"popin_exposant_resaux\">\r\n\t\t\t\t<div class=\"reseaux\" style=\"    display: flex;   justify-content: flex-end;\"><\/div>\r\n\t\t\t\t\r\n\t\t\t<\/div>\r\n\t\t\t\r\n\t\t\t<\/div><\/div><\/div><div id=\" \"class=\"exposant_item_popin\" data-id=\"8975\">\r\n\t\t\t\t\t<div class=\"exposant_item_popin_content box_shadow\">\r\n\r\n\t\t\t\t\t<div class=\"close\" data-id=\"8975\"><\/div>\r\n\t\t\t\t\t<div class=\"exposant_item_popin_scrolled_content\">\t\t\t\t\t\r\n\t\t\t\t<div class=\"flexpopupligne1\">\r\n\t\t\t\t\t<div class=\"popin_exposant_logo\"><img class=\"photo\" src=\"\/arx-custom-img\/exposant-amenago-default.jpg\"><\/div>\r\n\t\t\t\t\t<div class=\"\"><p class=\"arx_titlte_exposantpopup\">LES MAISONS TY NEVEZ<\/p><p class=\"arx_popup_site\"><a href=\"http:\/\/www.lesmaisonstynevez.fr\/\" target=\"_blank\">www.lesmaisonstynevez.fr\/<\/a><\/p><p class=\"arx_stand_exposant_popup\">C08<\/p><\/div><div class=\"nomenclature\" style=\"font-family: AzoSansbold !important;  line-height: 38px !important;     color: #002350 !important;\"><span>#je construis, je r\u00e9nove ma maison<\/span><\/div>\r\n\t\t\t<\/div>\r\n\t\t\t\t<div class=\"popin_exposant_adresse\" style=\"margin-top:25px\"><p class=\"arx_adresse_popup\"><img src=\"\/wp-content\/uploads\/2023\/01\/Vector-2.png\" style=\"margin-right:3px\"><strong>70 route de Brest, 29000 - QUIMPER<\/strong><\/p><\/div>\r\n\t\t\t\t\r\n\t\t\t\t<div class=\"popin_exposant_content\"><p class=\"arx_expo_extrait\"><strong>Construction de maison individuelle\n<\/strong><\/p><\/div>\r\n\t\t\t<div class=\"popin_exposant_resaux\">\r\n\t\t\t\t<div class=\"reseaux\" style=\"    display: flex;   justify-content: flex-end;\"><\/div>\r\n\t\t\t\t\r\n\t\t\t<\/div>\r\n\t\t\t\r\n\t\t\t<\/div><\/div><\/div><div id=\" \"class=\"exposant_item_popin\" data-id=\"10169\">\r\n\t\t\t\t\t<div class=\"exposant_item_popin_content box_shadow\">\r\n\r\n\t\t\t\t\t<div class=\"close\" data-id=\"10169\"><\/div>\r\n\t\t\t\t\t<div class=\"exposant_item_popin_scrolled_content\">\t\t\t\t\t\r\n\t\t\t\t<div class=\"flexpopupligne1\">\r\n\t\t\t\t\t<div class=\"popin_exposant_logo\"><img class=\"photo\" src=\"https:\/\/exposant.gl-events.com\/uploads\/company_booths\/logos\/f0ca68ac5e387cb5aa5d2f6fe3bef730.jpg\"><\/div>\r\n\t\t\t\t\t<div class=\"\"><p class=\"arx_titlte_exposantpopup\">LES MAISONS TY NEVEZ<\/p><p class=\"arx_popup_site\"><a href=\"http:\/\/www.lesmaisonstynevez.fr\/\" target=\"_blank\">www.lesmaisonstynevez.fr\/<\/a><\/p><p class=\"arx_stand_exposant_popup\">C08<\/p><\/div><div class=\"nomenclature\" style=\"font-family: AzoSansbold !important;  line-height: 38px !important;     color: #002350 !important;\"><span>#je construis, je r\u00e9nove ma maison<\/span><\/div>\r\n\t\t\t<\/div>\r\n\t\t\t\t<div class=\"popin_exposant_adresse\" style=\"margin-top:25px\"><p class=\"arx_adresse_popup\"><img src=\"\/wp-content\/uploads\/2023\/01\/Vector-2.png\" style=\"margin-right:3px\"><strong>70 route de Brest, 29000 - QUIMPER<\/strong><\/p><\/div>\r\n\t\t\t\t\r\n\t\t\t\t<div class=\"popin_exposant_content\"><p class=\"arx_expo_extrait\"><strong>Construction de maison individuelle\r\n<\/strong><\/p><\/div>\r\n\t\t\t<div class=\"popin_exposant_resaux\">\r\n\t\t\t\t<div class=\"reseaux\" style=\"    display: flex;   justify-content: flex-end;\"><\/div>\r\n\t\t\t\t\r\n\t\t\t<\/div>\r\n\t\t\t\r\n\t\t\t<\/div><\/div><\/div><div id=\" \"class=\"exposant_item_popin\" data-id=\"9001\">\r\n\t\t\t\t\t<div class=\"exposant_item_popin_content box_shadow\">\r\n\r\n\t\t\t\t\t<div class=\"close\" data-id=\"9001\"><\/div>\r\n\t\t\t\t\t<div class=\"exposant_item_popin_scrolled_content\">\t\t\t\t\t\r\n\t\t\t\t<div class=\"flexpopupligne1\">\r\n\t\t\t\t\t<div class=\"popin_exposant_logo\"><img class=\"photo\" src=\"\/arx-custom-img\/exposant-amenago-default.jpg\"><\/div>\r\n\t\t\t\t\t<div class=\"\"><p class=\"arx_titlte_exposantpopup\">LES RAMONEURS BRETONS<\/p><p class=\"arx_popup_site\"><a href=\"http:\/\/www.lesramoneursbretons.fr\/\" target=\"_blank\">www.lesramoneursbretons.fr\/<\/a><\/p><p class=\"arx_stand_exposant_popup\">E31<\/p><\/div><div class=\"nomenclature\" style=\"font-family: AzoSansbold !important;  line-height: 38px !important;     color: #002350 !important;\"><span>#j'optimise les performances, je s\u00e9curise mon logement<\/span><\/div>\r\n\t\t\t<\/div>\r\n\t\t\t\t<div class=\"popin_exposant_adresse\" style=\"margin-top:25px\"><p class=\"arx_adresse_popup\"><img src=\"\/wp-content\/uploads\/2023\/01\/Vector-2.png\" style=\"margin-right:3px\"><strong>16 RUE LAVOISIER\r\nSECTION CB N65\n., 29500 - ERGUE GABERIC<\/strong><\/p><\/div>\r\n\t\t\t\t\r\n\t\t\t\t<div class=\"popin_exposant_content\"><p class=\"arx_expo_extrait\"><strong>Ramonage, nettoyage et d\u00e9moussage, Gainage de conduits, d\u00e9 bistrage, d\u00e9goudronnage, d\u00e9sinsectisation<\/strong><\/p><\/div>\r\n\t\t\t<div class=\"popin_exposant_resaux\">\r\n\t\t\t\t<div class=\"reseaux\" style=\"    display: flex;   justify-content: flex-end;\"><\/div>\r\n\t\t\t\t\r\n\t\t\t<\/div>\r\n\t\t\t\r\n\t\t\t<\/div><\/div><\/div><div id=\" \"class=\"exposant_item_popin\" data-id=\"10179\">\r\n\t\t\t\t\t<div class=\"exposant_item_popin_content box_shadow\">\r\n\r\n\t\t\t\t\t<div class=\"close\" data-id=\"10179\"><\/div>\r\n\t\t\t\t\t<div class=\"exposant_item_popin_scrolled_content\">\t\t\t\t\t\r\n\t\t\t\t<div class=\"flexpopupligne1\">\r\n\t\t\t\t\t<div class=\"popin_exposant_logo\"><img class=\"photo\" src=\"\/arx-custom-img\/exposant-amenago-default.jpg\"><\/div>\r\n\t\t\t\t\t<div class=\"\"><p class=\"arx_titlte_exposantpopup\">LES RAMONEURS BRETONS<\/p><p class=\"arx_popup_site\"><a href=\"http:\/\/www.lesramoneursbretons.fr\/\" target=\"_blank\">www.lesramoneursbretons.fr\/<\/a><\/p><p class=\"arx_stand_exposant_popup\">E15<\/p><\/div><div class=\"nomenclature\" style=\"font-family: AzoSansbold !important;  line-height: 38px !important;     color: #002350 !important;\"><span>#j'optimise les performances, je s\u00e9curise mon logement<\/span><\/div>\r\n\t\t\t<\/div>\r\n\t\t\t\t<div class=\"popin_exposant_adresse\" style=\"margin-top:25px\"><p class=\"arx_adresse_popup\"><img src=\"\/wp-content\/uploads\/2023\/01\/Vector-2.png\" style=\"margin-right:3px\"><strong>16 RUE LAVOISIER\r\nSECTION CB N65\n., 29500 - ERGUE GABERIC<\/strong><\/p><\/div>\r\n\t\t\t\t\r\n\t\t\t\t<div class=\"popin_exposant_content\"><p class=\"arx_expo_extrait\"><strong>Ramonage, nettoyage et d\u00e9moussage, Gainage de conduits, d\u00e9 bistrage, d\u00e9goudronnage, d\u00e9sinsectisation<\/strong><\/p><\/div>\r\n\t\t\t<div class=\"popin_exposant_resaux\">\r\n\t\t\t\t<div class=\"reseaux\" style=\"    display: flex;   justify-content: flex-end;\"><\/div>\r\n\t\t\t\t\r\n\t\t\t<\/div>\r\n\t\t\t\r\n\t\t\t<\/div><\/div><\/div><div id=\" \"class=\"exposant_item_popin\" data-id=\"9068\">\r\n\t\t\t\t\t<div class=\"exposant_item_popin_content box_shadow\">\r\n\r\n\t\t\t\t\t<div class=\"close\" data-id=\"9068\"><\/div>\r\n\t\t\t\t\t<div class=\"exposant_item_popin_scrolled_content\">\t\t\t\t\t\r\n\t\t\t\t<div class=\"flexpopupligne1\">\r\n\t\t\t\t\t<div class=\"popin_exposant_logo\"><img class=\"photo\" src=\"\/arx-custom-img\/exposant-amenago-default.jpg\"><\/div>\r\n\t\t\t\t\t<div class=\"\"><p class=\"arx_titlte_exposantpopup\">LG COUVERTURE ISOLATION<\/p><p class=\"arx_popup_site\"><a href=\"http:\/\/www.lgcouvertureisolation.fr\/\" target=\"_blank\">www.lgcouvertureisolation.fr\/<\/a><\/p><p class=\"arx_stand_exposant_popup\">D03<\/p><\/div><div class=\"nomenclature\" style=\"font-family: AzoSansbold !important;  line-height: 38px !important;     color: #002350 !important;\"><span>#j'optimise les performances, je s\u00e9curise mon logement<\/span><\/div>\r\n\t\t\t<\/div>\r\n\t\t\t\t<div class=\"popin_exposant_adresse\" style=\"margin-top:25px\"><p class=\"arx_adresse_popup\"><img src=\"\/wp-content\/uploads\/2023\/01\/Vector-2.png\" style=\"margin-right:3px\"><strong>LIEU DIT SAOUDUA\nLIEU DIT SAOUDUA\n., 29710 - POULDREUZIC<\/strong><\/p><\/div>\r\n\t\t\t\t\r\n\t\t\t\t<div class=\"popin_exposant_content\"><p class=\"arx_expo_extrait\"><strong>R\u00e9novation compl\u00e8te de l'habitat. Sp\u00e9cialiste en couverture et isolation<\/strong><\/p><\/div>\r\n\t\t\t<div class=\"popin_exposant_resaux\">\r\n\t\t\t\t<div class=\"reseaux\" style=\"    display: flex;   justify-content: flex-end;\"><\/div>\r\n\t\t\t\t\r\n\t\t\t<\/div>\r\n\t\t\t\r\n\t\t\t<\/div><\/div><\/div><div id=\" \"class=\"exposant_item_popin\" data-id=\"10226\">\r\n\t\t\t\t\t<div class=\"exposant_item_popin_content box_shadow\">\r\n\r\n\t\t\t\t\t<div class=\"close\" data-id=\"10226\"><\/div>\r\n\t\t\t\t\t<div class=\"exposant_item_popin_scrolled_content\">\t\t\t\t\t\r\n\t\t\t\t<div class=\"flexpopupligne1\">\r\n\t\t\t\t\t<div class=\"popin_exposant_logo\"><img class=\"photo\" src=\"\/arx-custom-img\/exposant-amenago-default.jpg\"><\/div>\r\n\t\t\t\t\t<div class=\"\"><p class=\"arx_titlte_exposantpopup\">LG COUVERTURE ISOLATION<\/p><p class=\"arx_popup_site\"><a href=\"http:\/\/www.lgcouvertureisolation.fr\/\" target=\"_blank\">www.lgcouvertureisolation.fr\/<\/a><\/p><p class=\"arx_stand_exposant_popup\">D03<\/p><\/div><div class=\"nomenclature\" style=\"font-family: AzoSansbold !important;  line-height: 38px !important;     color: #002350 !important;\"><span>#j'optimise les performances, je s\u00e9curise mon logement<\/span><\/div>\r\n\t\t\t<\/div>\r\n\t\t\t\t<div class=\"popin_exposant_adresse\" style=\"margin-top:25px\"><p class=\"arx_adresse_popup\"><img src=\"\/wp-content\/uploads\/2023\/01\/Vector-2.png\" style=\"margin-right:3px\"><strong>LIEU DIT SAOUDUA\nLIEU DIT SAOUDUA\n., 29710 - POULDREUZIC<\/strong><\/p><\/div>\r\n\t\t\t\t\r\n\t\t\t\t<div class=\"popin_exposant_content\"><p class=\"arx_expo_extrait\"><strong>R\u00e9novation compl\u00e8te de l'habitat. Sp\u00e9cialiste en couverture et isolation<\/strong><\/p><\/div>\r\n\t\t\t<div class=\"popin_exposant_resaux\">\r\n\t\t\t\t<div class=\"reseaux\" style=\"    display: flex;   justify-content: flex-end;\"><\/div>\r\n\t\t\t\t\r\n\t\t\t<\/div>\r\n\t\t\t\r\n\t\t\t<\/div><\/div><\/div><div id=\" \"class=\"exposant_item_popin\" data-id=\"10254\">\r\n\t\t\t\t\t<div class=\"exposant_item_popin_content box_shadow\">\r\n\r\n\t\t\t\t\t<div class=\"close\" data-id=\"10254\"><\/div>\r\n\t\t\t\t\t<div class=\"exposant_item_popin_scrolled_content\">\t\t\t\t\t\r\n\t\t\t\t<div class=\"flexpopupligne1\">\r\n\t\t\t\t\t<div class=\"popin_exposant_logo\"><img class=\"photo\" src=\"https:\/\/exposant.gl-events.com\/uploads\/company_booths\/logos\/f8fe023585f5a96d5e65c3e0b235e862.png\"><\/div>\r\n\t\t\t\t\t<div class=\"\"><p class=\"arx_titlte_exposantpopup\">LP PAYSAGES<\/p><p class=\"arx_popup_site\"><a href=\"http:\/\/www.facebook.com\/p\/lp-paysages-100069803825796\/?locale=fr_fr\" target=\"_blank\">www.facebook.com\/p\/lp-paysages-100069803825796\/?locale=fr_fr<\/a><\/p><p class=\"arx_stand_exposant_popup\">A04<\/p><\/div><div class=\"nomenclature\" style=\"font-family: AzoSansbold !important;  line-height: 38px !important;     color: #002350 !important;\"><span>#j'am\u00e9nage mon jardin, ma terrasse, mon balcon<\/span><\/div>\r\n\t\t\t<\/div>\r\n\t\t\t\t<div class=\"popin_exposant_adresse\" style=\"margin-top:25px\"><p class=\"arx_adresse_popup\"><img src=\"\/wp-content\/uploads\/2023\/01\/Vector-2.png\" style=\"margin-right:3px\"><strong>19 All\u00e9e des Primev\u00e8res, 29000 - QUIMPER<\/strong><\/p><\/div>\r\n\t\t\t\t\r\n\t\t\t\t<div class=\"popin_exposant_content\"><p class=\"arx_expo_extrait\"><strong>\ud83c\udf3f LP Paysages \u2013 Am\u00e9nagements ext\u00e9rieurs \u00e0 Quimper\r\n\r\nCr\u00e9\u00e9e en 2021 et dirig\u00e9e par Ludovic Perennec, LP Paysages est une entreprise \u00e0 taille humaine, sp\u00e9cialis\u00e9e dans les travaux de cr\u00e9ation, d\u2019am\u00e9nagement et d\u2019entretien de jardins et d\u2019espaces verts. Implant\u00e9e \u00e0 Quimper, elle intervient aupr\u00e8s des particuliers, des professionnels et des collectivit\u00e9s.\r\n\r\n\ud83d\udd27 Activit\u00e9s principales :\r\nPaysagisme : conception et r\u00e9alisation de jardins sur mesure\r\n\r\nMa\u00e7onnerie paysag\u00e8re : murets, bordures, escaliers, parements, pose de portails...\r\n\r\nTerrassement et travaux pr\u00e9paratoires\r\n\r\nPose de terrasses bois, dallages, composite, b\u00e9ton\r\n\r\nEntretien des espaces verts\r\n\r\nVente de v\u00e9g\u00e9taux et produits d\u2019am\u00e9nagement<\/strong><\/p><\/div>\r\n\t\t\t<div class=\"popin_exposant_resaux\">\r\n\t\t\t\t<div class=\"reseaux\" style=\"    display: flex;   justify-content: flex-end;\"><\/div>\r\n\t\t\t\t\r\n\t\t\t<\/div>\r\n\t\t\t\r\n\t\t\t<\/div><\/div><\/div><div id=\" \"class=\"exposant_item_popin\" data-id=\"8996\">\r\n\t\t\t\t\t<div class=\"exposant_item_popin_content box_shadow\">\r\n\r\n\t\t\t\t\t<div class=\"close\" data-id=\"8996\"><\/div>\r\n\t\t\t\t\t<div class=\"exposant_item_popin_scrolled_content\">\t\t\t\t\t\r\n\t\t\t\t<div class=\"flexpopupligne1\">\r\n\t\t\t\t\t<div class=\"popin_exposant_logo\"><img class=\"photo\" src=\"\/arx-custom-img\/exposant-amenago-default.jpg\"><\/div>\r\n\t\t\t\t\t<div class=\"\"><p class=\"arx_titlte_exposantpopup\">LV RENOVATION<\/p><p class=\"arx_popup_site\"><a href=\"http:\/\/www.lv-renovation.fr\/\" target=\"_blank\">www.lv-renovation.fr\/<\/a><\/p><p class=\"arx_stand_exposant_popup\">A08<\/p><\/div><div class=\"nomenclature\" style=\"font-family: AzoSansbold !important;  line-height: 38px !important;     color: #002350 !important;\"><span>#j'optimise les performances, je s\u00e9curise mon logement<\/span><\/div>\r\n\t\t\t<\/div>\r\n\t\t\t\t<div class=\"popin_exposant_adresse\" style=\"margin-top:25px\"><p class=\"arx_adresse_popup\"><img src=\"\/wp-content\/uploads\/2023\/01\/Vector-2.png\" style=\"margin-right:3px\"><strong>18 RUE LAVOISIER, 29500 - ERGUE GABERIC<\/strong><\/p><\/div>\r\n\t\t\t\t\r\n\t\t\t\t<div class=\"popin_exposant_content\"><p class=\"arx_expo_extrait\"><strong>Isolation thermique ext\u00e9rieure, ravalement<\/strong><\/p><\/div>\r\n\t\t\t<div class=\"popin_exposant_resaux\">\r\n\t\t\t\t<div class=\"reseaux\" style=\"    display: flex;   justify-content: flex-end;\"><\/div>\r\n\t\t\t\t\r\n\t\t\t<\/div>\r\n\t\t\t\r\n\t\t\t<\/div><\/div><\/div><div id=\" \"class=\"exposant_item_popin\" data-id=\"10277\">\r\n\t\t\t\t\t<div class=\"exposant_item_popin_content box_shadow\">\r\n\r\n\t\t\t\t\t<div class=\"close\" data-id=\"10277\"><\/div>\r\n\t\t\t\t\t<div class=\"exposant_item_popin_scrolled_content\">\t\t\t\t\t\r\n\t\t\t\t<div class=\"flexpopupligne1\">\r\n\t\t\t\t\t<div class=\"popin_exposant_logo\"><img class=\"photo\" src=\"\/arx-custom-img\/exposant-amenago-default.jpg\"><\/div>\r\n\t\t\t\t\t<div class=\"\"><p class=\"arx_titlte_exposantpopup\">MAISON COULEUR<\/p><p class=\"arx_popup_site\"><a href=\"http:\/\/www.couleur-paysage.fr\/\" target=\"_blank\">www.couleur-paysage.fr\/<\/a><\/p><p class=\"arx_stand_exposant_popup\">C23<\/p><\/div><div class=\"nomenclature\" style=\"font-family: AzoSansbold !important;  line-height: 38px !important;     color: #002350 !important;\"><span>#j'am\u00e9nage mon jardin, ma terrasse, mon balcon<\/span><\/div>\r\n\t\t\t<\/div>\r\n\t\t\t\t<div class=\"popin_exposant_adresse\" style=\"margin-top:25px\"><p class=\"arx_adresse_popup\"><img src=\"\/wp-content\/uploads\/2023\/01\/Vector-2.png\" style=\"margin-right:3px\"><strong>71 Hent Penhoad Braz, 29700 - PLOMELIN<\/strong><\/p><\/div>\r\n\t\t\t\t\r\n\t\t\t\t<div class=\"popin_exposant_content\"><p class=\"arx_expo_extrait\"><strong> <\/strong><\/p><\/div>\r\n\t\t\t<div class=\"popin_exposant_resaux\">\r\n\t\t\t\t<div class=\"reseaux\" style=\"    display: flex;   justify-content: flex-end;\"><\/div>\r\n\t\t\t\t\r\n\t\t\t<\/div>\r\n\t\t\t\r\n\t\t\t<\/div><\/div><\/div><div id=\" \"class=\"exposant_item_popin\" data-id=\"10259\">\r\n\t\t\t\t\t<div class=\"exposant_item_popin_content box_shadow\">\r\n\r\n\t\t\t\t\t<div class=\"close\" data-id=\"10259\"><\/div>\r\n\t\t\t\t\t<div class=\"exposant_item_popin_scrolled_content\">\t\t\t\t\t\r\n\t\t\t\t<div class=\"flexpopupligne1\">\r\n\t\t\t\t\t<div class=\"popin_exposant_logo\"><img class=\"photo\" src=\"\/arx-custom-img\/exposant-amenago-default.jpg\"><\/div>\r\n\t\t\t\t\t<div class=\"\"><p class=\"arx_titlte_exposantpopup\">MAISONS ARTECO<\/p><p class=\"arx_popup_site\"><a href=\"http:\/\/www.maisons-arteco.fr\/\" target=\"_blank\">www.maisons-arteco.fr\/<\/a><\/p><p class=\"arx_stand_exposant_popup\">B11<\/p><\/div><div class=\"nomenclature\" style=\"font-family: AzoSansbold !important;  line-height: 38px !important;     color: #002350 !important;\"><span>#je construis, je r\u00e9nove ma maison<\/span><\/div>\r\n\t\t\t<\/div>\r\n\t\t\t\t<div class=\"popin_exposant_adresse\" style=\"margin-top:25px\"><p class=\"arx_adresse_popup\"><img src=\"\/wp-content\/uploads\/2023\/01\/Vector-2.png\" style=\"margin-right:3px\"><strong>43 RUE DE PLOEMEUR, 56100 - LORIENT<\/strong><\/p><\/div>\r\n\t\t\t\t\r\n\t\t\t\t<div class=\"popin_exposant_content\"><p class=\"arx_expo_extrait\"><strong>Constructeur de maisons individuelles<\/strong><\/p><\/div>\r\n\t\t\t<div class=\"popin_exposant_resaux\">\r\n\t\t\t\t<div class=\"reseaux\" style=\"    display: flex;   justify-content: flex-end;\"><\/div>\r\n\t\t\t\t\r\n\t\t\t<\/div>\r\n\t\t\t\r\n\t\t\t<\/div><\/div><\/div><div id=\" \"class=\"exposant_item_popin\" data-id=\"8997\">\r\n\t\t\t\t\t<div class=\"exposant_item_popin_content box_shadow\">\r\n\r\n\t\t\t\t\t<div class=\"close\" data-id=\"8997\"><\/div>\r\n\t\t\t\t\t<div class=\"exposant_item_popin_scrolled_content\">\t\t\t\t\t\r\n\t\t\t\t<div class=\"flexpopupligne1\">\r\n\t\t\t\t\t<div class=\"popin_exposant_logo\"><img class=\"photo\" src=\"\/arx-custom-img\/exposant-amenago-default.jpg\"><\/div>\r\n\t\t\t\t\t<div class=\"\"><p class=\"arx_titlte_exposantpopup\">MAISONS BOIS GLV<\/p><p class=\"arx_popup_site\"><a href=\"http:\/\/www.maisonsboisglv.com\/\" target=\"_blank\">www.maisonsboisglv.com\/<\/a><\/p><p class=\"arx_stand_exposant_popup\">C24<\/p><\/div><div class=\"nomenclature\" style=\"font-family: AzoSansbold !important;  line-height: 38px !important;     color: #002350 !important;\"><span>#je construis, je r\u00e9nove ma maison<\/span><\/div>\r\n\t\t\t<\/div>\r\n\t\t\t\t<div class=\"popin_exposant_adresse\" style=\"margin-top:25px\"><p class=\"arx_adresse_popup\"><img src=\"\/wp-content\/uploads\/2023\/01\/Vector-2.png\" style=\"margin-right:3px\"><strong>32 HELLEZ TOSTA\n32 HELLEZ TOSTA, 29880 - PLOUGUERNEAU<\/strong><\/p><\/div>\r\n\t\t\t\t\r\n\t\t\t\t<div class=\"popin_exposant_content\"><p class=\"arx_expo_extrait\"><strong>Construction de maisons \u00e0 ossature bois<\/strong><\/p><\/div>\r\n\t\t\t<div class=\"popin_exposant_resaux\">\r\n\t\t\t\t<div class=\"reseaux\" style=\"    display: flex;   justify-content: flex-end;\"><\/div>\r\n\t\t\t\t\r\n\t\t\t<\/div>\r\n\t\t\t\r\n\t\t\t<\/div><\/div><\/div><div id=\" \"class=\"exposant_item_popin\" data-id=\"10199\">\r\n\t\t\t\t\t<div class=\"exposant_item_popin_content box_shadow\">\r\n\r\n\t\t\t\t\t<div class=\"close\" data-id=\"10199\"><\/div>\r\n\t\t\t\t\t<div class=\"exposant_item_popin_scrolled_content\">\t\t\t\t\t\r\n\t\t\t\t<div class=\"flexpopupligne1\">\r\n\t\t\t\t\t<div class=\"popin_exposant_logo\"><img class=\"photo\" src=\"\/arx-custom-img\/exposant-amenago-default.jpg\"><\/div>\r\n\t\t\t\t\t<div class=\"\"><p class=\"arx_titlte_exposantpopup\">MAISONS BOIS GLV<\/p><p class=\"arx_popup_site\"><a href=\"http:\/\/www.maisonsboisglv.com\/\" target=\"_blank\">www.maisonsboisglv.com\/<\/a><\/p><p class=\"arx_stand_exposant_popup\">C24<\/p><\/div><div class=\"nomenclature\" style=\"font-family: AzoSansbold !important;  line-height: 38px !important;     color: #002350 !important;\"><span>#je construis, je r\u00e9nove ma maison<\/span><\/div>\r\n\t\t\t<\/div>\r\n\t\t\t\t<div class=\"popin_exposant_adresse\" style=\"margin-top:25px\"><p class=\"arx_adresse_popup\"><img src=\"\/wp-content\/uploads\/2023\/01\/Vector-2.png\" style=\"margin-right:3px\"><strong>32 HELLEZ TOSTA\n32 HELLEZ TOSTA, 29880 - PLOUGUERNEAU<\/strong><\/p><\/div>\r\n\t\t\t\t\r\n\t\t\t\t<div class=\"popin_exposant_content\"><p class=\"arx_expo_extrait\"><strong>Construction de maisons \u00e0 ossature bois<\/strong><\/p><\/div>\r\n\t\t\t<div class=\"popin_exposant_resaux\">\r\n\t\t\t\t<div class=\"reseaux\" style=\"    display: flex;   justify-content: flex-end;\"><\/div>\r\n\t\t\t\t\r\n\t\t\t<\/div>\r\n\t\t\t\r\n\t\t\t<\/div><\/div><\/div><div id=\" \"class=\"exposant_item_popin\" data-id=\"8977\">\r\n\t\t\t\t\t<div class=\"exposant_item_popin_content box_shadow\">\r\n\r\n\t\t\t\t\t<div class=\"close\" data-id=\"8977\"><\/div>\r\n\t\t\t\t\t<div class=\"exposant_item_popin_scrolled_content\">\t\t\t\t\t\r\n\t\t\t\t<div class=\"flexpopupligne1\">\r\n\t\t\t\t\t<div class=\"popin_exposant_logo\"><img class=\"photo\" src=\"\/arx-custom-img\/exposant-amenago-default.jpg\"><\/div>\r\n\t\t\t\t\t<div class=\"\"><p class=\"arx_titlte_exposantpopup\">MAISONS DE L'AVENIR<\/p><p class=\"arx_popup_site\"><a href=\"http:\/\/www.maisonsdelavenir.com\/\" target=\"_blank\">www.maisonsdelavenir.com\/<\/a><\/p><p class=\"arx_stand_exposant_popup\">D06<\/p><\/div><div class=\"nomenclature\" style=\"font-family: AzoSansbold !important;  line-height: 38px !important;     color: #002350 !important;\"><span>#je construis, je r\u00e9nove ma maison<\/span><\/div>\r\n\t\t\t<\/div>\r\n\t\t\t\t<div class=\"popin_exposant_adresse\" style=\"margin-top:25px\"><p class=\"arx_adresse_popup\"><img src=\"\/wp-content\/uploads\/2023\/01\/Vector-2.png\" style=\"margin-right:3px\"><strong>34B RUE JACQUES ANQUETIL, 29000 - QUIMPER<\/strong><\/p><\/div>\r\n\t\t\t\t\r\n\t\t\t\t<div class=\"popin_exposant_content\"><p class=\"arx_expo_extrait\"><strong>Constructeur de maisons individuelles, traditionnelles et bois<\/strong><\/p><\/div>\r\n\t\t\t<div class=\"popin_exposant_resaux\">\r\n\t\t\t\t<div class=\"reseaux\" style=\"    display: flex;   justify-content: flex-end;\"><\/div>\r\n\t\t\t\t\r\n\t\t\t<\/div>\r\n\t\t\t\r\n\t\t\t<\/div><\/div><\/div><div id=\" \"class=\"exposant_item_popin\" data-id=\"10194\">\r\n\t\t\t\t\t<div class=\"exposant_item_popin_content box_shadow\">\r\n\r\n\t\t\t\t\t<div class=\"close\" data-id=\"10194\"><\/div>\r\n\t\t\t\t\t<div class=\"exposant_item_popin_scrolled_content\">\t\t\t\t\t\r\n\t\t\t\t<div class=\"flexpopupligne1\">\r\n\t\t\t\t\t<div class=\"popin_exposant_logo\"><img class=\"photo\" src=\"\/arx-custom-img\/exposant-amenago-default.jpg\"><\/div>\r\n\t\t\t\t\t<div class=\"\"><p class=\"arx_titlte_exposantpopup\">MAISONS DE L'AVENIR<\/p><p class=\"arx_popup_site\"><a href=\"http:\/\/www.maisonsdelavenir.com\/\" target=\"_blank\">www.maisonsdelavenir.com\/<\/a><\/p><p class=\"arx_stand_exposant_popup\">A20<\/p><\/div><div class=\"nomenclature\" style=\"font-family: AzoSansbold !important;  line-height: 38px !important;     color: #002350 !important;\"><span>#je construis, je r\u00e9nove ma maison<\/span><\/div>\r\n\t\t\t<\/div>\r\n\t\t\t\t<div class=\"popin_exposant_adresse\" style=\"margin-top:25px\"><p class=\"arx_adresse_popup\"><img src=\"\/wp-content\/uploads\/2023\/01\/Vector-2.png\" style=\"margin-right:3px\"><strong>34B RUE JACQUES ANQUETIL, 29000 - QUIMPER<\/strong><\/p><\/div>\r\n\t\t\t\t\r\n\t\t\t\t<div class=\"popin_exposant_content\"><p class=\"arx_expo_extrait\"><strong>Constructeur de maisons individuelles, traditionnelles et bois<\/strong><\/p><\/div>\r\n\t\t\t<div class=\"popin_exposant_resaux\">\r\n\t\t\t\t<div class=\"reseaux\" style=\"    display: flex;   justify-content: flex-end;\"><\/div>\r\n\t\t\t\t\r\n\t\t\t<\/div>\r\n\t\t\t\r\n\t\t\t<\/div><\/div><\/div><div id=\" \"class=\"exposant_item_popin\" data-id=\"9045\">\r\n\t\t\t\t\t<div class=\"exposant_item_popin_content box_shadow\">\r\n\r\n\t\t\t\t\t<div class=\"close\" data-id=\"9045\"><\/div>\r\n\t\t\t\t\t<div class=\"exposant_item_popin_scrolled_content\">\t\t\t\t\t\r\n\t\t\t\t<div class=\"flexpopupligne1\">\r\n\t\t\t\t\t<div class=\"popin_exposant_logo\"><img class=\"photo\" src=\"\/arx-custom-img\/exposant-amenago-default.jpg\"><\/div>\r\n\t\t\t\t\t<div class=\"\"><p class=\"arx_titlte_exposantpopup\">MAISONS LE MASSON<\/p><p class=\"arx_popup_site\"><a href=\"http:\/\/www.maisonslemasson.com\/constructeur-maison-quimper\" target=\"_blank\">www.maisonslemasson.com\/constructeur-maison-quimper<\/a><\/p><p class=\"arx_stand_exposant_popup\">B22<\/p><\/div><div class=\"nomenclature\" style=\"font-family: AzoSansbold !important;  line-height: 38px !important;     color: #002350 !important;\"><span>#je construis, je r\u00e9nove ma maison<\/span><\/div>\r\n\t\t\t<\/div>\r\n\t\t\t\t<div class=\"popin_exposant_adresse\" style=\"margin-top:25px\"><p class=\"arx_adresse_popup\"><img src=\"\/wp-content\/uploads\/2023\/01\/Vector-2.png\" style=\"margin-right:3px\"><strong>38, ROUTE DU LOC'H\n38 RTE DU LOCH\n., 29000 - QUIMPER<\/strong><\/p><\/div>\r\n\t\t\t\t\r\n\t\t\t\t<div class=\"popin_exposant_content\"><p class=\"arx_expo_extrait\"><strong>Constructeur de maisons individuelles<\/strong><\/p><\/div>\r\n\t\t\t<div class=\"popin_exposant_resaux\">\r\n\t\t\t\t<div class=\"reseaux\" style=\"    display: flex;   justify-content: flex-end;\"><\/div>\r\n\t\t\t\t\r\n\t\t\t<\/div>\r\n\t\t\t\r\n\t\t\t<\/div><\/div><\/div><div id=\" \"class=\"exposant_item_popin\" data-id=\"10209\">\r\n\t\t\t\t\t<div class=\"exposant_item_popin_content box_shadow\">\r\n\r\n\t\t\t\t\t<div class=\"close\" data-id=\"10209\"><\/div>\r\n\t\t\t\t\t<div class=\"exposant_item_popin_scrolled_content\">\t\t\t\t\t\r\n\t\t\t\t<div class=\"flexpopupligne1\">\r\n\t\t\t\t\t<div class=\"popin_exposant_logo\"><img class=\"photo\" src=\"\/arx-custom-img\/exposant-amenago-default.jpg\"><\/div>\r\n\t\t\t\t\t<div class=\"\"><p class=\"arx_titlte_exposantpopup\">MAISONS LE MASSON<\/p><p class=\"arx_popup_site\"><a href=\"http:\/\/www.maisonslemasson.com\/constructeur-maison-quimper\" target=\"_blank\">www.maisonslemasson.com\/constructeur-maison-quimper<\/a><\/p><p class=\"arx_stand_exposant_popup\">B22<\/p><\/div><div class=\"nomenclature\" style=\"font-family: AzoSansbold !important;  line-height: 38px !important;     color: #002350 !important;\"><span>#je construis, je r\u00e9nove ma maison<\/span><\/div>\r\n\t\t\t<\/div>\r\n\t\t\t\t<div class=\"popin_exposant_adresse\" style=\"margin-top:25px\"><p class=\"arx_adresse_popup\"><img src=\"\/wp-content\/uploads\/2023\/01\/Vector-2.png\" style=\"margin-right:3px\"><strong>38, ROUTE DU LOC'H\n38 RTE DU LOCH\n., 29000 - QUIMPER<\/strong><\/p><\/div>\r\n\t\t\t\t\r\n\t\t\t\t<div class=\"popin_exposant_content\"><p class=\"arx_expo_extrait\"><strong>Constructeur de maisons individuelles<\/strong><\/p><\/div>\r\n\t\t\t<div class=\"popin_exposant_resaux\">\r\n\t\t\t\t<div class=\"reseaux\" style=\"    display: flex;   justify-content: flex-end;\"><\/div>\r\n\t\t\t\t\r\n\t\t\t<\/div>\r\n\t\t\t\r\n\t\t\t<\/div><\/div><\/div><div id=\" \"class=\"exposant_item_popin\" data-id=\"9018\">\r\n\t\t\t\t\t<div class=\"exposant_item_popin_content box_shadow\">\r\n\r\n\t\t\t\t\t<div class=\"close\" data-id=\"9018\"><\/div>\r\n\t\t\t\t\t<div class=\"exposant_item_popin_scrolled_content\">\t\t\t\t\t\r\n\t\t\t\t<div class=\"flexpopupligne1\">\r\n\t\t\t\t\t<div class=\"popin_exposant_logo\"><img class=\"photo\" src=\"\/arx-custom-img\/exposant-amenago-default.jpg\"><\/div>\r\n\t\t\t\t\t<div class=\"\"><p class=\"arx_titlte_exposantpopup\">MAISONS VILLADEALE<\/p><p class=\"arx_popup_site\"><a href=\"http:\/\/www.villadeale.fr\/\" target=\"_blank\">www.villadeale.fr\/<\/a><\/p><p class=\"arx_stand_exposant_popup\">C17<\/p><\/div><div class=\"nomenclature\" style=\"font-family: AzoSansbold !important;  line-height: 38px !important;     color: #002350 !important;\"><span>#je construis, je r\u00e9nove ma maison<\/span><\/div>\r\n\t\t\t<\/div>\r\n\t\t\t\t<div class=\"popin_exposant_adresse\" style=\"margin-top:25px\"><p class=\"arx_adresse_popup\"><img src=\"\/wp-content\/uploads\/2023\/01\/Vector-2.png\" style=\"margin-right:3px\"><strong>IMMEUBLE LE VENISE\n180 RUE BENOITE GROULT, 29490 - GUIPAVAS<\/strong><\/p><\/div>\r\n\t\t\t\t\r\n\t\t\t\t<div class=\"popin_exposant_content\"><p class=\"arx_expo_extrait\"><strong>Constructeur de maisons individuelles<\/strong><\/p><\/div>\r\n\t\t\t<div class=\"popin_exposant_resaux\">\r\n\t\t\t\t<div class=\"reseaux\" style=\"    display: flex;   justify-content: flex-end;\"><\/div>\r\n\t\t\t\t\r\n\t\t\t<\/div>\r\n\t\t\t\r\n\t\t\t<\/div><\/div><\/div><div id=\" \"class=\"exposant_item_popin\" data-id=\"10166\">\r\n\t\t\t\t\t<div class=\"exposant_item_popin_content box_shadow\">\r\n\r\n\t\t\t\t\t<div class=\"close\" data-id=\"10166\"><\/div>\r\n\t\t\t\t\t<div class=\"exposant_item_popin_scrolled_content\">\t\t\t\t\t\r\n\t\t\t\t<div class=\"flexpopupligne1\">\r\n\t\t\t\t\t<div class=\"popin_exposant_logo\"><img class=\"photo\" src=\"https:\/\/exposant.gl-events.com\/uploads\/company_booths\/logos\/d28a906ad8daae23b058470919cd6386.png\"><\/div>\r\n\t\t\t\t\t<div class=\"\"><p class=\"arx_titlte_exposantpopup\">MAISONS VILLADEALE<\/p><p class=\"arx_popup_site\"><a href=\"http:\/\/www.villadeale.fr\/\" target=\"_blank\">www.villadeale.fr\/<\/a><\/p><p class=\"arx_stand_exposant_popup\">C15<\/p><\/div><div class=\"nomenclature\" style=\"font-family: AzoSansbold !important;  line-height: 38px !important;     color: #002350 !important;\"><span>#je construis, je r\u00e9nove ma maison<\/span><\/div>\r\n\t\t\t<\/div>\r\n\t\t\t\t<div class=\"popin_exposant_adresse\" style=\"margin-top:25px\"><p class=\"arx_adresse_popup\"><img src=\"\/wp-content\/uploads\/2023\/01\/Vector-2.png\" style=\"margin-right:3px\"><strong>IMMEUBLE LE VENISE\n180 RUE BENOITE GROULT, 29490 - GUIPAVAS<\/strong><\/p><\/div>\r\n\t\t\t\t\r\n\t\t\t\t<div class=\"popin_exposant_content\"><p class=\"arx_expo_extrait\"><strong>Constructeur de maisons individuelles<\/strong><\/p><\/div>\r\n\t\t\t<div class=\"popin_exposant_resaux\">\r\n\t\t\t\t<div class=\"reseaux\" style=\"    display: flex;   justify-content: flex-end;\"><\/div>\r\n\t\t\t\t\r\n\t\t\t<\/div>\r\n\t\t\t\r\n\t\t\t\r\n\t\t\t\t<div class=\"popin_exposant_documents\">\r\n\t\t\t\t\t<div class=\"titre_produits\">DOCUMENTS<\/div>\r\n\t\t\t\t<div class=\"flexdocument\">\r\n\t\t\t\t\t<div class=\"document_item\">\r\n\t\t\t\t\t<div><img src=\"\/wp-content\/uploads\/2023\/01\/note-2.svg\"><\/div>\r\n\t\t\t\t\t<div><a href=\"https:\/\/exposant.gl-events.com\/uploads\/documents\/0d07102ba8fb05c51cd5dbb2be416ca5.pdf\" target=\"_blank\">Catalogue g\u00e9n\u00e9ral VILLADEALE<\/a><\/div>\t\t\t\t\t\r\n\t\t\t\t\t<\/div>\t\r\n\t\t\t\t<\/div><\/div>\r\n\t\t\t\t<div class=\"popin_exposant_produits\">\r\n\t\t\t\t\t<div class=\"titre_produits\" style=\"padding-bottom:40px !important\">PRODUITS<\/div>\r\n\t\t\t\t\r\n\t\t\t\t\t\r\n\t\t\t\t\t<div class=\"produit_item\">\r\n\t\t\t\t\t<div class=\"col1\">\r\n\t\t\t\t\t\t<div class=\"produit_img\"><a href=\"https:\/\/exposant.gl-events.com\/uploads\/products\/7e9a89faf0ef016202d653a1cc948d38.jpg\" class=\"et_pb_lightbox_image\"><img src=\"https:\/\/exposant.gl-events.com\/uploads\/products\/7e9a89faf0ef016202d653a1cc948d38.jpg\"><\/a><\/div>\r\n\t\t\t\t\t<\/div>\r\n\t\t\t\t\t<div class=\"col2\">\r\n\t\t\t\t\t\t<div class=\"produit_titre\"><strong>Maisons individuelles<\/strong><\/div>\r\n\t\t\t\t\t\t<div class=\"produit_description\"><strong><\/strong><\/div>\r\n\t\t\t\t\t\t<div class=\"produit_liens\"><div><a class=\"arxproduitlien\" href=\"https:\/\/www.villadeale.fr\/\" target=\"_blank\">https:\/\/www.villadeale.fr\/<\/a><\/div><\/div>\r\n\t\t\t\t\t<\/div>\r\n\t\t\t\t\t<\/div>\r\n\t\t\t\t\t\r\n\t\t\t\t\t<div class=\"produit_item\">\r\n\t\t\t\t\t<div class=\"col1\">\r\n\t\t\t\t\t\t<div class=\"produit_img\"><a href=\"https:\/\/exposant.gl-events.com\/uploads\/products\/edacfe2fb10da968034e59d7dd93ee0c.jpg\" class=\"et_pb_lightbox_image\"><img src=\"https:\/\/exposant.gl-events.com\/uploads\/products\/edacfe2fb10da968034e59d7dd93ee0c.jpg\"><\/a><\/div>\r\n\t\t\t\t\t<\/div>\r\n\t\t\t\t\t<div class=\"col2\">\r\n\t\t\t\t\t\t<div class=\"produit_titre\"><strong>constructeur de maisons individuelles<\/strong><\/div>\r\n\t\t\t\t\t\t<div class=\"produit_description\"><strong>VILLADEALE, constructeur de maisons individuelles dans le grand ouest de la France dans les d\u00e9partements : 29, 14, 22, 27, 35, 37, 44, 49, 53, 56, 72 et 76.<\/strong><\/div>\r\n\t\t\t\t\t\t<div class=\"produit_liens\"><div><a class=\"arxproduitlien\" href=\"https:\/\/www.villadeale.fr\/\" target=\"_blank\">https:\/\/www.villadeale.fr\/<\/a><\/div><\/div>\r\n\t\t\t\t\t<\/div>\r\n\t\t\t\t\t<\/div>\t\r\n\t\t\t\t<\/div><\/div><\/div><\/div><div id=\" \"class=\"exposant_item_popin\" data-id=\"9058\">\r\n\t\t\t\t\t<div class=\"exposant_item_popin_content box_shadow\">\r\n\r\n\t\t\t\t\t<div class=\"close\" data-id=\"9058\"><\/div>\r\n\t\t\t\t\t<div class=\"exposant_item_popin_scrolled_content\">\t\t\t\t\t\r\n\t\t\t\t<div class=\"flexpopupligne1\">\r\n\t\t\t\t\t<div class=\"popin_exposant_logo\"><img class=\"photo\" src=\"\/arx-custom-img\/exposant-amenago-default.jpg\"><\/div>\r\n\t\t\t\t\t<div class=\"\"><p class=\"arx_titlte_exposantpopup\">MAY TOP BRETAGNE<\/p><p class=\"arx_popup_site\"><a href=\"http:\/\/www.maytop-renovation-escalier.com\" target=\"_blank\">www.maytop-renovation-escalier.com<\/a><\/p><p class=\"arx_stand_exposant_popup\">D26<\/p><\/div><div class=\"nomenclature\" style=\"font-family: AzoSansbold !important;  line-height: 38px !important;     color: #002350 !important;\"><span>#j'am\u00e9nage, j'agence et je d\u00e9core ma maison<\/span><\/div>\r\n\t\t\t<\/div>\r\n\t\t\t\t<div class=\"popin_exposant_adresse\" style=\"margin-top:25px\"><p class=\"arx_adresse_popup\"><img src=\"\/wp-content\/uploads\/2023\/01\/Vector-2.png\" style=\"margin-right:3px\"><strong>2 RUE LAVOISIER\r\nZI DU PRAT\n., 56000 - VANNES<\/strong><\/p><\/div>\r\n\t\t\t\t\r\n\t\t\t\t<div class=\"popin_exposant_content\"><p class=\"arx_expo_extrait\"><strong>R\u00e9novation d'escalier et porte int\u00e9rieure<\/strong><\/p><\/div>\r\n\t\t\t<div class=\"popin_exposant_resaux\">\r\n\t\t\t\t<div class=\"reseaux\" style=\"    display: flex;   justify-content: flex-end;\"><\/div>\r\n\t\t\t\t\r\n\t\t\t<\/div>\r\n\t\t\t\r\n\t\t\t<\/div><\/div><\/div><div id=\" \"class=\"exposant_item_popin\" data-id=\"9057\">\r\n\t\t\t\t\t<div class=\"exposant_item_popin_content box_shadow\">\r\n\r\n\t\t\t\t\t<div class=\"close\" data-id=\"9057\"><\/div>\r\n\t\t\t\t\t<div class=\"exposant_item_popin_scrolled_content\">\t\t\t\t\t\r\n\t\t\t\t<div class=\"flexpopupligne1\">\r\n\t\t\t\t\t<div class=\"popin_exposant_logo\"><img class=\"photo\" src=\"\/arx-custom-img\/exposant-amenago-default.jpg\"><\/div>\r\n\t\t\t\t\t<div class=\"\"><p class=\"arx_titlte_exposantpopup\">MENUIPRIX<\/p><p class=\"arx_popup_site\"><a href=\"http:\/\/menuiprix.fr\/\" target=\"_blank\">menuiprix.fr\/<\/a><\/p><p class=\"arx_stand_exposant_popup\">B28<\/p><\/div><div class=\"nomenclature\" style=\"font-family: AzoSansbold !important;  line-height: 38px !important;     color: #002350 !important;\"><span>#j'optimise les performances, je s\u00e9curise mon logement<\/span><\/div>\r\n\t\t\t<\/div>\r\n\t\t\t\t<div class=\"popin_exposant_adresse\" style=\"margin-top:25px\"><p class=\"arx_adresse_popup\"><img src=\"\/wp-content\/uploads\/2023\/01\/Vector-2.png\" style=\"margin-right:3px\"><strong>ZA DU MOURILLON\nRUE LAVOISIER, 56530 - QUEVEN<\/strong><\/p><\/div>\r\n\t\t\t\t\r\n\t\t\t\t<div class=\"popin_exposant_content\"><p class=\"arx_expo_extrait\"><strong>Fen\u00eatres, volets, porte d'entr\u00e9e, porte de garage, cl\u00f4tures et portails<\/strong><\/p><\/div>\r\n\t\t\t<div class=\"popin_exposant_resaux\">\r\n\t\t\t\t<div class=\"reseaux\" style=\"    display: flex;   justify-content: flex-end;\"><\/div>\r\n\t\t\t\t\r\n\t\t\t<\/div>\r\n\t\t\t\r\n\t\t\t<\/div><\/div><\/div><div id=\" \"class=\"exposant_item_popin\" data-id=\"10218\">\r\n\t\t\t\t\t<div class=\"exposant_item_popin_content box_shadow\">\r\n\r\n\t\t\t\t\t<div class=\"close\" data-id=\"10218\"><\/div>\r\n\t\t\t\t\t<div class=\"exposant_item_popin_scrolled_content\">\t\t\t\t\t\r\n\t\t\t\t<div class=\"flexpopupligne1\">\r\n\t\t\t\t\t<div class=\"popin_exposant_logo\"><img class=\"photo\" src=\"\/arx-custom-img\/exposant-amenago-default.jpg\"><\/div>\r\n\t\t\t\t\t<div class=\"\"><p class=\"arx_titlte_exposantpopup\">MENUIPRIX<\/p><p class=\"arx_popup_site\"><a href=\"http:\/\/menuiprix.fr\/\" target=\"_blank\">menuiprix.fr\/<\/a><\/p><p class=\"arx_stand_exposant_popup\">B28<\/p><\/div><div class=\"nomenclature\" style=\"font-family: AzoSansbold !important;  line-height: 38px !important;     color: #002350 !important;\"><span>#j'optimise les performances, je s\u00e9curise mon logement<\/span><\/div>\r\n\t\t\t<\/div>\r\n\t\t\t\t<div class=\"popin_exposant_adresse\" style=\"margin-top:25px\"><p class=\"arx_adresse_popup\"><img src=\"\/wp-content\/uploads\/2023\/01\/Vector-2.png\" style=\"margin-right:3px\"><strong>ZA DU MOURILLON\nRUE LAVOISIER, 56530 - QUEVEN<\/strong><\/p><\/div>\r\n\t\t\t\t\r\n\t\t\t\t<div class=\"popin_exposant_content\"><p class=\"arx_expo_extrait\"><strong>Fen\u00eatres, volets, porte d'entr\u00e9e, porte de garage, cl\u00f4tures et portails<\/strong><\/p><\/div>\r\n\t\t\t<div class=\"popin_exposant_resaux\">\r\n\t\t\t\t<div class=\"reseaux\" style=\"    display: flex;   justify-content: flex-end;\"><\/div>\r\n\t\t\t\t\r\n\t\t\t<\/div>\r\n\t\t\t\r\n\t\t\t<\/div><\/div><\/div><div id=\" \"class=\"exposant_item_popin\" data-id=\"10233\">\r\n\t\t\t\t\t<div class=\"exposant_item_popin_content box_shadow\">\r\n\r\n\t\t\t\t\t<div class=\"close\" data-id=\"10233\"><\/div>\r\n\t\t\t\t\t<div class=\"exposant_item_popin_scrolled_content\">\t\t\t\t\t\r\n\t\t\t\t<div class=\"flexpopupligne1\">\r\n\t\t\t\t\t<div class=\"popin_exposant_logo\"><img class=\"photo\" src=\"\/arx-custom-img\/exposant-amenago-default.jpg\"><\/div>\r\n\t\t\t\t\t<div class=\"\"><p class=\"arx_titlte_exposantpopup\">MEUBLES PELLAY TEMPUR<\/p><p class=\"arx_popup_site\"><a href=\"http:\/\/www.meubles-pellay-confort-meilars.fr\/\" target=\"_blank\">www.meubles-pellay-confort-meilars.fr\/<\/a><\/p><p class=\"arx_stand_exposant_popup\">D27<\/p><\/div><div class=\"nomenclature\" style=\"font-family: AzoSansbold !important;  line-height: 38px !important;     color: #002350 !important;\"><span>#j'am\u00e9nage, j'agence et je d\u00e9core ma maison<\/span><\/div>\r\n\t\t\t<\/div>\r\n\t\t\t\t<div class=\"popin_exposant_adresse\" style=\"margin-top:25px\"><p class=\"arx_adresse_popup\"><img src=\"\/wp-content\/uploads\/2023\/01\/Vector-2.png\" style=\"margin-right:3px\"><strong>280 rue Pen ar Bed, 29790 - CONFORT-MEILARS<\/strong><\/p><\/div>\r\n\t\t\t\t\r\n\t\t\t\t<div class=\"popin_exposant_content\"><p class=\"arx_expo_extrait\"><strong> <\/strong><\/p><\/div>\r\n\t\t\t<div class=\"popin_exposant_resaux\">\r\n\t\t\t\t<div class=\"reseaux\" style=\"    display: flex;   justify-content: flex-end;\"><\/div>\r\n\t\t\t\t\r\n\t\t\t<\/div>\r\n\t\t\t\r\n\t\t\t<\/div><\/div><\/div><div id=\" \"class=\"exposant_item_popin\" data-id=\"9065\">\r\n\t\t\t\t\t<div class=\"exposant_item_popin_content box_shadow\">\r\n\r\n\t\t\t\t\t<div class=\"close\" data-id=\"9065\"><\/div>\r\n\t\t\t\t\t<div class=\"exposant_item_popin_scrolled_content\">\t\t\t\t\t\r\n\t\t\t\t<div class=\"flexpopupligne1\">\r\n\t\t\t\t\t<div class=\"popin_exposant_logo\"><img class=\"photo\" src=\"\/arx-custom-img\/exposant-amenago-default.jpg\"><\/div>\r\n\t\t\t\t\t<div class=\"\"><p class=\"arx_titlte_exposantpopup\">MIROITERIE DE CORNOUAILLE<\/p><p class=\"arx_popup_site\"><a href=\"http:\/\/www.miroiteriedecornouaille-technal.fr\/\" target=\"_blank\">www.miroiteriedecornouaille-technal.fr\/<\/a><\/p><p class=\"arx_stand_exposant_popup\">B09<\/p><\/div><div class=\"nomenclature\" style=\"font-family: AzoSansbold !important;  line-height: 38px !important;     color: #002350 !important;\"><span>#j'optimise les performances, je s\u00e9curise mon logement<\/span><\/div>\r\n\t\t\t<\/div>\r\n\t\t\t\t<div class=\"popin_exposant_adresse\" style=\"margin-top:25px\"><p class=\"arx_adresse_popup\"><img src=\"\/wp-content\/uploads\/2023\/01\/Vector-2.png\" style=\"margin-right:3px\"><strong>4 RUE MARCEL PAUL\n4 RUE MARCEL PAUL\n., 29000 - QUIMPER CEDEX<\/strong><\/p><\/div>\r\n\t\t\t\t\r\n\t\t\t\t<div class=\"popin_exposant_content\"><p class=\"arx_expo_extrait\"><strong>Menuiserie en PVC<\/strong><\/p><\/div>\r\n\t\t\t<div class=\"popin_exposant_resaux\">\r\n\t\t\t\t<div class=\"reseaux\" style=\"    display: flex;   justify-content: flex-end;\"><\/div>\r\n\t\t\t\t\r\n\t\t\t<\/div>\r\n\t\t\t\r\n\t\t\t<\/div><\/div><\/div><div id=\" \"class=\"exposant_item_popin\" data-id=\"9040\">\r\n\t\t\t\t\t<div class=\"exposant_item_popin_content box_shadow\">\r\n\r\n\t\t\t\t\t<div class=\"close\" data-id=\"9040\"><\/div>\r\n\t\t\t\t\t<div class=\"exposant_item_popin_scrolled_content\">\t\t\t\t\t\r\n\t\t\t\t<div class=\"flexpopupligne1\">\r\n\t\t\t\t\t<div class=\"popin_exposant_logo\"><img class=\"photo\" src=\"\/arx-custom-img\/exposant-amenago-default.jpg\"><\/div>\r\n\t\t\t\t\t<div class=\"\"><p class=\"arx_titlte_exposantpopup\">MISTER TOITURE<\/p><p class=\"arx_popup_site\"><a href=\"http:\/\/mistertoiture.com\/agence\/mister-toiture-quimper\/?utm_source=google&utm_medium=gmb\" target=\"_blank\">mistertoiture.com\/agence\/mister-toiture-quimper\/?utm_source=google&utm_medium=gmb<\/a><\/p><p class=\"arx_stand_exposant_popup\">F15<\/p><\/div><div class=\"nomenclature\" style=\"font-family: AzoSansbold !important;  line-height: 38px !important;     color: #002350 !important;\"><span>#j'optimise les performances, je s\u00e9curise mon logement<\/span><\/div>\r\n\t\t\t<\/div>\r\n\t\t\t\t<div class=\"popin_exposant_adresse\" style=\"margin-top:25px\"><p class=\"arx_adresse_popup\"><img src=\"\/wp-content\/uploads\/2023\/01\/Vector-2.png\" style=\"margin-right:3px\"><strong>5 Rue NICOLAS-SADI CARNOT, 29170 - EVARZEC<\/strong><\/p><\/div>\r\n\t\t\t\t\r\n\t\t\t\t<div class=\"popin_exposant_content\"><p class=\"arx_expo_extrait\"><strong> <\/strong><\/p><\/div>\r\n\t\t\t<div class=\"popin_exposant_resaux\">\r\n\t\t\t\t<div class=\"reseaux\" style=\"    display: flex;   justify-content: flex-end;\"><\/div>\r\n\t\t\t\t\r\n\t\t\t<\/div>\r\n\t\t\t\r\n\t\t\t<\/div><\/div><\/div><div id=\" \"class=\"exposant_item_popin\" data-id=\"10196\">\r\n\t\t\t\t\t<div class=\"exposant_item_popin_content box_shadow\">\r\n\r\n\t\t\t\t\t<div class=\"close\" data-id=\"10196\"><\/div>\r\n\t\t\t\t\t<div class=\"exposant_item_popin_scrolled_content\">\t\t\t\t\t\r\n\t\t\t\t<div class=\"flexpopupligne1\">\r\n\t\t\t\t\t<div class=\"popin_exposant_logo\"><img class=\"photo\" src=\"\/arx-custom-img\/exposant-amenago-default.jpg\"><\/div>\r\n\t\t\t\t\t<div class=\"\"><p class=\"arx_titlte_exposantpopup\">MISTER TOITURE<\/p><p class=\"arx_popup_site\"><a href=\"http:\/\/mistertoiture.com\/agence\/mister-toiture-quimper\/?utm_source=google&utm_medium=gmb\" target=\"_blank\">mistertoiture.com\/agence\/mister-toiture-quimper\/?utm_source=google&utm_medium=gmb<\/a><\/p><p class=\"arx_stand_exposant_popup\">D34<\/p><\/div><div class=\"nomenclature\" style=\"font-family: AzoSansbold !important;  line-height: 38px !important;     color: #002350 !important;\"><span>#j'optimise les performances, je s\u00e9curise mon logement<\/span><\/div>\r\n\t\t\t<\/div>\r\n\t\t\t\t<div class=\"popin_exposant_adresse\" style=\"margin-top:25px\"><p class=\"arx_adresse_popup\"><img src=\"\/wp-content\/uploads\/2023\/01\/Vector-2.png\" style=\"margin-right:3px\"><strong>5 Rue NICOLAS-SADI CARNOT, 29170 - EVARZEC<\/strong><\/p><\/div>\r\n\t\t\t\t\r\n\t\t\t\t<div class=\"popin_exposant_content\"><p class=\"arx_expo_extrait\"><strong>Mister Toiture, c\u2019est une entreprise sp\u00e9cialis\u00e9e dans la r\u00e9novation de fa\u00e7ades, dans le nettoyage, l\u2019entretien, la peinture et le traitement de l\u2019humidit\u00e9<\/strong><\/p><\/div>\r\n\t\t\t<div class=\"popin_exposant_resaux\">\r\n\t\t\t\t<div class=\"reseaux\" style=\"    display: flex;   justify-content: flex-end;\"><\/div>\r\n\t\t\t\t\r\n\t\t\t<\/div>\r\n\t\t\t\r\n\t\t\t<\/div><\/div><\/div><div id=\" \"class=\"exposant_item_popin\" data-id=\"10246\">\r\n\t\t\t\t\t<div class=\"exposant_item_popin_content box_shadow\">\r\n\r\n\t\t\t\t\t<div class=\"close\" data-id=\"10246\"><\/div>\r\n\t\t\t\t\t<div class=\"exposant_item_popin_scrolled_content\">\t\t\t\t\t\r\n\t\t\t\t<div class=\"flexpopupligne1\">\r\n\t\t\t\t\t<div class=\"popin_exposant_logo\"><img class=\"photo\" src=\"\/arx-custom-img\/exposant-amenago-default.jpg\"><\/div>\r\n\t\t\t\t\t<div class=\"\"><p class=\"arx_titlte_exposantpopup\">MON PEINTRE EXPERT<\/p><p class=\"arx_popup_site\"><\/p><p class=\"arx_stand_exposant_popup\">A09<\/p><\/div><div class=\"nomenclature\" style=\"font-family: AzoSansbold !important;  line-height: 38px !important;     color: #002350 !important;\"><span>#j'optimise les performances, je s\u00e9curise mon logement<\/span><\/div>\r\n\t\t\t<\/div>\r\n\t\t\t\t<div class=\"popin_exposant_adresse\" style=\"margin-top:25px\"><p class=\"arx_adresse_popup\"><img src=\"\/wp-content\/uploads\/2023\/01\/Vector-2.png\" style=\"margin-right:3px\"><strong>16 all\u00e9e L\u00e9onard de Vinci ZA BOTQUELEN, 56610 - ARRADON<\/strong><\/p><\/div>\r\n\t\t\t\t\r\n\t\t\t\t<div class=\"popin_exposant_content\"><p class=\"arx_expo_extrait\"><strong>Votre sp\u00e9cialiste de la peinture sur menuiseries alu et PVC<\/strong><\/p><\/div>\r\n\t\t\t<div class=\"popin_exposant_resaux\">\r\n\t\t\t\t<div class=\"reseaux\" style=\"    display: flex;   justify-content: flex-end;\"><\/div>\r\n\t\t\t\t\r\n\t\t\t<\/div>\r\n\t\t\t\r\n\t\t\t<\/div><\/div><\/div><div id=\" \"class=\"exposant_item_popin\" data-id=\"9098\">\r\n\t\t\t\t\t<div class=\"exposant_item_popin_content box_shadow\">\r\n\r\n\t\t\t\t\t<div class=\"close\" data-id=\"9098\"><\/div>\r\n\t\t\t\t\t<div class=\"exposant_item_popin_scrolled_content\">\t\t\t\t\t\r\n\t\t\t\t<div class=\"flexpopupligne1\">\r\n\t\t\t\t\t<div class=\"popin_exposant_logo\"><img class=\"photo\" src=\"https:\/\/exposant.gl-events.com\/uploads\/company_booths\/logos\/0e62dfd9c52533c82c388a5d47ea9370.png\"><\/div>\r\n\t\t\t\t\t<div class=\"\"><p class=\"arx_titlte_exposantpopup\">MON PEINTRE EXPERT<\/p><p class=\"arx_popup_site\"><\/p><p class=\"arx_stand_exposant_popup\">A09<\/p><\/div><div class=\"nomenclature\" style=\"font-family: AzoSansbold !important;  line-height: 38px !important;     color: #002350 !important;\"><span>#j'optimise les performances, je s\u00e9curise mon logement<\/span><\/div>\r\n\t\t\t<\/div>\r\n\t\t\t\t<div class=\"popin_exposant_adresse\" style=\"margin-top:25px\"><p class=\"arx_adresse_popup\"><img src=\"\/wp-content\/uploads\/2023\/01\/Vector-2.png\" style=\"margin-right:3px\"><strong>16 all\u00e9e L\u00e9onard de Vinci ZA BOTQUELEN, 56610 - ARRADON<\/strong><\/p><\/div>\r\n\t\t\t\t\r\n\t\t\t\t<div class=\"popin_exposant_content\"><p class=\"arx_expo_extrait\"><strong>Votre sp\u00e9cialiste de la peinture sur menuiseries alu et PVC<\/strong><\/p><\/div>\r\n\t\t\t<div class=\"popin_exposant_resaux\">\r\n\t\t\t\t<div class=\"reseaux\" style=\"    display: flex;   justify-content: flex-end;\"><\/div>\r\n\t\t\t\t\r\n\t\t\t<\/div>\r\n\t\t\t\r\n\t\t\t<\/div><\/div><\/div><div id=\" \"class=\"exposant_item_popin\" data-id=\"9056\">\r\n\t\t\t\t\t<div class=\"exposant_item_popin_content box_shadow\">\r\n\r\n\t\t\t\t\t<div class=\"close\" data-id=\"9056\"><\/div>\r\n\t\t\t\t\t<div class=\"exposant_item_popin_scrolled_content\">\t\t\t\t\t\r\n\t\t\t\t<div class=\"flexpopupligne1\">\r\n\t\t\t\t\t<div class=\"popin_exposant_logo\"><img class=\"photo\" src=\"\/arx-custom-img\/exposant-amenago-default.jpg\"><\/div>\r\n\t\t\t\t\t<div class=\"\"><p class=\"arx_titlte_exposantpopup\">MORBIHANNAISE DES FERMETURES<\/p><p class=\"arx_popup_site\"><a href=\"http:\/\/www.mdfermetures.com\/page\/homepage\" target=\"_blank\">www.mdfermetures.com\/page\/homepage<\/a><\/p><p class=\"arx_stand_exposant_popup\">C21<\/p><\/div><div class=\"nomenclature\" style=\"font-family: AzoSansbold !important;  line-height: 38px !important;     color: #002350 !important;\"><span>#j'optimise les performances, je s\u00e9curise mon logement<\/span><\/div>\r\n\t\t\t<\/div>\r\n\t\t\t\t<div class=\"popin_exposant_adresse\" style=\"margin-top:25px\"><p class=\"arx_adresse_popup\"><img src=\"\/wp-content\/uploads\/2023\/01\/Vector-2.png\" style=\"margin-right:3px\"><strong>ZI DE LA POTERIE\nRUE DE LA POTERIE\n., 56440 - LANGUIDIC<\/strong><\/p><\/div>\r\n\t\t\t\t\r\n\t\t\t\t<div class=\"popin_exposant_content\"><p class=\"arx_expo_extrait\"><strong>Fen\u00eatres, volets, portes d'entr\u00e9e, portes de garage, cl\u00f4tures, portails<\/strong><\/p><\/div>\r\n\t\t\t<div class=\"popin_exposant_resaux\">\r\n\t\t\t\t<div class=\"reseaux\" style=\"    display: flex;   justify-content: flex-end;\"><\/div>\r\n\t\t\t\t\r\n\t\t\t<\/div>\r\n\t\t\t\r\n\t\t\t<\/div><\/div><\/div><div id=\" \"class=\"exposant_item_popin\" data-id=\"10247\">\r\n\t\t\t\t\t<div class=\"exposant_item_popin_content box_shadow\">\r\n\r\n\t\t\t\t\t<div class=\"close\" data-id=\"10247\"><\/div>\r\n\t\t\t\t\t<div class=\"exposant_item_popin_scrolled_content\">\t\t\t\t\t\r\n\t\t\t\t<div class=\"flexpopupligne1\">\r\n\t\t\t\t\t<div class=\"popin_exposant_logo\"><img class=\"photo\" src=\"\/arx-custom-img\/exposant-amenago-default.jpg\"><\/div>\r\n\t\t\t\t\t<div class=\"\"><p class=\"arx_titlte_exposantpopup\">Mr GRILLOT<\/p><p class=\"arx_popup_site\"><\/p><p class=\"arx_stand_exposant_popup\">F15<\/p><\/div><div class=\"nomenclature\" style=\"font-family: AzoSansbold !important;  line-height: 38px !important;     color: #002350 !important;\"><span>#j'optimise les performances, je s\u00e9curise mon logement<\/span><\/div>\r\n\t\t\t<\/div>\r\n\t\t\t\t<div class=\"popin_exposant_adresse\" style=\"margin-top:25px\"><p class=\"arx_adresse_popup\"><img src=\"\/wp-content\/uploads\/2023\/01\/Vector-2.png\" style=\"margin-right:3px\"><strong>LE BOURG, 29500 - ERGUE GABERIC<\/strong><\/p><\/div>\r\n\t\t\t\t\r\n\t\t\t\t<div class=\"popin_exposant_content\"><p class=\"arx_expo_extrait\"><strong> <\/strong><\/p><\/div>\r\n\t\t\t<div class=\"popin_exposant_resaux\">\r\n\t\t\t\t<div class=\"reseaux\" style=\"    display: flex;   justify-content: flex-end;\"><\/div>\r\n\t\t\t\t\r\n\t\t\t<\/div>\r\n\t\t\t\r\n\t\t\t<\/div><\/div><\/div><div id=\" \"class=\"exposant_item_popin\" data-id=\"9031\">\r\n\t\t\t\t\t<div class=\"exposant_item_popin_content box_shadow\">\r\n\r\n\t\t\t\t\t<div class=\"close\" data-id=\"9031\"><\/div>\r\n\t\t\t\t\t<div class=\"exposant_item_popin_scrolled_content\">\t\t\t\t\t\r\n\t\t\t\t<div class=\"flexpopupligne1\">\r\n\t\t\t\t\t<div class=\"popin_exposant_logo\"><img class=\"photo\" src=\"\/arx-custom-img\/exposant-amenago-default.jpg\"><\/div>\r\n\t\t\t\t\t<div class=\"\"><p class=\"arx_titlte_exposantpopup\">MURPROTEC<\/p><p class=\"arx_popup_site\"><a href=\"http:\/\/www.murprotec.fr\/?utm_source=adwords&utm_campaign=[fr]%20[brand]%20murprotec&gclid=eaiaiqobc\" target=\"_blank\">www.murprotec.fr\/?utm_source=adwords&utm_campaign=[fr]%20[brand]%20murprotec&gclid=eaiaiqobc<\/a><\/p><p class=\"arx_stand_exposant_popup\">C06<\/p><\/div><div class=\"nomenclature\" style=\"font-family: AzoSansbold !important;  line-height: 38px !important;     color: #002350 !important;\"><span>#j'optimise les performances, je s\u00e9curise mon logement<\/span><\/div>\r\n\t\t\t<\/div>\r\n\t\t\t\t<div class=\"popin_exposant_adresse\" style=\"margin-top:25px\"><p class=\"arx_adresse_popup\"><img src=\"\/wp-content\/uploads\/2023\/01\/Vector-2.png\" style=\"margin-right:3px\"><strong>18 RUE HENRI BECQUEREL, 29490 - GUIPAVAS<\/strong><\/p><\/div>\r\n\t\t\t\t\r\n\t\t\t\t<div class=\"popin_exposant_content\"><p class=\"arx_expo_extrait\"><strong>Traitements d\u00e9finitifs contre l'humidit\u00e9 et la pollution de l'air int\u00e9rieur<\/strong><\/p><\/div>\r\n\t\t\t<div class=\"popin_exposant_resaux\">\r\n\t\t\t\t<div class=\"reseaux\" style=\"    display: flex;   justify-content: flex-end;\"><\/div>\r\n\t\t\t\t\r\n\t\t\t<\/div>\r\n\t\t\t\r\n\t\t\t<\/div><\/div><\/div><div id=\" \"class=\"exposant_item_popin\" data-id=\"10221\">\r\n\t\t\t\t\t<div class=\"exposant_item_popin_content box_shadow\">\r\n\r\n\t\t\t\t\t<div class=\"close\" data-id=\"10221\"><\/div>\r\n\t\t\t\t\t<div class=\"exposant_item_popin_scrolled_content\">\t\t\t\t\t\r\n\t\t\t\t<div class=\"flexpopupligne1\">\r\n\t\t\t\t\t<div class=\"popin_exposant_logo\"><img class=\"photo\" src=\"\/arx-custom-img\/exposant-amenago-default.jpg\"><\/div>\r\n\t\t\t\t\t<div class=\"\"><p class=\"arx_titlte_exposantpopup\">MURPROTEC<\/p><p class=\"arx_popup_site\"><a href=\"http:\/\/www.murprotec.fr\/?utm_source=adwords&utm_campaign=[fr]%20[brand]%20murprotec&gclid=eaiaiqobchmi_vk-o4lc_givr7tvch3zkqkceaayasaaeglycvd_bwe\" target=\"_blank\">www.murprotec.fr\/?utm_source=adwords&utm_campaign=[fr]%20[brand]%20murprotec&gclid=eaiaiqobchmi_vk-o4lc_givr7tvch3zkqkceaayasaaeglycvd_bwe<\/a><\/p><p class=\"arx_stand_exposant_popup\">C06<\/p><\/div><div class=\"nomenclature\" style=\"font-family: AzoSansbold !important;  line-height: 38px !important;     color: #002350 !important;\"><span>#j'optimise les performances, je s\u00e9curise mon logement<\/span><\/div>\r\n\t\t\t<\/div>\r\n\t\t\t\t<div class=\"popin_exposant_adresse\" style=\"margin-top:25px\"><p class=\"arx_adresse_popup\"><img src=\"\/wp-content\/uploads\/2023\/01\/Vector-2.png\" style=\"margin-right:3px\"><strong>18 RUE HENRI BECQUEREL, 29490 - GUIPAVAS<\/strong><\/p><\/div>\r\n\t\t\t\t\r\n\t\t\t\t<div class=\"popin_exposant_content\"><p class=\"arx_expo_extrait\"><strong>Traitements d\u00e9finitifs contre l'humidit\u00e9 et la pollution de l'air int\u00e9rieur<\/strong><\/p><\/div>\r\n\t\t\t<div class=\"popin_exposant_resaux\">\r\n\t\t\t\t<div class=\"reseaux\" style=\"    display: flex;   justify-content: flex-end;\"><\/div>\r\n\t\t\t\t\r\n\t\t\t<\/div>\r\n\t\t\t\r\n\t\t\t<\/div><\/div><\/div><div id=\" \"class=\"exposant_item_popin\" data-id=\"8989\">\r\n\t\t\t\t\t<div class=\"exposant_item_popin_content box_shadow\">\r\n\r\n\t\t\t\t\t<div class=\"close\" data-id=\"8989\"><\/div>\r\n\t\t\t\t\t<div class=\"exposant_item_popin_scrolled_content\">\t\t\t\t\t\r\n\t\t\t\t<div class=\"flexpopupligne1\">\r\n\t\t\t\t\t<div class=\"popin_exposant_logo\"><img class=\"photo\" src=\"\/arx-custom-img\/exposant-amenago-default.jpg\"><\/div>\r\n\t\t\t\t\t<div class=\"\"><p class=\"arx_titlte_exposantpopup\">NATIBOX<\/p><p class=\"arx_popup_site\"><a href=\"http:\/\/www.natibox.fr\/agences\/natibox-quimper\/\" target=\"_blank\">www.natibox.fr\/agences\/natibox-quimper\/<\/a><\/p><p class=\"arx_stand_exposant_popup\">EXT05<\/p><\/div><div class=\"nomenclature\" style=\"font-family: AzoSansbold !important;  line-height: 38px !important;     color: #002350 !important;\"><span>#j'am\u00e9nage mon jardin, ma terrasse, mon balcon<\/span><\/div>\r\n\t\t\t<\/div>\r\n\t\t\t\t<div class=\"popin_exposant_adresse\" style=\"margin-top:25px\"><p class=\"arx_adresse_popup\"><img src=\"\/wp-content\/uploads\/2023\/01\/Vector-2.png\" style=\"margin-right:3px\"><strong>29 chemin de k\u00e9r\u00e9quellou, 29000 - QUIMPER<\/strong><\/p><\/div>\r\n\t\t\t\t\r\n\t\t\t\t<div class=\"popin_exposant_content\"><p class=\"arx_expo_extrait\"><strong>Studios de jardin<\/strong><\/p><\/div>\r\n\t\t\t<div class=\"popin_exposant_resaux\">\r\n\t\t\t\t<div class=\"reseaux\" style=\"    display: flex;   justify-content: flex-end;\"><\/div>\r\n\t\t\t\t\r\n\t\t\t<\/div>\r\n\t\t\t\r\n\t\t\t<\/div><\/div><\/div><div id=\" \"class=\"exposant_item_popin\" data-id=\"8972\">\r\n\t\t\t\t\t<div class=\"exposant_item_popin_content box_shadow\">\r\n\r\n\t\t\t\t\t<div class=\"close\" data-id=\"8972\"><\/div>\r\n\t\t\t\t\t<div class=\"exposant_item_popin_scrolled_content\">\t\t\t\t\t\r\n\t\t\t\t<div class=\"flexpopupligne1\">\r\n\t\t\t\t\t<div class=\"popin_exposant_logo\"><img class=\"photo\" src=\"\/arx-custom-img\/exposant-amenago-default.jpg\"><\/div>\r\n\t\t\t\t\t<div class=\"\"><p class=\"arx_titlte_exposantpopup\">NATURE ENERGIES<\/p><p class=\"arx_popup_site\"><a href=\"http:\/\/nature-energies.fr\/\" target=\"_blank\">nature-energies.fr\/<\/a><\/p><p class=\"arx_stand_exposant_popup\">A32<\/p><\/div><div class=\"nomenclature\" style=\"font-family: AzoSansbold !important;  line-height: 38px !important;     color: #002350 !important;\"><span>#j'optimise les performances, je s\u00e9curise mon logement<\/span><\/div>\r\n\t\t\t<\/div>\r\n\t\t\t\t<div class=\"popin_exposant_adresse\" style=\"margin-top:25px\"><p class=\"arx_adresse_popup\"><img src=\"\/wp-content\/uploads\/2023\/01\/Vector-2.png\" style=\"margin-right:3px\"><strong>ZA de Tr\u00e9huinec\n2 Rue Andr\u00e9 Amp\u00e8re, 56890 - PLESCOP<\/strong><\/p><\/div>\r\n\t\t\t\t\r\n\t\t\t\t<div class=\"popin_exposant_content\"><p class=\"arx_expo_extrait\"><strong> <\/strong><\/p><\/div>\r\n\t\t\t<div class=\"popin_exposant_resaux\">\r\n\t\t\t\t<div class=\"reseaux\" style=\"    display: flex;   justify-content: flex-end;\"><\/div>\r\n\t\t\t\t\r\n\t\t\t<\/div>\r\n\t\t\t\r\n\t\t\t<\/div><\/div><\/div><div id=\" \"class=\"exposant_item_popin\" data-id=\"9077\">\r\n\t\t\t\t\t<div class=\"exposant_item_popin_content box_shadow\">\r\n\r\n\t\t\t\t\t<div class=\"close\" data-id=\"9077\"><\/div>\r\n\t\t\t\t\t<div class=\"exposant_item_popin_scrolled_content\">\t\t\t\t\t\r\n\t\t\t\t<div class=\"flexpopupligne1\">\r\n\t\t\t\t\t<div class=\"popin_exposant_logo\"><img class=\"photo\" src=\"\/arx-custom-img\/exposant-amenago-default.jpg\"><\/div>\r\n\t\t\t\t\t<div class=\"\"><p class=\"arx_titlte_exposantpopup\">NEXITY<\/p><p class=\"arx_popup_site\"><a href=\"http:\/\/www.nexity.fr\/\" target=\"_blank\">www.nexity.fr\/<\/a><\/p><p class=\"arx_stand_exposant_popup\">C02<\/p><\/div><div class=\"nomenclature\" style=\"font-family: AzoSansbold !important;  line-height: 38px !important;     color: #002350 !important;\"><span>#je pr\u00e9pare mon projet immobilier<\/span><\/div>\r\n\t\t\t<\/div>\r\n\t\t\t\t<div class=\"popin_exposant_adresse\" style=\"margin-top:25px\"><p class=\"arx_adresse_popup\"><img src=\"\/wp-content\/uploads\/2023\/01\/Vector-2.png\" style=\"margin-right:3px\"><strong>14 RUE DE LA PETITE SENSIVE, 44300 - NANTES<\/strong><\/p><\/div>\r\n\t\t\t\t\r\n\t\t\t\t<div class=\"popin_exposant_content\"><p class=\"arx_expo_extrait\"><strong>Nexity, promoteur immobilier neuf n\u00b01 en France<\/strong><\/p><\/div>\r\n\t\t\t<div class=\"popin_exposant_resaux\">\r\n\t\t\t\t<div class=\"reseaux\" style=\"    display: flex;   justify-content: flex-end;\"><\/div>\r\n\t\t\t\t\r\n\t\t\t<\/div>\r\n\t\t\t\r\n\t\t\t<\/div><\/div><\/div><div id=\" \"class=\"exposant_item_popin\" data-id=\"10213\">\r\n\t\t\t\t\t<div class=\"exposant_item_popin_content box_shadow\">\r\n\r\n\t\t\t\t\t<div class=\"close\" data-id=\"10213\"><\/div>\r\n\t\t\t\t\t<div class=\"exposant_item_popin_scrolled_content\">\t\t\t\t\t\r\n\t\t\t\t<div class=\"flexpopupligne1\">\r\n\t\t\t\t\t<div class=\"popin_exposant_logo\"><img class=\"photo\" src=\"https:\/\/exposant.gl-events.com\/uploads\/company_booths\/logos\/e3c0ef704163a9e3a1c43e876d1875c8.png\"><\/div>\r\n\t\t\t\t\t<div class=\"\"><p class=\"arx_titlte_exposantpopup\">NEXITY<\/p><p class=\"arx_popup_site\"><a href=\"http:\/\/www.nexity.fr\/\" target=\"_blank\">www.nexity.fr\/<\/a><\/p><p class=\"arx_stand_exposant_popup\">D22<\/p><\/div><div class=\"nomenclature\" style=\"font-family: AzoSansbold !important;  line-height: 38px !important;     color: #002350 !important;\"><span>#je pr\u00e9pare mon projet immobilier<\/span><\/div>\r\n\t\t\t<\/div>\r\n\t\t\t\t<div class=\"popin_exposant_adresse\" style=\"margin-top:25px\"><p class=\"arx_adresse_popup\"><img src=\"\/wp-content\/uploads\/2023\/01\/Vector-2.png\" style=\"margin-right:3px\"><strong>14 RUE DE LA PETITE SENSIVE, 44300 - NANTES<\/strong><\/p><\/div>\r\n\t\t\t\t\r\n\t\t\t\t<div class=\"popin_exposant_content\"><p class=\"arx_expo_extrait\"><strong>Nexity, promoteur immobilier neuf n\u00b01 en France<\/strong><\/p><\/div>\r\n\t\t\t<div class=\"popin_exposant_resaux\">\r\n\t\t\t\t<div class=\"reseaux\" style=\"    display: flex;   justify-content: flex-end;\"><\/div>\r\n\t\t\t\t\r\n\t\t\t<\/div>\r\n\t\t\t\r\n\t\t\t<\/div><\/div><\/div><div id=\" \"class=\"exposant_item_popin\" data-id=\"9079\">\r\n\t\t\t\t\t<div class=\"exposant_item_popin_content box_shadow\">\r\n\r\n\t\t\t\t\t<div class=\"close\" data-id=\"9079\"><\/div>\r\n\t\t\t\t\t<div class=\"exposant_item_popin_scrolled_content\">\t\t\t\t\t\r\n\t\t\t\t<div class=\"flexpopupligne1\">\r\n\t\t\t\t\t<div class=\"popin_exposant_logo\"><img class=\"photo\" src=\"\/arx-custom-img\/exposant-amenago-default.jpg\"><\/div>\r\n\t\t\t\t\t<div class=\"\"><p class=\"arx_titlte_exposantpopup\">NOLWENN SUILS PORTE<\/p><p class=\"arx_popup_site\"><a href=\"http:\/\/www.nolwennsuilsporte.com\/\" target=\"_blank\">www.nolwennsuilsporte.com\/<\/a><\/p><p class=\"arx_stand_exposant_popup\">E02<\/p><\/div><div class=\"nomenclature\" style=\"font-family: AzoSansbold !important;  line-height: 38px !important;     color: #002350 !important;\"><span>#j'am\u00e9nage, j'agence et je d\u00e9core ma maison<\/span><\/div>\r\n\t\t\t<\/div>\r\n\t\t\t\t<div class=\"popin_exposant_adresse\" style=\"margin-top:25px\"><p class=\"arx_adresse_popup\"><img src=\"\/wp-content\/uploads\/2023\/01\/Vector-2.png\" style=\"margin-right:3px\"><strong>67 rue de TREGUNC, 29900 - CONCARNEAU<\/strong><\/p><\/div>\r\n\t\t\t\t\r\n\t\t\t\t<div class=\"popin_exposant_content\"><p class=\"arx_expo_extrait\"><strong>Architecte d'int\u00e9rieur<\/strong><\/p><\/div>\r\n\t\t\t<div class=\"popin_exposant_resaux\">\r\n\t\t\t\t<div class=\"reseaux\" style=\"    display: flex;   justify-content: flex-end;\"><\/div>\r\n\t\t\t\t\r\n\t\t\t<\/div>\r\n\t\t\t\r\n\t\t\t<\/div><\/div><\/div><div id=\" \"class=\"exposant_item_popin\" data-id=\"8999\">\r\n\t\t\t\t\t<div class=\"exposant_item_popin_content box_shadow\">\r\n\r\n\t\t\t\t\t<div class=\"close\" data-id=\"8999\"><\/div>\r\n\t\t\t\t\t<div class=\"exposant_item_popin_scrolled_content\">\t\t\t\t\t\r\n\t\t\t\t<div class=\"flexpopupligne1\">\r\n\t\t\t\t\t<div class=\"popin_exposant_logo\"><img class=\"photo\" src=\"https:\/\/exposant.gl-events.com\/uploads\/company_booths\/logos\/38aab9ad2f635113997233fe4a4862fc.jpg\"><\/div>\r\n\t\t\t\t\t<div class=\"\"><p class=\"arx_titlte_exposantpopup\">NOTAIRES<\/p><p class=\"arx_popup_site\"><a href=\"http:\/\/www.notaireetbreton.bzh\/\" target=\"_blank\">www.notaireetbreton.bzh\/<\/a><\/p><p class=\"arx_stand_exposant_popup\">C13<\/p><\/div><div class=\"nomenclature\" style=\"font-family: AzoSansbold !important;  line-height: 38px !important;     color: #002350 !important;\"><span>#je pr\u00e9pare mon projet immobilier<\/span><\/div>\r\n\t\t\t<\/div>\r\n\t\t\t\t<div class=\"popin_exposant_adresse\" style=\"margin-top:25px\"><p class=\"arx_adresse_popup\"><img src=\"\/wp-content\/uploads\/2023\/01\/Vector-2.png\" style=\"margin-right:3px\"><strong>2 MAIL ANNE CATHERINE, 35043 - RENNES<\/strong><\/p><\/div>\r\n\t\t\t\t\r\n\t\t\t\t<div class=\"popin_exposant_content\"><p class=\"arx_expo_extrait\"><strong>Investir dans l'immobilier, Faites les bons choix !\r\nles clefs pour r\u00e9ussir son investissement, Vendre un bien immobilier, au meilleur prix et en toute s\u00e9curit\u00e9, \r\n\r\nLes notaires vous accompagnent,  rendez-vous sur l'espace NOTAIRE&amp;BRETON<\/strong><\/p><\/div>\r\n\t\t\t<div class=\"popin_exposant_resaux\">\r\n\t\t\t\t<div class=\"reseaux\" style=\"    display: flex;   justify-content: flex-end;\"><\/div>\r\n\t\t\t\t\r\n\t\t\t<\/div>\r\n\t\t\t\r\n\t\t\t<\/div><\/div><\/div><div id=\" \"class=\"exposant_item_popin\" data-id=\"9004\">\r\n\t\t\t\t\t<div class=\"exposant_item_popin_content box_shadow\">\r\n\r\n\t\t\t\t\t<div class=\"close\" data-id=\"9004\"><\/div>\r\n\t\t\t\t\t<div class=\"exposant_item_popin_scrolled_content\">\t\t\t\t\t\r\n\t\t\t\t<div class=\"flexpopupligne1\">\r\n\t\t\t\t\t<div class=\"popin_exposant_logo\"><img class=\"photo\" src=\"\/arx-custom-img\/exposant-amenago-default.jpg\"><\/div>\r\n\t\t\t\t\t<div class=\"\"><p class=\"arx_titlte_exposantpopup\">NUANCES UNIKALO<\/p><p class=\"arx_popup_site\"><a href=\"http:\/\/www.unikalo.com\" target=\"_blank\">www.unikalo.com<\/a><\/p><p class=\"arx_stand_exposant_popup\">G17<\/p><\/div><div class=\"nomenclature\" style=\"font-family: AzoSansbold !important;  line-height: 38px !important;     color: #002350 !important;\"><span>#j'am\u00e9nage, j'agence et je d\u00e9core ma maison<\/span><\/div>\r\n\t\t\t<\/div>\r\n\t\t\t\t<div class=\"popin_exposant_adresse\" style=\"margin-top:25px\"><p class=\"arx_adresse_popup\"><img src=\"\/wp-content\/uploads\/2023\/01\/Vector-2.png\" style=\"margin-right:3px\"><strong>11 Avenue de Ti Douar, 29000 - QUIMPER<\/strong><\/p><\/div>\r\n\t\t\t\t\r\n\t\t\t\t<div class=\"popin_exposant_content\"><p class=\"arx_expo_extrait\"><strong>Peintures, rev\u00eatement sols et murs, papier peints, moquettes, mat\u00e9riel et outillage.<\/strong><\/p><\/div>\r\n\t\t\t<div class=\"popin_exposant_resaux\">\r\n\t\t\t\t<div class=\"reseaux\" style=\"    display: flex;   justify-content: flex-end;\"><\/div>\r\n\t\t\t\t\r\n\t\t\t<\/div>\r\n\t\t\t\r\n\t\t\t<\/div><\/div><\/div><div id=\" \"class=\"exposant_item_popin\" data-id=\"9090\">\r\n\t\t\t\t\t<div class=\"exposant_item_popin_content box_shadow\">\r\n\r\n\t\t\t\t\t<div class=\"close\" data-id=\"9090\"><\/div>\r\n\t\t\t\t\t<div class=\"exposant_item_popin_scrolled_content\">\t\t\t\t\t\r\n\t\t\t\t<div class=\"flexpopupligne1\">\r\n\t\t\t\t\t<div class=\"popin_exposant_logo\"><img class=\"photo\" src=\"\/arx-custom-img\/exposant-amenago-default.jpg\"><\/div>\r\n\t\t\t\t\t<div class=\"\"><p class=\"arx_titlte_exposantpopup\">O FUT CHIC<\/p><p class=\"arx_popup_site\"><a href=\"http:\/\/www.facebook.com\/ofutchic\/\" target=\"_blank\">www.facebook.com\/ofutchic\/<\/a><\/p><p class=\"arx_stand_exposant_popup\">G14<\/p><\/div><div class=\"nomenclature\" style=\"font-family: AzoSansbold !important;  line-height: 38px !important;     color: #002350 !important;\"><span>#j'am\u00e9nage, j'agence et je d\u00e9core ma maison<\/span><\/div>\r\n\t\t\t<\/div>\r\n\t\t\t\t<div class=\"popin_exposant_adresse\" style=\"margin-top:25px\"><p class=\"arx_adresse_popup\"><img src=\"\/wp-content\/uploads\/2023\/01\/Vector-2.png\" style=\"margin-right:3px\"><strong>14 ZI  des victoires, 49220 - ERDRE EN ANJOU<\/strong><\/p><\/div>\r\n\t\t\t\t\r\n\t\t\t\t<div class=\"popin_exposant_content\"><p class=\"arx_expo_extrait\"><strong>C\u2019est l\u2019histoire de f\u00fbts d\u2019huile r\u00e9cup\u00e9r\u00e9s apr\u00e8s de bons et loyaux services. Entre mes mains, ils deviennent des fauteuils et de beaux objets de d\u00e9coration, originaux et confortables !\n<\/strong><\/p><\/div>\r\n\t\t\t<div class=\"popin_exposant_resaux\">\r\n\t\t\t\t<div class=\"reseaux\" style=\"    display: flex;   justify-content: flex-end;\"><\/div>\r\n\t\t\t\t\r\n\t\t\t<\/div>\r\n\t\t\t\r\n\t\t\t<\/div><\/div><\/div><div id=\" \"class=\"exposant_item_popin\" data-id=\"8970\">\r\n\t\t\t\t\t<div class=\"exposant_item_popin_content box_shadow\">\r\n\r\n\t\t\t\t\t<div class=\"close\" data-id=\"8970\"><\/div>\r\n\t\t\t\t\t<div class=\"exposant_item_popin_scrolled_content\">\t\t\t\t\t\r\n\t\t\t\t<div class=\"flexpopupligne1\">\r\n\t\t\t\t\t<div class=\"popin_exposant_logo\"><img class=\"photo\" src=\"\/arx-custom-img\/exposant-amenago-default.jpg\"><\/div>\r\n\t\t\t\t\t<div class=\"\"><p class=\"arx_titlte_exposantpopup\">OUEST ECO LOGIS<\/p><p class=\"arx_popup_site\"><a href=\"http:\/\/www.ouest-eco-logis.fr\/\" target=\"_blank\">www.ouest-eco-logis.fr\/<\/a><\/p><p class=\"arx_stand_exposant_popup\">A30<\/p><\/div><div class=\"nomenclature\" style=\"font-family: AzoSansbold !important;  line-height: 38px !important;     color: #002350 !important;\"><span>#j'optimise les performances, je s\u00e9curise mon logement<\/span><\/div>\r\n\t\t\t<\/div>\r\n\t\t\t\t<div class=\"popin_exposant_adresse\" style=\"margin-top:25px\"><p class=\"arx_adresse_popup\"><img src=\"\/wp-content\/uploads\/2023\/01\/Vector-2.png\" style=\"margin-right:3px\"><strong>ZA DE PEN AR FOREST\nPEN AR FOREST\n., 29860 - KERSAINT-PLABENNEC<\/strong><\/p><\/div>\r\n\t\t\t\t\r\n\t\t\t\t<div class=\"popin_exposant_content\"><p class=\"arx_expo_extrait\"><strong>Isolation par l'ext\u00e9rieur, mise en oeuvre de la v\u00eature UNISO<\/strong><\/p><\/div>\r\n\t\t\t<div class=\"popin_exposant_resaux\">\r\n\t\t\t\t<div class=\"reseaux\" style=\"    display: flex;   justify-content: flex-end;\"><\/div>\r\n\t\t\t\t\r\n\t\t\t<\/div>\r\n\t\t\t\r\n\t\t\t<\/div><\/div><\/div><div id=\" \"class=\"exposant_item_popin\" data-id=\"10224\">\r\n\t\t\t\t\t<div class=\"exposant_item_popin_content box_shadow\">\r\n\r\n\t\t\t\t\t<div class=\"close\" data-id=\"10224\"><\/div>\r\n\t\t\t\t\t<div class=\"exposant_item_popin_scrolled_content\">\t\t\t\t\t\r\n\t\t\t\t<div class=\"flexpopupligne1\">\r\n\t\t\t\t\t<div class=\"popin_exposant_logo\"><img class=\"photo\" src=\"\/arx-custom-img\/exposant-amenago-default.jpg\"><\/div>\r\n\t\t\t\t\t<div class=\"\"><p class=\"arx_titlte_exposantpopup\">OUEST ECO LOGIS<\/p><p class=\"arx_popup_site\"><a href=\"http:\/\/www.ouest-eco-logis.fr\/\" target=\"_blank\">www.ouest-eco-logis.fr\/<\/a><\/p><p class=\"arx_stand_exposant_popup\">A30<\/p><\/div><div class=\"nomenclature\" style=\"font-family: AzoSansbold !important;  line-height: 38px !important;     color: #002350 !important;\"><span>#j'optimise les performances, je s\u00e9curise mon logement<\/span><\/div>\r\n\t\t\t<\/div>\r\n\t\t\t\t<div class=\"popin_exposant_adresse\" style=\"margin-top:25px\"><p class=\"arx_adresse_popup\"><img src=\"\/wp-content\/uploads\/2023\/01\/Vector-2.png\" style=\"margin-right:3px\"><strong>ZA DE PEN AR FOREST\nPEN AR FOREST\n., 29860 - KERSAINT-PLABENNEC<\/strong><\/p><\/div>\r\n\t\t\t\t\r\n\t\t\t\t<div class=\"popin_exposant_content\"><p class=\"arx_expo_extrait\"><strong>Isolation par l'ext\u00e9rieur, mise en oeuvre de la v\u00eature UNISO<\/strong><\/p><\/div>\r\n\t\t\t<div class=\"popin_exposant_resaux\">\r\n\t\t\t\t<div class=\"reseaux\" style=\"    display: flex;   justify-content: flex-end;\"><\/div>\r\n\t\t\t\t\r\n\t\t\t<\/div>\r\n\t\t\t\r\n\t\t\t<\/div><\/div><\/div><div id=\" \"class=\"exposant_item_popin\" data-id=\"9022\">\r\n\t\t\t\t\t<div class=\"exposant_item_popin_content box_shadow\">\r\n\r\n\t\t\t\t\t<div class=\"close\" data-id=\"9022\"><\/div>\r\n\t\t\t\t\t<div class=\"exposant_item_popin_scrolled_content\">\t\t\t\t\t\r\n\t\t\t\t<div class=\"flexpopupligne1\">\r\n\t\t\t\t\t<div class=\"popin_exposant_logo\"><img class=\"photo\" src=\"\/arx-custom-img\/exposant-amenago-default.jpg\"><\/div>\r\n\t\t\t\t\t<div class=\"\"><p class=\"arx_titlte_exposantpopup\">OUEST ENERGIE<\/p><p class=\"arx_popup_site\"><a href=\"http:\/\/www.isolation-bretagne.fr\/\" target=\"_blank\">www.isolation-bretagne.fr\/<\/a><\/p><p class=\"arx_stand_exposant_popup\">B30<\/p><\/div><div class=\"nomenclature\" style=\"font-family: AzoSansbold !important;  line-height: 38px !important;     color: #002350 !important;\"><span>#j'optimise les performances, je s\u00e9curise mon logement<\/span><\/div>\r\n\t\t\t<\/div>\r\n\t\t\t\t<div class=\"popin_exposant_adresse\" style=\"margin-top:25px\"><p class=\"arx_adresse_popup\"><img src=\"\/wp-content\/uploads\/2023\/01\/Vector-2.png\" style=\"margin-right:3px\"><strong>ZA KERAMPAOU\r\nKEROUEZ ROUMICA\n., 29140 - MELGVEN<\/strong><\/p><\/div>\r\n\t\t\t\t\r\n\t\t\t\t<div class=\"popin_exposant_content\"><p class=\"arx_expo_extrait\"><strong>Isolation des combles, des sous-sols, des murs int\u00e9rieurs et ext\u00e9rieurs<\/strong><\/p><\/div>\r\n\t\t\t<div class=\"popin_exposant_resaux\">\r\n\t\t\t\t<div class=\"reseaux\" style=\"    display: flex;   justify-content: flex-end;\"><\/div>\r\n\t\t\t\t\r\n\t\t\t<\/div>\r\n\t\t\t\r\n\t\t\t<\/div><\/div><\/div><div id=\" \"class=\"exposant_item_popin\" data-id=\"10171\">\r\n\t\t\t\t\t<div class=\"exposant_item_popin_content box_shadow\">\r\n\r\n\t\t\t\t\t<div class=\"close\" data-id=\"10171\"><\/div>\r\n\t\t\t\t\t<div class=\"exposant_item_popin_scrolled_content\">\t\t\t\t\t\r\n\t\t\t\t<div class=\"flexpopupligne1\">\r\n\t\t\t\t\t<div class=\"popin_exposant_logo\"><img class=\"photo\" src=\"\/arx-custom-img\/exposant-amenago-default.jpg\"><\/div>\r\n\t\t\t\t\t<div class=\"\"><p class=\"arx_titlte_exposantpopup\">OUEST ENERGIE<\/p><p class=\"arx_popup_site\"><a href=\"http:\/\/www.isolation-bretagne.fr\/\" target=\"_blank\">www.isolation-bretagne.fr\/<\/a><\/p><p class=\"arx_stand_exposant_popup\">C30<\/p><\/div><div class=\"nomenclature\" style=\"font-family: AzoSansbold !important;  line-height: 38px !important;     color: #002350 !important;\"><span>#j'optimise les performances, je s\u00e9curise mon logement<\/span><\/div>\r\n\t\t\t<\/div>\r\n\t\t\t\t<div class=\"popin_exposant_adresse\" style=\"margin-top:25px\"><p class=\"arx_adresse_popup\"><img src=\"\/wp-content\/uploads\/2023\/01\/Vector-2.png\" style=\"margin-right:3px\"><strong>ZA KERAMPAOU\r\nKEROUEZ ROUMICA\n., 29140 - MELGVEN<\/strong><\/p><\/div>\r\n\t\t\t\t\r\n\t\t\t\t<div class=\"popin_exposant_content\"><p class=\"arx_expo_extrait\"><strong>Isolation des combles, des sous-sols, des murs int\u00e9rieurs et ext\u00e9rieurs<\/strong><\/p><\/div>\r\n\t\t\t<div class=\"popin_exposant_resaux\">\r\n\t\t\t\t<div class=\"reseaux\" style=\"    display: flex;   justify-content: flex-end;\"><\/div>\r\n\t\t\t\t\r\n\t\t\t<\/div>\r\n\t\t\t\r\n\t\t\t<\/div><\/div><\/div><div id=\" \"class=\"exposant_item_popin\" data-id=\"10263\">\r\n\t\t\t\t\t<div class=\"exposant_item_popin_content box_shadow\">\r\n\r\n\t\t\t\t\t<div class=\"close\" data-id=\"10263\"><\/div>\r\n\t\t\t\t\t<div class=\"exposant_item_popin_scrolled_content\">\t\t\t\t\t\r\n\t\t\t\t<div class=\"flexpopupligne1\">\r\n\t\t\t\t\t<div class=\"popin_exposant_logo\"><img class=\"photo\" src=\"\/arx-custom-img\/exposant-amenago-default.jpg\"><\/div>\r\n\t\t\t\t\t<div class=\"\"><p class=\"arx_titlte_exposantpopup\">OUEST'ECO RENOV<\/p><p class=\"arx_popup_site\"><\/p><p class=\"arx_stand_exposant_popup\">A33<\/p><\/div><div class=\"nomenclature\" style=\"font-family: AzoSansbold !important;  line-height: 38px !important;     color: #002350 !important;\"><span>#j'optimise les performances, je s\u00e9curise mon logement<\/span><\/div>\r\n\t\t\t<\/div>\r\n\t\t\t\t<div class=\"popin_exposant_adresse\" style=\"margin-top:25px\"><p class=\"arx_adresse_popup\"><img src=\"\/wp-content\/uploads\/2023\/01\/Vector-2.png\" style=\"margin-right:3px\"><strong>133 Route de Pont l'abb\u00e9, 29000 - QUIMPER<\/strong><\/p><\/div>\r\n\t\t\t\t\r\n\t\t\t\t<div class=\"popin_exposant_content\"><p class=\"arx_expo_extrait\"><strong> <\/strong><\/p><\/div>\r\n\t\t\t<div class=\"popin_exposant_resaux\">\r\n\t\t\t\t<div class=\"reseaux\" style=\"    display: flex;   justify-content: flex-end;\"><\/div>\r\n\t\t\t\t\r\n\t\t\t<\/div>\r\n\t\t\t\r\n\t\t\t<\/div><\/div><\/div><div id=\" \"class=\"exposant_item_popin\" data-id=\"9093\">\r\n\t\t\t\t\t<div class=\"exposant_item_popin_content box_shadow\">\r\n\r\n\t\t\t\t\t<div class=\"close\" data-id=\"9093\"><\/div>\r\n\t\t\t\t\t<div class=\"exposant_item_popin_scrolled_content\">\t\t\t\t\t\r\n\t\t\t\t<div class=\"flexpopupligne1\">\r\n\t\t\t\t\t<div class=\"popin_exposant_logo\"><img class=\"photo\" src=\"https:\/\/exposant.gl-events.com\/uploads\/company_booths\/logos\/e028e157ac69a55260c2e1f31996014d.jpg\"><\/div>\r\n\t\t\t\t\t<div class=\"\"><p class=\"arx_titlte_exposantpopup\">PATRICIA PUSTOCH<\/p><p class=\"arx_popup_site\"><a href=\"http:\/\/manech-dco.fr\/\" target=\"_blank\">manech-dco.fr\/<\/a><\/p><p class=\"arx_stand_exposant_popup\">E01<\/p><\/div><div class=\"nomenclature\" style=\"font-family: AzoSansbold !important;  line-height: 38px !important;     color: #002350 !important;\"><span>#j'am\u00e9nage, j'agence et je d\u00e9core ma maison<\/span><\/div>\r\n\t\t\t<\/div>\r\n\t\t\t\t<div class=\"popin_exposant_adresse\" style=\"margin-top:25px\"><p class=\"arx_adresse_popup\"><img src=\"\/wp-content\/uploads\/2023\/01\/Vector-2.png\" style=\"margin-right:3px\"><strong>15 PLACE DE BENAVEN PORT-MANECH, 29920 - NEVEZ<\/strong><\/p><\/div>\r\n\t\t\t\t\r\n\t\t\t\t<div class=\"popin_exposant_content\"><p class=\"arx_expo_extrait\"><strong> <\/strong><\/p><\/div>\r\n\t\t\t<div class=\"popin_exposant_resaux\">\r\n\t\t\t\t<div class=\"reseaux\" style=\"    display: flex;   justify-content: flex-end;\"><\/div>\r\n\t\t\t\t\r\n\t\t\t<\/div>\r\n\t\t\t\r\n\t\t\t<\/div><\/div><\/div><div id=\" \"class=\"exposant_item_popin\" data-id=\"10214\">\r\n\t\t\t\t\t<div class=\"exposant_item_popin_content box_shadow\">\r\n\r\n\t\t\t\t\t<div class=\"close\" data-id=\"10214\"><\/div>\r\n\t\t\t\t\t<div class=\"exposant_item_popin_scrolled_content\">\t\t\t\t\t\r\n\t\t\t\t<div class=\"flexpopupligne1\">\r\n\t\t\t\t\t<div class=\"popin_exposant_logo\"><img class=\"photo\" src=\"https:\/\/exposant.gl-events.com\/uploads\/company_booths\/logos\/d8a97d2538e0f881188fae34c81bec64.png\"><\/div>\r\n\t\t\t\t\t<div class=\"\"><p class=\"arx_titlte_exposantpopup\">PATRICIA PUSTOCH<\/p><p class=\"arx_popup_site\"><a href=\"http:\/\/manech-dco.fr\/\" target=\"_blank\">manech-dco.fr\/<\/a><\/p><p class=\"arx_stand_exposant_popup\">G01<\/p><\/div><div class=\"nomenclature\" style=\"font-family: AzoSansbold !important;  line-height: 38px !important;     color: #002350 !important;\"><span>#j'am\u00e9nage, j'agence et je d\u00e9core ma maison<\/span><\/div>\r\n\t\t\t<\/div>\r\n\t\t\t\t<div class=\"popin_exposant_adresse\" style=\"margin-top:25px\"><p class=\"arx_adresse_popup\"><img src=\"\/wp-content\/uploads\/2023\/01\/Vector-2.png\" style=\"margin-right:3px\"><strong>15 PLACE DE BENAVEN PORT-MANECH, 29920 - NEVEZ<\/strong><\/p><\/div>\r\n\t\t\t\t\r\n\t\t\t\t<div class=\"popin_exposant_content\"><p class=\"arx_expo_extrait\"><strong>\r\n\r\nCr\u00e9atrice d\u2019ambiances et d\u2019am\u00e9nagements int\u00e9rieurs, passionn\u00e9e d\u2019esth\u00e9tique et d\u2019architecture, form\u00e9e au design et \u00e0 la conception 3D ; je me propose de vous accompagner dans l\u2019\u00e9laboration de votre projet de valorisation de votre bien immobilier. Install\u00e9e \u00e0 Nevez dans le Finist\u00e8re Sud, la mer et la nature sont mes sources d\u2019inspiration \u2022\r\n\r\nQue vous soyez un particulier ou professionnel, je suis \u00e0 votre \u00e9coute et vous accompagne dans vos projets de r\u00e9novations, de d\u00e9corations d'int\u00e9rieur et de home staging* \r\n je suis en permanence \u00e0 votre disposition pour cr\u00e9er un int\u00e9rieur qui vous ressemble et mener \u00e0 bien votre projet en tenant compte des contraintes et de votre budget.<\/strong><\/p><\/div>\r\n\t\t\t<div class=\"popin_exposant_resaux\">\r\n\t\t\t\t<div class=\"reseaux\" style=\"    display: flex;   justify-content: flex-end;\"><a href=\"https:\/\/www.facebook.com\/profile.php?id=100071488663856\" target=\"_blank\"><img src=\"\/arx-custom-img\/exposant-fb.svg\"><\/a><a href=\"https:\/\/www.instagram.com\/patricia_pustoc_h\/\" target=\"_blank\"><img src=\"\/arx-custom-img\/exposant-insta.svg\"><\/a><\/div>\r\n\t\t\t\t\r\n\t\t\t<\/div>\r\n\t\t\t\r\n\t\t\t<\/div><\/div><\/div><div id=\" \"class=\"exposant_item_popin\" data-id=\"10283\">\r\n\t\t\t\t\t<div class=\"exposant_item_popin_content box_shadow\">\r\n\r\n\t\t\t\t\t<div class=\"close\" data-id=\"10283\"><\/div>\r\n\t\t\t\t\t<div class=\"exposant_item_popin_scrolled_content\">\t\t\t\t\t\r\n\t\t\t\t<div class=\"flexpopupligne1\">\r\n\t\t\t\t\t<div class=\"popin_exposant_logo\"><img class=\"photo\" src=\"\/arx-custom-img\/exposant-amenago-default.jpg\"><\/div>\r\n\t\t\t\t\t<div class=\"\"><p class=\"arx_titlte_exposantpopup\">PISCINE DE LA BAIE<\/p><p class=\"arx_popup_site\"><a href=\"http:\/\/www.alliancepiscines.com\/\" target=\"_blank\">www.alliancepiscines.com\/<\/a><\/p><p class=\"arx_stand_exposant_popup\">EXT03<\/p><\/div><div class=\"nomenclature\" style=\"font-family: AzoSansbold !important;  line-height: 38px !important;     color: #002350 !important;\"><span>#j'am\u00e9nage mon jardin, ma terrasse, mon balcon<\/span><\/div>\r\n\t\t\t<\/div>\r\n\t\t\t\t<div class=\"popin_exposant_adresse\" style=\"margin-top:25px\"><p class=\"arx_adresse_popup\"><img src=\"\/wp-content\/uploads\/2023\/01\/Vector-2.png\" style=\"margin-right:3px\"><strong>33 RUE HELENE BOUCHER, 22190 - PLERIN<\/strong><\/p><\/div>\r\n\t\t\t\t\r\n\t\t\t\t<div class=\"popin_exposant_content\"><p class=\"arx_expo_extrait\"><strong> <\/strong><\/p><\/div>\r\n\t\t\t<div class=\"popin_exposant_resaux\">\r\n\t\t\t\t<div class=\"reseaux\" style=\"    display: flex;   justify-content: flex-end;\"><\/div>\r\n\t\t\t\t\r\n\t\t\t<\/div>\r\n\t\t\t\r\n\t\t\t<\/div><\/div><\/div><div id=\" \"class=\"exposant_item_popin\" data-id=\"8991\">\r\n\t\t\t\t\t<div class=\"exposant_item_popin_content box_shadow\">\r\n\r\n\t\t\t\t\t<div class=\"close\" data-id=\"8991\"><\/div>\r\n\t\t\t\t\t<div class=\"exposant_item_popin_scrolled_content\">\t\t\t\t\t\r\n\t\t\t\t<div class=\"flexpopupligne1\">\r\n\t\t\t\t\t<div class=\"popin_exposant_logo\"><img class=\"photo\" src=\"\/arx-custom-img\/exposant-amenago-default.jpg\"><\/div>\r\n\t\t\t\t\t<div class=\"\"><p class=\"arx_titlte_exposantpopup\">PISCINES DUGAIN<\/p><p class=\"arx_popup_site\"><a href=\"http:\/\/piscinesdugain.com\/point-de-vente\/finistere-quimper-douarnenez-concarneau-pont-abbe-benodet\/\" target=\"_blank\">piscinesdugain.com\/point-de-vente\/finistere-quimper-douarnenez-concarneau-pont-abbe-benodet\/<\/a><\/p><p class=\"arx_stand_exposant_popup\">B02<\/p><\/div><div class=\"nomenclature\" style=\"font-family: AzoSansbold !important;  line-height: 38px !important;     color: #002350 !important;\"><span>#j'am\u00e9nage mon jardin, ma terrasse, mon balcon<\/span><\/div>\r\n\t\t\t<\/div>\r\n\t\t\t\t<div class=\"popin_exposant_adresse\" style=\"margin-top:25px\"><p class=\"arx_adresse_popup\"><img src=\"\/wp-content\/uploads\/2023\/01\/Vector-2.png\" style=\"margin-right:3px\"><strong>3 rue de Bel Air, 29700 - PLUGUFFAN<\/strong><\/p><\/div>\r\n\t\t\t\t\r\n\t\t\t\t<div class=\"popin_exposant_content\"><p class=\"arx_expo_extrait\"><strong>Piscines et spas, SAV et entretien<\/strong><\/p><\/div>\r\n\t\t\t<div class=\"popin_exposant_resaux\">\r\n\t\t\t\t<div class=\"reseaux\" style=\"    display: flex;   justify-content: flex-end;\"><\/div>\r\n\t\t\t\t\r\n\t\t\t<\/div>\r\n\t\t\t\r\n\t\t\t<\/div><\/div><\/div><div id=\" \"class=\"exposant_item_popin\" data-id=\"10193\">\r\n\t\t\t\t\t<div class=\"exposant_item_popin_content box_shadow\">\r\n\r\n\t\t\t\t\t<div class=\"close\" data-id=\"10193\"><\/div>\r\n\t\t\t\t\t<div class=\"exposant_item_popin_scrolled_content\">\t\t\t\t\t\r\n\t\t\t\t<div class=\"flexpopupligne1\">\r\n\t\t\t\t\t<div class=\"popin_exposant_logo\"><img class=\"photo\" src=\"\/arx-custom-img\/exposant-amenago-default.jpg\"><\/div>\r\n\t\t\t\t\t<div class=\"\"><p class=\"arx_titlte_exposantpopup\">PISCINES DUGAIN<\/p><p class=\"arx_popup_site\"><a href=\"http:\/\/piscinesdugain.com\/point-de-vente\/finistere-quimper-douarnenez-concarneau-pont-abbe-benodet\/\" target=\"_blank\">piscinesdugain.com\/point-de-vente\/finistere-quimper-douarnenez-concarneau-pont-abbe-benodet\/<\/a><\/p><p class=\"arx_stand_exposant_popup\">B18<\/p><\/div><div class=\"nomenclature\" style=\"font-family: AzoSansbold !important;  line-height: 38px !important;     color: #002350 !important;\"><span>#j'am\u00e9nage mon jardin, ma terrasse, mon balcon<\/span><\/div>\r\n\t\t\t<\/div>\r\n\t\t\t\t<div class=\"popin_exposant_adresse\" style=\"margin-top:25px\"><p class=\"arx_adresse_popup\"><img src=\"\/wp-content\/uploads\/2023\/01\/Vector-2.png\" style=\"margin-right:3px\"><strong>3 rue de Bel Air, 29700 - PLUGUFFAN<\/strong><\/p><\/div>\r\n\t\t\t\t\r\n\t\t\t\t<div class=\"popin_exposant_content\"><p class=\"arx_expo_extrait\"><strong>Piscines et spas, SAV et entretien<\/strong><\/p><\/div>\r\n\t\t\t<div class=\"popin_exposant_resaux\">\r\n\t\t\t\t<div class=\"reseaux\" style=\"    display: flex;   justify-content: flex-end;\"><\/div>\r\n\t\t\t\t\r\n\t\t\t<\/div>\r\n\t\t\t\r\n\t\t\t<\/div><\/div><\/div><div id=\" \"class=\"exposant_item_popin\" data-id=\"9042\">\r\n\t\t\t\t\t<div class=\"exposant_item_popin_content box_shadow\">\r\n\r\n\t\t\t\t\t<div class=\"close\" data-id=\"9042\"><\/div>\r\n\t\t\t\t\t<div class=\"exposant_item_popin_scrolled_content\">\t\t\t\t\t\r\n\t\t\t\t<div class=\"flexpopupligne1\">\r\n\t\t\t\t\t<div class=\"popin_exposant_logo\"><img class=\"photo\" src=\"\/arx-custom-img\/exposant-amenago-default.jpg\"><\/div>\r\n\t\t\t\t\t<div class=\"\"><p class=\"arx_titlte_exposantpopup\">POLIMMO<\/p><p class=\"arx_popup_site\"><a href=\"http:\/\/www.polimmo.fr\/\" target=\"_blank\">www.polimmo.fr\/<\/a><\/p><p class=\"arx_stand_exposant_popup\">B19<\/p><\/div><div class=\"nomenclature\" style=\"font-family: AzoSansbold !important;  line-height: 38px !important;     color: #002350 !important;\"><span>#je pr\u00e9pare mon projet immobilier<\/span><\/div>\r\n\t\t\t<\/div>\r\n\t\t\t\t<div class=\"popin_exposant_adresse\" style=\"margin-top:25px\"><p class=\"arx_adresse_popup\"><img src=\"\/wp-content\/uploads\/2023\/01\/Vector-2.png\" style=\"margin-right:3px\"><strong>5 AVENUE LEON BLUM\r\nCS32026\n., 29018 - QUIMPER<\/strong><\/p><\/div>\r\n\t\t\t\t\r\n\t\t\t\t<div class=\"popin_exposant_content\"><p class=\"arx_expo_extrait\"><strong>Immobilier neuf et terrains \u00e0 b\u00e2tir<\/strong><\/p><\/div>\r\n\t\t\t<div class=\"popin_exposant_resaux\">\r\n\t\t\t\t<div class=\"reseaux\" style=\"    display: flex;   justify-content: flex-end;\"><\/div>\r\n\t\t\t\t\r\n\t\t\t<\/div>\r\n\t\t\t\r\n\t\t\t<\/div><\/div><\/div><div id=\" \"class=\"exposant_item_popin\" data-id=\"10238\">\r\n\t\t\t\t\t<div class=\"exposant_item_popin_content box_shadow\">\r\n\r\n\t\t\t\t\t<div class=\"close\" data-id=\"10238\"><\/div>\r\n\t\t\t\t\t<div class=\"exposant_item_popin_scrolled_content\">\t\t\t\t\t\r\n\t\t\t\t<div class=\"flexpopupligne1\">\r\n\t\t\t\t\t<div class=\"popin_exposant_logo\"><img class=\"photo\" src=\"https:\/\/exposant.gl-events.com\/uploads\/company_booths\/logos\/2d89257f7acbd17e353aacd418f97277.jpg\"><\/div>\r\n\t\t\t\t\t<div class=\"\"><p class=\"arx_titlte_exposantpopup\">POLIMMO<\/p><p class=\"arx_popup_site\"><a href=\"http:\/\/www.polimmo.fr\/\" target=\"_blank\">www.polimmo.fr\/<\/a><\/p><p class=\"arx_stand_exposant_popup\">B20<\/p><\/div><div class=\"nomenclature\" style=\"font-family: AzoSansbold !important;  line-height: 38px !important;     color: #002350 !important;\"><span>#je pr\u00e9pare mon projet immobilier<\/span><\/div>\r\n\t\t\t<\/div>\r\n\t\t\t\t<div class=\"popin_exposant_adresse\" style=\"margin-top:25px\"><p class=\"arx_adresse_popup\"><img src=\"\/wp-content\/uploads\/2023\/01\/Vector-2.png\" style=\"margin-right:3px\"><strong>5 AVENUE LEON BLUM\r\nCS32026\n., 29018 - QUIMPER<\/strong><\/p><\/div>\r\n\t\t\t\t\r\n\t\t\t\t<div class=\"popin_exposant_content\"><p class=\"arx_expo_extrait\"><strong>Immobilier neuf et terrains \u00e0 b\u00e2tir<\/strong><\/p><\/div>\r\n\t\t\t<div class=\"popin_exposant_resaux\">\r\n\t\t\t\t<div class=\"reseaux\" style=\"    display: flex;   justify-content: flex-end;\"><a href=\"https:\/\/www.facebook.com\/polimmo\/?eid=ARA5sOmQiyA90IYZdGnN1-_lwh4ODcV4aK6n_FSkdhHZ48az8ExnfPo0lk9yhB6HfAmjEzbffSaRSXxV\" target=\"_blank\"><img src=\"\/arx-custom-img\/exposant-fb.svg\"><\/a><a href=\"https:\/\/www.instagram.com\/polimmo.promotion.amenagement\/\" target=\"_blank\"><img src=\"\/arx-custom-img\/exposant-insta.svg\"><\/a><\/div>\r\n\t\t\t\t\r\n\t\t\t<\/div>\r\n\t\t\t\r\n\t\t\t<\/div><\/div><\/div><div id=\" \"class=\"exposant_item_popin\" data-id=\"9041\">\r\n\t\t\t\t\t<div class=\"exposant_item_popin_content box_shadow\">\r\n\r\n\t\t\t\t\t<div class=\"close\" data-id=\"9041\"><\/div>\r\n\t\t\t\t\t<div class=\"exposant_item_popin_scrolled_content\">\t\t\t\t\t\r\n\t\t\t\t<div class=\"flexpopupligne1\">\r\n\t\t\t\t\t<div class=\"popin_exposant_logo\"><img class=\"photo\" src=\"\/arx-custom-img\/exposant-amenago-default.jpg\"><\/div>\r\n\t\t\t\t\t<div class=\"\"><p class=\"arx_titlte_exposantpopup\">POLIMMO LA MAISON<\/p><p class=\"arx_popup_site\"><a href=\"http:\/\/www.polimmolamaison.bzh\/\" target=\"_blank\">www.polimmolamaison.bzh\/<\/a><\/p><p class=\"arx_stand_exposant_popup\">B26<\/p><\/div><div class=\"nomenclature\" style=\"font-family: AzoSansbold !important;  line-height: 38px !important;     color: #002350 !important;\"><span>#je pr\u00e9pare mon projet immobilier<\/span><\/div>\r\n\t\t\t<\/div>\r\n\t\t\t\t<div class=\"popin_exposant_adresse\" style=\"margin-top:25px\"><p class=\"arx_adresse_popup\"><img src=\"\/wp-content\/uploads\/2023\/01\/Vector-2.png\" style=\"margin-right:3px\"><strong>5 AVENUE LEON BLUM\nCS32026\n., 29018 - QUIMPER CEDEX<\/strong><\/p><\/div>\r\n\t\t\t\t\r\n\t\t\t\t<div class=\"popin_exposant_content\"><p class=\"arx_expo_extrait\"><strong>Constructeur de maisons individuelles personnalis\u00e9es<\/strong><\/p><\/div>\r\n\t\t\t<div class=\"popin_exposant_resaux\">\r\n\t\t\t\t<div class=\"reseaux\" style=\"    display: flex;   justify-content: flex-end;\"><\/div>\r\n\t\t\t\t\r\n\t\t\t<\/div>\r\n\t\t\t\r\n\t\t\t<\/div><\/div><\/div><div id=\" \"class=\"exposant_item_popin\" data-id=\"8982\">\r\n\t\t\t\t\t<div class=\"exposant_item_popin_content box_shadow\">\r\n\r\n\t\t\t\t\t<div class=\"close\" data-id=\"8982\"><\/div>\r\n\t\t\t\t\t<div class=\"exposant_item_popin_scrolled_content\">\t\t\t\t\t\r\n\t\t\t\t<div class=\"flexpopupligne1\">\r\n\t\t\t\t\t<div class=\"popin_exposant_logo\"><img class=\"photo\" src=\"\/arx-custom-img\/exposant-amenago-default.jpg\"><\/div>\r\n\t\t\t\t\t<div class=\"\"><p class=\"arx_titlte_exposantpopup\">PORTAILS OCEAN<\/p><p class=\"arx_popup_site\"><a href=\"http:\/\/www.portailsocean-quimper.fr\/\" target=\"_blank\">www.portailsocean-quimper.fr\/<\/a><\/p><p class=\"arx_stand_exposant_popup\">A16<\/p><\/div><div class=\"nomenclature\" style=\"font-family: AzoSansbold !important;  line-height: 38px !important;     color: #002350 !important;\"><span>#j'am\u00e9nage mon jardin, ma terrasse, mon balcon<\/span><\/div>\r\n\t\t\t<\/div>\r\n\t\t\t\t<div class=\"popin_exposant_adresse\" style=\"margin-top:25px\"><p class=\"arx_adresse_popup\"><img src=\"\/wp-content\/uploads\/2023\/01\/Vector-2.png\" style=\"margin-right:3px\"><strong>4 CHEMIN LOST AR C 'HOAT\n4 CHE DE LOST AR C HOAT\n., 29000 - QUIMPER<\/strong><\/p><\/div>\r\n\t\t\t\t\r\n\t\t\t\t<div class=\"popin_exposant_content\"><p class=\"arx_expo_extrait\"><strong>Fabricant de portails, cl\u00f4tures, portes de garages<\/strong><\/p><\/div>\r\n\t\t\t<div class=\"popin_exposant_resaux\">\r\n\t\t\t\t<div class=\"reseaux\" style=\"    display: flex;   justify-content: flex-end;\"><\/div>\r\n\t\t\t\t\r\n\t\t\t<\/div>\r\n\t\t\t\r\n\t\t\t<\/div><\/div><\/div><div id=\" \"class=\"exposant_item_popin\" data-id=\"10211\">\r\n\t\t\t\t\t<div class=\"exposant_item_popin_content box_shadow\">\r\n\r\n\t\t\t\t\t<div class=\"close\" data-id=\"10211\"><\/div>\r\n\t\t\t\t\t<div class=\"exposant_item_popin_scrolled_content\">\t\t\t\t\t\r\n\t\t\t\t<div class=\"flexpopupligne1\">\r\n\t\t\t\t\t<div class=\"popin_exposant_logo\"><img class=\"photo\" src=\"\/arx-custom-img\/exposant-amenago-default.jpg\"><\/div>\r\n\t\t\t\t\t<div class=\"\"><p class=\"arx_titlte_exposantpopup\">PORTAILS OCEAN<\/p><p class=\"arx_popup_site\"><a href=\"http:\/\/www.portailsocean-quimper.fr\/\" target=\"_blank\">www.portailsocean-quimper.fr\/<\/a><\/p><p class=\"arx_stand_exposant_popup\">D06<\/p><\/div><div class=\"nomenclature\" style=\"font-family: AzoSansbold !important;  line-height: 38px !important;     color: #002350 !important;\"><span>#j'am\u00e9nage mon jardin, ma terrasse, mon balcon<\/span><\/div>\r\n\t\t\t<\/div>\r\n\t\t\t\t<div class=\"popin_exposant_adresse\" style=\"margin-top:25px\"><p class=\"arx_adresse_popup\"><img src=\"\/wp-content\/uploads\/2023\/01\/Vector-2.png\" style=\"margin-right:3px\"><strong>4 CHEMIN LOST AR C 'HOAT\n4 CHE DE LOST AR C HOAT\n., 29000 - QUIMPER<\/strong><\/p><\/div>\r\n\t\t\t\t\r\n\t\t\t\t<div class=\"popin_exposant_content\"><p class=\"arx_expo_extrait\"><strong>Fabricant de portails, cl\u00f4tures, portes de garages<\/strong><\/p><\/div>\r\n\t\t\t<div class=\"popin_exposant_resaux\">\r\n\t\t\t\t<div class=\"reseaux\" style=\"    display: flex;   justify-content: flex-end;\"><\/div>\r\n\t\t\t\t\r\n\t\t\t<\/div>\r\n\t\t\t\r\n\t\t\t<\/div><\/div><\/div><div id=\" \"class=\"exposant_item_popin\" data-id=\"10281\">\r\n\t\t\t\t\t<div class=\"exposant_item_popin_content box_shadow\">\r\n\r\n\t\t\t\t\t<div class=\"close\" data-id=\"10281\"><\/div>\r\n\t\t\t\t\t<div class=\"exposant_item_popin_scrolled_content\">\t\t\t\t\t\r\n\t\t\t\t<div class=\"flexpopupligne1\">\r\n\t\t\t\t\t<div class=\"popin_exposant_logo\"><img class=\"photo\" src=\"https:\/\/exposant.gl-events.com\/uploads\/company_booths\/logos\/6ff21baf17c02c1af8b06deac85c67af.jpg\"><\/div>\r\n\t\t\t\t\t<div class=\"\"><p class=\"arx_titlte_exposantpopup\">PRESQU ILE ISOLATION<\/p><p class=\"arx_popup_site\"><a href=\"http:\/\/www.presquile-isolation.com\/\" target=\"_blank\">www.presquile-isolation.com\/<\/a><\/p><p class=\"arx_stand_exposant_popup\">F11<\/p><\/div><div class=\"nomenclature\" style=\"font-family: AzoSansbold !important;  line-height: 38px !important;     color: #002350 !important;\"><span>#j'optimise les performances, je s\u00e9curise mon logement<\/span><\/div>\r\n\t\t\t<\/div>\r\n\t\t\t\t<div class=\"popin_exposant_adresse\" style=\"margin-top:25px\"><p class=\"arx_adresse_popup\"><img src=\"\/wp-content\/uploads\/2023\/01\/Vector-2.png\" style=\"margin-right:3px\"><strong>AR PORZH,  - Pluguffan<\/strong><\/p><\/div>\r\n\t\t\t\t\r\n\t\t\t\t<div class=\"popin_exposant_content\"><p class=\"arx_expo_extrait\"><strong>Isolation Thermique par l'Exterieur sous Enduit <\/strong><\/p><\/div>\r\n\t\t\t<div class=\"popin_exposant_resaux\">\r\n\t\t\t\t<div class=\"reseaux\" style=\"    display: flex;   justify-content: flex-end;\"><\/div>\r\n\t\t\t\t\r\n\t\t\t<\/div>\r\n\t\t\t\r\n\t\t\t<\/div><\/div><\/div><div id=\" \"class=\"exposant_item_popin\" data-id=\"10261\">\r\n\t\t\t\t\t<div class=\"exposant_item_popin_content box_shadow\">\r\n\r\n\t\t\t\t\t<div class=\"close\" data-id=\"10261\"><\/div>\r\n\t\t\t\t\t<div class=\"exposant_item_popin_scrolled_content\">\t\t\t\t\t\r\n\t\t\t\t<div class=\"flexpopupligne1\">\r\n\t\t\t\t\t<div class=\"popin_exposant_logo\"><img class=\"photo\" src=\"\/arx-custom-img\/exposant-amenago-default.jpg\"><\/div>\r\n\t\t\t\t\t<div class=\"\"><p class=\"arx_titlte_exposantpopup\">PRESQU'ILE PISCINES<\/p><p class=\"arx_popup_site\"><a href=\"http:\/\/www.presquilepiscines.com\" target=\"_blank\">www.presquilepiscines.com<\/a><\/p><p class=\"arx_stand_exposant_popup\">A39<\/p><\/div><div class=\"nomenclature\" style=\"font-family: AzoSansbold !important;  line-height: 38px !important;     color: #002350 !important;\"><span>#j'am\u00e9nage mon jardin, ma terrasse, mon balcon<\/span><\/div>\r\n\t\t\t<\/div>\r\n\t\t\t\t<div class=\"popin_exposant_adresse\" style=\"margin-top:25px\"><p class=\"arx_adresse_popup\"><img src=\"\/wp-content\/uploads\/2023\/01\/Vector-2.png\" style=\"margin-right:3px\"><strong>ZA de Kerboulard\n18 rue Gutenberg, 56250 - SAINT NOLFF<\/strong><\/p><\/div>\r\n\t\t\t\t\r\n\t\t\t\t<div class=\"popin_exposant_content\"><p class=\"arx_expo_extrait\"><strong> <\/strong><\/p><\/div>\r\n\t\t\t<div class=\"popin_exposant_resaux\">\r\n\t\t\t\t<div class=\"reseaux\" style=\"    display: flex;   justify-content: flex-end;\"><\/div>\r\n\t\t\t\t\r\n\t\t\t<\/div>\r\n\t\t\t\r\n\t\t\t<\/div><\/div><\/div><div id=\" \"class=\"exposant_item_popin\" data-id=\"9011\">\r\n\t\t\t\t\t<div class=\"exposant_item_popin_content box_shadow\">\r\n\r\n\t\t\t\t\t<div class=\"close\" data-id=\"9011\"><\/div>\r\n\t\t\t\t\t<div class=\"exposant_item_popin_scrolled_content\">\t\t\t\t\t\r\n\t\t\t\t<div class=\"flexpopupligne1\">\r\n\t\t\t\t\t<div class=\"popin_exposant_logo\"><img class=\"photo\" src=\"\/arx-custom-img\/exposant-amenago-default.jpg\"><\/div>\r\n\t\t\t\t\t<div class=\"\"><p class=\"arx_titlte_exposantpopup\">PRIGENT ABIVEN EURL<\/p><p class=\"arx_popup_site\"><a href=\"http:\/\/www.prigent-abiven.com\/\" target=\"_blank\">www.prigent-abiven.com\/<\/a><\/p><p class=\"arx_stand_exposant_popup\">B10<\/p><\/div><div class=\"nomenclature\" style=\"font-family: AzoSansbold !important;  line-height: 38px !important;     color: #002350 !important;\"><span>#j'optimise les performances, je s\u00e9curise mon logement<\/span><\/div>\r\n\t\t\t<\/div>\r\n\t\t\t\t<div class=\"popin_exposant_adresse\" style=\"margin-top:25px\"><p class=\"arx_adresse_popup\"><img src=\"\/wp-content\/uploads\/2023\/01\/Vector-2.png\" style=\"margin-right:3px\"><strong>ZI DU PENHOAT\n1 RUE PENHOAT, 29800 - SAINT-DIVY<\/strong><\/p><\/div>\r\n\t\t\t\t\r\n\t\t\t\t<div class=\"popin_exposant_content\"><p class=\"arx_expo_extrait\"><strong>Plomberie, chauffage, \u00e9lectricit\u00e9 (neuf et r\u00e9novation), Sp\u00e9cialiste chauffage gaz, pompe \u00e0 chaleur, chaudi\u00e8re bois et granul\u00e9s<\/strong><\/p><\/div>\r\n\t\t\t<div class=\"popin_exposant_resaux\">\r\n\t\t\t\t<div class=\"reseaux\" style=\"    display: flex;   justify-content: flex-end;\"><\/div>\r\n\t\t\t\t\r\n\t\t\t<\/div>\r\n\t\t\t\r\n\t\t\t<\/div><\/div><\/div><div id=\" \"class=\"exposant_item_popin\" data-id=\"9094\">\r\n\t\t\t\t\t<div class=\"exposant_item_popin_content box_shadow\">\r\n\r\n\t\t\t\t\t<div class=\"close\" data-id=\"9094\"><\/div>\r\n\t\t\t\t\t<div class=\"exposant_item_popin_scrolled_content\">\t\t\t\t\t\r\n\t\t\t\t<div class=\"flexpopupligne1\">\r\n\t\t\t\t\t<div class=\"popin_exposant_logo\"><img class=\"photo\" src=\"\/arx-custom-img\/exposant-amenago-default.jpg\"><\/div>\r\n\t\t\t\t\t<div class=\"\"><p class=\"arx_titlte_exposantpopup\">QBO - ADIL - URBANIS - SOLIHA<\/p><p class=\"arx_popup_site\"><a href=\"http:\/\/www.quimper-bretagne-occidentale.bzh\/\" target=\"_blank\">www.quimper-bretagne-occidentale.bzh\/<\/a><\/p><p class=\"arx_stand_exposant_popup\">G13<\/p><\/div><div class=\"nomenclature\" style=\"font-family: AzoSansbold !important;  line-height: 38px !important;     color: #002350 !important;\"><span>#je pr\u00e9pare mon projet immobilier<\/span><\/div>\r\n\t\t\t<\/div>\r\n\t\t\t\t<div class=\"popin_exposant_adresse\" style=\"margin-top:25px\"><p class=\"arx_adresse_popup\"><img src=\"\/wp-content\/uploads\/2023\/01\/Vector-2.png\" style=\"margin-right:3px\"><strong>44 PLACE ST CORENTIN\r\nCS 26004\nCS 26004\n., 29107 - QUIMPER CEDEX<\/strong><\/p><\/div>\r\n\t\t\t\t\r\n\t\t\t\t<div class=\"popin_exposant_content\"><p class=\"arx_expo_extrait\"><strong>Institutionnels<\/strong><\/p><\/div>\r\n\t\t\t<div class=\"popin_exposant_resaux\">\r\n\t\t\t\t<div class=\"reseaux\" style=\"    display: flex;   justify-content: flex-end;\"><\/div>\r\n\t\t\t\t\r\n\t\t\t<\/div>\r\n\t\t\t\r\n\t\t\t<\/div><\/div><\/div><div id=\" \"class=\"exposant_item_popin\" data-id=\"10192\">\r\n\t\t\t\t\t<div class=\"exposant_item_popin_content box_shadow\">\r\n\r\n\t\t\t\t\t<div class=\"close\" data-id=\"10192\"><\/div>\r\n\t\t\t\t\t<div class=\"exposant_item_popin_scrolled_content\">\t\t\t\t\t\r\n\t\t\t\t<div class=\"flexpopupligne1\">\r\n\t\t\t\t\t<div class=\"popin_exposant_logo\"><img class=\"photo\" src=\"\/arx-custom-img\/exposant-amenago-default.jpg\"><\/div>\r\n\t\t\t\t\t<div class=\"\"><p class=\"arx_titlte_exposantpopup\">QBO - ADIL - URBANIS - SOLIHA<\/p><p class=\"arx_popup_site\"><a href=\"http:\/\/www.quimper-bretagne-occidentale.bzh\/\" target=\"_blank\">www.quimper-bretagne-occidentale.bzh\/<\/a><\/p><p class=\"arx_stand_exposant_popup\">G05<\/p><\/div><div class=\"nomenclature\" style=\"font-family: AzoSansbold !important;  line-height: 38px !important;     color: #002350 !important;\"><span>#je pr\u00e9pare mon projet immobilier<\/span><\/div>\r\n\t\t\t<\/div>\r\n\t\t\t\t<div class=\"popin_exposant_adresse\" style=\"margin-top:25px\"><p class=\"arx_adresse_popup\"><img src=\"\/wp-content\/uploads\/2023\/01\/Vector-2.png\" style=\"margin-right:3px\"><strong>44 PLACE ST CORENTIN\r\nCS 26004\nCS 26004\n., 29107 - QUIMPER CEDEX<\/strong><\/p><\/div>\r\n\t\t\t\t\r\n\t\t\t\t<div class=\"popin_exposant_content\"><p class=\"arx_expo_extrait\"><strong>Institutionnels<\/strong><\/p><\/div>\r\n\t\t\t<div class=\"popin_exposant_resaux\">\r\n\t\t\t\t<div class=\"reseaux\" style=\"    display: flex;   justify-content: flex-end;\"><\/div>\r\n\t\t\t\t\r\n\t\t\t<\/div>\r\n\t\t\t\r\n\t\t\t<\/div><\/div><\/div><div id=\" \"class=\"exposant_item_popin\" data-id=\"8998\">\r\n\t\t\t\t\t<div class=\"exposant_item_popin_content box_shadow\">\r\n\r\n\t\t\t\t\t<div class=\"close\" data-id=\"8998\"><\/div>\r\n\t\t\t\t\t<div class=\"exposant_item_popin_scrolled_content\">\t\t\t\t\t\r\n\t\t\t\t<div class=\"flexpopupligne1\">\r\n\t\t\t\t\t<div class=\"popin_exposant_logo\"><img class=\"photo\" src=\"https:\/\/exposant.gl-events.com\/uploads\/company_booths\/logos\/9a904eb4535fa6a9f2575b41f6a1fc4f.jpg\"><\/div>\r\n\t\t\t\t\t<div class=\"\"><p class=\"arx_titlte_exposantpopup\">QUALICONFORT<\/p><p class=\"arx_popup_site\"><a href=\"http:\/\/www.qualiconfort.com\/\" target=\"_blank\">www.qualiconfort.com\/<\/a><\/p><p class=\"arx_stand_exposant_popup\">D09<\/p><\/div><div class=\"nomenclature\" style=\"font-family: AzoSansbold !important;  line-height: 38px !important;     color: #002350 !important;\"><span>#j'optimise les performances, je s\u00e9curise mon logement<\/span><\/div>\r\n\t\t\t<\/div>\r\n\t\t\t\t<div class=\"popin_exposant_adresse\" style=\"margin-top:25px\"><p class=\"arx_adresse_popup\"><img src=\"\/wp-content\/uploads\/2023\/01\/Vector-2.png\" style=\"margin-right:3px\"><strong>LIEU-DIT LESEON\nLD LESEON\nZI DE KERIEL, 29800 - PLOUEDERN<\/strong><\/p><\/div>\r\n\t\t\t\t\r\n\t\t\t\t<div class=\"popin_exposant_content\"><p class=\"arx_expo_extrait\"><strong>R\u00e9novation \u00e9nerg\u00e9tique, toute l'isolation du sol au plafond<\/strong><\/p><\/div>\r\n\t\t\t<div class=\"popin_exposant_resaux\">\r\n\t\t\t\t<div class=\"reseaux\" style=\"    display: flex;   justify-content: flex-end;\"><a href=\"https:\/\/www.facebook.com\/qualiconfort\" target=\"_blank\"><img src=\"\/arx-custom-img\/exposant-fb.svg\"><\/a><\/div>\r\n\t\t\t\t\r\n\t\t\t<\/div>\r\n\t\t\t\r\n\t\t\t<\/div><\/div><\/div><div id=\" \"class=\"exposant_item_popin\" data-id=\"10191\">\r\n\t\t\t\t\t<div class=\"exposant_item_popin_content box_shadow\">\r\n\r\n\t\t\t\t\t<div class=\"close\" data-id=\"10191\"><\/div>\r\n\t\t\t\t\t<div class=\"exposant_item_popin_scrolled_content\">\t\t\t\t\t\r\n\t\t\t\t<div class=\"flexpopupligne1\">\r\n\t\t\t\t\t<div class=\"popin_exposant_logo\"><img class=\"photo\" src=\"\/arx-custom-img\/exposant-amenago-default.jpg\"><\/div>\r\n\t\t\t\t\t<div class=\"\"><p class=\"arx_titlte_exposantpopup\">QUALICONFORT<\/p><p class=\"arx_popup_site\"><a href=\"http:\/\/www.qualiconfort.com\/\" target=\"_blank\">www.qualiconfort.com\/<\/a><\/p><p class=\"arx_stand_exposant_popup\">D09<\/p><\/div><div class=\"nomenclature\" style=\"font-family: AzoSansbold !important;  line-height: 38px !important;     color: #002350 !important;\"><span>#j'optimise les performances, je s\u00e9curise mon logement<\/span><\/div>\r\n\t\t\t<\/div>\r\n\t\t\t\t<div class=\"popin_exposant_adresse\" style=\"margin-top:25px\"><p class=\"arx_adresse_popup\"><img src=\"\/wp-content\/uploads\/2023\/01\/Vector-2.png\" style=\"margin-right:3px\"><strong>LIEU-DIT LESEON\nLD LESEON\nZI DE KERIEL, 29800 - PLOUEDERN<\/strong><\/p><\/div>\r\n\t\t\t\t\r\n\t\t\t\t<div class=\"popin_exposant_content\"><p class=\"arx_expo_extrait\"><strong>Isolation \u00e9cologique neuf et r\u00e9novation<\/strong><\/p><\/div>\r\n\t\t\t<div class=\"popin_exposant_resaux\">\r\n\t\t\t\t<div class=\"reseaux\" style=\"    display: flex;   justify-content: flex-end;\"><\/div>\r\n\t\t\t\t\r\n\t\t\t<\/div>\r\n\t\t\t\r\n\t\t\t<\/div><\/div><\/div><div id=\" \"class=\"exposant_item_popin\" data-id=\"9055\">\r\n\t\t\t\t\t<div class=\"exposant_item_popin_content box_shadow\">\r\n\r\n\t\t\t\t\t<div class=\"close\" data-id=\"9055\"><\/div>\r\n\t\t\t\t\t<div class=\"exposant_item_popin_scrolled_content\">\t\t\t\t\t\r\n\t\t\t\t<div class=\"flexpopupligne1\">\r\n\t\t\t\t\t<div class=\"popin_exposant_logo\"><img class=\"photo\" src=\"\/arx-custom-img\/exposant-amenago-default.jpg\"><\/div>\r\n\t\t\t\t\t<div class=\"\"><p class=\"arx_titlte_exposantpopup\">QUALIRENO<\/p><p class=\"arx_popup_site\"><a href=\"http:\/\/www.qualireno.bzh\/\" target=\"_blank\">www.qualireno.bzh\/<\/a><\/p><p class=\"arx_stand_exposant_popup\">C38<\/p><\/div><div class=\"nomenclature\" style=\"font-family: AzoSansbold !important;  line-height: 38px !important;     color: #002350 !important;\"><span>#j'optimise les performances, je s\u00e9curise mon logement<\/span><\/div>\r\n\t\t\t<\/div>\r\n\t\t\t\t<div class=\"popin_exposant_adresse\" style=\"margin-top:25px\"><p class=\"arx_adresse_popup\"><img src=\"\/wp-content\/uploads\/2023\/01\/Vector-2.png\" style=\"margin-right:3px\"><strong>9 RUE DE LA CARDONNIERE, 56100 - LORIENT<\/strong><\/p><\/div>\r\n\t\t\t\t\r\n\t\t\t\t<div class=\"popin_exposant_content\"><p class=\"arx_expo_extrait\"><strong>Couverture, isolation int\u00e9rieure et  ext\u00e9rieure, ravalement de fa\u00e7ade\n<\/strong><\/p><\/div>\r\n\t\t\t<div class=\"popin_exposant_resaux\">\r\n\t\t\t\t<div class=\"reseaux\" style=\"    display: flex;   justify-content: flex-end;\"><\/div>\r\n\t\t\t\t\r\n\t\t\t<\/div>\r\n\t\t\t\r\n\t\t\t<\/div><\/div><\/div><div id=\" \"class=\"exposant_item_popin\" data-id=\"10217\">\r\n\t\t\t\t\t<div class=\"exposant_item_popin_content box_shadow\">\r\n\r\n\t\t\t\t\t<div class=\"close\" data-id=\"10217\"><\/div>\r\n\t\t\t\t\t<div class=\"exposant_item_popin_scrolled_content\">\t\t\t\t\t\r\n\t\t\t\t<div class=\"flexpopupligne1\">\r\n\t\t\t\t\t<div class=\"popin_exposant_logo\"><img class=\"photo\" src=\"\/arx-custom-img\/exposant-amenago-default.jpg\"><\/div>\r\n\t\t\t\t\t<div class=\"\"><p class=\"arx_titlte_exposantpopup\">QUALIRENO<\/p><p class=\"arx_popup_site\"><a href=\"http:\/\/www.qualireno.bzh\/\" target=\"_blank\">www.qualireno.bzh\/<\/a><\/p><p class=\"arx_stand_exposant_popup\">A08<\/p><\/div><div class=\"nomenclature\" style=\"font-family: AzoSansbold !important;  line-height: 38px !important;     color: #002350 !important;\"><span>#j'optimise les performances, je s\u00e9curise mon logement<\/span><\/div>\r\n\t\t\t<\/div>\r\n\t\t\t\t<div class=\"popin_exposant_adresse\" style=\"margin-top:25px\"><p class=\"arx_adresse_popup\"><img src=\"\/wp-content\/uploads\/2023\/01\/Vector-2.png\" style=\"margin-right:3px\"><strong>9 RUE DE LA CARDONNIERE, 56100 - LORIENT<\/strong><\/p><\/div>\r\n\t\t\t\t\r\n\t\t\t\t<div class=\"popin_exposant_content\"><p class=\"arx_expo_extrait\"><strong>Couverture, isolation int\u00e9rieure et  ext\u00e9rieure, ravalement de fa\u00e7ade\n<\/strong><\/p><\/div>\r\n\t\t\t<div class=\"popin_exposant_resaux\">\r\n\t\t\t\t<div class=\"reseaux\" style=\"    display: flex;   justify-content: flex-end;\"><\/div>\r\n\t\t\t\t\r\n\t\t\t<\/div>\r\n\t\t\t\r\n\t\t\t<\/div><\/div><\/div><div id=\" \"class=\"exposant_item_popin\" data-id=\"9014\">\r\n\t\t\t\t\t<div class=\"exposant_item_popin_content box_shadow\">\r\n\r\n\t\t\t\t\t<div class=\"close\" data-id=\"9014\"><\/div>\r\n\t\t\t\t\t<div class=\"exposant_item_popin_scrolled_content\">\t\t\t\t\t\r\n\t\t\t\t<div class=\"flexpopupligne1\">\r\n\t\t\t\t\t<div class=\"popin_exposant_logo\"><img class=\"photo\" src=\"https:\/\/exposant.gl-events.com\/uploads\/company_booths\/logos\/e86e2c956c26ab2a1bc0871d9235bcdd.jpg\"><\/div>\r\n\t\t\t\t\t<div class=\"\"><p class=\"arx_titlte_exposantpopup\">QUIMPER CHEMINEES<\/p><p class=\"arx_popup_site\"><a href=\"http:\/\/quimpercheminees.fr\/\" target=\"_blank\">quimpercheminees.fr\/<\/a><\/p><p class=\"arx_stand_exposant_popup\">D15<\/p><\/div><div class=\"nomenclature\" style=\"font-family: AzoSansbold !important;  line-height: 38px !important;     color: #002350 !important;\"><span>#j'optimise les performances, je s\u00e9curise mon logement<\/span><\/div>\r\n\t\t\t<\/div>\r\n\t\t\t\t<div class=\"popin_exposant_adresse\" style=\"margin-top:25px\"><p class=\"arx_adresse_popup\"><img src=\"\/wp-content\/uploads\/2023\/01\/Vector-2.png\" style=\"margin-right:3px\"><strong>6-8 ALLEE DU DOCTEUR PICQUENARD\r\nZONE DE L' HIPPPODROM\n., 29000 - QUIMPER<\/strong><\/p><\/div>\r\n\t\t\t\t\r\n\t\t\t\t<div class=\"popin_exposant_content\"><p class=\"arx_expo_extrait\"><strong>Po\u00eales \u00e0 bois et granul\u00e9s, chemin\u00e9es bois et granul\u00e9s, chemin\u00e9es gaz<\/strong><\/p><\/div>\r\n\t\t\t<div class=\"popin_exposant_resaux\">\r\n\t\t\t\t<div class=\"reseaux\" style=\"    display: flex;   justify-content: flex-end;\"><a href=\"https:\/\/www.facebook.com\/profile.php?id=61551418194329&locale=fr_FR\" target=\"_blank\"><img src=\"\/arx-custom-img\/exposant-fb.svg\"><\/a><a href=\"https:\/\/www.instagram.com\/quimpercheminees\/\" target=\"_blank\"><img src=\"\/arx-custom-img\/exposant-insta.svg\"><\/a><\/div>\r\n\t\t\t\t\r\n\t\t\t<\/div>\r\n\t\t\t\r\n\t\t\t<\/div><\/div><\/div><div id=\" \"class=\"exposant_item_popin\" data-id=\"10227\">\r\n\t\t\t\t\t<div class=\"exposant_item_popin_content box_shadow\">\r\n\r\n\t\t\t\t\t<div class=\"close\" data-id=\"10227\"><\/div>\r\n\t\t\t\t\t<div class=\"exposant_item_popin_scrolled_content\">\t\t\t\t\t\r\n\t\t\t\t<div class=\"flexpopupligne1\">\r\n\t\t\t\t\t<div class=\"popin_exposant_logo\"><img class=\"photo\" src=\"\/arx-custom-img\/exposant-amenago-default.jpg\"><\/div>\r\n\t\t\t\t\t<div class=\"\"><p class=\"arx_titlte_exposantpopup\">QUIMPER CHEMINEES<\/p><p class=\"arx_popup_site\"><a href=\"http:\/\/quimpercheminees.fr\/\" target=\"_blank\">quimpercheminees.fr\/<\/a><\/p><p class=\"arx_stand_exposant_popup\">D15<\/p><\/div><div class=\"nomenclature\" style=\"font-family: AzoSansbold !important;  line-height: 38px !important;     color: #002350 !important;\"><span>#j'optimise les performances, je s\u00e9curise mon logement<\/span><\/div>\r\n\t\t\t<\/div>\r\n\t\t\t\t<div class=\"popin_exposant_adresse\" style=\"margin-top:25px\"><p class=\"arx_adresse_popup\"><img src=\"\/wp-content\/uploads\/2023\/01\/Vector-2.png\" style=\"margin-right:3px\"><strong>6-8 ALLEE DU DOCTEUR PICQUENARD\r\nZONE DE L' HIPPPODROM\n., 29000 - QUIMPER<\/strong><\/p><\/div>\r\n\t\t\t\t\r\n\t\t\t\t<div class=\"popin_exposant_content\"><p class=\"arx_expo_extrait\"><strong>Po\u00eales \u00e0 bois et granul\u00e9s, chemin\u00e9es bois et granul\u00e9s, chemin\u00e9es gaz<\/strong><\/p><\/div>\r\n\t\t\t<div class=\"popin_exposant_resaux\">\r\n\t\t\t\t<div class=\"reseaux\" style=\"    display: flex;   justify-content: flex-end;\"><\/div>\r\n\t\t\t\t\r\n\t\t\t<\/div>\r\n\t\t\t\r\n\t\t\t<\/div><\/div><\/div><div id=\" \"class=\"exposant_item_popin\" data-id=\"9081\">\r\n\t\t\t\t\t<div class=\"exposant_item_popin_content box_shadow\">\r\n\r\n\t\t\t\t\t<div class=\"close\" data-id=\"9081\"><\/div>\r\n\t\t\t\t\t<div class=\"exposant_item_popin_scrolled_content\">\t\t\t\t\t\r\n\t\t\t\t<div class=\"flexpopupligne1\">\r\n\t\t\t\t\t<div class=\"popin_exposant_logo\"><img class=\"photo\" src=\"https:\/\/exposant.gl-events.com\/uploads\/company_booths\/logos\/f0eb8620f77fe356c4b209e647d2fa41.jpg\"><\/div>\r\n\t\t\t\t\t<div class=\"\"><p class=\"arx_titlte_exposantpopup\">REHAB<\/p><p class=\"arx_popup_site\"><a href=\"http:\/\/www.atelier-rehab.com\/\" target=\"_blank\">www.atelier-rehab.com\/<\/a><\/p><p class=\"arx_stand_exposant_popup\">E02BIS<\/p><\/div><div class=\"nomenclature\" style=\"font-family: AzoSansbold !important;  line-height: 38px !important;     color: #002350 !important;\"><span>#j'am\u00e9nage, j'agence et je d\u00e9core ma maison<\/span><\/div>\r\n\t\t\t<\/div>\r\n\t\t\t\t<div class=\"popin_exposant_adresse\" style=\"margin-top:25px\"><p class=\"arx_adresse_popup\"><img src=\"\/wp-content\/uploads\/2023\/01\/Vector-2.png\" style=\"margin-right:3px\"><strong>74 Chemin de TREGONT MAB, 29000 - QUIMPER<\/strong><\/p><\/div>\r\n\t\t\t\t\r\n\t\t\t\t<div class=\"popin_exposant_content\"><p class=\"arx_expo_extrait\"><strong>Rev\u00eatements et mobiliers en plastique recycl\u00e9<\/strong><\/p><\/div>\r\n\t\t\t<div class=\"popin_exposant_resaux\">\r\n\t\t\t\t<div class=\"reseaux\" style=\"    display: flex;   justify-content: flex-end;\"><a href=\"https:\/\/www.facebook.com\/rehab.bzh\" target=\"_blank\"><img src=\"\/arx-custom-img\/exposant-fb.svg\"><\/a><a href=\"https:\/\/www.instagram.com\/atelier.rehab\/\" target=\"_blank\"><img src=\"\/arx-custom-img\/exposant-insta.svg\"><\/a><\/div>\r\n\t\t\t\t\r\n\t\t\t<\/div>\r\n\t\t\t\r\n\t\t\t<\/div><\/div><\/div><div id=\" \"class=\"exposant_item_popin\" data-id=\"10256\">\r\n\t\t\t\t\t<div class=\"exposant_item_popin_content box_shadow\">\r\n\r\n\t\t\t\t\t<div class=\"close\" data-id=\"10256\"><\/div>\r\n\t\t\t\t\t<div class=\"exposant_item_popin_scrolled_content\">\t\t\t\t\t\r\n\t\t\t\t<div class=\"flexpopupligne1\">\r\n\t\t\t\t\t<div class=\"popin_exposant_logo\"><img class=\"photo\" src=\"\/arx-custom-img\/exposant-amenago-default.jpg\"><\/div>\r\n\t\t\t\t\t<div class=\"\"><p class=\"arx_titlte_exposantpopup\">RENOVATION MAN<\/p><p class=\"arx_popup_site\"><a href=\"http:\/\/www.renovationman.com\/\" target=\"_blank\">www.renovationman.com\/<\/a><\/p><p class=\"arx_stand_exposant_popup\">E20<\/p><\/div><div class=\"nomenclature\" style=\"font-family: AzoSansbold !important;  line-height: 38px !important;     color: #002350 !important;\"><span>#je construis, je r\u00e9nove ma maison<\/span><\/div>\r\n\t\t\t<\/div>\r\n\t\t\t\t<div class=\"popin_exposant_adresse\" style=\"margin-top:25px\"><p class=\"arx_adresse_popup\"><img src=\"\/wp-content\/uploads\/2023\/01\/Vector-2.png\" style=\"margin-right:3px\"><strong>95 AV DU PRESIDENT WILSON, 93100 - MONTEUIL<\/strong><\/p><\/div>\r\n\t\t\t\t\r\n\t\t\t\t<div class=\"popin_exposant_content\"><p class=\"arx_expo_extrait\"><strong>Plus rapide, plus simple, plus s\u00fbr : un accompagnement sur mesure pour r\u00e9nover en toute s\u00e9r\u00e9nit\u00e9.<\/strong><\/p><\/div>\r\n\t\t\t<div class=\"popin_exposant_resaux\">\r\n\t\t\t\t<div class=\"reseaux\" style=\"    display: flex;   justify-content: flex-end;\"><\/div>\r\n\t\t\t\t\r\n\t\t\t<\/div>\r\n\t\t\t\r\n\t\t\t<\/div><\/div><\/div><div id=\" \"class=\"exposant_item_popin\" data-id=\"9075\">\r\n\t\t\t\t\t<div class=\"exposant_item_popin_content box_shadow\">\r\n\r\n\t\t\t\t\t<div class=\"close\" data-id=\"9075\"><\/div>\r\n\t\t\t\t\t<div class=\"exposant_item_popin_scrolled_content\">\t\t\t\t\t\r\n\t\t\t\t<div class=\"flexpopupligne1\">\r\n\t\t\t\t\t<div class=\"popin_exposant_logo\"><img class=\"photo\" src=\"https:\/\/exposant.gl-events.com\/uploads\/company_booths\/logos\/125e4e54d640f7f7cd86b9dec92edf4d.jpg\"><\/div>\r\n\t\t\t\t\t<div class=\"\"><p class=\"arx_titlte_exposantpopup\">R\u00e9seau TYNEO - Espace Conseil France R\u00e9nov'<\/p><p class=\"arx_popup_site\"><a href=\"http:\/\/reseautyneo.bzh\/\" target=\"_blank\">reseautyneo.bzh\/<\/a><\/p><p class=\"arx_stand_exposant_popup\">H09<\/p><\/div><div class=\"nomenclature\" style=\"font-family: AzoSansbold !important;  line-height: 38px !important;     color: #002350 !important;\"><span>#je pr\u00e9pare mon projet immobilier<\/span><\/div>\r\n\t\t\t<\/div>\r\n\t\t\t\t<div class=\"popin_exposant_adresse\" style=\"margin-top:25px\"><p class=\"arx_adresse_popup\"><img src=\"\/wp-content\/uploads\/2023\/01\/Vector-2.png\" style=\"margin-right:3px\"><strong>,  - QUIMPER<\/strong><\/p><\/div>\r\n\t\t\t\t\r\n\t\t\t\t<div class=\"popin_exposant_content\"><p class=\"arx_expo_extrait\"><strong>Simplifie votre parcours r\u00e9novation en vous apportant des conseils techniques et personnalis\u00e9s sur les soutiens financiers (aides nationales, locales, publiques, priv\u00e9es, pr\u00eats, dispositif fiscaux..). Il est pilot\u00e9 par Quimper Cornouaille D\u00e9veloppement, l\u2019agence de d\u00e9veloppement \u00e9conomique et d\u2019urbanisme de Cornouaille.<\/strong><\/p><\/div>\r\n\t\t\t<div class=\"popin_exposant_resaux\">\r\n\t\t\t\t<div class=\"reseaux\" style=\"    display: flex;   justify-content: flex-end;\"><a href=\"https:\/\/www.facebook.com\/reseautyneo\/\" target=\"_blank\"><img src=\"\/arx-custom-img\/exposant-fb.svg\"><\/a><a href=\"https:\/\/www.instagram.com\/reseautyneo\/\" target=\"_blank\"><img src=\"\/arx-custom-img\/exposant-insta.svg\"><\/a><\/div>\r\n\t\t\t\t\r\n\t\t\t<\/div>\r\n\t\t\t\r\n\t\t\t\r\n\t\t\t\t<div class=\"popin_exposant_produits\">\r\n\t\t\t\t\t<div class=\"titre_produits\" style=\"padding-bottom:40px !important\">PRODUITS<\/div>\r\n\t\t\t\t\r\n\t\t\t\t\t\r\n\t\t\t\t\t<div class=\"produit_item\">\r\n\t\t\t\t\t<div class=\"col1\">\r\n\t\t\t\t\t\t<div class=\"produit_img\"><a href=\"https:\/\/exposant.gl-events.com\/uploads\/products\/d42a25b3e1aca9e855821e710b0c8898.jpg\" class=\"et_pb_lightbox_image\"><img src=\"https:\/\/exposant.gl-events.com\/uploads\/products\/d42a25b3e1aca9e855821e710b0c8898.jpg\"><\/a><\/div>\r\n\t\t\t\t\t<\/div>\r\n\t\t\t\t\t<div class=\"col2\">\r\n\t\t\t\t\t\t<div class=\"produit_titre\"><strong>Informations & conseils gratuits, neutres et ind\u00e9pendants<\/strong><\/div>\r\n\t\t\t\t\t\t<div class=\"produit_description\"><strong><\/strong><\/div>\r\n\t\t\t\t\t\t<div class=\"produit_liens\"><div><a class=\"arxproduitlien\" href=\"https:\/\/reseautyneo.bzh\/\" target=\"_blank\">https:\/\/reseautyneo.bzh\/<\/a><\/div><\/div>\r\n\t\t\t\t\t<\/div>\r\n\t\t\t\t\t<\/div>\t\r\n\t\t\t\t<\/div><\/div><\/div><\/div><div id=\" \"class=\"exposant_item_popin\" data-id=\"10207\">\r\n\t\t\t\t\t<div class=\"exposant_item_popin_content box_shadow\">\r\n\r\n\t\t\t\t\t<div class=\"close\" data-id=\"10207\"><\/div>\r\n\t\t\t\t\t<div class=\"exposant_item_popin_scrolled_content\">\t\t\t\t\t\r\n\t\t\t\t<div class=\"flexpopupligne1\">\r\n\t\t\t\t\t<div class=\"popin_exposant_logo\"><img class=\"photo\" src=\"\/arx-custom-img\/exposant-amenago-default.jpg\"><\/div>\r\n\t\t\t\t\t<div class=\"\"><p class=\"arx_titlte_exposantpopup\">R\u00e9seau TYNEO - Espace Conseil France R\u00e9nov'<\/p><p class=\"arx_popup_site\"><a href=\"http:\/\/reseautyneo.bzh\/\" target=\"_blank\">reseautyneo.bzh\/<\/a><\/p><p class=\"arx_stand_exposant_popup\">H03<\/p><\/div><div class=\"nomenclature\" style=\"font-family: AzoSansbold !important;  line-height: 38px !important;     color: #002350 !important;\"><span>#je pr\u00e9pare mon projet immobilier<\/span><\/div>\r\n\t\t\t<\/div>\r\n\t\t\t\t<div class=\"popin_exposant_adresse\" style=\"margin-top:25px\"><p class=\"arx_adresse_popup\"><img src=\"\/wp-content\/uploads\/2023\/01\/Vector-2.png\" style=\"margin-right:3px\"><strong>24 Route de Cuzon, 29000 - QUIMPER<\/strong><\/p><\/div>\r\n\t\t\t\t\r\n\t\t\t\t<div class=\"popin_exposant_content\"><p class=\"arx_expo_extrait\"><strong>Simplifie votre parcours r\u00e9novation en vous apportant des conseils techniques et personnalis\u00e9s sur les soutiens financiers (aides nationales, locales, publiques, priv\u00e9es, pr\u00eats, dispositif fiscaux..). Il est pilot\u00e9 par Quimper Cornouaille D\u00e9veloppement, l\u2019agence de d\u00e9veloppement \u00e9conomique et d\u2019urbanisme de Cornouaille.<\/strong><\/p><\/div>\r\n\t\t\t<div class=\"popin_exposant_resaux\">\r\n\t\t\t\t<div class=\"reseaux\" style=\"    display: flex;   justify-content: flex-end;\"><\/div>\r\n\t\t\t\t\r\n\t\t\t<\/div>\r\n\t\t\t\r\n\t\t\t<\/div><\/div><\/div><div id=\" \"class=\"exposant_item_popin\" data-id=\"10280\">\r\n\t\t\t\t\t<div class=\"exposant_item_popin_content box_shadow\">\r\n\r\n\t\t\t\t\t<div class=\"close\" data-id=\"10280\"><\/div>\r\n\t\t\t\t\t<div class=\"exposant_item_popin_scrolled_content\">\t\t\t\t\t\r\n\t\t\t\t<div class=\"flexpopupligne1\">\r\n\t\t\t\t\t<div class=\"popin_exposant_logo\"><img class=\"photo\" src=\"\/arx-custom-img\/exposant-amenago-default.jpg\"><\/div>\r\n\t\t\t\t\t<div class=\"\"><p class=\"arx_titlte_exposantpopup\">RESIWALL<\/p><p class=\"arx_popup_site\"><a href=\"http:\/\/www.resiwall.com\/\" target=\"_blank\">www.resiwall.com\/<\/a><\/p><p class=\"arx_stand_exposant_popup\">B32<\/p><\/div><div class=\"nomenclature\" style=\"font-family: AzoSansbold !important;  line-height: 38px !important;     color: #002350 !important;\"><span>#je cr\u00e9e ou je r\u00e9nove ma cuisine, ma salle de bain<\/span><\/div>\r\n\t\t\t<\/div>\r\n\t\t\t\t<div class=\"popin_exposant_adresse\" style=\"margin-top:25px\"><p class=\"arx_adresse_popup\"><img src=\"\/wp-content\/uploads\/2023\/01\/Vector-2.png\" style=\"margin-right:3px\"><strong>3 Rue Ambroise Par\u00e9, 22360 - LANGUEUX<\/strong><\/p><\/div>\r\n\t\t\t\t\r\n\t\t\t\t<div class=\"popin_exposant_content\"><p class=\"arx_expo_extrait\"><strong> <\/strong><\/p><\/div>\r\n\t\t\t<div class=\"popin_exposant_resaux\">\r\n\t\t\t\t<div class=\"reseaux\" style=\"    display: flex;   justify-content: flex-end;\"><\/div>\r\n\t\t\t\t\r\n\t\t\t<\/div>\r\n\t\t\t\r\n\t\t\t<\/div><\/div><\/div><div id=\" \"class=\"exposant_item_popin\" data-id=\"9025\">\r\n\t\t\t\t\t<div class=\"exposant_item_popin_content box_shadow\">\r\n\r\n\t\t\t\t\t<div class=\"close\" data-id=\"9025\"><\/div>\r\n\t\t\t\t\t<div class=\"exposant_item_popin_scrolled_content\">\t\t\t\t\t\r\n\t\t\t\t<div class=\"flexpopupligne1\">\r\n\t\t\t\t\t<div class=\"popin_exposant_logo\"><img class=\"photo\" src=\"\/arx-custom-img\/exposant-amenago-default.jpg\"><\/div>\r\n\t\t\t\t\t<div class=\"\"><p class=\"arx_titlte_exposantpopup\">RICORDEL PROTECT<\/p><p class=\"arx_popup_site\"><a href=\"http:\/\/www.ricordelprotect.fr\/\" target=\"_blank\">www.ricordelprotect.fr\/<\/a><\/p><p class=\"arx_stand_exposant_popup\">A33<\/p><\/div><div class=\"nomenclature\" style=\"font-family: AzoSansbold !important;  line-height: 38px !important;     color: #002350 !important;\"><span>#j'optimise les performances, je s\u00e9curise mon logement<\/span><\/div>\r\n\t\t\t<\/div>\r\n\t\t\t\t<div class=\"popin_exposant_adresse\" style=\"margin-top:25px\"><p class=\"arx_adresse_popup\"><img src=\"\/wp-content\/uploads\/2023\/01\/Vector-2.png\" style=\"margin-right:3px\"><strong>28 RUE AN DOUR RUZ\n28 RUE AN DOUR RUZ\n., 29700 - PLUGUFFAN<\/strong><\/p><\/div>\r\n\t\t\t\t\r\n\t\t\t\t<div class=\"popin_exposant_content\"><p class=\"arx_expo_extrait\"><strong>Couverture, enduit, r\u00e9sine toiture, isolation par l'ext\u00e9rieur, ravalement, \u00e9tanch\u00e9it\u00e9, nettoyage fa\u00e7ade et toiture, am\u00e9nagement des combles<\/strong><\/p><\/div>\r\n\t\t\t<div class=\"popin_exposant_resaux\">\r\n\t\t\t\t<div class=\"reseaux\" style=\"    display: flex;   justify-content: flex-end;\"><\/div>\r\n\t\t\t\t\r\n\t\t\t<\/div>\r\n\t\t\t\r\n\t\t\t<\/div><\/div><\/div><div id=\" \"class=\"exposant_item_popin\" data-id=\"9028\">\r\n\t\t\t\t\t<div class=\"exposant_item_popin_content box_shadow\">\r\n\r\n\t\t\t\t\t<div class=\"close\" data-id=\"9028\"><\/div>\r\n\t\t\t\t\t<div class=\"exposant_item_popin_scrolled_content\">\t\t\t\t\t\r\n\t\t\t\t<div class=\"flexpopupligne1\">\r\n\t\t\t\t\t<div class=\"popin_exposant_logo\"><img class=\"photo\" src=\"\/arx-custom-img\/exposant-amenago-default.jpg\"><\/div>\r\n\t\t\t\t\t<div class=\"\"><p class=\"arx_titlte_exposantpopup\">RTM MENUISERIES LES MENUISIERS BRETONS<\/p><p class=\"arx_popup_site\"><a href=\"http:\/\/st-evarzec.surmesure-menuiserie.fr\/\" target=\"_blank\">st-evarzec.surmesure-menuiserie.fr\/<\/a><\/p><p class=\"arx_stand_exposant_popup\">E06<\/p><\/div><div class=\"nomenclature\" style=\"font-family: AzoSansbold !important;  line-height: 38px !important;     color: #002350 !important;\"><span>#j'optimise les performances, je s\u00e9curise mon logement<\/span><\/div>\r\n\t\t\t<\/div>\r\n\t\t\t\t<div class=\"popin_exposant_adresse\" style=\"margin-top:25px\"><p class=\"arx_adresse_popup\"><img src=\"\/wp-content\/uploads\/2023\/01\/Vector-2.png\" style=\"margin-right:3px\"><strong>ZONE ARTISANALE DE POULHIBET, 56240 - BERNE<\/strong><\/p><\/div>\r\n\t\t\t\t\r\n\t\t\t\t<div class=\"popin_exposant_content\"><p class=\"arx_expo_extrait\"><strong>Menuiseries int\u00e9rieures et ext\u00e9rieures de qualit\u00e9 et un service optimal. <\/strong><\/p><\/div>\r\n\t\t\t<div class=\"popin_exposant_resaux\">\r\n\t\t\t\t<div class=\"reseaux\" style=\"    display: flex;   justify-content: flex-end;\"><\/div>\r\n\t\t\t\t\r\n\t\t\t<\/div>\r\n\t\t\t\r\n\t\t\t<\/div><\/div><\/div><div id=\" \"class=\"exposant_item_popin\" data-id=\"10160\">\r\n\t\t\t\t\t<div class=\"exposant_item_popin_content box_shadow\">\r\n\r\n\t\t\t\t\t<div class=\"close\" data-id=\"10160\"><\/div>\r\n\t\t\t\t\t<div class=\"exposant_item_popin_scrolled_content\">\t\t\t\t\t\r\n\t\t\t\t<div class=\"flexpopupligne1\">\r\n\t\t\t\t\t<div class=\"popin_exposant_logo\"><img class=\"photo\" src=\"\/arx-custom-img\/exposant-amenago-default.jpg\"><\/div>\r\n\t\t\t\t\t<div class=\"\"><p class=\"arx_titlte_exposantpopup\">RTM MENUISERIES LES MENUISIERS BRETONS<\/p><p class=\"arx_popup_site\"><a href=\"http:\/\/st-evarzec.surmesure-menuiserie.fr\/\" target=\"_blank\">st-evarzec.surmesure-menuiserie.fr\/<\/a><\/p><p class=\"arx_stand_exposant_popup\">D39<\/p><\/div><div class=\"nomenclature\" style=\"font-family: AzoSansbold !important;  line-height: 38px !important;     color: #002350 !important;\"><span>#j'optimise les performances, je s\u00e9curise mon logement<\/span><\/div>\r\n\t\t\t<\/div>\r\n\t\t\t\t<div class=\"popin_exposant_adresse\" style=\"margin-top:25px\"><p class=\"arx_adresse_popup\"><img src=\"\/wp-content\/uploads\/2023\/01\/Vector-2.png\" style=\"margin-right:3px\"><strong>ZONE ARTISANALE DE POULHIBET, 56240 - BERNE<\/strong><\/p><\/div>\r\n\t\t\t\t\r\n\t\t\t\t<div class=\"popin_exposant_content\"><p class=\"arx_expo_extrait\"><strong>Menuiseries int\u00e9rieures et ext\u00e9rieures de qualit\u00e9 et un service optimal. <\/strong><\/p><\/div>\r\n\t\t\t<div class=\"popin_exposant_resaux\">\r\n\t\t\t\t<div class=\"reseaux\" style=\"    display: flex;   justify-content: flex-end;\"><\/div>\r\n\t\t\t\t\r\n\t\t\t<\/div>\r\n\t\t\t\r\n\t\t\t<\/div><\/div><\/div><div id=\" \"class=\"exposant_item_popin\" data-id=\"10255\">\r\n\t\t\t\t\t<div class=\"exposant_item_popin_content box_shadow\">\r\n\r\n\t\t\t\t\t<div class=\"close\" data-id=\"10255\"><\/div>\r\n\t\t\t\t\t<div class=\"exposant_item_popin_scrolled_content\">\t\t\t\t\t\r\n\t\t\t\t<div class=\"flexpopupligne1\">\r\n\t\t\t\t\t<div class=\"popin_exposant_logo\"><img class=\"photo\" src=\"https:\/\/exposant.gl-events.com\/uploads\/company_booths\/logos\/ec4c701d7121014446fbef3a4dc6541d.png\"><\/div>\r\n\t\t\t\t\t<div class=\"\"><p class=\"arx_titlte_exposantpopup\">SERENO<\/p><p class=\"arx_popup_site\"><a href=\"http:\/\/www.sereno.bzh\/\" target=\"_blank\">www.sereno.bzh\/<\/a><\/p><p class=\"arx_stand_exposant_popup\">A02<\/p><\/div><div class=\"nomenclature\" style=\"font-family: AzoSansbold !important;  line-height: 38px !important;     color: #002350 !important;\"><span>#j'optimise les performances, je s\u00e9curise mon logement<\/span><\/div>\r\n\t\t\t<\/div>\r\n\t\t\t\t<div class=\"popin_exposant_adresse\" style=\"margin-top:25px\"><p class=\"arx_adresse_popup\"><img src=\"\/wp-content\/uploads\/2023\/01\/Vector-2.png\" style=\"margin-right:3px\"><strong>16 Rue du Manoir, 29000 - QUIMPER<\/strong><\/p><\/div>\r\n\t\t\t\t\r\n\t\t\t\t<div class=\"popin_exposant_content\"><p class=\"arx_expo_extrait\"><strong>\u00c9lectricit\u00e9 et R\u00e9seaux \u00e0 Quimper\r\nPour les particuliers et les professionnels\r\n\u00c9lectricit\u00e9 r\u00e9novation, neuf\r\nVentilation\r\nChauffage \u00e9lectrique\r\n\u00c9clairage int\u00e9rieur et ext\u00e9rieur\r\nR\u00e9seaux informatiques cuivre, fibre, baie informatique<\/strong><\/p><\/div>\r\n\t\t\t<div class=\"popin_exposant_resaux\">\r\n\t\t\t\t<div class=\"reseaux\" style=\"    display: flex;   justify-content: flex-end;\"><\/div>\r\n\t\t\t\t\r\n\t\t\t<\/div>\r\n\t\t\t\r\n\t\t\t<\/div><\/div><\/div><div id=\" \"class=\"exposant_item_popin\" data-id=\"8992\">\r\n\t\t\t\t\t<div class=\"exposant_item_popin_content box_shadow\">\r\n\r\n\t\t\t\t\t<div class=\"close\" data-id=\"8992\"><\/div>\r\n\t\t\t\t\t<div class=\"exposant_item_popin_scrolled_content\">\t\t\t\t\t\r\n\t\t\t\t<div class=\"flexpopupligne1\">\r\n\t\t\t\t\t<div class=\"popin_exposant_logo\"><img class=\"photo\" src=\"\/arx-custom-img\/exposant-amenago-default.jpg\"><\/div>\r\n\t\t\t\t\t<div class=\"\"><p class=\"arx_titlte_exposantpopup\">SIMPLE ET COSY<\/p><p class=\"arx_popup_site\"><a href=\"http:\/\/www.simpleetcosy.com\/\" target=\"_blank\">www.simpleetcosy.com\/<\/a><\/p><p class=\"arx_stand_exposant_popup\">D16<\/p><\/div><div class=\"nomenclature\" style=\"font-family: AzoSansbold !important;  line-height: 38px !important;     color: #002350 !important;\"><span>#j'am\u00e9nage, j'agence et je d\u00e9core ma maison<\/span><\/div>\r\n\t\t\t<\/div>\r\n\t\t\t\t<div class=\"popin_exposant_adresse\" style=\"margin-top:25px\"><p class=\"arx_adresse_popup\"><img src=\"\/wp-content\/uploads\/2023\/01\/Vector-2.png\" style=\"margin-right:3px\"><strong>17 rue de Cornouaille, 29170 - FOUESNANT<\/strong><\/p><\/div>\r\n\t\t\t\t\r\n\t\t\t\t<div class=\"popin_exposant_content\"><p class=\"arx_expo_extrait\"><strong>D\u00e9coratrice d'int\u00e9rieur, j'aide les particuliers et professionnels bretons \u00e0 (re)tomber amoureux de leur int\u00e9rieur <\/strong><\/p><\/div>\r\n\t\t\t<div class=\"popin_exposant_resaux\">\r\n\t\t\t\t<div class=\"reseaux\" style=\"    display: flex;   justify-content: flex-end;\"><\/div>\r\n\t\t\t\t\r\n\t\t\t<\/div>\r\n\t\t\t\r\n\t\t\t<\/div><\/div><\/div><div id=\" \"class=\"exposant_item_popin\" data-id=\"9076\">\r\n\t\t\t\t\t<div class=\"exposant_item_popin_content box_shadow\">\r\n\r\n\t\t\t\t\t<div class=\"close\" data-id=\"9076\"><\/div>\r\n\t\t\t\t\t<div class=\"exposant_item_popin_scrolled_content\">\t\t\t\t\t\r\n\t\t\t\t<div class=\"flexpopupligne1\">\r\n\t\t\t\t\t<div class=\"popin_exposant_logo\"><img class=\"photo\" src=\"https:\/\/exposant.gl-events.com\/uploads\/company_booths\/logos\/629d9c56d1b40bc5a0b46147751ce5ba.png\"><\/div>\r\n\t\t\t\t\t<div class=\"\"><p class=\"arx_titlte_exposantpopup\">SOLAR EXPANSION<\/p><p class=\"arx_popup_site\"><a href=\"http:\/\/www.solar-expansion.fr\/\" target=\"_blank\">www.solar-expansion.fr\/<\/a><\/p><p class=\"arx_stand_exposant_popup\">G08<\/p><\/div><div class=\"nomenclature\" style=\"font-family: AzoSansbold !important;  line-height: 38px !important;     color: #002350 !important;\"><span>#j'optimise les performances, je s\u00e9curise mon logement<\/span><\/div>\r\n\t\t\t<\/div>\r\n\t\t\t\t<div class=\"popin_exposant_adresse\" style=\"margin-top:25px\"><p class=\"arx_adresse_popup\"><img src=\"\/wp-content\/uploads\/2023\/01\/Vector-2.png\" style=\"margin-right:3px\"><strong>ZA de PEN MANE, 56520 - GUIDEL<\/strong><\/p><\/div>\r\n\t\t\t\t\r\n\t\t\t\t<div class=\"popin_exposant_content\"><p class=\"arx_expo_extrait\"><strong>Solar Expansion, sp\u00e9cialiste de l'installation de panneaux solaires en Bretagne, se distingue par son expertise. Fond\u00e9e en 2003, notre entreprise est devenue un acteur incontournable avec des centaines d'installations pour particuliers, professionnels et collectivit\u00e9s.\r\n\r\nLa satisfaction de nos clients est notre priorit\u00e9 absolue, et nous nous engageons \u00e0 ne pas sous-traiter vos projets solaires.\r\n\r\nNotre exp\u00e9rience nous permet de r\u00e9aliser des projets de toutes tailles, de 3 \u00e0 250 kWc. Nous couvrons une diversit\u00e9 de configurations : avec ou sans batterie, int\u00e9gration au sol ou surimposition sur toiture.\r\n\r\nSolar Expansion propose une gamme compl\u00e8te de solutions : revente de l'exc\u00e9dent de production, alimentation autonome de sites isol\u00e9s, ou autoconsommation. Faites confiance \u00e0 notre savoir-faire pour concr\u00e9tiser votre projet solaire dans les r\u00e8gles de l'art.<\/strong><\/p><\/div>\r\n\t\t\t<div class=\"popin_exposant_resaux\">\r\n\t\t\t\t<div class=\"reseaux\" style=\"    display: flex;   justify-content: flex-end;\"><a href=\"https:\/\/www.facebook.com\/solarexpansion56\/?locale=fr_FR\" target=\"_blank\"><img src=\"\/arx-custom-img\/exposant-fb.svg\"><\/a><a href=\"https:\/\/www.instagram.com\/solarexpansion_fr\/\" target=\"_blank\"><img src=\"\/arx-custom-img\/exposant-insta.svg\"><\/a><\/div>\r\n\t\t\t\t\r\n\t\t\t<\/div>\r\n\t\t\t\r\n\t\t\t<\/div><\/div><\/div><div id=\" \"class=\"exposant_item_popin\" data-id=\"10208\">\r\n\t\t\t\t\t<div class=\"exposant_item_popin_content box_shadow\">\r\n\r\n\t\t\t\t\t<div class=\"close\" data-id=\"10208\"><\/div>\r\n\t\t\t\t\t<div class=\"exposant_item_popin_scrolled_content\">\t\t\t\t\t\r\n\t\t\t\t<div class=\"flexpopupligne1\">\r\n\t\t\t\t\t<div class=\"popin_exposant_logo\"><img class=\"photo\" src=\"\/arx-custom-img\/exposant-amenago-default.jpg\"><\/div>\r\n\t\t\t\t\t<div class=\"\"><p class=\"arx_titlte_exposantpopup\">SOLAR EXPANSION<\/p><p class=\"arx_popup_site\"><a href=\"http:\/\/www.solar-expansion.fr\/\" target=\"_blank\">www.solar-expansion.fr\/<\/a><\/p><p class=\"arx_stand_exposant_popup\">G08<\/p><\/div><div class=\"nomenclature\" style=\"font-family: AzoSansbold !important;  line-height: 38px !important;     color: #002350 !important;\"><span>#j'optimise les performances, je s\u00e9curise mon logement<\/span><\/div>\r\n\t\t\t<\/div>\r\n\t\t\t\t<div class=\"popin_exposant_adresse\" style=\"margin-top:25px\"><p class=\"arx_adresse_popup\"><img src=\"\/wp-content\/uploads\/2023\/01\/Vector-2.png\" style=\"margin-right:3px\"><strong>ZA de PEN MANE, 56520 - GUIDEL<\/strong><\/p><\/div>\r\n\t\t\t\t\r\n\t\t\t\t<div class=\"popin_exposant_content\"><p class=\"arx_expo_extrait\"><strong>Photovolta\u00efque<\/strong><\/p><\/div>\r\n\t\t\t<div class=\"popin_exposant_resaux\">\r\n\t\t\t\t<div class=\"reseaux\" style=\"    display: flex;   justify-content: flex-end;\"><\/div>\r\n\t\t\t\t\r\n\t\t\t<\/div>\r\n\t\t\t\r\n\t\t\t<\/div><\/div><\/div><div id=\" \"class=\"exposant_item_popin\" data-id=\"9016\">\r\n\t\t\t\t\t<div class=\"exposant_item_popin_content box_shadow\">\r\n\r\n\t\t\t\t\t<div class=\"close\" data-id=\"9016\"><\/div>\r\n\t\t\t\t\t<div class=\"exposant_item_popin_scrolled_content\">\t\t\t\t\t\r\n\t\t\t\t<div class=\"flexpopupligne1\">\r\n\t\t\t\t\t<div class=\"popin_exposant_logo\"><img class=\"photo\" src=\"\/arx-custom-img\/exposant-amenago-default.jpg\"><\/div>\r\n\t\t\t\t\t<div class=\"\"><p class=\"arx_titlte_exposantpopup\">STARTIJENN<\/p><p class=\"arx_popup_site\"><a href=\"http:\/\/chauffage-helias.fr\/\" target=\"_blank\">chauffage-helias.fr\/<\/a><\/p><p class=\"arx_stand_exposant_popup\">A07<\/p><\/div><div class=\"nomenclature\" style=\"font-family: AzoSansbold !important;  line-height: 38px !important;     color: #002350 !important;\"><span>#j'optimise les performances, je s\u00e9curise mon logement<\/span><\/div>\r\n\t\t\t<\/div>\r\n\t\t\t\t<div class=\"popin_exposant_adresse\" style=\"margin-top:25px\"><p class=\"arx_adresse_popup\"><img src=\"\/wp-content\/uploads\/2023\/01\/Vector-2.png\" style=\"margin-right:3px\"><strong>ZA PENHOAT BRAZ, 29700 - PLOMELIN<\/strong><\/p><\/div>\r\n\t\t\t\t\r\n\t\t\t\t<div class=\"popin_exposant_content\"><p class=\"arx_expo_extrait\"><strong>Pompe \u00e0 chaleur, chaudi\u00e8re, climatisation, photovolta\u00efque et r\u00e9cup\u00e9ration d'eau de pluie<\/strong><\/p><\/div>\r\n\t\t\t<div class=\"popin_exposant_resaux\">\r\n\t\t\t\t<div class=\"reseaux\" style=\"    display: flex;   justify-content: flex-end;\"><\/div>\r\n\t\t\t\t\r\n\t\t\t<\/div>\r\n\t\t\t\r\n\t\t\t<\/div><\/div><\/div><div id=\" \"class=\"exposant_item_popin\" data-id=\"10185\">\r\n\t\t\t\t\t<div class=\"exposant_item_popin_content box_shadow\">\r\n\r\n\t\t\t\t\t<div class=\"close\" data-id=\"10185\"><\/div>\r\n\t\t\t\t\t<div class=\"exposant_item_popin_scrolled_content\">\t\t\t\t\t\r\n\t\t\t\t<div class=\"flexpopupligne1\">\r\n\t\t\t\t\t<div class=\"popin_exposant_logo\"><img class=\"photo\" src=\"\/arx-custom-img\/exposant-amenago-default.jpg\"><\/div>\r\n\t\t\t\t\t<div class=\"\"><p class=\"arx_titlte_exposantpopup\">STARTIJENN<\/p><p class=\"arx_popup_site\"><a href=\"http:\/\/chauffage-helias.fr\/\" target=\"_blank\">chauffage-helias.fr\/<\/a><\/p><p class=\"arx_stand_exposant_popup\">A07<\/p><\/div><div class=\"nomenclature\" style=\"font-family: AzoSansbold !important;  line-height: 38px !important;     color: #002350 !important;\"><span>#j'optimise les performances, je s\u00e9curise mon logement<\/span><\/div>\r\n\t\t\t<\/div>\r\n\t\t\t\t<div class=\"popin_exposant_adresse\" style=\"margin-top:25px\"><p class=\"arx_adresse_popup\"><img src=\"\/wp-content\/uploads\/2023\/01\/Vector-2.png\" style=\"margin-right:3px\"><strong>ZA PENHOAT BRAZ, 29700 - PLOMELIN<\/strong><\/p><\/div>\r\n\t\t\t\t\r\n\t\t\t\t<div class=\"popin_exposant_content\"><p class=\"arx_expo_extrait\"><strong>Pompe \u00e0 chaleur, chaudi\u00e8re, climatisation, photovolta\u00efque et r\u00e9cup\u00e9ration d'eau de pluie<\/strong><\/p><\/div>\r\n\t\t\t<div class=\"popin_exposant_resaux\">\r\n\t\t\t\t<div class=\"reseaux\" style=\"    display: flex;   justify-content: flex-end;\"><\/div>\r\n\t\t\t\t\r\n\t\t\t<\/div>\r\n\t\t\t\r\n\t\t\t<\/div><\/div><\/div><div id=\" \"class=\"exposant_item_popin\" data-id=\"9026\">\r\n\t\t\t\t\t<div class=\"exposant_item_popin_content box_shadow\">\r\n\r\n\t\t\t\t\t<div class=\"close\" data-id=\"9026\"><\/div>\r\n\t\t\t\t\t<div class=\"exposant_item_popin_scrolled_content\">\t\t\t\t\t\r\n\t\t\t\t<div class=\"flexpopupligne1\">\r\n\t\t\t\t\t<div class=\"popin_exposant_logo\"><img class=\"photo\" src=\"https:\/\/exposant.gl-events.com\/uploads\/company_booths\/logos\/fdc81c4f0e76941e03bafecd3cf7d13c.jpg\"><\/div>\r\n\t\t\t\t\t<div class=\"\"><p class=\"arx_titlte_exposantpopup\">STON'ART<\/p><p class=\"arx_popup_site\"><a href=\"http:\/\/www.stonart.fr\/\" target=\"_blank\">www.stonart.fr\/<\/a><\/p><p class=\"arx_stand_exposant_popup\">E12<\/p><\/div><div class=\"nomenclature\" style=\"font-family: AzoSansbold !important;  line-height: 38px !important;     color: #002350 !important;\"><span>#j'am\u00e9nage, j'agence et je d\u00e9core ma maison<\/span><\/div>\r\n\t\t\t<\/div>\r\n\t\t\t\t<div class=\"popin_exposant_adresse\" style=\"margin-top:25px\"><p class=\"arx_adresse_popup\"><img src=\"\/wp-content\/uploads\/2023\/01\/Vector-2.png\" style=\"margin-right:3px\"><strong>3 RUE DES SAULES, 44800 - SAINT HERBAIN<\/strong><\/p><\/div>\r\n\t\t\t\t\r\n\t\t\t\t<div class=\"popin_exposant_content\"><p class=\"arx_expo_extrait\"><strong>Enduit d\u00e9coratif int\u00e9rieur et ext\u00e9rieur, projet\u00e9, pigment\u00e9 puis sculpt\u00e9 \u00e0 la main pour donner l'aspect de la pierre<\/strong><\/p><\/div>\r\n\t\t\t<div class=\"popin_exposant_resaux\">\r\n\t\t\t\t<div class=\"reseaux\" style=\"    display: flex;   justify-content: flex-end;\"><a href=\"https:\/\/www.facebook.com\/StonArtDeco\/?locale=fr_FR\" target=\"_blank\"><img src=\"\/arx-custom-img\/exposant-fb.svg\"><\/a><a href=\"https:\/\/www.instagram.com\/stonart_officiel\/\" target=\"_blank\"><img src=\"\/arx-custom-img\/exposant-insta.svg\"><\/a><\/div>\r\n\t\t\t\t\r\n\t\t\t<\/div>\r\n\t\t\t\r\n\t\t\t\r\n\t\t\t\t<div class=\"popin_exposant_produits\">\r\n\t\t\t\t\t<div class=\"titre_produits\" style=\"padding-bottom:40px !important\">PRODUITS<\/div>\r\n\t\t\t\t\r\n\t\t\t\t\t\r\n\t\t\t\t\t<div class=\"produit_item\">\r\n\t\t\t\t\t<div class=\"col1\">\r\n\t\t\t\t\t\t<div class=\"produit_img\"><a href=\"https:\/\/exposant.gl-events.com\/uploads\/products\/dc8655c048f7b1f9cfe1f48f23f16c50.jpg\" class=\"et_pb_lightbox_image\"><img src=\"https:\/\/exposant.gl-events.com\/uploads\/products\/dc8655c048f7b1f9cfe1f48f23f16c50.jpg\"><\/a><\/div>\r\n\t\t\t\t\t<\/div>\r\n\t\t\t\t\t<div class=\"col2\">\r\n\t\t\t\t\t\t<div class=\"produit_titre\"><strong>DECOPIERRE<\/strong><\/div>\r\n\t\t\t\t\t\t<div class=\"produit_description\"><strong>Le proc\u00e9d\u00e9 DECOPIERRE d\u2019enduit \u00e0 la chaux s\u2019adapte \u00e0 tous vos supports int\u00e9rieurs et ext\u00e9rieurs : fa\u00e7ades, murs de cl\u00f4tures et murets, cages d\u2019escaliers, salons, cuisines, halls et caves... A base de chaux naturelle et de poudre de marbre, chaque projet est unique. Nos compagnons sculptent la mati\u00e8re enti\u00e8rement \u00e0 la main pour lui donner l\u2019aspect de la pierre de votre choix. Gr\u00e2ce \u00e0 notre exp\u00e9rience reconnue et notre sensibilit\u00e9 artistique et esth\u00e9tique, notre \u00e9quipe est en mesure de vous conseiller la plus belle finition pour revaloriser votre maison.<\/strong><\/div>\r\n\t\t\t\t\t\t<div class=\"produit_liens\"><div><a class=\"arxproduitlien\" href=\"https:\/\/www.decopierre.fr\/\" target=\"_blank\">https:\/\/www.decopierre.fr\/<\/a><\/div><\/div>\r\n\t\t\t\t\t<\/div>\r\n\t\t\t\t\t<\/div>\t\r\n\t\t\t\t<\/div><\/div><\/div><\/div><div id=\" \"class=\"exposant_item_popin\" data-id=\"10216\">\r\n\t\t\t\t\t<div class=\"exposant_item_popin_content box_shadow\">\r\n\r\n\t\t\t\t\t<div class=\"close\" data-id=\"10216\"><\/div>\r\n\t\t\t\t\t<div class=\"exposant_item_popin_scrolled_content\">\t\t\t\t\t\r\n\t\t\t\t<div class=\"flexpopupligne1\">\r\n\t\t\t\t\t<div class=\"popin_exposant_logo\"><img class=\"photo\" src=\"https:\/\/exposant.gl-events.com\/uploads\/company_booths\/logos\/708576f8a35b7a34daed4609af8cef00.jpg\"><\/div>\r\n\t\t\t\t\t<div class=\"\"><p class=\"arx_titlte_exposantpopup\">STON'ART<\/p><p class=\"arx_popup_site\"><a href=\"http:\/\/www.stonart.fr\/\" target=\"_blank\">www.stonart.fr\/<\/a><\/p><p class=\"arx_stand_exposant_popup\">E10<\/p><\/div><div class=\"nomenclature\" style=\"font-family: AzoSansbold !important;  line-height: 38px !important;     color: #002350 !important;\"><span>#j'am\u00e9nage, j'agence et je d\u00e9core ma maison<\/span><\/div>\r\n\t\t\t<\/div>\r\n\t\t\t\t<div class=\"popin_exposant_adresse\" style=\"margin-top:25px\"><p class=\"arx_adresse_popup\"><img src=\"\/wp-content\/uploads\/2023\/01\/Vector-2.png\" style=\"margin-right:3px\"><strong>3 RUE DES SAULES, 44800 - SAINT HERBAIN<\/strong><\/p><\/div>\r\n\t\t\t\t\r\n\t\t\t\t<div class=\"popin_exposant_content\"><p class=\"arx_expo_extrait\"><strong>Enduits d\u00e9coratifs \u00e0 la chaux aspect pierre<\/strong><\/p><\/div>\r\n\t\t\t<div class=\"popin_exposant_resaux\">\r\n\t\t\t\t<div class=\"reseaux\" style=\"    display: flex;   justify-content: flex-end;\"><a href=\"https:\/\/www.facebook.com\/StonArtDeco\/?locale=fr_FR\" target=\"_blank\"><img src=\"\/arx-custom-img\/exposant-fb.svg\"><\/a><a href=\"https:\/\/www.instagram.com\/stonart_officiel\/\" target=\"_blank\"><img src=\"\/arx-custom-img\/exposant-insta.svg\"><\/a><\/div>\r\n\t\t\t\t\r\n\t\t\t<\/div>\r\n\t\t\t\r\n\t\t\t<\/div><\/div><\/div><div id=\" \"class=\"exposant_item_popin\" data-id=\"10271\">\r\n\t\t\t\t\t<div class=\"exposant_item_popin_content box_shadow\">\r\n\r\n\t\t\t\t\t<div class=\"close\" data-id=\"10271\"><\/div>\r\n\t\t\t\t\t<div class=\"exposant_item_popin_scrolled_content\">\t\t\t\t\t\r\n\t\t\t\t<div class=\"flexpopupligne1\">\r\n\t\t\t\t\t<div class=\"popin_exposant_logo\"><img class=\"photo\" src=\"https:\/\/exposant.gl-events.com\/uploads\/company_booths\/logos\/1b99ea882fbac3af28fc9526e3f55fc7.png\"><\/div>\r\n\t\t\t\t\t<div class=\"\"><p class=\"arx_titlte_exposantpopup\">STUDIO BALAFENN<\/p><p class=\"arx_popup_site\"><a href=\"http:\/\/studiobalafenn.com\/\" target=\"_blank\">studiobalafenn.com\/<\/a><\/p><p class=\"arx_stand_exposant_popup\">G01T<\/p><\/div><div class=\"nomenclature\" style=\"font-family: AzoSansbold !important;  line-height: 38px !important;     color: #002350 !important;\"><span>#j'am\u00e9nage, j'agence et je d\u00e9core ma maison<\/span><\/div>\r\n\t\t\t<\/div>\r\n\t\t\t\t<div class=\"popin_exposant_adresse\" style=\"margin-top:25px\"><p class=\"arx_adresse_popup\"><img src=\"\/wp-content\/uploads\/2023\/01\/Vector-2.png\" style=\"margin-right:3px\"><strong>5 ALLEE DU BELIER, 29000 - QUIMPER<\/strong><\/p><\/div>\r\n\t\t\t\t\r\n\t\t\t\t<div class=\"popin_exposant_content\"><p class=\"arx_expo_extrait\"><strong> <\/strong><\/p><\/div>\r\n\t\t\t<div class=\"popin_exposant_resaux\">\r\n\t\t\t\t<div class=\"reseaux\" style=\"    display: flex;   justify-content: flex-end;\"><\/div>\r\n\t\t\t\t\r\n\t\t\t<\/div>\r\n\t\t\t\r\n\t\t\t<\/div><\/div><\/div><div id=\" \"class=\"exposant_item_popin\" data-id=\"10182\">\r\n\t\t\t\t\t<div class=\"exposant_item_popin_content box_shadow\">\r\n\r\n\t\t\t\t\t<div class=\"close\" data-id=\"10182\"><\/div>\r\n\t\t\t\t\t<div class=\"exposant_item_popin_scrolled_content\">\t\t\t\t\t\r\n\t\t\t\t<div class=\"flexpopupligne1\">\r\n\t\t\t\t\t<div class=\"popin_exposant_logo\"><img class=\"photo\" src=\"https:\/\/exposant.gl-events.com\/uploads\/company_booths\/logos\/c711692a7fdda447ff822e350340218f.jpg\"><\/div>\r\n\t\t\t\t\t<div class=\"\"><p class=\"arx_titlte_exposantpopup\">STYLE D'EAU PISCINES &amp; SPAS<\/p><p class=\"arx_popup_site\"><a href=\"http:\/\/www.styledeau.fr\" target=\"_blank\">www.styledeau.fr<\/a><\/p><p class=\"arx_stand_exposant_popup\">D37<\/p><\/div><div class=\"nomenclature\" style=\"font-family: AzoSansbold !important;  line-height: 38px !important;     color: #002350 !important;\"><span>#j'am\u00e9nage mon jardin, ma terrasse, mon balcon<\/span><\/div>\r\n\t\t\t<\/div>\r\n\t\t\t\t<div class=\"popin_exposant_adresse\" style=\"margin-top:25px\"><p class=\"arx_adresse_popup\"><img src=\"\/wp-content\/uploads\/2023\/01\/Vector-2.png\" style=\"margin-right:3px\"><strong>3 RUE HENRI FABRE, 29900 - CONCARNEAU<\/strong><\/p><\/div>\r\n\t\t\t\t\r\n\t\t\t\t<div class=\"popin_exposant_content\"><p class=\"arx_expo_extrait\"><strong>\u2022 Un projet sur mesure\r\nMat\u00e9riaux durables et accompagnement personnalis\u00e9 pour votre piscine\r\nB\u00e9n\u00e9ficiez d\u2019un accompagnement personnalis\u00e9 et d\u2019un savoir-faire reconnu pour la cr\u00e9ation de votre piscine, spa ou sauna.\r\nAvec notre entreprise familiale implant\u00e9e pr\u00e8s de Quimper, dans le Finist\u00e8re, nous sommes sp\u00e9cialis\u00e9s dans la construction de piscines, spas et saunas sur mesure.\r\nNos piscinistes exp\u00e9riment\u00e9s prennent en charge chaque \u00e9tape de votre projet : conception, choix des mat\u00e9riaux, installation et conseils d\u2019entretien.\r\nGr\u00e2ce \u00e0 notre expertise, nous utilisons des mat\u00e9riaux fiables et durables pour vous garantir un r\u00e9sultat de qualit\u00e9. Attentifs \u00e0 vos besoins, nous construisons des espaces de bien-\u00eatre en harmonie avec votre mode de vie. Notre objectif : transformer votre int\u00e9rieur ou ext\u00e9rieur en un v\u00e9ritable lieu de d\u00e9tente.\r\n\r\n\u2022 Piscines, spas &amp; saunas\r\nUn showroom pour \u00e9quiper et entretenir votre piscine, spa ou sauna\r\nRetrouvez dans notre showroom une large gamme d\u2019\u00e9quipements et accessoires adapt\u00e9s \u00e0 votre projet.\r\nNotre \u00e9quipe vous accueille dans notre showroom \u00e0 Concarneau, \u00e0 proximit\u00e9 de Quimper, pour vous pr\u00e9senter un vaste choix de mat\u00e9riel pour piscines, spas et saunas.\r\nVous y d\u00e9couvrirez tous les \u00e9quipements indispensables : syst\u00e8mes de filtration, pompes \u00e0 chaleur, coffrets de pilotage, b\u00e2ches, accessoires de confort et bien plus encore.\r\nPour un entretien simple et efficace, nous proposons des produits de traitement de l\u2019eau et tous les accessoires n\u00e9cessaires : \u00e9puisettes, balais, robots nettoyeurs etc.\r\nVous trouverez chez nous tout ce qu\u2019il faut pour prolonger la dur\u00e9e de vie de vos installations tout en simplifiant leur maintenance. Rendez-vous dans notre magasin de piscine pour profiter des conseils de nos experts !\r\n\r\n\r\n\u2022 Conseils d'entretien\r\nEntretien et \u00e9quipement de piscine : profitez de conseils dans notre showroom \u00e0 Concarneau\r\nNos piscinistes vous accompagnent avec professionnalisme pour un choix \u00e9clair\u00e9 et un suivi personnalis\u00e9 de votre projet.\r\nEn magasin, nos vendeurs sp\u00e9cialis\u00e9s sont \u00e0 votre \u00e9coute pour vous guider et vous conseiller dans votre projet.\r\nNotre showroom pr\u00e9sente des mod\u00e8les de spas, saunas et piscines \u00e0 coque, afin de vous aider \u00e0 vous projeter et choisir l\u2019\u00e9quipement le mieux adapt\u00e9 \u00e0 vos besoins.\r\nNous vous garantissons un interlocuteur unique, un suivi attentif de chaque client et un travail soign\u00e9 \u00e0 chaque \u00e9tape du projet. Gr\u00e2ce \u00e0 notre exigence de qualit\u00e9 et notre volont\u00e9 de satisfaire pleinement nos clients, nous vous assurons un accompagnement fiable et durable.\r\n\r\n\r\n<\/strong><\/p><\/div>\r\n\t\t\t<div class=\"popin_exposant_resaux\">\r\n\t\t\t\t<div class=\"reseaux\" style=\"    display: flex;   justify-content: flex-end;\"><a href=\"https:\/\/www.facebook.com\/AquilusPiscinesSpasConcarneau\" target=\"_blank\"><img src=\"\/arx-custom-img\/exposant-fb.svg\"><\/a><\/div>\r\n\t\t\t\t\r\n\t\t\t<\/div>\r\n\t\t\t\r\n\t\t\t\r\n\t\t\t\t<div class=\"popin_exposant_produits\">\r\n\t\t\t\t\t<div class=\"titre_produits\" style=\"padding-bottom:40px !important\">PRODUITS<\/div>\r\n\t\t\t\t\r\n\t\t\t\t\t\r\n\t\t\t\t\t<div class=\"produit_item\">\r\n\t\t\t\t\t<div class=\"col1\">\r\n\t\t\t\t\t\t<div class=\"produit_img\"><a href=\"https:\/\/exposant.gl-events.com\/uploads\/products\/cc3129d715b84650f1ae9f9953790fd4.jpg\" class=\"et_pb_lightbox_image\"><img src=\"https:\/\/exposant.gl-events.com\/uploads\/products\/cc3129d715b84650f1ae9f9953790fd4.jpg\"><\/a><\/div>\r\n\t\t\t\t\t<\/div>\r\n\t\t\t\t\t<div class=\"col2\">\r\n\t\t\t\t\t\t<div class=\"produit_titre\"><strong>SPAS<\/strong><\/div>\r\n\t\t\t\t\t\t<div class=\"produit_description\"><strong>Be Well Canada Spa est le fabricant canadien N\u00b01 de part sa qualit\u00e9 de fabrication et son savoir faire.<\/strong><\/div>\r\n\t\t\t\t\t\t<div class=\"produit_liens\"><div><a class=\"arxproduitlien\" href=\"https:\/\/pro.spa-bewell.fr\/\" target=\"_blank\">https:\/\/pro.spa-bewell.fr\/<\/a><\/div><\/div>\r\n\t\t\t\t\t<\/div>\r\n\t\t\t\t\t<\/div>\r\n\t\t\t\t\t\r\n\t\t\t\t\t<div class=\"produit_item\">\r\n\t\t\t\t\t<div class=\"col1\">\r\n\t\t\t\t\t\t<div class=\"produit_img\"><a href=\"https:\/\/exposant.gl-events.com\/uploads\/products\/6768d4a54196555148608dad5b9092b9.png\" class=\"et_pb_lightbox_image\"><img src=\"https:\/\/exposant.gl-events.com\/uploads\/products\/6768d4a54196555148608dad5b9092b9.png\"><\/a><\/div>\r\n\t\t\t\t\t<\/div>\r\n\t\t\t\t\t<div class=\"col2\">\r\n\t\t\t\t\t\t<div class=\"produit_titre\"><strong>SPAS<\/strong><\/div>\r\n\t\t\t\t\t\t<div class=\"produit_description\"><strong>Les spas Maple offrent une exp\u00e9rience de relaxation ultime, permettant \u00e0 chacun de cr\u00e9er un espace de bien-\u00eatre \u00e0 domicile. Profitez du luxe et du confort avec nos spas haut de gamme<\/strong><\/div>\r\n\t\t\t\t\t\t<div class=\"produit_liens\"><div><a class=\"arxproduitlien\" href=\"https:\/\/www.maple-spa.com\/\" target=\"_blank\">https:\/\/www.maple-spa.com\/<\/a><\/div><\/div>\r\n\t\t\t\t\t<\/div>\r\n\t\t\t\t\t<\/div>\r\n\t\t\t\t\t\r\n\t\t\t\t\t<div class=\"produit_item\">\r\n\t\t\t\t\t<div class=\"col1\">\r\n\t\t\t\t\t\t<div class=\"produit_img\"><a href=\"https:\/\/exposant.gl-events.com\/uploads\/products\/72acc34616f3d5d8f2b387c9ec128152.png\" class=\"et_pb_lightbox_image\"><img src=\"https:\/\/exposant.gl-events.com\/uploads\/products\/72acc34616f3d5d8f2b387c9ec128152.png\"><\/a><\/div>\r\n\t\t\t\t\t<\/div>\r\n\t\t\t\t\t<div class=\"col2\">\r\n\t\t\t\t\t\t<div class=\"produit_titre\"><strong>PISCINE BETON<\/strong><\/div>\r\n\t\t\t\t\t\t<div class=\"produit_description\"><strong>Chez UNIBEO Piscines, chaque piscine en b\u00e9ton arm\u00e9 monobloc est con\u00e7ue sur-mesure pour r\u00e9pondre \u00e0 vos envies et s\u2019adapter parfaitement \u00e0 votre terrain. Profitez de la solidit\u00e9 d\u2019une structure en b\u00e9ton arm\u00e9 durable et de la fiabilit\u00e9 d\u2019un groupe national reconnu<\/strong><\/div>\r\n\t\t\t\t\t\t<div class=\"produit_liens\"><div><a class=\"arxproduitlien\" href=\"https:\/\/www.piscines-unibeo.com\/\" target=\"_blank\">https:\/\/www.piscines-unibeo.com\/<\/a><\/div><\/div>\r\n\t\t\t\t\t<\/div>\r\n\t\t\t\t\t<\/div>\r\n\t\t\t\t\t\r\n\t\t\t\t\t<div class=\"produit_item\">\r\n\t\t\t\t\t<div class=\"col1\">\r\n\t\t\t\t\t\t<div class=\"produit_img\"><a href=\"https:\/\/exposant.gl-events.com\/uploads\/products\/11370160fab34d24c7273ed301b92562.png\" class=\"et_pb_lightbox_image\"><img src=\"https:\/\/exposant.gl-events.com\/uploads\/products\/11370160fab34d24c7273ed301b92562.png\"><\/a><\/div>\r\n\t\t\t\t\t<\/div>\r\n\t\t\t\t\t<div class=\"col2\">\r\n\t\t\t\t\t\t<div class=\"produit_titre\"><strong>PISCINE COQUE<\/strong><\/div>\r\n\t\t\t\t\t\t<div class=\"produit_description\"><strong><\/strong><\/div>\r\n\t\t\t\t\t\t<div class=\"produit_liens\"><div><a class=\"arxproduitlien\" href=\"https:\/\/www.cocktailpiscine.com\/cocktail-piscine?_gl=1*thbmir*_up*MQ..*_gs*MQ..&gclid=EAIaIQobChMIgYbFvdXnjwMVkqf9BR0PBwdIEAAYASAAEgLwnPD_BwE\" target=\"_blank\">https:\/\/www.cocktailpiscine.com\/cocktail-piscine?_gl=1*thbmir*_up*MQ..*_gs*MQ..&gclid=EAIaIQobChMIgYbFvdXnjwMVkqf9BR0PBwdIEAAYASAAEgLwnPD_BwE<\/a><\/div><\/div>\r\n\t\t\t\t\t<\/div>\r\n\t\t\t\t\t<\/div>\t\r\n\t\t\t\t<\/div><\/div><\/div><\/div><div id=\" \"class=\"exposant_item_popin\" data-id=\"9038\">\r\n\t\t\t\t\t<div class=\"exposant_item_popin_content box_shadow\">\r\n\r\n\t\t\t\t\t<div class=\"close\" data-id=\"9038\"><\/div>\r\n\t\t\t\t\t<div class=\"exposant_item_popin_scrolled_content\">\t\t\t\t\t\r\n\t\t\t\t<div class=\"flexpopupligne1\">\r\n\t\t\t\t\t<div class=\"popin_exposant_logo\"><img class=\"photo\" src=\"\/arx-custom-img\/exposant-amenago-default.jpg\"><\/div>\r\n\t\t\t\t\t<div class=\"\"><p class=\"arx_titlte_exposantpopup\">TECHNITOIT<\/p><p class=\"arx_popup_site\"><a href=\"http:\/\/www.technitoit.com\/agence\/finistere-29-quimper\/\" target=\"_blank\">www.technitoit.com\/agence\/finistere-29-quimper\/<\/a><\/p><p class=\"arx_stand_exposant_popup\">A44<\/p><\/div><div class=\"nomenclature\" style=\"font-family: AzoSansbold !important;  line-height: 38px !important;     color: #002350 !important;\"><span>#j'optimise les performances, je s\u00e9curise mon logement<\/span><\/div>\r\n\t\t\t<\/div>\r\n\t\t\t\t<div class=\"popin_exposant_adresse\" style=\"margin-top:25px\"><p class=\"arx_adresse_popup\"><img src=\"\/wp-content\/uploads\/2023\/01\/Vector-2.png\" style=\"margin-right:3px\"><strong>18 ROUTE DE KEROURVOIS\n18 RTE DE KEROURVOIS\n., 29500 - ERGUE GABERIC<\/strong><\/p><\/div>\r\n\t\t\t\t\r\n\t\t\t\t<div class=\"popin_exposant_content\"><p class=\"arx_expo_extrait\"><strong>R\u00e9novation toiture, fa\u00e7ade et isolation<\/strong><\/p><\/div>\r\n\t\t\t<div class=\"popin_exposant_resaux\">\r\n\t\t\t\t<div class=\"reseaux\" style=\"    display: flex;   justify-content: flex-end;\"><\/div>\r\n\t\t\t\t\r\n\t\t\t<\/div>\r\n\t\t\t\r\n\t\t\t<\/div><\/div><\/div><div id=\" \"class=\"exposant_item_popin\" data-id=\"10180\">\r\n\t\t\t\t\t<div class=\"exposant_item_popin_content box_shadow\">\r\n\r\n\t\t\t\t\t<div class=\"close\" data-id=\"10180\"><\/div>\r\n\t\t\t\t\t<div class=\"exposant_item_popin_scrolled_content\">\t\t\t\t\t\r\n\t\t\t\t<div class=\"flexpopupligne1\">\r\n\t\t\t\t\t<div class=\"popin_exposant_logo\"><img class=\"photo\" src=\"\/arx-custom-img\/exposant-amenago-default.jpg\"><\/div>\r\n\t\t\t\t\t<div class=\"\"><p class=\"arx_titlte_exposantpopup\">TECHNITOIT<\/p><p class=\"arx_popup_site\"><a href=\"http:\/\/www.technitoit.com\/agence\/finistere-29-quimper\/\" target=\"_blank\">www.technitoit.com\/agence\/finistere-29-quimper\/<\/a><\/p><p class=\"arx_stand_exposant_popup\">A44<\/p><\/div><div class=\"nomenclature\" style=\"font-family: AzoSansbold !important;  line-height: 38px !important;     color: #002350 !important;\"><span>#j'optimise les performances, je s\u00e9curise mon logement<\/span><\/div>\r\n\t\t\t<\/div>\r\n\t\t\t\t<div class=\"popin_exposant_adresse\" style=\"margin-top:25px\"><p class=\"arx_adresse_popup\"><img src=\"\/wp-content\/uploads\/2023\/01\/Vector-2.png\" style=\"margin-right:3px\"><strong>18 ROUTE DE KEROURVOIS\n18 RTE DE KEROURVOIS\n., 29500 - ERGUE GABERIC<\/strong><\/p><\/div>\r\n\t\t\t\t\r\n\t\t\t\t<div class=\"popin_exposant_content\"><p class=\"arx_expo_extrait\"><strong>R\u00e9novation toiture, fa\u00e7ade et isolation<\/strong><\/p><\/div>\r\n\t\t\t<div class=\"popin_exposant_resaux\">\r\n\t\t\t\t<div class=\"reseaux\" style=\"    display: flex;   justify-content: flex-end;\"><\/div>\r\n\t\t\t\t\r\n\t\t\t<\/div>\r\n\t\t\t\r\n\t\t\t<\/div><\/div><\/div><div id=\" \"class=\"exposant_item_popin\" data-id=\"10190\">\r\n\t\t\t\t\t<div class=\"exposant_item_popin_content box_shadow\">\r\n\r\n\t\t\t\t\t<div class=\"close\" data-id=\"10190\"><\/div>\r\n\t\t\t\t\t<div class=\"exposant_item_popin_scrolled_content\">\t\t\t\t\t\r\n\t\t\t\t<div class=\"flexpopupligne1\">\r\n\t\t\t\t\t<div class=\"popin_exposant_logo\"><img class=\"photo\" src=\"\/arx-custom-img\/exposant-amenago-default.jpg\"><\/div>\r\n\t\t\t\t\t<div class=\"\"><p class=\"arx_titlte_exposantpopup\">TECKTO<\/p><p class=\"arx_popup_site\"><a href=\"http:\/\/www.teckto.fr\/\" target=\"_blank\">www.teckto.fr\/<\/a><\/p><p class=\"arx_stand_exposant_popup\">G04<\/p><\/div><div class=\"nomenclature\" style=\"font-family: AzoSansbold !important;  line-height: 38px !important;     color: #002350 !important;\"><span>#j'optimise les performances, je s\u00e9curise mon logement<\/span><\/div>\r\n\t\t\t<\/div>\r\n\t\t\t\t<div class=\"popin_exposant_adresse\" style=\"margin-top:25px\"><p class=\"arx_adresse_popup\"><img src=\"\/wp-content\/uploads\/2023\/01\/Vector-2.png\" style=\"margin-right:3px\"><strong>2 RUE AIME CESAIRE\n2B RUE AIME CESAIRE\n., 29900 - CONCARNEAU<\/strong><\/p><\/div>\r\n\t\t\t\t\r\n\t\t\t\t<div class=\"popin_exposant_content\"><p class=\"arx_expo_extrait\"><strong>1- Isolation des combles, fen\u00eatres, porte de garage, volet\n2 - Entretien et r\u00e9novation de toitures, fa\u00e7ades<\/strong><\/p><\/div>\r\n\t\t\t<div class=\"popin_exposant_resaux\">\r\n\t\t\t\t<div class=\"reseaux\" style=\"    display: flex;   justify-content: flex-end;\"><\/div>\r\n\t\t\t\t\r\n\t\t\t<\/div>\r\n\t\t\t\r\n\t\t\t<\/div><\/div><\/div><div id=\" \"class=\"exposant_item_popin\" data-id=\"9063\">\r\n\t\t\t\t\t<div class=\"exposant_item_popin_content box_shadow\">\r\n\r\n\t\t\t\t\t<div class=\"close\" data-id=\"9063\"><\/div>\r\n\t\t\t\t\t<div class=\"exposant_item_popin_scrolled_content\">\t\t\t\t\t\r\n\t\t\t\t<div class=\"flexpopupligne1\">\r\n\t\t\t\t\t<div class=\"popin_exposant_logo\"><img class=\"photo\" src=\"\/arx-custom-img\/exposant-amenago-default.jpg\"><\/div>\r\n\t\t\t\t\t<div class=\"\"><p class=\"arx_titlte_exposantpopup\">TEKNA DECOR \/ FACADIA<\/p><p class=\"arx_popup_site\"><a href=\"http:\/\/www.entreprise-peinture-finistere.fr\" target=\"_blank\">www.entreprise-peinture-finistere.fr<\/a><\/p><p class=\"arx_stand_exposant_popup\">D39<\/p><\/div><div class=\"nomenclature\" style=\"font-family: AzoSansbold !important;  line-height: 38px !important;     color: #002350 !important;\"><span>#j'optimise les performances, je s\u00e9curise mon logement<\/span><\/div>\r\n\t\t\t<\/div>\r\n\t\t\t\t<div class=\"popin_exposant_adresse\" style=\"margin-top:25px\"><p class=\"arx_adresse_popup\"><img src=\"\/wp-content\/uploads\/2023\/01\/Vector-2.png\" style=\"margin-right:3px\"><strong>7 RUE GUEZNO DE BOTSEY\n7 RUE GUEZNO DE BOTSEY\n., 29000 - QUIMPER<\/strong><\/p><\/div>\r\n\t\t\t\t\r\n\t\t\t\t<div class=\"popin_exposant_content\"><p class=\"arx_expo_extrait\"><strong>\n1 \/ TEKNA DECOR  :  Peinture d\u00e9coration 2 \/ FACADIA : Ravalement de fa\u00e7ades<\/strong><\/p><\/div>\r\n\t\t\t<div class=\"popin_exposant_resaux\">\r\n\t\t\t\t<div class=\"reseaux\" style=\"    display: flex;   justify-content: flex-end;\"><\/div>\r\n\t\t\t\t\r\n\t\t\t<\/div>\r\n\t\t\t\r\n\t\t\t<\/div><\/div><\/div><div id=\" \"class=\"exposant_item_popin\" data-id=\"10236\">\r\n\t\t\t\t\t<div class=\"exposant_item_popin_content box_shadow\">\r\n\r\n\t\t\t\t\t<div class=\"close\" data-id=\"10236\"><\/div>\r\n\t\t\t\t\t<div class=\"exposant_item_popin_scrolled_content\">\t\t\t\t\t\r\n\t\t\t\t<div class=\"flexpopupligne1\">\r\n\t\t\t\t\t<div class=\"popin_exposant_logo\"><img class=\"photo\" src=\"\/arx-custom-img\/exposant-amenago-default.jpg\"><\/div>\r\n\t\t\t\t\t<div class=\"\"><p class=\"arx_titlte_exposantpopup\">TEKNA DECOR \/ FACADIA<\/p><p class=\"arx_popup_site\"><a href=\"http:\/\/www.entreprise-peinture-finistere.fr\" target=\"_blank\">www.entreprise-peinture-finistere.fr<\/a><\/p><p class=\"arx_stand_exposant_popup\">D14<\/p><\/div><div class=\"nomenclature\" style=\"font-family: AzoSansbold !important;  line-height: 38px !important;     color: #002350 !important;\"><span>#j'optimise les performances, je s\u00e9curise mon logement<\/span><\/div>\r\n\t\t\t<\/div>\r\n\t\t\t\t<div class=\"popin_exposant_adresse\" style=\"margin-top:25px\"><p class=\"arx_adresse_popup\"><img src=\"\/wp-content\/uploads\/2023\/01\/Vector-2.png\" style=\"margin-right:3px\"><strong>7 RUE GUEZNO DE BOTSEY\n7 RUE GUEZNO DE BOTSEY\n., 29000 - QUIMPER<\/strong><\/p><\/div>\r\n\t\t\t\t\r\n\t\t\t\t<div class=\"popin_exposant_content\"><p class=\"arx_expo_extrait\"><strong>\n1 \/ TEKNA DECOR  :  Peinture d\u00e9coration 2 \/ FACADIA : Ravalement de fa\u00e7ades<\/strong><\/p><\/div>\r\n\t\t\t<div class=\"popin_exposant_resaux\">\r\n\t\t\t\t<div class=\"reseaux\" style=\"    display: flex;   justify-content: flex-end;\"><\/div>\r\n\t\t\t\t\r\n\t\t\t<\/div>\r\n\t\t\t\r\n\t\t\t<\/div><\/div><\/div><div id=\" \"class=\"exposant_item_popin\" data-id=\"8973\">\r\n\t\t\t\t\t<div class=\"exposant_item_popin_content box_shadow\">\r\n\r\n\t\t\t\t\t<div class=\"close\" data-id=\"8973\"><\/div>\r\n\t\t\t\t\t<div class=\"exposant_item_popin_scrolled_content\">\t\t\t\t\t\r\n\t\t\t\t<div class=\"flexpopupligne1\">\r\n\t\t\t\t\t<div class=\"popin_exposant_logo\"><img class=\"photo\" src=\"\/arx-custom-img\/exposant-amenago-default.jpg\"><\/div>\r\n\t\t\t\t\t<div class=\"\"><p class=\"arx_titlte_exposantpopup\">TENDANCES MAGAZINE<\/p><p class=\"arx_popup_site\"><a href=\"http:\/\/www.tendances-magazine.com\/\" target=\"_blank\">www.tendances-magazine.com\/<\/a><\/p><p class=\"arx_stand_exposant_popup\">T01<\/p><\/div><div class=\"nomenclature\" style=\"font-family: AzoSansbold !important;  line-height: 38px !important;     color: #002350 !important;\"><span>#j'am\u00e9nage, j'agence et je d\u00e9core ma maison<\/span><\/div>\r\n\t\t\t<\/div>\r\n\t\t\t\t<div class=\"popin_exposant_adresse\" style=\"margin-top:25px\"><p class=\"arx_adresse_popup\"><img src=\"\/wp-content\/uploads\/2023\/01\/Vector-2.png\" style=\"margin-right:3px\"><strong>29 BD LEON BLUM, 56100 - LORIENT<\/strong><\/p><\/div>\r\n\t\t\t\t\r\n\t\t\t\t<div class=\"popin_exposant_content\"><p class=\"arx_expo_extrait\"><strong>Magazine, mensuel gratuit de l'habitat et de la d\u00e9coration<\/strong><\/p><\/div>\r\n\t\t\t<div class=\"popin_exposant_resaux\">\r\n\t\t\t\t<div class=\"reseaux\" style=\"    display: flex;   justify-content: flex-end;\"><\/div>\r\n\t\t\t\t\r\n\t\t\t<\/div>\r\n\t\t\t\r\n\t\t\t<\/div><\/div><\/div><div id=\" \"class=\"exposant_item_popin\" data-id=\"10264\">\r\n\t\t\t\t\t<div class=\"exposant_item_popin_content box_shadow\">\r\n\r\n\t\t\t\t\t<div class=\"close\" data-id=\"10264\"><\/div>\r\n\t\t\t\t\t<div class=\"exposant_item_popin_scrolled_content\">\t\t\t\t\t\r\n\t\t\t\t<div class=\"flexpopupligne1\">\r\n\t\t\t\t\t<div class=\"popin_exposant_logo\"><img class=\"photo\" src=\"\/arx-custom-img\/exposant-amenago-default.jpg\"><\/div>\r\n\t\t\t\t\t<div class=\"\"><p class=\"arx_titlte_exposantpopup\">TOYOTA QUIMPER<\/p><p class=\"arx_popup_site\"><a href=\"http:\/\/www.toyotaprofessional-quimper-cobredia.fr\/\" target=\"_blank\">www.toyotaprofessional-quimper-cobredia.fr\/<\/a><\/p><p class=\"arx_stand_exposant_popup\">D30<\/p><\/div><div class=\"nomenclature\" style=\"font-family: AzoSansbold !important;  line-height: 38px !important;     color: #002350 !important;\"><span>#j'am\u00e9nage mon jardin, ma terrasse, mon balcon<\/span><\/div>\r\n\t\t\t<\/div>\r\n\t\t\t\t<div class=\"popin_exposant_adresse\" style=\"margin-top:25px\"><p class=\"arx_adresse_popup\"><img src=\"\/wp-content\/uploads\/2023\/01\/Vector-2.png\" style=\"margin-right:3px\"><strong>1 rue Rosa PARKS, 29000 - QUIMPER<\/strong><\/p><\/div>\r\n\t\t\t\t\r\n\t\t\t\t<div class=\"popin_exposant_content\"><p class=\"arx_expo_extrait\"><strong>Concessionaire automobile<\/strong><\/p><\/div>\r\n\t\t\t<div class=\"popin_exposant_resaux\">\r\n\t\t\t\t<div class=\"reseaux\" style=\"    display: flex;   justify-content: flex-end;\"><\/div>\r\n\t\t\t\t\r\n\t\t\t<\/div>\r\n\t\t\t\r\n\t\t\t<\/div><\/div><\/div><div id=\" \"class=\"exposant_item_popin\" data-id=\"10265\">\r\n\t\t\t\t\t<div class=\"exposant_item_popin_content box_shadow\">\r\n\r\n\t\t\t\t\t<div class=\"close\" data-id=\"10265\"><\/div>\r\n\t\t\t\t\t<div class=\"exposant_item_popin_scrolled_content\">\t\t\t\t\t\r\n\t\t\t\t<div class=\"flexpopupligne1\">\r\n\t\t\t\t\t<div class=\"popin_exposant_logo\"><img class=\"photo\" src=\"\/arx-custom-img\/exposant-amenago-default.jpg\"><\/div>\r\n\t\t\t\t\t<div class=\"\"><p class=\"arx_titlte_exposantpopup\">TOYOTA QUIMPER<\/p><p class=\"arx_popup_site\"><a href=\"http:\/\/www.toyotaprofessional-quimper-cobredia.fr\/\" target=\"_blank\">www.toyotaprofessional-quimper-cobredia.fr\/<\/a><\/p><p class=\"arx_stand_exposant_popup\">EXT06<\/p><\/div><div class=\"nomenclature\" style=\"font-family: AzoSansbold !important;  line-height: 38px !important;     color: #002350 !important;\"><span>#j'am\u00e9nage mon jardin, ma terrasse, mon balcon<\/span><\/div>\r\n\t\t\t<\/div>\r\n\t\t\t\t<div class=\"popin_exposant_adresse\" style=\"margin-top:25px\"><p class=\"arx_adresse_popup\"><img src=\"\/wp-content\/uploads\/2023\/01\/Vector-2.png\" style=\"margin-right:3px\"><strong>1 rue Rosa PARKS, 29000 - QUIMPER<\/strong><\/p><\/div>\r\n\t\t\t\t\r\n\t\t\t\t<div class=\"popin_exposant_content\"><p class=\"arx_expo_extrait\"><strong>Concessionnaire automobile<\/strong><\/p><\/div>\r\n\t\t\t<div class=\"popin_exposant_resaux\">\r\n\t\t\t\t<div class=\"reseaux\" style=\"    display: flex;   justify-content: flex-end;\"><\/div>\r\n\t\t\t\t\r\n\t\t\t<\/div>\r\n\t\t\t\r\n\t\t\t<\/div><\/div><\/div><div id=\" \"class=\"exposant_item_popin\" data-id=\"10275\">\r\n\t\t\t\t\t<div class=\"exposant_item_popin_content box_shadow\">\r\n\r\n\t\t\t\t\t<div class=\"close\" data-id=\"10275\"><\/div>\r\n\t\t\t\t\t<div class=\"exposant_item_popin_scrolled_content\">\t\t\t\t\t\r\n\t\t\t\t<div class=\"flexpopupligne1\">\r\n\t\t\t\t\t<div class=\"popin_exposant_logo\"><img class=\"photo\" src=\"\/arx-custom-img\/exposant-amenago-default.jpg\"><\/div>\r\n\t\t\t\t\t<div class=\"\"><p class=\"arx_titlte_exposantpopup\">TRAITEUR POULAIN<\/p><p class=\"arx_popup_site\"><a href=\"http:\/\/www.poulain-traiteur.com\/\" target=\"_blank\">www.poulain-traiteur.com\/<\/a><\/p><p class=\"arx_stand_exposant_popup\">REST01<\/p><\/div><div class=\"nomenclature\" style=\"font-family: AzoSansbold !important;  line-height: 38px !important;     color: #002350 !important;\"><\/div>\r\n\t\t\t<\/div>\r\n\t\t\t\t<div class=\"popin_exposant_adresse\" style=\"margin-top:25px\"><p class=\"arx_adresse_popup\"><img src=\"\/wp-content\/uploads\/2023\/01\/Vector-2.png\" style=\"margin-right:3px\"><strong>1 rue Gutenberg, 56700 - HENNEBONT<\/strong><\/p><\/div>\r\n\t\t\t\t\r\n\t\t\t\t<div class=\"popin_exposant_content\"><p class=\"arx_expo_extrait\"><strong> <\/strong><\/p><\/div>\r\n\t\t\t<div class=\"popin_exposant_resaux\">\r\n\t\t\t\t<div class=\"reseaux\" style=\"    display: flex;   justify-content: flex-end;\"><\/div>\r\n\t\t\t\t\r\n\t\t\t<\/div>\r\n\t\t\t\r\n\t\t\t<\/div><\/div><\/div><div id=\" \"class=\"exposant_item_popin\" data-id=\"9023\">\r\n\t\t\t\t\t<div class=\"exposant_item_popin_content box_shadow\">\r\n\r\n\t\t\t\t\t<div class=\"close\" data-id=\"9023\"><\/div>\r\n\t\t\t\t\t<div class=\"exposant_item_popin_scrolled_content\">\t\t\t\t\t\r\n\t\t\t\t<div class=\"flexpopupligne1\">\r\n\t\t\t\t\t<div class=\"popin_exposant_logo\"><img class=\"photo\" src=\"\/arx-custom-img\/exposant-amenago-default.jpg\"><\/div>\r\n\t\t\t\t\t<div class=\"\"><p class=\"arx_titlte_exposantpopup\">TRYBA QUIMPER<\/p><p class=\"arx_popup_site\"><a href=\"http:\/\/www.afp29.fr\" target=\"_blank\">www.afp29.fr<\/a><\/p><p class=\"arx_stand_exposant_popup\">D19<\/p><\/div><div class=\"nomenclature\" style=\"font-family: AzoSansbold !important;  line-height: 38px !important;     color: #002350 !important;\"><span>#j'optimise les performances, je s\u00e9curise mon logement<\/span><\/div>\r\n\t\t\t<\/div>\r\n\t\t\t\t<div class=\"popin_exposant_adresse\" style=\"margin-top:25px\"><p class=\"arx_adresse_popup\"><img src=\"\/wp-content\/uploads\/2023\/01\/Vector-2.png\" style=\"margin-right:3px\"><strong>47 ZA PENHOAT BRAZ, 29700 - PLOMELIN<\/strong><\/p><\/div>\r\n\t\t\t\t\r\n\t\t\t\t<div class=\"popin_exposant_content\"><p class=\"arx_expo_extrait\"><strong>Fen\u00eatres, portes, portes de garage, volets roulants, volets battants, pergola, carport, portails, cl\u00f4tures<\/strong><\/p><\/div>\r\n\t\t\t<div class=\"popin_exposant_resaux\">\r\n\t\t\t\t<div class=\"reseaux\" style=\"    display: flex;   justify-content: flex-end;\"><\/div>\r\n\t\t\t\t\r\n\t\t\t<\/div>\r\n\t\t\t\r\n\t\t\t<\/div><\/div><\/div><div id=\" \"class=\"exposant_item_popin\" data-id=\"10231\">\r\n\t\t\t\t\t<div class=\"exposant_item_popin_content box_shadow\">\r\n\r\n\t\t\t\t\t<div class=\"close\" data-id=\"10231\"><\/div>\r\n\t\t\t\t\t<div class=\"exposant_item_popin_scrolled_content\">\t\t\t\t\t\r\n\t\t\t\t<div class=\"flexpopupligne1\">\r\n\t\t\t\t\t<div class=\"popin_exposant_logo\"><img class=\"photo\" src=\"\/arx-custom-img\/exposant-amenago-default.jpg\"><\/div>\r\n\t\t\t\t\t<div class=\"\"><p class=\"arx_titlte_exposantpopup\">TRYBA QUIMPER<\/p><p class=\"arx_popup_site\"><a href=\"http:\/\/www.afp29.fr\" target=\"_blank\">www.afp29.fr<\/a><\/p><p class=\"arx_stand_exposant_popup\">D19<\/p><\/div><div class=\"nomenclature\" style=\"font-family: AzoSansbold !important;  line-height: 38px !important;     color: #002350 !important;\"><span>#j'optimise les performances, je s\u00e9curise mon logement<\/span><\/div>\r\n\t\t\t<\/div>\r\n\t\t\t\t<div class=\"popin_exposant_adresse\" style=\"margin-top:25px\"><p class=\"arx_adresse_popup\"><img src=\"\/wp-content\/uploads\/2023\/01\/Vector-2.png\" style=\"margin-right:3px\"><strong>47 ZA PENHOAT BRAZ, 29700 - PLOMELIN<\/strong><\/p><\/div>\r\n\t\t\t\t\r\n\t\t\t\t<div class=\"popin_exposant_content\"><p class=\"arx_expo_extrait\"><strong>Fen\u00eatres, portes, portes de garage, volets roulants, volets battants, pergola, carport, portails, cl\u00f4tures<\/strong><\/p><\/div>\r\n\t\t\t<div class=\"popin_exposant_resaux\">\r\n\t\t\t\t<div class=\"reseaux\" style=\"    display: flex;   justify-content: flex-end;\"><\/div>\r\n\t\t\t\t\r\n\t\t\t<\/div>\r\n\t\t\t\r\n\t\t\t<\/div><\/div><\/div><div id=\" \"class=\"exposant_item_popin\" data-id=\"9060\">\r\n\t\t\t\t\t<div class=\"exposant_item_popin_content box_shadow\">\r\n\r\n\t\t\t\t\t<div class=\"close\" data-id=\"9060\"><\/div>\r\n\t\t\t\t\t<div class=\"exposant_item_popin_scrolled_content\">\t\t\t\t\t\r\n\t\t\t\t<div class=\"flexpopupligne1\">\r\n\t\t\t\t\t<div class=\"popin_exposant_logo\"><img class=\"photo\" src=\"\/arx-custom-img\/exposant-amenago-default.jpg\"><\/div>\r\n\t\t\t\t\t<div class=\"\"><p class=\"arx_titlte_exposantpopup\">VERANDA ET ABRI DE PISCINE RIDEAU<\/p><p class=\"arx_popup_site\"><a href=\"http:\/\/www.verandarideau.com\" target=\"_blank\">www.verandarideau.com<\/a><\/p><p class=\"arx_stand_exposant_popup\">A36<\/p><\/div><div class=\"nomenclature\" style=\"font-family: AzoSansbold !important;  line-height: 38px !important;     color: #002350 !important;\"><span>#j'am\u00e9nage mon jardin, ma terrasse, mon balcon<\/span><\/div>\r\n\t\t\t<\/div>\r\n\t\t\t\t<div class=\"popin_exposant_adresse\" style=\"margin-top:25px\"><p class=\"arx_adresse_popup\"><img src=\"\/wp-content\/uploads\/2023\/01\/Vector-2.png\" style=\"margin-right:3px\"><strong>PARC ECO 85\n19 IMPASSE DUCHAINE\nCS 70003\r\n., 85036 - LA ROCHE SUR YON<\/strong><\/p><\/div>\r\n\t\t\t\t\r\n\t\t\t\t<div class=\"popin_exposant_content\"><p class=\"arx_expo_extrait\"><strong>Fabricant et poseur de verandas, abris de piscines et abris de terrasses<\/strong><\/p><\/div>\r\n\t\t\t<div class=\"popin_exposant_resaux\">\r\n\t\t\t\t<div class=\"reseaux\" style=\"    display: flex;   justify-content: flex-end;\"><a href=\"www.facebook.com\/gustaverideau.fr\" target=\"_blank\"><img src=\"\/arx-custom-img\/exposant-fb.svg\"><\/a><a href=\"www.instagram.com\/gustave.rideau\/\" target=\"_blank\"><img src=\"\/arx-custom-img\/exposant-insta.svg\"><\/a><a href=\"www.pinterest.fr\/GustaveRideau\/\" target=\"_blank\"><img src=\"\/arx-custom-img\/exposant-pinterest.svg\"><\/a><\/div>\r\n\t\t\t\t\r\n\t\t\t<\/div>\r\n\t\t\t\r\n\t\t\t<\/div><\/div><\/div><div id=\" \"class=\"exposant_item_popin\" data-id=\"10200\">\r\n\t\t\t\t\t<div class=\"exposant_item_popin_content box_shadow\">\r\n\r\n\t\t\t\t\t<div class=\"close\" data-id=\"10200\"><\/div>\r\n\t\t\t\t\t<div class=\"exposant_item_popin_scrolled_content\">\t\t\t\t\t\r\n\t\t\t\t<div class=\"flexpopupligne1\">\r\n\t\t\t\t\t<div class=\"popin_exposant_logo\"><img class=\"photo\" src=\"\/arx-custom-img\/exposant-amenago-default.jpg\"><\/div>\r\n\t\t\t\t\t<div class=\"\"><p class=\"arx_titlte_exposantpopup\">VERANDA ET ABRI DE PISCINE RIDEAU<\/p><p class=\"arx_popup_site\"><a href=\"http:\/\/www.verandarideau.com\" target=\"_blank\">www.verandarideau.com<\/a><\/p><p class=\"arx_stand_exposant_popup\">A36<\/p><\/div><div class=\"nomenclature\" style=\"font-family: AzoSansbold !important;  line-height: 38px !important;     color: #002350 !important;\"><span>#j'am\u00e9nage mon jardin, ma terrasse, mon balcon<\/span><\/div>\r\n\t\t\t<\/div>\r\n\t\t\t\t<div class=\"popin_exposant_adresse\" style=\"margin-top:25px\"><p class=\"arx_adresse_popup\"><img src=\"\/wp-content\/uploads\/2023\/01\/Vector-2.png\" style=\"margin-right:3px\"><strong>PARC ECO 85\n19 IMPASSE DUCHAINE\nCS 70003\r\n., 85036 - LA ROCHE SUR YON<\/strong><\/p><\/div>\r\n\t\t\t\t\r\n\t\t\t\t<div class=\"popin_exposant_content\"><p class=\"arx_expo_extrait\"><strong>Fabricant et poseur de verandas, abris de piscines et abris de terrasses<\/strong><\/p><\/div>\r\n\t\t\t<div class=\"popin_exposant_resaux\">\r\n\t\t\t\t<div class=\"reseaux\" style=\"    display: flex;   justify-content: flex-end;\"><a href=\"http:\/\/www.facebook.com\/gustaverideau.fr\" target=\"_blank\"><img src=\"\/arx-custom-img\/exposant-fb.svg\"><\/a><\/div>\r\n\t\t\t\t\r\n\t\t\t<\/div>\r\n\t\t\t\r\n\t\t\t<\/div><\/div><\/div><div id=\" \"class=\"exposant_item_popin\" data-id=\"9047\">\r\n\t\t\t\t\t<div class=\"exposant_item_popin_content box_shadow\">\r\n\r\n\t\t\t\t\t<div class=\"close\" data-id=\"9047\"><\/div>\r\n\t\t\t\t\t<div class=\"exposant_item_popin_scrolled_content\">\t\t\t\t\t\r\n\t\t\t\t<div class=\"flexpopupligne1\">\r\n\t\t\t\t\t<div class=\"popin_exposant_logo\"><img class=\"photo\" src=\"\/arx-custom-img\/exposant-amenago-default.jpg\"><\/div>\r\n\t\t\t\t\t<div class=\"\"><p class=\"arx_titlte_exposantpopup\">VERANDA LAMOUR<\/p><p class=\"arx_popup_site\"><a href=\"http:\/\/www.veranda-lamour.fr\/\" target=\"_blank\">www.veranda-lamour.fr\/<\/a><\/p><p class=\"arx_stand_exposant_popup\">C25<\/p><\/div><div class=\"nomenclature\" style=\"font-family: AzoSansbold !important;  line-height: 38px !important;     color: #002350 !important;\"><span>#j'am\u00e9nage mon jardin, ma terrasse, mon balcon<\/span><\/div>\r\n\t\t\t<\/div>\r\n\t\t\t\t<div class=\"popin_exposant_adresse\" style=\"margin-top:25px\"><p class=\"arx_adresse_popup\"><img src=\"\/wp-content\/uploads\/2023\/01\/Vector-2.png\" style=\"margin-right:3px\"><strong>62 AV DU BARON LACROSSE\nAV DU BARON LACROSSE\n., 29850 - GOUESNOU<\/strong><\/p><\/div>\r\n\t\t\t\t\r\n\t\t\t\t<div class=\"popin_exposant_content\"><p class=\"arx_expo_extrait\"><strong>V\u00e9randas<\/strong><\/p><\/div>\r\n\t\t\t<div class=\"popin_exposant_resaux\">\r\n\t\t\t\t<div class=\"reseaux\" style=\"    display: flex;   justify-content: flex-end;\"><\/div>\r\n\t\t\t\t\r\n\t\t\t<\/div>\r\n\t\t\t\r\n\t\t\t<\/div><\/div><\/div><div id=\" \"class=\"exposant_item_popin\" data-id=\"10177\">\r\n\t\t\t\t\t<div class=\"exposant_item_popin_content box_shadow\">\r\n\r\n\t\t\t\t\t<div class=\"close\" data-id=\"10177\"><\/div>\r\n\t\t\t\t\t<div class=\"exposant_item_popin_scrolled_content\">\t\t\t\t\t\r\n\t\t\t\t<div class=\"flexpopupligne1\">\r\n\t\t\t\t\t<div class=\"popin_exposant_logo\"><img class=\"photo\" src=\"\/arx-custom-img\/exposant-amenago-default.jpg\"><\/div>\r\n\t\t\t\t\t<div class=\"\"><p class=\"arx_titlte_exposantpopup\">VERANDA LAMOUR<\/p><p class=\"arx_popup_site\"><a href=\"http:\/\/www.veranda-lamour.fr\/\" target=\"_blank\">www.veranda-lamour.fr\/<\/a><\/p><p class=\"arx_stand_exposant_popup\">D26<\/p><\/div><div class=\"nomenclature\" style=\"font-family: AzoSansbold !important;  line-height: 38px !important;     color: #002350 !important;\"><span>#j'am\u00e9nage mon jardin, ma terrasse, mon balcon<\/span><\/div>\r\n\t\t\t<\/div>\r\n\t\t\t\t<div class=\"popin_exposant_adresse\" style=\"margin-top:25px\"><p class=\"arx_adresse_popup\"><img src=\"\/wp-content\/uploads\/2023\/01\/Vector-2.png\" style=\"margin-right:3px\"><strong>62 AV DU BARON LACROSSE\nAV DU BARON LACROSSE\n., 29850 - GOUESNOU<\/strong><\/p><\/div>\r\n\t\t\t\t\r\n\t\t\t\t<div class=\"popin_exposant_content\"><p class=\"arx_expo_extrait\"><strong>V\u00e9randas<\/strong><\/p><\/div>\r\n\t\t\t<div class=\"popin_exposant_resaux\">\r\n\t\t\t\t<div class=\"reseaux\" style=\"    display: flex;   justify-content: flex-end;\"><\/div>\r\n\t\t\t\t\r\n\t\t\t<\/div>\r\n\t\t\t\r\n\t\t\t<\/div><\/div><\/div><div id=\" \"class=\"exposant_item_popin\" data-id=\"8984\">\r\n\t\t\t\t\t<div class=\"exposant_item_popin_content box_shadow\">\r\n\r\n\t\t\t\t\t<div class=\"close\" data-id=\"8984\"><\/div>\r\n\t\t\t\t\t<div class=\"exposant_item_popin_scrolled_content\">\t\t\t\t\t\r\n\t\t\t\t<div class=\"flexpopupligne1\">\r\n\t\t\t\t\t<div class=\"popin_exposant_logo\"><img class=\"photo\" src=\"https:\/\/exposant.gl-events.com\/uploads\/company_booths\/logos\/661170d83f0d110fb828b9c603487c04.jpg\"><\/div>\r\n\t\t\t\t\t<div class=\"\"><p class=\"arx_titlte_exposantpopup\">VERANDA PERGOLA CONCEPT ALU<\/p><p class=\"arx_popup_site\"><a href=\"http:\/\/www.conceptalu.com\/\" target=\"_blank\">www.conceptalu.com\/<\/a><\/p><p class=\"arx_stand_exposant_popup\">B01<\/p><\/div><div class=\"nomenclature\" style=\"font-family: AzoSansbold !important;  line-height: 38px !important;     color: #002350 !important;\"><span>#j'am\u00e9nage mon jardin, ma terrasse, mon balcon<\/span><\/div>\r\n\t\t\t<\/div>\r\n\t\t\t\t<div class=\"popin_exposant_adresse\" style=\"margin-top:25px\"><p class=\"arx_adresse_popup\"><img src=\"\/wp-content\/uploads\/2023\/01\/Vector-2.png\" style=\"margin-right:3px\"><strong>PARC D ACTIVITE EKHO 3\n2 RUE FLORIANE, 85500 - LES HERBIERS<\/strong><\/p><\/div>\r\n\t\t\t\t\r\n\t\t\t\t<div class=\"popin_exposant_content\"><p class=\"arx_expo_extrait\"><strong>Conception, fabrication et pose de verandas, extensions, pergolas et abris de piscine en aluminium. Leader de l'innovation pour le confort esth\u00e9tique et thermique de votre projet d'extension.<\/strong><\/p><\/div>\r\n\t\t\t<div class=\"popin_exposant_resaux\">\r\n\t\t\t\t<div class=\"reseaux\" style=\"    display: flex;   justify-content: flex-end;\"><a href=\"https:\/\/fr-fr.facebook.com\/verandaconceptalu\/\" target=\"_blank\"><img src=\"\/arx-custom-img\/exposant-fb.svg\"><\/a><a href=\"http:\/\/www.instagram.com\/concept_alu_veranda_et_habitat\/\" target=\"_blank\"><img src=\"\/arx-custom-img\/exposant-insta.svg\"><\/a><\/div>\r\n\t\t\t\t\r\n\t\t\t<\/div>\r\n\t\t\t\r\n\t\t\t<\/div><\/div><\/div><div id=\" \"class=\"exposant_item_popin\" data-id=\"10164\">\r\n\t\t\t\t\t<div class=\"exposant_item_popin_content box_shadow\">\r\n\r\n\t\t\t\t\t<div class=\"close\" data-id=\"10164\"><\/div>\r\n\t\t\t\t\t<div class=\"exposant_item_popin_scrolled_content\">\t\t\t\t\t\r\n\t\t\t\t<div class=\"flexpopupligne1\">\r\n\t\t\t\t\t<div class=\"popin_exposant_logo\"><img class=\"photo\" src=\"\/arx-custom-img\/exposant-amenago-default.jpg\"><\/div>\r\n\t\t\t\t\t<div class=\"\"><p class=\"arx_titlte_exposantpopup\">VERANDA PERGOLA CONCEPT ALU<\/p><p class=\"arx_popup_site\"><a href=\"http:\/\/www.conceptalu.com\/\" target=\"_blank\">www.conceptalu.com\/<\/a><\/p><p class=\"arx_stand_exposant_popup\">B01<\/p><\/div><div class=\"nomenclature\" style=\"font-family: AzoSansbold !important;  line-height: 38px !important;     color: #002350 !important;\"><span>#j'am\u00e9nage mon jardin, ma terrasse, mon balcon<\/span><\/div>\r\n\t\t\t<\/div>\r\n\t\t\t\t<div class=\"popin_exposant_adresse\" style=\"margin-top:25px\"><p class=\"arx_adresse_popup\"><img src=\"\/wp-content\/uploads\/2023\/01\/Vector-2.png\" style=\"margin-right:3px\"><strong>PARC D ACTIVITE EKHO 3\n2 RUE FLORIANE, 85500 - LES HERBIERS<\/strong><\/p><\/div>\r\n\t\t\t\t\r\n\t\t\t\t<div class=\"popin_exposant_content\"><p class=\"arx_expo_extrait\"><strong>Conception, fabrication et pose de verandas, extensions, pergolas et abris de piscine en aluminium. Leader de l'innovation pour le confort esth\u00e9tique et thermique de votre projet d'extension.<\/strong><\/p><\/div>\r\n\t\t\t<div class=\"popin_exposant_resaux\">\r\n\t\t\t\t<div class=\"reseaux\" style=\"    display: flex;   justify-content: flex-end;\"><a href=\"https:\/\/fr-fr.facebook.com\/verandaconceptalu\/\" target=\"_blank\"><img src=\"\/arx-custom-img\/exposant-fb.svg\"><\/a><a href=\"http:\/\/www.instagram.com\/concept_alu_veranda_et_habitat\/\" target=\"_blank\"><img src=\"\/arx-custom-img\/exposant-insta.svg\"><\/a><\/div>\r\n\t\t\t\t\r\n\t\t\t<\/div>\r\n\t\t\t\r\n\t\t\t<\/div><\/div><\/div><div id=\" \"class=\"exposant_item_popin\" data-id=\"8985\">\r\n\t\t\t\t\t<div class=\"exposant_item_popin_content box_shadow\">\r\n\r\n\t\t\t\t\t<div class=\"close\" data-id=\"8985\"><\/div>\r\n\t\t\t\t\t<div class=\"exposant_item_popin_scrolled_content\">\t\t\t\t\t\r\n\t\t\t\t<div class=\"flexpopupligne1\">\r\n\t\t\t\t\t<div class=\"popin_exposant_logo\"><img class=\"photo\" src=\"\/arx-custom-img\/exposant-amenago-default.jpg\"><\/div>\r\n\t\t\t\t\t<div class=\"\"><p class=\"arx_titlte_exposantpopup\">VERANDALINE<\/p><p class=\"arx_popup_site\"><a href=\"http:\/\/www.verandaline.com\/\" target=\"_blank\">www.verandaline.com\/<\/a><\/p><p class=\"arx_stand_exposant_popup\">D22<\/p><\/div><div class=\"nomenclature\" style=\"font-family: AzoSansbold !important;  line-height: 38px !important;     color: #002350 !important;\"><span>#j'am\u00e9nage mon jardin, ma terrasse, mon balcon<\/span><\/div>\r\n\t\t\t<\/div>\r\n\t\t\t\t<div class=\"popin_exposant_adresse\" style=\"margin-top:25px\"><p class=\"arx_adresse_popup\"><img src=\"\/wp-content\/uploads\/2023\/01\/Vector-2.png\" style=\"margin-right:3px\"><strong>ZA de KERJOLY, 22320 - LE HAUT CORLAY<\/strong><\/p><\/div>\r\n\t\t\t\t\r\n\t\t\t\t<div class=\"popin_exposant_content\"><p class=\"arx_expo_extrait\"><strong>Sp\u00e9cialiste des extensions d'habitats, des v\u00e9randas et des abris de piscines et spas, des pr\u00e9aux et des pergolas<\/strong><\/p><\/div>\r\n\t\t\t<div class=\"popin_exposant_resaux\">\r\n\t\t\t\t<div class=\"reseaux\" style=\"    display: flex;   justify-content: flex-end;\"><\/div>\r\n\t\t\t\t\r\n\t\t\t<\/div>\r\n\t\t\t\r\n\t\t\t<\/div><\/div><\/div><div id=\" \"class=\"exposant_item_popin\" data-id=\"10232\">\r\n\t\t\t\t\t<div class=\"exposant_item_popin_content box_shadow\">\r\n\r\n\t\t\t\t\t<div class=\"close\" data-id=\"10232\"><\/div>\r\n\t\t\t\t\t<div class=\"exposant_item_popin_scrolled_content\">\t\t\t\t\t\r\n\t\t\t\t<div class=\"flexpopupligne1\">\r\n\t\t\t\t\t<div class=\"popin_exposant_logo\"><img class=\"photo\" src=\"\/arx-custom-img\/exposant-amenago-default.jpg\"><\/div>\r\n\t\t\t\t\t<div class=\"\"><p class=\"arx_titlte_exposantpopup\">VERANDALINE<\/p><p class=\"arx_popup_site\"><a href=\"http:\/\/www.verandaline.com\/\" target=\"_blank\">www.verandaline.com\/<\/a><\/p><p class=\"arx_stand_exposant_popup\">D16<\/p><\/div><div class=\"nomenclature\" style=\"font-family: AzoSansbold !important;  line-height: 38px !important;     color: #002350 !important;\"><span>#j'am\u00e9nage mon jardin, ma terrasse, mon balcon<\/span><\/div>\r\n\t\t\t<\/div>\r\n\t\t\t\t<div class=\"popin_exposant_adresse\" style=\"margin-top:25px\"><p class=\"arx_adresse_popup\"><img src=\"\/wp-content\/uploads\/2023\/01\/Vector-2.png\" style=\"margin-right:3px\"><strong>ZA de KERJOLY, 22320 - LE HAUT CORLAY<\/strong><\/p><\/div>\r\n\t\t\t\t\r\n\t\t\t\t<div class=\"popin_exposant_content\"><p class=\"arx_expo_extrait\"><strong>Sp\u00e9cialiste des extensions d'habitats, des v\u00e9randas et des abris de piscines et spas, des pr\u00e9aux et des pergolas<\/strong><\/p><\/div>\r\n\t\t\t<div class=\"popin_exposant_resaux\">\r\n\t\t\t\t<div class=\"reseaux\" style=\"    display: flex;   justify-content: flex-end;\"><\/div>\r\n\t\t\t\t\r\n\t\t\t<\/div>\r\n\t\t\t\r\n\t\t\t<\/div><\/div><\/div><div id=\" \"class=\"exposant_item_popin\" data-id=\"9103\">\r\n\t\t\t\t\t<div class=\"exposant_item_popin_content box_shadow\">\r\n\r\n\t\t\t\t\t<div class=\"close\" data-id=\"9103\"><\/div>\r\n\t\t\t\t\t<div class=\"exposant_item_popin_scrolled_content\">\t\t\t\t\t\r\n\t\t\t\t<div class=\"flexpopupligne1\">\r\n\t\t\t\t\t<div class=\"popin_exposant_logo\"><img class=\"photo\" src=\"\/arx-custom-img\/exposant-amenago-default.jpg\"><\/div>\r\n\t\t\t\t\t<div class=\"\"><p class=\"arx_titlte_exposantpopup\">VERRE CHEZ SOI<\/p><p class=\"arx_popup_site\"><a href=\"http:\/\/www.atelierverrechezsoi.com\/\" target=\"_blank\">www.atelierverrechezsoi.com\/<\/a><\/p><p class=\"arx_stand_exposant_popup\">F07<\/p><\/div><div class=\"nomenclature\" style=\"font-family: AzoSansbold !important;  line-height: 38px !important;     color: #002350 !important;\"><span>#j'am\u00e9nage, j'agence et je d\u00e9core ma maison<\/span><\/div>\r\n\t\t\t<\/div>\r\n\t\t\t\t<div class=\"popin_exposant_adresse\" style=\"margin-top:25px\"><p class=\"arx_adresse_popup\"><img src=\"\/wp-content\/uploads\/2023\/01\/Vector-2.png\" style=\"margin-right:3px\"><strong>12 rue du Menhir, 29120 - PONT L'ABBE<\/strong><\/p><\/div>\r\n\t\t\t\t\r\n\t\t\t\t<div class=\"popin_exposant_content\"><p class=\"arx_expo_extrait\"><strong>Atelier de verre souffl\u00e9 \u00e0 Pont L'abb\u00e9<\/strong><\/p><\/div>\r\n\t\t\t<div class=\"popin_exposant_resaux\">\r\n\t\t\t\t<div class=\"reseaux\" style=\"    display: flex;   justify-content: flex-end;\"><\/div>\r\n\t\t\t\t\r\n\t\t\t<\/div>\r\n\t\t\t\r\n\t\t\t<\/div><\/div><\/div><div id=\" \"class=\"exposant_item_popin\" data-id=\"10270\">\r\n\t\t\t\t\t<div class=\"exposant_item_popin_content box_shadow\">\r\n\r\n\t\t\t\t\t<div class=\"close\" data-id=\"10270\"><\/div>\r\n\t\t\t\t\t<div class=\"exposant_item_popin_scrolled_content\">\t\t\t\t\t\r\n\t\t\t\t<div class=\"flexpopupligne1\">\r\n\t\t\t\t\t<div class=\"popin_exposant_logo\"><img class=\"photo\" src=\"\/arx-custom-img\/exposant-amenago-default.jpg\"><\/div>\r\n\t\t\t\t\t<div class=\"\"><p class=\"arx_titlte_exposantpopup\">VILLA BEAUSOLEIL BREST<\/p><p class=\"arx_popup_site\"><a href=\"http:\/\/villabeausoleil.com\/villa\/residence-services-seniors\/brest\" target=\"_blank\">villabeausoleil.com\/villa\/residence-services-seniors\/brest<\/a><\/p><p class=\"arx_stand_exposant_popup\">B26<\/p><\/div><div class=\"nomenclature\" style=\"font-family: AzoSansbold !important;  line-height: 38px !important;     color: #002350 !important;\"><span>#je pr\u00e9pare mon projet immobilier<\/span><\/div>\r\n\t\t\t<\/div>\r\n\t\t\t\t<div class=\"popin_exposant_adresse\" style=\"margin-top:25px\"><p class=\"arx_adresse_popup\"><img src=\"\/wp-content\/uploads\/2023\/01\/Vector-2.png\" style=\"margin-right:3px\"><strong>27 RUE MATHIEU DONNART, 29200 - BREST<\/strong><\/p><\/div>\r\n\t\t\t\t\r\n\t\t\t\t<div class=\"popin_exposant_content\"><p class=\"arx_expo_extrait\"><strong>Avis de bon temps ! Enfin votre r\u00e9sidence seniors d'exception au c\u0153ur du quartier Saint-Martin !<\/strong><\/p><\/div>\r\n\t\t\t<div class=\"popin_exposant_resaux\">\r\n\t\t\t\t<div class=\"reseaux\" style=\"    display: flex;   justify-content: flex-end;\"><\/div>\r\n\t\t\t\t\r\n\t\t\t<\/div>\r\n\t\t\t\r\n\t\t\t<\/div><\/div><\/div><div id=\" \"class=\"exposant_item_popin\" data-id=\"9106\">\r\n\t\t\t\t\t<div class=\"exposant_item_popin_content box_shadow\">\r\n\r\n\t\t\t\t\t<div class=\"close\" data-id=\"9106\"><\/div>\r\n\t\t\t\t\t<div class=\"exposant_item_popin_scrolled_content\">\t\t\t\t\t\r\n\t\t\t\t<div class=\"flexpopupligne1\">\r\n\t\t\t\t\t<div class=\"popin_exposant_logo\"><img class=\"photo\" src=\"\/arx-custom-img\/exposant-amenago-default.jpg\"><\/div>\r\n\t\t\t\t\t<div class=\"\"><p class=\"arx_titlte_exposantpopup\">VOLKSWAGEN<\/p><p class=\"arx_popup_site\"><a href=\"http:\/\/www.honore-auto-quimper.fr\/\" target=\"_blank\">www.honore-auto-quimper.fr\/<\/a><\/p><p class=\"arx_stand_exposant_popup\">EXT06<\/p><\/div><div class=\"nomenclature\" style=\"font-family: AzoSansbold !important;  line-height: 38px !important;     color: #002350 !important;\"><span>#j'am\u00e9nage mon jardin, ma terrasse, mon balcon<\/span><\/div>\r\n\t\t\t<\/div>\r\n\t\t\t\t<div class=\"popin_exposant_adresse\" style=\"margin-top:25px\"><p class=\"arx_adresse_popup\"><img src=\"\/wp-content\/uploads\/2023\/01\/Vector-2.png\" style=\"margin-right:3px\"><strong>243 et 245 Rue de Ch\u00e2teaugiron\nB\u00e2timent A, 35000 - RENNES<\/strong><\/p><\/div>\r\n\t\t\t\t\r\n\t\t\t\t<div class=\"popin_exposant_content\"><p class=\"arx_expo_extrait\"><strong>Venez D\u00e9couvrir l'ID. Buzz, le nouveau combi \u00e9lectrique de Volkswagen<\/strong><\/p><\/div>\r\n\t\t\t<div class=\"popin_exposant_resaux\">\r\n\t\t\t\t<div class=\"reseaux\" style=\"    display: flex;   justify-content: flex-end;\"><\/div>\r\n\t\t\t\t\r\n\t\t\t<\/div>\r\n\t\t\t\r\n\t\t\t<\/div><\/div><\/div><div id=\" \"class=\"exposant_item_popin\" data-id=\"9052\">\r\n\t\t\t\t\t<div class=\"exposant_item_popin_content box_shadow\">\r\n\r\n\t\t\t\t\t<div class=\"close\" data-id=\"9052\"><\/div>\r\n\t\t\t\t\t<div class=\"exposant_item_popin_scrolled_content\">\t\t\t\t\t\r\n\t\t\t\t<div class=\"flexpopupligne1\">\r\n\t\t\t\t\t<div class=\"popin_exposant_logo\"><img class=\"photo\" src=\"\/arx-custom-img\/exposant-amenago-default.jpg\"><\/div>\r\n\t\t\t\t\t<div class=\"\"><p class=\"arx_titlte_exposantpopup\">VOLKSWAGEN Quimper<\/p><p class=\"arx_popup_site\"><a href=\"http:\/\/www.honore-auto-quimper.fr\/\" target=\"_blank\">www.honore-auto-quimper.fr\/<\/a><\/p><p class=\"arx_stand_exposant_popup\">C09<\/p><\/div><div class=\"nomenclature\" style=\"font-family: AzoSansbold !important;  line-height: 38px !important;     color: #002350 !important;\"><span>#j'am\u00e9nage mon jardin, ma terrasse, mon balcon<\/span><\/div>\r\n\t\t\t<\/div>\r\n\t\t\t\t<div class=\"popin_exposant_adresse\" style=\"margin-top:25px\"><p class=\"arx_adresse_popup\"><img src=\"\/wp-content\/uploads\/2023\/01\/Vector-2.png\" style=\"margin-right:3px\"><strong>243 et 245 Rue de Ch\u00e2teaugiron\nB\u00e2timent A, 35000 - RENNES<\/strong><\/p><\/div>\r\n\t\t\t\t\r\n\t\t\t\t<div class=\"popin_exposant_content\"><p class=\"arx_expo_extrait\"><strong>Concessionnaire automobile : pr\u00e9sentation de l'ID BUZZ<\/strong><\/p><\/div>\r\n\t\t\t<div class=\"popin_exposant_resaux\">\r\n\t\t\t\t<div class=\"reseaux\" style=\"    display: flex;   justify-content: flex-end;\"><\/div>\r\n\t\t\t\t\r\n\t\t\t<\/div>\r\n\t\t\t\r\n\t\t\t<\/div><\/div><\/div>\r\n\t\t<script language=\"javascript\">\r\n\r\n\t\tjQuery(function($){\r\n\r\n\t\t\t$(document).on(\"click\",\".arx_page_link\",\r\n\t\t\t\tfunction(){\r\n\t\t\t\t\t\/\/alert(\"ok\");\r\n\r\n\t\t\t\t\tvar $filter_tax = \"\";\r\n\t\t\t\t\t$(\".arx_filtre_nomenclature_button\").each(\r\n\t\t\t\t\t\tfunction(){\r\n\t\t\t\t\t\t\tif ($(this).hasClass(\"active\")){\r\n\t\t\t\t\t\t\t\t$filter_tax = $filter_tax+$(this).attr(\"data-term-id\")+\"-\";\r\n\t\t\t\t\t\t\t}\r\n\t\t\t\t\t\t}\r\n\t\t\t\t\t);\r\n\r\n\t\t\t\t\tvar $filter_univers = \"\";\r\n\t\t\t\t\t$(\".arx_filtre_univers\").each(\r\n\t\t\t\t\t\tfunction(){\r\n\t\t\t\t\t\t\tif ($(this).hasClass(\"active\")){\r\n\t\t\t\t\t\t\t\t$filter_univers = $filter_univers+$(this).attr(\"id\")+\"-\";\r\n\t\t\t\t\t\t\t}\r\n\t\t\t\t\t\t}\r\n\t\t\t\t\t);\r\n\r\n\t\t\t\t\tvar $url = $(\"a\", this).attr(\"data-url\")+\"&filter_tax=\"+$filter_tax+\"&filter_univers=\"+$filter_univers;\r\n\r\n\t\t\t\t\tconsole.log($url);\r\n\r\n\t\t\t\t\t$(\"#liste_exposants\").addClass(\"loading\");\r\n\t\t\t\t\t$(\"#exposant_ajax_content\").load($url+\" #liste_exposants\", function(){\r\n\t\t\t\t\t\t\t\t\t\t\t$(\"#liste_exposants\").removeClass(\"loading\");\r\n\t\t\t\t\t});\r\n\t\t\t\t\t$scrollto = Math.abs($(\"#liste_exposants\").offset().top-100);\r\n\t\t\t\t\t $([document.documentElement, document.body]).animate({\r\n\t\t\t\t\t\tscrollTop: $scrollto\r\n\t\t\t\t\t}, 500);\r\n\t\t\t\t}\r\n\r\n\t\t\t);\r\n\r\n\t\t\t$(document).on(\"click\",\".arx_filtre_nomenclature_button\",\r\n\t\t\t\tfunction(){\r\n\r\n\t\t\t\t\tvar $term_id = $(this).attr(\"data-term-id\");\r\n\t\t\t\t\t$(\".arx_filtre_nomenclature_button\").each(\r\n\t\t\t\t\t\tfunction(){\r\n\t\t\t\t\t\t\tif ($(this).attr(\"data-term-id\")!=$term_id){\r\n\r\n\t\t\t\t\t\t\t$(this).removeClass(\"active\");\r\n\t\t\t\t\t\t\t}\r\n\r\n\t\t\t\t\t\t}\r\n\t\t\t\t\t);\r\n\r\n\t\t\t\t\t$(this).toggleClass(\"active\");\r\n\r\n\t\t\t\t\tvar $filter_tax = \"\";\r\n\t\t\t\t\t$(\".arx_filtre_nomenclature_button\").each(\r\n\t\t\t\t\t\tfunction(){\r\n\t\t\t\t\t\t\tif ($(this).hasClass(\"active\")){\r\n\t\t\t\t\t\t\t\t$filter_tax = $filter_tax+$(this).attr(\"data-term-id\")+\"-\";\r\n\t\t\t\t\t\t\t}\r\n\t\t\t\t\t\t}\r\n\t\t\t\t\t);\r\n\r\n\t\t\t\t\tvar $filter_univers = \"\";\r\n\t\t\t\t\t$(\".arx_filtre_univers\").each(\r\n\t\t\t\t\t\tfunction(){\r\n\t\t\t\t\t\t\tif ($(this).hasClass(\"active\")){\r\n\t\t\t\t\t\t\t\t$filter_univers = $filter_univers+$(this).attr(\"id\")+\"-\";\r\n\t\t\t\t\t\t\t}\r\n\t\t\t\t\t\t}\r\n\t\t\t\t\t);\r\n\r\n\t\t\t\t\tvar $num_page = 1;\r\n\t\t\t\t\t$(\".arx_page_link\").each(\r\n\t\t\t\t\t\tfunction(){\r\n\t\t\t\t\t\t\tif ($(this).hasClass(\"active\")){\r\n\t\t\t\t\t\t\t\t\/\/$num_page = $(this).attr(\"data-num\");\r\n\r\n\t\t\t\t\t\t\t\t$num_page = 1;\r\n\t\t\t\t\t\t\t}\r\n\t\t\t\t\t\t}\r\n\t\t\t\t\t);\r\n\r\n\r\n\t\t\t\t\tvar $url = \"\/quimper\/wp-json\/wp\/v2\/pages\/2?numpage=\"+$num_page+\"&filter_tax=\"+$filter_tax+\"&filter_univers=\"+$filter_univers;\r\n\t\t\t\t\tconsole.log($url);\r\n\t\t\t\t\t$(\"#liste_exposants\").addClass(\"loading\");\r\n\t\t\t\t\t$(\"#exposant_ajax_content\").load($url+\" #liste_exposants\",function(){\r\n\t\t\t\t\t\t$(\"#liste_exposants\").removeClass(\"loading\");\r\n\t\t\t\t\t\t\/\/$(\".arx_page_link[data-num='1'] a\").click().trigger(\"click\");\r\n\r\n\t\t\t\t\t});\r\n\t\t\t\t\t$scrollto = Math.abs($(\"#liste_exposants\").offset().top-100);\r\n\t\t\t\t\t $([document.documentElement, document.body]).animate({\r\n\t\t\t\t\t\tscrollTop: $scrollto\r\n\t\t\t\t\t}, 500);\r\n\t\t\t\t}\r\n\r\n\t\t\t);\r\n\r\n\t\t\t$(document).on(\"click\",\".arx_filtre_univers\",\r\n\t\t\t\tfunction(){\r\n\t\t\t\t\t$filter_univers_item = $(this).attr(\"id\");\r\n\t\t\t\t\t$(\".arx_filtre_univers\").each(\r\n\t\t\t\t\t\tfunction(){\r\n\t\t\t\t\t\t\tif ($(this).attr(\"id\")!=$filter_univers_item){\r\n\t\t\t\t\t\t\t\t$(this).removeClass(\"active\");\r\n\t\t\t\t\t\t\t}\r\n\t\t\t\t\t\t}\r\n\t\t\t\t\t);\r\n\t\t\t\t\t$(this).toggleClass(\"active\");\r\n\r\n\r\n\t\t\t\t\tvar $univers = $(this).attr(\"data-univers\");\r\n\r\n\t\t\t\t\tvar $filter_tax = \"\";\r\n\t\t\t\t\t$(\".arx_filtre_nomenclature_button\").each(\r\n\t\t\t\t\t\tfunction(){\r\n\t\t\t\t\t\t\t$(this).removeClass(\"active\");\r\n\r\n\t\t\t\t\t\t\tif ($(this).attr(\"data-univers\")!=$univers){\r\n\t\t\t\t\t\t\t\t$(this).hide();\r\n\t\t\t\t\t\t\t}\r\n\t\t\t\t\t\t\telse {\r\n\t\t\t\t\t\t\t\t$(this).show();\r\n\t\t\t\t\t\t\t}\r\n\t\t\t\t\t\t}\r\n\t\t\t\t\t);\r\n\r\n\r\n\t\t\t\t\tvar $filter_univers = \"\";\r\n\t\t\t\t\t$(\".arx_filtre_univers\").each(\r\n\t\t\t\t\t\tfunction(){\r\n\t\t\t\t\t\t\tif ($(this).hasClass(\"active\")){\r\n\t\t\t\t\t\t\t\t$filter_univers = $filter_univers+$(this).attr(\"id\")+\"-\";\r\n\t\t\t\t\t\t\t}\r\n\t\t\t\t\t\t}\r\n\t\t\t\t\t);\r\n\r\n\t\t\t\t\tvar $num_page = 1;\r\n\t\t\t\t\t$(\".arx_page_link\").each(\r\n\t\t\t\t\t\tfunction(){\r\n\t\t\t\t\t\t\tif ($(this).hasClass(\"active\")){\r\n\t\t\t\t\t\t\t\t\/\/$num_page = $(this).attr(\"data-num\");\r\n\t\t\t\t\t\t\t\t$num_page = 1;\r\n\t\t\t\t\t\t\t}\r\n\t\t\t\t\t\t}\r\n\t\t\t\t\t);\r\n\r\n\r\n\t\t\t\t\tvar $url = \"\/quimper\/wp-json\/wp\/v2\/pages\/2?numpage=\"+$num_page+\"&filter_tax=\"+$filter_tax+\"&filter_univers=\"+$filter_univers;\r\n\t\t\t\t\tconsole.log($url);\r\n\t\t\t\t\t$(\"#liste_exposants\").addClass(\"loading\");\r\n\t\t\t\t\t$(\"#exposant_ajax_content\").load($url+\" #liste_exposants\",function(){\r\n\t\t\t\t\t\t\t\t\t\t\t$(\"#liste_exposants\").removeClass(\"loading\");\r\n\r\n\r\n\t\t\t\t\t});\r\n\t\t\t\t\t$scrollto = Math.abs($(\"#liste_exposants\").offset().top-100);\r\n\t\t\t\t\t $([document.documentElement, document.body]).animate({\r\n\t\t\t\t\t\tscrollTop: $scrollto\r\n\t\t\t\t\t}, 500);\r\n\t\t\t\t}\r\n\r\n\t\t\t);\t\t\t\t\r\n\t\t});\r\n\r\n\r\n\r\n\t\t<\/script>\r\n\t\t<\/div><\/div><\/div>[\/vc_column_text][vc_empty_space height=\u00a0\u00bb70px\u00a0\u00bb el_class=\u00a0\u00bbon_mobile_only\u00a0\u00bb][vc_empty_space height=\u00a0\u00bb150px\u00a0\u00bb el_class=\u00a0\u00bbhide_on_mobile\u00a0\u00bb][vc_single_image image=\u00a0\u00bb6876&Prime; img_size=\u00a0\u00bbfull\u00a0\u00bb el_class=\u00a0\u00bbhide_on_mobile arx_absolute_ville_img\u00a0\u00bb][\/vc_column][\/vc_row][vc_row][vc_column][vc_row_inner disable_element=\u00a0\u00bbyes\u00a0\u00bb][vc_column_inner][vc_empty_space height=\u00a0\u00bb151px\u00a0\u00bb][vc_raw_html]JTNDaWZyYW1lJTIwc3JjJTNEJTIyaHR0cHMlM0ElMkYlMkZnbGV2ZW50cy5wZWVreXdheS5jb20lMkYlM0Zjb2RlJTNENTA1JTIyJTIwc3R5bGUlM0QlMjJib3JkZXIlM0Fub25lJTNCJTIwd2lkdGglM0ExMDAlMjUlM0IlMjBoZWlnaHQlM0ExNjAwcHglM0IlMjIlM0UlM0MlMkZpZnJhbWUlM0U=[\/vc_raw_html][\/vc_column_inner][\/vc_row_inner][vc_empty_space height=\u00a0\u00bb70px\u00a0\u00bb][\/vc_column][\/vc_row][vc_row el_class=\u00a0\u00bbdesktop_padding_extra_large\u00a0\u00bb][vc_column][vc_row_inner el_class=\u00a0\u00bbhide_on_mobile\u00a0\u00bb][vc_column_inner el_class=\u00a0\u00bbarx_ville_projet\u00a0\u00bb][vc_column_text el_class=\u00a0\u00bbbloc_dark titre_trait nobold\u00a0\u00bb]\n<h2><strong>avec Viving <\/strong><span class=\"arx_titre_ville_no_bold\">MON<\/span> projet habitat<\/h2>\n[\/vc_column_text][vc_empty_space height=\u00a0\u00bb59px\u00a0\u00bb][vc_column_text el_class=\u00a0\u00bbarx_description_projet_ville\u00a0\u00bb]Vous avez un projet habitat ? Qu&rsquo;il s&rsquo;agisse de r\u00e9novation, d&rsquo;am\u00e9nagement ou d&rsquo;immobilier, faites confiance \u00e0 Viving. Nous vous mettons en relation avec le professionnel ad\u00e9quat en 3 jours ouvr\u00e9s. Les questions que nous avons \u00e0 vous poser ne prendrons pas plus de 5 minutes, promis.[\/vc_column_text][vc_empty_space height=\u00a0\u00bb59px\u00a0\u00bb][vc_empty_space height=\u00a0\u00bb101px\u00a0\u00bb][vc_btn title=\u00a0\u00bbc\u2019est parti\u00a0\u00bb align=\u00a0\u00bbleft\u00a0\u00bb button_block=\u00a0\u00bbtrue\u00a0\u00bb link=\u00a0\u00bburl:https%3A%2F%2Fwww.viving.fr%2Fdeposer-un-projet%2F\u00a0\u00bb el_class=\u00a0\u00bbarx_bouton arx_bouton_projet_ville_lame\u00a0\u00bb][\/vc_column_inner][\/vc_row_inner][\/vc_column][\/vc_row][vc_row el_class=\u00a0\u00bbon_mobile_only arx_columns_iner_exposant\u00a0\u00bb][vc_column][vc_row_inner el_class=\u00a0\u00bbarx_container_villenopadding\u00a0\u00bb][vc_column_inner el_class=\u00a0\u00bbarx_ville_projet arx_border_home_ville_projet\u00a0\u00bb][vc_empty_space height=\u00a0\u00bb59px\u00a0\u00bb][vc_column_text el_class=\u00a0\u00bbbloc_dark titre_trait nobold\u00a0\u00bb]\n<h2><strong>avec Viving <\/strong><span class=\"arx_titre_ville_no_bold\">MON<\/span> projet<\/h2>\n[\/vc_column_text][vc_empty_space height=\u00a0\u00bb59px\u00a0\u00bb][vc_column_text el_class=\u00a0\u00bbarx_description_projet_ville\u00a0\u00bb]Vous avez un projet habitat ou immobilier ? Qu&rsquo;il s&rsquo;agisse de r\u00e9novation, d&rsquo;am\u00e9nagement ou d&rsquo;immobilier, faites confiance \u00e0 Viving. Nous vous mettons en relation avec le professionnel ad\u00e9quat dans les meilleurs d\u00e9lais. Les questions que nous avons \u00e0 vous poser ne prendrons pas plus de 5 minutes, promis.[\/vc_column_text][vc_empty_space height=\u00a0\u00bb59px\u00a0\u00bb][vc_empty_space height=\u00a0\u00bb101px\u00a0\u00bb el_class=\u00a0\u00bbhide_on_mobile\u00a0\u00bb][vc_empty_space height=\u00a0\u00bb60px\u00a0\u00bb el_class=\u00a0\u00bbon_mobile_only\u00a0\u00bb][vc_btn title=\u00a0\u00bbc\u2019est parti\u00a0\u00bb align=\u00a0\u00bbleft\u00a0\u00bb button_block=\u00a0\u00bbtrue\u00a0\u00bb link=\u00a0\u00bburl:https%3A%2F%2Fwww.viving.fr%2Fdeposer-un-projet%2F\u00a0\u00bb el_class=\u00a0\u00bbarx_bouton arx_bouton_projet_ville_lame\u00a0\u00bb][vc_empty_space height=\u00a0\u00bb59px\u00a0\u00bb][\/vc_column_inner][\/vc_row_inner][\/vc_column][\/vc_row][vc_row el_class=\u00a0\u00bbdesktop_padding_extra_large\u00a0\u00bb][vc_column][vc_empty_space height=\u00a0\u00bb70px\u00a0\u00bb el_class=\u00a0\u00bbhide_on_mobile\u00a0\u00bb][vc_empty_space height=\u00a0\u00bb55px\u00a0\u00bb el_class=\u00a0\u00bbon_mobile_only\u00a0\u00bb][vc_column_text el_class=\u00a0\u00bbarx_titre_h2 titre_trait_v3&Prime;]\n<h2><strong>Les<\/strong> espaces Viving<\/h2>\n[\/vc_column_text][vc_empty_space height=\u00a0\u00bb172px\u00a0\u00bb el_class=\u00a0\u00bbhide_on_mobile\u00a0\u00bb][vc_empty_space height=\u00a0\u00bb81px\u00a0\u00bb el_class=\u00a0\u00bbon_mobile_only\u00a0\u00bb][vc_row_inner][vc_column_inner width=\u00a0\u00bb1\/3&Prime;][vc_single_image image=\u00a0\u00bb6878&Prime; img_size=\u00a0\u00bbfull\u00a0\u00bb alignment=\u00a0\u00bbcenter\u00a0\u00bb][vc_column_text el_class=\u00a0\u00bbespace_slogan_2023&Prime;]Se faire plaisir, d\u00e9couvrir[\/vc_column_text][vc_column_text el_class=\u00a0\u00bbespace_slogan_2023 on_mobile_only\u00a0\u00bb]<strong>La Collection Viving<\/strong>[\/vc_column_text][vc_empty_space height=\u00a0\u00bb18px\u00a0\u00bb el_class=\u00a0\u00bbon_mobile_only\u00a0\u00bb][vc_column_text el_class=\u00a0\u00bbon_mobile_only espace_slogan_2023_texte\u00a0\u00bb]Un espace d\u00e9di\u00e9 aux artistes, cr\u00e9ateurs, brocanteurs locaux pour d\u00e9couvrir, \u00e9changer, acheter\u2026 se faire plaisir ! C\u2019est aussi l\u2019occasion de s\u2019initier et de se d\u00e9couvrir une \u00e2me de bricoleur ou d\u2019\u00e9changer avec des professionnels passionn\u00e9s.[\/vc_column_text][vc_empty_space height=\u00a0\u00bb60px\u00a0\u00bb el_class=\u00a0\u00bbon_mobile_only\u00a0\u00bb][\/vc_column_inner][vc_column_inner width=\u00a0\u00bb1\/3&Prime;][vc_single_image image=\u00a0\u00bb6879&Prime; img_size=\u00a0\u00bbfull\u00a0\u00bb alignment=\u00a0\u00bbcenter\u00a0\u00bb][vc_column_text el_class=\u00a0\u00bbespace_slogan_2023&Prime;]S\u2019informer, r\u00e9pondre<br \/>\n\u00e0 ses questions techniques[\/vc_column_text][vc_column_text el_class=\u00a0\u00bbespace_slogan_2023 on_mobile_only\u00a0\u00bb]<strong>Les Ateliers Viving<\/strong>[\/vc_column_text][vc_empty_space height=\u00a0\u00bb18px\u00a0\u00bb el_class=\u00a0\u00bbon_mobile_only\u00a0\u00bb][vc_column_text el_class=\u00a0\u00bbon_mobile_only espace_slogan_2023_texte\u00a0\u00bb]Aux Ateliers Viving, rencontrez des experts institutionnels, avocats, notaires\u2026 pour r\u00e9pondre \u00e0 toutes vos questions techniques sur vos projets immobiliers et habitats. Lors d\u2019\u00e9changes individuels sur la Zone des Experts ou de rencontres lors de consultations publiques, nos sp\u00e9cialistes vous offrent de nouvelles perspectives autour de l\u2019immobilier et de la construction.[\/vc_column_text][vc_empty_space height=\u00a0\u00bb60px\u00a0\u00bb el_class=\u00a0\u00bbon_mobile_only\u00a0\u00bb][\/vc_column_inner][vc_column_inner width=\u00a0\u00bb1\/3&Prime;][vc_single_image image=\u00a0\u00bb6877&Prime; img_size=\u00a0\u00bbfull\u00a0\u00bb alignment=\u00a0\u00bbcenter\u00a0\u00bb][vc_column_text el_class=\u00a0\u00bbespace_slogan_2023&Prime;]S\u2019inspirer, initier des id\u00e9es[\/vc_column_text][vc_column_text el_class=\u00a0\u00bbespace_slogan_2023 on_mobile_only\u00a0\u00bb]<strong>Le Labo Viving<\/strong>[\/vc_column_text][vc_empty_space height=\u00a0\u00bb18px\u00a0\u00bb el_class=\u00a0\u00bbon_mobile_only\u00a0\u00bb][vc_column_text el_class=\u00a0\u00bbon_mobile_only espace_slogan_2023_texte\u00a0\u00bb]Envie de changer la d\u00e9coration de votre salon, de votre chambre ? Besoin d\u2019optimiser ou de (r\u00e9)agencer votre espace de vie ? Nous avons la solution ! Au Labo Viving, vous b\u00e9n\u00e9ficiez de rendez-vous personnalis\u00e9s et de conseils gratuits de professionnels et de coachs pour votre d\u00e9co d\u2019int\u00e9rieur, votre architecture de jardin, votre organisation et rangement\u2026<\/p>\n<p>Plans et photos en main, \u00e9changez pendant 30 minutes avec nos expert(e)s pour r\u00e9pondre \u00e0 vos besoins et vos envies et imaginer ensemble un habitat qui vous ressemble.[\/vc_column_text][vc_empty_space height=\u00a0\u00bb60px\u00a0\u00bb el_class=\u00a0\u00bbon_mobile_only\u00a0\u00bb][\/vc_column_inner][\/vc_row_inner][vc_empty_space height=\u00a0\u00bb118px\u00a0\u00bb el_class=\u00a0\u00bbhide_on_mobile\u00a0\u00bb][vc_btn title=\u00a0\u00bbles espaces\u00a0\u00bb align=\u00a0\u00bbleft\u00a0\u00bb button_block=\u00a0\u00bbtrue\u00a0\u00bb link=\u00a0\u00bburl:%2Fquimper%2Fanimations%2F\u00a0\u00bb el_class=\u00a0\u00bbarx_bouton arx_bouton_projet_ville_lame\u00a0\u00bb][\/vc_column][\/vc_row][vc_row full_width=\u00a0\u00bbstretch_row_content_no_spaces\u00a0\u00bb el_class=\u00a0\u00bbdesktop_padding_extra_large\u00a0\u00bb css=\u00a0\u00bb.vc_custom_1671698265397{background-color: #ffffff !important;}\u00a0\u00bb][vc_column][vc_raw_js]JTA5JTNDc2NyaXB0JTIwdHlwZSUzRCUyMnRleHQlMkZqYXZhc2NyaXB0JTIyJTNFJTBBJTA5JTA5JTBBJTA5JTA5JTA5alF1ZXJ5JTI4ZG9jdW1lbnQlMjkucmVhZHklMjhmdW5jdGlvbiUyOCUyNCUyOSU3QiUwQSUwOSUwOSUwOSUwOSUyNCUyOCUyMi5hcnhfbG9hZF9hcnRpY2xlX2NoYXJnZSUyMiUyOS5sb2FkJTI4JTIyaHR0cHMlM0ElMkYlMkZ3d3cudml2aW5nLmZyJTJGJTIwJTIzYXJ0aWNsZXNpdGVwcmluY2lwYWxlbW9iaWxlJTIyJTI5JTBBJTA5JTA5JTA5JTA5JTI0JTI4d2luZG93JTI5LmJpbmQlMjglMjJsb2FkJTIyJTJDJTIwZnVuY3Rpb24lMjglMjklMjAlN0IlMEElMjAlMjAlMjAlMjAlMjAlMjAlMjAlMjAlMjAlMjAlMjAlMjAlMjAlMjAlMjAlMjAlMjAlMjAlMjAlMjAlMjAlMjAlMjAlMjAlMjAlMjAlMjAlMjAlMjAlMjAlMjAlMEElMDklMDklMDklMDklMjAlMjQlMjglMjIuYXJ4c2xpY2thcnRpY2xlLm9uX21vYmlsZV9vbmx5JTIwLmd1c3RhLWdyaWQlMjIlMjkuc2xpY2slMjglN0IlMDklMjAlMjAlMEElMDklMDklMDklMDklMDklMDljZW50ZXJQYWRkaW5nJTNBJTIwJTI3MTdweCUyNyUyQyUwQSUwOSUwOSUwOSUwOSUwOSUyMGNlbnRlck1vZGUlM0ElMjB0cnVlJTJDJTBBJTA5JTA5JTA5JTA5JTJGJTJGJTIwJTIwdmFyaWFibGVXaWR0aCUzQSUyMHRydWUlMkMlMEElMDklMDklMDklMDklMDklMDlzbGlkZXNUb1Nob3clM0ExJTJDJTBBJTA5JTA5JTA5JTA5JTA5JTIwJTIwc2xpZGVzVG9TY3JvbGwlM0ElMjAxJTJDJTBBJTA5JTA5JTA5JTA5JTJGJTJGJTA5JTIwJTIwY2VudGVyTW9kZSUzQSUyMGZhbHNlJTA5JTJDJTBBJTA5JTA5JTA5JTA5JTA5JTIwJTIwYXV0b3BsYXklM0ElMjB0cnVlJTJDJTBBJTA5JTA5JTA5JTA5JTA5JTIwJTIwYXJyb3dzJTNBZmFsc2UlMkMlMEElMDklMDklMDklMDklMDklMDlkb3RzJTNBZmFsc2UlMDklMEElMEElMDklMDklMDklMDklMDklN0QlMjklM0IlMDklMEElMDklMjAlMjAlMjAlMjAlMjAlMjAlMjAlMjAlMjAlMjAlMjAlMjAlMjAlMjAlMjAlMjAlMjAlMjAlMjAlMjAlMjAlMEElMDklMDklMDklMDklN0QlMjklM0IlMEElMDklMDklMDklMDklMDklMEElMDklMDklMDklMDklMEElMDklMDklMDklN0QlMjklM0IlMEElMDklMDklMEElMDklM0MlMkZzY3JpcHQlM0UlMEE=[\/vc_raw_js][vc_empty_space height=\u00a0\u00bb123px\u00a0\u00bb el_class=\u00a0\u00bbhide_on_mobile\u00a0\u00bb][vc_empty_space height=\u00a0\u00bb55px\u00a0\u00bb el_class=\u00a0\u00bbon_mobile_only\u00a0\u00bb][vc_column_text el_class=\u00a0\u00bbbloc_dark text_shadow titre_trait\u00a0\u00bb]\n<h2><strong>avec Viving <\/strong>S&rsquo;inspirer<\/h2>\n[\/vc_column_text][vc_empty_space height=\u00a0\u00bb55px\u00a0\u00bb][vc_row_inner][vc_column_inner width=\u00a0\u00bb1\/3&Prime;][\/vc_column_inner][vc_column_inner width=\u00a0\u00bb1\/3&Prime;][vc_btn title=\u00a0\u00bbPLUS D&rsquo;iNSPIRATION\u00a0\u00bb align=\u00a0\u00bbcenter\u00a0\u00bb button_block=\u00a0\u00bbtrue\u00a0\u00bb link=\u00a0\u00bburl:%2Fsinspirer%2F|||\u00a0\u00bb el_class=\u00a0\u00bbarx_bouton\u00a0\u00bb][\/vc_column_inner][vc_column_inner width=\u00a0\u00bb1\/3&Prime;][\/vc_column_inner][\/vc_row_inner][vc_row_inner][vc_column_inner][vc_empty_space height=\u00a0\u00bb55px\u00a0\u00bb el_class=\u00a0\u00bbhide_on_mobile\u00a0\u00bb][vc_empty_space height=\u00a0\u00bb35px\u00a0\u00bb el_class=\u00a0\u00bbmobile_only\u00a0\u00bb][vc_single_image image=\u00a0\u00bb10434&Prime; img_size=\u00a0\u00bbfull\u00a0\u00bb alignment=\u00a0\u00bbcenter\u00a0\u00bb onclick=\u00a0\u00bbcustom_link\u00a0\u00bb link=\u00a0\u00bbhttp:\/\/www.maisonapart.com\/?wpopinabo=1&#038;utm_source=viving2026&Prime;][\/vc_column_inner][\/vc_row_inner][\/vc_column][\/vc_row][vc_row full_width=\u00a0\u00bbstretch_row_content_no_spaces\u00a0\u00bb el_class=\u00a0\u00bbdesktop_padding_extra_large\u00a0\u00bb][vc_column css=\u00a0\u00bb.vc_custom_1672841816340{background-color: #ffffff !important;}\u00a0\u00bb][vc_empty_space height=\u00a0\u00bb108px\u00a0\u00bb el_class=\u00a0\u00bbhide_on_mobile\u00a0\u00bb][vc_empty_space height=\u00a0\u00bb60px\u00a0\u00bb el_class=\u00a0\u00bbon_mobile_only\u00a0\u00bb][vc_column_text el_class=\u00a0\u00bbarx_titre_h2 titre_trait_v3&Prime;]\n<h2><strong>avec Viving <\/strong>En podcast<\/h2>\n[\/vc_column_text][vc_empty_space height=\u00a0\u00bb86px\u00a0\u00bb el_class=\u00a0\u00bbhide_on_mobile\u00a0\u00bb][vc_empty_space height=\u00a0\u00bb55px\u00a0\u00bb el_class=\u00a0\u00bbon_mobile_only\u00a0\u00bb][vc_single_image image=\u00a0\u00bb10362&Prime; img_size=\u00a0\u00bbfull\u00a0\u00bb alignment=\u00a0\u00bbcenter\u00a0\u00bb onclick=\u00a0\u00bbcustom_link\u00a0\u00bb img_link_target=\u00a0\u00bb_blank\u00a0\u00bb link=\u00a0\u00bbhttps:\/\/smartlink.ausha.co\/de-la-cave-au-grenier?utm_source=ig&amp;utm_medium=social&amp;utm_content=link_in_bio&amp;fbclid=PAZXh0bgNhZW0CMTEAc3J0YwZhcHBfaWQMMjU2MjgxMDQwNTU4AAGn4yKPgQUChetvLrKB7OlM1NbuqFqg9gGigFT1LQM6jsuEpscCRS4katvInWY_aem_S2_FFX5QRZMY15Coa9Jl9g\u00a0\u00bb][vc_empty_space height=\u00a0\u00bb86px\u00a0\u00bb el_class=\u00a0\u00bbhide_on_mobile\u00a0\u00bb][vc_empty_space height=\u00a0\u00bb55px\u00a0\u00bb el_class=\u00a0\u00bbon_mobile_only\u00a0\u00bb][vc_btn title=\u00a0\u00bbD\u00e9couvrez les podcasts VIVING\u00a0\u00bb align=\u00a0\u00bbcenter\u00a0\u00bb button_block=\u00a0\u00bbtrue\u00a0\u00bb link=\u00a0\u00bburl:https%3A%2F%2Fsmartlink.ausha.co%2Fde-la-cave-au-grenier%3Futm_source%3Dig%26utm_medium%3Dsocial%26utm_content%3Dlink_in_bio%26fbclid%3DPAZXh0bgNhZW0CMTEAc3J0YwZhcHBfaWQMMjU2MjgxMDQwNTU4AAGn4yKPgQUChetvLrKB7OlM1NbuqFqg9gGigFT1LQM6jsuEpscCRS4katvInWY_aem_S2_FFX5QRZMY15Coa9Jl9g\u00a0\u00bb el_class=\u00a0\u00bbarx_bouton\u00a0\u00bb][vc_empty_space height=\u00a0\u00bb107px\u00a0\u00bb el_class=\u00a0\u00bbhide_on_mobile\u00a0\u00bb][vc_empty_space height=\u00a0\u00bb80px\u00a0\u00bb el_class=\u00a0\u00bbon_mobile_only\u00a0\u00bb][\/vc_column][\/vc_row][vc_row full_width=\u00a0\u00bbstretch_row_content_no_spaces\u00a0\u00bb el_class=\u00a0\u00bbdesktop_padding_extra_large\u00a0\u00bb][vc_column css=\u00a0\u00bb.vc_custom_1672841826423{background-color: #ffffff !important;}\u00a0\u00bb][vc_column_text el_class=\u00a0\u00bbarx_titre_h2 titre_trait_v3&Prime;]\n<h2><strong>les<\/strong> Partenaires Viving<\/h2>\n[\/vc_column_text][vc_empty_space height=\u00a0\u00bb65px\u00a0\u00bb][vc_row_inner gap=\u00a0\u00bb20&Prime;][vc_column_inner el_class=\u00a0\u00bbdisplay_flex_partenaire\u00a0\u00bb offset=\u00a0\u00bbvc_col-xs-4&Prime;][vc_single_image image=\u00a0\u00bb6920&Prime; img_size=\u00a0\u00bbmedium\u00a0\u00bb alignment=\u00a0\u00bbcenter\u00a0\u00bb onclick=\u00a0\u00bbcustom_link\u00a0\u00bb link=\u00a0\u00bbhttps:\/\/www.letelegramme.fr\u00a0\u00bb][vc_single_image image=\u00a0\u00bb10383&Prime; img_size=\u00a0\u00bb200&#215;60&Prime; alignment=\u00a0\u00bbcenter\u00a0\u00bb][vc_single_image image=\u00a0\u00bb6881&Prime; img_size=\u00a0\u00bbfull\u00a0\u00bb alignment=\u00a0\u00bbcenter\u00a0\u00bb][vc_single_image image=\u00a0\u00bb9328&Prime; img_size=\u00a0\u00bbmedium\u00a0\u00bb alignment=\u00a0\u00bbcenter\u00a0\u00bb][\/vc_column_inner][\/vc_row_inner][vc_empty_space height=\u00a0\u00bb118px\u00a0\u00bb el_class=\u00a0\u00bbhide_on_mobile\u00a0\u00bb][vc_empty_space height=\u00a0\u00bb78px\u00a0\u00bb el_class=\u00a0\u00bbon_mobile_only\u00a0\u00bb][\/vc_column][\/vc_row][vc_row full_width=\u00a0\u00bbstretch_row_content_no_spaces\u00a0\u00bb el_id=\u00a0\u00bbcontactviving\u00a0\u00bb][vc_column][vc_empty_space height=\u00a0\u00bb10px\u00a0\u00bb][\/vc_column][\/vc_row][vc_row full_width=\u00a0\u00bbstretch_row_content_no_spaces\u00a0\u00bb el_class=\u00a0\u00bbhide_on_mobile desktop_padding_extra_large\u00a0\u00bb][vc_column][vc_column_text el_class=\u00a0\u00bbtitre_trait nobold\u00a0\u00bb]\n<h2><strong>avec Viving <\/strong><span class=\"arx_titre_ville_no_bold\">nous<\/span> contacter<\/h2>\n[\/vc_column_text][vc_empty_space height=\u00a0\u00bb48px\u00a0\u00bb][vc_tta_tabs section_title_tag=\u00a0\u00bbh3&Prime; active_section=\u00a0\u00bb1&Prime; el_class=\u00a0\u00bbarx-tabs-contact\u00a0\u00bb][vc_tta_section title=\u00a0\u00bbEXPOSANT\u00a0\u00bb tab_id=\u00a0\u00bb1673514644487-855fb1ca-b0dc\u00a0\u00bb][vc_empty_space height=\u00a0\u00bb40px\u00a0\u00bb][vc_raw_html css=\u00a0\u00bb.vc_custom_1758269444705{background-color: #ffffff !important;}\u00a0\u00bb]JTNDaWZyYW1lJTIwJTBBJTIwJTIwc3JjJTNEJTIyaHR0cHMlM0ElMkYlMkZsYW5kaW5nLnZpdmluZy5mciUyRmRldmVuZXotZXhwb3NhbnQlMkYlMjIlMjAlMEElMjAlMjB3aWR0aCUzRCUyMjEwMCUyNSUyMiUyMCUwQSUyMCUyMGhlaWdodCUzRCUyMjExNzBweCUyMiUyMCUwQSUyMCUyMHN0eWxlJTNEJTIyYm9yZGVyJTNBJTIwbm9uZSUzQiUyMiUwQSUyMCUyMGFsbG93ZnVsbHNjcmVlbiUwQSUyMCUyMGxvYWRpbmclM0QlMjJsYXp5JTIyJTNFJTBBJTNDJTJGaWZyYW1lJTNF[\/vc_raw_html][vc_empty_space height=\u00a0\u00bb40px\u00a0\u00bb][\/vc_tta_section][vc_tta_section title=\u00a0\u00bbVISITEUR\u00a0\u00bb tab_id=\u00a0\u00bb1673514644554-913c5136-0bf1&Prime;][vc_empty_space height=\u00a0\u00bb40px\u00a0\u00bb]<div class=\"wpcf7 no-js\" id=\"wpcf7-f6872-o1\" lang=\"fr-FR\" dir=\"ltr\">\n<div class=\"screen-reader-response\"><p role=\"status\" aria-live=\"polite\" aria-atomic=\"true\"><\/p> <ul><\/ul><\/div>\n<form action=\"\/quimper\/wp-json\/wp\/v2\/pages\/2#wpcf7-f6872-o1\" method=\"post\" class=\"wpcf7-form init cf7mls-no-scroll cf7mls-no-moving-animation\" aria-label=\"Formulaire de contact\" novalidate=\"novalidate\" data-status=\"init\">\n<div style=\"display: none;\">\n<input type=\"hidden\" name=\"_wpcf7\" value=\"6872\" \/>\n<input type=\"hidden\" name=\"_wpcf7_version\" value=\"5.7.1\" \/>\n<input type=\"hidden\" name=\"_wpcf7_locale\" value=\"fr_FR\" \/>\n<input type=\"hidden\" name=\"_wpcf7_unit_tag\" value=\"wpcf7-f6872-o1\" \/>\n<input type=\"hidden\" name=\"_wpcf7_container_post\" value=\"0\" \/>\n<input type=\"hidden\" name=\"_wpcf7_posted_data_hash\" value=\"\" \/>\n<input type=\"hidden\" name=\"_wpcf7cf_hidden_group_fields\" value=\"[]\" \/>\n<input type=\"hidden\" name=\"_wpcf7cf_hidden_groups\" value=\"[]\" \/>\n<input type=\"hidden\" name=\"_wpcf7cf_visible_groups\" value=\"[]\" \/>\n<input type=\"hidden\" name=\"_wpcf7cf_repeaters\" value=\"[]\" \/>\n<input type=\"hidden\" name=\"_wpcf7cf_steps\" value=\"{}\" \/>\n<input type=\"hidden\" name=\"_wpcf7cf_options\" value=\"{&quot;form_id&quot;:6872,&quot;conditions&quot;:[],&quot;settings&quot;:{&quot;animation&quot;:&quot;yes&quot;,&quot;animation_intime&quot;:200,&quot;animation_outtime&quot;:200,&quot;conditions_ui&quot;:&quot;normal&quot;,&quot;notice_dismissed&quot;:false,&quot;notice_dismissed_update-cf7-5.4.1&quot;:true}}\" \/>\n<input type=\"hidden\" name=\"_wpcf7_recaptcha_response\" value=\"\" \/>\n<\/div>\n<div id=\"responsive-form\" class=\"clearfix\">\n\t<div class=\"form-row\">\n\t\t<div class=\"column-half\">\n\t\t\t<p><label><span class=\"wpcf7-form-control-wrap\" data-name=\"nom\"><input size=\"40\" class=\"wpcf7-form-control wpcf7-text wpcf7-validates-as-required\" aria-required=\"true\" aria-invalid=\"false\" placeholder=\"Nom*\" value=\"\" type=\"text\" name=\"nom\" \/><\/span><\/label>\n\t\t\t<\/p>\n\t\t<\/div>\n\t\t<div class=\"column-half\">\n\t\t\t<p><label><span class=\"wpcf7-form-control-wrap\" data-name=\"prenom\"><input size=\"40\" class=\"wpcf7-form-control wpcf7-text wpcf7-validates-as-required\" aria-required=\"true\" aria-invalid=\"false\" placeholder=\"Pr\u00e9nom*\" value=\"\" type=\"text\" name=\"prenom\" \/><\/span><\/label>\n\t\t\t<\/p>\n\t\t<\/div>\n\t<\/div>\n\t<div class=\"form-row\">\n\t\t<div class=\"column-half\">\n\t\t\t<p><label><span class=\"wpcf7-form-control-wrap\" data-name=\"email\"><input size=\"40\" class=\"wpcf7-form-control wpcf7-text wpcf7-email wpcf7-validates-as-required wpcf7-validates-as-email\" aria-required=\"true\" aria-invalid=\"false\" placeholder=\"Email*\" value=\"\" type=\"email\" name=\"email\" \/><\/span><\/label>\n\t\t\t<\/p>\n\t\t<\/div>\n\t\t<div class=\"column-half\">\n\t\t\t<p><label><span class=\"wpcf7-form-control-wrap\" data-name=\"telephone\"><input size=\"40\" class=\"wpcf7-form-control wpcf7-text wpcf7-tel wpcf7-validates-as-required wpcf7-validates-as-tel\" aria-required=\"true\" aria-invalid=\"false\" placeholder=\"T\u00e9l\u00e9phone*\" value=\"\" type=\"tel\" name=\"telephone\" \/><\/span><\/label>\n\t\t\t<\/p>\n\t\t<\/div>\n\t<\/div>\n\t<div class=\"form-row\">\n\t\t<div class=\"column-full\">\n\t\t\t<p><label><span class=\"wpcf7-form-control-wrap\" data-name=\"destination\"><select class=\"wpcf7-form-control wpcf7-select wpcf7-validates-as-required\" aria-required=\"true\" aria-invalid=\"false\" name=\"destination\"><option value=\"Je souhaite visiter le salon de\">Je souhaite visiter le salon de<\/option><option value=\"Brest\">Brest<\/option><option value=\"Lannion\">Lannion<\/option><option value=\"Lorient\">Lorient<\/option><option value=\"Quimper\">Quimper<\/option><option value=\"Rennes\">Rennes<\/option><option value=\"Saint-Malo\">Saint-Malo<\/option><option value=\"Vannes\">Vannes<\/option><\/select><\/span><\/label>\n\t\t\t<\/p>\n\t\t<\/div>\n\t<\/div>\n\t<div class=\"form-row\">\n\t\t<div class=\"column-full \">\n\t\t\t<p><label><span class=\"wpcf7-form-control-wrap\" data-name=\"message\"><textarea cols=\"40\" rows=\"10\" class=\"wpcf7-form-control wpcf7-textarea\" aria-invalid=\"false\" placeholder=\"Message\" name=\"message\"><\/textarea><\/span><\/label>\n\t\t\t<\/p>\n\t\t<\/div>\n\t<\/div>\n\t<div class=\"form-row\">\n\t\t<div class=\"column-full \">\n\t\t\t<p><label style=\"font-size:12px !important;line-height:15px !important\"><span class=\"wpcf7-form-control-wrap\" data-name=\"politique_confidentialite\"><span class=\"wpcf7-form-control wpcf7-checkbox wpcf7-validates-as-required\"><span class=\"wpcf7-list-item first last\"><input type=\"checkbox\" name=\"politique_confidentialite[]\" value=\"J \u2019atteste avoir pris connaissance de la Politique de Confidentialit\u00e9 et des Conditions G\u00e9n\u00e9rales d\u2019Utilisation consultables en pied de page.\" tabindex=\"\" \/><span class=\"wpcf7-list-item-label\">J \u2019atteste avoir pris connaissance de la Politique de Confidentialit\u00e9 et des Conditions G\u00e9n\u00e9rales d\u2019Utilisation consultables en pied de page.<\/span><\/span><\/span><\/span><\/label>\n\t\t\t<\/p>\n\t\t<\/div>\n\t<\/div>\n\t<div class=\"form-row\" style=\"justify-content: flex-end\">\n\t\t<div class=\"column-half\" style=\"width:34%\">\n\t\t\t<p><input class=\"wpcf7-form-control has-spinner wpcf7-submit\" type=\"submit\" value=\"Envoyer\" \/>\n\t\t\t<\/p>\n\t\t<\/div>\n\t<\/div>\n\t<div class=\"form-row\">\n\t\t<div class=\"column-full \">\n\t\t\t<p><label style=\"font-size:12px !important;line-height:15px !important\">* champs obligatoires<\/label>\n\t\t\t<\/p>\n\t\t<\/div>\n\t<\/div>\n<\/div><!--end responsive-form--><div class=\"wpcf7-response-output\" aria-hidden=\"true\"><\/div><\/form><\/div>[vc_empty_space height=\u00a0\u00bb40px\u00a0\u00bb][\/vc_tta_section][\/vc_tta_tabs][vc_empty_space height=\u00a0\u00bb90px\u00a0\u00bb][\/vc_column][\/vc_row][vc_row full_width=\u00a0\u00bbstretch_row_content\u00a0\u00bb el_class=\u00a0\u00bbon_mobile_only desktop_padding_extra_large\u00a0\u00bb][vc_column css=\u00a0\u00bb.vc_custom_1672225942150{padding-right: 0px !important;padding-left: 0px !important;}\u00a0\u00bb][vc_column_text el_class=\u00a0\u00bbtitre_trait nobold\u00a0\u00bb]\n<h2><strong>avec Viving <\/strong><span class=\"arx_titre_ville_no_bold\">nous<\/span> contacter<\/h2>\n[\/vc_column_text][\/vc_column][\/vc_row][vc_row full_width=\u00a0\u00bbstretch_row_content\u00a0\u00bb el_class=\u00a0\u00bbon_mobile_only\u00a0\u00bb][vc_column css=\u00a0\u00bb.vc_custom_1672742148235{padding-right: 0px !important;padding-left: 0px !important;}\u00a0\u00bb el_class=\u00a0\u00bbarxtabfooter\u00a0\u00bb][vc_empty_space height=\u00a0\u00bb96px\u00a0\u00bb][vc_tta_tabs section_title_tag=\u00a0\u00bbh3&Prime; active_section=\u00a0\u00bb1&Prime; el_class=\u00a0\u00bbarx-tabs-contact\u00a0\u00bb css=\u00a0\u00bb.vc_custom_1672742078526{margin-bottom: 0px !important;}\u00a0\u00bb][vc_tta_section title=\u00a0\u00bbEXPOSANT\u00a0\u00bb tab_id=\u00a0\u00bb1672739868934-e245120d-264d\u00a0\u00bb][vc_empty_space height=\u00a0\u00bb40px\u00a0\u00bb][vc_raw_html css=\u00a0\u00bb.vc_custom_1758269444705{background-color: #ffffff !important;}\u00a0\u00bb]JTNDaWZyYW1lJTIwJTBBJTIwJTIwc3JjJTNEJTIyaHR0cHMlM0ElMkYlMkZsYW5kaW5nLnZpdmluZy5mciUyRmRldmVuZXotZXhwb3NhbnQlMkYlMjIlMjAlMEElMjAlMjB3aWR0aCUzRCUyMjEwMCUyNSUyMiUyMCUwQSUyMCUyMGhlaWdodCUzRCUyMjExNzBweCUyMiUyMCUwQSUyMCUyMHN0eWxlJTNEJTIyYm9yZGVyJTNBJTIwbm9uZSUzQiUyMiUwQSUyMCUyMGFsbG93ZnVsbHNjcmVlbiUwQSUyMCUyMGxvYWRpbmclM0QlMjJsYXp5JTIyJTNFJTBBJTNDJTJGaWZyYW1lJTNF[\/vc_raw_html][vc_empty_space height=\u00a0\u00bb40px\u00a0\u00bb][\/vc_tta_section][vc_tta_section title=\u00a0\u00bbVISITEUR\u00a0\u00bb tab_id=\u00a0\u00bb1672739868955-4681e59f-043a\u00a0\u00bb][vc_empty_space height=\u00a0\u00bb40px\u00a0\u00bb]<div class=\"wpcf7 no-js\" id=\"wpcf7-f6872-o2\" lang=\"fr-FR\" dir=\"ltr\">\n<div class=\"screen-reader-response\"><p role=\"status\" aria-live=\"polite\" aria-atomic=\"true\"><\/p> <ul><\/ul><\/div>\n<form action=\"\/quimper\/wp-json\/wp\/v2\/pages\/2#wpcf7-f6872-o2\" method=\"post\" class=\"wpcf7-form init cf7mls-no-scroll cf7mls-no-moving-animation\" aria-label=\"Formulaire de contact\" novalidate=\"novalidate\" data-status=\"init\">\n<div style=\"display: none;\">\n<input type=\"hidden\" name=\"_wpcf7\" value=\"6872\" \/>\n<input type=\"hidden\" name=\"_wpcf7_version\" value=\"5.7.1\" \/>\n<input type=\"hidden\" name=\"_wpcf7_locale\" value=\"fr_FR\" \/>\n<input type=\"hidden\" name=\"_wpcf7_unit_tag\" value=\"wpcf7-f6872-o2\" \/>\n<input type=\"hidden\" name=\"_wpcf7_container_post\" value=\"0\" \/>\n<input type=\"hidden\" name=\"_wpcf7_posted_data_hash\" value=\"\" \/>\n<input type=\"hidden\" name=\"_wpcf7cf_hidden_group_fields\" value=\"[]\" \/>\n<input type=\"hidden\" name=\"_wpcf7cf_hidden_groups\" value=\"[]\" \/>\n<input type=\"hidden\" name=\"_wpcf7cf_visible_groups\" value=\"[]\" \/>\n<input type=\"hidden\" name=\"_wpcf7cf_repeaters\" value=\"[]\" \/>\n<input type=\"hidden\" name=\"_wpcf7cf_steps\" value=\"{}\" \/>\n<input type=\"hidden\" name=\"_wpcf7cf_options\" value=\"{&quot;form_id&quot;:6872,&quot;conditions&quot;:[],&quot;settings&quot;:{&quot;animation&quot;:&quot;yes&quot;,&quot;animation_intime&quot;:200,&quot;animation_outtime&quot;:200,&quot;conditions_ui&quot;:&quot;normal&quot;,&quot;notice_dismissed&quot;:false,&quot;notice_dismissed_update-cf7-5.4.1&quot;:true}}\" \/>\n<input type=\"hidden\" name=\"_wpcf7_recaptcha_response\" value=\"\" \/>\n<\/div>\n<div id=\"responsive-form\" class=\"clearfix\">\n\t<div class=\"form-row\">\n\t\t<div class=\"column-half\">\n\t\t\t<p><label><span class=\"wpcf7-form-control-wrap\" data-name=\"nom\"><input size=\"40\" class=\"wpcf7-form-control wpcf7-text wpcf7-validates-as-required\" aria-required=\"true\" aria-invalid=\"false\" placeholder=\"Nom*\" value=\"\" type=\"text\" name=\"nom\" \/><\/span><\/label>\n\t\t\t<\/p>\n\t\t<\/div>\n\t\t<div class=\"column-half\">\n\t\t\t<p><label><span class=\"wpcf7-form-control-wrap\" data-name=\"prenom\"><input size=\"40\" class=\"wpcf7-form-control wpcf7-text wpcf7-validates-as-required\" aria-required=\"true\" aria-invalid=\"false\" placeholder=\"Pr\u00e9nom*\" value=\"\" type=\"text\" name=\"prenom\" \/><\/span><\/label>\n\t\t\t<\/p>\n\t\t<\/div>\n\t<\/div>\n\t<div class=\"form-row\">\n\t\t<div class=\"column-half\">\n\t\t\t<p><label><span class=\"wpcf7-form-control-wrap\" data-name=\"email\"><input size=\"40\" class=\"wpcf7-form-control wpcf7-text wpcf7-email wpcf7-validates-as-required wpcf7-validates-as-email\" aria-required=\"true\" aria-invalid=\"false\" placeholder=\"Email*\" value=\"\" type=\"email\" name=\"email\" \/><\/span><\/label>\n\t\t\t<\/p>\n\t\t<\/div>\n\t\t<div class=\"column-half\">\n\t\t\t<p><label><span class=\"wpcf7-form-control-wrap\" data-name=\"telephone\"><input size=\"40\" class=\"wpcf7-form-control wpcf7-text wpcf7-tel wpcf7-validates-as-required wpcf7-validates-as-tel\" aria-required=\"true\" aria-invalid=\"false\" placeholder=\"T\u00e9l\u00e9phone*\" value=\"\" type=\"tel\" name=\"telephone\" \/><\/span><\/label>\n\t\t\t<\/p>\n\t\t<\/div>\n\t<\/div>\n\t<div class=\"form-row\">\n\t\t<div class=\"column-full\">\n\t\t\t<p><label><span class=\"wpcf7-form-control-wrap\" data-name=\"destination\"><select class=\"wpcf7-form-control wpcf7-select wpcf7-validates-as-required\" aria-required=\"true\" aria-invalid=\"false\" name=\"destination\"><option value=\"Je souhaite visiter le salon de\">Je souhaite visiter le salon de<\/option><option value=\"Brest\">Brest<\/option><option value=\"Lannion\">Lannion<\/option><option value=\"Lorient\">Lorient<\/option><option value=\"Quimper\">Quimper<\/option><option value=\"Rennes\">Rennes<\/option><option value=\"Saint-Malo\">Saint-Malo<\/option><option value=\"Vannes\">Vannes<\/option><\/select><\/span><\/label>\n\t\t\t<\/p>\n\t\t<\/div>\n\t<\/div>\n\t<div class=\"form-row\">\n\t\t<div class=\"column-full \">\n\t\t\t<p><label><span class=\"wpcf7-form-control-wrap\" data-name=\"message\"><textarea cols=\"40\" rows=\"10\" class=\"wpcf7-form-control wpcf7-textarea\" aria-invalid=\"false\" placeholder=\"Message\" name=\"message\"><\/textarea><\/span><\/label>\n\t\t\t<\/p>\n\t\t<\/div>\n\t<\/div>\n\t<div class=\"form-row\">\n\t\t<div class=\"column-full \">\n\t\t\t<p><label style=\"font-size:12px !important;line-height:15px !important\"><span class=\"wpcf7-form-control-wrap\" data-name=\"politique_confidentialite\"><span class=\"wpcf7-form-control wpcf7-checkbox wpcf7-validates-as-required\"><span class=\"wpcf7-list-item first last\"><input type=\"checkbox\" name=\"politique_confidentialite[]\" value=\"J \u2019atteste avoir pris connaissance de la Politique de Confidentialit\u00e9 et des Conditions G\u00e9n\u00e9rales d\u2019Utilisation consultables en pied de page.\" tabindex=\"\" \/><span class=\"wpcf7-list-item-label\">J \u2019atteste avoir pris connaissance de la Politique de Confidentialit\u00e9 et des Conditions G\u00e9n\u00e9rales d\u2019Utilisation consultables en pied de page.<\/span><\/span><\/span><\/span><\/label>\n\t\t\t<\/p>\n\t\t<\/div>\n\t<\/div>\n\t<div class=\"form-row\" style=\"justify-content: flex-end\">\n\t\t<div class=\"column-half\" style=\"width:34%\">\n\t\t\t<p><input class=\"wpcf7-form-control has-spinner wpcf7-submit\" type=\"submit\" value=\"Envoyer\" \/>\n\t\t\t<\/p>\n\t\t<\/div>\n\t<\/div>\n\t<div class=\"form-row\">\n\t\t<div class=\"column-full \">\n\t\t\t<p><label style=\"font-size:12px !important;line-height:15px !important\">* champs obligatoires<\/label>\n\t\t\t<\/p>\n\t\t<\/div>\n\t<\/div>\n<\/div><!--end responsive-form--><div class=\"wpcf7-response-output\" aria-hidden=\"true\"><\/div><\/form><\/div>[vc_empty_space height=\u00a0\u00bb40px\u00a0\u00bb][\/vc_tta_section][\/vc_tta_tabs][\/vc_column][\/vc_row]\n<\/section>","protected":false},"excerpt":{"rendered":"<p>[vc_row full_width=\u00a0\u00bbstretch_row_content_no_spaces\u00a0\u00bb el_class=\u00a0\u00bbdesktop_padding_extra_large\u00a0\u00bb css=\u00a0\u00bb.vc_custom_1671623450698{background-color: #001a3e !important;}\u00a0\u00bb][vc_column][vc_row_inner equal_height=\u00a0\u00bbyes\u00a0\u00bb el_class=\u00a0\u00bbarx_lame1_home\u00a0\u00bb][vc_column_inner width=\u00a0\u00bb2\/3&Prime;][vc_empty_space height=\u00a0\u00bb18px\u00a0\u00bb][vc_column_text el_class=\u00a0\u00bbarx_home_page_villes\u00a0\u00bb] QUIMPER 10 12 OCTOBRE 2026 PARC EXPO DE QUIMPER CORNOUAILLE [\/vc_column_text][vc_empty_space height=\u00a0\u00bb18px\u00a0\u00bb][vc_column_text el_class=\u00a0\u00bbarx_home_page_villes\u00a0\u00bb]Le salon Viving Habitat et Immobilier rassemble de nombreux professionnels en un seul et m\u00eame lieu pour r\u00e9pondre \u00e0 toutes vos attentes.[\/vc_column_text][vc_empty_space height=\u00a0\u00bb26px\u00a0\u00bb][vc_btn title=\u00a0\u00bbJ\u2019ai un projet\u00a0\u00bb align=\u00a0\u00bbleft\u00a0\u00bb button_block=\u00a0\u00bbtrue\u00a0\u00bb link=\u00a0\u00bburl:https%3A%2F%2Fwww.viving.fr%2Fdeposer-un-projet%2F\u00a0\u00bb el_class=\u00a0\u00bbarx_bouton arx_boutonville\u00a0\u00bb][vc_empty_space height=\u00a0\u00bb250px\u00a0\u00bb &hellip; <\/p>\n<p class=\"link-more\"><a href=\"https:\/\/www.viving.fr\/quimper\/\" class=\"more-link\">Continuer la lecture<span class=\"screen-reader-text\"> de &laquo;&nbsp;Le salon&nbsp;&raquo;<\/span><\/a><\/p>\n","protected":false},"author":1,"featured_media":0,"parent":0,"menu_order":0,"comment_status":"closed","ping_status":"closed","template":"","meta":[],"yoast_head":"<!-- This site is optimized with the Yoast SEO plugin v19.13 - https:\/\/yoast.com\/wordpress\/plugins\/seo\/ -->\n<title>Viving Quimper - 10 au 12 octobre 2026 - Parc Expo de Penvillers<\/title>\n<meta name=\"robots\" content=\"index, follow, max-snippet:-1, max-image-preview:large, max-video-preview:-1\" \/>\n<link rel=\"canonical\" href=\"https:\/\/www.viving.fr\/quimper\/\" \/>\n<meta property=\"og:locale\" content=\"fr_FR\" \/>\n<meta property=\"og:type\" content=\"article\" \/>\n<meta property=\"og:title\" content=\"Viving Quimper - 10 au 12 octobre 2026 - Parc Expo de Penvillers\" \/>\n<meta property=\"og:description\" content=\"[vc_row full_width=\u00a0\u00bbstretch_row_content_no_spaces\u00a0\u00bb el_class=\u00a0\u00bbdesktop_padding_extra_large\u00a0\u00bb css=\u00a0\u00bb.vc_custom_1671623450698{background-color: #001a3e !important;}\u00a0\u00bb][vc_column][vc_row_inner equal_height=\u00a0\u00bbyes\u00a0\u00bb el_class=\u00a0\u00bbarx_lame1_home\u00a0\u00bb][vc_column_inner width=\u00a0\u00bb2\/3&Prime;][vc_empty_space height=\u00a0\u00bb18px\u00a0\u00bb][vc_column_text el_class=\u00a0\u00bbarx_home_page_villes\u00a0\u00bb] QUIMPER 10 12 OCTOBRE 2026 PARC EXPO DE QUIMPER CORNOUAILLE [\/vc_column_text][vc_empty_space height=\u00a0\u00bb18px\u00a0\u00bb][vc_column_text el_class=\u00a0\u00bbarx_home_page_villes\u00a0\u00bb]Le salon Viving Habitat et Immobilier rassemble de nombreux professionnels en un seul et m\u00eame lieu pour r\u00e9pondre \u00e0 toutes vos attentes.[\/vc_column_text][vc_empty_space height=\u00a0\u00bb26px\u00a0\u00bb][vc_btn title=\u00a0\u00bbJ\u2019ai un projet\u00a0\u00bb align=\u00a0\u00bbleft\u00a0\u00bb button_block=\u00a0\u00bbtrue\u00a0\u00bb link=\u00a0\u00bburl:https%3A%2F%2Fwww.viving.fr%2Fdeposer-un-projet%2F\u00a0\u00bb el_class=\u00a0\u00bbarx_bouton arx_boutonville\u00a0\u00bb][vc_empty_space height=\u00a0\u00bb250px\u00a0\u00bb &hellip; Continuer la lecture de &laquo;&nbsp;Le salon&nbsp;&raquo;\" \/>\n<meta property=\"og:url\" content=\"https:\/\/www.viving.fr\/quimper\/\" \/>\n<meta property=\"og:site_name\" content=\"Viving Quimper\" \/>\n<meta property=\"article:modified_time\" content=\"2026-02-13T09:28:30+00:00\" \/>\n<meta property=\"og:image\" content=\"https:\/\/www.viving.fr\/rennes\/wp-content\/uploads\/sites\/10\/2022\/12\/separateurdate.png\" \/>\n<meta name=\"twitter:card\" content=\"summary_large_image\" \/>\n<meta name=\"twitter:label1\" content=\"Dur\u00e9e de lecture estim\u00e9e\" \/>\n\t<meta name=\"twitter:data1\" content=\"4 minutes\" \/>\n<script type=\"application\/ld+json\" class=\"yoast-schema-graph\">{\"@context\":\"https:\/\/schema.org\",\"@graph\":[{\"@type\":\"WebPage\",\"@id\":\"https:\/\/www.viving.fr\/quimper\/\",\"url\":\"https:\/\/www.viving.fr\/quimper\/\",\"name\":\"Viving Quimper - 10 au 12 octobre 2026 - Parc Expo de Penvillers\",\"isPartOf\":{\"@id\":\"https:\/\/www.viving.fr\/quimper\/#website\"},\"datePublished\":\"2017-10-23T08:49:31+00:00\",\"dateModified\":\"2026-02-13T09:28:30+00:00\",\"inLanguage\":\"fr-FR\",\"potentialAction\":[{\"@type\":\"ReadAction\",\"target\":[\"https:\/\/www.viving.fr\/quimper\/\"]}]},{\"@type\":\"WebSite\",\"@id\":\"https:\/\/www.viving.fr\/quimper\/#website\",\"url\":\"https:\/\/www.viving.fr\/quimper\/\",\"name\":\"Viving Quimper\",\"description\":\"S&#039;inspirer, Concr\u00e9tiser\",\"potentialAction\":[{\"@type\":\"SearchAction\",\"target\":{\"@type\":\"EntryPoint\",\"urlTemplate\":\"https:\/\/www.viving.fr\/quimper\/?s={search_term_string}\"},\"query-input\":\"required name=search_term_string\"}],\"inLanguage\":\"fr-FR\"}]}<\/script>\n<!-- \/ Yoast SEO plugin. -->","yoast_head_json":{"title":"Viving Quimper - 10 au 12 octobre 2026 - Parc Expo de Penvillers","robots":{"index":"index","follow":"follow","max-snippet":"max-snippet:-1","max-image-preview":"max-image-preview:large","max-video-preview":"max-video-preview:-1"},"canonical":"https:\/\/www.viving.fr\/quimper\/","og_locale":"fr_FR","og_type":"article","og_title":"Viving Quimper - 10 au 12 octobre 2026 - Parc Expo de Penvillers","og_description":"[vc_row full_width=\u00a0\u00bbstretch_row_content_no_spaces\u00a0\u00bb el_class=\u00a0\u00bbdesktop_padding_extra_large\u00a0\u00bb css=\u00a0\u00bb.vc_custom_1671623450698{background-color: #001a3e !important;}\u00a0\u00bb][vc_column][vc_row_inner equal_height=\u00a0\u00bbyes\u00a0\u00bb el_class=\u00a0\u00bbarx_lame1_home\u00a0\u00bb][vc_column_inner width=\u00a0\u00bb2\/3&Prime;][vc_empty_space height=\u00a0\u00bb18px\u00a0\u00bb][vc_column_text el_class=\u00a0\u00bbarx_home_page_villes\u00a0\u00bb] QUIMPER 10 12 OCTOBRE 2026 PARC EXPO DE QUIMPER CORNOUAILLE [\/vc_column_text][vc_empty_space height=\u00a0\u00bb18px\u00a0\u00bb][vc_column_text el_class=\u00a0\u00bbarx_home_page_villes\u00a0\u00bb]Le salon Viving Habitat et Immobilier rassemble de nombreux professionnels en un seul et m\u00eame lieu pour r\u00e9pondre \u00e0 toutes vos attentes.[\/vc_column_text][vc_empty_space height=\u00a0\u00bb26px\u00a0\u00bb][vc_btn title=\u00a0\u00bbJ\u2019ai un projet\u00a0\u00bb align=\u00a0\u00bbleft\u00a0\u00bb button_block=\u00a0\u00bbtrue\u00a0\u00bb link=\u00a0\u00bburl:https%3A%2F%2Fwww.viving.fr%2Fdeposer-un-projet%2F\u00a0\u00bb el_class=\u00a0\u00bbarx_bouton arx_boutonville\u00a0\u00bb][vc_empty_space height=\u00a0\u00bb250px\u00a0\u00bb &hellip; Continuer la lecture de &laquo;&nbsp;Le salon&nbsp;&raquo;","og_url":"https:\/\/www.viving.fr\/quimper\/","og_site_name":"Viving Quimper","article_modified_time":"2026-02-13T09:28:30+00:00","og_image":[{"url":"https:\/\/www.viving.fr\/rennes\/wp-content\/uploads\/sites\/10\/2022\/12\/separateurdate.png"}],"twitter_card":"summary_large_image","twitter_misc":{"Dur\u00e9e de lecture estim\u00e9e":"4 minutes"},"schema":{"@context":"https:\/\/schema.org","@graph":[{"@type":"WebPage","@id":"https:\/\/www.viving.fr\/quimper\/","url":"https:\/\/www.viving.fr\/quimper\/","name":"Viving Quimper - 10 au 12 octobre 2026 - Parc Expo de Penvillers","isPartOf":{"@id":"https:\/\/www.viving.fr\/quimper\/#website"},"datePublished":"2017-10-23T08:49:31+00:00","dateModified":"2026-02-13T09:28:30+00:00","inLanguage":"fr-FR","potentialAction":[{"@type":"ReadAction","target":["https:\/\/www.viving.fr\/quimper\/"]}]},{"@type":"WebSite","@id":"https:\/\/www.viving.fr\/quimper\/#website","url":"https:\/\/www.viving.fr\/quimper\/","name":"Viving Quimper","description":"S&#039;inspirer, Concr\u00e9tiser","potentialAction":[{"@type":"SearchAction","target":{"@type":"EntryPoint","urlTemplate":"https:\/\/www.viving.fr\/quimper\/?s={search_term_string}"},"query-input":"required name=search_term_string"}],"inLanguage":"fr-FR"}]}},"_links":{"self":[{"href":"https:\/\/www.viving.fr\/quimper\/wp-json\/wp\/v2\/pages\/2"}],"collection":[{"href":"https:\/\/www.viving.fr\/quimper\/wp-json\/wp\/v2\/pages"}],"about":[{"href":"https:\/\/www.viving.fr\/quimper\/wp-json\/wp\/v2\/types\/page"}],"author":[{"embeddable":true,"href":"https:\/\/www.viving.fr\/quimper\/wp-json\/wp\/v2\/users\/1"}],"replies":[{"embeddable":true,"href":"https:\/\/www.viving.fr\/quimper\/wp-json\/wp\/v2\/comments?post=2"}],"version-history":[{"count":1111,"href":"https:\/\/www.viving.fr\/quimper\/wp-json\/wp\/v2\/pages\/2\/revisions"}],"predecessor-version":[{"id":10436,"href":"https:\/\/www.viving.fr\/quimper\/wp-json\/wp\/v2\/pages\/2\/revisions\/10436"}],"wp:attachment":[{"href":"https:\/\/www.viving.fr\/quimper\/wp-json\/wp\/v2\/media?parent=2"}],"curies":[{"name":"wp","href":"https:\/\/api.w.org\/{rel}","templated":true}]}}