{"id":8014,"date":"2024-05-30T10:28:50","date_gmt":"2024-05-30T08:28:50","guid":{"rendered":"https:\/\/www.viving.fr\/quimper\/?page_id=8014"},"modified":"2025-09-29T09:31:41","modified_gmt":"2025-09-29T07:31:41","slug":"profil-manuela-moal","status":"publish","type":"page","link":"https:\/\/www.viving.fr\/quimper\/animations\/profil-manuela-moal\/","title":{"rendered":"Profil Manuela Moal"},"content":{"rendered":"<section class=\"wpb-content-wrapper\">[vc_row el_class=\u00a0\u00bbdesktop_padding_extra_large\u00a0\u00bb][vc_column][vc_empty_space height=\u00a0\u00bb90px\u00a0\u00bb][vc_row_inner equal_height=\u00a0\u00bbyes\u00a0\u00bb][vc_column_inner width=\u00a0\u00bb1\/4&Prime; css=\u00a0\u00bb.vc_custom_1594220083370{border-right-width: 2px !important;border-right-color: #e6c025 !important;border-right-style: solid !important;}\u00a0\u00bb][vc_single_image image=\u00a0\u00bb9988&Prime; img_size=\u00a0\u00bb400&Prime; alignment=\u00a0\u00bbright\u00a0\u00bb][vc_empty_space height=\u00a0\u00bb10px\u00a0\u00bb][\/vc_column_inner][vc_column_inner width=\u00a0\u00bb3\/4&Prime; offset=\u00a0\u00bbvc_col-xs-12&Prime; css=\u00a0\u00bb.vc_custom_1594220041743{padding-left: 25px !important;}\u00a0\u00bb][vc_column_text]\n<h2>Manuela Moal &#8211; <strong>Agence M au carr\u00e9<\/strong><\/h2>\n[\/vc_column_text][vc_empty_space height=\u00a0\u00bb20px\u00a0\u00bb][vc_column_text]<em>Architecte d&rsquo;int\u00e9rieur\u00a0<\/em>[\/vc_column_text][vc_empty_space height=\u00a0\u00bb15px\u00a0\u00bb][vc_column_text]Install\u00e9e \u00e0 Quimper, <strong>l\u2019Agence M au carr\u00e9 &#8211; Architecture &amp; Design d\u2019int\u00e9rieur &#8211;<\/strong> vous accompagne dans tous vos projets d<strong>&lsquo;agencement int\u00e9rieur, d<\/strong>e <strong>r\u00e9novation <\/strong>et d&rsquo;<strong>extension<\/strong>. Qu\u2019ils soient d\u2019ordre <strong>personnel <\/strong>ou <strong>professionnel.<\/strong><\/p>\n<p>Je vous propose une <strong>\u00e9tude compl\u00e8te et<\/strong> <strong>personnalis\u00e9e<\/strong>, pens\u00e9e en fonction de vos envies, de vos besoins et de l\u2019histoire du lieu, afin de cr\u00e9er un espace qui vous ressemble vraiment.<\/p>\n<p>De la <strong>premi\u00e8re esquisse<\/strong> au d\u00e9p\u00f4t du dossier aupr\u00e8s du <strong>service urbanisme<\/strong>, en passant par le choix des <strong>couleurs<\/strong>, des <strong>mat\u00e9riaux <\/strong>ou encore la conception de <strong>mobilier sur mesure, <\/strong>je suis \u00e0 vos c\u00f4t\u00e9s tout au long du projet.<\/p>\n<p>Parce que vos projets s\u2019inspirent de votre parcours et de votre mani\u00e8re de vivre, <strong>ils sont toujours uniques.<\/strong>[\/vc_column_text][\/vc_column_inner][\/vc_row_inner][vc_empty_space height=\u00a0\u00bb30px\u00a0\u00bb][vc_text_separator title=\u00a0\u00bbR\u00e9alisations\u00a0\u00bb][vc_empty_space height=\u00a0\u00bb30px\u00a0\u00bb][vc_row_inner][vc_column_inner width=\u00a0\u00bb1\/4&Prime;][vc_single_image image=\u00a0\u00bb9992&Prime; img_size=\u00a0\u00bb300&Prime;][\/vc_column_inner][vc_column_inner width=\u00a0\u00bb1\/4&Prime;][vc_single_image image=\u00a0\u00bb9991&Prime; img_size=\u00a0\u00bb300&Prime; alignment=\u00a0\u00bbcenter\u00a0\u00bb][\/vc_column_inner][vc_column_inner width=\u00a0\u00bb1\/4&Prime;][vc_single_image image=\u00a0\u00bb9990&Prime; img_size=\u00a0\u00bb300&Prime;][\/vc_column_inner][vc_column_inner width=\u00a0\u00bb1\/4&Prime;][vc_single_image image=\u00a0\u00bb9989&Prime; img_size=\u00a0\u00bb300&Prime;][\/vc_column_inner][\/vc_row_inner][vc_empty_space height=\u00a0\u00bb90px\u00a0\u00bb][\/vc_column][\/vc_row][vc_row][vc_column][vc_column_text]\n[\/vc_column_text][\/vc_column][\/vc_row][vc_row el_class=\u00a0\u00bbhide_on_mobile\u00a0\u00bb][vc_column width=\u00a0\u00bb1\/2&Prime; css=\u00a0\u00bb.vc_custom_1561477017971{background-image: url(https:\/\/www.viving.fr\/quimper\/wp-content\/uploads\/sites\/4\/2019\/06\/bench-chair-comfort-1166406.jpg?id=4250) !important;}\u00a0\u00bb]<div class=\"container-17938273025d0a062c3fdb9d09fd98c8876d09fd7336d70 ss-element gusta-container gusta-absolute-middle-center gusta-cover-column box_shadow hide_on_mobile\">[vc_column_text el_class=\u00a0\u00bbbloc_dark\u00a0\u00bb]<strong><span style=\"font-size: 36px\">Visiteurs ?<br \/>\n<\/span><\/strong><span style=\"font-size: 36px\">Trouvez l&rsquo;inspiration avant la prochain \u00e9dition !<\/span>[\/vc_column_text][vc_empty_space height=\u00a0\u00bb35px\u00a0\u00bb][vc_btn title=\u00a0\u00bbS&rsquo;inspirer !\u00a0\u00bb style=\u00a0\u00bbclassic\u00a0\u00bb align=\u00a0\u00bbcenter\u00a0\u00bb button_block=\u00a0\u00bbtrue\u00a0\u00bb link=\u00a0\u00bburl:https%3A%2F%2Fwww.viving.fr%2Fsinspirer%2F||target:%20_blank|\u00a0\u00bb]<\/div>[vc_empty_space height=\u00a0\u00bb550px\u00a0\u00bb el_class=\u00a0\u00bbhide_on_mobile\u00a0\u00bb][\/vc_column][vc_column width=\u00a0\u00bb1\/2&Prime; css=\u00a0\u00bb.vc_custom_1561477036635{background-image: url(https:\/\/www.viving.fr\/quimper\/wp-content\/uploads\/sites\/4\/2019\/06\/2018-10-18-Viving-Lyon-GL-EVENTS-WEB-014.jpg?id=4245) !important;}\u00a0\u00bb]<div class=\"container-17739113255d0a062c4005ad09fd7336d70 ss-element gusta-container gusta-absolute-middle-center gusta-cover-column box_shadow hide_on_mobile\">[vc_column_text]<strong><span style=\"font-size: 36px\">Professionnels de l&rsquo;habitat ?<\/span><\/strong><br \/>\n<span style=\"font-size: 36px\">Participez sans plus attendre !<\/span>[\/vc_column_text][vc_empty_space height=\u00a0\u00bb75px\u00a0\u00bb][vc_btn title=\u00a0\u00bbExposez sur Viving !\u00a0\u00bb style=\u00a0\u00bbclassic\u00a0\u00bb align=\u00a0\u00bbcenter\u00a0\u00bb button_block=\u00a0\u00bbtrue\u00a0\u00bb link=\u00a0\u00bburl:%2Fquimper%2Fexposer%2F|||\u00a0\u00bb]<\/div>[vc_empty_space height=\u00a0\u00bb550px\u00a0\u00bb el_class=\u00a0\u00bbhide_on_mobile\u00a0\u00bb][\/vc_column][\/vc_row][vc_row full_width=\u00a0\u00bbstretch_row_content_no_spaces\u00a0\u00bb el_class=\u00a0\u00bbon_mobile_only\u00a0\u00bb][vc_column width=\u00a0\u00bb1\/2&Prime; css=\u00a0\u00bb.vc_custom_1561477319807{background-image: url(https:\/\/www.viving.fr\/quimper\/wp-content\/uploads\/sites\/4\/2019\/06\/bench-chair-comfort-1166406mob.jpg?id=4260) !important;}\u00a0\u00bb]<div class=\"container-12068573525d09fd98c8876d09fd7336d70 ss-element gusta-container gusta-absolute-middle-center gusta-cover-column box_shadow on_mobile_only\">[vc_column_text el_class=\u00a0\u00bbbloc_dark\u00a0\u00bb]<span style=\"font-size: 20px\"><strong>Visiteurs ?<br \/>\n<\/strong>Trouvez l&rsquo;inspiration avant la prochaine \u00e9dition !<\/span>[\/vc_column_text][vc_empty_space height=\u00a0\u00bb35px\u00a0\u00bb][vc_btn title=\u00a0\u00bbS&rsquo;inspirer\u00a0\u00bb style=\u00a0\u00bbclassic\u00a0\u00bb align=\u00a0\u00bbcenter\u00a0\u00bb button_block=\u00a0\u00bbtrue\u00a0\u00bb link=\u00a0\u00bburl:https%3A%2F%2Fwww.viving.fr%2Fsinspirer%2F||target:%20_blank|\u00a0\u00bb]<\/div>[vc_empty_space height=\u00a0\u00bb350px\u00a0\u00bb el_class=\u00a0\u00bbon_mobile_only\u00a0\u00bb][\/vc_column][vc_column width=\u00a0\u00bb1\/2&Prime; css=\u00a0\u00bb.vc_custom_1561477330736{background-image: url(https:\/\/www.viving.fr\/quimper\/wp-content\/uploads\/sites\/4\/2019\/06\/2018-10-18-Viving-Lyon-GL-EVENTS-WEB-014mob.jpg?id=4258) !important;}\u00a0\u00bb]<div class=\"container-9920186625d09fd7336d70 ss-element gusta-container gusta-absolute-middle-center gusta-cover-column box_shadow on_mobile_only\">[vc_column_text]<span style=\"font-size: 20px\"><strong>Professionnels de l&rsquo;habitat ?<\/strong><\/span><br \/>\n<span style=\"font-size: 20px\">Participez sans plus attendre !<\/span>[\/vc_column_text][vc_empty_space height=\u00a0\u00bb35px\u00a0\u00bb][vc_btn title=\u00a0\u00bbExposez sur Viving !\u00a0\u00bb style=\u00a0\u00bbclassic\u00a0\u00bb align=\u00a0\u00bbcenter\u00a0\u00bb button_block=\u00a0\u00bbtrue\u00a0\u00bb link=\u00a0\u00bburl:%2Fquimper%2Fexposer%2F|||\u00a0\u00bb]<\/div>[vc_empty_space height=\u00a0\u00bb400px\u00a0\u00bb el_class=\u00a0\u00bbon_mobile_only\u00a0\u00bb][\/vc_column][\/vc_row]\n<\/section>","protected":false},"excerpt":{"rendered":"<p>[vc_row el_class=\u00a0\u00bbdesktop_padding_extra_large\u00a0\u00bb][vc_column][vc_empty_space height=\u00a0\u00bb90px\u00a0\u00bb][vc_row_inner equal_height=\u00a0\u00bbyes\u00a0\u00bb][vc_column_inner width=\u00a0\u00bb1\/4&Prime; css=\u00a0\u00bb.vc_custom_1594220083370{border-right-width: 2px !important;border-right-color: #e6c025 !important;border-right-style: solid !important;}\u00a0\u00bb][vc_single_image image=\u00a0\u00bb9988&Prime; img_size=\u00a0\u00bb400&Prime; alignment=\u00a0\u00bbright\u00a0\u00bb][vc_empty_space height=\u00a0\u00bb10px\u00a0\u00bb][\/vc_column_inner][vc_column_inner width=\u00a0\u00bb3\/4&Prime; offset=\u00a0\u00bbvc_col-xs-12&Prime; css=\u00a0\u00bb.vc_custom_1594220041743{padding-left: 25px !important;}\u00a0\u00bb][vc_column_text] Manuela Moal &#8211; Agence M au carr\u00e9 [\/vc_column_text][vc_empty_space height=\u00a0\u00bb20px\u00a0\u00bb][vc_column_text]Architecte d&rsquo;int\u00e9rieur\u00a0[\/vc_column_text][vc_empty_space height=\u00a0\u00bb15px\u00a0\u00bb][vc_column_text]Install\u00e9e \u00e0 Quimper, l\u2019Agence M au carr\u00e9 &#8211; Architecture &amp; Design d\u2019int\u00e9rieur &#8211; vous accompagne dans tous vos projets d&lsquo;agencement int\u00e9rieur, de r\u00e9novation et &hellip; <\/p>\n<p class=\"link-more\"><a href=\"https:\/\/www.viving.fr\/quimper\/animations\/profil-manuela-moal\/\" class=\"more-link\">Continuer la lecture<span class=\"screen-reader-text\"> de &laquo;&nbsp;Profil Manuela Moal&nbsp;&raquo;<\/span><\/a><\/p>\n","protected":false},"author":14,"featured_media":0,"parent":3651,"menu_order":0,"comment_status":"closed","ping_status":"closed","template":"","meta":[],"yoast_head":"<!-- This site is optimized with the Yoast SEO plugin v19.13 - https:\/\/yoast.com\/wordpress\/plugins\/seo\/ -->\n<title>Profil Manuela Moal - Viving Quimper<\/title>\n<meta name=\"robots\" content=\"index, follow, max-snippet:-1, max-image-preview:large, max-video-preview:-1\" \/>\n<link rel=\"canonical\" href=\"https:\/\/www.viving.fr\/quimper\/animations\/profil-manuela-moal\/\" \/>\n<meta property=\"og:locale\" content=\"fr_FR\" \/>\n<meta property=\"og:type\" content=\"article\" \/>\n<meta property=\"og:title\" content=\"Profil Manuela Moal - Viving Quimper\" \/>\n<meta property=\"og:description\" content=\"[vc_row el_class=\u00a0\u00bbdesktop_padding_extra_large\u00a0\u00bb][vc_column][vc_empty_space height=\u00a0\u00bb90px\u00a0\u00bb][vc_row_inner equal_height=\u00a0\u00bbyes\u00a0\u00bb][vc_column_inner width=\u00a0\u00bb1\/4&Prime; css=\u00a0\u00bb.vc_custom_1594220083370{border-right-width: 2px !important;border-right-color: #e6c025 !important;border-right-style: solid !important;}\u00a0\u00bb][vc_single_image image=\u00a0\u00bb9988&Prime; img_size=\u00a0\u00bb400&Prime; alignment=\u00a0\u00bbright\u00a0\u00bb][vc_empty_space height=\u00a0\u00bb10px\u00a0\u00bb][\/vc_column_inner][vc_column_inner width=\u00a0\u00bb3\/4&Prime; offset=\u00a0\u00bbvc_col-xs-12&Prime; css=\u00a0\u00bb.vc_custom_1594220041743{padding-left: 25px !important;}\u00a0\u00bb][vc_column_text] Manuela Moal &#8211; Agence M au carr\u00e9 [\/vc_column_text][vc_empty_space height=\u00a0\u00bb20px\u00a0\u00bb][vc_column_text]Architecte d&rsquo;int\u00e9rieur\u00a0[\/vc_column_text][vc_empty_space height=\u00a0\u00bb15px\u00a0\u00bb][vc_column_text]Install\u00e9e \u00e0 Quimper, l\u2019Agence M au carr\u00e9 &#8211; Architecture &amp; Design d\u2019int\u00e9rieur &#8211; vous accompagne dans tous vos projets d&lsquo;agencement int\u00e9rieur, de r\u00e9novation et &hellip; Continuer la lecture de &laquo;&nbsp;Profil Manuela Moal&nbsp;&raquo;\" \/>\n<meta property=\"og:url\" content=\"https:\/\/www.viving.fr\/quimper\/animations\/profil-manuela-moal\/\" \/>\n<meta property=\"og:site_name\" content=\"Viving Quimper\" \/>\n<meta property=\"article:modified_time\" content=\"2025-09-29T07:31:41+00:00\" \/>\n<meta name=\"twitter:card\" content=\"summary_large_image\" \/>\n<meta name=\"twitter:label1\" content=\"Dur\u00e9e de lecture estim\u00e9e\" \/>\n\t<meta name=\"twitter:data1\" content=\"2 minutes\" \/>\n<script type=\"application\/ld+json\" class=\"yoast-schema-graph\">{\"@context\":\"https:\/\/schema.org\",\"@graph\":[{\"@type\":\"WebPage\",\"@id\":\"https:\/\/www.viving.fr\/quimper\/animations\/profil-manuela-moal\/\",\"url\":\"https:\/\/www.viving.fr\/quimper\/animations\/profil-manuela-moal\/\",\"name\":\"Profil Manuela Moal - Viving Quimper\",\"isPartOf\":{\"@id\":\"https:\/\/www.viving.fr\/quimper\/#website\"},\"datePublished\":\"2024-05-30T08:28:50+00:00\",\"dateModified\":\"2025-09-29T07:31:41+00:00\",\"breadcrumb\":{\"@id\":\"https:\/\/www.viving.fr\/quimper\/animations\/profil-manuela-moal\/#breadcrumb\"},\"inLanguage\":\"fr-FR\",\"potentialAction\":[{\"@type\":\"ReadAction\",\"target\":[\"https:\/\/www.viving.fr\/quimper\/animations\/profil-manuela-moal\/\"]}]},{\"@type\":\"BreadcrumbList\",\"@id\":\"https:\/\/www.viving.fr\/quimper\/animations\/profil-manuela-moal\/#breadcrumb\",\"itemListElement\":[{\"@type\":\"ListItem\",\"position\":1,\"name\":\"Espaces VIVING\",\"item\":\"https:\/\/www.viving.fr\/quimper\/animations\/\"},{\"@type\":\"ListItem\",\"position\":2,\"name\":\"Profil Manuela Moal\"}]},{\"@type\":\"WebSite\",\"@id\":\"https:\/\/www.viving.fr\/quimper\/#website\",\"url\":\"https:\/\/www.viving.fr\/quimper\/\",\"name\":\"Viving Quimper\",\"description\":\"S&#039;inspirer, Concr\u00e9tiser\",\"potentialAction\":[{\"@type\":\"SearchAction\",\"target\":{\"@type\":\"EntryPoint\",\"urlTemplate\":\"https:\/\/www.viving.fr\/quimper\/?s={search_term_string}\"},\"query-input\":\"required name=search_term_string\"}],\"inLanguage\":\"fr-FR\"}]}<\/script>\n<!-- \/ Yoast SEO plugin. -->","yoast_head_json":{"title":"Profil Manuela Moal - Viving Quimper","robots":{"index":"index","follow":"follow","max-snippet":"max-snippet:-1","max-image-preview":"max-image-preview:large","max-video-preview":"max-video-preview:-1"},"canonical":"https:\/\/www.viving.fr\/quimper\/animations\/profil-manuela-moal\/","og_locale":"fr_FR","og_type":"article","og_title":"Profil Manuela Moal - Viving Quimper","og_description":"[vc_row el_class=\u00a0\u00bbdesktop_padding_extra_large\u00a0\u00bb][vc_column][vc_empty_space height=\u00a0\u00bb90px\u00a0\u00bb][vc_row_inner equal_height=\u00a0\u00bbyes\u00a0\u00bb][vc_column_inner width=\u00a0\u00bb1\/4&Prime; css=\u00a0\u00bb.vc_custom_1594220083370{border-right-width: 2px !important;border-right-color: #e6c025 !important;border-right-style: solid !important;}\u00a0\u00bb][vc_single_image image=\u00a0\u00bb9988&Prime; img_size=\u00a0\u00bb400&Prime; alignment=\u00a0\u00bbright\u00a0\u00bb][vc_empty_space height=\u00a0\u00bb10px\u00a0\u00bb][\/vc_column_inner][vc_column_inner width=\u00a0\u00bb3\/4&Prime; offset=\u00a0\u00bbvc_col-xs-12&Prime; css=\u00a0\u00bb.vc_custom_1594220041743{padding-left: 25px !important;}\u00a0\u00bb][vc_column_text] Manuela Moal &#8211; Agence M au carr\u00e9 [\/vc_column_text][vc_empty_space height=\u00a0\u00bb20px\u00a0\u00bb][vc_column_text]Architecte d&rsquo;int\u00e9rieur\u00a0[\/vc_column_text][vc_empty_space height=\u00a0\u00bb15px\u00a0\u00bb][vc_column_text]Install\u00e9e \u00e0 Quimper, l\u2019Agence M au carr\u00e9 &#8211; Architecture &amp; Design d\u2019int\u00e9rieur &#8211; vous accompagne dans tous vos projets d&lsquo;agencement int\u00e9rieur, de r\u00e9novation et &hellip; Continuer la lecture de &laquo;&nbsp;Profil Manuela Moal&nbsp;&raquo;","og_url":"https:\/\/www.viving.fr\/quimper\/animations\/profil-manuela-moal\/","og_site_name":"Viving Quimper","article_modified_time":"2025-09-29T07:31:41+00:00","twitter_card":"summary_large_image","twitter_misc":{"Dur\u00e9e de lecture estim\u00e9e":"2 minutes"},"schema":{"@context":"https:\/\/schema.org","@graph":[{"@type":"WebPage","@id":"https:\/\/www.viving.fr\/quimper\/animations\/profil-manuela-moal\/","url":"https:\/\/www.viving.fr\/quimper\/animations\/profil-manuela-moal\/","name":"Profil Manuela Moal - Viving Quimper","isPartOf":{"@id":"https:\/\/www.viving.fr\/quimper\/#website"},"datePublished":"2024-05-30T08:28:50+00:00","dateModified":"2025-09-29T07:31:41+00:00","breadcrumb":{"@id":"https:\/\/www.viving.fr\/quimper\/animations\/profil-manuela-moal\/#breadcrumb"},"inLanguage":"fr-FR","potentialAction":[{"@type":"ReadAction","target":["https:\/\/www.viving.fr\/quimper\/animations\/profil-manuela-moal\/"]}]},{"@type":"BreadcrumbList","@id":"https:\/\/www.viving.fr\/quimper\/animations\/profil-manuela-moal\/#breadcrumb","itemListElement":[{"@type":"ListItem","position":1,"name":"Espaces VIVING","item":"https:\/\/www.viving.fr\/quimper\/animations\/"},{"@type":"ListItem","position":2,"name":"Profil Manuela Moal"}]},{"@type":"WebSite","@id":"https:\/\/www.viving.fr\/quimper\/#website","url":"https:\/\/www.viving.fr\/quimper\/","name":"Viving Quimper","description":"S&#039;inspirer, Concr\u00e9tiser","potentialAction":[{"@type":"SearchAction","target":{"@type":"EntryPoint","urlTemplate":"https:\/\/www.viving.fr\/quimper\/?s={search_term_string}"},"query-input":"required name=search_term_string"}],"inLanguage":"fr-FR"}]}},"_links":{"self":[{"href":"https:\/\/www.viving.fr\/quimper\/wp-json\/wp\/v2\/pages\/8014"}],"collection":[{"href":"https:\/\/www.viving.fr\/quimper\/wp-json\/wp\/v2\/pages"}],"about":[{"href":"https:\/\/www.viving.fr\/quimper\/wp-json\/wp\/v2\/types\/page"}],"author":[{"embeddable":true,"href":"https:\/\/www.viving.fr\/quimper\/wp-json\/wp\/v2\/users\/14"}],"replies":[{"embeddable":true,"href":"https:\/\/www.viving.fr\/quimper\/wp-json\/wp\/v2\/comments?post=8014"}],"version-history":[{"count":8,"href":"https:\/\/www.viving.fr\/quimper\/wp-json\/wp\/v2\/pages\/8014\/revisions"}],"predecessor-version":[{"id":10284,"href":"https:\/\/www.viving.fr\/quimper\/wp-json\/wp\/v2\/pages\/8014\/revisions\/10284"}],"up":[{"embeddable":true,"href":"https:\/\/www.viving.fr\/quimper\/wp-json\/wp\/v2\/pages\/3651"}],"wp:attachment":[{"href":"https:\/\/www.viving.fr\/quimper\/wp-json\/wp\/v2\/media?parent=8014"}],"curies":[{"name":"wp","href":"https:\/\/api.w.org\/{rel}","templated":true}]}}