{"id":8016,"date":"2024-05-30T10:34:54","date_gmt":"2024-05-30T08:34:54","guid":{"rendered":"https:\/\/www.viving.fr\/quimper\/?page_id=8016"},"modified":"2025-07-15T11:29:51","modified_gmt":"2025-07-15T09:29:51","slug":"profil-patricia-pustoch","status":"publish","type":"page","link":"https:\/\/www.viving.fr\/quimper\/animations\/profil-patricia-pustoch\/","title":{"rendered":"Profil Patricia Pustoc&rsquo;h"},"content":{"rendered":"<section class=\"wpb-content-wrapper\">[vc_row el_class=\u00a0\u00bbdesktop_padding_extra_large\u00a0\u00bb][vc_column][vc_empty_space height=\u00a0\u00bb90px\u00a0\u00bb][vc_row_inner equal_height=\u00a0\u00bbyes\u00a0\u00bb][vc_column_inner width=\u00a0\u00bb1\/4&Prime; css=\u00a0\u00bb.vc_custom_1594220083370{border-right-width: 2px !important;border-right-color: #e6c025 !important;border-right-style: solid !important;}\u00a0\u00bb][vc_single_image image=\u00a0\u00bb9776&Prime; img_size=\u00a0\u00bb400&Prime; alignment=\u00a0\u00bbright\u00a0\u00bb][vc_empty_space height=\u00a0\u00bb10px\u00a0\u00bb][\/vc_column_inner][vc_column_inner width=\u00a0\u00bb3\/4&Prime; offset=\u00a0\u00bbvc_col-xs-12&Prime; css=\u00a0\u00bb.vc_custom_1594220041743{padding-left: 25px !important;}\u00a0\u00bb][vc_column_text]\n<h2>Patricia Pustoc&rsquo;h<\/h2>\n[\/vc_column_text][vc_empty_space height=\u00a0\u00bb20px\u00a0\u00bb][vc_column_text]<em>D\u00e9coratrice d&rsquo;int\u00e9rieur<\/em>[\/vc_column_text][vc_empty_space height=\u00a0\u00bb15px\u00a0\u00bb][vc_column_text]Je suis d\u00e9coratrice d\u2019int\u00e9rieur et bas\u00e9 sur la commune de N\u00e9vez. J&rsquo;accompagne les particuliers et les professionnels dans la transformation de leurs espaces en lieux uniques, fonctionnels qui leurs correspond.<\/p>\n<p>Je cr\u00e9e des int\u00e9rieurs sur-mesure, adapt\u00e9s \u00e0 votre style et vos besoins. L&rsquo;am\u00e9nagement d\u2019espaces professionnels pour refl\u00e9ter votre identit\u00e9 et offrir un environnement accueillant a vos clients .<\/p>\n<p>J\u2019aide les personnes souhaitant vendre rapidement leur bien gr\u00e2ce au home staging et suis \u00e9galement former au feng shui pour am\u00e9nager votre int\u00e9rieur en un lieu plus zen enclin au bien-\u00eatre.<\/p>\n<p>Je serais ravie de vous accompagner dans votre projet, qu\u2019il s\u2019agisse de r\u00e9am\u00e9nager une pi\u00e8ce, de relooker votre int\u00e9rieur ou de donner une nouvelle vie \u00e0 un espace professionnel.[\/vc_column_text][\/vc_column_inner][\/vc_row_inner][vc_empty_space height=\u00a0\u00bb30px\u00a0\u00bb][vc_text_separator title=\u00a0\u00bbR\u00e9alisations\u00a0\u00bb][vc_empty_space height=\u00a0\u00bb30px\u00a0\u00bb][vc_row_inner][vc_column_inner width=\u00a0\u00bb1\/4&Prime;][vc_single_image image=\u00a0\u00bb9608&Prime; img_size=\u00a0\u00bb300&Prime;][\/vc_column_inner][vc_column_inner width=\u00a0\u00bb1\/4&Prime;][vc_single_image image=\u00a0\u00bb9609&Prime; img_size=\u00a0\u00bb300&Prime; alignment=\u00a0\u00bbcenter\u00a0\u00bb][\/vc_column_inner][vc_column_inner width=\u00a0\u00bb1\/4&Prime;][vc_single_image image=\u00a0\u00bb9607&Prime; img_size=\u00a0\u00bb300&Prime;][\/vc_column_inner][vc_column_inner width=\u00a0\u00bb1\/4&Prime;][vc_single_image image=\u00a0\u00bb8158&Prime; img_size=\u00a0\u00bb300&Prime;][\/vc_column_inner][\/vc_row_inner][vc_empty_space height=\u00a0\u00bb90px\u00a0\u00bb][\/vc_column][\/vc_row][vc_row][vc_column][vc_column_text]\n[\/vc_column_text][\/vc_column][\/vc_row][vc_row el_class=\u00a0\u00bbhide_on_mobile\u00a0\u00bb][vc_column width=\u00a0\u00bb1\/2&Prime; css=\u00a0\u00bb.vc_custom_1561477017971{background-image: url(https:\/\/www.viving.fr\/quimper\/wp-content\/uploads\/sites\/4\/2019\/06\/bench-chair-comfort-1166406.jpg?id=4250) !important;}\u00a0\u00bb]<div class=\"container-17938273025d0a062c3fdb9d09fd98c8876d09fd7336d70 ss-element gusta-container gusta-absolute-middle-center gusta-cover-column box_shadow hide_on_mobile\">[vc_column_text el_class=\u00a0\u00bbbloc_dark\u00a0\u00bb]<strong><span style=\"font-size: 36px\">Visiteurs ?<br \/>\n<\/span><\/strong><span style=\"font-size: 36px\">Trouvez l&rsquo;inspiration avant la prochain \u00e9dition !<\/span>[\/vc_column_text][vc_empty_space height=\u00a0\u00bb35px\u00a0\u00bb][vc_btn title=\u00a0\u00bbS&rsquo;inspirer !\u00a0\u00bb style=\u00a0\u00bbclassic\u00a0\u00bb align=\u00a0\u00bbcenter\u00a0\u00bb button_block=\u00a0\u00bbtrue\u00a0\u00bb link=\u00a0\u00bburl:https%3A%2F%2Fwww.viving.fr%2Fsinspirer%2F||target:%20_blank|\u00a0\u00bb]<\/div>[vc_empty_space height=\u00a0\u00bb550px\u00a0\u00bb el_class=\u00a0\u00bbhide_on_mobile\u00a0\u00bb][\/vc_column][vc_column width=\u00a0\u00bb1\/2&Prime; css=\u00a0\u00bb.vc_custom_1561477036635{background-image: url(https:\/\/www.viving.fr\/quimper\/wp-content\/uploads\/sites\/4\/2019\/06\/2018-10-18-Viving-Lyon-GL-EVENTS-WEB-014.jpg?id=4245) !important;}\u00a0\u00bb]<div class=\"container-17739113255d0a062c4005ad09fd7336d70 ss-element gusta-container gusta-absolute-middle-center gusta-cover-column box_shadow hide_on_mobile\">[vc_column_text]<strong><span style=\"font-size: 36px\">Professionnels de l&rsquo;habitat ?<\/span><\/strong><br \/>\n<span style=\"font-size: 36px\">Participez sans plus attendre !<\/span>[\/vc_column_text][vc_empty_space height=\u00a0\u00bb75px\u00a0\u00bb][vc_btn title=\u00a0\u00bbExposez sur Viving !\u00a0\u00bb style=\u00a0\u00bbclassic\u00a0\u00bb align=\u00a0\u00bbcenter\u00a0\u00bb button_block=\u00a0\u00bbtrue\u00a0\u00bb link=\u00a0\u00bburl:%2Fquimper%2Fexposer%2F|||\u00a0\u00bb]<\/div>[vc_empty_space height=\u00a0\u00bb550px\u00a0\u00bb el_class=\u00a0\u00bbhide_on_mobile\u00a0\u00bb][\/vc_column][\/vc_row][vc_row full_width=\u00a0\u00bbstretch_row_content_no_spaces\u00a0\u00bb el_class=\u00a0\u00bbon_mobile_only\u00a0\u00bb][vc_column width=\u00a0\u00bb1\/2&Prime; css=\u00a0\u00bb.vc_custom_1561477319807{background-image: url(https:\/\/www.viving.fr\/quimper\/wp-content\/uploads\/sites\/4\/2019\/06\/bench-chair-comfort-1166406mob.jpg?id=4260) !important;}\u00a0\u00bb]<div class=\"container-12068573525d09fd98c8876d09fd7336d70 ss-element gusta-container gusta-absolute-middle-center gusta-cover-column box_shadow on_mobile_only\">[vc_column_text el_class=\u00a0\u00bbbloc_dark\u00a0\u00bb]<span style=\"font-size: 20px\"><strong>Visiteurs ?<br \/>\n<\/strong>Trouvez l&rsquo;inspiration avant la prochaine \u00e9dition !<\/span>[\/vc_column_text][vc_empty_space height=\u00a0\u00bb35px\u00a0\u00bb][vc_btn title=\u00a0\u00bbS&rsquo;inspirer\u00a0\u00bb style=\u00a0\u00bbclassic\u00a0\u00bb align=\u00a0\u00bbcenter\u00a0\u00bb button_block=\u00a0\u00bbtrue\u00a0\u00bb link=\u00a0\u00bburl:https%3A%2F%2Fwww.viving.fr%2Fsinspirer%2F||target:%20_blank|\u00a0\u00bb]<\/div>[vc_empty_space height=\u00a0\u00bb350px\u00a0\u00bb el_class=\u00a0\u00bbon_mobile_only\u00a0\u00bb][\/vc_column][vc_column width=\u00a0\u00bb1\/2&Prime; css=\u00a0\u00bb.vc_custom_1561477330736{background-image: url(https:\/\/www.viving.fr\/quimper\/wp-content\/uploads\/sites\/4\/2019\/06\/2018-10-18-Viving-Lyon-GL-EVENTS-WEB-014mob.jpg?id=4258) !important;}\u00a0\u00bb]<div class=\"container-9920186625d09fd7336d70 ss-element gusta-container gusta-absolute-middle-center gusta-cover-column box_shadow on_mobile_only\">[vc_column_text]<span style=\"font-size: 20px\"><strong>Professionnels de l&rsquo;habitat ?<\/strong><\/span><br \/>\n<span style=\"font-size: 20px\">Participez sans plus attendre !<\/span>[\/vc_column_text][vc_empty_space height=\u00a0\u00bb35px\u00a0\u00bb][vc_btn title=\u00a0\u00bbExposez sur Viving !\u00a0\u00bb style=\u00a0\u00bbclassic\u00a0\u00bb align=\u00a0\u00bbcenter\u00a0\u00bb button_block=\u00a0\u00bbtrue\u00a0\u00bb link=\u00a0\u00bburl:%2Fquimper%2Fexposer%2F|||\u00a0\u00bb]<\/div>[vc_empty_space height=\u00a0\u00bb400px\u00a0\u00bb el_class=\u00a0\u00bbon_mobile_only\u00a0\u00bb][\/vc_column][\/vc_row]\n<\/section>","protected":false},"excerpt":{"rendered":"<p>[vc_row el_class=\u00a0\u00bbdesktop_padding_extra_large\u00a0\u00bb][vc_column][vc_empty_space height=\u00a0\u00bb90px\u00a0\u00bb][vc_row_inner equal_height=\u00a0\u00bbyes\u00a0\u00bb][vc_column_inner width=\u00a0\u00bb1\/4&Prime; css=\u00a0\u00bb.vc_custom_1594220083370{border-right-width: 2px !important;border-right-color: #e6c025 !important;border-right-style: solid !important;}\u00a0\u00bb][vc_single_image image=\u00a0\u00bb9776&Prime; img_size=\u00a0\u00bb400&Prime; alignment=\u00a0\u00bbright\u00a0\u00bb][vc_empty_space height=\u00a0\u00bb10px\u00a0\u00bb][\/vc_column_inner][vc_column_inner width=\u00a0\u00bb3\/4&Prime; offset=\u00a0\u00bbvc_col-xs-12&Prime; css=\u00a0\u00bb.vc_custom_1594220041743{padding-left: 25px !important;}\u00a0\u00bb][vc_column_text] Patricia Pustoc&rsquo;h [\/vc_column_text][vc_empty_space height=\u00a0\u00bb20px\u00a0\u00bb][vc_column_text]D\u00e9coratrice d&rsquo;int\u00e9rieur[\/vc_column_text][vc_empty_space height=\u00a0\u00bb15px\u00a0\u00bb][vc_column_text]Je suis d\u00e9coratrice d\u2019int\u00e9rieur et bas\u00e9 sur la commune de N\u00e9vez. J&rsquo;accompagne les particuliers et les professionnels dans la transformation de leurs espaces en lieux uniques, fonctionnels qui leurs &hellip; <\/p>\n<p class=\"link-more\"><a href=\"https:\/\/www.viving.fr\/quimper\/animations\/profil-patricia-pustoch\/\" class=\"more-link\">Continuer la lecture<span class=\"screen-reader-text\"> de &laquo;&nbsp;Profil Patricia Pustoc&rsquo;h&nbsp;&raquo;<\/span><\/a><\/p>\n","protected":false},"author":14,"featured_media":0,"parent":3651,"menu_order":0,"comment_status":"closed","ping_status":"closed","template":"","meta":[],"yoast_head":"<!-- This site is optimized with the Yoast SEO plugin v19.13 - https:\/\/yoast.com\/wordpress\/plugins\/seo\/ -->\n<title>Profil Patricia Pustoc&#039;h - Viving Quimper<\/title>\n<meta name=\"robots\" content=\"index, follow, max-snippet:-1, max-image-preview:large, max-video-preview:-1\" \/>\n<link rel=\"canonical\" href=\"https:\/\/www.viving.fr\/quimper\/animations\/profil-patricia-pustoch\/\" \/>\n<meta property=\"og:locale\" content=\"fr_FR\" \/>\n<meta property=\"og:type\" content=\"article\" \/>\n<meta property=\"og:title\" content=\"Profil Patricia Pustoc&#039;h - Viving Quimper\" \/>\n<meta property=\"og:description\" content=\"[vc_row el_class=\u00a0\u00bbdesktop_padding_extra_large\u00a0\u00bb][vc_column][vc_empty_space height=\u00a0\u00bb90px\u00a0\u00bb][vc_row_inner equal_height=\u00a0\u00bbyes\u00a0\u00bb][vc_column_inner width=\u00a0\u00bb1\/4&Prime; css=\u00a0\u00bb.vc_custom_1594220083370{border-right-width: 2px !important;border-right-color: #e6c025 !important;border-right-style: solid !important;}\u00a0\u00bb][vc_single_image image=\u00a0\u00bb9776&Prime; img_size=\u00a0\u00bb400&Prime; alignment=\u00a0\u00bbright\u00a0\u00bb][vc_empty_space height=\u00a0\u00bb10px\u00a0\u00bb][\/vc_column_inner][vc_column_inner width=\u00a0\u00bb3\/4&Prime; offset=\u00a0\u00bbvc_col-xs-12&Prime; css=\u00a0\u00bb.vc_custom_1594220041743{padding-left: 25px !important;}\u00a0\u00bb][vc_column_text] Patricia Pustoc&rsquo;h [\/vc_column_text][vc_empty_space height=\u00a0\u00bb20px\u00a0\u00bb][vc_column_text]D\u00e9coratrice d&rsquo;int\u00e9rieur[\/vc_column_text][vc_empty_space height=\u00a0\u00bb15px\u00a0\u00bb][vc_column_text]Je suis d\u00e9coratrice d\u2019int\u00e9rieur et bas\u00e9 sur la commune de N\u00e9vez. J&rsquo;accompagne les particuliers et les professionnels dans la transformation de leurs espaces en lieux uniques, fonctionnels qui leurs &hellip; Continuer la lecture de &laquo;&nbsp;Profil Patricia Pustoc&rsquo;h&nbsp;&raquo;\" \/>\n<meta property=\"og:url\" content=\"https:\/\/www.viving.fr\/quimper\/animations\/profil-patricia-pustoch\/\" \/>\n<meta property=\"og:site_name\" content=\"Viving Quimper\" \/>\n<meta property=\"article:modified_time\" content=\"2025-07-15T09:29:51+00:00\" \/>\n<meta name=\"twitter:card\" content=\"summary_large_image\" \/>\n<meta name=\"twitter:label1\" content=\"Dur\u00e9e de lecture estim\u00e9e\" \/>\n\t<meta name=\"twitter:data1\" content=\"2 minutes\" \/>\n<script type=\"application\/ld+json\" class=\"yoast-schema-graph\">{\"@context\":\"https:\/\/schema.org\",\"@graph\":[{\"@type\":\"WebPage\",\"@id\":\"https:\/\/www.viving.fr\/quimper\/animations\/profil-patricia-pustoch\/\",\"url\":\"https:\/\/www.viving.fr\/quimper\/animations\/profil-patricia-pustoch\/\",\"name\":\"Profil Patricia Pustoc'h - Viving Quimper\",\"isPartOf\":{\"@id\":\"https:\/\/www.viving.fr\/quimper\/#website\"},\"datePublished\":\"2024-05-30T08:34:54+00:00\",\"dateModified\":\"2025-07-15T09:29:51+00:00\",\"breadcrumb\":{\"@id\":\"https:\/\/www.viving.fr\/quimper\/animations\/profil-patricia-pustoch\/#breadcrumb\"},\"inLanguage\":\"fr-FR\",\"potentialAction\":[{\"@type\":\"ReadAction\",\"target\":[\"https:\/\/www.viving.fr\/quimper\/animations\/profil-patricia-pustoch\/\"]}]},{\"@type\":\"BreadcrumbList\",\"@id\":\"https:\/\/www.viving.fr\/quimper\/animations\/profil-patricia-pustoch\/#breadcrumb\",\"itemListElement\":[{\"@type\":\"ListItem\",\"position\":1,\"name\":\"Espaces VIVING\",\"item\":\"https:\/\/www.viving.fr\/quimper\/animations\/\"},{\"@type\":\"ListItem\",\"position\":2,\"name\":\"Profil Patricia Pustoc&rsquo;h\"}]},{\"@type\":\"WebSite\",\"@id\":\"https:\/\/www.viving.fr\/quimper\/#website\",\"url\":\"https:\/\/www.viving.fr\/quimper\/\",\"name\":\"Viving Quimper\",\"description\":\"S&#039;inspirer, Concr\u00e9tiser\",\"potentialAction\":[{\"@type\":\"SearchAction\",\"target\":{\"@type\":\"EntryPoint\",\"urlTemplate\":\"https:\/\/www.viving.fr\/quimper\/?s={search_term_string}\"},\"query-input\":\"required name=search_term_string\"}],\"inLanguage\":\"fr-FR\"}]}<\/script>\n<!-- \/ Yoast SEO plugin. -->","yoast_head_json":{"title":"Profil Patricia Pustoc'h - Viving Quimper","robots":{"index":"index","follow":"follow","max-snippet":"max-snippet:-1","max-image-preview":"max-image-preview:large","max-video-preview":"max-video-preview:-1"},"canonical":"https:\/\/www.viving.fr\/quimper\/animations\/profil-patricia-pustoch\/","og_locale":"fr_FR","og_type":"article","og_title":"Profil Patricia Pustoc'h - Viving Quimper","og_description":"[vc_row el_class=\u00a0\u00bbdesktop_padding_extra_large\u00a0\u00bb][vc_column][vc_empty_space height=\u00a0\u00bb90px\u00a0\u00bb][vc_row_inner equal_height=\u00a0\u00bbyes\u00a0\u00bb][vc_column_inner width=\u00a0\u00bb1\/4&Prime; css=\u00a0\u00bb.vc_custom_1594220083370{border-right-width: 2px !important;border-right-color: #e6c025 !important;border-right-style: solid !important;}\u00a0\u00bb][vc_single_image image=\u00a0\u00bb9776&Prime; img_size=\u00a0\u00bb400&Prime; alignment=\u00a0\u00bbright\u00a0\u00bb][vc_empty_space height=\u00a0\u00bb10px\u00a0\u00bb][\/vc_column_inner][vc_column_inner width=\u00a0\u00bb3\/4&Prime; offset=\u00a0\u00bbvc_col-xs-12&Prime; css=\u00a0\u00bb.vc_custom_1594220041743{padding-left: 25px !important;}\u00a0\u00bb][vc_column_text] Patricia Pustoc&rsquo;h [\/vc_column_text][vc_empty_space height=\u00a0\u00bb20px\u00a0\u00bb][vc_column_text]D\u00e9coratrice d&rsquo;int\u00e9rieur[\/vc_column_text][vc_empty_space height=\u00a0\u00bb15px\u00a0\u00bb][vc_column_text]Je suis d\u00e9coratrice d\u2019int\u00e9rieur et bas\u00e9 sur la commune de N\u00e9vez. J&rsquo;accompagne les particuliers et les professionnels dans la transformation de leurs espaces en lieux uniques, fonctionnels qui leurs &hellip; Continuer la lecture de &laquo;&nbsp;Profil Patricia Pustoc&rsquo;h&nbsp;&raquo;","og_url":"https:\/\/www.viving.fr\/quimper\/animations\/profil-patricia-pustoch\/","og_site_name":"Viving Quimper","article_modified_time":"2025-07-15T09:29:51+00:00","twitter_card":"summary_large_image","twitter_misc":{"Dur\u00e9e de lecture estim\u00e9e":"2 minutes"},"schema":{"@context":"https:\/\/schema.org","@graph":[{"@type":"WebPage","@id":"https:\/\/www.viving.fr\/quimper\/animations\/profil-patricia-pustoch\/","url":"https:\/\/www.viving.fr\/quimper\/animations\/profil-patricia-pustoch\/","name":"Profil Patricia Pustoc'h - Viving Quimper","isPartOf":{"@id":"https:\/\/www.viving.fr\/quimper\/#website"},"datePublished":"2024-05-30T08:34:54+00:00","dateModified":"2025-07-15T09:29:51+00:00","breadcrumb":{"@id":"https:\/\/www.viving.fr\/quimper\/animations\/profil-patricia-pustoch\/#breadcrumb"},"inLanguage":"fr-FR","potentialAction":[{"@type":"ReadAction","target":["https:\/\/www.viving.fr\/quimper\/animations\/profil-patricia-pustoch\/"]}]},{"@type":"BreadcrumbList","@id":"https:\/\/www.viving.fr\/quimper\/animations\/profil-patricia-pustoch\/#breadcrumb","itemListElement":[{"@type":"ListItem","position":1,"name":"Espaces VIVING","item":"https:\/\/www.viving.fr\/quimper\/animations\/"},{"@type":"ListItem","position":2,"name":"Profil Patricia Pustoc&rsquo;h"}]},{"@type":"WebSite","@id":"https:\/\/www.viving.fr\/quimper\/#website","url":"https:\/\/www.viving.fr\/quimper\/","name":"Viving Quimper","description":"S&#039;inspirer, Concr\u00e9tiser","potentialAction":[{"@type":"SearchAction","target":{"@type":"EntryPoint","urlTemplate":"https:\/\/www.viving.fr\/quimper\/?s={search_term_string}"},"query-input":"required name=search_term_string"}],"inLanguage":"fr-FR"}]}},"_links":{"self":[{"href":"https:\/\/www.viving.fr\/quimper\/wp-json\/wp\/v2\/pages\/8016"}],"collection":[{"href":"https:\/\/www.viving.fr\/quimper\/wp-json\/wp\/v2\/pages"}],"about":[{"href":"https:\/\/www.viving.fr\/quimper\/wp-json\/wp\/v2\/types\/page"}],"author":[{"embeddable":true,"href":"https:\/\/www.viving.fr\/quimper\/wp-json\/wp\/v2\/users\/14"}],"replies":[{"embeddable":true,"href":"https:\/\/www.viving.fr\/quimper\/wp-json\/wp\/v2\/comments?post=8016"}],"version-history":[{"count":9,"href":"https:\/\/www.viving.fr\/quimper\/wp-json\/wp\/v2\/pages\/8016\/revisions"}],"predecessor-version":[{"id":9778,"href":"https:\/\/www.viving.fr\/quimper\/wp-json\/wp\/v2\/pages\/8016\/revisions\/9778"}],"up":[{"embeddable":true,"href":"https:\/\/www.viving.fr\/quimper\/wp-json\/wp\/v2\/pages\/3651"}],"wp:attachment":[{"href":"https:\/\/www.viving.fr\/quimper\/wp-json\/wp\/v2\/media?parent=8016"}],"curies":[{"name":"wp","href":"https:\/\/api.w.org\/{rel}","templated":true}]}}