{"id":9964,"date":"2025-09-04T11:27:24","date_gmt":"2025-09-04T09:27:24","guid":{"rendered":"https:\/\/www.viving.fr\/quimper\/?page_id=9964"},"modified":"2025-09-04T11:27:24","modified_gmt":"2025-09-04T09:27:24","slug":"profil-esther-henaff","status":"publish","type":"page","link":"https:\/\/www.viving.fr\/quimper\/animations\/profil-esther-henaff\/","title":{"rendered":"Profil Esther H\u00e9naff"},"content":{"rendered":"<section class=\"wpb-content-wrapper\">[vc_row el_class=\u00a0\u00bbdesktop_padding_extra_large\u00a0\u00bb][vc_column][vc_empty_space height=\u00a0\u00bb90px\u00a0\u00bb][vc_row_inner equal_height=\u00a0\u00bbyes\u00a0\u00bb][vc_column_inner width=\u00a0\u00bb1\/4&Prime; css=\u00a0\u00bb.vc_custom_1594220083370{border-right-width: 2px !important;border-right-color: #e6c025 !important;border-right-style: solid !important;}\u00a0\u00bb][vc_single_image image=\u00a0\u00bb9965&Prime; img_size=\u00a0\u00bb400&Prime; alignment=\u00a0\u00bbright\u00a0\u00bb][vc_empty_space height=\u00a0\u00bb10px\u00a0\u00bb][\/vc_column_inner][vc_column_inner width=\u00a0\u00bb3\/4&Prime; offset=\u00a0\u00bbvc_col-xs-12&Prime; css=\u00a0\u00bb.vc_custom_1594220041743{padding-left: 25px !important;}\u00a0\u00bb][vc_column_text]\n<h2>Esther H\u00e9naff &#8211; <strong>Kokouhome<\/strong><\/h2>\n[\/vc_column_text][vc_empty_space height=\u00a0\u00bb20px\u00a0\u00bb][vc_column_text]<em>D\u00e9coratrice d&rsquo;int\u00e9rieur\u00a0<\/em>[\/vc_column_text][vc_empty_space height=\u00a0\u00bb15px\u00a0\u00bb][vc_column_text]Fondatrice de <strong>Kokouhome<\/strong>, Esther H\u00e9naff est une d\u00e9coratrice d\u2019int\u00e9rieur passionn\u00e9e par l\u2019art, l\u2019histoire et la cr\u00e9ation. Sa particularit\u00e9 ? Elle ne se limite \u00e0 aucun style : son approche consiste \u00e0 s\u2019impr\u00e9gner de l\u2019univers et de l\u2019histoire de ses clients pour cr\u00e9er des ambiances uniques, vivantes et personnalis\u00e9es. Elle aime jouer avec les couleurs, marier les mati\u00e8res et aller jusqu\u2019aux moindres d\u00e9tails pour que chaque lieu corresponde parfaitement aux attentes de ceux qui y vivent.<\/p>\n<p>Esther affectionne particuli\u00e8rement les maisons de ma\u00eetre, les h\u00f4tels particuliers o\u00f9 elle aime faire dialoguer patrimoine et modernit\u00e9. Pour pousser plus loin la singularit\u00e9 de chaque projet, elle collabore r\u00e9guli\u00e8rement avec des brocanteurs afin de d\u00e9nicher des pi\u00e8ces uniques, mais aussi avec des ma\u00eetres d\u2019\u0153uvre et architectes pour assurer des r\u00e9novations ou agrandissements garantis en d\u00e9cennal.<\/p>\n<p>Sa cr\u00e9ativit\u00e9 se nourrit autant du charme des objets chin\u00e9s que des grands courants artistiques et architecturaux. Elle aime m\u00ealer le caract\u00e8re d\u2019un meuble de brocante avec des pi\u00e8ces signatures issues du mouvement Bauhaus, Arts &amp; Crafts ou encore de s&rsquo;inspirer d\u2019ic\u00f4nes du design qu\u2019elle admire particuli\u00e8rement : Eames, Mies van der Rohe, Arne Jacobsen, Verner Panton, India Mahdavi, Vincent Darr\u00e9 ou encore Anish Kapoor.<\/p>\n<p>Innovante et tourn\u00e9e vers l\u2019avenir, Esther int\u00e8gre \u00e9galement les nouvelles technologies comme la 3D ou la r\u00e9alit\u00e9 virtuelle pour aider ses clients \u00e0 se projeter sereinement. Ce qui l\u2019anime par-dessus tout : cr\u00e9er des int\u00e9rieurs sur mesure qui allient esth\u00e9tique, confort et \u00e9motion, et voir ses clients heureux dans des espaces qui leur ressemblent profond\u00e9ment.[\/vc_column_text][\/vc_column_inner][\/vc_row_inner][vc_empty_space height=\u00a0\u00bb30px\u00a0\u00bb][vc_text_separator title=\u00a0\u00bbR\u00e9alisations\u00a0\u00bb][vc_empty_space height=\u00a0\u00bb30px\u00a0\u00bb][vc_row_inner][vc_column_inner width=\u00a0\u00bb1\/4&Prime;][vc_single_image image=\u00a0\u00bb9969&Prime; img_size=\u00a0\u00bb300&Prime;][\/vc_column_inner][vc_column_inner width=\u00a0\u00bb1\/4&Prime;][vc_single_image image=\u00a0\u00bb9968&Prime; img_size=\u00a0\u00bb300&Prime; alignment=\u00a0\u00bbcenter\u00a0\u00bb][\/vc_column_inner][vc_column_inner width=\u00a0\u00bb1\/4&Prime;][vc_single_image image=\u00a0\u00bb9967&Prime; img_size=\u00a0\u00bb300&Prime;][\/vc_column_inner][vc_column_inner width=\u00a0\u00bb1\/4&Prime;][vc_single_image image=\u00a0\u00bb9966&Prime; img_size=\u00a0\u00bb300&Prime;][\/vc_column_inner][\/vc_row_inner][vc_empty_space height=\u00a0\u00bb90px\u00a0\u00bb][\/vc_column][\/vc_row][vc_row][vc_column][vc_column_text]\n[\/vc_column_text][\/vc_column][\/vc_row][vc_row el_class=\u00a0\u00bbhide_on_mobile\u00a0\u00bb][vc_column width=\u00a0\u00bb1\/2&Prime; css=\u00a0\u00bb.vc_custom_1561477017971{background-image: url(https:\/\/www.viving.fr\/quimper\/wp-content\/uploads\/sites\/4\/2019\/06\/bench-chair-comfort-1166406.jpg?id=4250) !important;}\u00a0\u00bb]<div class=\"container-17938273025d0a062c3fdb9d09fd98c8876d09fd7336d70 ss-element gusta-container gusta-absolute-middle-center gusta-cover-column box_shadow hide_on_mobile\">[vc_column_text el_class=\u00a0\u00bbbloc_dark\u00a0\u00bb]<strong><span style=\"font-size: 36px\">Visiteurs ?<br \/>\n<\/span><\/strong><span style=\"font-size: 36px\">Trouvez l&rsquo;inspiration avant la prochain \u00e9dition !<\/span>[\/vc_column_text][vc_empty_space height=\u00a0\u00bb35px\u00a0\u00bb][vc_btn title=\u00a0\u00bbS&rsquo;inspirer !\u00a0\u00bb style=\u00a0\u00bbclassic\u00a0\u00bb align=\u00a0\u00bbcenter\u00a0\u00bb button_block=\u00a0\u00bbtrue\u00a0\u00bb link=\u00a0\u00bburl:https%3A%2F%2Fwww.viving.fr%2Fsinspirer%2F||target:%20_blank|\u00a0\u00bb]<\/div>[vc_empty_space height=\u00a0\u00bb550px\u00a0\u00bb el_class=\u00a0\u00bbhide_on_mobile\u00a0\u00bb][\/vc_column][vc_column width=\u00a0\u00bb1\/2&Prime; css=\u00a0\u00bb.vc_custom_1561477036635{background-image: url(https:\/\/www.viving.fr\/quimper\/wp-content\/uploads\/sites\/4\/2019\/06\/2018-10-18-Viving-Lyon-GL-EVENTS-WEB-014.jpg?id=4245) !important;}\u00a0\u00bb]<div class=\"container-17739113255d0a062c4005ad09fd7336d70 ss-element gusta-container gusta-absolute-middle-center gusta-cover-column box_shadow hide_on_mobile\">[vc_column_text]<strong><span style=\"font-size: 36px\">Professionnels de l&rsquo;habitat ?<\/span><\/strong><br \/>\n<span style=\"font-size: 36px\">Participez sans plus attendre !<\/span>[\/vc_column_text][vc_empty_space height=\u00a0\u00bb75px\u00a0\u00bb][vc_btn title=\u00a0\u00bbExposez sur Viving !\u00a0\u00bb style=\u00a0\u00bbclassic\u00a0\u00bb align=\u00a0\u00bbcenter\u00a0\u00bb button_block=\u00a0\u00bbtrue\u00a0\u00bb link=\u00a0\u00bburl:%2Fquimper%2Fexposer%2F|||\u00a0\u00bb]<\/div>[vc_empty_space height=\u00a0\u00bb550px\u00a0\u00bb el_class=\u00a0\u00bbhide_on_mobile\u00a0\u00bb][\/vc_column][\/vc_row][vc_row full_width=\u00a0\u00bbstretch_row_content_no_spaces\u00a0\u00bb el_class=\u00a0\u00bbon_mobile_only\u00a0\u00bb][vc_column width=\u00a0\u00bb1\/2&Prime; css=\u00a0\u00bb.vc_custom_1561477319807{background-image: url(https:\/\/www.viving.fr\/quimper\/wp-content\/uploads\/sites\/4\/2019\/06\/bench-chair-comfort-1166406mob.jpg?id=4260) !important;}\u00a0\u00bb]<div class=\"container-12068573525d09fd98c8876d09fd7336d70 ss-element gusta-container gusta-absolute-middle-center gusta-cover-column box_shadow on_mobile_only\">[vc_column_text el_class=\u00a0\u00bbbloc_dark\u00a0\u00bb]<span style=\"font-size: 20px\"><strong>Visiteurs ?<br \/>\n<\/strong>Trouvez l&rsquo;inspiration avant la prochaine \u00e9dition !<\/span>[\/vc_column_text][vc_empty_space height=\u00a0\u00bb35px\u00a0\u00bb][vc_btn title=\u00a0\u00bbS&rsquo;inspirer\u00a0\u00bb style=\u00a0\u00bbclassic\u00a0\u00bb align=\u00a0\u00bbcenter\u00a0\u00bb button_block=\u00a0\u00bbtrue\u00a0\u00bb link=\u00a0\u00bburl:https%3A%2F%2Fwww.viving.fr%2Fsinspirer%2F||target:%20_blank|\u00a0\u00bb]<\/div>[vc_empty_space height=\u00a0\u00bb350px\u00a0\u00bb el_class=\u00a0\u00bbon_mobile_only\u00a0\u00bb][\/vc_column][vc_column width=\u00a0\u00bb1\/2&Prime; css=\u00a0\u00bb.vc_custom_1561477330736{background-image: url(https:\/\/www.viving.fr\/quimper\/wp-content\/uploads\/sites\/4\/2019\/06\/2018-10-18-Viving-Lyon-GL-EVENTS-WEB-014mob.jpg?id=4258) !important;}\u00a0\u00bb]<div class=\"container-9920186625d09fd7336d70 ss-element gusta-container gusta-absolute-middle-center gusta-cover-column box_shadow on_mobile_only\">[vc_column_text]<span style=\"font-size: 20px\"><strong>Professionnels de l&rsquo;habitat ?<\/strong><\/span><br \/>\n<span style=\"font-size: 20px\">Participez sans plus attendre !<\/span>[\/vc_column_text][vc_empty_space height=\u00a0\u00bb35px\u00a0\u00bb][vc_btn title=\u00a0\u00bbExposez sur Viving !\u00a0\u00bb style=\u00a0\u00bbclassic\u00a0\u00bb align=\u00a0\u00bbcenter\u00a0\u00bb button_block=\u00a0\u00bbtrue\u00a0\u00bb link=\u00a0\u00bburl:%2Fquimper%2Fexposer%2F|||\u00a0\u00bb]<\/div>[vc_empty_space height=\u00a0\u00bb400px\u00a0\u00bb el_class=\u00a0\u00bbon_mobile_only\u00a0\u00bb][\/vc_column][\/vc_row]\n<\/section>","protected":false},"excerpt":{"rendered":"<p>[vc_row el_class=\u00a0\u00bbdesktop_padding_extra_large\u00a0\u00bb][vc_column][vc_empty_space height=\u00a0\u00bb90px\u00a0\u00bb][vc_row_inner equal_height=\u00a0\u00bbyes\u00a0\u00bb][vc_column_inner width=\u00a0\u00bb1\/4&Prime; css=\u00a0\u00bb.vc_custom_1594220083370{border-right-width: 2px !important;border-right-color: #e6c025 !important;border-right-style: solid !important;}\u00a0\u00bb][vc_single_image image=\u00a0\u00bb9965&Prime; img_size=\u00a0\u00bb400&Prime; alignment=\u00a0\u00bbright\u00a0\u00bb][vc_empty_space height=\u00a0\u00bb10px\u00a0\u00bb][\/vc_column_inner][vc_column_inner width=\u00a0\u00bb3\/4&Prime; offset=\u00a0\u00bbvc_col-xs-12&Prime; css=\u00a0\u00bb.vc_custom_1594220041743{padding-left: 25px !important;}\u00a0\u00bb][vc_column_text] Esther H\u00e9naff &#8211; Kokouhome [\/vc_column_text][vc_empty_space height=\u00a0\u00bb20px\u00a0\u00bb][vc_column_text]D\u00e9coratrice d&rsquo;int\u00e9rieur\u00a0[\/vc_column_text][vc_empty_space height=\u00a0\u00bb15px\u00a0\u00bb][vc_column_text]Fondatrice de Kokouhome, Esther H\u00e9naff est une d\u00e9coratrice d\u2019int\u00e9rieur passionn\u00e9e par l\u2019art, l\u2019histoire et la cr\u00e9ation. Sa particularit\u00e9 ? Elle ne se limite \u00e0 aucun style : &hellip; <\/p>\n<p class=\"link-more\"><a href=\"https:\/\/www.viving.fr\/quimper\/animations\/profil-esther-henaff\/\" class=\"more-link\">Continuer la lecture<span class=\"screen-reader-text\"> de &laquo;&nbsp;Profil Esther H\u00e9naff&nbsp;&raquo;<\/span><\/a><\/p>\n","protected":false},"author":14,"featured_media":0,"parent":3651,"menu_order":0,"comment_status":"closed","ping_status":"closed","template":"","meta":[],"yoast_head":"<!-- This site is optimized with the Yoast SEO plugin v19.13 - https:\/\/yoast.com\/wordpress\/plugins\/seo\/ -->\n<title>Profil Esther H\u00e9naff - Viving Quimper<\/title>\n<meta name=\"robots\" content=\"index, follow, max-snippet:-1, max-image-preview:large, max-video-preview:-1\" \/>\n<link rel=\"canonical\" href=\"https:\/\/www.viving.fr\/quimper\/animations\/profil-esther-henaff\/\" \/>\n<meta property=\"og:locale\" content=\"fr_FR\" \/>\n<meta property=\"og:type\" content=\"article\" \/>\n<meta property=\"og:title\" content=\"Profil Esther H\u00e9naff - Viving Quimper\" \/>\n<meta property=\"og:description\" content=\"[vc_row el_class=\u00a0\u00bbdesktop_padding_extra_large\u00a0\u00bb][vc_column][vc_empty_space height=\u00a0\u00bb90px\u00a0\u00bb][vc_row_inner equal_height=\u00a0\u00bbyes\u00a0\u00bb][vc_column_inner width=\u00a0\u00bb1\/4&Prime; css=\u00a0\u00bb.vc_custom_1594220083370{border-right-width: 2px !important;border-right-color: #e6c025 !important;border-right-style: solid !important;}\u00a0\u00bb][vc_single_image image=\u00a0\u00bb9965&Prime; img_size=\u00a0\u00bb400&Prime; alignment=\u00a0\u00bbright\u00a0\u00bb][vc_empty_space height=\u00a0\u00bb10px\u00a0\u00bb][\/vc_column_inner][vc_column_inner width=\u00a0\u00bb3\/4&Prime; offset=\u00a0\u00bbvc_col-xs-12&Prime; css=\u00a0\u00bb.vc_custom_1594220041743{padding-left: 25px !important;}\u00a0\u00bb][vc_column_text] Esther H\u00e9naff &#8211; Kokouhome [\/vc_column_text][vc_empty_space height=\u00a0\u00bb20px\u00a0\u00bb][vc_column_text]D\u00e9coratrice d&rsquo;int\u00e9rieur\u00a0[\/vc_column_text][vc_empty_space height=\u00a0\u00bb15px\u00a0\u00bb][vc_column_text]Fondatrice de Kokouhome, Esther H\u00e9naff est une d\u00e9coratrice d\u2019int\u00e9rieur passionn\u00e9e par l\u2019art, l\u2019histoire et la cr\u00e9ation. Sa particularit\u00e9 ? Elle ne se limite \u00e0 aucun style : &hellip; Continuer la lecture de &laquo;&nbsp;Profil Esther H\u00e9naff&nbsp;&raquo;\" \/>\n<meta property=\"og:url\" content=\"https:\/\/www.viving.fr\/quimper\/animations\/profil-esther-henaff\/\" \/>\n<meta property=\"og:site_name\" content=\"Viving Quimper\" \/>\n<meta name=\"twitter:card\" content=\"summary_large_image\" \/>\n<meta name=\"twitter:label1\" content=\"Dur\u00e9e de lecture estim\u00e9e\" \/>\n\t<meta name=\"twitter:data1\" content=\"3 minutes\" \/>\n<script type=\"application\/ld+json\" class=\"yoast-schema-graph\">{\"@context\":\"https:\/\/schema.org\",\"@graph\":[{\"@type\":\"WebPage\",\"@id\":\"https:\/\/www.viving.fr\/quimper\/animations\/profil-esther-henaff\/\",\"url\":\"https:\/\/www.viving.fr\/quimper\/animations\/profil-esther-henaff\/\",\"name\":\"Profil Esther H\u00e9naff - Viving Quimper\",\"isPartOf\":{\"@id\":\"https:\/\/www.viving.fr\/quimper\/#website\"},\"datePublished\":\"2025-09-04T09:27:24+00:00\",\"dateModified\":\"2025-09-04T09:27:24+00:00\",\"breadcrumb\":{\"@id\":\"https:\/\/www.viving.fr\/quimper\/animations\/profil-esther-henaff\/#breadcrumb\"},\"inLanguage\":\"fr-FR\",\"potentialAction\":[{\"@type\":\"ReadAction\",\"target\":[\"https:\/\/www.viving.fr\/quimper\/animations\/profil-esther-henaff\/\"]}]},{\"@type\":\"BreadcrumbList\",\"@id\":\"https:\/\/www.viving.fr\/quimper\/animations\/profil-esther-henaff\/#breadcrumb\",\"itemListElement\":[{\"@type\":\"ListItem\",\"position\":1,\"name\":\"Espaces VIVING\",\"item\":\"https:\/\/www.viving.fr\/quimper\/animations\/\"},{\"@type\":\"ListItem\",\"position\":2,\"name\":\"Profil Esther H\u00e9naff\"}]},{\"@type\":\"WebSite\",\"@id\":\"https:\/\/www.viving.fr\/quimper\/#website\",\"url\":\"https:\/\/www.viving.fr\/quimper\/\",\"name\":\"Viving Quimper\",\"description\":\"S&#039;inspirer, Concr\u00e9tiser\",\"potentialAction\":[{\"@type\":\"SearchAction\",\"target\":{\"@type\":\"EntryPoint\",\"urlTemplate\":\"https:\/\/www.viving.fr\/quimper\/?s={search_term_string}\"},\"query-input\":\"required name=search_term_string\"}],\"inLanguage\":\"fr-FR\"}]}<\/script>\n<!-- \/ Yoast SEO plugin. -->","yoast_head_json":{"title":"Profil Esther H\u00e9naff - Viving Quimper","robots":{"index":"index","follow":"follow","max-snippet":"max-snippet:-1","max-image-preview":"max-image-preview:large","max-video-preview":"max-video-preview:-1"},"canonical":"https:\/\/www.viving.fr\/quimper\/animations\/profil-esther-henaff\/","og_locale":"fr_FR","og_type":"article","og_title":"Profil Esther H\u00e9naff - Viving Quimper","og_description":"[vc_row el_class=\u00a0\u00bbdesktop_padding_extra_large\u00a0\u00bb][vc_column][vc_empty_space height=\u00a0\u00bb90px\u00a0\u00bb][vc_row_inner equal_height=\u00a0\u00bbyes\u00a0\u00bb][vc_column_inner width=\u00a0\u00bb1\/4&Prime; css=\u00a0\u00bb.vc_custom_1594220083370{border-right-width: 2px !important;border-right-color: #e6c025 !important;border-right-style: solid !important;}\u00a0\u00bb][vc_single_image image=\u00a0\u00bb9965&Prime; img_size=\u00a0\u00bb400&Prime; alignment=\u00a0\u00bbright\u00a0\u00bb][vc_empty_space height=\u00a0\u00bb10px\u00a0\u00bb][\/vc_column_inner][vc_column_inner width=\u00a0\u00bb3\/4&Prime; offset=\u00a0\u00bbvc_col-xs-12&Prime; css=\u00a0\u00bb.vc_custom_1594220041743{padding-left: 25px !important;}\u00a0\u00bb][vc_column_text] Esther H\u00e9naff &#8211; Kokouhome [\/vc_column_text][vc_empty_space height=\u00a0\u00bb20px\u00a0\u00bb][vc_column_text]D\u00e9coratrice d&rsquo;int\u00e9rieur\u00a0[\/vc_column_text][vc_empty_space height=\u00a0\u00bb15px\u00a0\u00bb][vc_column_text]Fondatrice de Kokouhome, Esther H\u00e9naff est une d\u00e9coratrice d\u2019int\u00e9rieur passionn\u00e9e par l\u2019art, l\u2019histoire et la cr\u00e9ation. Sa particularit\u00e9 ? Elle ne se limite \u00e0 aucun style : &hellip; Continuer la lecture de &laquo;&nbsp;Profil Esther H\u00e9naff&nbsp;&raquo;","og_url":"https:\/\/www.viving.fr\/quimper\/animations\/profil-esther-henaff\/","og_site_name":"Viving Quimper","twitter_card":"summary_large_image","twitter_misc":{"Dur\u00e9e de lecture estim\u00e9e":"3 minutes"},"schema":{"@context":"https:\/\/schema.org","@graph":[{"@type":"WebPage","@id":"https:\/\/www.viving.fr\/quimper\/animations\/profil-esther-henaff\/","url":"https:\/\/www.viving.fr\/quimper\/animations\/profil-esther-henaff\/","name":"Profil Esther H\u00e9naff - Viving Quimper","isPartOf":{"@id":"https:\/\/www.viving.fr\/quimper\/#website"},"datePublished":"2025-09-04T09:27:24+00:00","dateModified":"2025-09-04T09:27:24+00:00","breadcrumb":{"@id":"https:\/\/www.viving.fr\/quimper\/animations\/profil-esther-henaff\/#breadcrumb"},"inLanguage":"fr-FR","potentialAction":[{"@type":"ReadAction","target":["https:\/\/www.viving.fr\/quimper\/animations\/profil-esther-henaff\/"]}]},{"@type":"BreadcrumbList","@id":"https:\/\/www.viving.fr\/quimper\/animations\/profil-esther-henaff\/#breadcrumb","itemListElement":[{"@type":"ListItem","position":1,"name":"Espaces VIVING","item":"https:\/\/www.viving.fr\/quimper\/animations\/"},{"@type":"ListItem","position":2,"name":"Profil Esther H\u00e9naff"}]},{"@type":"WebSite","@id":"https:\/\/www.viving.fr\/quimper\/#website","url":"https:\/\/www.viving.fr\/quimper\/","name":"Viving Quimper","description":"S&#039;inspirer, Concr\u00e9tiser","potentialAction":[{"@type":"SearchAction","target":{"@type":"EntryPoint","urlTemplate":"https:\/\/www.viving.fr\/quimper\/?s={search_term_string}"},"query-input":"required name=search_term_string"}],"inLanguage":"fr-FR"}]}},"_links":{"self":[{"href":"https:\/\/www.viving.fr\/quimper\/wp-json\/wp\/v2\/pages\/9964"}],"collection":[{"href":"https:\/\/www.viving.fr\/quimper\/wp-json\/wp\/v2\/pages"}],"about":[{"href":"https:\/\/www.viving.fr\/quimper\/wp-json\/wp\/v2\/types\/page"}],"author":[{"embeddable":true,"href":"https:\/\/www.viving.fr\/quimper\/wp-json\/wp\/v2\/users\/14"}],"replies":[{"embeddable":true,"href":"https:\/\/www.viving.fr\/quimper\/wp-json\/wp\/v2\/comments?post=9964"}],"version-history":[{"count":1,"href":"https:\/\/www.viving.fr\/quimper\/wp-json\/wp\/v2\/pages\/9964\/revisions"}],"predecessor-version":[{"id":9970,"href":"https:\/\/www.viving.fr\/quimper\/wp-json\/wp\/v2\/pages\/9964\/revisions\/9970"}],"up":[{"embeddable":true,"href":"https:\/\/www.viving.fr\/quimper\/wp-json\/wp\/v2\/pages\/3651"}],"wp:attachment":[{"href":"https:\/\/www.viving.fr\/quimper\/wp-json\/wp\/v2\/media?parent=9964"}],"curies":[{"name":"wp","href":"https:\/\/api.w.org\/{rel}","templated":true}]}}